{"id":21694,"date":"2026-01-07T18:04:05","date_gmt":"2026-01-07T17:04:05","guid":{"rendered":"https:\/\/www.sedi-ati.com\/?post_type=awsm_job_openings&#038;p=21694"},"modified":"2026-03-27T12:26:53","modified_gmt":"2026-03-27T11:26:53","slug":"v-i-e-en-belgique-brussels-ingenieure-technico-commerciale-region-europe-du-nord","status":"expired","type":"awsm_job_openings","link":"https:\/\/www.sedi-ati.com\/fr\/?post_type=awsm_job_openings&p=21694","title":{"rendered":"V.I.E en Belgique (Brussels) \/ Ing\u00e9nieur(e) Technico-Commercial(e) r\u00e9gion Europe du Nord"},"content":{"rendered":"<section class=\"wpb-content-wrapper\">[vc_row][vc_column][vc_single_image image=\u00a0\u00bb21711&Prime; img_size=\u00a0\u00bbfull\u00a0\u00bb alignment=\u00a0\u00bbcenter\u00a0\u00bb style=\u00a0\u00bbvc_box_rounded\u00a0\u00bb][vc_column_text]\r\n<h1>V.I.E en Belgique (Brussels) \/ Ing\u00e9nieur(e) Technico-Commercial(e) r\u00e9gion Europe du Nord (H\/F)<\/h1>\r\n<span style=\"font-size: 20px; color: #0077bf;\">Apporter la lumi\u00e8re dans les environnements complexes ou extr\u00eames, voil\u00e0 le challenge relev\u00e9 par l\u2019entreprise SEDI-ATI et ses collaborateurs.<\/span>\r\n\r\n<hr \/>\r\n\r\n<span style=\"font-size: 20px; color: #0077bf;\">Type de contrat<\/span>\r\n\r\nPoste V.I.E bas\u00e9 en Belgique, d\u2019un an renouvelable dans la limite de 24 mois. Perspective d\u2019embauche \u00e0 l\u2019issue de la mission.\r\n\r\n<hr \/>\r\n\r\n<span style=\"font-size: 20px; color: #0077bf;\">Les conditions pour effectuer une mission V.I.E<\/span>\r\n\r\nPour devenir candidat pour une mission V.I.E, assurez-vous de remplir les conditions suivantes :\r\n<ul>\r\n \t<li>Des conditions d\u2019\u00e2ge \u00e0 respecter : <strong>Avoir plus de 18 ans et moins de 28 ans\u00a0<\/strong>\u00e0 la date du\u00a0<strong>d\u00e9p\u00f4t de votre candidature et de votre inscription sur Mon Volontariat International. <\/strong>La mission doit d\u00e9buter au plus tard le jour de votre 29e anniversaire.<\/li>\r\n \t<li><strong>\u00catre de nationalit\u00e9 fran\u00e7aise ou ressortissant d&rsquo;un pays de l&rsquo;Espace \u00e9conomique europ\u00e9en (EEE)<\/strong>.<\/li>\r\n \t<li>Se trouver en <strong>position r\u00e9guli\u00e8re au regard des obligations de service national de l&rsquo;\u00c9tat dont vous \u00eates ressortissant<\/strong>.<\/li>\r\n \t<li><strong>Avoir un casier judiciaire vierge<\/strong>.<\/li>\r\n \t<li><strong>Pouvoir vous consacrer \u00e0 100 % \u00e0 la mission<\/strong>\u00a0: pas de travail \u00e0 temps partiel, d\u2019entrepreneuriat, d\u2019\u00e9tudes ou d\u2019activit\u00e9 r\u00e9mun\u00e9ratrice possibles en parall\u00e8le de votre V.I.E.<\/li>\r\n \t<li><strong>Accepter la lettre d\u2019engagement que vous signez avec Business France<\/strong>\u00a0et qui fixe vos droits et vos devoirs dans le cadre de la mission.<\/li>\r\n<\/ul>\r\nPour en savoir plus : <a href=\"https:\/\/mon-vie-via.businessfrance.fr\/qu-est-ce-que-le-volontariat-international\">https:\/\/mon-vie-via.businessfrance.fr\/qu-est-ce-que-le-volontariat-international<\/a>\r\n\r\n<hr \/>\r\n\r\n<span style=\"font-size: 20px; color: #0077bf;\">L&rsquo;entreprise<\/span>\r\n\r\nDepuis plus de 50 ans, <strong>SEDI-ATI Fibres Optiques<\/strong> con\u00e7oit et fabrique des composants sur mesure \u00e0 base de fibres optiques, destin\u00e9s \u00e0 des applications dans des environnements complexes et extr\u00eames, comme le spatial ou le nucl\u00e9aire. \u00c0 la pointe de la technologie, nous intervenons sur des projets de haut niveau, du traitement des d\u00e9chets nucl\u00e9aires au lancement de satellites dans l\u2019espace.\r\n\r\nBas\u00e9e \u00e0 Evry-Courcouronnes (Essonne), SEDI-ATI r\u00e9alise un chiffre d&rsquo;affaires de 10 M\u20ac et emploie environ 60 personnes. Depuis 2023, SEDI-ATI fait partie de Fiber Optics Group, un groupe international leader dans les solutions photoniques fibr\u00e9es. Nous mettons la responsabilit\u00e9 soci\u00e9tale au c\u0153ur de nos actions, et notre valeur fondamentale est \u00ab\u00a0aller plus loin, ensemble\u00a0\u00bb. Chez SEDI-ATI, nous offrons un environnement de travail stimulant et respectueux, propice \u00e0 l&rsquo;\u00e9panouissement personnel, au d\u00e9veloppement des comp\u00e9tences et \u00e0 la prise de responsabilit\u00e9s.\r\n\r\nSi vous \u00eates pr\u00eat(e) \u00e0 relever le d\u00e9fi de l\u2019infiniment petit pour l\u2019infiniment grand, rejoignez-nous !\r\n\r\n<hr \/>\r\n\r\n<span style=\"font-size: 20px; color: #0077bf;\">Le poste<\/span>\r\n\r\nVous serez bas\u00e9 en Belgique afin d\u2019avoir une bonne compr\u00e9hension du march\u00e9 local et de contribuer activement \u00e0 la croissance et au d\u00e9veloppement de SEDI-ATI Fibres Optiques en Europe du Nord.\r\n\r\nVous travaillerez sous la responsabilit\u00e9 de notre Ing\u00e9nieur Technico-Commercial d\u00e9j\u00e0 sur place et b\u00e9n\u00e9ficierez du soutien de l\u2019\u00e9quipe commerciale existante.\r\n\r\nUne formation technique sur nos technologies vous sera assur\u00e9e pendant une p\u00e9riode minimum de 2 mois (au d\u00e9but de la mission) sur notre site bas\u00e9 \u00e0 Evry-Courcouronnes (91-Essonne, France). Vous serez ensuite d\u00e9ploy\u00e9(e) et accompagn\u00e9(e) \u00e0 Bruxelles, dans nos locaux de coworking.\r\n\r\n<hr \/>\r\n\r\n<span style=\"font-size: 20px; color: #0077bf;\">Vos missions<\/span>\r\n\r\n<strong>Gestion du portefeuille client<\/strong>\r\n\r\nEn tant que membre de l\u2019\u00e9quipe commerciale, vous collaborerez avec notre Ing\u00e9nieur technico-commercial pr\u00e9sent sur place et la direction commerciale afin de g\u00e9rer le portefeuille de comptes existants et g\u00e9n\u00e9rer de nouveaux comptes clients.\r\n\r\n<strong>Pr\u00e9sentation de l\u2019offre technique et gestion de projet(s)<\/strong>\r\n\r\nVous devrez pr\u00e9senter notre offre technique aux clients et prospects, mettre \u00e0 jour notre base de donn\u00e9es, effectuer votre prospection commerciale, suivre vos offres et assurer un rapport r\u00e9gulier de l\u2019activit\u00e9.\r\n\r\n<strong>Assurer la satisfaction du client<\/strong>\r\n\r\nVotre capacit\u00e9 \u00e0 \u00e9tablir des relations de confiance \u00e0 long terme avec les clients actuels et futurs contribuera \u00e0 assurer la satisfaction des clients.\r\n\r\n<strong>Elargir le spectre de l\u2019entreprise<\/strong>\r\n\r\nCette mission pourra \u00eatre \u00e9largie \u00e0 d\u2019autres pays tels que les Pays-Bas, le Royaume-Uni et les pays Scandinaves dans le\u00a0but d\u2019am\u00e9liorer notre cartographie du march\u00e9.\r\n\r\n<strong>\u00c9v\u00e9nementiel<\/strong>\r\n\r\nVous voyagerez autant que n\u00e9cessaire pour les visites des clients, les r\u00e9unions et formations au si\u00e8ge (en France) ainsi que pour les salons professionnels.\r\n\r\n<hr \/>\r\n\r\n<span style=\"font-size: 20px; color: #0077bf;\">Le profil souhait\u00e9<\/span>\r\n\r\nVous avez une formation technique qui vous aidera \u00e0 comprendre les exigences des clients sur le march\u00e9 de la Photonique et \u00e0 fournir un support technique commercial adapt\u00e9.\r\n<ul>\r\n \t<li>Niveau Licence, master ou dipl\u00f4me d\u2019ing\u00e9nieur, de pr\u00e9f\u00e9rence en photonique et connaissances en fibre optique.<\/li>\r\n \t<li>Si possible, un minimum de 6 mois d\u2019exp\u00e9rience professionnelle dans la vente technique, id\u00e9alement li\u00e9e \u00e0 l\u2019industrie de la photonique.<\/li>\r\n \t<li>Int\u00e9r\u00eat pour des projets complexes.<\/li>\r\n \t<li>Bon niveau d\u2019autonomie, esprit d\u2019\u00e9quipe, esprit d\u2019initiative, enthousiasme, bonnes aptitudes \u00e0 la communication et \u00e0 la n\u00e9gociation.<\/li>\r\n \t<li>Capacit\u00e9 de mener des discussions d\u2019affaires en langue Fran\u00e7aise et Anglaise, la connaissance du N\u00e9erlandais sera un avantage.<\/li>\r\n \t<li>Permis de conduire obligatoire.<\/li>\r\n<\/ul>\r\n\r\n<hr \/>\r\n\r\n<span style=\"font-size: 20px; color: #0077bf;\">Les aptitudes souhait\u00e9es<\/span>\r\n<ul>\r\n \t<li>Cr\u00e9ativit\u00e9 et force de proposition avec une grande ouverture d\u2019esprit pour sortir des sentiers battus.<\/li>\r\n \t<li>Autonomie, fort esprit d\u2019\u00e9quipe et sens aigu de la communication pour pouvoir \u00e9changer et collaborer efficacement.<\/li>\r\n \t<li>Organisation et polyvalence pour pouvoir jongler avec plusieurs projets \u00e0 la fois et s\u2019adapter rapidement aux priorit\u00e9s.<\/li>\r\n \t<li>R\u00e9activit\u00e9, anticipation, agilit\u00e9 et capacit\u00e9 \u00e0 g\u00e9rer le stress avec s\u00e9r\u00e9nit\u00e9, en maintenant une bonne qualit\u00e9 de travail.<\/li>\r\n<\/ul>\r\n\r\n<hr \/>\r\n\r\n<span style=\"font-size: 20px; color: #0077bf;\">Le lieu de travail<\/span>\r\n\r\nBruxelles comme lieu de travail ainsi que la zone Benelux \/ UK \/ Europe du nord comme zone \u00e0 couvrir en d\u00e9placement.\r\n\r\n<hr \/>\r\n\r\n<span style=\"font-size: 20px; color: #0077bf;\">Comment candidater ?<\/span>\r\n\r\nEnvoyez votre candidature via le site Mon VIE VIA de Business France <a href=\"https:\/\/mon-vie-via.businessfrance.fr\/en\/offres\/236545\">https:\/\/mon-vie-via.businessfrance.fr\/en\/offres\/236545<\/a>[\/vc_column_text][\/vc_column][\/vc_row]<!-- \/wp:post-content --><\/section>","protected":false},"excerpt":{"rendered":"<p>[vc_row][vc_column][vc_single_image image=\u00a0\u00bb21711&Prime; img_size=\u00a0\u00bbfull\u00a0\u00bb alignment=\u00a0\u00bbcenter\u00a0\u00bb style=\u00a0\u00bbvc_box_rounded\u00a0\u00bb][vc_column_text] V.I.E en Belgique (Brussels) \/ Ing\u00e9nieur(e) Technico-Commercial(e) r\u00e9gion Europe du Nord (H\/F) Apporter la lumi\u00e8re dans les environnements complexes ou extr\u00eames,<span class=\"excerpt-hellip\"> [\u2026]<\/span><\/p>\n","protected":false},"author":2,"template":"","meta":{"_acf_changed":false,"rs_blank_template":"","rs_page_bg_color":"","slide_template_v7":""},"class_list":["post-21694","awsm_job_openings","type-awsm_job_openings","status-expired","hentry","job-category-commercial","job-type-v-i-e","job-location-bruxelles-belgique"],"acf":[],"yoast_head":"<!-- This site is optimized with the Yoast SEO plugin v27.3 - https:\/\/yoast.com\/product\/yoast-seo-wordpress\/ -->\n<title>V.I.E en Belgique (Brussels) \/ Ing\u00e9nieur(e) Technico-Commercial(e) r\u00e9gion Europe du Nord - SEDI-ATI<\/title>\n<meta name=\"robots\" content=\"index, follow, max-snippet:-1, max-image-preview:large, max-video-preview:-1\" \/>\n<link rel=\"canonical\" href=\"https:\/\/www.sedi-ati.com\/fr\/?post_type=awsm_job_openings&p=21694\" \/>\n<meta property=\"og:locale\" content=\"fr_FR\" \/>\n<meta property=\"og:type\" content=\"article\" \/>\n<meta property=\"og:title\" content=\"V.I.E en Belgique (Brussels) \/ Ing\u00e9nieur(e) Technico-Commercial(e) r\u00e9gion Europe du Nord - SEDI-ATI\" \/>\n<meta property=\"og:description\" content=\"[vc_row][vc_column][vc_single_image image=\u00a0\u00bb21711&Prime; img_size=\u00a0\u00bbfull\u00a0\u00bb alignment=\u00a0\u00bbcenter\u00a0\u00bb style=\u00a0\u00bbvc_box_rounded\u00a0\u00bb][vc_column_text] V.I.E en Belgique (Brussels) \/ Ing\u00e9nieur(e) Technico-Commercial(e) r\u00e9gion Europe du Nord (H\/F) Apporter la lumi\u00e8re dans les environnements complexes ou extr\u00eames, [\u2026]\" \/>\n<meta property=\"og:url\" content=\"https:\/\/www.sedi-ati.com\/fr\/?post_type=awsm_job_openings&amp;p=21694\" \/>\n<meta property=\"og:site_name\" content=\"SEDI-ATI\" \/>\n<meta property=\"article:modified_time\" content=\"2026-03-27T11:26:53+00:00\" \/>\n<meta name=\"twitter:card\" content=\"summary_large_image\" \/>\n<meta name=\"twitter:label1\" content=\"Dur\u00e9e de lecture estim\u00e9e\" \/>\n\t<meta name=\"twitter:data1\" content=\"5 minutes\" \/>\n<script type=\"application\/ld+json\" class=\"yoast-schema-graph\">{\"@context\":\"https:\\\/\\\/schema.org\",\"@graph\":[{\"@type\":\"WebPage\",\"@id\":\"https:\\\/\\\/www.sedi-ati.com\\\/fr\\\/?post_type=awsm_job_openings&p=21694\",\"url\":\"https:\\\/\\\/www.sedi-ati.com\\\/fr\\\/?post_type=awsm_job_openings&p=21694\",\"name\":\"V.I.E en Belgique (Brussels) \\\/ Ing\u00e9nieur(e) Technico-Commercial(e) r\u00e9gion Europe du Nord - SEDI-ATI\",\"isPartOf\":{\"@id\":\"https:\\\/\\\/www.sedi-ati.com\\\/fr\\\/#website\"},\"datePublished\":\"2026-01-07T17:04:05+00:00\",\"dateModified\":\"2026-03-27T11:26:53+00:00\",\"breadcrumb\":{\"@id\":\"https:\\\/\\\/www.sedi-ati.com\\\/fr\\\/?post_type=awsm_job_openings&p=21694#breadcrumb\"},\"inLanguage\":\"fr-FR\",\"potentialAction\":[{\"@type\":\"ReadAction\",\"target\":[\"https:\\\/\\\/www.sedi-ati.com\\\/fr\\\/?post_type=awsm_job_openings&p=21694\"]}]},{\"@type\":\"BreadcrumbList\",\"@id\":\"https:\\\/\\\/www.sedi-ati.com\\\/fr\\\/?post_type=awsm_job_openings&p=21694#breadcrumb\",\"itemListElement\":[{\"@type\":\"ListItem\",\"position\":1,\"name\":\"Home\",\"item\":\"https:\\\/\\\/www.sedi-ati.com\\\/fr\\\/\"},{\"@type\":\"ListItem\",\"position\":2,\"name\":\"Job Openings\",\"item\":\"https:\\\/\\\/www.sedi-ati.com\\\/fr\\\/jobs\\\/\"},{\"@type\":\"ListItem\",\"position\":3,\"name\":\"V.I.E en Belgique (Brussels) \\\/ Ing\u00e9nieur(e) Technico-Commercial(e) r\u00e9gion Europe du Nord\"}]},{\"@type\":\"WebSite\",\"@id\":\"https:\\\/\\\/www.sedi-ati.com\\\/fr\\\/#website\",\"url\":\"https:\\\/\\\/www.sedi-ati.com\\\/fr\\\/\",\"name\":\"SEDI-ATI\",\"description\":\"Assemblages de fibres optiques sur mesure, bundles, fentes et pieuvres\",\"publisher\":{\"@id\":\"https:\\\/\\\/www.sedi-ati.com\\\/fr\\\/#organization\"},\"potentialAction\":[{\"@type\":\"SearchAction\",\"target\":{\"@type\":\"EntryPoint\",\"urlTemplate\":\"https:\\\/\\\/www.sedi-ati.com\\\/fr\\\/?s={search_term_string}\"},\"query-input\":{\"@type\":\"PropertyValueSpecification\",\"valueRequired\":true,\"valueName\":\"search_term_string\"}}],\"inLanguage\":\"fr-FR\"},{\"@type\":\"Organization\",\"@id\":\"https:\\\/\\\/www.sedi-ati.com\\\/fr\\\/#organization\",\"name\":\"SEDI-ATI\",\"url\":\"https:\\\/\\\/www.sedi-ati.com\\\/fr\\\/\",\"logo\":{\"@type\":\"ImageObject\",\"inLanguage\":\"fr-FR\",\"@id\":\"https:\\\/\\\/www.sedi-ati.com\\\/fr\\\/#\\\/schema\\\/logo\\\/image\\\/\",\"url\":\"https:\\\/\\\/www.sedi-ati.com\\\/wp-content\\\/uploads\\\/2019\\\/10\\\/Logo_SEDI-ATI_2019_avec-baseline.png\",\"contentUrl\":\"https:\\\/\\\/www.sedi-ati.com\\\/wp-content\\\/uploads\\\/2019\\\/10\\\/Logo_SEDI-ATI_2019_avec-baseline.png\",\"width\":300,\"height\":73,\"caption\":\"SEDI-ATI\"},\"image\":{\"@id\":\"https:\\\/\\\/www.sedi-ati.com\\\/fr\\\/#\\\/schema\\\/logo\\\/image\\\/\"},\"sameAs\":[\"https:\\\/\\\/www.linkedin.com\\\/company\\\/sedi-ati-fibres-optiques\\\/\",\"https:\\\/\\\/www.youtube.com\\\/@sedi-ati-fibres-optiques\"]}]}<\/script>\n<!-- \/ Yoast SEO plugin. -->","yoast_head_json":{"title":"V.I.E en Belgique (Brussels) \/ Ing\u00e9nieur(e) Technico-Commercial(e) r\u00e9gion Europe du Nord - SEDI-ATI","robots":{"index":"index","follow":"follow","max-snippet":"max-snippet:-1","max-image-preview":"max-image-preview:large","max-video-preview":"max-video-preview:-1"},"canonical":"https:\/\/www.sedi-ati.com\/fr\/?post_type=awsm_job_openings&p=21694","og_locale":"fr_FR","og_type":"article","og_title":"V.I.E en Belgique (Brussels) \/ Ing\u00e9nieur(e) Technico-Commercial(e) r\u00e9gion Europe du Nord - SEDI-ATI","og_description":"[vc_row][vc_column][vc_single_image image=\u00a0\u00bb21711&Prime; img_size=\u00a0\u00bbfull\u00a0\u00bb alignment=\u00a0\u00bbcenter\u00a0\u00bb style=\u00a0\u00bbvc_box_rounded\u00a0\u00bb][vc_column_text] V.I.E en Belgique (Brussels) \/ Ing\u00e9nieur(e) Technico-Commercial(e) r\u00e9gion Europe du Nord (H\/F) Apporter la lumi\u00e8re dans les environnements complexes ou extr\u00eames, [\u2026]","og_url":"https:\/\/www.sedi-ati.com\/fr\/?post_type=awsm_job_openings&p=21694","og_site_name":"SEDI-ATI","article_modified_time":"2026-03-27T11:26:53+00:00","twitter_card":"summary_large_image","twitter_misc":{"Dur\u00e9e de lecture estim\u00e9e":"5 minutes"},"schema":{"@context":"https:\/\/schema.org","@graph":[{"@type":"WebPage","@id":"https:\/\/www.sedi-ati.com\/fr\/?post_type=awsm_job_openings&p=21694","url":"https:\/\/www.sedi-ati.com\/fr\/?post_type=awsm_job_openings&p=21694","name":"V.I.E en Belgique (Brussels) \/ Ing\u00e9nieur(e) Technico-Commercial(e) r\u00e9gion Europe du Nord - SEDI-ATI","isPartOf":{"@id":"https:\/\/www.sedi-ati.com\/fr\/#website"},"datePublished":"2026-01-07T17:04:05+00:00","dateModified":"2026-03-27T11:26:53+00:00","breadcrumb":{"@id":"https:\/\/www.sedi-ati.com\/fr\/?post_type=awsm_job_openings&p=21694#breadcrumb"},"inLanguage":"fr-FR","potentialAction":[{"@type":"ReadAction","target":["https:\/\/www.sedi-ati.com\/fr\/?post_type=awsm_job_openings&p=21694"]}]},{"@type":"BreadcrumbList","@id":"https:\/\/www.sedi-ati.com\/fr\/?post_type=awsm_job_openings&p=21694#breadcrumb","itemListElement":[{"@type":"ListItem","position":1,"name":"Home","item":"https:\/\/www.sedi-ati.com\/fr\/"},{"@type":"ListItem","position":2,"name":"Job Openings","item":"https:\/\/www.sedi-ati.com\/fr\/jobs\/"},{"@type":"ListItem","position":3,"name":"V.I.E en Belgique (Brussels) \/ Ing\u00e9nieur(e) Technico-Commercial(e) r\u00e9gion Europe du Nord"}]},{"@type":"WebSite","@id":"https:\/\/www.sedi-ati.com\/fr\/#website","url":"https:\/\/www.sedi-ati.com\/fr\/","name":"SEDI-ATI","description":"Assemblages de fibres optiques sur mesure, bundles, fentes et pieuvres","publisher":{"@id":"https:\/\/www.sedi-ati.com\/fr\/#organization"},"potentialAction":[{"@type":"SearchAction","target":{"@type":"EntryPoint","urlTemplate":"https:\/\/www.sedi-ati.com\/fr\/?s={search_term_string}"},"query-input":{"@type":"PropertyValueSpecification","valueRequired":true,"valueName":"search_term_string"}}],"inLanguage":"fr-FR"},{"@type":"Organization","@id":"https:\/\/www.sedi-ati.com\/fr\/#organization","name":"SEDI-ATI","url":"https:\/\/www.sedi-ati.com\/fr\/","logo":{"@type":"ImageObject","inLanguage":"fr-FR","@id":"https:\/\/www.sedi-ati.com\/fr\/#\/schema\/logo\/image\/","url":"https:\/\/www.sedi-ati.com\/wp-content\/uploads\/2019\/10\/Logo_SEDI-ATI_2019_avec-baseline.png","contentUrl":"https:\/\/www.sedi-ati.com\/wp-content\/uploads\/2019\/10\/Logo_SEDI-ATI_2019_avec-baseline.png","width":300,"height":73,"caption":"SEDI-ATI"},"image":{"@id":"https:\/\/www.sedi-ati.com\/fr\/#\/schema\/logo\/image\/"},"sameAs":["https:\/\/www.linkedin.com\/company\/sedi-ati-fibres-optiques\/","https:\/\/www.youtube.com\/@sedi-ati-fibres-optiques"]}]}},"_links":{"self":[{"href":"https:\/\/www.sedi-ati.com\/fr\/wp-json\/wp\/v2\/awsm_job_openings\/21694","targetHints":{"allow":["GET"]}}],"collection":[{"href":"https:\/\/www.sedi-ati.com\/fr\/wp-json\/wp\/v2\/awsm_job_openings"}],"about":[{"href":"https:\/\/www.sedi-ati.com\/fr\/wp-json\/wp\/v2\/types\/awsm_job_openings"}],"author":[{"embeddable":true,"href":"https:\/\/www.sedi-ati.com\/fr\/wp-json\/wp\/v2\/users\/2"}],"wp:attachment":[{"href":"https:\/\/www.sedi-ati.com\/fr\/wp-json\/wp\/v2\/media?parent=21694"}],"curies":[{"name":"wp","href":"https:\/\/api.w.org\/{rel}","templated":true}]}}