{"id":10766,"date":"2023-04-04T15:03:21","date_gmt":"2023-04-04T13:03:21","guid":{"rendered":"https:\/\/www.sedi-ati.com\/?post_type=cas_client&#038;p=10766"},"modified":"2024-01-04T15:39:51","modified_gmt":"2024-01-04T14:39:51","slug":"opto-pyrotechnie-pour-proteger-les-vehicules-blindes","status":"publish","type":"cas_client","link":"https:\/\/www.sedi-ati.com\/fr\/cas_client\/opto-pyrotechnie-pour-proteger-les-vehicules-blindes\/","title":{"rendered":"L\u2019opto-pyrotechnie pour prot\u00e9ger les v\u00e9hicules blind\u00e9s"},"content":{"rendered":"<section class=\"wpb-content-wrapper\"><p>[vc_row content_placement=\u00a0\u00bbmiddle\u00a0\u00bb el_class=\u00a0\u00bbz-index-1 chevauchement-horizontal-range range-applications\u00a0\u00bb][vc_column width=\u00a0\u00bb3\/5&Prime; css=\u00a0\u00bb.vc_custom_1683880654861{background-color: #687850 !important;}\u00a0\u00bb el_class=\u00a0\u00bbshadow border-radius-hd-bd line-bottom line-blue txt-blanc block-grand-text\u00a0\u00bb][vc_raw_html el_class=\u00a0\u00bbgros-titre\u00a0\u00bb]JTNDcCUzRUwlRTIlODAlOTlvcHRvJTNDc3BhbiUyMGNsYXNzJTNEJTIycG9pbnQtcm91Z2UlMjIlM0UlM0MlMkZzcGFuJTNFUHlyb3RlY2huaWUlM0MlMkZwJTNF[\/vc_raw_html][vc_column_text el_class=\u00a0\u00bbtitre-baseline\u00a0\u00bb]<\/p>\n<h2>R\u00e9alisation de lignes de fibres optiques<\/h2>\n<p>[\/vc_column_text][vc_column_text]SEDI-ATI ma\u00eetrise l\u2019ensemble de la <strong class=\"d2b\">ligne fibre optique de trains opto-pyrotechniques<\/strong>, depuis le couplage du laser dans la fibre optique jusqu\u2019au contr\u00f4le de l\u2019int\u00e9grit\u00e9 de la ligne.[\/vc_column_text][vc_btn title=\u00a0\u00bbParlez-nous de votre projet\u00a0\u00bb style=\u00a0\u00bbcustom\u00a0\u00bb custom_background=\u00a0\u00bb#132f40&Prime; custom_text=\u00a0\u00bb#ffffff\u00a0\u00bb shape=\u00a0\u00bbsquare\u00a0\u00bb link=\u00a0\u00bburl:https%3A%2F%2Fwww.sedi-ati.com%2Ffr%2Fdemande-de-devis%2F\u00a0\u00bb el_class=\u00a0\u00bbline-bottom line-blue\u00a0\u00bb][\/vc_column][vc_column width=\u00a0\u00bb1\/2&Prime; el_class=\u00a0\u00bbimg-entete\u00a0\u00bb]\n\t\t\t\t<p class=\"rs-p-wp-fix\"><\/p>\n\t\t\t\t<sr7-module data-alias=\"armee-cas-client-2\" data-id=\"13\" id=\"SR7_13_1\" data-version=\"7.0.5.1\">\n\t\t\t\t\t<sr7-adjuster><\/sr7-adjuster>\n\t\t\t\t\t<sr7-content>\n\t\t\t\t\t\t<sr7-slide id=\"SR7_13_1-42\" data-key=\"42\">\n\t\t\t\t\t\t<\/sr7-slide>\n\t\t\t\t\t\t<sr7-slide id=\"SR7_13_1-132\" data-key=\"132\">\n\t\t\t\t\t\t<\/sr7-slide>\n\t\t\t\t\t<\/sr7-content>\n\t\t\t\t\t<image_lists style=\"display:none\">\n\t\t\t\t\t\t<img data-src=\"\/\/www.sedi-ati.com\/wp-content\/uploads\/2023\/04\/content_opto-pyrotechnics-to-protect-armored-vehicles-1.jpg\" data-libid=\"10771\" data-lib=\"medialibrary\" title=\"content_opto-pyrotechnics-to-protect-armored-vehicles\" width=\"0\" height=\"0\" data-dbsrc=\"Ly93d3cuc2VkaS1hdGkuY29tL3dwLWNvbnRlbnQvdXBsb2Fkcy8yMDIzLzA0L2NvbnRlbnRfb3B0by1weXJvdGVjaG5pY3MtdG8tcHJvdGVjdC1hcm1vcmVkLXZlaGljbGVzLTEuanBn\"\/>\n\t\t\t\t\t\t<img data-src=\"\/\/www.sedi-ati.com\/wp-content\/uploads\/2023\/04\/vehicule-de-transport-militaire.png\" data-libid=\"10770\" data-lib=\"medialibrary\" title=\"v\u00e9hicule de transport militaire\" width=\"0\" height=\"0\" data-dbsrc=\"Ly93d3cuc2VkaS1hdGkuY29tL3dwLWNvbnRlbnQvdXBsb2Fkcy8yMDIzLzA0L3ZlaGljdWxlLWRlLXRyYW5zcG9ydC1taWxpdGFpcmUucG5n\"\/>\n\t\t\t\t\t\t<img data-src=\"\/\/www.sedi-ati.com\/wp-content\/uploads\/2023\/04\/militaire.png\" data-libid=\"10769\" data-lib=\"medialibrary\" title=\"militaire\" width=\"0\" height=\"0\" data-dbsrc=\"Ly93d3cuc2VkaS1hdGkuY29tL3dwLWNvbnRlbnQvdXBsb2Fkcy8yMDIzLzA0L21pbGl0YWlyZS5wbmc=\"\/>\n\t\t\t\t\t<\/image_lists>\n\t\t\t\t<\/sr7-module>\n\t\t\t\t<script>\n\t\t\t\t\twindow.SR7??={}; SR7.PMH ??={}; SR7.PMH[\"SR7_13_1\"] = {cn:100,state:false,fn: function() { if (window._tpt!==undefined && window._tpt.prepareModuleHeight !== undefined) {  _tpt.prepareModuleHeight({id:\"SR7_13_1\",el:[1070,1070,1070,1070,1070],type:'standard',gh:[1070,1070,1070,1070,1070],gw:[2130,2130,2130,2130,2130],vpt:['-100px'],size:{fullWidth:false, fullHeight:false},mh:'0',onh:0,onw:0,bg:{color:'{\"orig\":\"transparent\",\"type\":\"solid\",\"string\":\"transparent\"}'}});   SR7.PMH[\"SR7_13_1\"].state=true;} else if(SR7.PMH[\"SR7_13_1\"].cn-->0)\tsetTimeout( SR7.PMH[\"SR7_13_1\"].fn,19);}};SR7.PMH[\"SR7_13_1\" ].fn();\n\t\t\t\t<\/script>\n[\/vc_column][\/vc_row][vc_row][vc_column][vc_empty_space][\/vc_column][\/vc_row][vc_row full_width=\u00a0\u00bbstretch_row_content\u00a0\u00bb css=\u00a0\u00bb.vc_custom_1683119667253{background-color: #b2c49f !important;}\u00a0\u00bb el_class=\u00a0\u00bbfull-with-4000&Prime;][vc_column width=\u00a0\u00bb1\/2&Prime;][vc_row_inner][vc_column_inner el_class=\u00a0\u00bbwith-0-1240&Prime; width=\u00a0\u00bb1\/3&Prime;][\/vc_column_inner][vc_column_inner width=\u00a0\u00bb2\/3&Prime;][vc_raw_html el_class=\u00a0\u00bbpetit-titre\u00a0\u00bb]JTNDcCUzRUNvbnRyYWludGVzJTNDc3BhbiUyMGNsYXNzJTNEJTIycG9pbnQtcm91Z2UlMjBwb2ludC1wZXRpdCUyMiUzRSUzQyUyRnNwYW4lM0VNYWpldXJlcyUzQyUyRnAlM0U=[\/vc_raw_html][vc_column_text]La solution doit d\u00e9montrer :<\/p>\n<ul>\n<li>Une capacit\u00e9 \u00e0 <strong>fonctionner sous atmosph\u00e8re explosive<\/strong> sans provoquer d\u2019allumage involontaire,<\/li>\n<li>Qu\u2019une r\u00e9action explosive ou br\u00fblante se produisant \u00e0 l\u2019int\u00e9rieur du mat\u00e9riel encapsul\u00e9 sera <span class=\"fort\">contenue<\/span> et <span class=\"fort\">ne se propagera pas<\/span> \u00e0 l\u2019ext\u00e9rieur de l\u2019objet,<\/li>\n<li>Qu\u2019elle peut <span class=\"fort\">r\u00e9sister structurellement et fonctionnellement<\/span> aux effets de choc peu fr\u00e9quents caus\u00e9s par la d\u00e9tonation d\u2019un dispositif pyrotechnique sur une configuration structurelle sur laquelle le mat\u00e9riel est mont\u00e9,<\/li>\n<li>Qu\u2019elle peut r\u00e9sister \u00e0 des <strong>variations soudaines de temp\u00e9rature<\/strong> (&gt;10\u00b0C par minute) de l\u2019atmosph\u00e8re environnante sans subir de dommages physiques ou de d\u00e9t\u00e9rioration de ses performances,<\/li>\n<li>Une <span class=\"fort\">immunit\u00e9<\/span> aux d\u00e9charges \u00e9lectrostatiques et aux perturbations \u00e9lectromagn\u00e9tiques.<\/li>\n<\/ul>\n<p>[\/vc_column_text][\/vc_column_inner][\/vc_row_inner][\/vc_column][vc_column width=\u00a0\u00bb1\/2&Prime;][vc_row_inner][vc_column_inner width=\u00a0\u00bb1\/6&Prime;][\/vc_column_inner][vc_column_inner el_class=\u00a0\u00bbshadow border-radius-hd-bd line-bottom line-blue\u00a0\u00bb width=\u00a0\u00bb2\/3&Prime; css=\u00a0\u00bb.vc_custom_1679652604813{background-color: #ffffff !important;}\u00a0\u00bb][vc_raw_html el_class=\u00a0\u00bbpetit-titre\u00a0\u00bb]JTNDcCUzRUxlJTNDc3BhbiUyMGNsYXNzJTNEJTIycG9pbnQtcm91Z2UlMjBwb2ludC1wZXRpdCUyMiUzRSUzQyUyRnNwYW4lM0VEJUMzJUE5ZmklM0MlMkZwJTNF[\/vc_raw_html][vc_column_text]Le challenge est double :<\/p>\n<ul>\n<li>Faire passer de la puissance (de quelques kW\/cm\u00b2 \u00e0 quelques GW\/cm\u00b2) dans une fibre optique permettant de\u00a0<strong>d\u00e9clencher une amorce<\/strong>\u00a0ou un\u00a0<strong>explosif<\/strong>\u00a0(initier une mati\u00e8re \u00e9nerg\u00e9tique de type explosif) tout en assurant une\u00a0<strong>\u00e9tanch\u00e9it\u00e9<\/strong> apr\u00e8s d\u00e9clenchement,<\/li>\n<li>Proposer un syst\u00e8me optique permettant de\u00a0<strong>v\u00e9rifier<\/strong>\u00a0ou de\u00a0<strong>s\u2019assurer<\/strong>\u00a0de\u00a0<strong>l\u2019int\u00e9grit\u00e9 de la cha\u00eene d\u2019initiation opto-pyrotechnique<\/strong> avant d\u00e9clenchement (\u00e9viter toute initiation intempestive de la composition pyrotechnique),<\/li>\n<\/ul>\n<p>[\/vc_column_text][\/vc_column_inner][vc_column_inner width=\u00a0\u00bb1\/6&Prime;][\/vc_column_inner][\/vc_row_inner][\/vc_column][\/vc_row][vc_row][vc_column width=\u00a0\u00bb1\/2&Prime;][vc_column_text el_class=\u00a0\u00bbpetit-titre petit-titre-txt\u00a0\u00bb]<\/p>\n<h3>Le programme SHARK<\/h3>\n<p>[\/vc_column_text][vc_column_text]Afin de <strong class=\"d2b\">prot\u00e9ger les v\u00e9hicules blind\u00e9s l\u00e9gers et lourds<\/strong> comme les v\u00e9hicules de combat d\u2019infanterie (VBCI) contre les menaces entrantes telles que les RPG (Rocket Propelled Grenade) et les missiles antichars, la France a lanc\u00e9 en 2008 le programme SHarK (System Hard Kill).<\/p>\n<p>Le SHARK est un syst\u00e8me de protection active utilisant des <strong class=\"d2b\">contre-mesures pyrotechniques<\/strong> qui sont d\u00e9clench\u00e9es par des <strong class=\"d2b\">dispositifs opto-pyrotechniques<\/strong>. Le syst\u00e8me d\u00e9tecte les menaces \u00e0 tr\u00e8s courte port\u00e9e (moins de 15 m) et cr\u00e9e une explosion \u00e0 une distance de 3 m\u00e8tres du v\u00e9hicule, d\u00e9truisant la menace avec un temps de r\u00e9ponse tr\u00e8s court de 0,1 seconde.[\/vc_column_text][\/vc_column][vc_column width=\u00a0\u00bb1\/2&Prime;][vc_column_text el_class=\u00a0\u00bbpetit-titre petit-titre-txt\u00a0\u00bb]<\/p>\n<h3>Notre solution : des liaisons optiques herm\u00e9tiques<\/h3>\n<p>[\/vc_column_text][vc_column_text]SEDI-ATI a travaill\u00e9 sur la partie &lt;stronghttps:\/\/www.sedi-ati.com\/multimode-wavelength-division-multiplexers-en\/&gt;fibre optique d\u2019un tel syst\u00e8me et est capable de fournir et de contr\u00f4ler la ligne optique compl\u00e8te, du couplage du laser dans la fibre optique, au contr\u00f4le de l\u2019int\u00e9grit\u00e9 de la ligne. En effet, nous concevons des <a href=\"https:\/\/www.sedi-ati.com\/fr\/traversees-et-passages-etanches-a-fibres-optiques\/\"><strong class=\"d2b\">liaisons optiques herm\u00e9tiques<\/strong><\/a> qui comprennent des\u00a0<a href=\"https:\/\/www.sedi-ati.com\/fr\/multiplexeurs-de-longueurs-dondes-multimodes\/\"><strong class=\"d2b\">multiplexeurs multimodes<\/strong><\/a>\u00a0et qui sont termin\u00e9es par des connecteurs en free-standing. Le scellement herm\u00e9tique emp\u00eache la propagation de l\u2019explosion dans le syst\u00e8me. Le multiplexeur emp\u00eache l\u2019allumage involontaire de l\u2019initiateur pyrotechnique, et le connecteur free-standing emp\u00eache la puissance \u00e9lev\u00e9e du laser d\u2019endommager la sortie de la fibre optique.[\/vc_column_text][\/vc_column][\/vc_row][vc_row][vc_column width=\u00a0\u00bb1\/2&Prime;][vc_column_text el_class=\u00a0\u00bbpetit-titre petit-titre-txt\u00a0\u00bb]<\/p>\n<h3>Le c\u0153ur du syst\u00e8me : l\u2019initiateur opto-pyrotechnique<\/h3>\n<p>[\/vc_column_text][vc_column_text]Le syst\u00e8me SHARK peut \u00eatre d\u00e9crit comme une sorte de bouclier intelligent capable de d\u00e9truire une roquette ou un missile en plein vol. Au c\u0153ur du syst\u00e8me, un d\u00e9clencheur : l\u2019initiateur opto-pyrotechnique. L&rsquo;<strong class=\"d2b\">initiateur opto-pyrotechnique<\/strong> est compos\u00e9 de 3 \u00e9l\u00e9ments :<\/p>\n<ul>\n<li>En d\u00e9but de chaine : un laser activ\u00e9 par un syst\u00e8me de d\u00e9tection des menaces.<\/li>\n<li>En bout de chaine : l\u2019initiateur pyrotechnique qui d\u00e9clenchera une explosion pour d\u00e9truire les munitions ennemies.<\/li>\n<li>Entre les deux : la fibre optique dans laquelle l\u2019impulsion laser va transiter pour activer l\u2019initiateur.<\/li>\n<\/ul>\n<p>[\/vc_column_text][\/vc_column][vc_column width=\u00a0\u00bb1\/2&Prime;][vc_column_text el_class=\u00a0\u00bbpetit-titre petit-titre-txt\u00a0\u00bb]<\/p>\n<h3>Un concept d\u00e9mocratis\u00e9 : syst\u00e8me de protection activ\u00e9 pour les v\u00e9hicules blind\u00e9s<\/h3>\n<p>[\/vc_column_text][vc_column_text]Le programme a \u00e9t\u00e9 lanc\u00e9 par la DGA (Direction G\u00e9n\u00e9rale pour l\u2019Armement) fran\u00e7aise. Le programme a \u00e9t\u00e9 men\u00e9 par TDA, filiale du groupe Thales, avec la contribution de IBD Deisenroth Engineering, le d\u00e9veloppeur original de ce syst\u00e8me de contre-mesures. En 2016, l\u2019administration fran\u00e7aise a valid\u00e9 le concept SHARK par des essais intensifs. Aujourd\u2019hui, un tel syst\u00e8me de protection active est largement d\u00e9ploy\u00e9 sur les v\u00e9hicules blind\u00e9s fran\u00e7ais op\u00e9rant en terrain urbain o\u00f9 les menaces sont tir\u00e9es \u00e0 courte distance et o\u00f9 le risque pour les non combattants est \u00e9lev\u00e9.[\/vc_column_text][\/vc_column][\/vc_row][vc_row full_width=\u00a0\u00bbstretch_row_content\u00a0\u00bb css=\u00a0\u00bb.vc_custom_1683119690146{background-color: #d1ddc1 !important;}\u00a0\u00bb el_class=\u00a0\u00bbfull-with-4000&Prime;][vc_column width=\u00a0\u00bb1\/2&Prime;][vc_row_inner][vc_column_inner el_class=\u00a0\u00bbwith-0-1240&Prime; width=\u00a0\u00bb1\/3&Prime;][\/vc_column_inner][vc_column_inner width=\u00a0\u00bb2\/3&Prime;][vc_raw_html el_class=\u00a0\u00bbpetit-titre\u00a0\u00bb]JTNDcCUzRVNvbHV0aW9uJTNDc3BhbiUyMGNsYXNzJTNEJTIycG9pbnQtcm91Z2UlMjBwb2ludC1wZXRpdCUyMiUzRSUzQyUyRnNwYW4lM0VTRURJLUFUSSUzQyUyRnAlM0U=[\/vc_raw_html][vc_column_text]Nous proposons une liaison optique constitu\u00e9e d\u2019une fibre optique adapt\u00e9e \u00e0 la puissance utilis\u00e9e, associ\u00e9e \u00e0 un multiplexeur et \u00e0 des connecteurs optiques.<\/p>\n<ul>\n<li><span class=\"fort\">Etanch\u00e9it\u00e9<\/span>\u00a0: nous proposons des <strong class=\"d2b\">travers\u00e9es fibres optiques \u00e9tanches<\/strong> utilisant 3 technologies de scellement telles que l\u2019\u00e9poxy, la brasure et l\u2019enverrage.<\/li>\n<li><span class=\"fort\">Puissance optique<\/span>\u00a0: un savoir-faire vis-\u00e0-vis de la connectorisation (connecteur free-standing, fibre cliv\u00e9e\u2026)<\/li>\n<li><span class=\"fort\">Contr\u00f4le de l\u2019int\u00e9grit\u00e9 de la ligne<\/span> : nos solutions d\u2019\u00e9vaporation nous permettent de proposer des traitements sur mesure (filtres dichro\u00efques, d\u00e9p\u00f4ts anti-reflets, etc.) directement en extr\u00e9mit\u00e9 de fibre, ou le long de la fibre d\u00e9nud\u00e9e.<\/li>\n<\/ul>\n<p>[\/vc_column_text][\/vc_column_inner][\/vc_row_inner][\/vc_column][vc_column width=\u00a0\u00bb1\/2&Prime;][vc_row_inner][vc_column_inner width=\u00a0\u00bb1\/6&Prime;][\/vc_column_inner][vc_column_inner el_class=\u00a0\u00bbshadow border-radius-hd-bd line-bottom line-blue\u00a0\u00bb width=\u00a0\u00bb2\/3&Prime; css=\u00a0\u00bb.vc_custom_1679652604813{background-color: #ffffff !important;}\u00a0\u00bb][vc_raw_html el_class=\u00a0\u00bbpetit-titre flex-column-mobile\u00a0\u00bb]JTNDcCUzRUF2YW50YWdlcyUzQ3NwYW4lMjBjbGFzcyUzRCUyMnBvaW50LXJvdWdlJTIwcG9pbnQtcGV0aXQlMjIlM0UlM0MlMkZzcGFuJTNFU29sdXRpb24lMjBTRURJLUFUSSUzQyUyRnAlM0U=[\/vc_raw_html][vc_column_text]<\/p>\n<ul>\n<li>Nous maitrisons l&rsquo;<strong>int\u00e9gralit\u00e9 de la ligne optique<\/strong> : injection, transmission, \u00e9tanch\u00e9it\u00e9, et contr\u00f4le,<\/li>\n<li>Nous pouvons int\u00e9grer <strong>tout type de fibre optique<\/strong>,<\/li>\n<li><span class=\"fort\">Bonne versatilit\u00e9<\/span> des solutions.<\/li>\n<\/ul>\n<p>[\/vc_column_text][\/vc_column_inner][vc_column_inner width=\u00a0\u00bb1\/6&Prime;][\/vc_column_inner][\/vc_row_inner][\/vc_column][\/vc_row][vc_row full_width=\u00a0\u00bbstretch_row\u00a0\u00bb][vc_column][vc_text_separator title=\u00a0\u00bbProduits associ\u00e9s\u00a0\u00bb title_align=\u00a0\u00bbseparator_align_left\u00a0\u00bb color=\u00a0\u00bbcustom\u00a0\u00bb border_width=\u00a0\u00bb2&Prime; accent_color=\u00a0\u00bb#000000&Prime; el_class=\u00a0\u00bbpetit-titre\u00a0\u00bb]<div class=\"woocommerce columns-3 \">\n<div class=\"products_wrapper mfn-woo-products isotope_wrapper default-woo-loop lm_wrapper\">\n\t<ul class=\"products mfn-product-badges-left\">\n\n\n\t\n\t\n\t\n\t\t\n<li class=\"isotope-item product type-product post-11322 status-publish first instock product_cat-cordons-et-cables-fibre-optique-speciaux product_tag-cordons-et-cables product_tag-vide-ultra-vide has-post-thumbnail shipping-taxable product-type-simple\">\n\n    <div class=\"image_frame scale-with-grid product-loop-thumb\" ontouchstart=\"this.classList.toggle('hover');\"><div class=\"image_wrapper\"><a href=\"https:\/\/www.sedi-ati.com\/fr\/cordons-et-cables-fibre-optique-speciaux\/cables-fibres-optiques-de-puissance\/\"><div class=\"mask\"><\/div><img loading=\"lazy\" decoding=\"async\" width=\"400\" height=\"400\" src=\"https:\/\/www.sedi-ati.com\/wp-content\/uploads\/2023\/05\/fabrication-cable-fibre-optique-puissance.jpg\" class=\"scale-with-grid wp-post-image\" alt=\"Fabrication c\u00e2ble fibre optique puissance\" srcset=\"https:\/\/www.sedi-ati.com\/wp-content\/uploads\/2023\/05\/fabrication-cable-fibre-optique-puissance.jpg 400w, https:\/\/www.sedi-ati.com\/wp-content\/uploads\/2023\/05\/fabrication-cable-fibre-optique-puissance-300x300.jpg 300w, https:\/\/www.sedi-ati.com\/wp-content\/uploads\/2023\/05\/fabrication-cable-fibre-optique-puissance-150x150.jpg 150w, https:\/\/www.sedi-ati.com\/wp-content\/uploads\/2023\/05\/fabrication-cable-fibre-optique-puissance-146x146.jpg 146w, https:\/\/www.sedi-ati.com\/wp-content\/uploads\/2023\/05\/fabrication-cable-fibre-optique-puissance-50x50.jpg 50w, https:\/\/www.sedi-ati.com\/wp-content\/uploads\/2023\/05\/fabrication-cable-fibre-optique-puissance-75x75.jpg 75w, https:\/\/www.sedi-ati.com\/wp-content\/uploads\/2023\/05\/fabrication-cable-fibre-optique-puissance-85x85.jpg 85w, https:\/\/www.sedi-ati.com\/wp-content\/uploads\/2023\/05\/fabrication-cable-fibre-optique-puissance-80x80.jpg 80w\" sizes=\"auto, (max-width:767px) 400px, 400px\" \/><\/a><div class=\"image_links double\"><a rel=\"nofollow\" href=\"https:\/\/www.sedi-ati.com\/fr\/cordons-et-cables-fibre-optique-speciaux\/cables-fibres-optiques-de-puissance\/\" data-quantity=\"1\" data-product_id=\"11322\" class=\"add_to_cart_button ajax_add_to_cart product_type_simple\"><i class=\"icon-basket\"><\/i><\/a><a class=\"link\" href=\"https:\/\/www.sedi-ati.com\/fr\/cordons-et-cables-fibre-optique-speciaux\/cables-fibres-optiques-de-puissance\/\"><i class=\"icon-link\"><\/i><\/a><\/div><\/div><a href=\"https:\/\/www.sedi-ati.com\/fr\/cordons-et-cables-fibre-optique-speciaux\/cables-fibres-optiques-de-puissance\/\"><span class=\"product-loading-icon added-cart\"><\/span><\/a><\/div>\n    <div class=\"desc\">\n\n        <h4><a href=\"https:\/\/www.sedi-ati.com\/fr\/cordons-et-cables-fibre-optique-speciaux\/cables-fibres-optiques-de-puissance\/\">C\u00e2bles fibres optiques de puissance<\/a><\/h4>\n\n        <div class=\"excerpt excerpt-1\"><p>L\u2019injection d\u2019une puissance optique \u00e9lev\u00e9e dans une fibre est tr\u00e8s difficile. C\u2019est pourquoi SEDI-ATI a con\u00e7u une large gamme de cordons \u00e0 fibre optique pour des applications de puissance.<\/p>\n<\/div>\n                <div class=\"vc_btn3-container  line-bottom line-blue vc_btn3-left btn-prod-apercu\">\n        <a class=\"vc_general vc_btn3 vc_btn3-size-md vc_btn3-shape-square vc_btn3-style-custom\" href=\"https:\/\/www.sedi-ati.com\/fr\/cordons-et-cables-fibre-optique-speciaux\/cables-fibres-optiques-de-puissance\/\">Voir plus<\/a>\n        <\/div>\n            <\/div>\n\t\n    \n<\/li>\n\n\n\t\n\t\n\t\n\t\t\n<li class=\"isotope-item product type-product post-11477 status-publish instock product_cat-multiplexeurs-de-longueurs-dondes-multimodes product_tag-multiplexeurs-multimodes has-post-thumbnail shipping-taxable product-type-simple\">\n\n    <div class=\"image_frame scale-with-grid product-loop-thumb\" ontouchstart=\"this.classList.toggle('hover');\"><div class=\"image_wrapper\"><a href=\"https:\/\/www.sedi-ati.com\/fr\/multiplexeurs-de-longueurs-dondes-multimodes\/wdm-multimode-pour-applications-capteurs\/\"><div class=\"mask\"><\/div><img loading=\"lazy\" decoding=\"async\" width=\"400\" height=\"400\" src=\"https:\/\/www.sedi-ati.com\/wp-content\/uploads\/2023\/06\/fabricant-fibre-longueur-onde.jpg\" class=\"scale-with-grid wp-post-image\" alt=\"Fabricant fibre de longueur d&#039;onde\" srcset=\"https:\/\/www.sedi-ati.com\/wp-content\/uploads\/2023\/06\/fabricant-fibre-longueur-onde.jpg 400w, https:\/\/www.sedi-ati.com\/wp-content\/uploads\/2023\/06\/fabricant-fibre-longueur-onde-300x300.jpg 300w, https:\/\/www.sedi-ati.com\/wp-content\/uploads\/2023\/06\/fabricant-fibre-longueur-onde-150x150.jpg 150w, https:\/\/www.sedi-ati.com\/wp-content\/uploads\/2023\/06\/fabricant-fibre-longueur-onde-146x146.jpg 146w, https:\/\/www.sedi-ati.com\/wp-content\/uploads\/2023\/06\/fabricant-fibre-longueur-onde-50x50.jpg 50w, https:\/\/www.sedi-ati.com\/wp-content\/uploads\/2023\/06\/fabricant-fibre-longueur-onde-75x75.jpg 75w, https:\/\/www.sedi-ati.com\/wp-content\/uploads\/2023\/06\/fabricant-fibre-longueur-onde-85x85.jpg 85w, https:\/\/www.sedi-ati.com\/wp-content\/uploads\/2023\/06\/fabricant-fibre-longueur-onde-80x80.jpg 80w\" sizes=\"auto, (max-width:767px) 400px, 400px\" \/><\/a><div class=\"image_links double\"><a rel=\"nofollow\" href=\"https:\/\/www.sedi-ati.com\/fr\/multiplexeurs-de-longueurs-dondes-multimodes\/wdm-multimode-pour-applications-capteurs\/\" data-quantity=\"1\" data-product_id=\"11477\" class=\"add_to_cart_button ajax_add_to_cart product_type_simple\"><i class=\"icon-basket\"><\/i><\/a><a class=\"link\" href=\"https:\/\/www.sedi-ati.com\/fr\/multiplexeurs-de-longueurs-dondes-multimodes\/wdm-multimode-pour-applications-capteurs\/\"><i class=\"icon-link\"><\/i><\/a><\/div><\/div><a href=\"https:\/\/www.sedi-ati.com\/fr\/multiplexeurs-de-longueurs-dondes-multimodes\/wdm-multimode-pour-applications-capteurs\/\"><span class=\"product-loading-icon added-cart\"><\/span><\/a><\/div>\n    <div class=\"desc\">\n\n        <h4><a href=\"https:\/\/www.sedi-ati.com\/fr\/multiplexeurs-de-longueurs-dondes-multimodes\/wdm-multimode-pour-applications-capteurs\/\">WDM multimode : longueurs d&rsquo;ondes custom<\/a><\/h4>\n\n        <div class=\"excerpt excerpt-1\"><p>Les multiplexeurs multimodes de SEDI-ATI sont fabriqu\u00e9s selon un proc\u00e9d\u00e9 brevet\u00e9 et bas\u00e9 sur le d\u00e9p\u00f4t d\u2019un filtre dichro\u00efque directement sur la fibre optique.<\/p>\n<\/div>\n                <div class=\"vc_btn3-container  line-bottom line-blue vc_btn3-left btn-prod-apercu\">\n        <a class=\"vc_general vc_btn3 vc_btn3-size-md vc_btn3-shape-square vc_btn3-style-custom\" href=\"https:\/\/www.sedi-ati.com\/fr\/multiplexeurs-de-longueurs-dondes-multimodes\/wdm-multimode-pour-applications-capteurs\/\">Voir plus<\/a>\n        <\/div>\n            <\/div>\n\t\n    \n<\/li>\n\n\t<\/ul>\n<\/div><\/div>[\/vc_column][\/vc_row][vc_row full_width=\u00a0\u00bbstretch_row\u00a0\u00bb css=\u00a0\u00bb.vc_custom_1704297381057{background-color: #dfe2e8 !important;}\u00a0\u00bb][vc_column][vc_row_inner][vc_column_inner width=\u00a0\u00bb1\/6&Prime;][\/vc_column_inner][vc_column_inner el_class=\u00a0\u00bbshadow border-radius-hd-bd line-bottom line-blue\u00a0\u00bb width=\u00a0\u00bb2\/3&Prime; css=\u00a0\u00bb.vc_custom_1704297403730{background-color: #ffffff !important;}\u00a0\u00bb][vc_column_text]<\/p>\n<p style=\"text-align: center;\">N&rsquo;h\u00e9sitez pas \u00e0 nous contacter pour nous faire part de votre demande<\/p>\n<p>[\/vc_column_text][vc_btn title=\u00a0\u00bbNous contacter\u00a0\u00bb style=\u00a0\u00bbcustom\u00a0\u00bb custom_background=\u00a0\u00bb#132f40&Prime; custom_text=\u00a0\u00bb#ffffff\u00a0\u00bb shape=\u00a0\u00bbsquare\u00a0\u00bb align=\u00a0\u00bbcenter\u00a0\u00bb link=\u00a0\u00bburl:https%3A%2F%2Fwww.sedi-ati.com%2Ffr%2Fcontact%2F\u00a0\u00bb el_class=\u00a0\u00bbline-bottom line-blue\u00a0\u00bb][\/vc_column_inner][vc_column_inner width=\u00a0\u00bb1\/6&Prime;][\/vc_column_inner][\/vc_row_inner][\/vc_column][\/vc_row][vc_row][vc_column][vc_btn title=\u00a0\u00bb^\u00a0\u00bb style=\u00a0\u00bbflat\u00a0\u00bb shape=\u00a0\u00bbsquare\u00a0\u00bb link=\u00a0\u00bburl:%23Wrapper\u00a0\u00bb el_class=\u00a0\u00bbbtn-haut\u00a0\u00bb][\/vc_column][\/vc_row]<\/p>\n<\/section>","protected":false},"excerpt":{"rendered":"<p>SEDI-ATI ma\u00eetrise l\u2019ensemble de la ligne fibre optique de trains opto-pyrotechniques, depuis le couplage du laser dans la fibre optique jusqu\u2019au contr\u00f4le de l\u2019int\u00e9grit\u00e9 de la ligne.<\/p>\n","protected":false},"featured_media":10785,"template":"","applications":[433851,434139],"secteurs":[433852,434097],"class_list":["post-10766","cas_client","type-cas_client","status-publish","has-post-thumbnail","hentry","applications-armee","applications-defence-securite","secteurs-armee","secteurs-optopyro-armee"],"acf":[],"yoast_head":"<!-- This site is optimized with the Yoast SEO plugin v27.5 - https:\/\/yoast.com\/product\/yoast-seo-wordpress\/ -->\n<title>Ligne de fibre optique de train opti-pyrotechnique pour l&#039;arm\u00e9e de terre<\/title>\n<meta name=\"description\" content=\"SEDI-ATI con\u00e7oit des lignes de fibres optique de train opti-pyrotechnique pour des applications dans l&#039;arm\u00e9e de terre. Contactez-nous pour en savoir plus !\" \/>\n<meta name=\"robots\" content=\"index, follow, max-snippet:-1, max-image-preview:large, max-video-preview:-1\" \/>\n<link rel=\"canonical\" href=\"https:\/\/www.sedi-ati.com\/fr\/cas_client\/opto-pyrotechnie-pour-proteger-les-vehicules-blindes\/\" \/>\n<meta property=\"og:locale\" content=\"fr_FR\" \/>\n<meta property=\"og:type\" content=\"article\" \/>\n<meta property=\"og:title\" content=\"Ligne de fibre optique de train opti-pyrotechnique pour l&#039;arm\u00e9e de terre\" \/>\n<meta property=\"og:description\" content=\"SEDI-ATI con\u00e7oit des lignes de fibres optique de train opti-pyrotechnique pour des applications dans l&#039;arm\u00e9e de terre. Contactez-nous pour en savoir plus !\" \/>\n<meta property=\"og:url\" content=\"https:\/\/www.sedi-ati.com\/fr\/cas_client\/opto-pyrotechnie-pour-proteger-les-vehicules-blindes\/\" \/>\n<meta property=\"og:site_name\" content=\"SEDI-ATI\" \/>\n<meta property=\"article:modified_time\" content=\"2024-01-04T14:39:51+00:00\" \/>\n<meta property=\"og:image\" content=\"https:\/\/www.sedi-ati.com\/wp-content\/uploads\/2023\/03\/content_opto-pyrotechnics-to-protect-armored-vehicles.jpg\" \/>\n\t<meta property=\"og:image:width\" content=\"600\" \/>\n\t<meta property=\"og:image:height\" content=\"399\" \/>\n\t<meta property=\"og:image:type\" content=\"image\/jpeg\" \/>\n<meta name=\"twitter:card\" content=\"summary_large_image\" \/>\n<meta name=\"twitter:label1\" content=\"Dur\u00e9e de lecture estim\u00e9e\" \/>\n\t<meta name=\"twitter:data1\" content=\"5 minutes\" \/>\n<script type=\"application\/ld+json\" class=\"yoast-schema-graph\">{\"@context\":\"https:\\\/\\\/schema.org\",\"@graph\":[{\"@type\":\"WebPage\",\"@id\":\"https:\\\/\\\/www.sedi-ati.com\\\/fr\\\/cas_client\\\/opto-pyrotechnie-pour-proteger-les-vehicules-blindes\\\/\",\"url\":\"https:\\\/\\\/www.sedi-ati.com\\\/fr\\\/cas_client\\\/opto-pyrotechnie-pour-proteger-les-vehicules-blindes\\\/\",\"name\":\"Ligne de fibre optique de train opti-pyrotechnique pour l'arm\u00e9e de terre\",\"isPartOf\":{\"@id\":\"https:\\\/\\\/www.sedi-ati.com\\\/fr\\\/#website\"},\"primaryImageOfPage\":{\"@id\":\"https:\\\/\\\/www.sedi-ati.com\\\/fr\\\/cas_client\\\/opto-pyrotechnie-pour-proteger-les-vehicules-blindes\\\/#primaryimage\"},\"image\":{\"@id\":\"https:\\\/\\\/www.sedi-ati.com\\\/fr\\\/cas_client\\\/opto-pyrotechnie-pour-proteger-les-vehicules-blindes\\\/#primaryimage\"},\"thumbnailUrl\":\"https:\\\/\\\/www.sedi-ati.com\\\/wp-content\\\/uploads\\\/2023\\\/03\\\/content_opto-pyrotechnics-to-protect-armored-vehicles.jpg\",\"datePublished\":\"2023-04-04T13:03:21+00:00\",\"dateModified\":\"2024-01-04T14:39:51+00:00\",\"description\":\"SEDI-ATI con\u00e7oit des lignes de fibres optique de train opti-pyrotechnique pour des applications dans l'arm\u00e9e de terre. Contactez-nous pour en savoir plus !\",\"breadcrumb\":{\"@id\":\"https:\\\/\\\/www.sedi-ati.com\\\/fr\\\/cas_client\\\/opto-pyrotechnie-pour-proteger-les-vehicules-blindes\\\/#breadcrumb\"},\"inLanguage\":\"fr-FR\",\"potentialAction\":[{\"@type\":\"ReadAction\",\"target\":[\"https:\\\/\\\/www.sedi-ati.com\\\/fr\\\/cas_client\\\/opto-pyrotechnie-pour-proteger-les-vehicules-blindes\\\/\"]}]},{\"@type\":\"ImageObject\",\"inLanguage\":\"fr-FR\",\"@id\":\"https:\\\/\\\/www.sedi-ati.com\\\/fr\\\/cas_client\\\/opto-pyrotechnie-pour-proteger-les-vehicules-blindes\\\/#primaryimage\",\"url\":\"https:\\\/\\\/www.sedi-ati.com\\\/wp-content\\\/uploads\\\/2023\\\/03\\\/content_opto-pyrotechnics-to-protect-armored-vehicles.jpg\",\"contentUrl\":\"https:\\\/\\\/www.sedi-ati.com\\\/wp-content\\\/uploads\\\/2023\\\/03\\\/content_opto-pyrotechnics-to-protect-armored-vehicles.jpg\",\"width\":600,\"height\":399},{\"@type\":\"BreadcrumbList\",\"@id\":\"https:\\\/\\\/www.sedi-ati.com\\\/fr\\\/cas_client\\\/opto-pyrotechnie-pour-proteger-les-vehicules-blindes\\\/#breadcrumb\",\"itemListElement\":[{\"@type\":\"ListItem\",\"position\":1,\"name\":\"Home\",\"item\":\"https:\\\/\\\/www.sedi-ati.com\\\/fr\\\/\"},{\"@type\":\"ListItem\",\"position\":2,\"name\":\"D\u00e9fense\",\"item\":\"https:\\\/\\\/www.sedi-ati.com\\\/fr\\\/applications\\\/application-defense\\\/\"},{\"@type\":\"ListItem\",\"position\":3,\"name\":\"Arm\u00e9e\",\"item\":\"https:\\\/\\\/www.sedi-ati.com\\\/fr\\\/applications\\\/armee\\\/\"},{\"@type\":\"ListItem\",\"position\":4,\"name\":\"L\u2019opto-pyrotechnie pour prot\u00e9ger les v\u00e9hicules blind\u00e9s\"}]},{\"@type\":\"WebSite\",\"@id\":\"https:\\\/\\\/www.sedi-ati.com\\\/fr\\\/#website\",\"url\":\"https:\\\/\\\/www.sedi-ati.com\\\/fr\\\/\",\"name\":\"SEDI-ATI\",\"description\":\"Assemblages de fibres optiques sur mesure, bundles, fentes et pieuvres\",\"publisher\":{\"@id\":\"https:\\\/\\\/www.sedi-ati.com\\\/fr\\\/#organization\"},\"potentialAction\":[{\"@type\":\"SearchAction\",\"target\":{\"@type\":\"EntryPoint\",\"urlTemplate\":\"https:\\\/\\\/www.sedi-ati.com\\\/fr\\\/?s={search_term_string}\"},\"query-input\":{\"@type\":\"PropertyValueSpecification\",\"valueRequired\":true,\"valueName\":\"search_term_string\"}}],\"inLanguage\":\"fr-FR\"},{\"@type\":\"Organization\",\"@id\":\"https:\\\/\\\/www.sedi-ati.com\\\/fr\\\/#organization\",\"name\":\"SEDI-ATI\",\"url\":\"https:\\\/\\\/www.sedi-ati.com\\\/fr\\\/\",\"logo\":{\"@type\":\"ImageObject\",\"inLanguage\":\"fr-FR\",\"@id\":\"https:\\\/\\\/www.sedi-ati.com\\\/fr\\\/#\\\/schema\\\/logo\\\/image\\\/\",\"url\":\"https:\\\/\\\/www.sedi-ati.com\\\/wp-content\\\/uploads\\\/2019\\\/10\\\/Logo_SEDI-ATI_2019_avec-baseline.png\",\"contentUrl\":\"https:\\\/\\\/www.sedi-ati.com\\\/wp-content\\\/uploads\\\/2019\\\/10\\\/Logo_SEDI-ATI_2019_avec-baseline.png\",\"width\":300,\"height\":73,\"caption\":\"SEDI-ATI\"},\"image\":{\"@id\":\"https:\\\/\\\/www.sedi-ati.com\\\/fr\\\/#\\\/schema\\\/logo\\\/image\\\/\"},\"sameAs\":[\"https:\\\/\\\/www.linkedin.com\\\/company\\\/sedi-ati-fibres-optiques\\\/\",\"https:\\\/\\\/www.youtube.com\\\/@sedi-ati-fibres-optiques\"]}]}<\/script>\n<!-- \/ Yoast SEO plugin. -->","yoast_head_json":{"title":"Ligne de fibre optique de train opti-pyrotechnique pour l'arm\u00e9e de terre","description":"SEDI-ATI con\u00e7oit des lignes de fibres optique de train opti-pyrotechnique pour des applications dans l'arm\u00e9e de terre. Contactez-nous pour en savoir plus !","robots":{"index":"index","follow":"follow","max-snippet":"max-snippet:-1","max-image-preview":"max-image-preview:large","max-video-preview":"max-video-preview:-1"},"canonical":"https:\/\/www.sedi-ati.com\/fr\/cas_client\/opto-pyrotechnie-pour-proteger-les-vehicules-blindes\/","og_locale":"fr_FR","og_type":"article","og_title":"Ligne de fibre optique de train opti-pyrotechnique pour l'arm\u00e9e de terre","og_description":"SEDI-ATI con\u00e7oit des lignes de fibres optique de train opti-pyrotechnique pour des applications dans l'arm\u00e9e de terre. Contactez-nous pour en savoir plus !","og_url":"https:\/\/www.sedi-ati.com\/fr\/cas_client\/opto-pyrotechnie-pour-proteger-les-vehicules-blindes\/","og_site_name":"SEDI-ATI","article_modified_time":"2024-01-04T14:39:51+00:00","og_image":[{"width":600,"height":399,"url":"https:\/\/www.sedi-ati.com\/wp-content\/uploads\/2023\/03\/content_opto-pyrotechnics-to-protect-armored-vehicles.jpg","type":"image\/jpeg"}],"twitter_card":"summary_large_image","twitter_misc":{"Dur\u00e9e de lecture estim\u00e9e":"5 minutes"},"schema":{"@context":"https:\/\/schema.org","@graph":[{"@type":"WebPage","@id":"https:\/\/www.sedi-ati.com\/fr\/cas_client\/opto-pyrotechnie-pour-proteger-les-vehicules-blindes\/","url":"https:\/\/www.sedi-ati.com\/fr\/cas_client\/opto-pyrotechnie-pour-proteger-les-vehicules-blindes\/","name":"Ligne de fibre optique de train opti-pyrotechnique pour l'arm\u00e9e de terre","isPartOf":{"@id":"https:\/\/www.sedi-ati.com\/fr\/#website"},"primaryImageOfPage":{"@id":"https:\/\/www.sedi-ati.com\/fr\/cas_client\/opto-pyrotechnie-pour-proteger-les-vehicules-blindes\/#primaryimage"},"image":{"@id":"https:\/\/www.sedi-ati.com\/fr\/cas_client\/opto-pyrotechnie-pour-proteger-les-vehicules-blindes\/#primaryimage"},"thumbnailUrl":"https:\/\/www.sedi-ati.com\/wp-content\/uploads\/2023\/03\/content_opto-pyrotechnics-to-protect-armored-vehicles.jpg","datePublished":"2023-04-04T13:03:21+00:00","dateModified":"2024-01-04T14:39:51+00:00","description":"SEDI-ATI con\u00e7oit des lignes de fibres optique de train opti-pyrotechnique pour des applications dans l'arm\u00e9e de terre. Contactez-nous pour en savoir plus !","breadcrumb":{"@id":"https:\/\/www.sedi-ati.com\/fr\/cas_client\/opto-pyrotechnie-pour-proteger-les-vehicules-blindes\/#breadcrumb"},"inLanguage":"fr-FR","potentialAction":[{"@type":"ReadAction","target":["https:\/\/www.sedi-ati.com\/fr\/cas_client\/opto-pyrotechnie-pour-proteger-les-vehicules-blindes\/"]}]},{"@type":"ImageObject","inLanguage":"fr-FR","@id":"https:\/\/www.sedi-ati.com\/fr\/cas_client\/opto-pyrotechnie-pour-proteger-les-vehicules-blindes\/#primaryimage","url":"https:\/\/www.sedi-ati.com\/wp-content\/uploads\/2023\/03\/content_opto-pyrotechnics-to-protect-armored-vehicles.jpg","contentUrl":"https:\/\/www.sedi-ati.com\/wp-content\/uploads\/2023\/03\/content_opto-pyrotechnics-to-protect-armored-vehicles.jpg","width":600,"height":399},{"@type":"BreadcrumbList","@id":"https:\/\/www.sedi-ati.com\/fr\/cas_client\/opto-pyrotechnie-pour-proteger-les-vehicules-blindes\/#breadcrumb","itemListElement":[{"@type":"ListItem","position":1,"name":"Home","item":"https:\/\/www.sedi-ati.com\/fr\/"},{"@type":"ListItem","position":2,"name":"D\u00e9fense","item":"https:\/\/www.sedi-ati.com\/fr\/applications\/application-defense\/"},{"@type":"ListItem","position":3,"name":"Arm\u00e9e","item":"https:\/\/www.sedi-ati.com\/fr\/applications\/armee\/"},{"@type":"ListItem","position":4,"name":"L\u2019opto-pyrotechnie pour prot\u00e9ger les v\u00e9hicules blind\u00e9s"}]},{"@type":"WebSite","@id":"https:\/\/www.sedi-ati.com\/fr\/#website","url":"https:\/\/www.sedi-ati.com\/fr\/","name":"SEDI-ATI","description":"Assemblages de fibres optiques sur mesure, bundles, fentes et pieuvres","publisher":{"@id":"https:\/\/www.sedi-ati.com\/fr\/#organization"},"potentialAction":[{"@type":"SearchAction","target":{"@type":"EntryPoint","urlTemplate":"https:\/\/www.sedi-ati.com\/fr\/?s={search_term_string}"},"query-input":{"@type":"PropertyValueSpecification","valueRequired":true,"valueName":"search_term_string"}}],"inLanguage":"fr-FR"},{"@type":"Organization","@id":"https:\/\/www.sedi-ati.com\/fr\/#organization","name":"SEDI-ATI","url":"https:\/\/www.sedi-ati.com\/fr\/","logo":{"@type":"ImageObject","inLanguage":"fr-FR","@id":"https:\/\/www.sedi-ati.com\/fr\/#\/schema\/logo\/image\/","url":"https:\/\/www.sedi-ati.com\/wp-content\/uploads\/2019\/10\/Logo_SEDI-ATI_2019_avec-baseline.png","contentUrl":"https:\/\/www.sedi-ati.com\/wp-content\/uploads\/2019\/10\/Logo_SEDI-ATI_2019_avec-baseline.png","width":300,"height":73,"caption":"SEDI-ATI"},"image":{"@id":"https:\/\/www.sedi-ati.com\/fr\/#\/schema\/logo\/image\/"},"sameAs":["https:\/\/www.linkedin.com\/company\/sedi-ati-fibres-optiques\/","https:\/\/www.youtube.com\/@sedi-ati-fibres-optiques"]}]}},"_links":{"self":[{"href":"https:\/\/www.sedi-ati.com\/fr\/wp-json\/wp\/v2\/cas_client\/10766","targetHints":{"allow":["GET"]}}],"collection":[{"href":"https:\/\/www.sedi-ati.com\/fr\/wp-json\/wp\/v2\/cas_client"}],"about":[{"href":"https:\/\/www.sedi-ati.com\/fr\/wp-json\/wp\/v2\/types\/cas_client"}],"wp:featuredmedia":[{"embeddable":true,"href":"https:\/\/www.sedi-ati.com\/fr\/wp-json\/wp\/v2\/media\/10785"}],"wp:attachment":[{"href":"https:\/\/www.sedi-ati.com\/fr\/wp-json\/wp\/v2\/media?parent=10766"}],"wp:term":[{"taxonomy":"applications","embeddable":true,"href":"https:\/\/www.sedi-ati.com\/fr\/wp-json\/wp\/v2\/applications?post=10766"},{"taxonomy":"secteurs","embeddable":true,"href":"https:\/\/www.sedi-ati.com\/fr\/wp-json\/wp\/v2\/secteurs?post=10766"}],"curies":[{"name":"wp","href":"https:\/\/api.w.org\/{rel}","templated":true}]}}