{"id":10949,"date":"2023-05-12T11:29:51","date_gmt":"2023-05-12T09:29:51","guid":{"rendered":"https:\/\/www.sedi-ati.com\/?post_type=cas_client&#038;p=10949"},"modified":"2024-05-23T14:25:04","modified_gmt":"2024-05-23T12:25:04","slug":"liaisons-de-fibres-optiques-avioniques-embarquees","status":"publish","type":"cas_client","link":"https:\/\/www.sedi-ati.com\/fr\/cas_client\/liaisons-de-fibres-optiques-avioniques-embarquees\/","title":{"rendered":"Liaisons de fibres optiques avioniques embarqu\u00e9es"},"content":{"rendered":"<section class=\"wpb-content-wrapper\"><p>[vc_row content_placement=\u00a0\u00bbmiddle\u00a0\u00bb el_class=\u00a0\u00bbz-index-1 chevauchement-horizontal-range range-applications\u00a0\u00bb][vc_column width=\u00a0\u00bb3\/5&Prime; css=\u00a0\u00bb.vc_custom_1685624262990{background-color: #aac484 !important;}\u00a0\u00bb el_class=\u00a0\u00bbshadow border-radius-hd-bd line-bottom line-blue txt-blanc\u00a0\u00bb][vc_raw_html el_class=\u00a0\u00bbgros-titre flex-column-mobile\u00a0\u00bb]JTNDcCUzRUxpYWlzb24lM0NzcGFuJTIwY2xhc3MlM0QlMjJwb2ludC1yb3VnZSUyMiUzRSUzQyUyRnNwYW4lM0VGaWJyZSUyMG9wdGlxdWUlM0MlMkZwJTNF[\/vc_raw_html][vc_column_text el_class=\u00a0\u00bbtitre-baseline\u00a0\u00bb]<\/p>\n<h2>Fabricant de liaison de fibre optique pour l&rsquo;a\u00e9ronautique<\/h2>\n<p>[\/vc_column_text][vc_column_text]SEDI-ATI propose des <strong class=\"d2b\">cordons<\/strong>, des <strong class=\"d2b\">c\u00e2bles<\/strong> et des <strong class=\"d2b\">connecteurs miniatures \u00e0 base de fibres optiques<\/strong>, sp\u00e9cialement con\u00e7us pour les <strong class=\"d2b\">interconnections optiques pour l\u2019a\u00e9ronautique<\/strong>.[\/vc_column_text][vc_btn title=\u00a0\u00bbParlez-nous de votre projet\u00a0\u00bb style=\u00a0\u00bbcustom\u00a0\u00bb custom_background=\u00a0\u00bb#132f40&Prime; custom_text=\u00a0\u00bb#ffffff\u00a0\u00bb shape=\u00a0\u00bbsquare\u00a0\u00bb link=\u00a0\u00bburl:https%3A%2F%2Fwww.sedi-ati.com%2Ffr%2Fdemande-de-devis%2F\u00a0\u00bb el_class=\u00a0\u00bbline-bottom line-blue\u00a0\u00bb][\/vc_column][vc_column width=\u00a0\u00bb1\/2&Prime; el_class=\u00a0\u00bbimg-entete\u00a0\u00bb]\n\t\t\t\t<p class=\"rs-p-wp-fix\"><\/p>\n\t\t\t\t<sr7-module data-alias=\"LIAISONS-DE-FIBRES-OPTIQUES-AVIONIQUES-EMBARQUES\" data-id=\"28\" id=\"SR7_28_1\" data-version=\"7.0.5.1\">\n\t\t\t\t\t<sr7-adjuster><\/sr7-adjuster>\n\t\t\t\t\t<sr7-content>\n\t\t\t\t\t\t<sr7-slide id=\"SR7_28_1-57\" data-key=\"57\">\n\t\t\t\t\t\t<\/sr7-slide>\n\t\t\t\t\t\t<sr7-slide id=\"SR7_28_1-147\" data-key=\"147\">\n\t\t\t\t\t\t<\/sr7-slide>\n\t\t\t\t\t<\/sr7-content>\n\t\t\t\t\t<image_lists style=\"display:none\">\n\t\t\t\t\t\t<img data-src=\"\/\/www.sedi-ati.com\/wp-content\/uploads\/2023\/06\/fabricant-cable-de-fibre-optique-aeronautique-militaire.png\" data-libid=\"11426\" data-lib=\"medialibrary\" title=\"fabricant-cable-de-fibre-optique-aeronautique-militaire\" width=\"0\" height=\"0\" data-dbsrc=\"Ly93d3cuc2VkaS1hdGkuY29tL3dwLWNvbnRlbnQvdXBsb2Fkcy8yMDIzLzA2L2ZhYnJpY2FudC1jYWJsZS1kZS1maWJyZS1vcHRpcXVlLWFlcm9uYXV0aXF1ZS1taWxpdGFpcmUucG5n\"\/>\n\t\t\t\t\t\t<img data-src=\"\/\/www.sedi-ati.com\/wp-content\/uploads\/2023\/06\/fabricant-cable-de-fibre-optique-aeronautique-militaire.jpg\" data-libid=\"11425\" data-lib=\"medialibrary\" title=\"fabricant-cable-de-fibre-optique-aeronautique-militaire\" width=\"0\" height=\"0\" data-dbsrc=\"Ly93d3cuc2VkaS1hdGkuY29tL3dwLWNvbnRlbnQvdXBsb2Fkcy8yMDIzLzA2L2ZhYnJpY2FudC1jYWJsZS1kZS1maWJyZS1vcHRpcXVlLWFlcm9uYXV0aXF1ZS1taWxpdGFpcmUuanBn\"\/>\n\t\t\t\t\t<\/image_lists>\n\t\t\t\t<\/sr7-module>\n\t\t\t\t<script>\n\t\t\t\t\twindow.SR7??={}; SR7.PMH ??={}; SR7.PMH[\"SR7_28_1\"] = {cn:100,state:false,fn: function() { if (window._tpt!==undefined && window._tpt.prepareModuleHeight !== undefined) {  _tpt.prepareModuleHeight({id:\"SR7_28_1\",el:[1070,1070,1070,1070,1070],type:'standard',gh:[1070,1070,1070,1070,1070],gw:[2130,2130,2130,2130,2130],vpt:['-100px'],size:{fullWidth:false, fullHeight:false},mh:'0',onh:0,onw:0,bg:{color:'{\"orig\":\"transparent\",\"type\":\"solid\",\"string\":\"transparent\"}'}});   SR7.PMH[\"SR7_28_1\"].state=true;} else if(SR7.PMH[\"SR7_28_1\"].cn-->0)\tsetTimeout( SR7.PMH[\"SR7_28_1\"].fn,19);}};SR7.PMH[\"SR7_28_1\" ].fn();\n\t\t\t\t<\/script>\n[\/vc_column][\/vc_row][vc_row][vc_column][vc_empty_space][\/vc_column][\/vc_row][vc_row full_width=\u00a0\u00bbstretch_row_content\u00a0\u00bb css=\u00a0\u00bb.vc_custom_1685624319646{background-color: #b9d68f !important;}\u00a0\u00bb el_class=\u00a0\u00bbfull-with-4000&Prime;][vc_column width=\u00a0\u00bb1\/2&Prime;][vc_row_inner][vc_column_inner el_class=\u00a0\u00bbwith-0-1240&Prime; width=\u00a0\u00bb1\/3&Prime;][\/vc_column_inner][vc_column_inner width=\u00a0\u00bb2\/3&Prime;][vc_raw_html el_class=\u00a0\u00bbpetit-titre\u00a0\u00bb]JTNDcCUzRUNvbnRyYWludGVzJTNDc3BhbiUyMGNsYXNzJTNEJTIycG9pbnQtcm91Z2UlMjBwb2ludC1wZXRpdCUyMiUzRSUzQyUyRnNwYW4lM0VtYWpldXJlcyUzQyUyRnAlM0U=[\/vc_raw_html][vc_column_text]<\/p>\n<ul>\n<li><strong>Hautes temp\u00e9ratures\u00a0<\/strong>: &gt; +125 \u00b0C,<\/li>\n<li><strong>Basses &gt;temp\u00e9ratures\u00a0<\/strong>: &lt; -55 \u00b0C,<\/li>\n<li><strong>Radiations<\/strong> : apr\u00e8s flash radiatif,<\/li>\n<li><strong>Stress m\u00e9canique<\/strong> : acc\u00e9l\u00e9rations, vibrations, chocs, faibles rayons de courbure.<\/li>\n<\/ul>\n<p>[\/vc_column_text][\/vc_column_inner][\/vc_row_inner][\/vc_column][vc_column width=\u00a0\u00bb1\/2&Prime;][vc_row_inner][vc_column_inner width=\u00a0\u00bb1\/6&Prime;][\/vc_column_inner][vc_column_inner el_class=\u00a0\u00bbshadow border-radius-hd-bd line-bottom line-blue\u00a0\u00bb width=\u00a0\u00bb2\/3&Prime; css=\u00a0\u00bb.vc_custom_1679652604813{background-color: #ffffff !important;}\u00a0\u00bb][vc_raw_html el_class=\u00a0\u00bbpetit-titre\u00a0\u00bb]JTNDcCUzRUxlJTNDc3BhbiUyMGNsYXNzJTNEJTIycG9pbnQtcm91Z2UlMjBwb2ludC1wZXRpdCUyMiUzRSUzQyUyRnNwYW4lM0VkJUMzJUE5ZmklM0MlMkZwJTNF[\/vc_raw_html][vc_column_text]Mettre de la\u00a0<strong class=\"d2b\">fibre optique<\/strong>\u00a0dans les environnements\u00a0<strong class=\"d2b\">a\u00e9ronautiques<\/strong>.[\/vc_column_text][\/vc_column_inner][vc_column_inner width=\u00a0\u00bb1\/6&Prime;][\/vc_column_inner][\/vc_row_inner][\/vc_column][\/vc_row][vc_row][vc_column width=\u00a0\u00bb1\/2&Prime;][vc_column_text el_class=\u00a0\u00bbpetit-titre petit-titre-txt\u00a0\u00bb]<\/p>\n<h3>Le secteur a\u00e9ronautique est friand de fibre optique<\/h3>\n<p>[\/vc_column_text][vc_column_text]Depuis pr\u00e8s de vingt-cinq ans, les principaux acteurs de l\u2019a\u00e9ronautique et leurs fournisseurs \u00e9tudient les possibilit\u00e9s d\u2019am\u00e9liorer les avions par l\u2019introduction de <strong class=\"d2b\">technologies \u00e0 base de fibres optiques<\/strong>. Et pourtant, au d\u00e9but, l\u2019adoption de la <strong class=\"d2b\">fibre optique<\/strong> \u00e9tait loin d\u2019\u00eatre acquise en raison de la difficult\u00e9 de travailler avec elle et de l\u2019interconnecter avec les nouveaux syst\u00e8mes embarqu\u00e9s avanc\u00e9s.<\/p>\n<p>Les syst\u00e8mes \u00e0 l\u2019int\u00e9rieur des <strong class=\"d2b\">avions<\/strong> et des <strong class=\"d2b\">h\u00e9licopt\u00e8res<\/strong> n\u00e9cessitent des <strong>transferts massifs de donn\u00e9es en temps r\u00e9el<\/strong>. Cela signifie que les syst\u00e8mes n\u00e9cessitent un support physique \u00e0 large bande passante et sans interf\u00e9rence. Avec des d\u00e9bits de transmission de donn\u00e9es atteignant actuellement 10 gigabits\/seconde, et gr\u00e2ce \u00e0 leur <strong class=\"d2b\">immunit\u00e9 aux interf\u00e9rences \u00e9lectromagn\u00e9tiques<\/strong>, les <strong class=\"d2b\">fibres optiques<\/strong> sont parfaitement adapt\u00e9es aux applications actuelles qui n\u00e9cessitent une large bande passante.[\/vc_column_text][\/vc_column][vc_column width=\u00a0\u00bb1\/2&Prime;][vc_column_text el_class=\u00a0\u00bbpetit-titre petit-titre-txt\u00a0\u00bb]<\/p>\n<h3>Des connecteurs optiques innovants d\u00e9di\u00e9s \u00e0 l\u2019a\u00e9ronautique<\/h3>\n<p>[\/vc_column_text][vc_column_text]Le <a href=\"https:\/\/www.sedi-ati.com\/fr\/connecteurs-optiques-et-raccords\/fcxtreme-connecteur-pour-applications-militaires-et-aerospatiales\/\">FCXtreme<sup>\u00ae<\/sup><\/a>\u00a0est un <strong class=\"d2b\">connecteur de type FC<\/strong> enti\u00e8rement compatible avec la <strong>norme FC JIS<\/strong>. Il est plut\u00f4t court (&lt; 31 mm) et a un diam\u00e8tre externe plus petit que 10 mm. Le NANOXtreme<sup>\u00ae<\/sup>\u00a0a un design unique et est encore plus petit (&lt; 6 mm). De fait, il permet des <strong class=\"d2b\">liaisons fibres optiques tr\u00e8s compactes<\/strong> (&lt; 36 mm).<\/p>\n<p>Ces <strong class=\"d2b\">connecteurs optiques<\/strong> sont faciles \u00e0 monter de par leur conception et sont compatibles avec tous les diff\u00e9rents types d\u2019<strong class=\"d2b\">assemblages de fibres optiques<\/strong> tels que les technologies de collage, de brasage, de liaison c\u00e9ramique ou d\u2019enverrage. En outre, ils peuvent \u00eatre utilis\u00e9s avec tous types de fibres monomodes ou multimodes et peuvent accepter tous les types de protection, y compris les gaines ou tubes m\u00e9tal, et les gaines peek.[\/vc_column_text][\/vc_column][\/vc_row][vc_row][vc_column width=\u00a0\u00bb1\/2&Prime;][vc_column_text el_class=\u00a0\u00bbpetit-titre petit-titre-txt\u00a0\u00bb]<\/p>\n<h3>Notre solution : conception de c\u00e2bles et connecteurs \u00e0 fibres optiques<\/h3>\n<p>[\/vc_column_text][vc_column_text]Pour relever ce d\u00e9fi, SEDI-ATI a con\u00e7u des <strong class=\"d2b\">assemblages de fibres optiques sp\u00e9cifiques<\/strong> avec des <strong class=\"d2b\">c\u00e2bles<\/strong> et des <strong class=\"d2b\">connecteurs \u00e0 fibres optiques<\/strong> de <strong>qualit\u00e9 a\u00e9ronautique<\/strong>. Nous int\u00e9grons principalement les <strong class=\"d2b\">c\u00e2bles \u00e0 fibres optiques<\/strong> Avioptics<sup>\u00ae<\/sup>\u00a0de notre partenaire OFS Optics. Ces c\u00e2bles sont configur\u00e9s pour r\u00e9sister \u00e0 l\u2019exposition \u00e0 des produits chimiques corrosifs et autres, y compris le k\u00e9ros\u00e8ne, l\u2019huile, les solvants et les liquides hydrolytiques. En outre, nous proposons des terminaisons de <strong class=\"d2b\">connecteurs sp\u00e9cifiques<\/strong> telles que les <strong class=\"d2b\">connecteurs \u00e0 sertir OFS SMA 905 pour la connectique<\/strong> et la r\u00e9paration sur le terrain (pas d\u2019\u00e9poxy, pas de durcissement, pas d\u2019\u00e9tapes de polissage).<\/p>\n<p>Pour aller plus loin, SEDI-ATI a lanc\u00e9 en octobre 2018 deux nouveaux <strong class=\"d2b\">connecteurs polyvalents<\/strong> et compacts pour les liaisons par fibre optique, destin\u00e9s \u00e0 couvrir les besoins exigeants des applications de la <strong class=\"d2b\">d\u00e9fense<\/strong> et de l\u2019<strong class=\"d2b\">a\u00e9rospatiale<\/strong>. Ces connecteurs r\u00e9sistent aux chocs (1 m\u00e8tre x 10), aux vibrations (5 Hz \u00e0 55 Hz), aux temp\u00e9ratures s\u00e9v\u00e8res (de -55 \u00b0C \u00e0 +125 \u00b0C), aux environnements corrosifs ou radiatifs, et pr\u00e9sentent des niveaux de d\u00e9gazage tr\u00e8s faibles puisqu\u2019ils sont exclusivement constitu\u00e9s de pi\u00e8ces en acier inoxydable et en c\u00e9ramique.[\/vc_column_text][\/vc_column][vc_column width=\u00a0\u00bb1\/2&Prime;][vc_column_text el_class=\u00a0\u00bbpetit-titre petit-titre-txt\u00a0\u00bb]<\/p>\n<h3>Des avions et h\u00e9licopt\u00e8res d\u00e9j\u00e0 \u00e9quip\u00e9s de fibres optiques<\/h3>\n<p>[\/vc_column_text][vc_column_text]Aujourd\u2019hui, de nombreux <strong class=\"d2b\">avions et h\u00e9licopt\u00e8res<\/strong> utilisent des <strong class=\"d2b\">composants en fibre optique<\/strong>.<\/p>\n<ul>\n<li>Avions commerciaux : Airbus A340-600, Airbus A350-XWB, Airbus A380-800, Boeing 787,<\/li>\n<li>Avions de d\u00e9fense : Airbus A400M, BAE Systems Typhoon, Boeing Lockheed Martin F-22 Lightning, LMCO F-35,<\/li>\n<li>H\u00e9licopt\u00e8res : AW-101 Merlin HC.3, AW-159 Wildcat, Boeing Chinook HC.3.<\/li>\n<\/ul>\n<p>[\/vc_column_text][\/vc_column][\/vc_row][vc_row full_width=\u00a0\u00bbstretch_row_content\u00a0\u00bb css=\u00a0\u00bb.vc_custom_1685624337255{background-color: #c5e599 !important;}\u00a0\u00bb el_class=\u00a0\u00bbfull-with-4000&Prime;][vc_column width=\u00a0\u00bb1\/2&Prime;][vc_row_inner][vc_column_inner el_class=\u00a0\u00bbwith-0-1240&Prime; width=\u00a0\u00bb1\/3&Prime;][\/vc_column_inner][vc_column_inner width=\u00a0\u00bb2\/3&Prime;][vc_raw_html el_class=\u00a0\u00bbpetit-titre\u00a0\u00bb]JTNDcCUzRVNvbHV0aW9uJTNDc3BhbiUyMGNsYXNzJTNEJTIycG9pbnQtcm91Z2UlMjBwb2ludC1wZXRpdCUyMiUzRSUzQyUyRnNwYW4lM0VTRURJLUFUSSUzQyUyRnAlM0U=[\/vc_raw_html][vc_column_text]SEDI-ATI a d\u00e9velopp\u00e9 une gamme de\u00a0<strong>connecteurs miniatures<\/strong>\u00a0(FCXtreme<sup>\u00ae<\/sup>\u00a0et NANOXtreme<sup>\u00ae<\/sup>) et de\u00a0<strong class=\"d2b\">cordons<\/strong>\u00a0et\u00a0<strong class=\"d2b\">c\u00e2bles compos\u00e9s\u00a0de\u00a0fibres optiques<\/strong>\u00a0et\u00a0<strong class=\"d2b\">gainages sp\u00e9ciaux<\/strong>, sp\u00e9cifiquement con\u00e7us pour les <strong class=\"d2b\">liaisons a\u00e9ronautiques<\/strong>.[\/vc_column_text][\/vc_column_inner][\/vc_row_inner][\/vc_column][vc_column width=\u00a0\u00bb1\/2&Prime;][vc_row_inner][vc_column_inner width=\u00a0\u00bb1\/6&Prime;][\/vc_column_inner][vc_column_inner el_class=\u00a0\u00bbshadow border-radius-hd-bd line-bottom line-blue\u00a0\u00bb width=\u00a0\u00bb2\/3&Prime; css=\u00a0\u00bb.vc_custom_1679652604813{background-color: #ffffff !important;}\u00a0\u00bb][vc_raw_html el_class=\u00a0\u00bbpetit-titre flex-column-mobile\u00a0\u00bb]JTNDcCUzRUF2YW50YWdlcyUzQ3NwYW4lMjBjbGFzcyUzRCUyMnBvaW50LXJvdWdlJTIwcG9pbnQtcGV0aXQlMjIlM0UlM0MlMkZzcGFuJTNFZGUlMjBsYSUyMHNvbHV0aW9uJTIwU0VESS1BVEklM0MlMkZwJTNF[\/vc_raw_html][vc_column_text]<\/p>\n<ul>\n<li><strong>Produits non-d\u00e9gazants<\/strong>,<\/li>\n<li>Op\u00e9rationnel sur une <span class=\"fort\">large gamme de temp\u00e9ratures<\/span>.<\/li>\n<\/ul>\n<p>[\/vc_column_text][\/vc_column_inner][vc_column_inner width=\u00a0\u00bb1\/6&Prime;][\/vc_column_inner][\/vc_row_inner][\/vc_column][\/vc_row][vc_row full_width=\u00a0\u00bbstretch_row\u00a0\u00bb][vc_column][vc_text_separator title=\u00a0\u00bbProduit associ\u00e9\u00a0\u00bb title_align=\u00a0\u00bbseparator_align_left\u00a0\u00bb color=\u00a0\u00bbcustom\u00a0\u00bb border_width=\u00a0\u00bb2&Prime; accent_color=\u00a0\u00bb#000000&Prime; el_class=\u00a0\u00bbpetit-titre\u00a0\u00bb]<div class=\"woocommerce columns-3 \">\n<div class=\"products_wrapper mfn-woo-products isotope_wrapper default-woo-loop lm_wrapper\">\n\t<ul class=\"products mfn-product-badges-left\">\n\n\n\t\n\t\n\t\n\t\t\n<li class=\"isotope-item product type-product post-11316 status-publish first instock product_cat-cordons-et-cables-fibre-optique-speciaux product_tag-cordons-et-cables product_tag-spatial has-post-thumbnail shipping-taxable product-type-simple\">\n\n    <div class=\"image_frame scale-with-grid product-loop-thumb\" ontouchstart=\"this.classList.toggle('hover');\"><div class=\"image_wrapper\"><a href=\"https:\/\/www.sedi-ati.com\/fr\/cordons-et-cables-fibre-optique-speciaux\/cables-fibres-optiques-avioniques\/\"><div class=\"mask\"><\/div><img loading=\"lazy\" decoding=\"async\" width=\"400\" height=\"400\" src=\"https:\/\/www.sedi-ati.com\/wp-content\/uploads\/2023\/05\/fabrication-cable-fibre-optique-avionique.jpg\" class=\"scale-with-grid wp-post-image\" alt=\"\" srcset=\"https:\/\/www.sedi-ati.com\/wp-content\/uploads\/2023\/05\/fabrication-cable-fibre-optique-avionique.jpg 400w, https:\/\/www.sedi-ati.com\/wp-content\/uploads\/2023\/05\/fabrication-cable-fibre-optique-avionique-300x300.jpg 300w, https:\/\/www.sedi-ati.com\/wp-content\/uploads\/2023\/05\/fabrication-cable-fibre-optique-avionique-150x150.jpg 150w, https:\/\/www.sedi-ati.com\/wp-content\/uploads\/2023\/05\/fabrication-cable-fibre-optique-avionique-146x146.jpg 146w, https:\/\/www.sedi-ati.com\/wp-content\/uploads\/2023\/05\/fabrication-cable-fibre-optique-avionique-50x50.jpg 50w, https:\/\/www.sedi-ati.com\/wp-content\/uploads\/2023\/05\/fabrication-cable-fibre-optique-avionique-75x75.jpg 75w, https:\/\/www.sedi-ati.com\/wp-content\/uploads\/2023\/05\/fabrication-cable-fibre-optique-avionique-85x85.jpg 85w, https:\/\/www.sedi-ati.com\/wp-content\/uploads\/2023\/05\/fabrication-cable-fibre-optique-avionique-80x80.jpg 80w\" sizes=\"auto, (max-width:767px) 400px, 400px\" \/><\/a><div class=\"image_links double\"><a rel=\"nofollow\" href=\"https:\/\/www.sedi-ati.com\/fr\/cordons-et-cables-fibre-optique-speciaux\/cables-fibres-optiques-avioniques\/\" data-quantity=\"1\" data-product_id=\"11316\" class=\"add_to_cart_button ajax_add_to_cart product_type_simple\"><i class=\"icon-basket\"><\/i><\/a><a class=\"link\" href=\"https:\/\/www.sedi-ati.com\/fr\/cordons-et-cables-fibre-optique-speciaux\/cables-fibres-optiques-avioniques\/\"><i class=\"icon-link\"><\/i><\/a><\/div><\/div><a href=\"https:\/\/www.sedi-ati.com\/fr\/cordons-et-cables-fibre-optique-speciaux\/cables-fibres-optiques-avioniques\/\"><span class=\"product-loading-icon added-cart\"><\/span><\/a><\/div>\n    <div class=\"desc\">\n\n        <h4><a href=\"https:\/\/www.sedi-ati.com\/fr\/cordons-et-cables-fibre-optique-speciaux\/cables-fibres-optiques-avioniques\/\">C\u00e2bles fibres optiques avioniques<\/a><\/h4>\n\n        <div class=\"excerpt excerpt-1\"><p>SEDI-ATI a con\u00e7u des c\u00e2bles de fibre optique avionique robustes qui r\u00e9pondent aux contraintes a\u00e9ronautiques. En effet, dans les avions, il y a des restrictions d\u2019espace et de poids.<\/p>\n<\/div>\n                <div class=\"vc_btn3-container  line-bottom line-blue vc_btn3-left btn-prod-apercu\">\n        <a class=\"vc_general vc_btn3 vc_btn3-size-md vc_btn3-shape-square vc_btn3-style-custom\" href=\"https:\/\/www.sedi-ati.com\/fr\/cordons-et-cables-fibre-optique-speciaux\/cables-fibres-optiques-avioniques\/\">Voir plus<\/a>\n        <\/div>\n            <\/div>\n\t\n    \n<\/li>\n\n\n\t\n\t\n\t\n\t\t\n<li class=\"isotope-item product type-product post-11331 status-publish instock product_cat-cordons-et-cables-fibre-optique-speciaux product_tag-cordons-et-cables product_tag-hautes-temperatures product_tag-spatial product_tag-vide-ultra-vide has-post-thumbnail shipping-taxable product-type-simple\">\n\n    <div class=\"image_frame scale-with-grid product-loop-thumb\" ontouchstart=\"this.classList.toggle('hover');\"><div class=\"image_wrapper\"><a href=\"https:\/\/www.sedi-ati.com\/fr\/cordons-et-cables-fibre-optique-speciaux\/cables-fibres-optiques-haute-temperature\/\"><div class=\"mask\"><\/div><img loading=\"lazy\" decoding=\"async\" width=\"600\" height=\"600\" src=\"https:\/\/www.sedi-ati.com\/wp-content\/uploads\/2023\/09\/thumbnail-special-patchcord-compact.jpg\" class=\"scale-with-grid wp-post-image\" alt=\"\" \/><\/a><div class=\"image_links double\"><a rel=\"nofollow\" href=\"https:\/\/www.sedi-ati.com\/fr\/cordons-et-cables-fibre-optique-speciaux\/cables-fibres-optiques-haute-temperature\/\" data-quantity=\"1\" data-product_id=\"11331\" class=\"add_to_cart_button ajax_add_to_cart product_type_simple\"><i class=\"icon-basket\"><\/i><\/a><a class=\"link\" href=\"https:\/\/www.sedi-ati.com\/fr\/cordons-et-cables-fibre-optique-speciaux\/cables-fibres-optiques-haute-temperature\/\"><i class=\"icon-link\"><\/i><\/a><\/div><\/div><a href=\"https:\/\/www.sedi-ati.com\/fr\/cordons-et-cables-fibre-optique-speciaux\/cables-fibres-optiques-haute-temperature\/\"><span class=\"product-loading-icon added-cart\"><\/span><\/a><\/div>\n    <div class=\"desc\">\n\n        <h4><a href=\"https:\/\/www.sedi-ati.com\/fr\/cordons-et-cables-fibre-optique-speciaux\/cables-fibres-optiques-haute-temperature\/\">C\u00e2bles fibres optiques haute-temp\u00e9rature<\/a><\/h4>\n\n        <div class=\"excerpt excerpt-1\"><p>SEDI-ATI Fibre Optiques a la solution ! En effet, nous avons con\u00e7u des cordons haute temp\u00e9rature pour des applications allant de 150 \u00b0C \u00e0 1000 \u00b0C.<\/p>\n<\/div>\n                <div class=\"vc_btn3-container  line-bottom line-blue vc_btn3-left btn-prod-apercu\">\n        <a class=\"vc_general vc_btn3 vc_btn3-size-md vc_btn3-shape-square vc_btn3-style-custom\" href=\"https:\/\/www.sedi-ati.com\/fr\/cordons-et-cables-fibre-optique-speciaux\/cables-fibres-optiques-haute-temperature\/\">Voir plus<\/a>\n        <\/div>\n            <\/div>\n\t\n    \n<\/li>\n\n\n\t\n\t\n\t\n\t\t\n<li class=\"isotope-item product type-product post-11346 status-publish last instock product_cat-cordons-et-cables-fibre-optique-speciaux product_tag-cordons-et-cables product_tag-spatial has-post-thumbnail shipping-taxable product-type-simple\">\n\n    <div class=\"image_frame scale-with-grid product-loop-thumb\" ontouchstart=\"this.classList.toggle('hover');\"><div class=\"image_wrapper\"><a href=\"https:\/\/www.sedi-ati.com\/fr\/cordons-et-cables-fibre-optique-speciaux\/cordons-fibre-optique-special-radiations\/\"><div class=\"mask\"><\/div><img loading=\"lazy\" decoding=\"async\" width=\"400\" height=\"400\" src=\"https:\/\/www.sedi-ati.com\/wp-content\/uploads\/2023\/05\/fabricant-cable-fibre-optique-anti-radiation.jpg\" class=\"scale-with-grid wp-post-image\" alt=\"Fabricant c\u00e2ble fibre optique anti-radiation\" srcset=\"https:\/\/www.sedi-ati.com\/wp-content\/uploads\/2023\/05\/fabricant-cable-fibre-optique-anti-radiation.jpg 400w, https:\/\/www.sedi-ati.com\/wp-content\/uploads\/2023\/05\/fabricant-cable-fibre-optique-anti-radiation-300x300.jpg 300w, https:\/\/www.sedi-ati.com\/wp-content\/uploads\/2023\/05\/fabricant-cable-fibre-optique-anti-radiation-150x150.jpg 150w, https:\/\/www.sedi-ati.com\/wp-content\/uploads\/2023\/05\/fabricant-cable-fibre-optique-anti-radiation-146x146.jpg 146w, https:\/\/www.sedi-ati.com\/wp-content\/uploads\/2023\/05\/fabricant-cable-fibre-optique-anti-radiation-50x50.jpg 50w, https:\/\/www.sedi-ati.com\/wp-content\/uploads\/2023\/05\/fabricant-cable-fibre-optique-anti-radiation-75x75.jpg 75w, https:\/\/www.sedi-ati.com\/wp-content\/uploads\/2023\/05\/fabricant-cable-fibre-optique-anti-radiation-85x85.jpg 85w, https:\/\/www.sedi-ati.com\/wp-content\/uploads\/2023\/05\/fabricant-cable-fibre-optique-anti-radiation-80x80.jpg 80w\" sizes=\"auto, (max-width:767px) 400px, 400px\" \/><\/a><div class=\"image_links double\"><a rel=\"nofollow\" href=\"https:\/\/www.sedi-ati.com\/fr\/cordons-et-cables-fibre-optique-speciaux\/cordons-fibre-optique-special-radiations\/\" data-quantity=\"1\" data-product_id=\"11346\" class=\"add_to_cart_button ajax_add_to_cart product_type_simple\"><i class=\"icon-basket\"><\/i><\/a><a class=\"link\" href=\"https:\/\/www.sedi-ati.com\/fr\/cordons-et-cables-fibre-optique-speciaux\/cordons-fibre-optique-special-radiations\/\"><i class=\"icon-link\"><\/i><\/a><\/div><\/div><a href=\"https:\/\/www.sedi-ati.com\/fr\/cordons-et-cables-fibre-optique-speciaux\/cordons-fibre-optique-special-radiations\/\"><span class=\"product-loading-icon added-cart\"><\/span><\/a><\/div>\n    <div class=\"desc\">\n\n        <h4><a href=\"https:\/\/www.sedi-ati.com\/fr\/cordons-et-cables-fibre-optique-speciaux\/cordons-fibre-optique-special-radiations\/\">Cordons fibre optique sp\u00e9cial radiations<\/a><\/h4>\n\n        <div class=\"excerpt excerpt-1\"><p>Les fibres optiques pr\u00e9sentent de nombreux avantages qui incitent \u00e0 les int\u00e9grer dans des applications avec des environnements radiatifs, associ\u00e9s aux domaines civil, spatial ou de d\u00e9fense.<\/p>\n<\/div>\n                <div class=\"vc_btn3-container  line-bottom line-blue vc_btn3-left btn-prod-apercu\">\n        <a class=\"vc_general vc_btn3 vc_btn3-size-md vc_btn3-shape-square vc_btn3-style-custom\" href=\"https:\/\/www.sedi-ati.com\/fr\/cordons-et-cables-fibre-optique-speciaux\/cordons-fibre-optique-special-radiations\/\">Voir plus<\/a>\n        <\/div>\n            <\/div>\n\t\n    \n<\/li>\n\n\n\t\n\t\n\t\n\t\t\n<li class=\"isotope-item product type-product post-11353 status-publish first instock product_cat-connecteurs-optiques-et-raccords product_tag-connecteurs-optiques product_tag-cryogenie product_tag-hautes-temperatures product_tag-opto-pyrotechnie product_tag-spatial product_tag-vide-ultra-vide has-post-thumbnail shipping-taxable product-type-simple\">\n\n    <div class=\"image_frame scale-with-grid product-loop-thumb\" ontouchstart=\"this.classList.toggle('hover');\"><div class=\"image_wrapper\"><a href=\"https:\/\/www.sedi-ati.com\/fr\/connecteurs-optiques-et-raccords\/fcxtreme-connecteur-pour-applications-de-defense-et-aerospatiales\/\"><div class=\"mask\"><\/div><img loading=\"lazy\" decoding=\"async\" width=\"600\" height=\"600\" src=\"https:\/\/www.sedi-ati.com\/wp-content\/uploads\/2020\/02\/thumbnail-connector-fcxtreme.jpg\" class=\"scale-with-grid wp-post-image\" alt=\"FCXtreme connector\" srcset=\"https:\/\/www.sedi-ati.com\/wp-content\/uploads\/2020\/02\/thumbnail-connector-fcxtreme.jpg 600w, https:\/\/www.sedi-ati.com\/wp-content\/uploads\/2020\/02\/thumbnail-connector-fcxtreme-300x300.jpg 300w, https:\/\/www.sedi-ati.com\/wp-content\/uploads\/2020\/02\/thumbnail-connector-fcxtreme-150x150.jpg 150w, https:\/\/www.sedi-ati.com\/wp-content\/uploads\/2020\/02\/thumbnail-connector-fcxtreme-400x400.jpg 400w, https:\/\/www.sedi-ati.com\/wp-content\/uploads\/2020\/02\/thumbnail-connector-fcxtreme-85x85.jpg 85w, https:\/\/www.sedi-ati.com\/wp-content\/uploads\/2020\/02\/thumbnail-connector-fcxtreme-32x32.jpg 32w\" sizes=\"auto, (max-width:767px) 480px, 600px\" \/><\/a><div class=\"image_links double\"><a rel=\"nofollow\" href=\"https:\/\/www.sedi-ati.com\/fr\/connecteurs-optiques-et-raccords\/fcxtreme-connecteur-pour-applications-de-defense-et-aerospatiales\/\" data-quantity=\"1\" data-product_id=\"11353\" class=\"add_to_cart_button ajax_add_to_cart product_type_simple\"><i class=\"icon-basket\"><\/i><\/a><a class=\"link\" href=\"https:\/\/www.sedi-ati.com\/fr\/connecteurs-optiques-et-raccords\/fcxtreme-connecteur-pour-applications-de-defense-et-aerospatiales\/\"><i class=\"icon-link\"><\/i><\/a><\/div><\/div><a href=\"https:\/\/www.sedi-ati.com\/fr\/connecteurs-optiques-et-raccords\/fcxtreme-connecteur-pour-applications-de-defense-et-aerospatiales\/\"><span class=\"product-loading-icon added-cart\"><\/span><\/a><\/div>\n    <div class=\"desc\">\n\n        <h4><a href=\"https:\/\/www.sedi-ati.com\/fr\/connecteurs-optiques-et-raccords\/fcxtreme-connecteur-pour-applications-de-defense-et-aerospatiales\/\">FCXtreme\u00ae connecteur pour applications de d\u00e9fense et a\u00e9rospatiales<\/a><\/h4>\n\n        <div class=\"excerpt excerpt-1\"><p>SEDI-ATI lance le connecteur FCXtreme\u00ae, un connecteur pour applications de d\u00e9fense et a\u00e9rospatiales, \u00e0 la fois tr\u00e8s performant, polyvalent et compact.<\/p>\n<\/div>\n                <div class=\"vc_btn3-container  line-bottom line-blue vc_btn3-left btn-prod-apercu\">\n        <a class=\"vc_general vc_btn3 vc_btn3-size-md vc_btn3-shape-square vc_btn3-style-custom\" href=\"https:\/\/www.sedi-ati.com\/fr\/connecteurs-optiques-et-raccords\/fcxtreme-connecteur-pour-applications-de-defense-et-aerospatiales\/\">Voir plus<\/a>\n        <\/div>\n            <\/div>\n\t\n    \n<\/li>\n\n\t<\/ul>\n<\/div><\/div>[\/vc_column][\/vc_row][vc_row full_width=\u00a0\u00bbstretch_row\u00a0\u00bb css=\u00a0\u00bb.vc_custom_1704296435193{background-color: #dfe2e8 !important;}\u00a0\u00bb][vc_column][vc_row_inner][vc_column_inner width=\u00a0\u00bb1\/6&Prime;][\/vc_column_inner][vc_column_inner el_class=\u00a0\u00bbshadow border-radius-hd-bd line-bottom line-blue\u00a0\u00bb width=\u00a0\u00bb2\/3&Prime; css=\u00a0\u00bb.vc_custom_1704296458996{background-color: #ffffff !important;}\u00a0\u00bb][vc_column_text]<\/p>\n<p style=\"text-align: center;\">N&rsquo;h\u00e9sitez pas \u00e0 nous contacter pour nous faire part de votre demande<\/p>\n<p>[\/vc_column_text][vc_btn title=\u00a0\u00bbNous contacter\u00a0\u00bb style=\u00a0\u00bbcustom\u00a0\u00bb custom_background=\u00a0\u00bb#132f40&Prime; custom_text=\u00a0\u00bb#ffffff\u00a0\u00bb shape=\u00a0\u00bbsquare\u00a0\u00bb align=\u00a0\u00bbcenter\u00a0\u00bb link=\u00a0\u00bburl:https%3A%2F%2Fwww.sedi-ati.com%2Ffr%2Fcontact%2F\u00a0\u00bb el_class=\u00a0\u00bbline-bottom line-blue\u00a0\u00bb][\/vc_column_inner][vc_column_inner width=\u00a0\u00bb1\/6&Prime;][\/vc_column_inner][\/vc_row_inner][\/vc_column][\/vc_row][vc_row][vc_column][vc_btn title=\u00a0\u00bb^\u00a0\u00bb style=\u00a0\u00bbflat\u00a0\u00bb shape=\u00a0\u00bbsquare\u00a0\u00bb link=\u00a0\u00bburl:%23Wrapper\u00a0\u00bb el_class=\u00a0\u00bbbtn-haut\u00a0\u00bb][\/vc_column][\/vc_row]<\/p>\n<\/section>","protected":false},"excerpt":{"rendered":"<p>SEDI-ATI propose des cordons, des c\u00e2bles et des connecteurs miniatures \u00e0 base de fibres optiques, sp\u00e9cialement con\u00e7us pour les interconnections optiques pour l\u2019a\u00e9ronautique.<\/p>\n","protected":false},"featured_media":10950,"template":"","applications":[433856,433858],"secteurs":[433852,434124],"class_list":["post-10949","cas_client","type-cas_client","status-publish","has-post-thumbnail","hentry","applications-aeronautique","applications-communication-quantique","secteurs-armee","secteurs-avionique-aero"],"acf":[],"yoast_head":"<!-- This site is optimized with the Yoast SEO plugin v27.5 - https:\/\/yoast.com\/product\/yoast-seo-wordpress\/ -->\n<title>Liaison fibre optique embarqu\u00e9e pour a\u00e9ronautique<\/title>\n<meta name=\"description\" content=\"SEDI-ATI fabrique des liaisons, des cordons et des c\u00e2bles \u00e0 fibre optique destin\u00e9s aux avions et h\u00e9licopt\u00e8res de d\u00e9fense. Contactez-nous pour un devis !\" \/>\n<meta name=\"robots\" content=\"index, follow, max-snippet:-1, max-image-preview:large, max-video-preview:-1\" \/>\n<link rel=\"canonical\" href=\"https:\/\/www.sedi-ati.com\/fr\/cas_client\/liaisons-de-fibres-optiques-avioniques-embarquees\/\" \/>\n<meta property=\"og:locale\" content=\"fr_FR\" \/>\n<meta property=\"og:type\" content=\"article\" \/>\n<meta property=\"og:title\" content=\"Liaison fibre optique embarqu\u00e9e pour a\u00e9ronautique\" \/>\n<meta property=\"og:description\" content=\"SEDI-ATI fabrique des liaisons, des cordons et des c\u00e2bles \u00e0 fibre optique destin\u00e9s aux avions et h\u00e9licopt\u00e8res de d\u00e9fense. Contactez-nous pour un devis !\" \/>\n<meta property=\"og:url\" content=\"https:\/\/www.sedi-ati.com\/fr\/cas_client\/liaisons-de-fibres-optiques-avioniques-embarquees\/\" \/>\n<meta property=\"og:site_name\" content=\"SEDI-ATI\" \/>\n<meta property=\"article:modified_time\" content=\"2024-05-23T12:25:04+00:00\" \/>\n<meta property=\"og:image\" content=\"https:\/\/www.sedi-ati.com\/wp-content\/uploads\/2023\/05\/fabricant-cable-de-fibre-optique-aeronautique-militaire.jpg\" \/>\n\t<meta property=\"og:image:width\" content=\"600\" \/>\n\t<meta property=\"og:image:height\" content=\"400\" \/>\n\t<meta property=\"og:image:type\" content=\"image\/jpeg\" \/>\n<meta name=\"twitter:card\" content=\"summary_large_image\" \/>\n<meta name=\"twitter:label1\" content=\"Dur\u00e9e de lecture estim\u00e9e\" \/>\n\t<meta name=\"twitter:data1\" content=\"5 minutes\" \/>\n<script type=\"application\/ld+json\" class=\"yoast-schema-graph\">{\"@context\":\"https:\\\/\\\/schema.org\",\"@graph\":[{\"@type\":\"WebPage\",\"@id\":\"https:\\\/\\\/www.sedi-ati.com\\\/fr\\\/cas_client\\\/liaisons-de-fibres-optiques-avioniques-embarquees\\\/\",\"url\":\"https:\\\/\\\/www.sedi-ati.com\\\/fr\\\/cas_client\\\/liaisons-de-fibres-optiques-avioniques-embarquees\\\/\",\"name\":\"Liaison fibre optique embarqu\u00e9e pour a\u00e9ronautique\",\"isPartOf\":{\"@id\":\"https:\\\/\\\/www.sedi-ati.com\\\/fr\\\/#website\"},\"primaryImageOfPage\":{\"@id\":\"https:\\\/\\\/www.sedi-ati.com\\\/fr\\\/cas_client\\\/liaisons-de-fibres-optiques-avioniques-embarquees\\\/#primaryimage\"},\"image\":{\"@id\":\"https:\\\/\\\/www.sedi-ati.com\\\/fr\\\/cas_client\\\/liaisons-de-fibres-optiques-avioniques-embarquees\\\/#primaryimage\"},\"thumbnailUrl\":\"https:\\\/\\\/www.sedi-ati.com\\\/wp-content\\\/uploads\\\/2023\\\/05\\\/fabricant-cable-de-fibre-optique-aeronautique-militaire.jpg\",\"datePublished\":\"2023-05-12T09:29:51+00:00\",\"dateModified\":\"2024-05-23T12:25:04+00:00\",\"description\":\"SEDI-ATI fabrique des liaisons, des cordons et des c\u00e2bles \u00e0 fibre optique destin\u00e9s aux avions et h\u00e9licopt\u00e8res de d\u00e9fense. Contactez-nous pour un devis !\",\"breadcrumb\":{\"@id\":\"https:\\\/\\\/www.sedi-ati.com\\\/fr\\\/cas_client\\\/liaisons-de-fibres-optiques-avioniques-embarquees\\\/#breadcrumb\"},\"inLanguage\":\"fr-FR\",\"potentialAction\":[{\"@type\":\"ReadAction\",\"target\":[\"https:\\\/\\\/www.sedi-ati.com\\\/fr\\\/cas_client\\\/liaisons-de-fibres-optiques-avioniques-embarquees\\\/\"]}]},{\"@type\":\"ImageObject\",\"inLanguage\":\"fr-FR\",\"@id\":\"https:\\\/\\\/www.sedi-ati.com\\\/fr\\\/cas_client\\\/liaisons-de-fibres-optiques-avioniques-embarquees\\\/#primaryimage\",\"url\":\"https:\\\/\\\/www.sedi-ati.com\\\/wp-content\\\/uploads\\\/2023\\\/05\\\/fabricant-cable-de-fibre-optique-aeronautique-militaire.jpg\",\"contentUrl\":\"https:\\\/\\\/www.sedi-ati.com\\\/wp-content\\\/uploads\\\/2023\\\/05\\\/fabricant-cable-de-fibre-optique-aeronautique-militaire.jpg\",\"width\":600,\"height\":400,\"caption\":\"Fabricant de c\u00e2ble de fibre optique a\u00e9ronautique militaire\"},{\"@type\":\"BreadcrumbList\",\"@id\":\"https:\\\/\\\/www.sedi-ati.com\\\/fr\\\/cas_client\\\/liaisons-de-fibres-optiques-avioniques-embarquees\\\/#breadcrumb\",\"itemListElement\":[{\"@type\":\"ListItem\",\"position\":1,\"name\":\"Home\",\"item\":\"https:\\\/\\\/www.sedi-ati.com\\\/fr\\\/\"},{\"@type\":\"ListItem\",\"position\":2,\"name\":\"D\u00e9fense\",\"item\":\"https:\\\/\\\/www.sedi-ati.com\\\/fr\\\/applications\\\/application-defense\\\/\"},{\"@type\":\"ListItem\",\"position\":3,\"name\":\"A\u00e9ronautique\",\"item\":\"https:\\\/\\\/www.sedi-ati.com\\\/fr\\\/applications\\\/aeronautique\\\/\"},{\"@type\":\"ListItem\",\"position\":4,\"name\":\"Liaisons de fibres optiques avioniques embarqu\u00e9es\"}]},{\"@type\":\"WebSite\",\"@id\":\"https:\\\/\\\/www.sedi-ati.com\\\/fr\\\/#website\",\"url\":\"https:\\\/\\\/www.sedi-ati.com\\\/fr\\\/\",\"name\":\"SEDI-ATI\",\"description\":\"Assemblages de fibres optiques sur mesure, bundles, fentes et pieuvres\",\"publisher\":{\"@id\":\"https:\\\/\\\/www.sedi-ati.com\\\/fr\\\/#organization\"},\"potentialAction\":[{\"@type\":\"SearchAction\",\"target\":{\"@type\":\"EntryPoint\",\"urlTemplate\":\"https:\\\/\\\/www.sedi-ati.com\\\/fr\\\/?s={search_term_string}\"},\"query-input\":{\"@type\":\"PropertyValueSpecification\",\"valueRequired\":true,\"valueName\":\"search_term_string\"}}],\"inLanguage\":\"fr-FR\"},{\"@type\":\"Organization\",\"@id\":\"https:\\\/\\\/www.sedi-ati.com\\\/fr\\\/#organization\",\"name\":\"SEDI-ATI\",\"url\":\"https:\\\/\\\/www.sedi-ati.com\\\/fr\\\/\",\"logo\":{\"@type\":\"ImageObject\",\"inLanguage\":\"fr-FR\",\"@id\":\"https:\\\/\\\/www.sedi-ati.com\\\/fr\\\/#\\\/schema\\\/logo\\\/image\\\/\",\"url\":\"https:\\\/\\\/www.sedi-ati.com\\\/wp-content\\\/uploads\\\/2019\\\/10\\\/Logo_SEDI-ATI_2019_avec-baseline.png\",\"contentUrl\":\"https:\\\/\\\/www.sedi-ati.com\\\/wp-content\\\/uploads\\\/2019\\\/10\\\/Logo_SEDI-ATI_2019_avec-baseline.png\",\"width\":300,\"height\":73,\"caption\":\"SEDI-ATI\"},\"image\":{\"@id\":\"https:\\\/\\\/www.sedi-ati.com\\\/fr\\\/#\\\/schema\\\/logo\\\/image\\\/\"},\"sameAs\":[\"https:\\\/\\\/www.linkedin.com\\\/company\\\/sedi-ati-fibres-optiques\\\/\",\"https:\\\/\\\/www.youtube.com\\\/@sedi-ati-fibres-optiques\"]}]}<\/script>\n<!-- \/ Yoast SEO plugin. -->","yoast_head_json":{"title":"Liaison fibre optique embarqu\u00e9e pour a\u00e9ronautique","description":"SEDI-ATI fabrique des liaisons, des cordons et des c\u00e2bles \u00e0 fibre optique destin\u00e9s aux avions et h\u00e9licopt\u00e8res de d\u00e9fense. Contactez-nous pour un devis !","robots":{"index":"index","follow":"follow","max-snippet":"max-snippet:-1","max-image-preview":"max-image-preview:large","max-video-preview":"max-video-preview:-1"},"canonical":"https:\/\/www.sedi-ati.com\/fr\/cas_client\/liaisons-de-fibres-optiques-avioniques-embarquees\/","og_locale":"fr_FR","og_type":"article","og_title":"Liaison fibre optique embarqu\u00e9e pour a\u00e9ronautique","og_description":"SEDI-ATI fabrique des liaisons, des cordons et des c\u00e2bles \u00e0 fibre optique destin\u00e9s aux avions et h\u00e9licopt\u00e8res de d\u00e9fense. Contactez-nous pour un devis !","og_url":"https:\/\/www.sedi-ati.com\/fr\/cas_client\/liaisons-de-fibres-optiques-avioniques-embarquees\/","og_site_name":"SEDI-ATI","article_modified_time":"2024-05-23T12:25:04+00:00","og_image":[{"width":600,"height":400,"url":"https:\/\/www.sedi-ati.com\/wp-content\/uploads\/2023\/05\/fabricant-cable-de-fibre-optique-aeronautique-militaire.jpg","type":"image\/jpeg"}],"twitter_card":"summary_large_image","twitter_misc":{"Dur\u00e9e de lecture estim\u00e9e":"5 minutes"},"schema":{"@context":"https:\/\/schema.org","@graph":[{"@type":"WebPage","@id":"https:\/\/www.sedi-ati.com\/fr\/cas_client\/liaisons-de-fibres-optiques-avioniques-embarquees\/","url":"https:\/\/www.sedi-ati.com\/fr\/cas_client\/liaisons-de-fibres-optiques-avioniques-embarquees\/","name":"Liaison fibre optique embarqu\u00e9e pour a\u00e9ronautique","isPartOf":{"@id":"https:\/\/www.sedi-ati.com\/fr\/#website"},"primaryImageOfPage":{"@id":"https:\/\/www.sedi-ati.com\/fr\/cas_client\/liaisons-de-fibres-optiques-avioniques-embarquees\/#primaryimage"},"image":{"@id":"https:\/\/www.sedi-ati.com\/fr\/cas_client\/liaisons-de-fibres-optiques-avioniques-embarquees\/#primaryimage"},"thumbnailUrl":"https:\/\/www.sedi-ati.com\/wp-content\/uploads\/2023\/05\/fabricant-cable-de-fibre-optique-aeronautique-militaire.jpg","datePublished":"2023-05-12T09:29:51+00:00","dateModified":"2024-05-23T12:25:04+00:00","description":"SEDI-ATI fabrique des liaisons, des cordons et des c\u00e2bles \u00e0 fibre optique destin\u00e9s aux avions et h\u00e9licopt\u00e8res de d\u00e9fense. Contactez-nous pour un devis !","breadcrumb":{"@id":"https:\/\/www.sedi-ati.com\/fr\/cas_client\/liaisons-de-fibres-optiques-avioniques-embarquees\/#breadcrumb"},"inLanguage":"fr-FR","potentialAction":[{"@type":"ReadAction","target":["https:\/\/www.sedi-ati.com\/fr\/cas_client\/liaisons-de-fibres-optiques-avioniques-embarquees\/"]}]},{"@type":"ImageObject","inLanguage":"fr-FR","@id":"https:\/\/www.sedi-ati.com\/fr\/cas_client\/liaisons-de-fibres-optiques-avioniques-embarquees\/#primaryimage","url":"https:\/\/www.sedi-ati.com\/wp-content\/uploads\/2023\/05\/fabricant-cable-de-fibre-optique-aeronautique-militaire.jpg","contentUrl":"https:\/\/www.sedi-ati.com\/wp-content\/uploads\/2023\/05\/fabricant-cable-de-fibre-optique-aeronautique-militaire.jpg","width":600,"height":400,"caption":"Fabricant de c\u00e2ble de fibre optique a\u00e9ronautique militaire"},{"@type":"BreadcrumbList","@id":"https:\/\/www.sedi-ati.com\/fr\/cas_client\/liaisons-de-fibres-optiques-avioniques-embarquees\/#breadcrumb","itemListElement":[{"@type":"ListItem","position":1,"name":"Home","item":"https:\/\/www.sedi-ati.com\/fr\/"},{"@type":"ListItem","position":2,"name":"D\u00e9fense","item":"https:\/\/www.sedi-ati.com\/fr\/applications\/application-defense\/"},{"@type":"ListItem","position":3,"name":"A\u00e9ronautique","item":"https:\/\/www.sedi-ati.com\/fr\/applications\/aeronautique\/"},{"@type":"ListItem","position":4,"name":"Liaisons de fibres optiques avioniques embarqu\u00e9es"}]},{"@type":"WebSite","@id":"https:\/\/www.sedi-ati.com\/fr\/#website","url":"https:\/\/www.sedi-ati.com\/fr\/","name":"SEDI-ATI","description":"Assemblages de fibres optiques sur mesure, bundles, fentes et pieuvres","publisher":{"@id":"https:\/\/www.sedi-ati.com\/fr\/#organization"},"potentialAction":[{"@type":"SearchAction","target":{"@type":"EntryPoint","urlTemplate":"https:\/\/www.sedi-ati.com\/fr\/?s={search_term_string}"},"query-input":{"@type":"PropertyValueSpecification","valueRequired":true,"valueName":"search_term_string"}}],"inLanguage":"fr-FR"},{"@type":"Organization","@id":"https:\/\/www.sedi-ati.com\/fr\/#organization","name":"SEDI-ATI","url":"https:\/\/www.sedi-ati.com\/fr\/","logo":{"@type":"ImageObject","inLanguage":"fr-FR","@id":"https:\/\/www.sedi-ati.com\/fr\/#\/schema\/logo\/image\/","url":"https:\/\/www.sedi-ati.com\/wp-content\/uploads\/2019\/10\/Logo_SEDI-ATI_2019_avec-baseline.png","contentUrl":"https:\/\/www.sedi-ati.com\/wp-content\/uploads\/2019\/10\/Logo_SEDI-ATI_2019_avec-baseline.png","width":300,"height":73,"caption":"SEDI-ATI"},"image":{"@id":"https:\/\/www.sedi-ati.com\/fr\/#\/schema\/logo\/image\/"},"sameAs":["https:\/\/www.linkedin.com\/company\/sedi-ati-fibres-optiques\/","https:\/\/www.youtube.com\/@sedi-ati-fibres-optiques"]}]}},"_links":{"self":[{"href":"https:\/\/www.sedi-ati.com\/fr\/wp-json\/wp\/v2\/cas_client\/10949","targetHints":{"allow":["GET"]}}],"collection":[{"href":"https:\/\/www.sedi-ati.com\/fr\/wp-json\/wp\/v2\/cas_client"}],"about":[{"href":"https:\/\/www.sedi-ati.com\/fr\/wp-json\/wp\/v2\/types\/cas_client"}],"wp:featuredmedia":[{"embeddable":true,"href":"https:\/\/www.sedi-ati.com\/fr\/wp-json\/wp\/v2\/media\/10950"}],"wp:attachment":[{"href":"https:\/\/www.sedi-ati.com\/fr\/wp-json\/wp\/v2\/media?parent=10949"}],"wp:term":[{"taxonomy":"applications","embeddable":true,"href":"https:\/\/www.sedi-ati.com\/fr\/wp-json\/wp\/v2\/applications?post=10949"},{"taxonomy":"secteurs","embeddable":true,"href":"https:\/\/www.sedi-ati.com\/fr\/wp-json\/wp\/v2\/secteurs?post=10949"}],"curies":[{"name":"wp","href":"https:\/\/api.w.org\/{rel}","templated":true}]}}