{"id":10999,"date":"2023-05-17T12:31:38","date_gmt":"2023-05-17T10:31:38","guid":{"rendered":"https:\/\/www.sedi-ati.com\/?post_type=cas_client&#038;p=10999"},"modified":"2024-05-23T12:00:20","modified_gmt":"2024-05-23T10:00:20","slug":"surveillance-de-transformateurs-electriques-isoles-a-laide-d-assemblages-fibres-optiques","status":"publish","type":"cas_client","link":"https:\/\/www.sedi-ati.com\/fr\/cas_client\/surveillance-de-transformateurs-electriques-isoles-a-laide-d-assemblages-fibres-optiques\/","title":{"rendered":"Surveillance de transformateurs \u00e9lectriques isol\u00e9s \u00e0 l&rsquo;aide d&rsquo;assemblages fibres optiques"},"content":{"rendered":"<section class=\"wpb-content-wrapper\"><p>[vc_row content_placement=\u00a0\u00bbmiddle\u00a0\u00bb el_class=\u00a0\u00bbz-index-1 chevauchement-horizontal-range range-applications\u00a0\u00bb][vc_column width=\u00a0\u00bb3\/5&Prime; css=\u00a0\u00bb.vc_custom_1685438780908{background-color: #5abc42 !important;}\u00a0\u00bb el_class=\u00a0\u00bbshadow border-radius-hd-bd line-bottom line-blue txt-blanc\u00a0\u00bb][vc_raw_html el_class=\u00a0\u00bbgros-titre flex-column-mobile\u00a0\u00bb]JTNDcCUzRVN1cnZlaWxsYW5jZSUzQ3NwYW4lMjBjbGFzcyUzRCUyMnBvaW50LXJvdWdlJTIyJTNFJTNDJTJGc3BhbiUzRVRyYW5zZm9ybWF0ZXVyJTNDJTJGcCUzRQ==[\/vc_raw_html][vc_column_text el_class=\u00a0\u00bbtitre-baseline\u00a0\u00bb]<\/p>\n<h2>Assemblage optique pour transformateur \u00e9lectrique<\/h2>\n<p>[\/vc_column_text][vc_column_text]SEDI-ATI a d\u00e9velopp\u00e9 des <strong class=\"d2b\">assemblages optiques<\/strong> qui, associ\u00e9s \u00e0 l&rsquo;\u00e9quipement \u00e9lectronique du client permettent une surveillance en temps r\u00e9el de la sant\u00e9 du syst\u00e8me. Ils sont install\u00e9s au sein m\u00eame du transformateur. Cette solution consiste en un <strong>assemblage de plusieurs fibres optiques<\/strong> et d\u2019une <a href=\"https:\/\/www.sedi-ati.com\/fr\/traversees-et-passages-etanches-a-fibres-optiques\/\">travers\u00e9e \u00e9tanche<\/a>.[\/vc_column_text][vc_btn title=\u00a0\u00bbParlez-nous de votre projet\u00a0\u00bb style=\u00a0\u00bbcustom\u00a0\u00bb custom_background=\u00a0\u00bb#132f40&Prime; custom_text=\u00a0\u00bb#ffffff\u00a0\u00bb shape=\u00a0\u00bbsquare\u00a0\u00bb link=\u00a0\u00bburl:https%3A%2F%2Fwww.sedi-ati.com%2Ffr%2Fdemande-de-devis%2F\u00a0\u00bb el_class=\u00a0\u00bbline-bottom line-blue\u00a0\u00bb][\/vc_column][vc_column width=\u00a0\u00bb1\/2&Prime; el_class=\u00a0\u00bbimg-entete\u00a0\u00bb]\n\t\t\t\t<p class=\"rs-p-wp-fix\"><\/p>\n\t\t\t\t<sr7-module data-alias=\"SURVEILLANCE-DE-TRANSFORMATEURS-LECTRIQUES-ISOLS--LAIDE-DE-CAPTEURS--FIBRES-OPTIQUES\" data-id=\"15\" id=\"SR7_15_1\" data-version=\"7.0.5.1\">\n\t\t\t\t\t<sr7-adjuster><\/sr7-adjuster>\n\t\t\t\t\t<sr7-content>\n\t\t\t\t\t\t<sr7-slide id=\"SR7_15_1-44\" data-key=\"44\">\n\t\t\t\t\t\t<\/sr7-slide>\n\t\t\t\t\t\t<sr7-slide id=\"SR7_15_1-134\" data-key=\"134\">\n\t\t\t\t\t\t<\/sr7-slide>\n\t\t\t\t\t<\/sr7-content>\n\t\t\t\t\t<image_lists style=\"display:none\">\n\t\t\t\t\t\t<img data-src=\"\/\/www.sedi-ati.com\/wp-content\/uploads\/2023\/05\/AdobeStock_48321995.jpg\" data-libid=\"11147\" data-lib=\"medialibrary\" title=\"AdobeStock_48321995\" width=\"0\" height=\"0\" data-dbsrc=\"Ly93d3cuc2VkaS1hdGkuY29tL3dwLWNvbnRlbnQvdXBsb2Fkcy8yMDIzLzA1L0Fkb2JlU3RvY2tfNDgzMjE5OTUuanBn\"\/>\n\t\t\t\t\t\t<img data-src=\"\/\/www.sedi-ati.com\/wp-content\/uploads\/2023\/05\/AdobeStock_48321995-copie.png\" data-libid=\"11249\" data-lib=\"medialibrary\" title=\"AdobeStock_48321995 copie\" width=\"0\" height=\"0\" data-dbsrc=\"Ly93d3cuc2VkaS1hdGkuY29tL3dwLWNvbnRlbnQvdXBsb2Fkcy8yMDIzLzA1L0Fkb2JlU3RvY2tfNDgzMjE5OTUtY29waWUucG5n\"\/>\n\t\t\t\t\t<\/image_lists>\n\t\t\t\t<\/sr7-module>\n\t\t\t\t<script>\n\t\t\t\t\twindow.SR7??={}; SR7.PMH ??={}; SR7.PMH[\"SR7_15_1\"] = {cn:100,state:false,fn: function() { if (window._tpt!==undefined && window._tpt.prepareModuleHeight !== undefined) {  _tpt.prepareModuleHeight({id:\"SR7_15_1\",el:[1070,1070,1070,1070,1070],type:'standard',gh:[1070,1070,1070,1070,1070],gw:[2130,2130,2130,2130,2130],vpt:['-100px'],size:{fullWidth:false, fullHeight:false},mh:'0',onh:0,onw:0,bg:{color:'{\"orig\":\"transparent\",\"type\":\"solid\",\"string\":\"transparent\"}'}});   SR7.PMH[\"SR7_15_1\"].state=true;} else if(SR7.PMH[\"SR7_15_1\"].cn-->0)\tsetTimeout( SR7.PMH[\"SR7_15_1\"].fn,19);}};SR7.PMH[\"SR7_15_1\" ].fn();\n\t\t\t\t<\/script>\n[\/vc_column][\/vc_row][vc_row][vc_column][vc_empty_space][\/vc_column][\/vc_row][vc_row full_width=\u00a0\u00bbstretch_row_content\u00a0\u00bb el_class=\u00a0\u00bbfull-with-4000&Prime; css=\u00a0\u00bb.vc_custom_1685438829621{background-color: #65ce48 !important;}\u00a0\u00bb][vc_column width=\u00a0\u00bb1\/2&Prime;][vc_row_inner][vc_column_inner el_class=\u00a0\u00bbwith-0-1240&Prime; width=\u00a0\u00bb1\/3&Prime;][\/vc_column_inner][vc_column_inner width=\u00a0\u00bb2\/3&Prime;][vc_raw_html el_class=\u00a0\u00bbpetit-titre\u00a0\u00bb]JTNDcCUzRUNvbnRyYWludGVzJTNDc3BhbiUyMGNsYXNzJTNEJTIycG9pbnQtcm91Z2UlMjBwb2ludC1wZXRpdCUyMiUzRSUzQyUyRnNwYW4lM0VNYWpldXJlcyUzQyUyRnAlM0U=[\/vc_raw_html][vc_column_text]<\/p>\n<ul>\n<li><span class=\"fort\">Haute-tension<\/span> : 25 kV,<\/li>\n<li><span class=\"fort\">Pression<\/span> : jusqu\u2019\u00e0 12 bars,<\/li>\n<li><span class=\"fort\">Milieu agressif <\/span>: gaz SF6 ou huile min\u00e9rale,<\/li>\n<li><span class=\"fort\">Atmosph\u00e8re hostile<\/span> : humidit\u00e9,<\/li>\n<li><span class=\"fort\">Variations de temp\u00e9rature<\/span> : de -40 \u00b0C \u00e0 +90 \u00b0C,<\/li>\n<li><span class=\"fort\">Contraintes d\u2019encombrement<\/span> : grandes longueurs de fibres de plusieurs dizaines de m\u00e8tres.<\/li>\n<\/ul>\n<p>[\/vc_column_text][\/vc_column_inner][\/vc_row_inner][\/vc_column][vc_column width=\u00a0\u00bb1\/2&Prime;][vc_row_inner][vc_column_inner width=\u00a0\u00bb1\/6&Prime;][\/vc_column_inner][vc_column_inner el_class=\u00a0\u00bbshadow border-radius-hd-bd line-bottom line-blue\u00a0\u00bb width=\u00a0\u00bb2\/3&Prime; css=\u00a0\u00bb.vc_custom_1679652604813{background-color: #ffffff !important;}\u00a0\u00bb][vc_raw_html el_class=\u00a0\u00bbpetit-titre\u00a0\u00bb]JTNDcCUzRUxlJTNDc3BhbiUyMGNsYXNzJTNEJTIycG9pbnQtcm91Z2UlMjBwb2ludC1wZXRpdCUyMiUzRSUzQyUyRnNwYW4lM0VEJUMzJUE5ZmklM0MlMkZwJTNF[\/vc_raw_html][vc_column_text]<strong>Optimiser\u00a0la production \u00e9lectrique<\/strong> en\u00a0mesurant les variations de temp\u00e9rature\u00a0et de\u00a0courant\u00a0dans les <strong>isolateurs<\/strong> et <strong>transformateurs \u00e9lectriques<\/strong>.[\/vc_column_text][\/vc_column_inner][vc_column_inner width=\u00a0\u00bb1\/6&Prime;][\/vc_column_inner][\/vc_row_inner][\/vc_column][\/vc_row][vc_row][vc_column width=\u00a0\u00bb1\/2&Prime;][vc_column_text el_class=\u00a0\u00bbpetit-titre petit-titre-txt\u00a0\u00bb]<\/p>\n<h3>Tr\u00e8s co\u00fbteux, les transformateurs \u00e9lectriques isol\u00e9s doivent \u00eatre surveill\u00e9s<\/h3>\n<div class=\"wpb_text_column wpb_content_element contenu\">\n<div class=\"wpb_wrapper\"><\/div>\n<\/div>\n<p>[\/vc_column_text][vc_column_text]Les <strong>transformateurs \u00e9lectriques isol\u00e9s<\/strong> constituent l\u2019un des investissements les plus critiques et les plus co\u00fbteux dans les syst\u00e8mes actuels de transmission et de distribution d\u2019\u00e9lectricit\u00e9. Leur fiabilit\u00e9 d\u00e9pend g\u00e9n\u00e9ralement de leur \u00e9tat d\u2019isolation.<\/p>\n<p>Tout d\u00e9faut critique n\u00e9glig\u00e9 g\u00e9n\u00e9r\u00e9 \u00e0 l\u2019int\u00e9rieur d\u2019un <strong class=\"d2b\">transformateur de puissance<\/strong> peut entra\u00eener une d\u00e9faillance catastrophique du transformateur qui pourrait non seulement causer une <strong>perturbation du syst\u00e8me \u00e9lectrique<\/strong> mais aussi des dommages importants aux \u00e9quipements. Le co\u00fbt d\u2019une panne peut facilement atteindre plusieurs millions de dollars.<\/p>\n<p>Par cons\u00e9quent, la <strong>surveillance de l\u2019\u00e9tat de sant\u00e9 des transformateurs<\/strong> avec pr\u00e9cision et des informations rapides est la condition pr\u00e9alable essentielle pour pr\u00e9voir les pannes fatales, optimiser la maintenance et prendre une d\u00e9cision vitale sur un transformateur dont l\u2019\u00e9tat est suspect.[\/vc_column_text][\/vc_column][vc_column width=\u00a0\u00bb1\/2&Prime;][vc_column_text el_class=\u00a0\u00bbpetit-titre petit-titre-txt\u00a0\u00bb]<\/p>\n<h3>Avantages et applications des mat\u00e9riaux di\u00e9lectriques<\/h3>\n<p>[\/vc_column_text][vc_column_text]Les <strong>assemblages fibres optiques<\/strong> fabriqu\u00e9s \u00e0 partir de mat\u00e9riaux di\u00e9lectriques, comme la silice, sont d\u2019excellents candidats pour la surveillance en ligne et en temps r\u00e9el. En effet, outre leur petite taille et leur l\u00e9g\u00e8ret\u00e9, ils offrent des avantages uniques tels que l\u2019immunit\u00e9 aux interf\u00e9rences \u00e9lectromagn\u00e9tiques, une grande sensibilit\u00e9, une stabilit\u00e9, une r\u00e9p\u00e9tabilit\u00e9, une durabilit\u00e9 contre les environnements extr\u00eames, et une r\u00e9ponse rapide. Par ailleurs, ils peuvent \u00eatre immerg\u00e9s dans de l\u2019huile min\u00e9rale pour transformateur ou du gaz SF6.<\/p>\n<p>Ces <strong class=\"d2b\">assemblages <\/strong>peuvent \u00eatre utilis\u00e9s pour <strong>mesurer divers param\u00e8tres physiques<\/strong> tels que la temp\u00e9rature, le courant, la pression, l\u2019acc\u00e9l\u00e9ration, l\u2019indice de r\u00e9fraction du milieu isolant, la teneur en humidit\u00e9 de l\u2019huile, et une foule d\u2019autres param\u00e8tres.[\/vc_column_text][\/vc_column][\/vc_row][vc_row][vc_column width=\u00a0\u00bb1\/2&Prime;][vc_column_text el_class=\u00a0\u00bbpetit-titre petit-titre-txt\u00a0\u00bb]<\/p>\n<h3>Une isolation s\u00fbre et permanente par des assemblages optiques pour \u00e9viter les contaminations<\/h3>\n<p>[\/vc_column_text][vc_column_text]Dans les <strong>transformateurs haute-tension<\/strong>, une importance d\u00e9cisive est accord\u00e9e \u00e0 une isolation s\u00fbre et permanente. L\u2019huile min\u00e9rale et le gaz SF6 sont de bons mat\u00e9riaux isolants. Cependant, en raison de certains facteurs in\u00e9vitables tels que les <strong>contraintes \u00e9lectriques et thermiques<\/strong> ainsi que le <span class=\"fort\">vieillissement m\u00e9canique<\/span>, le milieu isolant \u00e0 l\u2019int\u00e9rieur d\u2019un <strong>transformateur haute-tension<\/strong> peut \u00eatre affect\u00e9. Par exemple, certaines particules ind\u00e9sirables comme l\u2019eau et le gaz peuvent contaminer l\u2019huile. Par cons\u00e9quent, la force d\u2019isolation est r\u00e9duite, ce qui peut entra\u00eener des d\u00e9charges partielles et des points chauds dans l\u2019huile du transformateur.[\/vc_column_text][\/vc_column][vc_column width=\u00a0\u00bb1\/2&Prime;][vc_column_text el_class=\u00a0\u00bbpetit-titre petit-titre-txt\u00a0\u00bb]<\/p>\n<h3>Estimer l&rsquo;\u00e9tat de sant\u00e9 du transformateur en mesurant les variations de temp\u00e9rature et de courant.<\/h3>\n<p>[\/vc_column_text][vc_column_text]Les d\u00e9charges partielles ne sont pas seulement un pr\u00e9curseur de la d\u00e9gradation de l&rsquo;isolation, mais aussi un facteur essentiel d&rsquo;acc\u00e9l\u00e9ration de la d\u00e9t\u00e9rioration du syst\u00e8me d&rsquo;isolation d&rsquo;un transformateur. La <strong class=\"d2b\">surveillance des d\u00e9charges partielles<\/strong> par la mesure des changements de temp\u00e9rature et de courant dans le milieu isolant du transformateur s&rsquo;est av\u00e9r\u00e9e \u00eatre une proc\u00e9dure efficace pour l&rsquo;estimation de l&rsquo;\u00e9tat de sant\u00e9 du transformateur.[\/vc_column_text][\/vc_column][\/vc_row][vc_row][vc_column width=\u00a0\u00bb1\/2&Prime;][vc_column_text el_class=\u00a0\u00bbpetit-titre petit-titre-txt\u00a0\u00bb]<\/p>\n<h3>Le potentiel du multiplexage avec un seul conditionneur de signal<\/h3>\n<p>[\/vc_column_text][vc_column_text]De plus, les <strong class=\"d2b\">assemblages \u00e0 base de fibres optiques<\/strong> ont le grand potentiel du multiplexage, ce qui signifie que la <strong>d\u00e9tection r\u00e9partie des d\u00e9fauts \u00e9lectriques et thermiques<\/strong> pourrait \u00eatre r\u00e9alis\u00e9e avec un seul conditionneur de signal, fournissant le profil de temp\u00e9rature de l\u2019enroulement et permettant la localisation de l\u2019origine de la d\u00e9charge partielle.[\/vc_column_text][\/vc_column][vc_column width=\u00a0\u00bb1\/2&Prime;][vc_column_text el_class=\u00a0\u00bbpetit-titre petit-titre-txt\u00a0\u00bb]<\/p>\n<h3>Notre offre sur-mesure : assemblage de c\u00e2bles di\u00e9lectriques \u00e0 base de fibre optique<\/h3>\n<p>[\/vc_column_text][vc_column_text]SEDI-ATI a d\u00e9velopp\u00e9 des <strong>assemblages \u00e0 base de fibres optiques multimodes<\/strong> en silice. Ils sont plac\u00e9s \u00e0 l\u2019int\u00e9rieur de la cuve du transformateur. Une\u00a0<a href=\"https:\/\/www.sedi-ati.com\/fr\/traversees-et-passages-etanches-a-fibres-optiques\/\">travers\u00e9e optique \u00e9tanche<\/a>\u00a0et en ligne est fix\u00e9e sur la paroi de la <strong>cuve du transformateur<\/strong>. Elle permet de faire passer l&rsquo;<strong>assemblage<\/strong> <strong class=\"d2b\">fibr\u00e9 <\/strong>en toute s\u00e9curit\u00e9 \u00e0 travers la paroi de la cuve sans affecter l\u2019int\u00e9grit\u00e9 de l\u2019isolation du transformateur.[\/vc_column_text][\/vc_column][\/vc_row][vc_row full_width=\u00a0\u00bbstretch_row_content\u00a0\u00bb css=\u00a0\u00bb.vc_custom_1685438850504{background-color: #7ad65e !important;}\u00a0\u00bb el_class=\u00a0\u00bbfull-with-4000&Prime;][vc_column width=\u00a0\u00bb1\/2&Prime;][vc_row_inner][vc_column_inner el_class=\u00a0\u00bbwith-0-1240&Prime; width=\u00a0\u00bb1\/3&Prime;][\/vc_column_inner][vc_column_inner width=\u00a0\u00bb2\/3&Prime;][vc_raw_html el_class=\u00a0\u00bbpetit-titre\u00a0\u00bb]JTNDcCUzRVNvbHV0aW9uJTNDc3BhbiUyMGNsYXNzJTNEJTIycG9pbnQtcm91Z2UlMjBwb2ludC1wZXRpdCUyMiUzRSUzQyUyRnNwYW4lM0VTRURJLUFUSSUzQyUyRnAlM0U=[\/vc_raw_html][vc_column_text]<strong class=\"d2b\">Assemblage <\/strong><strong>de c\u00e2bles di\u00e9lectriques multifibres<\/strong>\u00a0comprenant une <strong>travers\u00e9e \u00e9tanche en ligne<\/strong>\u00a0pour\u00a0<strong>isolateurs haute tension pressuris\u00e9s<\/strong>.[\/vc_column_text][\/vc_column_inner][\/vc_row_inner][\/vc_column][vc_column width=\u00a0\u00bb1\/2&Prime;][vc_row_inner][vc_column_inner width=\u00a0\u00bb1\/6&Prime;][\/vc_column_inner][vc_column_inner el_class=\u00a0\u00bbshadow border-radius-hd-bd line-bottom line-blue\u00a0\u00bb width=\u00a0\u00bb2\/3&Prime; css=\u00a0\u00bb.vc_custom_1679652604813{background-color: #ffffff !important;}\u00a0\u00bb][vc_raw_html el_class=\u00a0\u00bbpetit-titre flex-column-mobile\u00a0\u00bb]JTNDcCUzRUF2YW50YWdlcyUzQ3NwYW4lMjBjbGFzcyUzRCUyMnBvaW50LXJvdWdlJTIwcG9pbnQtcGV0aXQlMjIlM0UlM0MlMkZzcGFuJTNFU29sdXRpb24lMjBTRURJLUFUSSUzQyUyRnAlM0U=[\/vc_raw_html][vc_column_text]<\/p>\n<ul>\n<li>Immunit\u00e9 \u00e0 l\u2019IME\/RFI,<\/li>\n<li>Etanch\u00e9it\u00e9 au gaz,<\/li>\n<li>Scellement herm\u00e9tique,<\/li>\n<li>Mat\u00e9riaux di\u00e9lectriques pour minimiser le potentiel de terre,<\/li>\n<li>Une <strong class=\"d2b\">grande bande passante<\/strong> qui permet des <strong class=\"d2b\">d\u00e9bits de donn\u00e9es \u00e9lev\u00e9s sur de longues distances<\/strong>,<\/li>\n<li>Des <strong class=\"d2b\">c\u00e2bles et des connecteurs avec une large gamme de temp\u00e9ratures de fonctionnement<\/strong>,<\/li>\n<li>R\u00e9sistance \u00e0 l\u2019abrasion, aux vibrations et aux produits chimiques,<\/li>\n<li><strong class=\"d2b\">Canaux multifibres<\/strong>,<\/li>\n<li>Faibles pertes d\u2019insertion,<\/li>\n<li>Plus compact que les c\u00e2bles en cuivre.<\/li>\n<\/ul>\n<p>[\/vc_column_text][\/vc_column_inner][vc_column_inner width=\u00a0\u00bb1\/6&Prime;][\/vc_column_inner][\/vc_row_inner][\/vc_column][\/vc_row][vc_row full_width=\u00a0\u00bbstretch_row\u00a0\u00bb][vc_column][vc_text_separator title=\u00a0\u00bbProduits associ\u00e9s\u00a0\u00bb title_align=\u00a0\u00bbseparator_align_left\u00a0\u00bb color=\u00a0\u00bbcustom\u00a0\u00bb border_width=\u00a0\u00bb2&Prime; accent_color=\u00a0\u00bb#000000&Prime; el_class=\u00a0\u00bbpetit-titre\u00a0\u00bb]<div class=\"woocommerce columns-3 \">\n<div class=\"products_wrapper mfn-woo-products isotope_wrapper default-woo-loop lm_wrapper\">\n\t<ul class=\"products mfn-product-badges-left\">\n\n\n\t\n\t\n\t\n\t\t\n<li class=\"isotope-item product type-product post-15414 status-publish first instock product_cat-assemblages-de-fibres-optiques-sur-mesure-bundles-fentes-et-pieuvres product_cat-produit product_tag-faisceaux-de-fibres product_tag-hautes-temperatures has-post-thumbnail shipping-taxable product-type-simple\">\n\n    <div class=\"image_frame scale-with-grid product-loop-thumb\" ontouchstart=\"this.classList.toggle('hover');\"><div class=\"image_wrapper\"><a href=\"https:\/\/www.sedi-ati.com\/fr\/assemblages-de-fibres-optiques-sur-mesure-bundles-fentes-et-pieuvres\/bundle-fibre-optique-sonde-reflexion-embout-vissable\/\"><div class=\"mask\"><\/div><img loading=\"lazy\" decoding=\"async\" width=\"400\" height=\"400\" src=\"https:\/\/www.sedi-ati.com\/wp-content\/uploads\/2023\/07\/fabricant-bundle-fibre-optique-sonde-reflexion-haute-temperature.jpg\" class=\"scale-with-grid wp-post-image\" alt=\"Fabricant bundle fibre optique sonde de r\u00e9flexion haute temp\u00e9rature\" srcset=\"https:\/\/www.sedi-ati.com\/wp-content\/uploads\/2023\/07\/fabricant-bundle-fibre-optique-sonde-reflexion-haute-temperature.jpg 400w, https:\/\/www.sedi-ati.com\/wp-content\/uploads\/2023\/07\/fabricant-bundle-fibre-optique-sonde-reflexion-haute-temperature-146x146.jpg 146w, https:\/\/www.sedi-ati.com\/wp-content\/uploads\/2023\/07\/fabricant-bundle-fibre-optique-sonde-reflexion-haute-temperature-50x50.jpg 50w, https:\/\/www.sedi-ati.com\/wp-content\/uploads\/2023\/07\/fabricant-bundle-fibre-optique-sonde-reflexion-haute-temperature-75x75.jpg 75w, https:\/\/www.sedi-ati.com\/wp-content\/uploads\/2023\/07\/fabricant-bundle-fibre-optique-sonde-reflexion-haute-temperature-85x85.jpg 85w, https:\/\/www.sedi-ati.com\/wp-content\/uploads\/2023\/07\/fabricant-bundle-fibre-optique-sonde-reflexion-haute-temperature-80x80.jpg 80w\" sizes=\"auto, (max-width:767px) 400px, 400px\" \/><\/a><div class=\"image_links double\"><a rel=\"nofollow\" href=\"https:\/\/www.sedi-ati.com\/fr\/assemblages-de-fibres-optiques-sur-mesure-bundles-fentes-et-pieuvres\/bundle-fibre-optique-sonde-reflexion-embout-vissable\/\" data-quantity=\"1\" data-product_id=\"15414\" class=\"add_to_cart_button ajax_add_to_cart product_type_simple\"><i class=\"icon-basket\"><\/i><\/a><a class=\"link\" href=\"https:\/\/www.sedi-ati.com\/fr\/assemblages-de-fibres-optiques-sur-mesure-bundles-fentes-et-pieuvres\/bundle-fibre-optique-sonde-reflexion-embout-vissable\/\"><i class=\"icon-link\"><\/i><\/a><\/div><\/div><a href=\"https:\/\/www.sedi-ati.com\/fr\/assemblages-de-fibres-optiques-sur-mesure-bundles-fentes-et-pieuvres\/bundle-fibre-optique-sonde-reflexion-embout-vissable\/\"><span class=\"product-loading-icon added-cart\"><\/span><\/a><\/div>\n    <div class=\"desc\">\n\n        <h4><a href=\"https:\/\/www.sedi-ati.com\/fr\/assemblages-de-fibres-optiques-sur-mesure-bundles-fentes-et-pieuvres\/bundle-fibre-optique-sonde-reflexion-embout-vissable\/\">Bundle fibre optique sonde de r\u00e9flexion haute temp\u00e9rature avec embout vissable<\/a><\/h4>\n\n        <div class=\"excerpt excerpt-1\"><p>Nous proposons des bundles bifurqu\u00e9s pour sondes de r\u00e9flexion jusqu&rsquo;\u00e0 +400 \u00b0C, avec embout vissable.<\/p>\n<\/div>\n                <div class=\"vc_btn3-container  line-bottom line-blue vc_btn3-left btn-prod-apercu\">\n        <a class=\"vc_general vc_btn3 vc_btn3-size-md vc_btn3-shape-square vc_btn3-style-custom\" href=\"https:\/\/www.sedi-ati.com\/fr\/assemblages-de-fibres-optiques-sur-mesure-bundles-fentes-et-pieuvres\/bundle-fibre-optique-sonde-reflexion-embout-vissable\/\">Voir plus<\/a>\n        <\/div>\n            <\/div>\n\t\n    \n<\/li>\n\n\n\t\n\t\n\t\n\t\t\n<li class=\"isotope-item product type-product post-15406 status-publish instock product_cat-assemblages-de-fibres-optiques-sur-mesure-bundles-fentes-et-pieuvres product_cat-produit product_tag-faisceaux-de-fibres product_tag-hautes-temperatures has-post-thumbnail shipping-taxable product-type-simple\">\n\n    <div class=\"image_frame scale-with-grid product-loop-thumb\" ontouchstart=\"this.classList.toggle('hover');\"><div class=\"image_wrapper\"><a href=\"https:\/\/www.sedi-ati.com\/fr\/assemblages-de-fibres-optiques-sur-mesure-bundles-fentes-et-pieuvres\/bundles-de-fibre-optique-pour-sonde-de-reflexion\/\"><div class=\"mask\"><\/div><img loading=\"lazy\" decoding=\"async\" width=\"400\" height=\"400\" src=\"https:\/\/www.sedi-ati.com\/wp-content\/uploads\/2023\/07\/bundle-fibre-optique-sonde-reflexion.jpg\" class=\"scale-with-grid wp-post-image\" alt=\"Bundle fibre optique sonde de r\u00e9flexion\" srcset=\"https:\/\/www.sedi-ati.com\/wp-content\/uploads\/2023\/07\/bundle-fibre-optique-sonde-reflexion.jpg 400w, https:\/\/www.sedi-ati.com\/wp-content\/uploads\/2023\/07\/bundle-fibre-optique-sonde-reflexion-146x146.jpg 146w, https:\/\/www.sedi-ati.com\/wp-content\/uploads\/2023\/07\/bundle-fibre-optique-sonde-reflexion-50x50.jpg 50w, https:\/\/www.sedi-ati.com\/wp-content\/uploads\/2023\/07\/bundle-fibre-optique-sonde-reflexion-75x75.jpg 75w, https:\/\/www.sedi-ati.com\/wp-content\/uploads\/2023\/07\/bundle-fibre-optique-sonde-reflexion-85x85.jpg 85w, https:\/\/www.sedi-ati.com\/wp-content\/uploads\/2023\/07\/bundle-fibre-optique-sonde-reflexion-80x80.jpg 80w\" sizes=\"auto, (max-width:767px) 400px, 400px\" \/><\/a><div class=\"image_links double\"><a rel=\"nofollow\" href=\"https:\/\/www.sedi-ati.com\/fr\/assemblages-de-fibres-optiques-sur-mesure-bundles-fentes-et-pieuvres\/bundles-de-fibre-optique-pour-sonde-de-reflexion\/\" data-quantity=\"1\" data-product_id=\"15406\" class=\"add_to_cart_button ajax_add_to_cart product_type_simple\"><i class=\"icon-basket\"><\/i><\/a><a class=\"link\" href=\"https:\/\/www.sedi-ati.com\/fr\/assemblages-de-fibres-optiques-sur-mesure-bundles-fentes-et-pieuvres\/bundles-de-fibre-optique-pour-sonde-de-reflexion\/\"><i class=\"icon-link\"><\/i><\/a><\/div><\/div><a href=\"https:\/\/www.sedi-ati.com\/fr\/assemblages-de-fibres-optiques-sur-mesure-bundles-fentes-et-pieuvres\/bundles-de-fibre-optique-pour-sonde-de-reflexion\/\"><span class=\"product-loading-icon added-cart\"><\/span><\/a><\/div>\n    <div class=\"desc\">\n\n        <h4><a href=\"https:\/\/www.sedi-ati.com\/fr\/assemblages-de-fibres-optiques-sur-mesure-bundles-fentes-et-pieuvres\/bundles-de-fibre-optique-pour-sonde-de-reflexion\/\">Bundles de fibre optique pour sonde de r\u00e9flexion haute temp\u00e9rature avec embout tubulaire<\/a><\/h4>\n\n        <div class=\"excerpt excerpt-1\"><p>Nous proposons des bundles de fibre optique bifurqu\u00e9s pour sondes de r\u00e9flexion jusqu&rsquo;\u00e0 +400 \u00b0C, avec embout tubulaire.<\/p>\n<\/div>\n                <div class=\"vc_btn3-container  line-bottom line-blue vc_btn3-left btn-prod-apercu\">\n        <a class=\"vc_general vc_btn3 vc_btn3-size-md vc_btn3-shape-square vc_btn3-style-custom\" href=\"https:\/\/www.sedi-ati.com\/fr\/assemblages-de-fibres-optiques-sur-mesure-bundles-fentes-et-pieuvres\/bundles-de-fibre-optique-pour-sonde-de-reflexion\/\">Voir plus<\/a>\n        <\/div>\n            <\/div>\n\t\n    \n<\/li>\n\n\n\t\n\t\n\t\n\t\t\n<li class=\"isotope-item product type-product post-11514 status-publish last instock product_cat-traversees-et-passages-etanches-a-fibres-optiques product_tag-cryogenie product_tag-spatial product_tag-traversees-etanches product_tag-vide-ultra-vide has-post-thumbnail shipping-taxable product-type-simple\">\n\n    <div class=\"image_frame scale-with-grid product-loop-thumb\" ontouchstart=\"this.classList.toggle('hover');\"><div class=\"image_wrapper\"><a href=\"https:\/\/www.sedi-ati.com\/fr\/traversees-et-passages-etanches-a-fibres-optiques\/traversees-etanches-fibre-optique-sur-bride-cf-ou-kf-pour-le-vide\/\"><div class=\"mask\"><\/div><img loading=\"lazy\" decoding=\"async\" width=\"400\" height=\"400\" src=\"https:\/\/www.sedi-ati.com\/wp-content\/uploads\/2023\/06\/traversee-etanche-fibre-optique-par-bride.jpg\" class=\"scale-with-grid wp-post-image\" alt=\"Travers\u00e9e \u00e9tanche fibre optique par bride\" srcset=\"https:\/\/www.sedi-ati.com\/wp-content\/uploads\/2023\/06\/traversee-etanche-fibre-optique-par-bride.jpg 400w, https:\/\/www.sedi-ati.com\/wp-content\/uploads\/2023\/06\/traversee-etanche-fibre-optique-par-bride-300x300.jpg 300w, https:\/\/www.sedi-ati.com\/wp-content\/uploads\/2023\/06\/traversee-etanche-fibre-optique-par-bride-150x150.jpg 150w, https:\/\/www.sedi-ati.com\/wp-content\/uploads\/2023\/06\/traversee-etanche-fibre-optique-par-bride-146x146.jpg 146w, https:\/\/www.sedi-ati.com\/wp-content\/uploads\/2023\/06\/traversee-etanche-fibre-optique-par-bride-50x50.jpg 50w, https:\/\/www.sedi-ati.com\/wp-content\/uploads\/2023\/06\/traversee-etanche-fibre-optique-par-bride-75x75.jpg 75w, https:\/\/www.sedi-ati.com\/wp-content\/uploads\/2023\/06\/traversee-etanche-fibre-optique-par-bride-85x85.jpg 85w, https:\/\/www.sedi-ati.com\/wp-content\/uploads\/2023\/06\/traversee-etanche-fibre-optique-par-bride-80x80.jpg 80w\" sizes=\"auto, (max-width:767px) 400px, 400px\" \/><\/a><div class=\"image_links double\"><a rel=\"nofollow\" href=\"https:\/\/www.sedi-ati.com\/fr\/traversees-et-passages-etanches-a-fibres-optiques\/traversees-etanches-fibre-optique-sur-bride-cf-ou-kf-pour-le-vide\/\" data-quantity=\"1\" data-product_id=\"11514\" class=\"add_to_cart_button ajax_add_to_cart product_type_simple\"><i class=\"icon-basket\"><\/i><\/a><a class=\"link\" href=\"https:\/\/www.sedi-ati.com\/fr\/traversees-et-passages-etanches-a-fibres-optiques\/traversees-etanches-fibre-optique-sur-bride-cf-ou-kf-pour-le-vide\/\"><i class=\"icon-link\"><\/i><\/a><\/div><\/div><a href=\"https:\/\/www.sedi-ati.com\/fr\/traversees-et-passages-etanches-a-fibres-optiques\/traversees-etanches-fibre-optique-sur-bride-cf-ou-kf-pour-le-vide\/\"><span class=\"product-loading-icon added-cart\"><\/span><\/a><\/div>\n    <div class=\"desc\">\n\n        <h4><a href=\"https:\/\/www.sedi-ati.com\/fr\/traversees-et-passages-etanches-a-fibres-optiques\/traversees-etanches-fibre-optique-sur-bride-cf-ou-kf-pour-le-vide\/\">Travers\u00e9es \u00e9tanches fibres optiques sur bride CF ou KF pour le vide<\/a><\/h4>\n\n        <div class=\"excerpt excerpt-1\"><p>Les travers\u00e9es optiques \u00e9tanches multi-f\u00fbts reconfigurables sur bride KTRAV-T10 sont con\u00e7ues pour des brides KF DN 40 pour les applications de vide pouss\u00e9 et ultra vide.<\/p>\n<\/div>\n                <div class=\"vc_btn3-container  line-bottom line-blue vc_btn3-left btn-prod-apercu\">\n        <a class=\"vc_general vc_btn3 vc_btn3-size-md vc_btn3-shape-square vc_btn3-style-custom\" href=\"https:\/\/www.sedi-ati.com\/fr\/traversees-et-passages-etanches-a-fibres-optiques\/traversees-etanches-fibre-optique-sur-bride-cf-ou-kf-pour-le-vide\/\">Voir plus<\/a>\n        <\/div>\n            <\/div>\n\t\n    \n<\/li>\n\n\t<\/ul>\n<\/div><\/div>[\/vc_column][\/vc_row][vc_row][vc_column][vc_btn title=\u00a0\u00bb^\u00a0\u00bb style=\u00a0\u00bbflat\u00a0\u00bb shape=\u00a0\u00bbsquare\u00a0\u00bb link=\u00a0\u00bburl:%23Wrapper\u00a0\u00bb el_class=\u00a0\u00bbbtn-haut\u00a0\u00bb][\/vc_column][\/vc_row][vc_row full_width=\u00a0\u00bbstretch_row\u00a0\u00bb css=\u00a0\u00bb.vc_custom_1704288026835{background-color: #dfe2e8 !important;}\u00a0\u00bb][vc_column][vc_row_inner][vc_column_inner width=\u00a0\u00bb1\/6&Prime;][\/vc_column_inner][vc_column_inner el_class=\u00a0\u00bbshadow border-radius-hd-bd line-bottom line-blue\u00a0\u00bb width=\u00a0\u00bb2\/3&Prime; css=\u00a0\u00bb.vc_custom_1704288194133{background-color: #ffffff !important;}\u00a0\u00bb][vc_column_text]<\/p>\n<p style=\"text-align: center;\">N&rsquo;h\u00e9sitez pas \u00e0 nous contacter pour nous faire part de votre demande<\/p>\n<p>[\/vc_column_text][vc_btn title=\u00a0\u00bbNous contacter\u00a0\u00bb style=\u00a0\u00bbcustom\u00a0\u00bb custom_background=\u00a0\u00bb#132f40&Prime; custom_text=\u00a0\u00bb#ffffff\u00a0\u00bb shape=\u00a0\u00bbsquare\u00a0\u00bb align=\u00a0\u00bbcenter\u00a0\u00bb link=\u00a0\u00bburl:https%3A%2F%2Fwww.sedi-ati.com%2Ffr%2Fcontact%2F\u00a0\u00bb el_class=\u00a0\u00bbline-bottom line-blue\u00a0\u00bb][\/vc_column_inner][vc_column_inner width=\u00a0\u00bb1\/6&Prime;][\/vc_column_inner][\/vc_row_inner][\/vc_column][\/vc_row]<\/p>\n<\/section>","protected":false},"excerpt":{"rendered":"<p>SEDI-ATI a d\u00e9velopp\u00e9 des assemblages optiques avec des propri\u00e9t\u00e9s di\u00e9lectriques, consistant en un assemblage de plusieurs fibres et d\u2019une travers\u00e9e \u00e9tanche.<\/p>\n","protected":false},"featured_media":11001,"template":"","applications":[433875,433860],"secteurs":[433861,434105],"class_list":["post-10999","cas_client","type-cas_client","status-publish","has-post-thumbnail","hentry","applications-application-energie","applications-energie-electrique","secteurs-energie","secteurs-surveillance-energie"],"acf":[],"yoast_head":"<!-- This site is optimized with the Yoast SEO plugin v27.5 - https:\/\/yoast.com\/product\/yoast-seo-wordpress\/ -->\n<title>Fabricant d&#039;assemblages optiques pour la surveillance de transformateurs \u00e9lectriques<\/title>\n<meta name=\"description\" content=\"SEDI-ATI fabrique des assemblages \u00e0 base de fibres optiques utilis\u00e9s pour le contr\u00f4le de l&#039;\u00e9tat de sant\u00e9 de transformateur \u00e9lectrique. Demandez un devis !\" \/>\n<meta name=\"robots\" content=\"index, follow, max-snippet:-1, max-image-preview:large, max-video-preview:-1\" \/>\n<link rel=\"canonical\" href=\"https:\/\/www.sedi-ati.com\/fr\/cas_client\/surveillance-de-transformateurs-electriques-isoles-a-laide-d-assemblages-fibres-optiques\/\" \/>\n<meta property=\"og:locale\" content=\"fr_FR\" \/>\n<meta property=\"og:type\" content=\"article\" \/>\n<meta property=\"og:title\" content=\"Fabricant d&#039;assemblages optiques pour la surveillance de transformateurs \u00e9lectriques\" \/>\n<meta property=\"og:description\" content=\"SEDI-ATI fabrique des assemblages \u00e0 base de fibres optiques utilis\u00e9s pour le contr\u00f4le de l&#039;\u00e9tat de sant\u00e9 de transformateur \u00e9lectrique. Demandez un devis !\" \/>\n<meta property=\"og:url\" content=\"https:\/\/www.sedi-ati.com\/fr\/cas_client\/surveillance-de-transformateurs-electriques-isoles-a-laide-d-assemblages-fibres-optiques\/\" \/>\n<meta property=\"og:site_name\" content=\"SEDI-ATI\" \/>\n<meta property=\"article:modified_time\" content=\"2024-05-23T10:00:20+00:00\" \/>\n<meta property=\"og:image\" content=\"https:\/\/www.sedi-ati.com\/wp-content\/uploads\/2023\/05\/capteur-fibre-optique-controle-etat-transformateur-electrique.jpeg\" \/>\n\t<meta property=\"og:image:width\" content=\"600\" \/>\n\t<meta property=\"og:image:height\" content=\"397\" \/>\n\t<meta property=\"og:image:type\" content=\"image\/jpeg\" \/>\n<meta name=\"twitter:card\" content=\"summary_large_image\" \/>\n<meta name=\"twitter:label1\" content=\"Dur\u00e9e de lecture estim\u00e9e\" \/>\n\t<meta name=\"twitter:data1\" content=\"5 minutes\" \/>\n<script type=\"application\/ld+json\" class=\"yoast-schema-graph\">{\"@context\":\"https:\\\/\\\/schema.org\",\"@graph\":[{\"@type\":\"WebPage\",\"@id\":\"https:\\\/\\\/www.sedi-ati.com\\\/fr\\\/cas_client\\\/surveillance-de-transformateurs-electriques-isoles-a-laide-d-assemblages-fibres-optiques\\\/\",\"url\":\"https:\\\/\\\/www.sedi-ati.com\\\/fr\\\/cas_client\\\/surveillance-de-transformateurs-electriques-isoles-a-laide-d-assemblages-fibres-optiques\\\/\",\"name\":\"Fabricant d'assemblages optiques pour la surveillance de transformateurs \u00e9lectriques\",\"isPartOf\":{\"@id\":\"https:\\\/\\\/www.sedi-ati.com\\\/fr\\\/#website\"},\"primaryImageOfPage\":{\"@id\":\"https:\\\/\\\/www.sedi-ati.com\\\/fr\\\/cas_client\\\/surveillance-de-transformateurs-electriques-isoles-a-laide-d-assemblages-fibres-optiques\\\/#primaryimage\"},\"image\":{\"@id\":\"https:\\\/\\\/www.sedi-ati.com\\\/fr\\\/cas_client\\\/surveillance-de-transformateurs-electriques-isoles-a-laide-d-assemblages-fibres-optiques\\\/#primaryimage\"},\"thumbnailUrl\":\"https:\\\/\\\/www.sedi-ati.com\\\/wp-content\\\/uploads\\\/2023\\\/05\\\/capteur-fibre-optique-controle-etat-transformateur-electrique.jpeg\",\"datePublished\":\"2023-05-17T10:31:38+00:00\",\"dateModified\":\"2024-05-23T10:00:20+00:00\",\"description\":\"SEDI-ATI fabrique des assemblages \u00e0 base de fibres optiques utilis\u00e9s pour le contr\u00f4le de l'\u00e9tat de sant\u00e9 de transformateur \u00e9lectrique. Demandez un devis !\",\"breadcrumb\":{\"@id\":\"https:\\\/\\\/www.sedi-ati.com\\\/fr\\\/cas_client\\\/surveillance-de-transformateurs-electriques-isoles-a-laide-d-assemblages-fibres-optiques\\\/#breadcrumb\"},\"inLanguage\":\"fr-FR\",\"potentialAction\":[{\"@type\":\"ReadAction\",\"target\":[\"https:\\\/\\\/www.sedi-ati.com\\\/fr\\\/cas_client\\\/surveillance-de-transformateurs-electriques-isoles-a-laide-d-assemblages-fibres-optiques\\\/\"]}]},{\"@type\":\"ImageObject\",\"inLanguage\":\"fr-FR\",\"@id\":\"https:\\\/\\\/www.sedi-ati.com\\\/fr\\\/cas_client\\\/surveillance-de-transformateurs-electriques-isoles-a-laide-d-assemblages-fibres-optiques\\\/#primaryimage\",\"url\":\"https:\\\/\\\/www.sedi-ati.com\\\/wp-content\\\/uploads\\\/2023\\\/05\\\/capteur-fibre-optique-controle-etat-transformateur-electrique.jpeg\",\"contentUrl\":\"https:\\\/\\\/www.sedi-ati.com\\\/wp-content\\\/uploads\\\/2023\\\/05\\\/capteur-fibre-optique-controle-etat-transformateur-electrique.jpeg\",\"width\":600,\"height\":397,\"caption\":\"Capteur fibre optique contr\u00f4le \u00e9tat transformateur \u00e9lectrique\"},{\"@type\":\"BreadcrumbList\",\"@id\":\"https:\\\/\\\/www.sedi-ati.com\\\/fr\\\/cas_client\\\/surveillance-de-transformateurs-electriques-isoles-a-laide-d-assemblages-fibres-optiques\\\/#breadcrumb\",\"itemListElement\":[{\"@type\":\"ListItem\",\"position\":1,\"name\":\"Home\",\"item\":\"https:\\\/\\\/www.sedi-ati.com\\\/fr\\\/\"},{\"@type\":\"ListItem\",\"position\":2,\"name\":\"\u00c9nergie\",\"item\":\"https:\\\/\\\/www.sedi-ati.com\\\/fr\\\/applications\\\/application-energie\\\/\"},{\"@type\":\"ListItem\",\"position\":3,\"name\":\"Surveillance de transformateurs \u00e9lectriques isol\u00e9s\"}]},{\"@type\":\"WebSite\",\"@id\":\"https:\\\/\\\/www.sedi-ati.com\\\/fr\\\/#website\",\"url\":\"https:\\\/\\\/www.sedi-ati.com\\\/fr\\\/\",\"name\":\"SEDI-ATI\",\"description\":\"Assemblages de fibres optiques sur mesure, bundles, fentes et pieuvres\",\"publisher\":{\"@id\":\"https:\\\/\\\/www.sedi-ati.com\\\/fr\\\/#organization\"},\"potentialAction\":[{\"@type\":\"SearchAction\",\"target\":{\"@type\":\"EntryPoint\",\"urlTemplate\":\"https:\\\/\\\/www.sedi-ati.com\\\/fr\\\/?s={search_term_string}\"},\"query-input\":{\"@type\":\"PropertyValueSpecification\",\"valueRequired\":true,\"valueName\":\"search_term_string\"}}],\"inLanguage\":\"fr-FR\"},{\"@type\":\"Organization\",\"@id\":\"https:\\\/\\\/www.sedi-ati.com\\\/fr\\\/#organization\",\"name\":\"SEDI-ATI\",\"url\":\"https:\\\/\\\/www.sedi-ati.com\\\/fr\\\/\",\"logo\":{\"@type\":\"ImageObject\",\"inLanguage\":\"fr-FR\",\"@id\":\"https:\\\/\\\/www.sedi-ati.com\\\/fr\\\/#\\\/schema\\\/logo\\\/image\\\/\",\"url\":\"https:\\\/\\\/www.sedi-ati.com\\\/wp-content\\\/uploads\\\/2019\\\/10\\\/Logo_SEDI-ATI_2019_avec-baseline.png\",\"contentUrl\":\"https:\\\/\\\/www.sedi-ati.com\\\/wp-content\\\/uploads\\\/2019\\\/10\\\/Logo_SEDI-ATI_2019_avec-baseline.png\",\"width\":300,\"height\":73,\"caption\":\"SEDI-ATI\"},\"image\":{\"@id\":\"https:\\\/\\\/www.sedi-ati.com\\\/fr\\\/#\\\/schema\\\/logo\\\/image\\\/\"},\"sameAs\":[\"https:\\\/\\\/www.linkedin.com\\\/company\\\/sedi-ati-fibres-optiques\\\/\",\"https:\\\/\\\/www.youtube.com\\\/@sedi-ati-fibres-optiques\"]}]}<\/script>\n<!-- \/ Yoast SEO plugin. -->","yoast_head_json":{"title":"Fabricant d'assemblages optiques pour la surveillance de transformateurs \u00e9lectriques","description":"SEDI-ATI fabrique des assemblages \u00e0 base de fibres optiques utilis\u00e9s pour le contr\u00f4le de l'\u00e9tat de sant\u00e9 de transformateur \u00e9lectrique. Demandez un devis !","robots":{"index":"index","follow":"follow","max-snippet":"max-snippet:-1","max-image-preview":"max-image-preview:large","max-video-preview":"max-video-preview:-1"},"canonical":"https:\/\/www.sedi-ati.com\/fr\/cas_client\/surveillance-de-transformateurs-electriques-isoles-a-laide-d-assemblages-fibres-optiques\/","og_locale":"fr_FR","og_type":"article","og_title":"Fabricant d'assemblages optiques pour la surveillance de transformateurs \u00e9lectriques","og_description":"SEDI-ATI fabrique des assemblages \u00e0 base de fibres optiques utilis\u00e9s pour le contr\u00f4le de l'\u00e9tat de sant\u00e9 de transformateur \u00e9lectrique. Demandez un devis !","og_url":"https:\/\/www.sedi-ati.com\/fr\/cas_client\/surveillance-de-transformateurs-electriques-isoles-a-laide-d-assemblages-fibres-optiques\/","og_site_name":"SEDI-ATI","article_modified_time":"2024-05-23T10:00:20+00:00","og_image":[{"width":600,"height":397,"url":"https:\/\/www.sedi-ati.com\/wp-content\/uploads\/2023\/05\/capteur-fibre-optique-controle-etat-transformateur-electrique.jpeg","type":"image\/jpeg"}],"twitter_card":"summary_large_image","twitter_misc":{"Dur\u00e9e de lecture estim\u00e9e":"5 minutes"},"schema":{"@context":"https:\/\/schema.org","@graph":[{"@type":"WebPage","@id":"https:\/\/www.sedi-ati.com\/fr\/cas_client\/surveillance-de-transformateurs-electriques-isoles-a-laide-d-assemblages-fibres-optiques\/","url":"https:\/\/www.sedi-ati.com\/fr\/cas_client\/surveillance-de-transformateurs-electriques-isoles-a-laide-d-assemblages-fibres-optiques\/","name":"Fabricant d'assemblages optiques pour la surveillance de transformateurs \u00e9lectriques","isPartOf":{"@id":"https:\/\/www.sedi-ati.com\/fr\/#website"},"primaryImageOfPage":{"@id":"https:\/\/www.sedi-ati.com\/fr\/cas_client\/surveillance-de-transformateurs-electriques-isoles-a-laide-d-assemblages-fibres-optiques\/#primaryimage"},"image":{"@id":"https:\/\/www.sedi-ati.com\/fr\/cas_client\/surveillance-de-transformateurs-electriques-isoles-a-laide-d-assemblages-fibres-optiques\/#primaryimage"},"thumbnailUrl":"https:\/\/www.sedi-ati.com\/wp-content\/uploads\/2023\/05\/capteur-fibre-optique-controle-etat-transformateur-electrique.jpeg","datePublished":"2023-05-17T10:31:38+00:00","dateModified":"2024-05-23T10:00:20+00:00","description":"SEDI-ATI fabrique des assemblages \u00e0 base de fibres optiques utilis\u00e9s pour le contr\u00f4le de l'\u00e9tat de sant\u00e9 de transformateur \u00e9lectrique. Demandez un devis !","breadcrumb":{"@id":"https:\/\/www.sedi-ati.com\/fr\/cas_client\/surveillance-de-transformateurs-electriques-isoles-a-laide-d-assemblages-fibres-optiques\/#breadcrumb"},"inLanguage":"fr-FR","potentialAction":[{"@type":"ReadAction","target":["https:\/\/www.sedi-ati.com\/fr\/cas_client\/surveillance-de-transformateurs-electriques-isoles-a-laide-d-assemblages-fibres-optiques\/"]}]},{"@type":"ImageObject","inLanguage":"fr-FR","@id":"https:\/\/www.sedi-ati.com\/fr\/cas_client\/surveillance-de-transformateurs-electriques-isoles-a-laide-d-assemblages-fibres-optiques\/#primaryimage","url":"https:\/\/www.sedi-ati.com\/wp-content\/uploads\/2023\/05\/capteur-fibre-optique-controle-etat-transformateur-electrique.jpeg","contentUrl":"https:\/\/www.sedi-ati.com\/wp-content\/uploads\/2023\/05\/capteur-fibre-optique-controle-etat-transformateur-electrique.jpeg","width":600,"height":397,"caption":"Capteur fibre optique contr\u00f4le \u00e9tat transformateur \u00e9lectrique"},{"@type":"BreadcrumbList","@id":"https:\/\/www.sedi-ati.com\/fr\/cas_client\/surveillance-de-transformateurs-electriques-isoles-a-laide-d-assemblages-fibres-optiques\/#breadcrumb","itemListElement":[{"@type":"ListItem","position":1,"name":"Home","item":"https:\/\/www.sedi-ati.com\/fr\/"},{"@type":"ListItem","position":2,"name":"\u00c9nergie","item":"https:\/\/www.sedi-ati.com\/fr\/applications\/application-energie\/"},{"@type":"ListItem","position":3,"name":"Surveillance de transformateurs \u00e9lectriques isol\u00e9s"}]},{"@type":"WebSite","@id":"https:\/\/www.sedi-ati.com\/fr\/#website","url":"https:\/\/www.sedi-ati.com\/fr\/","name":"SEDI-ATI","description":"Assemblages de fibres optiques sur mesure, bundles, fentes et pieuvres","publisher":{"@id":"https:\/\/www.sedi-ati.com\/fr\/#organization"},"potentialAction":[{"@type":"SearchAction","target":{"@type":"EntryPoint","urlTemplate":"https:\/\/www.sedi-ati.com\/fr\/?s={search_term_string}"},"query-input":{"@type":"PropertyValueSpecification","valueRequired":true,"valueName":"search_term_string"}}],"inLanguage":"fr-FR"},{"@type":"Organization","@id":"https:\/\/www.sedi-ati.com\/fr\/#organization","name":"SEDI-ATI","url":"https:\/\/www.sedi-ati.com\/fr\/","logo":{"@type":"ImageObject","inLanguage":"fr-FR","@id":"https:\/\/www.sedi-ati.com\/fr\/#\/schema\/logo\/image\/","url":"https:\/\/www.sedi-ati.com\/wp-content\/uploads\/2019\/10\/Logo_SEDI-ATI_2019_avec-baseline.png","contentUrl":"https:\/\/www.sedi-ati.com\/wp-content\/uploads\/2019\/10\/Logo_SEDI-ATI_2019_avec-baseline.png","width":300,"height":73,"caption":"SEDI-ATI"},"image":{"@id":"https:\/\/www.sedi-ati.com\/fr\/#\/schema\/logo\/image\/"},"sameAs":["https:\/\/www.linkedin.com\/company\/sedi-ati-fibres-optiques\/","https:\/\/www.youtube.com\/@sedi-ati-fibres-optiques"]}]}},"_links":{"self":[{"href":"https:\/\/www.sedi-ati.com\/fr\/wp-json\/wp\/v2\/cas_client\/10999","targetHints":{"allow":["GET"]}}],"collection":[{"href":"https:\/\/www.sedi-ati.com\/fr\/wp-json\/wp\/v2\/cas_client"}],"about":[{"href":"https:\/\/www.sedi-ati.com\/fr\/wp-json\/wp\/v2\/types\/cas_client"}],"wp:featuredmedia":[{"embeddable":true,"href":"https:\/\/www.sedi-ati.com\/fr\/wp-json\/wp\/v2\/media\/11001"}],"wp:attachment":[{"href":"https:\/\/www.sedi-ati.com\/fr\/wp-json\/wp\/v2\/media?parent=10999"}],"wp:term":[{"taxonomy":"applications","embeddable":true,"href":"https:\/\/www.sedi-ati.com\/fr\/wp-json\/wp\/v2\/applications?post=10999"},{"taxonomy":"secteurs","embeddable":true,"href":"https:\/\/www.sedi-ati.com\/fr\/wp-json\/wp\/v2\/secteurs?post=10999"}],"curies":[{"name":"wp","href":"https:\/\/api.w.org\/{rel}","templated":true}]}}