{"id":11014,"date":"2023-05-17T15:21:37","date_gmt":"2023-05-17T13:21:37","guid":{"rendered":"https:\/\/www.sedi-ati.com\/?post_type=cas_client&#038;p=11014"},"modified":"2024-05-23T15:07:57","modified_gmt":"2024-05-23T13:07:57","slug":"sondes-a-fibres-optiques-au-coeur-du-reacteur-jules-horowitz","status":"publish","type":"cas_client","link":"https:\/\/www.sedi-ati.com\/fr\/cas_client\/sondes-a-fibres-optiques-au-coeur-du-reacteur-jules-horowitz\/","title":{"rendered":"Sondes \u00e0 fibres optiques au c\u0153ur du r\u00e9acteur Jules Horowitz"},"content":{"rendered":"<section class=\"wpb-content-wrapper\"><p>[vc_row content_placement=\u00a0\u00bbmiddle\u00a0\u00bb el_class=\u00a0\u00bbz-index-1 chevauchement-horizontal-range range-applications\u00a0\u00bb][vc_column width=\u00a0\u00bb3\/5&Prime; css=\u00a0\u00bb.vc_custom_1685517036174{background-color: #67ce48 !important;}\u00a0\u00bb el_class=\u00a0\u00bbshadow border-radius-hd-bd line-bottom line-blue txt-blanc\u00a0\u00bb][vc_raw_html el_class=\u00a0\u00bbgros-titre flex-column-mobile\u00a0\u00bb]JTNDcCUzRVNvbmRlcyUzQ3NwYW4lMjBjbGFzcyUzRCUyMnBvaW50LXJvdWdlJTIyJTNFJTNDJTJGc3BhbiUzRUZpYnJlcyUyMG9wdGlxdWVzJTNDJTJGcCUzRQ==[\/vc_raw_html][vc_column_text el_class=\u00a0\u00bbtitre-baseline\u00a0\u00bb]<\/p>\n<h2>Des sondes \u00e0 fibres optiques au c\u0153ur du r\u00e9acteur Jules Horowitz<\/h2>\n<p>[\/vc_column_text][vc_column_text]SEDI-ATI a con\u00e7u des <strong>sondes \u00e0 fibres optiques sur mesure<\/strong> \u00e0 placer \u00e0 plusieurs endroits \u00e0 l\u2019int\u00e9rieur du r\u00e9acteur Jules Horowitz pour des imp\u00e9ratifs de s\u00e9curit\u00e9 tels que la surveillance et la s\u00e9curisation du d\u00e9placement de syst\u00e8mes mobiles.[\/vc_column_text][vc_btn title=\u00a0\u00bbParlez-nous de votre projet\u00a0\u00bb style=\u00a0\u00bbcustom\u00a0\u00bb custom_background=\u00a0\u00bb#132f40&Prime; custom_text=\u00a0\u00bb#ffffff\u00a0\u00bb shape=\u00a0\u00bbsquare\u00a0\u00bb link=\u00a0\u00bburl:https%3A%2F%2Fwww.sedi-ati.com%2Ffr%2Fdemande-de-devis%2F\u00a0\u00bb el_class=\u00a0\u00bbline-bottom line-blue\u00a0\u00bb][\/vc_column][vc_column width=\u00a0\u00bb1\/2&Prime; el_class=\u00a0\u00bbimg-entete\u00a0\u00bb]\n\t\t\t\t<p class=\"rs-p-wp-fix\"><\/p>\n\t\t\t\t<sr7-module data-alias=\"SONDES--FIBRES-OPTIQUES-AU-CUR-DU-RACTEUR-JULES-HOROWITZ\" data-id=\"18\" id=\"SR7_18_1\" data-version=\"7.0.5.1\">\n\t\t\t\t\t<sr7-adjuster><\/sr7-adjuster>\n\t\t\t\t\t<sr7-content>\n\t\t\t\t\t\t<sr7-slide id=\"SR7_18_1-47\" data-key=\"47\">\n\t\t\t\t\t\t<\/sr7-slide>\n\t\t\t\t\t\t<sr7-slide id=\"SR7_18_1-137\" data-key=\"137\">\n\t\t\t\t\t\t<\/sr7-slide>\n\t\t\t\t\t<\/sr7-content>\n\t\t\t\t\t<image_lists style=\"display:none\">\n\t\t\t\t\t\t<img data-src=\"\/\/www.sedi-ati.com\/wp-content\/uploads\/2023\/05\/RJH-copie-2.png\" data-libid=\"11286\" data-lib=\"medialibrary\" title=\"RJH copie 2\" width=\"0\" height=\"0\" data-dbsrc=\"Ly93d3cuc2VkaS1hdGkuY29tL3dwLWNvbnRlbnQvdXBsb2Fkcy8yMDIzLzA1L1JKSC1jb3BpZS0yLnBuZw==\"\/>\n\t\t\t\t\t\t<img data-src=\"\/\/www.sedi-ati.com\/wp-content\/uploads\/2023\/05\/RJH-copie-3.png\" data-libid=\"11287\" data-lib=\"medialibrary\" title=\"RJH copie 3\" width=\"0\" height=\"0\" data-dbsrc=\"Ly93d3cuc2VkaS1hdGkuY29tL3dwLWNvbnRlbnQvdXBsb2Fkcy8yMDIzLzA1L1JKSC1jb3BpZS0zLnBuZw==\"\/>\n\t\t\t\t\t\t<img data-src=\"\/\/www.sedi-ati.com\/wp-content\/uploads\/2023\/05\/RJH-1.jpg\" data-libid=\"11285\" data-lib=\"medialibrary\" title=\"RJH\" width=\"0\" height=\"0\" data-dbsrc=\"Ly93d3cuc2VkaS1hdGkuY29tL3dwLWNvbnRlbnQvdXBsb2Fkcy8yMDIzLzA1L1JKSC0xLmpwZw==\"\/>\n\t\t\t\t\t\t<img data-src=\"\/\/www.sedi-ati.com\/wp-content\/uploads\/2023\/05\/RJH-copie.png\" data-libid=\"11288\" data-lib=\"medialibrary\" title=\"RJH copie\" width=\"0\" height=\"0\" data-dbsrc=\"Ly93d3cuc2VkaS1hdGkuY29tL3dwLWNvbnRlbnQvdXBsb2Fkcy8yMDIzLzA1L1JKSC1jb3BpZS5wbmc=\"\/>\n\t\t\t\t\t<\/image_lists>\n\t\t\t\t<\/sr7-module>\n\t\t\t\t<script>\n\t\t\t\t\twindow.SR7??={}; SR7.PMH ??={}; SR7.PMH[\"SR7_18_1\"] = {cn:100,state:false,fn: function() { if (window._tpt!==undefined && window._tpt.prepareModuleHeight !== undefined) {  _tpt.prepareModuleHeight({id:\"SR7_18_1\",el:[1070,1070,1070,1070,1070],type:'standard',gh:[1070,1070,1070,1070,1070],gw:[2130,2130,2130,2130,2130],vpt:['-100px'],size:{fullWidth:false, fullHeight:false},mh:'0',onh:0,onw:0,bg:{color:'{\"orig\":\"transparent\",\"type\":\"solid\",\"string\":\"transparent\"}'}});   SR7.PMH[\"SR7_18_1\"].state=true;} else if(SR7.PMH[\"SR7_18_1\"].cn-->0)\tsetTimeout( SR7.PMH[\"SR7_18_1\"].fn,19);}};SR7.PMH[\"SR7_18_1\" ].fn();\n\t\t\t\t<\/script>\n[\/vc_column][\/vc_row][vc_row][vc_column][vc_empty_space][\/vc_column][\/vc_row][vc_row full_width=\u00a0\u00bbstretch_row_content\u00a0\u00bb el_class=\u00a0\u00bbfull-with-4000&Prime; css=\u00a0\u00bb.vc_custom_1685517072256{background-color: #7ce26a !important;}\u00a0\u00bb][vc_column width=\u00a0\u00bb1\/2&Prime;][vc_row_inner][vc_column_inner el_class=\u00a0\u00bbwith-0-1240&Prime; width=\u00a0\u00bb1\/3&Prime;][\/vc_column_inner][vc_column_inner width=\u00a0\u00bb2\/3&Prime;][vc_raw_html el_class=\u00a0\u00bbpetit-titre\u00a0\u00bb]JTNDcCUzRUNvbnRyYWludGVzJTNDc3BhbiUyMGNsYXNzJTNEJTIycG9pbnQtcm91Z2UlMjBwb2ludC1wZXRpdCUyMiUzRSUzQyUyRnNwYW4lM0VNYWpldXJlcyUzQyUyRnAlM0U=[\/vc_raw_html][vc_column_text]La sonde doit avoir une dur\u00e9e de vie minimale de 10 ans dans les conditions suivantes :<\/p>\n<ul>\n<li><strong>Irradiation<\/strong>\u00a0<strong>Gamma\u00a0<\/strong>; doses cumul\u00e9es sur 10 ans : 1 GGy,<\/li>\n<li>Immersion sous <strong>11 m d\u2019eau<\/strong>\u00a0avec des\u00a0<strong>variations de temp\u00e9rature<\/strong> de +15 \u00b0C \u00e0 +50 \u00b0C,<\/li>\n<li>Flux <strong>neutronique\u00a0thermique<\/strong>\u00a0: 2.6E<sup>+7<\/sup> n\/s\/cm\u00b2,<\/li>\n<li>Flux <strong>neutronique<\/strong>\u00a0<strong>rapide\u00a0<\/strong>: 7.3E<sup>+6<\/sup> n\/s\/cm\u00b2,<\/li>\n<li>Fluence <strong>neutron<\/strong>\u00a0<strong>thermique\u00a0<\/strong>: 5.7E<sup>+15<\/sup> n\/cm\u00b2,<\/li>\n<li>Fluence <strong>neutron<\/strong>\u00a0<strong>rapide\u00a0<\/strong>: 1.6E<sup>+15<\/sup> n\/cm\u00b2,<\/li>\n<li><strong>Hygrom\u00e9trie<\/strong> : &lt; 85 % en bord de piscine,<\/li>\n<\/ul>\n<p>La sonde doit \u00e9galement \u00eatre conforme aux contraintes m\u00e9caniques suivantes :<\/p>\n<ul>\n<li><strong>Absence de polym\u00e8res<\/strong> dans la partie piscine du r\u00e9acteur,<\/li>\n<li><strong>Longueur des sondes<\/strong> \u00e0 l\u2019int\u00e9rieur du r\u00e9acteur\u00a0: &gt; 20 m,<\/li>\n<li><strong>R\u00e9solution spatiale<\/strong> : &lt; 0.3 mm,<\/li>\n<li><strong>Faible encombrement<\/strong> requis pour la t\u00eate de sonde,<\/li>\n<li><strong>Faibles rayons de courbure<\/strong> induits et nombreux de par le cheminement dans le r\u00e9acteur,<\/li>\n<\/ul>\n<p>[\/vc_column_text][\/vc_column_inner][\/vc_row_inner][\/vc_column][vc_column width=\u00a0\u00bb1\/2&Prime;][vc_row_inner][vc_column_inner width=\u00a0\u00bb1\/6&Prime;][\/vc_column_inner][vc_column_inner el_class=\u00a0\u00bbshadow border-radius-hd-bd line-bottom line-blue\u00a0\u00bb width=\u00a0\u00bb2\/3&Prime; css=\u00a0\u00bb.vc_custom_1679652604813{background-color: #ffffff !important;}\u00a0\u00bb][vc_raw_html el_class=\u00a0\u00bbpetit-titre\u00a0\u00bb]JTNDcCUzRUxlJTNDc3BhbiUyMGNsYXNzJTNEJTIycG9pbnQtcm91Z2UlMjBwb2ludC1wZXRpdCUyMiUzRSUzQyUyRnNwYW4lM0VkJUMzJUE5ZmklM0MlMkZwJTNF[\/vc_raw_html][vc_column_text]Placer des <strong>sondes \u00e0 base de fibres optiques\u00a0au c\u0153ur d\u2019un r\u00e9acteur nucl\u00e9aire<\/strong>\u00a0pour s\u00e9curiser le\u00a0<strong>d\u00e9placement de pi\u00e8ces mobiles<\/strong>\u00a0et <strong>pr\u00e9venir un\u00a0accident nucl\u00e9aire.<\/strong>[\/vc_column_text][\/vc_column_inner][vc_column_inner width=\u00a0\u00bb1\/6&Prime;][\/vc_column_inner][\/vc_row_inner][\/vc_column][\/vc_row][vc_row][vc_column][vc_column_text el_class=\u00a0\u00bbpetit-titre petit-titre-txt\u00a0\u00bb]<\/p>\n<h3>Des assemblages \u00e0 base de fibres optiques assurant le d\u00e9placement s\u00e9curis\u00e9 des dispositifs MOLY<\/h3>\n<div class=\"wpb_text_column wpb_content_element contenu\">\n<div class=\"wpb_wrapper\"><\/div>\n<\/div>\n<p>[\/vc_column_text][vc_column_text]Pour assurer le d\u00e9placement en toute s\u00e9curit\u00e9 et le positionnement pr\u00e9cis des dispositifs MOLY, SEDI-ATI a \u00e9t\u00e9 mandat\u00e9e pour fournir des <strong>sondes \u00e0 fibres optiques nucl\u00e9aris\u00e9es<\/strong>. Ces <strong>sondes \u00e0 fibres optiques<\/strong>, install\u00e9es sur les SAD, effectuent des mesures de r\u00e9flectivit\u00e9 \u00e0 distance. Elles sont destin\u00e9es \u00e0 mesurer la distance pr\u00e9cise entre le SAD et le c\u0153ur du r\u00e9acteur afin d\u2019\u00e9viter tout contact entre la pi\u00e8ce mobile et le c\u0153ur du JHR.<\/p>\n<p>Pour lever toutes les contraintes de s\u00e9curit\u00e9 et de fonctionnement du JHR, nous avons d\u00fb <strong>concevoir une sonde \u00e0 fibres optiques<\/strong> innovante aux propri\u00e9t\u00e9s exceptionnelles ! En effet, les sondes doivent \u00eatre expos\u00e9es \u00e0 des conditions d\u2019irradiation extr\u00eames telles que des flux neutroniques tr\u00e8s intenses et des rayons gamma allant jusqu\u2019\u00e0 1 giga Gray.<\/p>\n<p>\u00c0 cette fin, nous nous sommes associ\u00e9s \u00e0 des <strong>fabricants renomm\u00e9s de fibres optiques pour co-d\u00e9velopper<\/strong> deux pr\u00e9formes diff\u00e9rentes afin d\u2019obtenir des fibres optiques uniques : une <strong>fibre optique monomode<\/strong> et une <strong>fibre optique multimode<\/strong>. Les deux fibres sont constitu\u00e9es d\u2019un c\u0153ur de silice pure, d\u2019un rev\u00eatement de fluorosilice, d\u2019un rev\u00eatement en cuivre, et sont enfil\u00e9es dans un tube en acier inoxydable.<\/p>\n<p>Nous avons assembl\u00e9 6 fibres multimodes de plus de 20 m\u00e8tres chacune autour d\u2019une fibre monomode centrale pour former une sonde optique parfaite. Comme la sonde doit \u00eatre immerg\u00e9e sous une hauteur d\u2019eau de 11 m, la t\u00eate du <strong>capteur \u00e0 fibre optique<\/strong> est herm\u00e9tiquement scell\u00e9e afin d\u2019\u00e9viter une remont\u00e9e capillaire de l\u2019eau. Il n\u2019y a aucun mat\u00e9riau polym\u00e8re sur la partie plac\u00e9e \u00e0 l\u2019int\u00e9rieur du r\u00e9acteur. La sonde est \u00e9galement \u00e9quip\u00e9e d\u2019une\u00a0<a href=\"\/produits\/traversees-et-passages-etanches-a-fibres-optiques\/traversees-et-passages-etanches-fibres-optiques-en-ligne\/\/\">travers\u00e9e \u00e9tanche sur mesure<\/a>\u00a0pour faire la liaison avec le poste de contr\u00f4le.<\/p>\n<p>Environ 90 de ces <strong>sondes \u00e0 fibres optiques<\/strong> seront plac\u00e9es au c\u0153ur du r\u00e9acteur nucl\u00e9aire Jules Horowitz pour surveiller et s\u00e9curiser le d\u00e9placement et le positionnement des dispositifs MOLY.[\/vc_column_text][\/vc_column][\/vc_row][vc_row][vc_column][vc_column_text el_class=\u00a0\u00bbpetit-titre petit-titre-txt\u00a0\u00bb]<\/p>\n<h3>L\u2019importance des radio-isotopes pour la sant\u00e9 publique<\/h3>\n<p>[\/vc_column_text][vc_column_text]Parmi les radioisotopes importants pour la sant\u00e9 publique, on trouve le MOLybd\u00e8ne 99 (Mo-99). Par d\u00e9sint\u00e9gration radioactive, cet isotope est transform\u00e9 en un autre isotope appel\u00e9 Tc-99m, qui est le traceur le plus utilis\u00e9 en m\u00e9decine nucl\u00e9aire. 80 % des scintigraphies r\u00e9alis\u00e9es dans le monde utilisent cet isotope, ce qui repr\u00e9sente environ 30 millions de protocoles m\u00e9dicaux par an, dont 8 millions en Europe.<\/p>\n<p>Cependant, la plupart des r\u00e9acteurs produisant le Mo-99 sont sur le point d\u2019arriver en fin de vie. C\u2019est la raison pour laquelle le projet JHR a \u00e9t\u00e9 lanc\u00e9. Le JHR assurera la continuit\u00e9 de la production de radio-isotopes pour les d\u00e9cennies \u00e0 venir. Fonctionnant 220 jours par an, le JHR permettra de produire entre 25 % et 50 % des besoins europ\u00e9ens, couvrant le traitement de 2 \u00e0 4 millions de patients.[\/vc_column_text][\/vc_column][\/vc_row][vc_row][vc_column width=\u00a0\u00bb1\/2&Prime;][vc_column_text el_class=\u00a0\u00bbpetit-titre petit-titre-txt\u00a0\u00bb]<\/p>\n<h3>Les dispositifs MOLY et SAD install\u00e9s au fond de la piscine du r\u00e9acteur<\/h3>\n<p>[\/vc_column_text][vc_column_text]Quatre dispositifs, appel\u00e9s MOLY (acronyme de MOLYbd\u00e8ne 99), \u00e0 l\u2019int\u00e9rieur du r\u00e9acteur sont destin\u00e9s \u00e0 produire ce radio-isotope particulier, le Mo-99. Ils sont install\u00e9s sur quatre syst\u00e8mes mobiles, appel\u00e9s SAD (appareils de d\u00e9placement des \u00e9quipements), au fond de la piscine du r\u00e9acteur. Les SAD permettent le d\u00e9placement radial des appareils MOLY afin de r\u00e9aliser le chargement et le d\u00e9chargement de diff\u00e9rents \u00e9chantillons particuliers \u00e0 tester. Ils permettent \u00e9galement de d\u00e9placer chaque \u00e9chantillon individuellement dans une position pr\u00e9d\u00e9finie avec un haut degr\u00e9 de pr\u00e9cision (le pas de r\u00e9glage est de 0,3 mm +\/-0,1 mm) afin de contr\u00f4ler et de mesurer avec pr\u00e9cision le niveau d\u2019irradiation subi. En outre, les SAD permettent d\u2019ajuster les positions d\u2019irradiation des dispositifs MOLY en fonction de la puissance du r\u00e9acteur (70 MW ou 100 MW), ceci afin d\u2019optimiser la production de Mo-99.[\/vc_column_text][\/vc_column][vc_column width=\u00a0\u00bb1\/2&Prime;][vc_column_text el_class=\u00a0\u00bbpetit-titre petit-titre-txt\u00a0\u00bb]<\/p>\n<h3>Un r\u00e9acteur\u00a0exp\u00e9rimental\u00a0de recherche \u00e0 eau sous pression<\/h3>\n<div class=\"wpb_text_column wpb_content_element contenu\">\n<div class=\"wpb_wrapper\"><\/div>\n<\/div>\n<p>[\/vc_column_text][vc_column_text]Construit au CEA Cadarache en France, le r\u00e9acteur Jules Horowitz (JHR), est un r\u00e9acteur de recherche \u00e0 eau sous pression dont l\u2019objectif est d\u2019\u00e9tudier le comportement des mat\u00e9riaux sous irradiation et des combustibles des r\u00e9acteurs de puissance. Le r\u00e9acteur fonctionnera comme un centre international pour chercheurs et industriels. Il servira \u00e0 la r\u00e9alisation d\u2019un large \u00e9ventail d\u2019exp\u00e9riences d\u2019irradiation pour l\u2019industrie \u00e9lectronucl\u00e9aire et la m\u00e9decine nucl\u00e9aire.<\/p>\n<p>Le JHR r\u00e9alisera des programmes de recherche et de d\u00e9veloppement qui serviront \u00e0 optimiser la s\u00fbret\u00e9 et la dur\u00e9e de vie de l\u2019actuelle g\u00e9n\u00e9ration de centrales nucl\u00e9aires. Il permettra \u00e9galement d\u2019\u00e9valuer les innovations \u00e0 apporter \u00e0 la prochaine g\u00e9n\u00e9ration de centrales. Enfin, il offrira de nouvelles capacit\u00e9s exp\u00e9rimentales d\u2019irradiation pour \u00e9tudier le comportement des mat\u00e9riaux et des combustibles sous irradiation. Le r\u00e9acteur sera \u00e9galement consacr\u00e9 \u00e0 la production de radio-isotopes m\u00e9dicaux.[\/vc_column_text][\/vc_column][\/vc_row][vc_row][vc_column][vc_column_text el_class=\u00a0\u00bbpetit-titre petit-titre-txt\u00a0\u00bb]<\/p>\n<h3>Tests et qualification sous 20 Ggy<\/h3>\n<p>[\/vc_column_text][vc_column_text]La qualification a \u00e9t\u00e9 r\u00e9alis\u00e9e sur le r\u00e9acteur de recherche ISIS situ\u00e9 sur le site du CEA \u00e0 Saclay en France, entre juin 2018 et juillet 2020. Les <strong>fibres optiques monomodes et multimodes<\/strong> ont \u00e9t\u00e9 expos\u00e9es \u00e0 des conditions d\u2019irradiation qui d\u00e9passent de loin les conditions nominales dans un r\u00e9acteur nucl\u00e9aire.<\/p>\n<p>A la fin de l\u2019exp\u00e9rience, l\u2019att\u00e9nuation mesur\u00e9e dans les fibres apr\u00e8s avoir \u00e9t\u00e9 expos\u00e9es \u00e0 20 GGy, est de 0,2 dB\/km dans la fibre monomode et est encore plus faible dans les fibres multimodes ![\/vc_column_text][\/vc_column][\/vc_row][vc_row full_width=\u00a0\u00bbstretch_row_content\u00a0\u00bb css=\u00a0\u00bb.vc_custom_1685517131723{background-color: #b2edaa !important;}\u00a0\u00bb el_class=\u00a0\u00bbfull-with-4000&Prime;][vc_column width=\u00a0\u00bb1\/2&Prime;][vc_row_inner][vc_column_inner el_class=\u00a0\u00bbwith-0-1240&Prime; width=\u00a0\u00bb1\/3&Prime;][\/vc_column_inner][vc_column_inner width=\u00a0\u00bb2\/3&Prime;][vc_raw_html el_class=\u00a0\u00bbpetit-titre\u00a0\u00bb]JTNDcCUzRVNvbHV0aW9uJTNDc3BhbiUyMGNsYXNzJTNEJTIycG9pbnQtcm91Z2UlMjBwb2ludC1wZXRpdCUyMiUzRSUzQyUyRnNwYW4lM0VTRURJLUFUSSUzQyUyRnAlM0U=[\/vc_raw_html][vc_column_text]Dans le cadre d\u2019un partenariat, nous avons co-d\u00e9velopp\u00e9 des\u00a0pr\u00e9formes pour cr\u00e9er une<strong> fibre optique monomode<\/strong> et<strong> une fibre optique multimode<\/strong>\u00a0r\u00e9pondant aux sp\u00e9cifications du client. Les deux fibres sont compos\u00e9es d\u2019un\u00a0<strong>c\u0153ur de silice ultra pur<\/strong>, d\u2019un\u00a0<strong>cladding en fluorosilice<\/strong>, d\u2019un\u00a0<strong>rev\u00eatement en cuivre<\/strong>\u00a0et d\u2019un\u00a0<strong>tube en acier inoxydable<\/strong>.<\/p>\n<p>Nous avons assembl\u00e9\u00a0<strong>6 fibres optiques multimodes autour d\u2019une fibre monomode centrale<\/strong>, pour former une <strong>sonde optique nucl\u00e9aris\u00e9e<\/strong>.<\/p>\n<p>La t\u00eate de l&rsquo;assemblage <strong>optique est herm\u00e9tiquement scell\u00e9e<\/strong>\u00a0en extr\u00e9mit\u00e9 des fibres, afin d\u2019\u00e9viter toute\u00a0remont\u00e9e d\u2019eau par capillarit\u00e9 dans la sonde.[\/vc_column_text][\/vc_column_inner][\/vc_row_inner][\/vc_column][vc_column width=\u00a0\u00bb1\/2&Prime;][vc_row_inner][vc_column_inner width=\u00a0\u00bb1\/6&Prime;][\/vc_column_inner][vc_column_inner el_class=\u00a0\u00bbshadow border-radius-hd-bd line-bottom line-blue\u00a0\u00bb width=\u00a0\u00bb2\/3&Prime; css=\u00a0\u00bb.vc_custom_1679652604813{background-color: #ffffff !important;}\u00a0\u00bb][vc_raw_html el_class=\u00a0\u00bbpetit-titre flex-column-mobile\u00a0\u00bb]JTNDcCUzRUF2YW50YWdlcyUzQ3NwYW4lMjBjbGFzcyUzRCUyMnBvaW50LXJvdWdlJTIwcG9pbnQtcGV0aXQlMjIlM0UlM0MlMkZzcGFuJTNFU29sdXRpb24lMjBTRURJLUFUSSUzQyUyRnAlM0U=[\/vc_raw_html][vc_column_text]<\/p>\n<ul>\n<li><strong>R\u00e9sistance des assemblages <\/strong>et des <strong>cordons fibres optiques<\/strong> aux rayonnements,<\/li>\n<li>Immunit\u00e9 aux effets \u00e9lectromagn\u00e9tiques,<\/li>\n<li>Assemblage bras\u00e9 (pas de polym\u00e8re),<\/li>\n<li>Plus <span class=\"fort\">petit<\/span>, plus\u00a0<span class=\"fort\">robuste<\/span>\u00a0et plus\u00a0<span class=\"fort\">facile<\/span> \u00e0 manipuler qu\u2019un thermocouple,<\/li>\n<\/ul>\n<p>[\/vc_column_text][\/vc_column_inner][vc_column_inner width=\u00a0\u00bb1\/6&Prime;][\/vc_column_inner][\/vc_row_inner][\/vc_column][\/vc_row][vc_row full_width=\u00a0\u00bbstretch_row\u00a0\u00bb][vc_column][vc_text_separator title=\u00a0\u00bbProduits associ\u00e9s\u00a0\u00bb title_align=\u00a0\u00bbseparator_align_left\u00a0\u00bb color=\u00a0\u00bbcustom\u00a0\u00bb border_width=\u00a0\u00bb2&Prime; accent_color=\u00a0\u00bb#0a0a0a\u00a0\u00bb el_class=\u00a0\u00bbpetit-titre\u00a0\u00bb]<div class=\"woocommerce columns-3 \">\n<div class=\"products_wrapper mfn-woo-products isotope_wrapper default-woo-loop lm_wrapper\">\n\t<ul class=\"products mfn-product-badges-left\">\n\n\n\t\n\t\n\t\n\t\t\n<li class=\"isotope-item product type-product post-11499 status-publish first instock product_cat-traversees-et-passages-etanches-a-fibres-optiques product_tag-pression product_tag-traversees-etanches product_tag-vide-ultra-vide has-post-thumbnail shipping-taxable product-type-simple\">\n\n    <div class=\"image_frame scale-with-grid product-loop-thumb\" ontouchstart=\"this.classList.toggle('hover');\"><div class=\"image_wrapper\"><a href=\"https:\/\/www.sedi-ati.com\/fr\/traversees-et-passages-etanches-a-fibres-optiques\/adaptateur-hermetique-jusqua-30-bars\/\"><div class=\"mask\"><\/div><img loading=\"lazy\" decoding=\"async\" width=\"400\" height=\"400\" src=\"https:\/\/www.sedi-ati.com\/wp-content\/uploads\/2023\/06\/adaptateur-hermetique-application-vide.jpg\" class=\"scale-with-grid wp-post-image\" alt=\"Adaptateur herm\u00e9tique application du vide\" srcset=\"https:\/\/www.sedi-ati.com\/wp-content\/uploads\/2023\/06\/adaptateur-hermetique-application-vide.jpg 400w, https:\/\/www.sedi-ati.com\/wp-content\/uploads\/2023\/06\/adaptateur-hermetique-application-vide-300x300.jpg 300w, https:\/\/www.sedi-ati.com\/wp-content\/uploads\/2023\/06\/adaptateur-hermetique-application-vide-150x150.jpg 150w, https:\/\/www.sedi-ati.com\/wp-content\/uploads\/2023\/06\/adaptateur-hermetique-application-vide-146x146.jpg 146w, https:\/\/www.sedi-ati.com\/wp-content\/uploads\/2023\/06\/adaptateur-hermetique-application-vide-50x50.jpg 50w, https:\/\/www.sedi-ati.com\/wp-content\/uploads\/2023\/06\/adaptateur-hermetique-application-vide-75x75.jpg 75w, https:\/\/www.sedi-ati.com\/wp-content\/uploads\/2023\/06\/adaptateur-hermetique-application-vide-85x85.jpg 85w, https:\/\/www.sedi-ati.com\/wp-content\/uploads\/2023\/06\/adaptateur-hermetique-application-vide-80x80.jpg 80w\" sizes=\"auto, (max-width:767px) 400px, 400px\" \/><\/a><div class=\"image_links double\"><a rel=\"nofollow\" href=\"https:\/\/www.sedi-ati.com\/fr\/traversees-et-passages-etanches-a-fibres-optiques\/adaptateur-hermetique-jusqua-30-bars\/\" data-quantity=\"1\" data-product_id=\"11499\" class=\"add_to_cart_button ajax_add_to_cart product_type_simple\"><i class=\"icon-basket\"><\/i><\/a><a class=\"link\" href=\"https:\/\/www.sedi-ati.com\/fr\/traversees-et-passages-etanches-a-fibres-optiques\/adaptateur-hermetique-jusqua-30-bars\/\"><i class=\"icon-link\"><\/i><\/a><\/div><\/div><a href=\"https:\/\/www.sedi-ati.com\/fr\/traversees-et-passages-etanches-a-fibres-optiques\/adaptateur-hermetique-jusqua-30-bars\/\"><span class=\"product-loading-icon added-cart\"><\/span><\/a><\/div>\n    <div class=\"desc\">\n\n        <h4><a href=\"https:\/\/www.sedi-ati.com\/fr\/traversees-et-passages-etanches-a-fibres-optiques\/adaptateur-hermetique-jusqua-30-bars\/\">Adaptateur herm\u00e9tique jusqu&rsquo;\u00e0 30 bars<\/a><\/h4>\n\n        <div class=\"excerpt excerpt-1\"><p>Les adaptateurs herm\u00e9tiques de la s\u00e9rie KTRAV-IP, aussi appel\u00e9s raccords herm\u00e9tiques, sont utilis\u00e9s dans des applications vide et pression allant jusqu\u2019\u00e0 30 bars.<\/p>\n<\/div>\n                <div class=\"vc_btn3-container  line-bottom line-blue vc_btn3-left btn-prod-apercu\">\n        <a class=\"vc_general vc_btn3 vc_btn3-size-md vc_btn3-shape-square vc_btn3-style-custom\" href=\"https:\/\/www.sedi-ati.com\/fr\/traversees-et-passages-etanches-a-fibres-optiques\/adaptateur-hermetique-jusqua-30-bars\/\">Voir plus<\/a>\n        <\/div>\n            <\/div>\n\t\n    \n<\/li>\n\n\n\t\n\t\n\t\n\t\t\n<li class=\"isotope-item product type-product post-15398 status-publish instock product_cat-assemblages-de-fibres-optiques-sur-mesure-bundles-fentes-et-pieuvres product_tag-faisceaux-de-fibres product_tag-vide-ultra-vide has-post-thumbnail shipping-taxable product-type-simple\">\n\n    <div class=\"image_frame scale-with-grid product-loop-thumb\" ontouchstart=\"this.classList.toggle('hover');\"><div class=\"image_wrapper\"><a href=\"https:\/\/www.sedi-ati.com\/fr\/assemblages-de-fibres-optiques-sur-mesure-bundles-fentes-et-pieuvres\/bundle-fibres-optiques-spectroscopie\/\"><div class=\"mask\"><\/div><img loading=\"lazy\" decoding=\"async\" width=\"400\" height=\"400\" src=\"https:\/\/www.sedi-ati.com\/wp-content\/uploads\/2023\/07\/bundle-fiber-optic-assemblies-spectroscopy.jpg\" class=\"scale-with-grid wp-post-image\" alt=\"Bundle fiber optic assemblies spectroscopy\" srcset=\"https:\/\/www.sedi-ati.com\/wp-content\/uploads\/2023\/07\/bundle-fiber-optic-assemblies-spectroscopy.jpg 400w, https:\/\/www.sedi-ati.com\/wp-content\/uploads\/2023\/07\/bundle-fiber-optic-assemblies-spectroscopy-300x300.jpg 300w, https:\/\/www.sedi-ati.com\/wp-content\/uploads\/2023\/07\/bundle-fiber-optic-assemblies-spectroscopy-150x150.jpg 150w, https:\/\/www.sedi-ati.com\/wp-content\/uploads\/2023\/07\/bundle-fiber-optic-assemblies-spectroscopy-146x146.jpg 146w, https:\/\/www.sedi-ati.com\/wp-content\/uploads\/2023\/07\/bundle-fiber-optic-assemblies-spectroscopy-50x50.jpg 50w, https:\/\/www.sedi-ati.com\/wp-content\/uploads\/2023\/07\/bundle-fiber-optic-assemblies-spectroscopy-75x75.jpg 75w, https:\/\/www.sedi-ati.com\/wp-content\/uploads\/2023\/07\/bundle-fiber-optic-assemblies-spectroscopy-85x85.jpg 85w, https:\/\/www.sedi-ati.com\/wp-content\/uploads\/2023\/07\/bundle-fiber-optic-assemblies-spectroscopy-80x80.jpg 80w\" sizes=\"auto, (max-width:767px) 400px, 400px\" \/><\/a><div class=\"image_links double\"><a rel=\"nofollow\" href=\"https:\/\/www.sedi-ati.com\/fr\/assemblages-de-fibres-optiques-sur-mesure-bundles-fentes-et-pieuvres\/bundle-fibres-optiques-spectroscopie\/\" data-quantity=\"1\" data-product_id=\"15398\" class=\"add_to_cart_button ajax_add_to_cart product_type_simple\"><i class=\"icon-basket\"><\/i><\/a><a class=\"link\" href=\"https:\/\/www.sedi-ati.com\/fr\/assemblages-de-fibres-optiques-sur-mesure-bundles-fentes-et-pieuvres\/bundle-fibres-optiques-spectroscopie\/\"><i class=\"icon-link\"><\/i><\/a><\/div><\/div><a href=\"https:\/\/www.sedi-ati.com\/fr\/assemblages-de-fibres-optiques-sur-mesure-bundles-fentes-et-pieuvres\/bundle-fibres-optiques-spectroscopie\/\"><span class=\"product-loading-icon added-cart\"><\/span><\/a><\/div>\n    <div class=\"desc\">\n\n        <h4><a href=\"https:\/\/www.sedi-ati.com\/fr\/assemblages-de-fibres-optiques-sur-mesure-bundles-fentes-et-pieuvres\/bundle-fibres-optiques-spectroscopie\/\">Bundle de fibres optiques pour spectroscopie<\/a><\/h4>\n\n        <div class=\"excerpt excerpt-1\"><p>Les bundles de fibres optiques sont parfaitement adapt\u00e9s \u00e0 la r\u00e9alisation de mesures spectroscopiques par r\u00e9flectance diffuse.<\/p>\n<\/div>\n                <div class=\"vc_btn3-container  line-bottom line-blue vc_btn3-left btn-prod-apercu\">\n        <a class=\"vc_general vc_btn3 vc_btn3-size-md vc_btn3-shape-square vc_btn3-style-custom\" href=\"https:\/\/www.sedi-ati.com\/fr\/assemblages-de-fibres-optiques-sur-mesure-bundles-fentes-et-pieuvres\/bundle-fibres-optiques-spectroscopie\/\">Voir plus<\/a>\n        <\/div>\n            <\/div>\n\t\n    \n<\/li>\n\n\n\t\n\t\n\t\n\t\t\n<li class=\"isotope-item product type-product post-15414 status-publish last instock product_cat-assemblages-de-fibres-optiques-sur-mesure-bundles-fentes-et-pieuvres product_cat-produit product_tag-faisceaux-de-fibres product_tag-hautes-temperatures has-post-thumbnail shipping-taxable product-type-simple\">\n\n    <div class=\"image_frame scale-with-grid product-loop-thumb\" ontouchstart=\"this.classList.toggle('hover');\"><div class=\"image_wrapper\"><a href=\"https:\/\/www.sedi-ati.com\/fr\/assemblages-de-fibres-optiques-sur-mesure-bundles-fentes-et-pieuvres\/bundle-fibre-optique-sonde-reflexion-embout-vissable\/\"><div class=\"mask\"><\/div><img loading=\"lazy\" decoding=\"async\" width=\"400\" height=\"400\" src=\"https:\/\/www.sedi-ati.com\/wp-content\/uploads\/2023\/07\/fabricant-bundle-fibre-optique-sonde-reflexion-haute-temperature.jpg\" class=\"scale-with-grid wp-post-image\" alt=\"Fabricant bundle fibre optique sonde de r\u00e9flexion haute temp\u00e9rature\" srcset=\"https:\/\/www.sedi-ati.com\/wp-content\/uploads\/2023\/07\/fabricant-bundle-fibre-optique-sonde-reflexion-haute-temperature.jpg 400w, https:\/\/www.sedi-ati.com\/wp-content\/uploads\/2023\/07\/fabricant-bundle-fibre-optique-sonde-reflexion-haute-temperature-146x146.jpg 146w, https:\/\/www.sedi-ati.com\/wp-content\/uploads\/2023\/07\/fabricant-bundle-fibre-optique-sonde-reflexion-haute-temperature-50x50.jpg 50w, https:\/\/www.sedi-ati.com\/wp-content\/uploads\/2023\/07\/fabricant-bundle-fibre-optique-sonde-reflexion-haute-temperature-75x75.jpg 75w, https:\/\/www.sedi-ati.com\/wp-content\/uploads\/2023\/07\/fabricant-bundle-fibre-optique-sonde-reflexion-haute-temperature-85x85.jpg 85w, https:\/\/www.sedi-ati.com\/wp-content\/uploads\/2023\/07\/fabricant-bundle-fibre-optique-sonde-reflexion-haute-temperature-80x80.jpg 80w\" sizes=\"auto, (max-width:767px) 400px, 400px\" \/><\/a><div class=\"image_links double\"><a rel=\"nofollow\" href=\"https:\/\/www.sedi-ati.com\/fr\/assemblages-de-fibres-optiques-sur-mesure-bundles-fentes-et-pieuvres\/bundle-fibre-optique-sonde-reflexion-embout-vissable\/\" data-quantity=\"1\" data-product_id=\"15414\" class=\"add_to_cart_button ajax_add_to_cart product_type_simple\"><i class=\"icon-basket\"><\/i><\/a><a class=\"link\" href=\"https:\/\/www.sedi-ati.com\/fr\/assemblages-de-fibres-optiques-sur-mesure-bundles-fentes-et-pieuvres\/bundle-fibre-optique-sonde-reflexion-embout-vissable\/\"><i class=\"icon-link\"><\/i><\/a><\/div><\/div><a href=\"https:\/\/www.sedi-ati.com\/fr\/assemblages-de-fibres-optiques-sur-mesure-bundles-fentes-et-pieuvres\/bundle-fibre-optique-sonde-reflexion-embout-vissable\/\"><span class=\"product-loading-icon added-cart\"><\/span><\/a><\/div>\n    <div class=\"desc\">\n\n        <h4><a href=\"https:\/\/www.sedi-ati.com\/fr\/assemblages-de-fibres-optiques-sur-mesure-bundles-fentes-et-pieuvres\/bundle-fibre-optique-sonde-reflexion-embout-vissable\/\">Bundle fibre optique sonde de r\u00e9flexion haute temp\u00e9rature avec embout vissable<\/a><\/h4>\n\n        <div class=\"excerpt excerpt-1\"><p>Nous proposons des bundles bifurqu\u00e9s pour sondes de r\u00e9flexion jusqu&rsquo;\u00e0 +400 \u00b0C, avec embout vissable.<\/p>\n<\/div>\n                <div class=\"vc_btn3-container  line-bottom line-blue vc_btn3-left btn-prod-apercu\">\n        <a class=\"vc_general vc_btn3 vc_btn3-size-md vc_btn3-shape-square vc_btn3-style-custom\" href=\"https:\/\/www.sedi-ati.com\/fr\/assemblages-de-fibres-optiques-sur-mesure-bundles-fentes-et-pieuvres\/bundle-fibre-optique-sonde-reflexion-embout-vissable\/\">Voir plus<\/a>\n        <\/div>\n            <\/div>\n\t\n    \n<\/li>\n\n\n\t\n\t\n\t\n\t\t\n<li class=\"isotope-item product type-product post-15406 status-publish first instock product_cat-assemblages-de-fibres-optiques-sur-mesure-bundles-fentes-et-pieuvres product_cat-produit product_tag-faisceaux-de-fibres product_tag-hautes-temperatures has-post-thumbnail shipping-taxable product-type-simple\">\n\n    <div class=\"image_frame scale-with-grid product-loop-thumb\" ontouchstart=\"this.classList.toggle('hover');\"><div class=\"image_wrapper\"><a href=\"https:\/\/www.sedi-ati.com\/fr\/assemblages-de-fibres-optiques-sur-mesure-bundles-fentes-et-pieuvres\/bundles-de-fibre-optique-pour-sonde-de-reflexion\/\"><div class=\"mask\"><\/div><img loading=\"lazy\" decoding=\"async\" width=\"400\" height=\"400\" src=\"https:\/\/www.sedi-ati.com\/wp-content\/uploads\/2023\/07\/bundle-fibre-optique-sonde-reflexion.jpg\" class=\"scale-with-grid wp-post-image\" alt=\"Bundle fibre optique sonde de r\u00e9flexion\" srcset=\"https:\/\/www.sedi-ati.com\/wp-content\/uploads\/2023\/07\/bundle-fibre-optique-sonde-reflexion.jpg 400w, https:\/\/www.sedi-ati.com\/wp-content\/uploads\/2023\/07\/bundle-fibre-optique-sonde-reflexion-146x146.jpg 146w, https:\/\/www.sedi-ati.com\/wp-content\/uploads\/2023\/07\/bundle-fibre-optique-sonde-reflexion-50x50.jpg 50w, https:\/\/www.sedi-ati.com\/wp-content\/uploads\/2023\/07\/bundle-fibre-optique-sonde-reflexion-75x75.jpg 75w, https:\/\/www.sedi-ati.com\/wp-content\/uploads\/2023\/07\/bundle-fibre-optique-sonde-reflexion-85x85.jpg 85w, https:\/\/www.sedi-ati.com\/wp-content\/uploads\/2023\/07\/bundle-fibre-optique-sonde-reflexion-80x80.jpg 80w\" sizes=\"auto, (max-width:767px) 400px, 400px\" \/><\/a><div class=\"image_links double\"><a rel=\"nofollow\" href=\"https:\/\/www.sedi-ati.com\/fr\/assemblages-de-fibres-optiques-sur-mesure-bundles-fentes-et-pieuvres\/bundles-de-fibre-optique-pour-sonde-de-reflexion\/\" data-quantity=\"1\" data-product_id=\"15406\" class=\"add_to_cart_button ajax_add_to_cart product_type_simple\"><i class=\"icon-basket\"><\/i><\/a><a class=\"link\" href=\"https:\/\/www.sedi-ati.com\/fr\/assemblages-de-fibres-optiques-sur-mesure-bundles-fentes-et-pieuvres\/bundles-de-fibre-optique-pour-sonde-de-reflexion\/\"><i class=\"icon-link\"><\/i><\/a><\/div><\/div><a href=\"https:\/\/www.sedi-ati.com\/fr\/assemblages-de-fibres-optiques-sur-mesure-bundles-fentes-et-pieuvres\/bundles-de-fibre-optique-pour-sonde-de-reflexion\/\"><span class=\"product-loading-icon added-cart\"><\/span><\/a><\/div>\n    <div class=\"desc\">\n\n        <h4><a href=\"https:\/\/www.sedi-ati.com\/fr\/assemblages-de-fibres-optiques-sur-mesure-bundles-fentes-et-pieuvres\/bundles-de-fibre-optique-pour-sonde-de-reflexion\/\">Bundles de fibre optique pour sonde de r\u00e9flexion haute temp\u00e9rature avec embout tubulaire<\/a><\/h4>\n\n        <div class=\"excerpt excerpt-1\"><p>Nous proposons des bundles de fibre optique bifurqu\u00e9s pour sondes de r\u00e9flexion jusqu&rsquo;\u00e0 +400 \u00b0C, avec embout tubulaire.<\/p>\n<\/div>\n                <div class=\"vc_btn3-container  line-bottom line-blue vc_btn3-left btn-prod-apercu\">\n        <a class=\"vc_general vc_btn3 vc_btn3-size-md vc_btn3-shape-square vc_btn3-style-custom\" href=\"https:\/\/www.sedi-ati.com\/fr\/assemblages-de-fibres-optiques-sur-mesure-bundles-fentes-et-pieuvres\/bundles-de-fibre-optique-pour-sonde-de-reflexion\/\">Voir plus<\/a>\n        <\/div>\n            <\/div>\n\t\n    \n<\/li>\n\n\n\t\n\t\n\t\n\t\t\n<li class=\"isotope-item product type-product post-11331 status-publish instock product_cat-cordons-et-cables-fibre-optique-speciaux product_tag-cordons-et-cables product_tag-hautes-temperatures product_tag-spatial product_tag-vide-ultra-vide has-post-thumbnail shipping-taxable product-type-simple\">\n\n    <div class=\"image_frame scale-with-grid product-loop-thumb\" ontouchstart=\"this.classList.toggle('hover');\"><div class=\"image_wrapper\"><a href=\"https:\/\/www.sedi-ati.com\/fr\/cordons-et-cables-fibre-optique-speciaux\/cables-fibres-optiques-haute-temperature\/\"><div class=\"mask\"><\/div><img loading=\"lazy\" decoding=\"async\" width=\"600\" height=\"600\" src=\"https:\/\/www.sedi-ati.com\/wp-content\/uploads\/2023\/09\/thumbnail-special-patchcord-compact.jpg\" class=\"scale-with-grid wp-post-image\" alt=\"\" \/><\/a><div class=\"image_links double\"><a rel=\"nofollow\" href=\"https:\/\/www.sedi-ati.com\/fr\/cordons-et-cables-fibre-optique-speciaux\/cables-fibres-optiques-haute-temperature\/\" data-quantity=\"1\" data-product_id=\"11331\" class=\"add_to_cart_button ajax_add_to_cart product_type_simple\"><i class=\"icon-basket\"><\/i><\/a><a class=\"link\" href=\"https:\/\/www.sedi-ati.com\/fr\/cordons-et-cables-fibre-optique-speciaux\/cables-fibres-optiques-haute-temperature\/\"><i class=\"icon-link\"><\/i><\/a><\/div><\/div><a href=\"https:\/\/www.sedi-ati.com\/fr\/cordons-et-cables-fibre-optique-speciaux\/cables-fibres-optiques-haute-temperature\/\"><span class=\"product-loading-icon added-cart\"><\/span><\/a><\/div>\n    <div class=\"desc\">\n\n        <h4><a href=\"https:\/\/www.sedi-ati.com\/fr\/cordons-et-cables-fibre-optique-speciaux\/cables-fibres-optiques-haute-temperature\/\">C\u00e2bles fibres optiques haute-temp\u00e9rature<\/a><\/h4>\n\n        <div class=\"excerpt excerpt-1\"><p>SEDI-ATI Fibre Optiques a la solution ! En effet, nous avons con\u00e7u des cordons haute temp\u00e9rature pour des applications allant de 150 \u00b0C \u00e0 1000 \u00b0C.<\/p>\n<\/div>\n                <div class=\"vc_btn3-container  line-bottom line-blue vc_btn3-left btn-prod-apercu\">\n        <a class=\"vc_general vc_btn3 vc_btn3-size-md vc_btn3-shape-square vc_btn3-style-custom\" href=\"https:\/\/www.sedi-ati.com\/fr\/cordons-et-cables-fibre-optique-speciaux\/cables-fibres-optiques-haute-temperature\/\">Voir plus<\/a>\n        <\/div>\n            <\/div>\n\t\n    \n<\/li>\n\n\n\t\n\t\n\t\n\t\t\n<li class=\"isotope-item product type-product post-11346 status-publish last instock product_cat-cordons-et-cables-fibre-optique-speciaux product_tag-cordons-et-cables product_tag-spatial has-post-thumbnail shipping-taxable product-type-simple\">\n\n    <div class=\"image_frame scale-with-grid product-loop-thumb\" ontouchstart=\"this.classList.toggle('hover');\"><div class=\"image_wrapper\"><a href=\"https:\/\/www.sedi-ati.com\/fr\/cordons-et-cables-fibre-optique-speciaux\/cordons-fibre-optique-special-radiations\/\"><div class=\"mask\"><\/div><img loading=\"lazy\" decoding=\"async\" width=\"400\" height=\"400\" src=\"https:\/\/www.sedi-ati.com\/wp-content\/uploads\/2023\/05\/fabricant-cable-fibre-optique-anti-radiation.jpg\" class=\"scale-with-grid wp-post-image\" alt=\"Fabricant c\u00e2ble fibre optique anti-radiation\" srcset=\"https:\/\/www.sedi-ati.com\/wp-content\/uploads\/2023\/05\/fabricant-cable-fibre-optique-anti-radiation.jpg 400w, https:\/\/www.sedi-ati.com\/wp-content\/uploads\/2023\/05\/fabricant-cable-fibre-optique-anti-radiation-300x300.jpg 300w, https:\/\/www.sedi-ati.com\/wp-content\/uploads\/2023\/05\/fabricant-cable-fibre-optique-anti-radiation-150x150.jpg 150w, https:\/\/www.sedi-ati.com\/wp-content\/uploads\/2023\/05\/fabricant-cable-fibre-optique-anti-radiation-146x146.jpg 146w, https:\/\/www.sedi-ati.com\/wp-content\/uploads\/2023\/05\/fabricant-cable-fibre-optique-anti-radiation-50x50.jpg 50w, https:\/\/www.sedi-ati.com\/wp-content\/uploads\/2023\/05\/fabricant-cable-fibre-optique-anti-radiation-75x75.jpg 75w, https:\/\/www.sedi-ati.com\/wp-content\/uploads\/2023\/05\/fabricant-cable-fibre-optique-anti-radiation-85x85.jpg 85w, https:\/\/www.sedi-ati.com\/wp-content\/uploads\/2023\/05\/fabricant-cable-fibre-optique-anti-radiation-80x80.jpg 80w\" sizes=\"auto, (max-width:767px) 400px, 400px\" \/><\/a><div class=\"image_links double\"><a rel=\"nofollow\" href=\"https:\/\/www.sedi-ati.com\/fr\/cordons-et-cables-fibre-optique-speciaux\/cordons-fibre-optique-special-radiations\/\" data-quantity=\"1\" data-product_id=\"11346\" class=\"add_to_cart_button ajax_add_to_cart product_type_simple\"><i class=\"icon-basket\"><\/i><\/a><a class=\"link\" href=\"https:\/\/www.sedi-ati.com\/fr\/cordons-et-cables-fibre-optique-speciaux\/cordons-fibre-optique-special-radiations\/\"><i class=\"icon-link\"><\/i><\/a><\/div><\/div><a href=\"https:\/\/www.sedi-ati.com\/fr\/cordons-et-cables-fibre-optique-speciaux\/cordons-fibre-optique-special-radiations\/\"><span class=\"product-loading-icon added-cart\"><\/span><\/a><\/div>\n    <div class=\"desc\">\n\n        <h4><a href=\"https:\/\/www.sedi-ati.com\/fr\/cordons-et-cables-fibre-optique-speciaux\/cordons-fibre-optique-special-radiations\/\">Cordons fibre optique sp\u00e9cial radiations<\/a><\/h4>\n\n        <div class=\"excerpt excerpt-1\"><p>Les fibres optiques pr\u00e9sentent de nombreux avantages qui incitent \u00e0 les int\u00e9grer dans des applications avec des environnements radiatifs, associ\u00e9s aux domaines civil, spatial ou de d\u00e9fense.<\/p>\n<\/div>\n                <div class=\"vc_btn3-container  line-bottom line-blue vc_btn3-left btn-prod-apercu\">\n        <a class=\"vc_general vc_btn3 vc_btn3-size-md vc_btn3-shape-square vc_btn3-style-custom\" href=\"https:\/\/www.sedi-ati.com\/fr\/cordons-et-cables-fibre-optique-speciaux\/cordons-fibre-optique-special-radiations\/\">Voir plus<\/a>\n        <\/div>\n            <\/div>\n\t\n    \n<\/li>\n\n\n\t\n\t\n\t\n\t\t\n<li class=\"isotope-item product type-product post-11509 status-publish first instock product_cat-traversees-et-passages-etanches-a-fibres-optiques product_tag-cryogenie product_tag-pression product_tag-spatial product_tag-traversees-etanches product_tag-vide-ultra-vide has-post-thumbnail shipping-taxable product-type-simple\">\n\n    <div class=\"image_frame scale-with-grid product-loop-thumb\" ontouchstart=\"this.classList.toggle('hover');\"><div class=\"image_wrapper\"><a href=\"https:\/\/www.sedi-ati.com\/fr\/traversees-et-passages-etanches-a-fibres-optiques\/traversees-etanches-fibres-optiques-pour-le-vide-et-la-pression-jusqua-1000-bars\/\"><div class=\"mask\"><\/div><img loading=\"lazy\" decoding=\"async\" width=\"400\" height=\"400\" src=\"https:\/\/www.sedi-ati.com\/wp-content\/uploads\/2023\/06\/fabricant-traversee-etanche-pour-fibre-optique-resistance-1000-bars.jpg\" class=\"scale-with-grid wp-post-image\" alt=\"Fabricant travers\u00e9e \u00e9tanche pour fibre optique r\u00e9sistance 1000 bars\" srcset=\"https:\/\/www.sedi-ati.com\/wp-content\/uploads\/2023\/06\/fabricant-traversee-etanche-pour-fibre-optique-resistance-1000-bars.jpg 400w, https:\/\/www.sedi-ati.com\/wp-content\/uploads\/2023\/06\/fabricant-traversee-etanche-pour-fibre-optique-resistance-1000-bars-300x300.jpg 300w, https:\/\/www.sedi-ati.com\/wp-content\/uploads\/2023\/06\/fabricant-traversee-etanche-pour-fibre-optique-resistance-1000-bars-150x150.jpg 150w, https:\/\/www.sedi-ati.com\/wp-content\/uploads\/2023\/06\/fabricant-traversee-etanche-pour-fibre-optique-resistance-1000-bars-146x146.jpg 146w, https:\/\/www.sedi-ati.com\/wp-content\/uploads\/2023\/06\/fabricant-traversee-etanche-pour-fibre-optique-resistance-1000-bars-50x50.jpg 50w, https:\/\/www.sedi-ati.com\/wp-content\/uploads\/2023\/06\/fabricant-traversee-etanche-pour-fibre-optique-resistance-1000-bars-75x75.jpg 75w, https:\/\/www.sedi-ati.com\/wp-content\/uploads\/2023\/06\/fabricant-traversee-etanche-pour-fibre-optique-resistance-1000-bars-85x85.jpg 85w, https:\/\/www.sedi-ati.com\/wp-content\/uploads\/2023\/06\/fabricant-traversee-etanche-pour-fibre-optique-resistance-1000-bars-80x80.jpg 80w\" sizes=\"auto, (max-width:767px) 400px, 400px\" \/><\/a><div class=\"image_links double\"><a rel=\"nofollow\" href=\"https:\/\/www.sedi-ati.com\/fr\/traversees-et-passages-etanches-a-fibres-optiques\/traversees-etanches-fibres-optiques-pour-le-vide-et-la-pression-jusqua-1000-bars\/\" data-quantity=\"1\" data-product_id=\"11509\" class=\"add_to_cart_button ajax_add_to_cart product_type_simple\"><i class=\"icon-basket\"><\/i><\/a><a class=\"link\" href=\"https:\/\/www.sedi-ati.com\/fr\/traversees-et-passages-etanches-a-fibres-optiques\/traversees-etanches-fibres-optiques-pour-le-vide-et-la-pression-jusqua-1000-bars\/\"><i class=\"icon-link\"><\/i><\/a><\/div><\/div><a href=\"https:\/\/www.sedi-ati.com\/fr\/traversees-et-passages-etanches-a-fibres-optiques\/traversees-etanches-fibres-optiques-pour-le-vide-et-la-pression-jusqua-1000-bars\/\"><span class=\"product-loading-icon added-cart\"><\/span><\/a><\/div>\n    <div class=\"desc\">\n\n        <h4><a href=\"https:\/\/www.sedi-ati.com\/fr\/traversees-et-passages-etanches-a-fibres-optiques\/traversees-etanches-fibres-optiques-pour-le-vide-et-la-pression-jusqua-1000-bars\/\">Travers\u00e9es \u00e9tanches fibres optiques M12 pour le vide et la pression jusqu&rsquo;\u00e0 1000 bars<\/a><\/h4>\n\n        <div class=\"excerpt excerpt-1\"><p>Les travers\u00e9es \u00e9tanches \u00e0 fibres optiques 1000 bars KTRAV-M12 sont adapt\u00e9es aux applications pour le vide et la pression jusqu\u2019\u00e0 1000 bars.<\/p>\n<\/div>\n                <div class=\"vc_btn3-container  line-bottom line-blue vc_btn3-left btn-prod-apercu\">\n        <a class=\"vc_general vc_btn3 vc_btn3-size-md vc_btn3-shape-square vc_btn3-style-custom\" href=\"https:\/\/www.sedi-ati.com\/fr\/traversees-et-passages-etanches-a-fibres-optiques\/traversees-etanches-fibres-optiques-pour-le-vide-et-la-pression-jusqua-1000-bars\/\">Voir plus<\/a>\n        <\/div>\n            <\/div>\n\t\n    \n<\/li>\n\n\n\t\n\t\n\t\n\t\t\n<li class=\"isotope-item product type-product post-11504 status-publish instock product_cat-traversees-et-passages-etanches-a-fibres-optiques product_tag-cryogenie product_tag-pression product_tag-spatial product_tag-traversees-etanches product_tag-vide-ultra-vide has-post-thumbnail shipping-taxable product-type-simple\">\n\n    <div class=\"image_frame scale-with-grid product-loop-thumb\" ontouchstart=\"this.classList.toggle('hover');\"><div class=\"image_wrapper\"><a href=\"https:\/\/www.sedi-ati.com\/fr\/traversees-et-passages-etanches-a-fibres-optiques\/traversees-etanches-fibres-optiques-reconfigurables-vide-pression-600-bars\/\"><div class=\"mask\"><\/div><img loading=\"lazy\" decoding=\"async\" width=\"400\" height=\"400\" src=\"https:\/\/www.sedi-ati.com\/wp-content\/uploads\/2023\/06\/traversee-etanche-fibre-optique-reconfigurable.jpg\" class=\"scale-with-grid wp-post-image\" alt=\"Travers\u00e9e \u00e9tanche fibre optique reconfigurable\" srcset=\"https:\/\/www.sedi-ati.com\/wp-content\/uploads\/2023\/06\/traversee-etanche-fibre-optique-reconfigurable.jpg 400w, https:\/\/www.sedi-ati.com\/wp-content\/uploads\/2023\/06\/traversee-etanche-fibre-optique-reconfigurable-300x300.jpg 300w, https:\/\/www.sedi-ati.com\/wp-content\/uploads\/2023\/06\/traversee-etanche-fibre-optique-reconfigurable-150x150.jpg 150w, https:\/\/www.sedi-ati.com\/wp-content\/uploads\/2023\/06\/traversee-etanche-fibre-optique-reconfigurable-146x146.jpg 146w, https:\/\/www.sedi-ati.com\/wp-content\/uploads\/2023\/06\/traversee-etanche-fibre-optique-reconfigurable-50x50.jpg 50w, https:\/\/www.sedi-ati.com\/wp-content\/uploads\/2023\/06\/traversee-etanche-fibre-optique-reconfigurable-75x75.jpg 75w, https:\/\/www.sedi-ati.com\/wp-content\/uploads\/2023\/06\/traversee-etanche-fibre-optique-reconfigurable-85x85.jpg 85w, https:\/\/www.sedi-ati.com\/wp-content\/uploads\/2023\/06\/traversee-etanche-fibre-optique-reconfigurable-80x80.jpg 80w\" sizes=\"auto, (max-width:767px) 400px, 400px\" \/><\/a><div class=\"image_links double\"><a rel=\"nofollow\" href=\"https:\/\/www.sedi-ati.com\/fr\/traversees-et-passages-etanches-a-fibres-optiques\/traversees-etanches-fibres-optiques-reconfigurables-vide-pression-600-bars\/\" data-quantity=\"1\" data-product_id=\"11504\" class=\"add_to_cart_button ajax_add_to_cart product_type_simple\"><i class=\"icon-basket\"><\/i><\/a><a class=\"link\" href=\"https:\/\/www.sedi-ati.com\/fr\/traversees-et-passages-etanches-a-fibres-optiques\/traversees-etanches-fibres-optiques-reconfigurables-vide-pression-600-bars\/\"><i class=\"icon-link\"><\/i><\/a><\/div><\/div><a href=\"https:\/\/www.sedi-ati.com\/fr\/traversees-et-passages-etanches-a-fibres-optiques\/traversees-etanches-fibres-optiques-reconfigurables-vide-pression-600-bars\/\"><span class=\"product-loading-icon added-cart\"><\/span><\/a><\/div>\n    <div class=\"desc\">\n\n        <h4><a href=\"https:\/\/www.sedi-ati.com\/fr\/traversees-et-passages-etanches-a-fibres-optiques\/traversees-etanches-fibres-optiques-reconfigurables-vide-pression-600-bars\/\">Travers\u00e9es \u00e9tanches fibres optiques reconfigurables M10 pour le vide et la pression jusqu&rsquo;\u00e0 600 bars<\/a><\/h4>\n\n        <div class=\"excerpt excerpt-1\"><p>SEDI-ATI propose une large gamme de travers\u00e9es et de passages \u00e9tanches \u00e0 fibre optique pour une vari\u00e9t\u00e9 d\u2019applications : vide, pression, temp\u00e9rature, cryog\u00e9nie, environnement radiatif\u2026<\/p>\n<\/div>\n                <div class=\"vc_btn3-container  line-bottom line-blue vc_btn3-left btn-prod-apercu\">\n        <a class=\"vc_general vc_btn3 vc_btn3-size-md vc_btn3-shape-square vc_btn3-style-custom\" href=\"https:\/\/www.sedi-ati.com\/fr\/traversees-et-passages-etanches-a-fibres-optiques\/traversees-etanches-fibres-optiques-reconfigurables-vide-pression-600-bars\/\">Voir plus<\/a>\n        <\/div>\n            <\/div>\n\t\n    \n<\/li>\n\n\t<\/ul>\n<\/div><\/div>[\/vc_column][\/vc_row][vc_row full_width=\u00a0\u00bbstretch_row\u00a0\u00bb css=\u00a0\u00bb.vc_custom_1702542842743{background-color: #dfe2e8 !important;}\u00a0\u00bb][vc_column][vc_row_inner][vc_column_inner width=\u00a0\u00bb1\/6&Prime;][\/vc_column_inner][vc_column_inner el_class=\u00a0\u00bbshadow border-radius-hd-bd line-bottom line-blue\u00a0\u00bb width=\u00a0\u00bb2\/3&Prime; css=\u00a0\u00bb.vc_custom_1702544723518{background-color: #ffffff !important;}\u00a0\u00bb][vc_column_text]<\/p>\n<p style=\"text-align: center;\">N&rsquo;h\u00e9sitez pas \u00e0 nous contacter pour nous faire part de votre demande<\/p>\n<p>[\/vc_column_text][vc_btn title=\u00a0\u00bbNous contacter\u00a0\u00bb style=\u00a0\u00bbcustom\u00a0\u00bb custom_background=\u00a0\u00bb#132f40&Prime; custom_text=\u00a0\u00bb#ffffff\u00a0\u00bb shape=\u00a0\u00bbsquare\u00a0\u00bb align=\u00a0\u00bbcenter\u00a0\u00bb link=\u00a0\u00bburl:https%3A%2F%2Fwww.sedi-ati.com%2Ffr%2Fcontact%2F\u00a0\u00bb el_class=\u00a0\u00bbline-bottom line-blue\u00a0\u00bb][\/vc_column_inner][vc_column_inner width=\u00a0\u00bb1\/6&Prime;][\/vc_column_inner][\/vc_row_inner][\/vc_column][\/vc_row][vc_row][vc_column][vc_btn title=\u00a0\u00bb^\u00a0\u00bb style=\u00a0\u00bbflat\u00a0\u00bb shape=\u00a0\u00bbsquare\u00a0\u00bb link=\u00a0\u00bburl:%23Wrapper\u00a0\u00bb el_class=\u00a0\u00bbbtn-haut\u00a0\u00bb][\/vc_column][\/vc_row]<\/p>\n<\/section>","protected":false},"excerpt":{"rendered":"<p>SEDI-ATI a con\u00e7u des sondes \u00e0 fibres optiques sur mesure \u00e0 placer \u00e0 plusieurs endroits \u00e0 l\u2019int\u00e9rieur du r\u00e9acteur Jules Horowitz.<\/p>\n","protected":false},"featured_media":11018,"template":"","applications":[433875,433863],"secteurs":[433861,434143],"class_list":["post-11014","cas_client","type-cas_client","status-publish","has-post-thumbnail","hentry","applications-application-energie","applications-nucleaire","secteurs-energie","secteurs-jh-reacteur"],"acf":[],"yoast_head":"<!-- This site is optimized with the Yoast SEO plugin v27.3 - https:\/\/yoast.com\/product\/yoast-seo-wordpress\/ -->\n<title>Sonde fibre optique sur mesure pour surveillance r\u00e9acteur<\/title>\n<meta name=\"description\" content=\"SEDI-ATI fabrique des sondes \u00e0 fibre optique qui sont utilis\u00e9 dans le secteur de l&#039;\u00e9nergie nucl\u00e9aire. Contactez-nous pour un devis !\" \/>\n<meta name=\"robots\" content=\"index, follow, max-snippet:-1, max-image-preview:large, max-video-preview:-1\" \/>\n<link rel=\"canonical\" href=\"https:\/\/www.sedi-ati.com\/fr\/cas_client\/sondes-a-fibres-optiques-au-coeur-du-reacteur-jules-horowitz\/\" \/>\n<meta property=\"og:locale\" content=\"fr_FR\" \/>\n<meta property=\"og:type\" content=\"article\" \/>\n<meta property=\"og:title\" content=\"Sonde fibre optique sur mesure pour surveillance r\u00e9acteur\" \/>\n<meta property=\"og:description\" content=\"SEDI-ATI fabrique des sondes \u00e0 fibre optique qui sont utilis\u00e9 dans le secteur de l&#039;\u00e9nergie nucl\u00e9aire. Contactez-nous pour un devis !\" \/>\n<meta property=\"og:url\" content=\"https:\/\/www.sedi-ati.com\/fr\/cas_client\/sondes-a-fibres-optiques-au-coeur-du-reacteur-jules-horowitz\/\" \/>\n<meta property=\"og:site_name\" content=\"SEDI-ATI\" \/>\n<meta property=\"article:modified_time\" content=\"2024-05-23T13:07:57+00:00\" \/>\n<meta property=\"og:image\" content=\"https:\/\/www.sedi-ati.com\/wp-content\/uploads\/2023\/05\/fabricant-sonde-fibre-optique-secteur-energie-nucleaire.jpg\" \/>\n\t<meta property=\"og:image:width\" content=\"600\" \/>\n\t<meta property=\"og:image:height\" content=\"400\" \/>\n\t<meta property=\"og:image:type\" content=\"image\/jpeg\" \/>\n<meta name=\"twitter:card\" content=\"summary_large_image\" \/>\n<meta name=\"twitter:label1\" content=\"Dur\u00e9e de lecture estim\u00e9e\" \/>\n\t<meta name=\"twitter:data1\" content=\"7 minutes\" \/>\n<script type=\"application\/ld+json\" class=\"yoast-schema-graph\">{\"@context\":\"https:\\\/\\\/schema.org\",\"@graph\":[{\"@type\":\"WebPage\",\"@id\":\"https:\\\/\\\/www.sedi-ati.com\\\/fr\\\/cas_client\\\/sondes-a-fibres-optiques-au-coeur-du-reacteur-jules-horowitz\\\/\",\"url\":\"https:\\\/\\\/www.sedi-ati.com\\\/fr\\\/cas_client\\\/sondes-a-fibres-optiques-au-coeur-du-reacteur-jules-horowitz\\\/\",\"name\":\"Sonde fibre optique sur mesure pour surveillance r\u00e9acteur\",\"isPartOf\":{\"@id\":\"https:\\\/\\\/www.sedi-ati.com\\\/fr\\\/#website\"},\"primaryImageOfPage\":{\"@id\":\"https:\\\/\\\/www.sedi-ati.com\\\/fr\\\/cas_client\\\/sondes-a-fibres-optiques-au-coeur-du-reacteur-jules-horowitz\\\/#primaryimage\"},\"image\":{\"@id\":\"https:\\\/\\\/www.sedi-ati.com\\\/fr\\\/cas_client\\\/sondes-a-fibres-optiques-au-coeur-du-reacteur-jules-horowitz\\\/#primaryimage\"},\"thumbnailUrl\":\"https:\\\/\\\/www.sedi-ati.com\\\/wp-content\\\/uploads\\\/2023\\\/05\\\/fabricant-sonde-fibre-optique-secteur-energie-nucleaire.jpg\",\"datePublished\":\"2023-05-17T13:21:37+00:00\",\"dateModified\":\"2024-05-23T13:07:57+00:00\",\"description\":\"SEDI-ATI fabrique des sondes \u00e0 fibre optique qui sont utilis\u00e9 dans le secteur de l'\u00e9nergie nucl\u00e9aire. Contactez-nous pour un devis !\",\"breadcrumb\":{\"@id\":\"https:\\\/\\\/www.sedi-ati.com\\\/fr\\\/cas_client\\\/sondes-a-fibres-optiques-au-coeur-du-reacteur-jules-horowitz\\\/#breadcrumb\"},\"inLanguage\":\"fr-FR\",\"potentialAction\":[{\"@type\":\"ReadAction\",\"target\":[\"https:\\\/\\\/www.sedi-ati.com\\\/fr\\\/cas_client\\\/sondes-a-fibres-optiques-au-coeur-du-reacteur-jules-horowitz\\\/\"]}]},{\"@type\":\"ImageObject\",\"inLanguage\":\"fr-FR\",\"@id\":\"https:\\\/\\\/www.sedi-ati.com\\\/fr\\\/cas_client\\\/sondes-a-fibres-optiques-au-coeur-du-reacteur-jules-horowitz\\\/#primaryimage\",\"url\":\"https:\\\/\\\/www.sedi-ati.com\\\/wp-content\\\/uploads\\\/2023\\\/05\\\/fabricant-sonde-fibre-optique-secteur-energie-nucleaire.jpg\",\"contentUrl\":\"https:\\\/\\\/www.sedi-ati.com\\\/wp-content\\\/uploads\\\/2023\\\/05\\\/fabricant-sonde-fibre-optique-secteur-energie-nucleaire.jpg\",\"width\":600,\"height\":400,\"caption\":\"Fabricant sonde fibre optique secteur \u00e9nergie nucl\u00e9aire\"},{\"@type\":\"BreadcrumbList\",\"@id\":\"https:\\\/\\\/www.sedi-ati.com\\\/fr\\\/cas_client\\\/sondes-a-fibres-optiques-au-coeur-du-reacteur-jules-horowitz\\\/#breadcrumb\",\"itemListElement\":[{\"@type\":\"ListItem\",\"position\":1,\"name\":\"Home\",\"item\":\"https:\\\/\\\/www.sedi-ati.com\\\/fr\\\/\"},{\"@type\":\"ListItem\",\"position\":2,\"name\":\"\u00c9nergie\",\"item\":\"https:\\\/\\\/www.sedi-ati.com\\\/fr\\\/applications\\\/application-energie\\\/\"},{\"@type\":\"ListItem\",\"position\":3,\"name\":\"Sondes \u00e0 fibres optiques au c\u0153ur du r\u00e9acteur Jules Horowitz\"}]},{\"@type\":\"WebSite\",\"@id\":\"https:\\\/\\\/www.sedi-ati.com\\\/fr\\\/#website\",\"url\":\"https:\\\/\\\/www.sedi-ati.com\\\/fr\\\/\",\"name\":\"SEDI-ATI\",\"description\":\"Assemblages de fibres optiques sur mesure, bundles, fentes et pieuvres\",\"publisher\":{\"@id\":\"https:\\\/\\\/www.sedi-ati.com\\\/fr\\\/#organization\"},\"potentialAction\":[{\"@type\":\"SearchAction\",\"target\":{\"@type\":\"EntryPoint\",\"urlTemplate\":\"https:\\\/\\\/www.sedi-ati.com\\\/fr\\\/?s={search_term_string}\"},\"query-input\":{\"@type\":\"PropertyValueSpecification\",\"valueRequired\":true,\"valueName\":\"search_term_string\"}}],\"inLanguage\":\"fr-FR\"},{\"@type\":\"Organization\",\"@id\":\"https:\\\/\\\/www.sedi-ati.com\\\/fr\\\/#organization\",\"name\":\"SEDI-ATI\",\"url\":\"https:\\\/\\\/www.sedi-ati.com\\\/fr\\\/\",\"logo\":{\"@type\":\"ImageObject\",\"inLanguage\":\"fr-FR\",\"@id\":\"https:\\\/\\\/www.sedi-ati.com\\\/fr\\\/#\\\/schema\\\/logo\\\/image\\\/\",\"url\":\"https:\\\/\\\/www.sedi-ati.com\\\/wp-content\\\/uploads\\\/2019\\\/10\\\/Logo_SEDI-ATI_2019_avec-baseline.png\",\"contentUrl\":\"https:\\\/\\\/www.sedi-ati.com\\\/wp-content\\\/uploads\\\/2019\\\/10\\\/Logo_SEDI-ATI_2019_avec-baseline.png\",\"width\":300,\"height\":73,\"caption\":\"SEDI-ATI\"},\"image\":{\"@id\":\"https:\\\/\\\/www.sedi-ati.com\\\/fr\\\/#\\\/schema\\\/logo\\\/image\\\/\"},\"sameAs\":[\"https:\\\/\\\/www.linkedin.com\\\/company\\\/sedi-ati-fibres-optiques\\\/\",\"https:\\\/\\\/www.youtube.com\\\/@sedi-ati-fibres-optiques\"]}]}<\/script>\n<!-- \/ Yoast SEO plugin. -->","yoast_head_json":{"title":"Sonde fibre optique sur mesure pour surveillance r\u00e9acteur","description":"SEDI-ATI fabrique des sondes \u00e0 fibre optique qui sont utilis\u00e9 dans le secteur de l'\u00e9nergie nucl\u00e9aire. Contactez-nous pour un devis !","robots":{"index":"index","follow":"follow","max-snippet":"max-snippet:-1","max-image-preview":"max-image-preview:large","max-video-preview":"max-video-preview:-1"},"canonical":"https:\/\/www.sedi-ati.com\/fr\/cas_client\/sondes-a-fibres-optiques-au-coeur-du-reacteur-jules-horowitz\/","og_locale":"fr_FR","og_type":"article","og_title":"Sonde fibre optique sur mesure pour surveillance r\u00e9acteur","og_description":"SEDI-ATI fabrique des sondes \u00e0 fibre optique qui sont utilis\u00e9 dans le secteur de l'\u00e9nergie nucl\u00e9aire. Contactez-nous pour un devis !","og_url":"https:\/\/www.sedi-ati.com\/fr\/cas_client\/sondes-a-fibres-optiques-au-coeur-du-reacteur-jules-horowitz\/","og_site_name":"SEDI-ATI","article_modified_time":"2024-05-23T13:07:57+00:00","og_image":[{"width":600,"height":400,"url":"https:\/\/www.sedi-ati.com\/wp-content\/uploads\/2023\/05\/fabricant-sonde-fibre-optique-secteur-energie-nucleaire.jpg","type":"image\/jpeg"}],"twitter_card":"summary_large_image","twitter_misc":{"Dur\u00e9e de lecture estim\u00e9e":"7 minutes"},"schema":{"@context":"https:\/\/schema.org","@graph":[{"@type":"WebPage","@id":"https:\/\/www.sedi-ati.com\/fr\/cas_client\/sondes-a-fibres-optiques-au-coeur-du-reacteur-jules-horowitz\/","url":"https:\/\/www.sedi-ati.com\/fr\/cas_client\/sondes-a-fibres-optiques-au-coeur-du-reacteur-jules-horowitz\/","name":"Sonde fibre optique sur mesure pour surveillance r\u00e9acteur","isPartOf":{"@id":"https:\/\/www.sedi-ati.com\/fr\/#website"},"primaryImageOfPage":{"@id":"https:\/\/www.sedi-ati.com\/fr\/cas_client\/sondes-a-fibres-optiques-au-coeur-du-reacteur-jules-horowitz\/#primaryimage"},"image":{"@id":"https:\/\/www.sedi-ati.com\/fr\/cas_client\/sondes-a-fibres-optiques-au-coeur-du-reacteur-jules-horowitz\/#primaryimage"},"thumbnailUrl":"https:\/\/www.sedi-ati.com\/wp-content\/uploads\/2023\/05\/fabricant-sonde-fibre-optique-secteur-energie-nucleaire.jpg","datePublished":"2023-05-17T13:21:37+00:00","dateModified":"2024-05-23T13:07:57+00:00","description":"SEDI-ATI fabrique des sondes \u00e0 fibre optique qui sont utilis\u00e9 dans le secteur de l'\u00e9nergie nucl\u00e9aire. Contactez-nous pour un devis !","breadcrumb":{"@id":"https:\/\/www.sedi-ati.com\/fr\/cas_client\/sondes-a-fibres-optiques-au-coeur-du-reacteur-jules-horowitz\/#breadcrumb"},"inLanguage":"fr-FR","potentialAction":[{"@type":"ReadAction","target":["https:\/\/www.sedi-ati.com\/fr\/cas_client\/sondes-a-fibres-optiques-au-coeur-du-reacteur-jules-horowitz\/"]}]},{"@type":"ImageObject","inLanguage":"fr-FR","@id":"https:\/\/www.sedi-ati.com\/fr\/cas_client\/sondes-a-fibres-optiques-au-coeur-du-reacteur-jules-horowitz\/#primaryimage","url":"https:\/\/www.sedi-ati.com\/wp-content\/uploads\/2023\/05\/fabricant-sonde-fibre-optique-secteur-energie-nucleaire.jpg","contentUrl":"https:\/\/www.sedi-ati.com\/wp-content\/uploads\/2023\/05\/fabricant-sonde-fibre-optique-secteur-energie-nucleaire.jpg","width":600,"height":400,"caption":"Fabricant sonde fibre optique secteur \u00e9nergie nucl\u00e9aire"},{"@type":"BreadcrumbList","@id":"https:\/\/www.sedi-ati.com\/fr\/cas_client\/sondes-a-fibres-optiques-au-coeur-du-reacteur-jules-horowitz\/#breadcrumb","itemListElement":[{"@type":"ListItem","position":1,"name":"Home","item":"https:\/\/www.sedi-ati.com\/fr\/"},{"@type":"ListItem","position":2,"name":"\u00c9nergie","item":"https:\/\/www.sedi-ati.com\/fr\/applications\/application-energie\/"},{"@type":"ListItem","position":3,"name":"Sondes \u00e0 fibres optiques au c\u0153ur du r\u00e9acteur Jules Horowitz"}]},{"@type":"WebSite","@id":"https:\/\/www.sedi-ati.com\/fr\/#website","url":"https:\/\/www.sedi-ati.com\/fr\/","name":"SEDI-ATI","description":"Assemblages de fibres optiques sur mesure, bundles, fentes et pieuvres","publisher":{"@id":"https:\/\/www.sedi-ati.com\/fr\/#organization"},"potentialAction":[{"@type":"SearchAction","target":{"@type":"EntryPoint","urlTemplate":"https:\/\/www.sedi-ati.com\/fr\/?s={search_term_string}"},"query-input":{"@type":"PropertyValueSpecification","valueRequired":true,"valueName":"search_term_string"}}],"inLanguage":"fr-FR"},{"@type":"Organization","@id":"https:\/\/www.sedi-ati.com\/fr\/#organization","name":"SEDI-ATI","url":"https:\/\/www.sedi-ati.com\/fr\/","logo":{"@type":"ImageObject","inLanguage":"fr-FR","@id":"https:\/\/www.sedi-ati.com\/fr\/#\/schema\/logo\/image\/","url":"https:\/\/www.sedi-ati.com\/wp-content\/uploads\/2019\/10\/Logo_SEDI-ATI_2019_avec-baseline.png","contentUrl":"https:\/\/www.sedi-ati.com\/wp-content\/uploads\/2019\/10\/Logo_SEDI-ATI_2019_avec-baseline.png","width":300,"height":73,"caption":"SEDI-ATI"},"image":{"@id":"https:\/\/www.sedi-ati.com\/fr\/#\/schema\/logo\/image\/"},"sameAs":["https:\/\/www.linkedin.com\/company\/sedi-ati-fibres-optiques\/","https:\/\/www.youtube.com\/@sedi-ati-fibres-optiques"]}]}},"_links":{"self":[{"href":"https:\/\/www.sedi-ati.com\/fr\/wp-json\/wp\/v2\/cas_client\/11014","targetHints":{"allow":["GET"]}}],"collection":[{"href":"https:\/\/www.sedi-ati.com\/fr\/wp-json\/wp\/v2\/cas_client"}],"about":[{"href":"https:\/\/www.sedi-ati.com\/fr\/wp-json\/wp\/v2\/types\/cas_client"}],"wp:featuredmedia":[{"embeddable":true,"href":"https:\/\/www.sedi-ati.com\/fr\/wp-json\/wp\/v2\/media\/11018"}],"wp:attachment":[{"href":"https:\/\/www.sedi-ati.com\/fr\/wp-json\/wp\/v2\/media?parent=11014"}],"wp:term":[{"taxonomy":"applications","embeddable":true,"href":"https:\/\/www.sedi-ati.com\/fr\/wp-json\/wp\/v2\/applications?post=11014"},{"taxonomy":"secteurs","embeddable":true,"href":"https:\/\/www.sedi-ati.com\/fr\/wp-json\/wp\/v2\/secteurs?post=11014"}],"curies":[{"name":"wp","href":"https:\/\/api.w.org\/{rel}","templated":true}]}}