{"id":11121,"date":"2023-05-25T10:48:24","date_gmt":"2023-05-25T08:48:24","guid":{"rendered":"https:\/\/www.sedi-ati.com\/?post_type=cas_client&#038;p=11121"},"modified":"2024-10-24T16:43:52","modified_gmt":"2024-10-24T14:43:52","slug":"assemblage-fibre-optique-pour-telescope-sous-marin-a-neutrinos","status":"publish","type":"cas_client","link":"https:\/\/www.sedi-ati.com\/fr\/cas_client\/assemblage-fibre-optique-pour-telescope-sous-marin-a-neutrinos\/","title":{"rendered":"Les fibres optiques du t\u00e9lescope ANTARES : d\u00e9tection des neutrinos dans les profondeurs sous-marine"},"content":{"rendered":"<section class=\"wpb-content-wrapper\"><p>[vc_row content_placement=\u00a0\u00bbmiddle\u00a0\u00bb el_class=\u00a0\u00bbz-index-1 chevauchement-horizontal-range range-applications\u00a0\u00bb][vc_column width=\u00a0\u00bb3\/5&Prime; css=\u00a0\u00bb.vc_custom_1729780992141{background-color: #95cced !important;}\u00a0\u00bb el_class=\u00a0\u00bbshadow border-radius-hd-bd line-bottom line-blue\u00a0\u00bb][vc_raw_html el_class=\u00a0\u00bbgros-titre flex-column-mobile\u00a0\u00bb]JTNDcCUzRUQlQzMlQTl0ZWN0aW9uJTNDc3BhbiUyMGNsYXNzJTNEJTIycG9pbnQtcm91Z2UlMjIlM0UlM0MlMkZzcGFuJTNFTmV1dHJpbm9zJTNDJTJGcCUzRQ==[\/vc_raw_html][vc_column_text el_class=\u00a0\u00bbtitre-baseline\u00a0\u00bb]<\/p>\n<h2>Conception de r\u00e9seau de fibre optique pour les t\u00e9lescopes sous-marin \u00e0 neutrinos<\/h2>\n<p>[\/vc_column_text][vc_column_text]SEDI-ATI a \u00e9quip\u00e9 le <strong class=\"d2b\">t\u00e9lescope sous-marin \u00e0 neutrinos<\/strong> Antares d\u2019un <strong class=\"d2b\">r\u00e9seau de fibres optiques herm\u00e9tiques<\/strong> compos\u00e9 de travers\u00e9es \u00e9tanches en ligne, de p\u00e9n\u00e9trateurs \u00e9lectro-optiques, et d\u2019<strong class=\"d2b\"><a href=\"https:\/\/www.sedi-ati.com\/fr\/assemblages-de-fibres-optiques-sur-mesure-bundles-fentes-et-pieuvres\/\">assemblages de fibres optiques<\/a> r\u00e9sistants \u00e0 la pression sous-marine<\/strong>.[\/vc_column_text][vc_btn title=\u00a0\u00bbParlez-nous de votre projet\u00a0\u00bb style=\u00a0\u00bbcustom\u00a0\u00bb custom_background=\u00a0\u00bb#132f40&Prime; custom_text=\u00a0\u00bb#ffffff\u00a0\u00bb shape=\u00a0\u00bbsquare\u00a0\u00bb link=\u00a0\u00bburl:https%3A%2F%2Fwww.sedi-ati.com%2Ffr%2Fdemande-de-devis%2F\u00a0\u00bb el_class=\u00a0\u00bbline-bottom line-blue\u00a0\u00bb][\/vc_column][vc_column width=\u00a0\u00bb1\/2&Prime; el_class=\u00a0\u00bbimg-entete\u00a0\u00bb]\n\t\t\t\t<p class=\"rs-p-wp-fix\"><\/p>\n\t\t\t\t<sr7-module data-alias=\"LES-FIBRES-OPTIQUES-DU-TLESCOPE-ANTARES--DTECTION-DES-NEUTRINOS-DANS-LES-PROFONDEURS-SOUS-MARINE\" data-id=\"34\" id=\"SR7_34_1\" data-version=\"7.0.5.1\">\n\t\t\t\t\t<sr7-adjuster><\/sr7-adjuster>\n\t\t\t\t\t<sr7-content>\n\t\t\t\t\t\t<sr7-slide id=\"SR7_34_1-63\" data-key=\"63\">\n\t\t\t\t\t\t<\/sr7-slide>\n\t\t\t\t\t\t<sr7-slide id=\"SR7_34_1-153\" data-key=\"153\">\n\t\t\t\t\t\t<\/sr7-slide>\n\t\t\t\t\t<\/sr7-content>\n\t\t\t\t\t<image_lists style=\"display:none\">\n\t\t\t\t\t\t<img data-src=\"\/\/www.sedi-ati.com\/wp-content\/uploads\/2023\/06\/assemblage-reseau-fibre-optique-pour-telescope-sous-marin2.png\" data-libid=\"11483\" data-lib=\"medialibrary\" title=\"assemblage-reseau-fibre-optique-pour-telescope-sous-marin2\" width=\"0\" height=\"0\" data-dbsrc=\"Ly93d3cuc2VkaS1hdGkuY29tL3dwLWNvbnRlbnQvdXBsb2Fkcy8yMDIzLzA2L2Fzc2VtYmxhZ2UtcmVzZWF1LWZpYnJlLW9wdGlxdWUtcG91ci10ZWxlc2NvcGUtc291cy1tYXJpbjIucG5n\"\/>\n\t\t\t\t\t\t<img data-src=\"\/\/www.sedi-ati.com\/wp-content\/uploads\/2023\/06\/assemblage-reseau-fibre-optique-pour-telescope-sous-marin.jpg\" data-libid=\"11484\" data-lib=\"medialibrary\" title=\"assemblage-reseau-fibre-optique-pour-telescope-sous-marin\" width=\"0\" height=\"0\" data-dbsrc=\"Ly93d3cuc2VkaS1hdGkuY29tL3dwLWNvbnRlbnQvdXBsb2Fkcy8yMDIzLzA2L2Fzc2VtYmxhZ2UtcmVzZWF1LWZpYnJlLW9wdGlxdWUtcG91ci10ZWxlc2NvcGUtc291cy1tYXJpbi5qcGc=\"\/>\n\t\t\t\t\t\t<img data-src=\"\/\/www.sedi-ati.com\/wp-content\/uploads\/2023\/06\/assemblage-reseau-fibre-optique-pour-telescope-sous-marin.png\" data-libid=\"11485\" data-lib=\"medialibrary\" title=\"assemblage-reseau-fibre-optique-pour-telescope-sous-marin\" width=\"0\" height=\"0\" data-dbsrc=\"Ly93d3cuc2VkaS1hdGkuY29tL3dwLWNvbnRlbnQvdXBsb2Fkcy8yMDIzLzA2L2Fzc2VtYmxhZ2UtcmVzZWF1LWZpYnJlLW9wdGlxdWUtcG91ci10ZWxlc2NvcGUtc291cy1tYXJpbi5wbmc=\"\/>\n\t\t\t\t\t<\/image_lists>\n\t\t\t\t<\/sr7-module>\n\t\t\t\t<script>\n\t\t\t\t\twindow.SR7??={}; SR7.PMH ??={}; SR7.PMH[\"SR7_34_1\"] = {cn:100,state:false,fn: function() { if (window._tpt!==undefined && window._tpt.prepareModuleHeight !== undefined) {  _tpt.prepareModuleHeight({id:\"SR7_34_1\",el:[1070,1070,1070,1070,1070],type:'standard',gh:[1070,1070,1070,1070,1070],gw:[2130,2130,2130,2130,2130],vpt:['-100px'],size:{fullWidth:false, fullHeight:false},mh:'0',onh:0,onw:0,bg:{color:'{\"orig\":\"transparent\",\"type\":\"solid\",\"string\":\"transparent\"}'}});   SR7.PMH[\"SR7_34_1\"].state=true;} else if(SR7.PMH[\"SR7_34_1\"].cn-->0)\tsetTimeout( SR7.PMH[\"SR7_34_1\"].fn,19);}};SR7.PMH[\"SR7_34_1\" ].fn();\n\t\t\t\t<\/script>\n[\/vc_column][\/vc_row][vc_row][vc_column][vc_empty_space][\/vc_column][\/vc_row][vc_row full_width=\u00a0\u00bbstretch_row_content\u00a0\u00bb el_class=\u00a0\u00bbfull-with-4000&Prime; css=\u00a0\u00bb.vc_custom_1729781017088{background-color: #95cced !important;}\u00a0\u00bb][vc_column width=\u00a0\u00bb1\/2&Prime;][vc_row_inner][vc_column_inner el_class=\u00a0\u00bbwith-0-1240&Prime; width=\u00a0\u00bb1\/3&Prime;][\/vc_column_inner][vc_column_inner width=\u00a0\u00bb2\/3&Prime;][vc_raw_html el_class=\u00a0\u00bbpetit-titre\u00a0\u00bb]JTNDcCUzRUNvbnRyYWludGVzJTNDc3BhbiUyMGNsYXNzJTNEJTIycG9pbnQtcm91Z2UlMjBwb2ludC1wZXRpdCUyMiUzRSUzQyUyRnNwYW4lM0VNYWpldXJlcyUzQyUyRnAlM0U=[\/vc_raw_html][vc_column_text]<\/p>\n<ul>\n<li>Immerg\u00e9 par <span class=\"fort\">2500 m de fonds,<\/span><\/li>\n<li><strong>Forte pression<\/strong> 1000 bars,<\/li>\n<li>Prises d\u2019efforts (traction dues aux bou\u00e9es),<\/li>\n<li><span class=\"fort\">Longues distances de c\u00e2bles<\/span> 400 m.<\/li>\n<\/ul>\n<p>[\/vc_column_text][\/vc_column_inner][\/vc_row_inner][\/vc_column][vc_column width=\u00a0\u00bb1\/2&Prime;][vc_row_inner][vc_column_inner width=\u00a0\u00bb1\/6&Prime;][\/vc_column_inner][vc_column_inner el_class=\u00a0\u00bbshadow border-radius-hd-bd line-bottom line-blue\u00a0\u00bb width=\u00a0\u00bb2\/3&Prime; css=\u00a0\u00bb.vc_custom_1679652604813{background-color: #ffffff !important;}\u00a0\u00bb][vc_raw_html el_class=\u00a0\u00bbpetit-titre\u00a0\u00bb]JTNDcCUzRUxlJTNDc3BhbiUyMGNsYXNzJTNEJTIycG9pbnQtcm91Z2UlMjBwb2ludC1wZXRpdCUyMiUzRSUzQyUyRnNwYW4lM0VEJUMzJUE5ZmklM0MlMkZwJTNF[\/vc_raw_html][vc_column_text]D\u00e9tecter les\u00a0neutrinos de haute \u00e9nergie, qui sont des particules pr\u00e9cieuses pour la compr\u00e9hension de\u00a0l\u2019Univers, par\u00a02500 m de fond.[\/vc_column_text][\/vc_column_inner][vc_column_inner width=\u00a0\u00bb1\/6&Prime;][\/vc_column_inner][\/vc_row_inner][\/vc_column][\/vc_row][vc_row][vc_column width=\u00a0\u00bb1\/2&Prime;][vc_column_text el_class=\u00a0\u00bbpetit-titre petit-titre-txt\u00a0\u00bb]<\/p>\n<h3>Un t\u00e9lescope sous-marin \u00e0 d\u00e9tecteur de neutrinos nomm\u00e9 ANTARES<\/h3>\n<p>[\/vc_column_text][vc_column_text]Le <strong>t\u00e9lescope sous-marin d\u00e9tection de neutrinos<\/strong> Antares (acronyme de \u00ab Astronomy with a Neutrino Telescope and Abyss Environmental Research \u00bb) est un <strong>d\u00e9tecteur de neutrinos de haute-\u00e9nergie<\/strong> immerg\u00e9 par 2500 m de fond dans la mer M\u00e9diterran\u00e9e, \u00e0 10 milles nautiques au sud de Porquerolles (pr\u00e8s de Toulon, France).<\/p>\n<p>Cette exp\u00e9rience a deux objectifs principaux : l\u2019astronomie \u00e0 haute \u00e9nergie, et la recherche de la masse manquante appel\u00e9e mati\u00e8re noire.[\/vc_column_text][\/vc_column][vc_column width=\u00a0\u00bb1\/2&Prime;][vc_column_text el_class=\u00a0\u00bbpetit-titre petit-titre-txt\u00a0\u00bb]<\/p>\n<h3>Constitution et fonctionnement du t\u00e9lescope sous-marin \u00e0 neutrinos<\/h3>\n<div class=\"wpb_text_column wpb_content_element contenu\">\n<div class=\"wpb_wrapper\"><\/div>\n<\/div>\n<p>[\/vc_column_text][vc_column_text]Le <strong class=\"d2b\">t\u00e9lescope sous-marin\u00a0\u00e0 neutrinos<\/strong> Antares est constitu\u00e9 de douze lignes de 400 m de long, comportant chacune 75 photomultiplicateurs.<\/p>\n<p>Les communications optiques et l\u2019alimentation \u00e9lectrique des photod\u00e9tecteurs passent par des p\u00e9n\u00e9trateurs \u00e9lectro-optiques qui bloquent l\u2019eau. Il s\u2019agit de <strong class=\"d2b\">travers\u00e9es \u00e9lectro-optiques hybrides<\/strong> test\u00e9es \u00e0 350 bars. Elles \u00e9tablissent une connexion s\u00e9curis\u00e9e et herm\u00e9tique avec 21 liaisons par fibres optiques constitu\u00e9es de fibres monomodes SMF28e.<\/p>\n<p>Gr\u00e2ce \u00e0 l\u2019obscurit\u00e9 totale procur\u00e9e par les conditions abyssales, Antares peut observer le ciel de l\u2019h\u00e9misph\u00e8re sud \u00e0 travers le globe terrestre. Et il est prot\u00e9g\u00e9 des radiations cosmiques par le bouclier naturel form\u00e9 par les 2500 m de hauteur d\u2019eau de mer.[\/vc_column_text][\/vc_column][\/vc_row][vc_row][vc_column width=\u00a0\u00bb1\/2&Prime;][vc_column_text el_class=\u00a0\u00bbpetit-titre petit-titre-txt\u00a0\u00bb]<\/p>\n<h3>L\u2019eau de mer comme alli\u00e9e pour tracer les \u00e9missions de lumi\u00e8re<\/h3>\n<p>[\/vc_column_text][vc_column_text]Les yeux d\u2019Antares utilisent le grand volume d\u2019eau de mer pour <span class=\"fort\">tracer la tr\u00e8s faible \u00e9mission de lumi\u00e8re provenant de l\u2019interaction muons-neutrinos<\/span>. L\u2019interaction des neutrinos avec la mati\u00e8re est si faible que la d\u00e9tection des neutrinos est un v\u00e9ritable d\u00e9fi !<\/p>\n<p>En fait, Antares peut observer le cosmos depuis les abysses gr\u00e2ce \u00e0 900 photod\u00e9tecteurs et \u00e0 un <strong class=\"d2b\">r\u00e9seau complexe d\u2019assemblages de fibres optiques<\/strong> aux propri\u00e9t\u00e9s herm\u00e9tiques et capables de r\u00e9sister \u00e0 la <strong class=\"d2b\">pression sous-marine<\/strong>.<\/p>\n<p>[\/vc_column_text][\/vc_column][vc_column width=\u00a0\u00bb1\/2&Prime;][\/vc_column][\/vc_row][vc_row full_width=\u00a0\u00bbstretch_row_content\u00a0\u00bb css=\u00a0\u00bb.vc_custom_1729781027173{background-color: #c4dded !important;}\u00a0\u00bb el_class=\u00a0\u00bbfull-with-4000&Prime;][vc_column width=\u00a0\u00bb1\/2&Prime;][vc_row_inner][vc_column_inner el_class=\u00a0\u00bbwith-0-1240&Prime; width=\u00a0\u00bb1\/3&Prime;][\/vc_column_inner][vc_column_inner width=\u00a0\u00bb2\/3&Prime;][vc_raw_html el_class=\u00a0\u00bbpetit-titre\u00a0\u00bb]JTNDcCUzRVNvbHV0aW9uJTNDc3BhbiUyMGNsYXNzJTNEJTIycG9pbnQtcm91Z2UlMjBwb2ludC1wZXRpdCUyMiUzRSUzQyUyRnNwYW4lM0VTRURJLUFUSSUzQyUyRnAlM0U=[\/vc_raw_html][vc_column_text]Les <strong class=\"d2b\">fibres optiques du t\u00e9lescope<\/strong> Antares, un r\u00e9seau de <strong>fibres optiques\u00a0herm\u00e9tiques<\/strong>\u00a0:<\/p>\n<ul>\n<li><strong class=\"d2b\">Electro-optique \u00e9tanche \u00e0 l\u2019eau<\/strong>,<\/li>\n<li><strong class=\"d2b\">Bundle\u00a0\u00e9lectro-optique<\/strong>,<\/li>\n<li><strong class=\"d2b\">Travers\u00e9e \u00e9tanche en ligne<\/strong>.<\/li>\n<\/ul>\n<p>[\/vc_column_text][\/vc_column_inner][\/vc_row_inner][\/vc_column][vc_column width=\u00a0\u00bb1\/2&Prime;][vc_row_inner][vc_column_inner width=\u00a0\u00bb1\/6&Prime;][\/vc_column_inner][vc_column_inner el_class=\u00a0\u00bbshadow border-radius-hd-bd line-bottom line-blue\u00a0\u00bb width=\u00a0\u00bb2\/3&Prime; css=\u00a0\u00bb.vc_custom_1679652604813{background-color: #ffffff !important;}\u00a0\u00bb][vc_raw_html el_class=\u00a0\u00bbpetit-titre flex-column-mobile\u00a0\u00bb]JTNDcCUzRUF2YW50YWdlcyUzQ3NwYW4lMjBjbGFzcyUzRCUyMnBvaW50LXJvdWdlJTIwcG9pbnQtcGV0aXQlMjIlM0UlM0MlMkZzcGFuJTNFRGUlMjBsYSUyMHNvbHV0aW9uJTIwU0VESS1BVEklM0MlMkZwJTNF[\/vc_raw_html][vc_column_text]<\/p>\n<ul>\n<li><strong class=\"d2b\">P\u00e9n\u00e9trateur \u00e9lectro-optique <span class=\"fort\">\u00e9tanche<\/span><\/strong>\u00a0: travers\u00e9e \u00e9lectro-optique test\u00e9e \u00e0\u00a0<span class=\"fort\">350 bars<\/span>, permettant la\u00a0liaison entre le\u00a0<span class=\"fort\">d\u00e9tecteur<\/span> et le\u00a0<span class=\"fort\">c\u00e2ble de communication\/alimentation<\/span>,<\/li>\n<li>C\u00f4t\u00e9 \u00e9lectrique : <span class=\"fort\">9 liaisons<\/span>\u00a0d\u2019alimentation \u00e9lectrique,<\/li>\n<li>C\u00f4t\u00e9 optique :<strong>21 liaisons\u00a0par fibre optique\u00a0monomode<\/strong>\u00a0SMF28e, <span class=\"fort\">&lt; 0.3 dB d\u2019att\u00e9nuation<\/span>\u00a0sans connecteur, et pas de return loss.<\/li>\n<\/ul>\n<p>[\/vc_column_text][\/vc_column_inner][vc_column_inner width=\u00a0\u00bb1\/6&Prime;][\/vc_column_inner][\/vc_row_inner][\/vc_column][\/vc_row][vc_row full_width=\u00a0\u00bbstretch_row\u00a0\u00bb][vc_column][vc_text_separator title=\u00a0\u00bbProduit associ\u00e9\u00a0\u00bb title_align=\u00a0\u00bbseparator_align_left\u00a0\u00bb color=\u00a0\u00bbcustom\u00a0\u00bb border_width=\u00a0\u00bb2&Prime; accent_color=\u00a0\u00bb#000000&Prime; el_class=\u00a0\u00bbpetit-titre\u00a0\u00bb]<div class=\"woocommerce columns-3 \">\n<div class=\"products_wrapper mfn-woo-products isotope_wrapper default-woo-loop lm_wrapper\">\n\t<ul class=\"products mfn-product-badges-left\">\n\n\n\t\n\t\n\t\n\t\t\n<li class=\"isotope-item product type-product post-11514 status-publish first instock product_cat-traversees-et-passages-etanches-a-fibres-optiques product_tag-cryogenie product_tag-spatial product_tag-traversees-etanches product_tag-vide-ultra-vide has-post-thumbnail shipping-taxable product-type-simple\">\n\n    <div class=\"image_frame scale-with-grid product-loop-thumb\" ontouchstart=\"this.classList.toggle('hover');\"><div class=\"image_wrapper\"><a href=\"https:\/\/www.sedi-ati.com\/fr\/traversees-et-passages-etanches-a-fibres-optiques\/traversees-etanches-fibre-optique-sur-bride-cf-ou-kf-pour-le-vide\/\"><div class=\"mask\"><\/div><img loading=\"lazy\" decoding=\"async\" width=\"400\" height=\"400\" src=\"https:\/\/www.sedi-ati.com\/wp-content\/uploads\/2023\/06\/traversee-etanche-fibre-optique-par-bride.jpg\" class=\"scale-with-grid wp-post-image\" alt=\"Travers\u00e9e \u00e9tanche fibre optique par bride\" srcset=\"https:\/\/www.sedi-ati.com\/wp-content\/uploads\/2023\/06\/traversee-etanche-fibre-optique-par-bride.jpg 400w, https:\/\/www.sedi-ati.com\/wp-content\/uploads\/2023\/06\/traversee-etanche-fibre-optique-par-bride-300x300.jpg 300w, https:\/\/www.sedi-ati.com\/wp-content\/uploads\/2023\/06\/traversee-etanche-fibre-optique-par-bride-150x150.jpg 150w, https:\/\/www.sedi-ati.com\/wp-content\/uploads\/2023\/06\/traversee-etanche-fibre-optique-par-bride-146x146.jpg 146w, https:\/\/www.sedi-ati.com\/wp-content\/uploads\/2023\/06\/traversee-etanche-fibre-optique-par-bride-50x50.jpg 50w, https:\/\/www.sedi-ati.com\/wp-content\/uploads\/2023\/06\/traversee-etanche-fibre-optique-par-bride-75x75.jpg 75w, https:\/\/www.sedi-ati.com\/wp-content\/uploads\/2023\/06\/traversee-etanche-fibre-optique-par-bride-85x85.jpg 85w, https:\/\/www.sedi-ati.com\/wp-content\/uploads\/2023\/06\/traversee-etanche-fibre-optique-par-bride-80x80.jpg 80w\" sizes=\"auto, (max-width:767px) 400px, 400px\" \/><\/a><div class=\"image_links double\"><a rel=\"nofollow\" href=\"https:\/\/www.sedi-ati.com\/fr\/traversees-et-passages-etanches-a-fibres-optiques\/traversees-etanches-fibre-optique-sur-bride-cf-ou-kf-pour-le-vide\/\" data-quantity=\"1\" data-product_id=\"11514\" class=\"add_to_cart_button ajax_add_to_cart product_type_simple\"><i class=\"icon-basket\"><\/i><\/a><a class=\"link\" href=\"https:\/\/www.sedi-ati.com\/fr\/traversees-et-passages-etanches-a-fibres-optiques\/traversees-etanches-fibre-optique-sur-bride-cf-ou-kf-pour-le-vide\/\"><i class=\"icon-link\"><\/i><\/a><\/div><\/div><a href=\"https:\/\/www.sedi-ati.com\/fr\/traversees-et-passages-etanches-a-fibres-optiques\/traversees-etanches-fibre-optique-sur-bride-cf-ou-kf-pour-le-vide\/\"><span class=\"product-loading-icon added-cart\"><\/span><\/a><\/div>\n    <div class=\"desc\">\n\n        <h4><a href=\"https:\/\/www.sedi-ati.com\/fr\/traversees-et-passages-etanches-a-fibres-optiques\/traversees-etanches-fibre-optique-sur-bride-cf-ou-kf-pour-le-vide\/\">Travers\u00e9es \u00e9tanches fibres optiques sur bride CF ou KF pour le vide<\/a><\/h4>\n\n        <div class=\"excerpt excerpt-1\"><p>Les travers\u00e9es optiques \u00e9tanches multi-f\u00fbts reconfigurables sur bride KTRAV-T10 sont con\u00e7ues pour des brides KF DN 40 pour les applications de vide pouss\u00e9 et ultra vide.<\/p>\n<\/div>\n                <div class=\"vc_btn3-container  line-bottom line-blue vc_btn3-left btn-prod-apercu\">\n        <a class=\"vc_general vc_btn3 vc_btn3-size-md vc_btn3-shape-square vc_btn3-style-custom\" href=\"https:\/\/www.sedi-ati.com\/fr\/traversees-et-passages-etanches-a-fibres-optiques\/traversees-etanches-fibre-optique-sur-bride-cf-ou-kf-pour-le-vide\/\">Voir plus<\/a>\n        <\/div>\n            <\/div>\n\t\n    \n<\/li>\n\n\t<\/ul>\n<\/div><\/div>[\/vc_column][\/vc_row][vc_row full_width=\u00a0\u00bbstretch_row\u00a0\u00bb css=\u00a0\u00bb.vc_custom_1702482999282{background-color: #dfe2e8 !important;}\u00a0\u00bb][vc_column][vc_row_inner][vc_column_inner width=\u00a0\u00bb1\/6&Prime;][\/vc_column_inner][vc_column_inner el_class=\u00a0\u00bbshadow border-radius-hd-bd line-bottom line-blue\u00a0\u00bb width=\u00a0\u00bb2\/3&Prime; css=\u00a0\u00bb.vc_custom_1702483010646{background-color: #ffffff !important;}\u00a0\u00bb][vc_column_text]<\/p>\n<p style=\"text-align: center;\">N&rsquo;h\u00e9sitez pas \u00e0 nous contacter pour nous faire part de votre demande<\/p>\n<p>[\/vc_column_text][vc_btn title=\u00a0\u00bbNous contacter\u00a0\u00bb style=\u00a0\u00bbcustom\u00a0\u00bb custom_background=\u00a0\u00bb#132f40&Prime; custom_text=\u00a0\u00bb#ffffff\u00a0\u00bb shape=\u00a0\u00bbsquare\u00a0\u00bb align=\u00a0\u00bbcenter\u00a0\u00bb link=\u00a0\u00bburl:https%3A%2F%2Fwww.sedi-ati.com%2Ffr%2Fcontact%2F\u00a0\u00bb el_class=\u00a0\u00bbline-bottom line-blue\u00a0\u00bb][\/vc_column_inner][vc_column_inner width=\u00a0\u00bb1\/6&Prime;][\/vc_column_inner][\/vc_row_inner][\/vc_column][\/vc_row][vc_row][vc_column][vc_btn title=\u00a0\u00bb^\u00a0\u00bb style=\u00a0\u00bbflat\u00a0\u00bb shape=\u00a0\u00bbsquare\u00a0\u00bb link=\u00a0\u00bburl:%23Wrapper\u00a0\u00bb el_class=\u00a0\u00bbbtn-haut\u00a0\u00bb][\/vc_column][\/vc_row]<\/p>\n<\/section>","protected":false},"excerpt":{"rendered":"<p>SEDI-ATI a \u00e9quip\u00e9 le t\u00e9lescope sous-marin \u00e0 neutrinos Antares d\u2019un r\u00e9seau de fibres optiques herm\u00e9tiques compos\u00e9 de travers\u00e9es \u00e9tanches en ligne, de p\u00e9n\u00e9trateurs \u00e9lectro-optiques.<\/p>\n","protected":false},"featured_media":11122,"template":"","applications":[433871],"secteurs":[434106,433872],"class_list":["post-11121","cas_client","type-cas_client","status-publish","has-post-thumbnail","hentry","applications-astronomie","secteurs-particules-antares","secteurs-recherche"],"acf":[],"yoast_head":"<!-- This site is optimized with the Yoast SEO plugin v27.5 - https:\/\/yoast.com\/product\/yoast-seo-wordpress\/ -->\n<title>Assemblage r\u00e9seau de fibre optique pour t\u00e9lescope sous-marin \u00e0 neutrinos<\/title>\n<meta name=\"description\" content=\"SEDI-ATI con\u00e7oit des assemblages de r\u00e9seau de fibre optique pour les t\u00e9lescopes sous-marin \u00e0 d\u00e9tection de neutrinos. Contactez-nous !\" \/>\n<meta name=\"robots\" content=\"index, follow, max-snippet:-1, max-image-preview:large, max-video-preview:-1\" \/>\n<link rel=\"canonical\" href=\"https:\/\/www.sedi-ati.com\/fr\/cas_client\/assemblage-fibre-optique-pour-telescope-sous-marin-a-neutrinos\/\" \/>\n<meta property=\"og:locale\" content=\"fr_FR\" \/>\n<meta property=\"og:type\" content=\"article\" \/>\n<meta property=\"og:title\" content=\"Assemblage r\u00e9seau de fibre optique pour t\u00e9lescope sous-marin \u00e0 neutrinos\" \/>\n<meta property=\"og:description\" content=\"SEDI-ATI con\u00e7oit des assemblages de r\u00e9seau de fibre optique pour les t\u00e9lescopes sous-marin \u00e0 d\u00e9tection de neutrinos. Contactez-nous !\" \/>\n<meta property=\"og:url\" content=\"https:\/\/www.sedi-ati.com\/fr\/cas_client\/assemblage-fibre-optique-pour-telescope-sous-marin-a-neutrinos\/\" \/>\n<meta property=\"og:site_name\" content=\"SEDI-ATI\" \/>\n<meta property=\"article:modified_time\" content=\"2024-10-24T14:43:52+00:00\" \/>\n<meta property=\"og:image\" content=\"https:\/\/www.sedi-ati.com\/wp-content\/uploads\/2023\/05\/assemblage-reseau-fibre-optique-pour-telescope-sous-marin.jpg\" \/>\n\t<meta property=\"og:image:width\" content=\"600\" \/>\n\t<meta property=\"og:image:height\" content=\"400\" \/>\n\t<meta property=\"og:image:type\" content=\"image\/jpeg\" \/>\n<meta name=\"twitter:card\" content=\"summary_large_image\" \/>\n<meta name=\"twitter:label1\" content=\"Dur\u00e9e de lecture estim\u00e9e\" \/>\n\t<meta name=\"twitter:data1\" content=\"4 minutes\" \/>\n<script type=\"application\/ld+json\" class=\"yoast-schema-graph\">{\"@context\":\"https:\\\/\\\/schema.org\",\"@graph\":[{\"@type\":\"WebPage\",\"@id\":\"https:\\\/\\\/www.sedi-ati.com\\\/fr\\\/cas_client\\\/assemblage-fibre-optique-pour-telescope-sous-marin-a-neutrinos\\\/\",\"url\":\"https:\\\/\\\/www.sedi-ati.com\\\/fr\\\/cas_client\\\/assemblage-fibre-optique-pour-telescope-sous-marin-a-neutrinos\\\/\",\"name\":\"Assemblage r\u00e9seau de fibre optique pour t\u00e9lescope sous-marin \u00e0 neutrinos\",\"isPartOf\":{\"@id\":\"https:\\\/\\\/www.sedi-ati.com\\\/fr\\\/#website\"},\"primaryImageOfPage\":{\"@id\":\"https:\\\/\\\/www.sedi-ati.com\\\/fr\\\/cas_client\\\/assemblage-fibre-optique-pour-telescope-sous-marin-a-neutrinos\\\/#primaryimage\"},\"image\":{\"@id\":\"https:\\\/\\\/www.sedi-ati.com\\\/fr\\\/cas_client\\\/assemblage-fibre-optique-pour-telescope-sous-marin-a-neutrinos\\\/#primaryimage\"},\"thumbnailUrl\":\"https:\\\/\\\/www.sedi-ati.com\\\/wp-content\\\/uploads\\\/2023\\\/05\\\/assemblage-reseau-fibre-optique-pour-telescope-sous-marin.jpg\",\"datePublished\":\"2023-05-25T08:48:24+00:00\",\"dateModified\":\"2024-10-24T14:43:52+00:00\",\"description\":\"SEDI-ATI con\u00e7oit des assemblages de r\u00e9seau de fibre optique pour les t\u00e9lescopes sous-marin \u00e0 d\u00e9tection de neutrinos. Contactez-nous !\",\"breadcrumb\":{\"@id\":\"https:\\\/\\\/www.sedi-ati.com\\\/fr\\\/cas_client\\\/assemblage-fibre-optique-pour-telescope-sous-marin-a-neutrinos\\\/#breadcrumb\"},\"inLanguage\":\"fr-FR\",\"potentialAction\":[{\"@type\":\"ReadAction\",\"target\":[\"https:\\\/\\\/www.sedi-ati.com\\\/fr\\\/cas_client\\\/assemblage-fibre-optique-pour-telescope-sous-marin-a-neutrinos\\\/\"]}]},{\"@type\":\"ImageObject\",\"inLanguage\":\"fr-FR\",\"@id\":\"https:\\\/\\\/www.sedi-ati.com\\\/fr\\\/cas_client\\\/assemblage-fibre-optique-pour-telescope-sous-marin-a-neutrinos\\\/#primaryimage\",\"url\":\"https:\\\/\\\/www.sedi-ati.com\\\/wp-content\\\/uploads\\\/2023\\\/05\\\/assemblage-reseau-fibre-optique-pour-telescope-sous-marin.jpg\",\"contentUrl\":\"https:\\\/\\\/www.sedi-ati.com\\\/wp-content\\\/uploads\\\/2023\\\/05\\\/assemblage-reseau-fibre-optique-pour-telescope-sous-marin.jpg\",\"width\":600,\"height\":400,\"caption\":\"Assemblage de r\u00e9seau de fibre optique pour les t\u00e9lescope sous-marin\"},{\"@type\":\"BreadcrumbList\",\"@id\":\"https:\\\/\\\/www.sedi-ati.com\\\/fr\\\/cas_client\\\/assemblage-fibre-optique-pour-telescope-sous-marin-a-neutrinos\\\/#breadcrumb\",\"itemListElement\":[{\"@type\":\"ListItem\",\"position\":1,\"name\":\"Home\",\"item\":\"https:\\\/\\\/www.sedi-ati.com\\\/fr\\\/\"},{\"@type\":\"ListItem\",\"position\":2,\"name\":\"A\u00e9rospatial\",\"item\":\"https:\\\/\\\/www.sedi-ati.com\\\/fr\\\/applications\\\/application-aerospatial\\\/\"},{\"@type\":\"ListItem\",\"position\":3,\"name\":\"Astronomie\",\"item\":\"https:\\\/\\\/www.sedi-ati.com\\\/fr\\\/applications\\\/astronomie\\\/\"},{\"@type\":\"ListItem\",\"position\":4,\"name\":\"Les fibres optiques du t\u00e9lescope ANTARES : d\u00e9tection des neutrinos dans les profondeurs sous-marine\"}]},{\"@type\":\"WebSite\",\"@id\":\"https:\\\/\\\/www.sedi-ati.com\\\/fr\\\/#website\",\"url\":\"https:\\\/\\\/www.sedi-ati.com\\\/fr\\\/\",\"name\":\"SEDI-ATI\",\"description\":\"Assemblages de fibres optiques sur mesure, bundles, fentes et pieuvres\",\"publisher\":{\"@id\":\"https:\\\/\\\/www.sedi-ati.com\\\/fr\\\/#organization\"},\"potentialAction\":[{\"@type\":\"SearchAction\",\"target\":{\"@type\":\"EntryPoint\",\"urlTemplate\":\"https:\\\/\\\/www.sedi-ati.com\\\/fr\\\/?s={search_term_string}\"},\"query-input\":{\"@type\":\"PropertyValueSpecification\",\"valueRequired\":true,\"valueName\":\"search_term_string\"}}],\"inLanguage\":\"fr-FR\"},{\"@type\":\"Organization\",\"@id\":\"https:\\\/\\\/www.sedi-ati.com\\\/fr\\\/#organization\",\"name\":\"SEDI-ATI\",\"url\":\"https:\\\/\\\/www.sedi-ati.com\\\/fr\\\/\",\"logo\":{\"@type\":\"ImageObject\",\"inLanguage\":\"fr-FR\",\"@id\":\"https:\\\/\\\/www.sedi-ati.com\\\/fr\\\/#\\\/schema\\\/logo\\\/image\\\/\",\"url\":\"https:\\\/\\\/www.sedi-ati.com\\\/wp-content\\\/uploads\\\/2019\\\/10\\\/Logo_SEDI-ATI_2019_avec-baseline.png\",\"contentUrl\":\"https:\\\/\\\/www.sedi-ati.com\\\/wp-content\\\/uploads\\\/2019\\\/10\\\/Logo_SEDI-ATI_2019_avec-baseline.png\",\"width\":300,\"height\":73,\"caption\":\"SEDI-ATI\"},\"image\":{\"@id\":\"https:\\\/\\\/www.sedi-ati.com\\\/fr\\\/#\\\/schema\\\/logo\\\/image\\\/\"},\"sameAs\":[\"https:\\\/\\\/www.linkedin.com\\\/company\\\/sedi-ati-fibres-optiques\\\/\",\"https:\\\/\\\/www.youtube.com\\\/@sedi-ati-fibres-optiques\"]}]}<\/script>\n<!-- \/ Yoast SEO plugin. -->","yoast_head_json":{"title":"Assemblage r\u00e9seau de fibre optique pour t\u00e9lescope sous-marin \u00e0 neutrinos","description":"SEDI-ATI con\u00e7oit des assemblages de r\u00e9seau de fibre optique pour les t\u00e9lescopes sous-marin \u00e0 d\u00e9tection de neutrinos. Contactez-nous !","robots":{"index":"index","follow":"follow","max-snippet":"max-snippet:-1","max-image-preview":"max-image-preview:large","max-video-preview":"max-video-preview:-1"},"canonical":"https:\/\/www.sedi-ati.com\/fr\/cas_client\/assemblage-fibre-optique-pour-telescope-sous-marin-a-neutrinos\/","og_locale":"fr_FR","og_type":"article","og_title":"Assemblage r\u00e9seau de fibre optique pour t\u00e9lescope sous-marin \u00e0 neutrinos","og_description":"SEDI-ATI con\u00e7oit des assemblages de r\u00e9seau de fibre optique pour les t\u00e9lescopes sous-marin \u00e0 d\u00e9tection de neutrinos. Contactez-nous !","og_url":"https:\/\/www.sedi-ati.com\/fr\/cas_client\/assemblage-fibre-optique-pour-telescope-sous-marin-a-neutrinos\/","og_site_name":"SEDI-ATI","article_modified_time":"2024-10-24T14:43:52+00:00","og_image":[{"width":600,"height":400,"url":"https:\/\/www.sedi-ati.com\/wp-content\/uploads\/2023\/05\/assemblage-reseau-fibre-optique-pour-telescope-sous-marin.jpg","type":"image\/jpeg"}],"twitter_card":"summary_large_image","twitter_misc":{"Dur\u00e9e de lecture estim\u00e9e":"4 minutes"},"schema":{"@context":"https:\/\/schema.org","@graph":[{"@type":"WebPage","@id":"https:\/\/www.sedi-ati.com\/fr\/cas_client\/assemblage-fibre-optique-pour-telescope-sous-marin-a-neutrinos\/","url":"https:\/\/www.sedi-ati.com\/fr\/cas_client\/assemblage-fibre-optique-pour-telescope-sous-marin-a-neutrinos\/","name":"Assemblage r\u00e9seau de fibre optique pour t\u00e9lescope sous-marin \u00e0 neutrinos","isPartOf":{"@id":"https:\/\/www.sedi-ati.com\/fr\/#website"},"primaryImageOfPage":{"@id":"https:\/\/www.sedi-ati.com\/fr\/cas_client\/assemblage-fibre-optique-pour-telescope-sous-marin-a-neutrinos\/#primaryimage"},"image":{"@id":"https:\/\/www.sedi-ati.com\/fr\/cas_client\/assemblage-fibre-optique-pour-telescope-sous-marin-a-neutrinos\/#primaryimage"},"thumbnailUrl":"https:\/\/www.sedi-ati.com\/wp-content\/uploads\/2023\/05\/assemblage-reseau-fibre-optique-pour-telescope-sous-marin.jpg","datePublished":"2023-05-25T08:48:24+00:00","dateModified":"2024-10-24T14:43:52+00:00","description":"SEDI-ATI con\u00e7oit des assemblages de r\u00e9seau de fibre optique pour les t\u00e9lescopes sous-marin \u00e0 d\u00e9tection de neutrinos. Contactez-nous !","breadcrumb":{"@id":"https:\/\/www.sedi-ati.com\/fr\/cas_client\/assemblage-fibre-optique-pour-telescope-sous-marin-a-neutrinos\/#breadcrumb"},"inLanguage":"fr-FR","potentialAction":[{"@type":"ReadAction","target":["https:\/\/www.sedi-ati.com\/fr\/cas_client\/assemblage-fibre-optique-pour-telescope-sous-marin-a-neutrinos\/"]}]},{"@type":"ImageObject","inLanguage":"fr-FR","@id":"https:\/\/www.sedi-ati.com\/fr\/cas_client\/assemblage-fibre-optique-pour-telescope-sous-marin-a-neutrinos\/#primaryimage","url":"https:\/\/www.sedi-ati.com\/wp-content\/uploads\/2023\/05\/assemblage-reseau-fibre-optique-pour-telescope-sous-marin.jpg","contentUrl":"https:\/\/www.sedi-ati.com\/wp-content\/uploads\/2023\/05\/assemblage-reseau-fibre-optique-pour-telescope-sous-marin.jpg","width":600,"height":400,"caption":"Assemblage de r\u00e9seau de fibre optique pour les t\u00e9lescope sous-marin"},{"@type":"BreadcrumbList","@id":"https:\/\/www.sedi-ati.com\/fr\/cas_client\/assemblage-fibre-optique-pour-telescope-sous-marin-a-neutrinos\/#breadcrumb","itemListElement":[{"@type":"ListItem","position":1,"name":"Home","item":"https:\/\/www.sedi-ati.com\/fr\/"},{"@type":"ListItem","position":2,"name":"A\u00e9rospatial","item":"https:\/\/www.sedi-ati.com\/fr\/applications\/application-aerospatial\/"},{"@type":"ListItem","position":3,"name":"Astronomie","item":"https:\/\/www.sedi-ati.com\/fr\/applications\/astronomie\/"},{"@type":"ListItem","position":4,"name":"Les fibres optiques du t\u00e9lescope ANTARES : d\u00e9tection des neutrinos dans les profondeurs sous-marine"}]},{"@type":"WebSite","@id":"https:\/\/www.sedi-ati.com\/fr\/#website","url":"https:\/\/www.sedi-ati.com\/fr\/","name":"SEDI-ATI","description":"Assemblages de fibres optiques sur mesure, bundles, fentes et pieuvres","publisher":{"@id":"https:\/\/www.sedi-ati.com\/fr\/#organization"},"potentialAction":[{"@type":"SearchAction","target":{"@type":"EntryPoint","urlTemplate":"https:\/\/www.sedi-ati.com\/fr\/?s={search_term_string}"},"query-input":{"@type":"PropertyValueSpecification","valueRequired":true,"valueName":"search_term_string"}}],"inLanguage":"fr-FR"},{"@type":"Organization","@id":"https:\/\/www.sedi-ati.com\/fr\/#organization","name":"SEDI-ATI","url":"https:\/\/www.sedi-ati.com\/fr\/","logo":{"@type":"ImageObject","inLanguage":"fr-FR","@id":"https:\/\/www.sedi-ati.com\/fr\/#\/schema\/logo\/image\/","url":"https:\/\/www.sedi-ati.com\/wp-content\/uploads\/2019\/10\/Logo_SEDI-ATI_2019_avec-baseline.png","contentUrl":"https:\/\/www.sedi-ati.com\/wp-content\/uploads\/2019\/10\/Logo_SEDI-ATI_2019_avec-baseline.png","width":300,"height":73,"caption":"SEDI-ATI"},"image":{"@id":"https:\/\/www.sedi-ati.com\/fr\/#\/schema\/logo\/image\/"},"sameAs":["https:\/\/www.linkedin.com\/company\/sedi-ati-fibres-optiques\/","https:\/\/www.youtube.com\/@sedi-ati-fibres-optiques"]}]}},"_links":{"self":[{"href":"https:\/\/www.sedi-ati.com\/fr\/wp-json\/wp\/v2\/cas_client\/11121","targetHints":{"allow":["GET"]}}],"collection":[{"href":"https:\/\/www.sedi-ati.com\/fr\/wp-json\/wp\/v2\/cas_client"}],"about":[{"href":"https:\/\/www.sedi-ati.com\/fr\/wp-json\/wp\/v2\/types\/cas_client"}],"wp:featuredmedia":[{"embeddable":true,"href":"https:\/\/www.sedi-ati.com\/fr\/wp-json\/wp\/v2\/media\/11122"}],"wp:attachment":[{"href":"https:\/\/www.sedi-ati.com\/fr\/wp-json\/wp\/v2\/media?parent=11121"}],"wp:term":[{"taxonomy":"applications","embeddable":true,"href":"https:\/\/www.sedi-ati.com\/fr\/wp-json\/wp\/v2\/applications?post=11121"},{"taxonomy":"secteurs","embeddable":true,"href":"https:\/\/www.sedi-ati.com\/fr\/wp-json\/wp\/v2\/secteurs?post=11121"}],"curies":[{"name":"wp","href":"https:\/\/api.w.org\/{rel}","templated":true}]}}