{"id":18869,"date":"2024-09-03T14:27:16","date_gmt":"2024-09-03T12:27:16","guid":{"rendered":"https:\/\/www.sedi-ati.com\/?post_type=cas_client&#038;p=18869"},"modified":"2025-09-18T15:51:09","modified_gmt":"2025-09-18T13:51:09","slug":"iter-connecteur-fibres-optiques-hermetique-multivoies-hermoptic","status":"publish","type":"cas_client","link":"https:\/\/www.sedi-ati.com\/fr\/cas_client\/iter-connecteur-fibres-optiques-hermetique-multivoies-hermoptic\/","title":{"rendered":"ITER : Connecteur fibres optiques herm\u00e9tique multivoies HERMOPTIC\u00ae"},"content":{"rendered":"<section class=\"wpb-content-wrapper\"><p>[vc_row content_placement=\u00a0\u00bbmiddle\u00a0\u00bb el_class=\u00a0\u00bbz-index-1 chevauchement-horizontal-range range-applications\u00a0\u00bb][vc_column width=\u00a0\u00bb3\/5&Prime; el_class=\u00a0\u00bbshadow border-radius-hd-bd line-bottom line-blue txt-blanc\u00a0\u00bb css=\u00a0\u00bb.vc_custom_1721207902168{background-color: #67ce48 !important;}\u00a0\u00bb][vc_raw_html el_class=\u00a0\u00bbgros-titre flex-column-mobile\u00a0\u00bb]JTNDcCUzRUNvbm5lY3RldXIlMjAlM0NzcGFuJTIwY2xhc3MlM0QlMjJwb2ludC1yb3VnZSUyMiUzRSUzQyUyRnNwYW4lM0VIZXJtJUMzJUE5dGlxdWUlMjBtdWx0aXZvaWVzJTNDJTJGcCUzRQ==[\/vc_raw_html][vc_column_text el_class=\u00a0\u00bbtitre-baseline\u00a0\u00bb]<\/p>\n<h2>HERMOPTIC<sup>\u00ae<\/sup> : Connecteur multivoies enverr\u00e9es \u00e0 base de fibres optiques pour le projet international ITER.<\/h2>\n<p>[\/vc_column_text][vc_column_text]Dans le cadre du projet de R\u00e9acteur Thermonucl\u00e9aire Exp\u00e9rimental International ITER, les soci\u00e9t\u00e9s <strong>CONESYS Europe<\/strong> &amp; <strong>SEDI-ATI Fibres Optiques<\/strong> ont r\u00e9alis\u00e9 une <strong>embase<\/strong> multivoies optiques herm\u00e9tique <strong>100% min\u00e9rale<\/strong>, \u00e0 des fins de m\u00e9trologie optique en environnement <strong>radiatif<\/strong> et <strong>cryog\u00e9nique<\/strong>.[\/vc_column_text][vc_btn title=\u00a0\u00bbParlez-nous de votre projet\u00a0\u00bb style=\u00a0\u00bbcustom\u00a0\u00bb custom_background=\u00a0\u00bb#132f40&Prime; custom_text=\u00a0\u00bb#ffffff\u00a0\u00bb shape=\u00a0\u00bbsquare\u00a0\u00bb link=\u00a0\u00bburl:https%3A%2F%2Fwww.sedi-ati.com%2Ffr%2Fdemande-de-devis%2F\u00a0\u00bb el_class=\u00a0\u00bbline-bottom line-blue\u00a0\u00bb][\/vc_column][vc_column width=\u00a0\u00bb1\/2&Prime; el_class=\u00a0\u00bbimg-entete\u00a0\u00bb]\n\t\t\t\t<p class=\"rs-p-wp-fix\"><\/p>\n\t\t\t\t<sr7-module data-alias=\"co2m-1\" data-id=\"43\" id=\"SR7_43_1\" data-version=\"7.0.5.1\">\n\t\t\t\t\t<sr7-adjuster><\/sr7-adjuster>\n\t\t\t\t\t<sr7-content>\n\t\t\t\t\t\t<sr7-slide id=\"SR7_43_1-90\" data-key=\"90\">\n\t\t\t\t\t\t<\/sr7-slide>\n\t\t\t\t\t\t<sr7-slide id=\"SR7_43_1-161\" data-key=\"161\">\n\t\t\t\t\t\t<\/sr7-slide>\n\t\t\t\t\t<\/sr7-content>\n\t\t\t\t\t<image_lists style=\"display:none\">\n\t\t\t\t\t\t<img data-src=\"\/\/www.sedi-ati.com\/wp-content\/uploads\/2024\/09\/2024-08-22_Hermoptic_case-study.jpg\" data-libid=\"19971\" data-lib=\"medialibrary\" title=\"2024-08-22_Hermoptic_case-study\" width=\"0\" height=\"0\" data-dbsrc=\"Ly93d3cuc2VkaS1hdGkuY29tL3dwLWNvbnRlbnQvdXBsb2Fkcy8yMDI0LzA5LzIwMjQtMDgtMjJfSGVybW9wdGljX2Nhc2Utc3R1ZHkuanBn\"\/>\n\t\t\t\t\t\t<img data-src=\"\/\/www.sedi-ati.com\/wp-content\/uploads\/2024\/09\/2024-08-22_Hermoptic_case-study-1.png\" data-libid=\"19977\" data-lib=\"medialibrary\" title=\"2024-08-22_Hermoptic_case-study\" width=\"0\" height=\"0\" data-dbsrc=\"Ly93d3cuc2VkaS1hdGkuY29tL3dwLWNvbnRlbnQvdXBsb2Fkcy8yMDI0LzA5LzIwMjQtMDgtMjJfSGVybW9wdGljX2Nhc2Utc3R1ZHktMS5wbmc=\"\/>\n\t\t\t\t\t<\/image_lists>\n\t\t\t\t<\/sr7-module>\n\t\t\t\t<script>\n\t\t\t\t\twindow.SR7??={}; SR7.PMH ??={}; SR7.PMH[\"SR7_43_1\"] = {cn:100,state:false,fn: function() { if (window._tpt!==undefined && window._tpt.prepareModuleHeight !== undefined) {  _tpt.prepareModuleHeight({id:\"SR7_43_1\",el:[1070,1070,1070,1070,1070],type:'standard',gh:[1070,1070,1070,1070,1070],gw:[2130,2130,2130,2130,2130],vpt:['-100px'],size:{fullWidth:false, fullHeight:false},mh:'0',onh:0,onw:0,bg:{color:'{\"orig\":\"transparent\",\"type\":\"solid\",\"string\":\"transparent\"}'}});   SR7.PMH[\"SR7_43_1\"].state=true;} else if(SR7.PMH[\"SR7_43_1\"].cn-->0)\tsetTimeout( SR7.PMH[\"SR7_43_1\"].fn,19);}};SR7.PMH[\"SR7_43_1\" ].fn();\n\t\t\t\t<\/script>\n[\/vc_column][\/vc_row][vc_row][vc_column][vc_empty_space][\/vc_column][\/vc_row][vc_row full_width=\u00a0\u00bbstretch_row_content\u00a0\u00bb el_class=\u00a0\u00bbfull-with-4000&Prime; css=\u00a0\u00bb.vc_custom_1721207983775{background-color: #7ce26a !important;}\u00a0\u00bb][vc_column width=\u00a0\u00bb1\/2&Prime;][vc_row_inner][vc_column_inner width=\u00a0\u00bb1\/3&Prime;][\/vc_column_inner][vc_column_inner width=\u00a0\u00bb2\/3&Prime;][vc_raw_html el_class=\u00a0\u00bbpetit-titre\u00a0\u00bb]JTNDcCUzRUNvbnRyYWludGVzJTNDc3BhbiUyMGNsYXNzJTNEJTIycG9pbnQtcm91Z2UlMjBwb2ludC1wZXRpdCUyMiUzRSUzQyUyRnNwYW4lM0VNYWpldXJlcyUzQyUyRnAlM0U=[\/vc_raw_html][vc_column_text]Le connecteur doit :<\/p>\n<ul>\n<li>R\u00e9sister aux <b>radiations <\/b>et \u00e0\u00a0la <strong>cryog\u00e9nie,<\/strong><\/li>\n<li>\u00catre parfaitement herm\u00e9tique,<\/li>\n<li>Utiliser des mat\u00e9riaux <strong>100% inorganiques.<\/strong><\/li>\n<\/ul>\n<p>[\/vc_column_text][\/vc_column_inner][\/vc_row_inner][\/vc_column][vc_column width=\u00a0\u00bb1\/2&Prime;][vc_row_inner][vc_column_inner width=\u00a0\u00bb1\/6&Prime;][\/vc_column_inner][vc_column_inner el_class=\u00a0\u00bbshadow border-radius-hd-bd line-bottom line-blue\u00a0\u00bb width=\u00a0\u00bb2\/3&Prime; css=\u00a0\u00bb.vc_custom_1701427231330{background-color: #ffffff !important;}\u00a0\u00bb][vc_raw_html el_class=\u00a0\u00bbpetit-titre\u00a0\u00bb]JTNDcCUzRUxlJTNDc3BhbiUyMGNsYXNzJTNEJTIycG9pbnQtcm91Z2UlMjBwb2ludC1wZXRpdCUyMiUzRSUzQyUyRnNwYW4lM0VEJUMzJUE5ZmklM0MlMkZwJTNF[\/vc_raw_html][vc_column_text]Cr\u00e9er un connecteur <strong>herm\u00e9tique<\/strong> \u00e0 base de fibres optiques,\u00a0r\u00e9pondant aux contraintes d&rsquo;environnements <strong>radiatifs<\/strong> et <strong>cryog\u00e9niques <\/strong>d&rsquo;un r\u00e9acteur nucl\u00e9aire \u00e0 fusion<strong> de type tokamak.<\/strong>[\/vc_column_text][\/vc_column_inner][vc_column_inner width=\u00a0\u00bb1\/6&Prime;][\/vc_column_inner][\/vc_row_inner][\/vc_column][\/vc_row][vc_row][vc_column][vc_column_text el_class=\u00a0\u00bbpetit-titre petit-titre-txt\u00a0\u00bb]<\/p>\n<h3>ITER, qu&rsquo;est-ce que c&rsquo;est ?<\/h3>\n<p>[\/vc_column_text][vc_column_text]<a href=\"https:\/\/www.iter.org\/fr\/accueil\">ITER<\/a> est un projet international de <strong>r\u00e9acteur nucl\u00e9aire de recherche civil<\/strong> \u00e0 fusion de type tokamak*, situ\u00e9 \u00e0 proximit\u00e9 imm\u00e9diate du centre d\u2019\u00e9tudes nucl\u00e9aires de Cadarache \u00e0 Saint-Paul-lez-Durance, en France.<\/p>\n<p>L&rsquo;Union europ\u00e9enne, les \u00c9tats-Unis, le Japon, la Cor\u00e9e, la Chine, l&rsquo;Inde et la Russie sont engag\u00e9s dans la construction d\u2019ITER, <strong>le plus grand tokamak<\/strong> <strong>jamais<\/strong> <strong>con\u00e7u<\/strong>\u00a0: deux fois la taille de la plus grande machine en op\u00e9ration, avec un volume de plasma dix fois plus grand. L\u2019ambition des membres d\u2019ITER, au travers de ce projet titanesque, est d\u2019arriver \u00e0 reproduire sur Terre l&rsquo;<strong>\u00e9nergie illimit\u00e9e<\/strong> qui alimente le Soleil et les \u00e9toiles.<\/p>\n<p>Ainsi, le tokamak ITER est une <strong>machine exp\u00e9rimentale<\/strong> con\u00e7ue pour d\u00e9montrer scientifiquement et techniquement, que la <strong>fusion<\/strong> (la r\u00e9action nucl\u00e9aire qui alimente le Soleil et les \u00e9toiles) peut \u00eatre utilis\u00e9e comme <strong>source d&rsquo;\u00e9nergie<\/strong> p\u00e9renne \u00e0 grande \u00e9chelle, non \u00e9mettrice de CO<span style=\"font-size: 11.6667px;\">2<\/span>, pour produire de l&rsquo;\u00e9lectricit\u00e9.<\/p>\n<p>ITER a pour objectif de ma\u00eetriser cette \u00e9nergie. Les r\u00e9sultats du programme scientifique d&rsquo;ITER seront d\u00e9cisifs pour ouvrir la voie aux centrales de fusion \u00e9lectrog\u00e8nes de demain.<\/p>\n<p><em>*Le mot \u00ab tokamak \u00bb est un acronyme russe qui signifie \u00ab chambre toro\u00efdale avec bobines magn\u00e9tiques \u00bb (\u0442\u043e\u0440\u043e\u0438\u0434\u0430\u043b\u044c\u043d\u0430\u044f \u043a\u0430\u043c\u0435\u0440\u0430 \u0441 \u043c\u0430\u0433\u043d\u0438\u0442\u043d\u044b\u043c\u0438 \u043a\u0430\u0442\u0443\u0448\u043a\u0430\u043c\u0438).<\/em>[\/vc_column_text][\/vc_column][\/vc_row][vc_row][vc_column][vc_column_text el_class=\u00a0\u00bbpetit-titre petit-titre-txt\u00a0\u00bb]<\/p>\n<h3>Un cryostat monumental<\/h3>\n<p>[\/vc_column_text][vc_column_text]Le cryostat ITER est la plus grande enceinte \u00e0 vide en acier inoxydable jamais construite (16,000 m\u00b3). Mesurant presque 30 m\u00e8tres de haut et autant de diam\u00e8tre, il a \u00e9t\u00e9 dimensionn\u00e9 par rapport aux tr\u00e8s grands \u00e9l\u00e9ments qu&rsquo;il enveloppe comme la chambre \u00e0 vide et les aimants supraconducteurs.<\/p>\n<p><img loading=\"lazy\" decoding=\"async\" class=\"aligncenter wp-image-19722 size-full\" src=\"https:\/\/www.sedi-ati.com\/wp-content\/uploads\/2024\/07\/ITER_Tokamak-elements_FR.jpg\" alt=\"\" width=\"912\" height=\"237\" srcset=\"https:\/\/www.sedi-ati.com\/wp-content\/uploads\/2024\/07\/ITER_Tokamak-elements_FR.jpg 912w, https:\/\/www.sedi-ati.com\/wp-content\/uploads\/2024\/07\/ITER_Tokamak-elements_FR-300x78.jpg 300w, https:\/\/www.sedi-ati.com\/wp-content\/uploads\/2024\/07\/ITER_Tokamak-elements_FR-768x200.jpg 768w, https:\/\/www.sedi-ati.com\/wp-content\/uploads\/2024\/07\/ITER_Tokamak-elements_FR-150x39.jpg 150w, https:\/\/www.sedi-ati.com\/wp-content\/uploads\/2024\/07\/ITER_Tokamak-elements_FR-480x125.jpg 480w, https:\/\/www.sedi-ati.com\/wp-content\/uploads\/2024\/07\/ITER_Tokamak-elements_FR-800x208.jpg 800w\" sizes=\"auto, (max-width:767px) 480px, (max-width:912px) 100vw, 912px\" \/><\/p>\n<p>Le cryostat d\u00e9limite un environnement sous vide extr\u00eamement froid. En effet, la temp\u00e9rature de fonctionnement pour les aimants supraconducteurs est de 4K, soit <strong>-269 \u00b0C<\/strong>.<\/p>\n<p>Sa structure comporte pr\u00e8s de 280 ouvertures, dont certaines sont larges de 4 m\u00e8tres, pour les op\u00e9rations de maintenance et pour laisser acc\u00e8s, entre autres, aux syst\u00e8mes de diagnostics.[\/vc_column_text][\/vc_column][\/vc_row][vc_row][vc_column][vc_column_text el_class=\u00a0\u00bbpetit-titre petit-titre-txt\u00a0\u00bb]<\/p>\n<h3>Des besoins en m\u00e9trologie optique dans des conditions extr\u00eames<\/h3>\n<p>[\/vc_column_text][\/vc_column][vc_column width=\u00a0\u00bb1\/2&Prime;][vc_column_text]Le c\u0153ur du tokamak est constitu\u00e9 d&rsquo;une chambre \u00e0 vide \u00e0 l&rsquo;int\u00e9rieur de laquelle, sous l&rsquo;influence d&rsquo;une temp\u00e9rature et d&rsquo;une pression extr\u00eames, le gaz d&rsquo;hydrog\u00e8ne se mue en plasma (un gaz chaud \u00e9lectriquement charg\u00e9), tout comme dans le Soleil et les \u00e9toiles.<\/p>\n<p>En tant que machine exp\u00e9rimentale, ITER sera \u00e9quip\u00e9 d&rsquo;un grand nombre de syst\u00e8mes de diagnostics pour contr\u00f4ler, \u00e9valuer et optimiser le comportement du plasma, mais aussi pour transmettre des informations importantes sur l&rsquo;\u00e9tat des composants expos\u00e9s au plasma.<\/p>\n<p>Dans la chambre \u00e0 vide d\u2019ITER, les syst\u00e8mes de diagnostics seront expos\u00e9s \u00e0 des conditions extr\u00eames in\u00e9dites et devront faire preuve de la plus grande pr\u00e9cision. En effet, l&rsquo;intensit\u00e9 des flux de particules neutres, des flux de neutrons ainsi que leur fluence seront respectivement cinq, dix et dix mille fois sup\u00e9rieurs aux niveaux les plus \u00e9lev\u00e9s enregistr\u00e9s dans les machines de fusion actuelles. Quant \u00e0 la dur\u00e9e des d\u00e9charges (p\u00e9riode durant laquelle la r\u00e9action se maintient), elle sera environ cent fois sup\u00e9rieure.[\/vc_column_text][\/vc_column][vc_column width=\u00a0\u00bb1\/2&Prime;][vc_column_text]\u00c0 l&rsquo;int\u00e9rieur du cryostat d\u2019ITER, plusieurs <strong>capteurs \u00e0 base de fibres optiques<\/strong> seront install\u00e9s pour enregistrer la temp\u00e9rature, la d\u00e9formation, le d\u00e9placement et l\u2019acc\u00e9l\u00e9ration ; des donn\u00e9es importantes pour \u00e9valuer l&rsquo;\u00e9tat et la dur\u00e9e de vie r\u00e9siduelle des composants situ\u00e9s pr\u00e8s du plasma.<\/p>\n<p>La technologie des fibres optiques est int\u00e9ressante pour les applications de fusion, notamment gr\u00e2ce \u00e0 son immunit\u00e9 aux variations rapides et importantes des champs \u00e9lectromagn\u00e9tiques lors des perturbations du plasma, c&rsquo;est-\u00e0-dire exactement au moment o\u00f9 les besoins de mesures sont les plus importants.<\/p>\n<p>Ces syst\u00e8mes de capteurs optiques reposent sur la <strong>technologie FBG<\/strong> (r\u00e9seaux de Bragg sur fibre optique) et sur des <strong>interf\u00e9rom\u00e8tres de Fabry-P\u00e9rot<\/strong>.[\/vc_column_text][\/vc_column][\/vc_row][vc_row full_width=\u00a0\u00bbstretch_row\u00a0\u00bb content_placement=\u00a0\u00bbmiddle\u00a0\u00bb][vc_column][vc_column_text el_class=\u00a0\u00bbpetit-titre petit-titre-txt\u00a0\u00bb]<\/p>\n<h3>Des connecteurs fibres optiques herm\u00e9tiques multivoies<\/h3>\n<p>[\/vc_column_text][vc_single_image image=\u00a0\u00bb19984&Prime; img_size=\u00a0\u00bblarge\u00a0\u00bb add_caption=\u00a0\u00bbyes\u00a0\u00bb alignment=\u00a0\u00bbcenter\u00a0\u00bb][vc_column_text]Les <strong>points d\u2019entr\u00e9e\/sortie<\/strong> du cryostat pour les fibres optiques devront \u00eatre \u00e9quip\u00e9s de <strong>travers\u00e9es<\/strong> <strong>herm\u00e9tiques<\/strong> de mani\u00e8re \u00e0 parfaitement pr\u00e9server la qualit\u00e9 du vide \u00e0 l\u2019int\u00e9rieur de l\u2019enceinte.<\/p>\n<p>Le concept du d\u00e9monstrateur propos\u00e9 par CONESYS Europe et SEDI-ATI consiste en un <strong>connecteur herm\u00e9tique<\/strong> <strong>multivoies<\/strong> <strong>optiques<\/strong>. Il se pr\u00e9sente sous la forme d&rsquo;une embase int\u00e9grant \u00e0 la fois des fibres optiques<strong> monomodes (SM) <\/strong>et des fibres optiques<strong> multimodes (MM)<\/strong>, sp\u00e9cialement adapt\u00e9es pour la tenue aux <strong>radiations<\/strong>.<\/p>\n<p><strong>Les fibres s\u00e9lectionn\u00e9es sont de type Radiation Hardened (Rad-hard) qualifi\u00e9es par ITER.<\/strong><\/p>\n<p>Aucun \u00e9l\u00e9ment organique de type colle n&rsquo;intervient dans le proc\u00e9d\u00e9 de scellement des diff\u00e9rents composants entre eux. Les fibres optiques sont enverr\u00e9es \u00e0 l&rsquo;int\u00e9rieur des points optiques (f\u00e9rules), eux-m\u00eames enverr\u00e9s dans le bo\u00eetier du connecteur, qui est quant \u00e0 lui soud\u00e9 sur une bride (CF DN 40 dans le cas du pr\u00e9sent d\u00e9monstrateur), elle-m\u00eame soud\u00e9e sur l&rsquo;enveloppe du Cryostat.<\/p>\n<p>Chaque connecteur int\u00e8gre 6 fibres optiques SM et MM. Et chaque bride comprend de 1 \u00e0 7 connecteurs. A terme, ce sont environ 400 fibres optiques via 75 connecteurs circulaires soud\u00e9s sur brides, qui vont \u00e9quiper ITER.[\/vc_column_text][vc_single_image image=\u00a0\u00bb19724&Prime; img_size=\u00a0\u00bbfull\u00a0\u00bb add_caption=\u00a0\u00bbyes\u00a0\u00bb alignment=\u00a0\u00bbcenter\u00a0\u00bb][\/vc_column][\/vc_row][vc_row][vc_column][vc_column_text el_class=\u00a0\u00bbpetit-titre petit-titre-txt\u00a0\u00bb]<\/p>\n<h3>Performances mesur\u00e9es<\/h3>\n<p>[\/vc_column_text][vc_column_text]L\u2019embase a pass\u00e9 avec succ\u00e8s, avant et apr\u00e8s irradiation totale d\u2019environ 6 MGy avec un taux de 10.5 kGy\/h, une d\u00e9tection de fuite \u00e0 l\u2019H\u00e9lium de l\u2019ordre de 1&#215;10<sup>-9<\/sup> Pa.m<sup>3<\/sup>\/s. Aucune att\u00e9nuation induite par le rayonnement (RIA &#8211; Radiation Induced Attenuation) n\u2019a \u00e9t\u00e9 mesur\u00e9e \u00e0 l\u2019issue de cet essai, consid\u00e9r\u00e9 comme un franc succ\u00e8s. Un second test d\u2019irradiation a permis de confirmer la robustesse de ce d\u00e9monstrateur.<\/p>\n<p>De plus, ce d\u00e9monstrateur a \u00e9t\u00e9 soumis d\u00e9but janvier 2024 par CONESYS Europe \u00e0 deux essais d\u2019immersion successifs, d\u2019abord dans de la neige carbonique (-78\u00b0C), puis dans de l\u2019azote liquide (-196\u00b0C), sans que ses caract\u00e9ristiques herm\u00e9tiques en soient alt\u00e9r\u00e9es, d\u00e9montrant une fois de plus l\u2019int\u00e9grit\u00e9 et la robustesse de ce concept.[\/vc_column_text][\/vc_column][\/vc_row][vc_row][vc_column][vc_column_text el_class=\u00a0\u00bbpetit-titre petit-titre-txt\u00a0\u00bb]<\/p>\n<h3>La collaboration entre CONESYS Europe et SEDI-ATI Fibres Optiques<\/h3>\n<p>[\/vc_column_text][\/vc_column][vc_column width=\u00a0\u00bb1\/2&Prime;][vc_column_text]SEDI-ATI Fibres Optiques et CONESYS Europe sont deux entreprises de tailles \u00e9quivalentes, toutes deux situ\u00e9es en France et collaborant depuis 2015.<\/p>\n<p>En effet, il y a des compl\u00e9mentarit\u00e9s \u00e9videntes entre l\u2019expertise de SEDI-ATI dans les fibres optiques et leur int\u00e9gration dans les f\u00e9rules, et l\u2019expertise de CONESYS Europe dans le scellement verre-m\u00e9tal et l\u2019int\u00e9gration de ces f\u00e9rules dans de la connectique majoritairement circulaire et pr\u00e9sentant des interfaces normalis\u00e9es pour lesquelles CONESYS Europe est qualifi\u00e9 par les organismes officiels.<\/p>\n<p>Pour ce projet ITER, SEDI-ATI con\u00e7oit et int\u00e8gre les sous-ensembles \u00ab F\u00e9rules + Fibres Optiques \u00bb, et CONESYS Europe les int\u00e8gre dans les connecteurs et travers\u00e9es qu\u2019il con\u00e7oit et r\u00e9pondant aux exigences et normes du secteur Nucl\u00e9aire.[\/vc_column_text][\/vc_column][vc_column width=\u00a0\u00bb1\/2&Prime;][vc_column_text]Sur le principe du connecteur HERMOPTIC<sup>\u00ae<\/sup>, il est possible de r\u00e9aliser une connectique \u00e9lectro-optique circulaire avec interface D38999 III, telle qu\u2019illustr\u00e9e ci-dessous.[\/vc_column_text][vc_single_image image=\u00a0\u00bb19982&Prime; img_size=\u00a0\u00bbmedium\u00a0\u00bb alignment=\u00a0\u00bbcenter\u00a0\u00bb][\/vc_column][\/vc_row][vc_row full_width=\u00a0\u00bbstretch_row_content\u00a0\u00bb el_class=\u00a0\u00bbfull-with-4000&Prime; css=\u00a0\u00bb.vc_custom_1721208008612{background-color: #b2edaa !important;}\u00a0\u00bb][vc_column width=\u00a0\u00bb1\/2&Prime;][vc_row_inner][vc_column_inner width=\u00a0\u00bb1\/3&Prime;][\/vc_column_inner][vc_column_inner width=\u00a0\u00bb2\/3&Prime;][vc_raw_html el_class=\u00a0\u00bbpetit-titre\u00a0\u00bb]JTNDcCUzRVNvbHV0aW9uJTNDc3BhbiUyMGNsYXNzJTNEJTIycG9pbnQtcm91Z2UlMjBwb2ludC1wZXRpdCUyMiUzRSUzQyUyRnNwYW4lM0VTRURJLUFUSSUzQyUyRnAlM0U=[\/vc_raw_html][vc_column_text]Hermoptic<sup>\u00ae<\/sup> : Connecteur herm\u00e9tique multivoies \u00e0 base de fibres optiques enverr\u00e9es.[\/vc_column_text][\/vc_column_inner][\/vc_row_inner][\/vc_column][vc_column width=\u00a0\u00bb1\/2&Prime;][vc_row_inner][vc_column_inner width=\u00a0\u00bb1\/6&Prime;][\/vc_column_inner][vc_column_inner el_class=\u00a0\u00bbshadow border-radius-hd-bd line-bottom line-blue\u00a0\u00bb width=\u00a0\u00bb2\/3&Prime; css=\u00a0\u00bb.vc_custom_1701269797511{background-color: #ffffff !important;}\u00a0\u00bb][vc_raw_html el_class=\u00a0\u00bbpetit-titre flex-column-mobile\u00a0\u00bb]JTNDcCUzRUF2YW50YWdlcyUzQ3NwYW4lMjBjbGFzcyUzRCUyMnBvaW50LXJvdWdlJTIwcG9pbnQtcGV0aXQlMjIlM0UlM0MlMkZzcGFuJTNFQiVDMyVBOW4lQzMlQTlmaWNlcyUzQyUyRnAlM0U=[\/vc_raw_html][vc_column_text]<\/p>\n<ul>\n<li>Fibres adapt\u00e9es pour la tenue aux radiations,<\/li>\n<li>L\u2019int\u00e9grit\u00e9 m\u00e9canique et herm\u00e9tique de l\u2019embase est pr\u00e9serv\u00e9e apr\u00e8s irradiation aux rayons Gamma et exposition \u00e0 des temp\u00e9ratures tr\u00e8s basses,<\/li>\n<li>Solution 100% min\u00e9rale (pas de maintenance, de vieillissement et de d\u00e9gazage),<\/li>\n<li>Int\u00e9r\u00eat pour les secteurs du nucl\u00e9aire, du spatial et du vide.<\/li>\n<\/ul>\n<p>[\/vc_column_text][\/vc_column_inner][vc_column_inner width=\u00a0\u00bb1\/6&Prime;][\/vc_column_inner][\/vc_row_inner][\/vc_column][\/vc_row][vc_row full_width=\u00a0\u00bbstretch_row\u00a0\u00bb][vc_column][vc_text_separator title=\u00a0\u00bbProduits associ\u00e9s\u00a0\u00bb title_align=\u00a0\u00bbseparator_align_left\u00a0\u00bb color=\u00a0\u00bbcustom\u00a0\u00bb border_width=\u00a0\u00bb2&Prime; accent_color=\u00a0\u00bb#0a0a0a\u00a0\u00bb el_class=\u00a0\u00bbpetit-titre\u00a0\u00bb]<div class=\"woocommerce columns-3 \">\n<div class=\"products_wrapper mfn-woo-products isotope_wrapper default-woo-loop lm_wrapper\">\n\t<ul class=\"products mfn-product-badges-left\">\n\n\n\t\n\t\n\t\n\t\t\n<li class=\"isotope-item product type-product post-11344 status-publish first instock product_cat-cordons-et-cables-fibre-optique-speciaux product_cat-produit product_tag-cordons-et-cables product_tag-cryogenie product_tag-hautes-temperatures product_tag-spatial product_tag-vide-ultra-vide has-post-thumbnail shipping-taxable product-type-simple\">\n\n    <div class=\"image_frame scale-with-grid product-loop-thumb\" ontouchstart=\"this.classList.toggle('hover');\"><div class=\"image_wrapper\"><a href=\"https:\/\/www.sedi-ati.com\/fr\/cordons-et-cables-fibre-optique-speciaux\/cables-fibres-optiques-pour-le-vide\/\"><div class=\"mask\"><\/div><img loading=\"lazy\" decoding=\"async\" width=\"2560\" height=\"2560\" src=\"https:\/\/www.sedi-ati.com\/wp-content\/uploads\/2023\/09\/thumbnail-special-patchcord-peek-cable_HD-scaled.jpg\" class=\"scale-with-grid wp-post-image\" alt=\"\" srcset=\"https:\/\/www.sedi-ati.com\/wp-content\/uploads\/2023\/09\/thumbnail-special-patchcord-peek-cable_HD-scaled.jpg 2560w, https:\/\/www.sedi-ati.com\/wp-content\/uploads\/2023\/09\/thumbnail-special-patchcord-peek-cable_HD-300x300.jpg 300w, https:\/\/www.sedi-ati.com\/wp-content\/uploads\/2023\/09\/thumbnail-special-patchcord-peek-cable_HD-1024x1024.jpg 1024w, https:\/\/www.sedi-ati.com\/wp-content\/uploads\/2023\/09\/thumbnail-special-patchcord-peek-cable_HD-150x150.jpg 150w, https:\/\/www.sedi-ati.com\/wp-content\/uploads\/2023\/09\/thumbnail-special-patchcord-peek-cable_HD-768x768.jpg 768w, https:\/\/www.sedi-ati.com\/wp-content\/uploads\/2023\/09\/thumbnail-special-patchcord-peek-cable_HD-1536x1536.jpg 1536w, https:\/\/www.sedi-ati.com\/wp-content\/uploads\/2023\/09\/thumbnail-special-patchcord-peek-cable_HD-2048x2048.jpg 2048w, https:\/\/www.sedi-ati.com\/wp-content\/uploads\/2023\/09\/thumbnail-special-patchcord-peek-cable_HD-75x75.jpg 75w, https:\/\/www.sedi-ati.com\/wp-content\/uploads\/2023\/09\/thumbnail-special-patchcord-peek-cable_HD-480x480.jpg 480w, https:\/\/www.sedi-ati.com\/wp-content\/uploads\/2023\/09\/thumbnail-special-patchcord-peek-cable_HD-800x800.jpg 800w\" sizes=\"auto, (max-width:767px) 480px, (max-width:2560px) 100vw, 2560px\" \/><\/a><div class=\"image_links double\"><a rel=\"nofollow\" href=\"https:\/\/www.sedi-ati.com\/fr\/cordons-et-cables-fibre-optique-speciaux\/cables-fibres-optiques-pour-le-vide\/\" data-quantity=\"1\" data-product_id=\"11344\" class=\"add_to_cart_button ajax_add_to_cart product_type_simple\"><i class=\"icon-basket\"><\/i><\/a><a class=\"link\" href=\"https:\/\/www.sedi-ati.com\/fr\/cordons-et-cables-fibre-optique-speciaux\/cables-fibres-optiques-pour-le-vide\/\"><i class=\"icon-link\"><\/i><\/a><\/div><\/div><a href=\"https:\/\/www.sedi-ati.com\/fr\/cordons-et-cables-fibre-optique-speciaux\/cables-fibres-optiques-pour-le-vide\/\"><span class=\"product-loading-icon added-cart\"><\/span><\/a><\/div>\n    <div class=\"desc\">\n\n        <h4><a href=\"https:\/\/www.sedi-ati.com\/fr\/cordons-et-cables-fibre-optique-speciaux\/cables-fibres-optiques-pour-le-vide\/\">C\u00e2bles fibres optiques pour le vide<\/a><\/h4>\n\n        <div class=\"excerpt excerpt-1\"><p>SEDI-ATI Fibres Optiques propose des cordons \u00e0 fibre optique monomode et multimode pour des applications avec un niveau de vide compris entre 10<sup>-8<\/sup>\u00a0et 10<sup>-10<\/sup>\u00a0mbar.<\/p>\n<\/div>\n                <div class=\"vc_btn3-container  line-bottom line-blue vc_btn3-left btn-prod-apercu\">\n        <a class=\"vc_general vc_btn3 vc_btn3-size-md vc_btn3-shape-square vc_btn3-style-custom\" href=\"https:\/\/www.sedi-ati.com\/fr\/cordons-et-cables-fibre-optique-speciaux\/cables-fibres-optiques-pour-le-vide\/\">Voir plus<\/a>\n        <\/div>\n            <\/div>\n\t\n    \n<\/li>\n\n\n\t\n\t\n\t\n\t\t\n<li class=\"isotope-item product type-product post-11346 status-publish instock product_cat-cordons-et-cables-fibre-optique-speciaux product_tag-cordons-et-cables product_tag-spatial has-post-thumbnail shipping-taxable product-type-simple\">\n\n    <div class=\"image_frame scale-with-grid product-loop-thumb\" ontouchstart=\"this.classList.toggle('hover');\"><div class=\"image_wrapper\"><a href=\"https:\/\/www.sedi-ati.com\/fr\/cordons-et-cables-fibre-optique-speciaux\/cordons-fibre-optique-special-radiations\/\"><div class=\"mask\"><\/div><img loading=\"lazy\" decoding=\"async\" width=\"400\" height=\"400\" src=\"https:\/\/www.sedi-ati.com\/wp-content\/uploads\/2023\/05\/fabricant-cable-fibre-optique-anti-radiation.jpg\" class=\"scale-with-grid wp-post-image\" alt=\"Fabricant c\u00e2ble fibre optique anti-radiation\" srcset=\"https:\/\/www.sedi-ati.com\/wp-content\/uploads\/2023\/05\/fabricant-cable-fibre-optique-anti-radiation.jpg 400w, https:\/\/www.sedi-ati.com\/wp-content\/uploads\/2023\/05\/fabricant-cable-fibre-optique-anti-radiation-300x300.jpg 300w, https:\/\/www.sedi-ati.com\/wp-content\/uploads\/2023\/05\/fabricant-cable-fibre-optique-anti-radiation-150x150.jpg 150w, https:\/\/www.sedi-ati.com\/wp-content\/uploads\/2023\/05\/fabricant-cable-fibre-optique-anti-radiation-146x146.jpg 146w, https:\/\/www.sedi-ati.com\/wp-content\/uploads\/2023\/05\/fabricant-cable-fibre-optique-anti-radiation-50x50.jpg 50w, https:\/\/www.sedi-ati.com\/wp-content\/uploads\/2023\/05\/fabricant-cable-fibre-optique-anti-radiation-75x75.jpg 75w, https:\/\/www.sedi-ati.com\/wp-content\/uploads\/2023\/05\/fabricant-cable-fibre-optique-anti-radiation-85x85.jpg 85w, https:\/\/www.sedi-ati.com\/wp-content\/uploads\/2023\/05\/fabricant-cable-fibre-optique-anti-radiation-80x80.jpg 80w\" sizes=\"auto, (max-width:767px) 400px, 400px\" \/><\/a><div class=\"image_links double\"><a rel=\"nofollow\" href=\"https:\/\/www.sedi-ati.com\/fr\/cordons-et-cables-fibre-optique-speciaux\/cordons-fibre-optique-special-radiations\/\" data-quantity=\"1\" data-product_id=\"11346\" class=\"add_to_cart_button ajax_add_to_cart product_type_simple\"><i class=\"icon-basket\"><\/i><\/a><a class=\"link\" href=\"https:\/\/www.sedi-ati.com\/fr\/cordons-et-cables-fibre-optique-speciaux\/cordons-fibre-optique-special-radiations\/\"><i class=\"icon-link\"><\/i><\/a><\/div><\/div><a href=\"https:\/\/www.sedi-ati.com\/fr\/cordons-et-cables-fibre-optique-speciaux\/cordons-fibre-optique-special-radiations\/\"><span class=\"product-loading-icon added-cart\"><\/span><\/a><\/div>\n    <div class=\"desc\">\n\n        <h4><a href=\"https:\/\/www.sedi-ati.com\/fr\/cordons-et-cables-fibre-optique-speciaux\/cordons-fibre-optique-special-radiations\/\">Cordons fibre optique sp\u00e9cial radiations<\/a><\/h4>\n\n        <div class=\"excerpt excerpt-1\"><p>Les fibres optiques pr\u00e9sentent de nombreux avantages qui incitent \u00e0 les int\u00e9grer dans des applications avec des environnements radiatifs, associ\u00e9s aux domaines civil, spatial ou de d\u00e9fense.<\/p>\n<\/div>\n                <div class=\"vc_btn3-container  line-bottom line-blue vc_btn3-left btn-prod-apercu\">\n        <a class=\"vc_general vc_btn3 vc_btn3-size-md vc_btn3-shape-square vc_btn3-style-custom\" href=\"https:\/\/www.sedi-ati.com\/fr\/cordons-et-cables-fibre-optique-speciaux\/cordons-fibre-optique-special-radiations\/\">Voir plus<\/a>\n        <\/div>\n            <\/div>\n\t\n    \n<\/li>\n\n\n\t\n\t\n\t\n\t\t\n<li class=\"isotope-item product type-product post-11337 status-publish last instock product_cat-cordons-et-cables-fibre-optique-speciaux product_tag-cordons-et-cables product_tag-cryogenie product_tag-vide-ultra-vide has-post-thumbnail shipping-taxable product-type-simple\">\n\n    <div class=\"image_frame scale-with-grid product-loop-thumb\" ontouchstart=\"this.classList.toggle('hover');\"><div class=\"image_wrapper\"><a href=\"https:\/\/www.sedi-ati.com\/fr\/cordons-et-cables-fibre-optique-speciaux\/cables-fibres-optiques-pour-la-cryogenie\/\"><div class=\"mask\"><\/div><img loading=\"lazy\" decoding=\"async\" width=\"400\" height=\"400\" src=\"https:\/\/www.sedi-ati.com\/wp-content\/uploads\/2023\/05\/cable-fibre-optique-cryogenie.jpg\" class=\"scale-with-grid wp-post-image\" alt=\"c\u00e2ble fibre optique cryog\u00e9nie\" srcset=\"https:\/\/www.sedi-ati.com\/wp-content\/uploads\/2023\/05\/cable-fibre-optique-cryogenie.jpg 400w, https:\/\/www.sedi-ati.com\/wp-content\/uploads\/2023\/05\/cable-fibre-optique-cryogenie-300x300.jpg 300w, https:\/\/www.sedi-ati.com\/wp-content\/uploads\/2023\/05\/cable-fibre-optique-cryogenie-150x150.jpg 150w, https:\/\/www.sedi-ati.com\/wp-content\/uploads\/2023\/05\/cable-fibre-optique-cryogenie-146x146.jpg 146w, https:\/\/www.sedi-ati.com\/wp-content\/uploads\/2023\/05\/cable-fibre-optique-cryogenie-50x50.jpg 50w, https:\/\/www.sedi-ati.com\/wp-content\/uploads\/2023\/05\/cable-fibre-optique-cryogenie-75x75.jpg 75w, https:\/\/www.sedi-ati.com\/wp-content\/uploads\/2023\/05\/cable-fibre-optique-cryogenie-85x85.jpg 85w, https:\/\/www.sedi-ati.com\/wp-content\/uploads\/2023\/05\/cable-fibre-optique-cryogenie-80x80.jpg 80w\" sizes=\"auto, (max-width:767px) 400px, 400px\" \/><\/a><div class=\"image_links double\"><a rel=\"nofollow\" href=\"https:\/\/www.sedi-ati.com\/fr\/cordons-et-cables-fibre-optique-speciaux\/cables-fibres-optiques-pour-la-cryogenie\/\" data-quantity=\"1\" data-product_id=\"11337\" class=\"add_to_cart_button ajax_add_to_cart product_type_simple\"><i class=\"icon-basket\"><\/i><\/a><a class=\"link\" href=\"https:\/\/www.sedi-ati.com\/fr\/cordons-et-cables-fibre-optique-speciaux\/cables-fibres-optiques-pour-la-cryogenie\/\"><i class=\"icon-link\"><\/i><\/a><\/div><\/div><a href=\"https:\/\/www.sedi-ati.com\/fr\/cordons-et-cables-fibre-optique-speciaux\/cables-fibres-optiques-pour-la-cryogenie\/\"><span class=\"product-loading-icon added-cart\"><\/span><\/a><\/div>\n    <div class=\"desc\">\n\n        <h4><a href=\"https:\/\/www.sedi-ati.com\/fr\/cordons-et-cables-fibre-optique-speciaux\/cables-fibres-optiques-pour-la-cryogenie\/\">Cordons fibres optiques pour la cryog\u00e9nie<\/a><\/h4>\n\n        <div class=\"excerpt excerpt-1\"><p>Vous \u00eates \u00e0 la recherche d\u2019une liaison fibre optique fonctionnant \u00e0 des temp\u00e9ratures extr\u00eamement basses ? SEDI-ATI peut fournir des cordons fibre optique sp\u00e9cifiques pour la cryog\u00e9nie.<\/p>\n<\/div>\n                <div class=\"vc_btn3-container  line-bottom line-blue vc_btn3-left btn-prod-apercu\">\n        <a class=\"vc_general vc_btn3 vc_btn3-size-md vc_btn3-shape-square vc_btn3-style-custom\" href=\"https:\/\/www.sedi-ati.com\/fr\/cordons-et-cables-fibre-optique-speciaux\/cables-fibres-optiques-pour-la-cryogenie\/\">Voir plus<\/a>\n        <\/div>\n            <\/div>\n\t\n    \n<\/li>\n\n\n\t\n\t\n\t\n\t\t\n<li class=\"isotope-item product type-product post-11529 status-publish first instock product_cat-traversees-et-passages-etanches-a-fibres-optiques product_tag-cryogenie product_tag-pression product_tag-spatial product_tag-traversees-etanches product_tag-vide-ultra-vide has-post-thumbnail shipping-taxable product-type-simple\">\n\n    <div class=\"image_frame scale-with-grid product-loop-thumb\" ontouchstart=\"this.classList.toggle('hover');\"><div class=\"image_wrapper\"><a href=\"https:\/\/www.sedi-ati.com\/fr\/traversees-et-passages-etanches-a-fibres-optiques\/traversees-et-passages-etanches-fibres-optiques-en-ligne\/\"><div class=\"mask\"><\/div><img loading=\"lazy\" decoding=\"async\" width=\"400\" height=\"400\" src=\"https:\/\/www.sedi-ati.com\/wp-content\/uploads\/2023\/06\/traversee-passage-etanche-fibre-optique-sur-mesure.jpg\" class=\"scale-with-grid wp-post-image\" alt=\"Travers\u00e9e passage \u00e9tanche fibre optique sur mesure\" srcset=\"https:\/\/www.sedi-ati.com\/wp-content\/uploads\/2023\/06\/traversee-passage-etanche-fibre-optique-sur-mesure.jpg 400w, https:\/\/www.sedi-ati.com\/wp-content\/uploads\/2023\/06\/traversee-passage-etanche-fibre-optique-sur-mesure-300x300.jpg 300w, https:\/\/www.sedi-ati.com\/wp-content\/uploads\/2023\/06\/traversee-passage-etanche-fibre-optique-sur-mesure-150x150.jpg 150w, https:\/\/www.sedi-ati.com\/wp-content\/uploads\/2023\/06\/traversee-passage-etanche-fibre-optique-sur-mesure-146x146.jpg 146w, https:\/\/www.sedi-ati.com\/wp-content\/uploads\/2023\/06\/traversee-passage-etanche-fibre-optique-sur-mesure-50x50.jpg 50w, https:\/\/www.sedi-ati.com\/wp-content\/uploads\/2023\/06\/traversee-passage-etanche-fibre-optique-sur-mesure-75x75.jpg 75w, https:\/\/www.sedi-ati.com\/wp-content\/uploads\/2023\/06\/traversee-passage-etanche-fibre-optique-sur-mesure-85x85.jpg 85w, https:\/\/www.sedi-ati.com\/wp-content\/uploads\/2023\/06\/traversee-passage-etanche-fibre-optique-sur-mesure-80x80.jpg 80w\" sizes=\"auto, (max-width:767px) 400px, 400px\" \/><\/a><div class=\"image_links double\"><a rel=\"nofollow\" href=\"https:\/\/www.sedi-ati.com\/fr\/traversees-et-passages-etanches-a-fibres-optiques\/traversees-et-passages-etanches-fibres-optiques-en-ligne\/\" data-quantity=\"1\" data-product_id=\"11529\" class=\"add_to_cart_button ajax_add_to_cart product_type_simple\"><i class=\"icon-basket\"><\/i><\/a><a class=\"link\" href=\"https:\/\/www.sedi-ati.com\/fr\/traversees-et-passages-etanches-a-fibres-optiques\/traversees-et-passages-etanches-fibres-optiques-en-ligne\/\"><i class=\"icon-link\"><\/i><\/a><\/div><\/div><a href=\"https:\/\/www.sedi-ati.com\/fr\/traversees-et-passages-etanches-a-fibres-optiques\/traversees-et-passages-etanches-fibres-optiques-en-ligne\/\"><span class=\"product-loading-icon added-cart\"><\/span><\/a><\/div>\n    <div class=\"desc\">\n\n        <h4><a href=\"https:\/\/www.sedi-ati.com\/fr\/traversees-et-passages-etanches-a-fibres-optiques\/traversees-et-passages-etanches-fibres-optiques-en-ligne\/\">Travers\u00e9es et passages \u00e9tanches fibres optiques en ligne<\/a><\/h4>\n\n        <div class=\"excerpt excerpt-1\"><p>Les travers\u00e9es et passages \u00e9tanches \u00e0 fibres optiques\u00a0en ligne RETA sont con\u00e7us pour des applications sous vide pouss\u00e9 et ultra-vide.<\/p>\n<\/div>\n                <div class=\"vc_btn3-container  line-bottom line-blue vc_btn3-left btn-prod-apercu\">\n        <a class=\"vc_general vc_btn3 vc_btn3-size-md vc_btn3-shape-square vc_btn3-style-custom\" href=\"https:\/\/www.sedi-ati.com\/fr\/traversees-et-passages-etanches-a-fibres-optiques\/traversees-et-passages-etanches-fibres-optiques-en-ligne\/\">Voir plus<\/a>\n        <\/div>\n            <\/div>\n\t\n    \n<\/li>\n\n\n\t\n\t\n\t\n\t\t\n<li class=\"isotope-item product type-product post-11525 status-publish instock product_cat-traversees-et-passages-etanches-a-fibres-optiques product_tag-cryogenie product_tag-pression product_tag-spatial product_tag-traversees-etanches product_tag-vide-ultra-vide has-post-thumbnail shipping-taxable product-type-simple\">\n\n    <div class=\"image_frame scale-with-grid product-loop-thumb\" ontouchstart=\"this.classList.toggle('hover');\"><div class=\"image_wrapper\"><a href=\"https:\/\/www.sedi-ati.com\/fr\/traversees-et-passages-etanches-a-fibres-optiques\/traversees-etanches-fibres-optiques-sur-mesure\/\"><div class=\"mask\"><\/div><img loading=\"lazy\" decoding=\"async\" width=\"400\" height=\"400\" src=\"https:\/\/www.sedi-ati.com\/wp-content\/uploads\/2023\/06\/fabricant-traversee-etanche-sur-mesure.jpg\" class=\"scale-with-grid wp-post-image\" alt=\"\" srcset=\"https:\/\/www.sedi-ati.com\/wp-content\/uploads\/2023\/06\/fabricant-traversee-etanche-sur-mesure.jpg 400w, https:\/\/www.sedi-ati.com\/wp-content\/uploads\/2023\/06\/fabricant-traversee-etanche-sur-mesure-300x300.jpg 300w, https:\/\/www.sedi-ati.com\/wp-content\/uploads\/2023\/06\/fabricant-traversee-etanche-sur-mesure-150x150.jpg 150w, https:\/\/www.sedi-ati.com\/wp-content\/uploads\/2023\/06\/fabricant-traversee-etanche-sur-mesure-146x146.jpg 146w, https:\/\/www.sedi-ati.com\/wp-content\/uploads\/2023\/06\/fabricant-traversee-etanche-sur-mesure-50x50.jpg 50w, https:\/\/www.sedi-ati.com\/wp-content\/uploads\/2023\/06\/fabricant-traversee-etanche-sur-mesure-75x75.jpg 75w, https:\/\/www.sedi-ati.com\/wp-content\/uploads\/2023\/06\/fabricant-traversee-etanche-sur-mesure-85x85.jpg 85w, https:\/\/www.sedi-ati.com\/wp-content\/uploads\/2023\/06\/fabricant-traversee-etanche-sur-mesure-80x80.jpg 80w\" sizes=\"auto, (max-width:767px) 400px, 400px\" \/><\/a><div class=\"image_links double\"><a rel=\"nofollow\" href=\"https:\/\/www.sedi-ati.com\/fr\/traversees-et-passages-etanches-a-fibres-optiques\/traversees-etanches-fibres-optiques-sur-mesure\/\" data-quantity=\"1\" data-product_id=\"11525\" class=\"add_to_cart_button ajax_add_to_cart product_type_simple\"><i class=\"icon-basket\"><\/i><\/a><a class=\"link\" href=\"https:\/\/www.sedi-ati.com\/fr\/traversees-et-passages-etanches-a-fibres-optiques\/traversees-etanches-fibres-optiques-sur-mesure\/\"><i class=\"icon-link\"><\/i><\/a><\/div><\/div><a href=\"https:\/\/www.sedi-ati.com\/fr\/traversees-et-passages-etanches-a-fibres-optiques\/traversees-etanches-fibres-optiques-sur-mesure\/\"><span class=\"product-loading-icon added-cart\"><\/span><\/a><\/div>\n    <div class=\"desc\">\n\n        <h4><a href=\"https:\/\/www.sedi-ati.com\/fr\/traversees-et-passages-etanches-a-fibres-optiques\/traversees-etanches-fibres-optiques-sur-mesure\/\">Travers\u00e9es \u00e9tanches fibres optiques sur mesure<\/a><\/h4>\n\n        <div class=\"excerpt excerpt-1\"><p>En fonction de vos besoins sp\u00e9cifiques, SEDI-ATI peut \u00e9tudier la faisabilit\u00e9 de conception de travers\u00e9es \u00e9tanches fibre optique sur mesure.<\/p>\n<\/div>\n                <div class=\"vc_btn3-container  line-bottom line-blue vc_btn3-left btn-prod-apercu\">\n        <a class=\"vc_general vc_btn3 vc_btn3-size-md vc_btn3-shape-square vc_btn3-style-custom\" href=\"https:\/\/www.sedi-ati.com\/fr\/traversees-et-passages-etanches-a-fibres-optiques\/traversees-etanches-fibres-optiques-sur-mesure\/\">Voir plus<\/a>\n        <\/div>\n            <\/div>\n\t\n    \n<\/li>\n\n\t<\/ul>\n<\/div><\/div>[\/vc_column][\/vc_row][vc_row full_width=\u00a0\u00bbstretch_row\u00a0\u00bb css=\u00a0\u00bb.vc_custom_1702479254149{background-color: #dfe2e8 !important;}\u00a0\u00bb][vc_column][vc_row_inner][vc_column_inner width=\u00a0\u00bb1\/6&Prime;][\/vc_column_inner][vc_column_inner el_class=\u00a0\u00bbshadow border-radius-hd-bd line-bottom line-blue\u00a0\u00bb width=\u00a0\u00bb2\/3&Prime; css=\u00a0\u00bb.vc_custom_1702479377993{background-color: #ffffff !important;}\u00a0\u00bb][vc_column_text]<\/p>\n<p style=\"text-align: center;\">N&rsquo;h\u00e9sitez pas \u00e0 nous contacter pour nous faire part de votre demande<\/p>\n<p>[\/vc_column_text][vc_btn title=\u00a0\u00bbNous contacter\u00a0\u00bb style=\u00a0\u00bbcustom\u00a0\u00bb custom_background=\u00a0\u00bb#132f40&Prime; custom_text=\u00a0\u00bb#ffffff\u00a0\u00bb shape=\u00a0\u00bbsquare\u00a0\u00bb align=\u00a0\u00bbcenter\u00a0\u00bb link=\u00a0\u00bburl:https%3A%2F%2Fwww.sedi-ati.com%2Ffr%2Fcontact%2F\u00a0\u00bb el_class=\u00a0\u00bbline-bottom line-blue\u00a0\u00bb][\/vc_column_inner][vc_column_inner width=\u00a0\u00bb1\/6&Prime;][\/vc_column_inner][\/vc_row_inner][\/vc_column][\/vc_row][vc_row][vc_column][vc_btn title=\u00a0\u00bb^\u00a0\u00bb style=\u00a0\u00bbflat\u00a0\u00bb shape=\u00a0\u00bbsquare\u00a0\u00bb link=\u00a0\u00bburl:%23Wrapper\u00a0\u00bb el_class=\u00a0\u00bbbtn-haut\u00a0\u00bb][\/vc_column][\/vc_row]<\/p>\n<\/section>","protected":false},"excerpt":{"rendered":"<p>SEDI-ATI a particip\u00e9 au projet ITER en r\u00e9alisant une embase multivoies \u00e0 base de fibres optiques herm\u00e9tiques, pour une application en milieu radiatif et cryog\u00e9nique.<\/p>\n","protected":false},"featured_media":19979,"template":"","applications":[433875,433863],"secteurs":[434215,434214],"class_list":["post-18869","cas_client","type-cas_client","status-publish","has-post-thumbnail","hentry","applications-application-energie","applications-nucleaire","secteurs-nuclear","secteurs-particle-physics-fr"],"acf":[],"yoast_head":"<!-- This site is optimized with the Yoast SEO plugin v27.5 - https:\/\/yoast.com\/product\/yoast-seo-wordpress\/ -->\n<title>ITER : Connecteur fibres optiques herm\u00e9tique multivoies HERMOPTIC\u00ae - SEDI-ATI<\/title>\n<meta name=\"description\" content=\"SEDI-ATI a particip\u00e9 au projet ITER en r\u00e9alisant une embase multivoies \u00e0 base de fibres optiques herm\u00e9tiques, pour une application en milieu radiatif et cryog\u00e9nique.\" \/>\n<meta name=\"robots\" content=\"index, follow, max-snippet:-1, max-image-preview:large, max-video-preview:-1\" \/>\n<link rel=\"canonical\" href=\"https:\/\/www.sedi-ati.com\/fr\/cas_client\/iter-connecteur-fibres-optiques-hermetique-multivoies-hermoptic\/\" \/>\n<meta property=\"og:locale\" content=\"fr_FR\" \/>\n<meta property=\"og:type\" content=\"article\" \/>\n<meta property=\"og:title\" content=\"ITER : Connecteur fibres optiques herm\u00e9tique multivoies HERMOPTIC\u00ae - SEDI-ATI\" \/>\n<meta property=\"og:description\" content=\"SEDI-ATI a particip\u00e9 au projet ITER en r\u00e9alisant une embase multivoies \u00e0 base de fibres optiques herm\u00e9tiques, pour une application en milieu radiatif et cryog\u00e9nique.\" \/>\n<meta property=\"og:url\" content=\"https:\/\/www.sedi-ati.com\/fr\/cas_client\/iter-connecteur-fibres-optiques-hermetique-multivoies-hermoptic\/\" \/>\n<meta property=\"og:site_name\" content=\"SEDI-ATI\" \/>\n<meta property=\"article:modified_time\" content=\"2025-09-18T13:51:09+00:00\" \/>\n<meta property=\"og:image\" content=\"https:\/\/www.sedi-ati.com\/wp-content\/uploads\/2024\/09\/Hermoptic\u00ae.jpg\" \/>\n\t<meta property=\"og:image:width\" content=\"1024\" \/>\n\t<meta property=\"og:image:height\" content=\"1024\" \/>\n\t<meta property=\"og:image:type\" content=\"image\/jpeg\" \/>\n<meta name=\"twitter:card\" content=\"summary_large_image\" \/>\n<meta name=\"twitter:label1\" content=\"Dur\u00e9e de lecture estim\u00e9e\" \/>\n\t<meta name=\"twitter:data1\" content=\"8 minutes\" \/>\n<script type=\"application\/ld+json\" class=\"yoast-schema-graph\">{\"@context\":\"https:\\\/\\\/schema.org\",\"@graph\":[{\"@type\":\"WebPage\",\"@id\":\"https:\\\/\\\/www.sedi-ati.com\\\/fr\\\/cas_client\\\/iter-connecteur-fibres-optiques-hermetique-multivoies-hermoptic\\\/\",\"url\":\"https:\\\/\\\/www.sedi-ati.com\\\/fr\\\/cas_client\\\/iter-connecteur-fibres-optiques-hermetique-multivoies-hermoptic\\\/\",\"name\":\"ITER : Connecteur fibres optiques herm\u00e9tique multivoies HERMOPTIC\u00ae - SEDI-ATI\",\"isPartOf\":{\"@id\":\"https:\\\/\\\/www.sedi-ati.com\\\/fr\\\/#website\"},\"primaryImageOfPage\":{\"@id\":\"https:\\\/\\\/www.sedi-ati.com\\\/fr\\\/cas_client\\\/iter-connecteur-fibres-optiques-hermetique-multivoies-hermoptic\\\/#primaryimage\"},\"image\":{\"@id\":\"https:\\\/\\\/www.sedi-ati.com\\\/fr\\\/cas_client\\\/iter-connecteur-fibres-optiques-hermetique-multivoies-hermoptic\\\/#primaryimage\"},\"thumbnailUrl\":\"https:\\\/\\\/www.sedi-ati.com\\\/wp-content\\\/uploads\\\/2024\\\/09\\\/Hermoptic\u00ae.jpg\",\"datePublished\":\"2024-09-03T12:27:16+00:00\",\"dateModified\":\"2025-09-18T13:51:09+00:00\",\"description\":\"SEDI-ATI a particip\u00e9 au projet ITER en r\u00e9alisant une embase multivoies \u00e0 base de fibres optiques herm\u00e9tiques, pour une application en milieu radiatif et cryog\u00e9nique.\",\"breadcrumb\":{\"@id\":\"https:\\\/\\\/www.sedi-ati.com\\\/fr\\\/cas_client\\\/iter-connecteur-fibres-optiques-hermetique-multivoies-hermoptic\\\/#breadcrumb\"},\"inLanguage\":\"fr-FR\",\"potentialAction\":[{\"@type\":\"ReadAction\",\"target\":[\"https:\\\/\\\/www.sedi-ati.com\\\/fr\\\/cas_client\\\/iter-connecteur-fibres-optiques-hermetique-multivoies-hermoptic\\\/\"]}]},{\"@type\":\"ImageObject\",\"inLanguage\":\"fr-FR\",\"@id\":\"https:\\\/\\\/www.sedi-ati.com\\\/fr\\\/cas_client\\\/iter-connecteur-fibres-optiques-hermetique-multivoies-hermoptic\\\/#primaryimage\",\"url\":\"https:\\\/\\\/www.sedi-ati.com\\\/wp-content\\\/uploads\\\/2024\\\/09\\\/Hermoptic\u00ae.jpg\",\"contentUrl\":\"https:\\\/\\\/www.sedi-ati.com\\\/wp-content\\\/uploads\\\/2024\\\/09\\\/Hermoptic\u00ae.jpg\",\"width\":1024,\"height\":1024,\"caption\":\"ITER : Connecteur fibres optiques herm\u00e9tique multivoies HERMOPTIC\u00ae\"},{\"@type\":\"BreadcrumbList\",\"@id\":\"https:\\\/\\\/www.sedi-ati.com\\\/fr\\\/cas_client\\\/iter-connecteur-fibres-optiques-hermetique-multivoies-hermoptic\\\/#breadcrumb\",\"itemListElement\":[{\"@type\":\"ListItem\",\"position\":1,\"name\":\"Home\",\"item\":\"https:\\\/\\\/www.sedi-ati.com\\\/fr\\\/\"},{\"@type\":\"ListItem\",\"position\":2,\"name\":\"\u00c9nergie\",\"item\":\"https:\\\/\\\/www.sedi-ati.com\\\/fr\\\/applications\\\/application-energie\\\/\"},{\"@type\":\"ListItem\",\"position\":3,\"name\":\"ITER : Connecteur fibres optiques herm\u00e9tique multivoies HERMOPTIC\u00ae\"}]},{\"@type\":\"WebSite\",\"@id\":\"https:\\\/\\\/www.sedi-ati.com\\\/fr\\\/#website\",\"url\":\"https:\\\/\\\/www.sedi-ati.com\\\/fr\\\/\",\"name\":\"SEDI-ATI\",\"description\":\"Assemblages de fibres optiques sur mesure, bundles, fentes et pieuvres\",\"publisher\":{\"@id\":\"https:\\\/\\\/www.sedi-ati.com\\\/fr\\\/#organization\"},\"potentialAction\":[{\"@type\":\"SearchAction\",\"target\":{\"@type\":\"EntryPoint\",\"urlTemplate\":\"https:\\\/\\\/www.sedi-ati.com\\\/fr\\\/?s={search_term_string}\"},\"query-input\":{\"@type\":\"PropertyValueSpecification\",\"valueRequired\":true,\"valueName\":\"search_term_string\"}}],\"inLanguage\":\"fr-FR\"},{\"@type\":\"Organization\",\"@id\":\"https:\\\/\\\/www.sedi-ati.com\\\/fr\\\/#organization\",\"name\":\"SEDI-ATI\",\"url\":\"https:\\\/\\\/www.sedi-ati.com\\\/fr\\\/\",\"logo\":{\"@type\":\"ImageObject\",\"inLanguage\":\"fr-FR\",\"@id\":\"https:\\\/\\\/www.sedi-ati.com\\\/fr\\\/#\\\/schema\\\/logo\\\/image\\\/\",\"url\":\"https:\\\/\\\/www.sedi-ati.com\\\/wp-content\\\/uploads\\\/2019\\\/10\\\/Logo_SEDI-ATI_2019_avec-baseline.png\",\"contentUrl\":\"https:\\\/\\\/www.sedi-ati.com\\\/wp-content\\\/uploads\\\/2019\\\/10\\\/Logo_SEDI-ATI_2019_avec-baseline.png\",\"width\":300,\"height\":73,\"caption\":\"SEDI-ATI\"},\"image\":{\"@id\":\"https:\\\/\\\/www.sedi-ati.com\\\/fr\\\/#\\\/schema\\\/logo\\\/image\\\/\"},\"sameAs\":[\"https:\\\/\\\/www.linkedin.com\\\/company\\\/sedi-ati-fibres-optiques\\\/\",\"https:\\\/\\\/www.youtube.com\\\/@sedi-ati-fibres-optiques\"]}]}<\/script>\n<!-- \/ Yoast SEO plugin. -->","yoast_head_json":{"title":"ITER : Connecteur fibres optiques herm\u00e9tique multivoies HERMOPTIC\u00ae - SEDI-ATI","description":"SEDI-ATI a particip\u00e9 au projet ITER en r\u00e9alisant une embase multivoies \u00e0 base de fibres optiques herm\u00e9tiques, pour une application en milieu radiatif et cryog\u00e9nique.","robots":{"index":"index","follow":"follow","max-snippet":"max-snippet:-1","max-image-preview":"max-image-preview:large","max-video-preview":"max-video-preview:-1"},"canonical":"https:\/\/www.sedi-ati.com\/fr\/cas_client\/iter-connecteur-fibres-optiques-hermetique-multivoies-hermoptic\/","og_locale":"fr_FR","og_type":"article","og_title":"ITER : Connecteur fibres optiques herm\u00e9tique multivoies HERMOPTIC\u00ae - SEDI-ATI","og_description":"SEDI-ATI a particip\u00e9 au projet ITER en r\u00e9alisant une embase multivoies \u00e0 base de fibres optiques herm\u00e9tiques, pour une application en milieu radiatif et cryog\u00e9nique.","og_url":"https:\/\/www.sedi-ati.com\/fr\/cas_client\/iter-connecteur-fibres-optiques-hermetique-multivoies-hermoptic\/","og_site_name":"SEDI-ATI","article_modified_time":"2025-09-18T13:51:09+00:00","og_image":[{"width":1024,"height":1024,"url":"https:\/\/www.sedi-ati.com\/wp-content\/uploads\/2024\/09\/Hermoptic\u00ae.jpg","type":"image\/jpeg"}],"twitter_card":"summary_large_image","twitter_misc":{"Dur\u00e9e de lecture estim\u00e9e":"8 minutes"},"schema":{"@context":"https:\/\/schema.org","@graph":[{"@type":"WebPage","@id":"https:\/\/www.sedi-ati.com\/fr\/cas_client\/iter-connecteur-fibres-optiques-hermetique-multivoies-hermoptic\/","url":"https:\/\/www.sedi-ati.com\/fr\/cas_client\/iter-connecteur-fibres-optiques-hermetique-multivoies-hermoptic\/","name":"ITER : Connecteur fibres optiques herm\u00e9tique multivoies HERMOPTIC\u00ae - SEDI-ATI","isPartOf":{"@id":"https:\/\/www.sedi-ati.com\/fr\/#website"},"primaryImageOfPage":{"@id":"https:\/\/www.sedi-ati.com\/fr\/cas_client\/iter-connecteur-fibres-optiques-hermetique-multivoies-hermoptic\/#primaryimage"},"image":{"@id":"https:\/\/www.sedi-ati.com\/fr\/cas_client\/iter-connecteur-fibres-optiques-hermetique-multivoies-hermoptic\/#primaryimage"},"thumbnailUrl":"https:\/\/www.sedi-ati.com\/wp-content\/uploads\/2024\/09\/Hermoptic\u00ae.jpg","datePublished":"2024-09-03T12:27:16+00:00","dateModified":"2025-09-18T13:51:09+00:00","description":"SEDI-ATI a particip\u00e9 au projet ITER en r\u00e9alisant une embase multivoies \u00e0 base de fibres optiques herm\u00e9tiques, pour une application en milieu radiatif et cryog\u00e9nique.","breadcrumb":{"@id":"https:\/\/www.sedi-ati.com\/fr\/cas_client\/iter-connecteur-fibres-optiques-hermetique-multivoies-hermoptic\/#breadcrumb"},"inLanguage":"fr-FR","potentialAction":[{"@type":"ReadAction","target":["https:\/\/www.sedi-ati.com\/fr\/cas_client\/iter-connecteur-fibres-optiques-hermetique-multivoies-hermoptic\/"]}]},{"@type":"ImageObject","inLanguage":"fr-FR","@id":"https:\/\/www.sedi-ati.com\/fr\/cas_client\/iter-connecteur-fibres-optiques-hermetique-multivoies-hermoptic\/#primaryimage","url":"https:\/\/www.sedi-ati.com\/wp-content\/uploads\/2024\/09\/Hermoptic\u00ae.jpg","contentUrl":"https:\/\/www.sedi-ati.com\/wp-content\/uploads\/2024\/09\/Hermoptic\u00ae.jpg","width":1024,"height":1024,"caption":"ITER : Connecteur fibres optiques herm\u00e9tique multivoies HERMOPTIC\u00ae"},{"@type":"BreadcrumbList","@id":"https:\/\/www.sedi-ati.com\/fr\/cas_client\/iter-connecteur-fibres-optiques-hermetique-multivoies-hermoptic\/#breadcrumb","itemListElement":[{"@type":"ListItem","position":1,"name":"Home","item":"https:\/\/www.sedi-ati.com\/fr\/"},{"@type":"ListItem","position":2,"name":"\u00c9nergie","item":"https:\/\/www.sedi-ati.com\/fr\/applications\/application-energie\/"},{"@type":"ListItem","position":3,"name":"ITER : Connecteur fibres optiques herm\u00e9tique multivoies HERMOPTIC\u00ae"}]},{"@type":"WebSite","@id":"https:\/\/www.sedi-ati.com\/fr\/#website","url":"https:\/\/www.sedi-ati.com\/fr\/","name":"SEDI-ATI","description":"Assemblages de fibres optiques sur mesure, bundles, fentes et pieuvres","publisher":{"@id":"https:\/\/www.sedi-ati.com\/fr\/#organization"},"potentialAction":[{"@type":"SearchAction","target":{"@type":"EntryPoint","urlTemplate":"https:\/\/www.sedi-ati.com\/fr\/?s={search_term_string}"},"query-input":{"@type":"PropertyValueSpecification","valueRequired":true,"valueName":"search_term_string"}}],"inLanguage":"fr-FR"},{"@type":"Organization","@id":"https:\/\/www.sedi-ati.com\/fr\/#organization","name":"SEDI-ATI","url":"https:\/\/www.sedi-ati.com\/fr\/","logo":{"@type":"ImageObject","inLanguage":"fr-FR","@id":"https:\/\/www.sedi-ati.com\/fr\/#\/schema\/logo\/image\/","url":"https:\/\/www.sedi-ati.com\/wp-content\/uploads\/2019\/10\/Logo_SEDI-ATI_2019_avec-baseline.png","contentUrl":"https:\/\/www.sedi-ati.com\/wp-content\/uploads\/2019\/10\/Logo_SEDI-ATI_2019_avec-baseline.png","width":300,"height":73,"caption":"SEDI-ATI"},"image":{"@id":"https:\/\/www.sedi-ati.com\/fr\/#\/schema\/logo\/image\/"},"sameAs":["https:\/\/www.linkedin.com\/company\/sedi-ati-fibres-optiques\/","https:\/\/www.youtube.com\/@sedi-ati-fibres-optiques"]}]}},"_links":{"self":[{"href":"https:\/\/www.sedi-ati.com\/fr\/wp-json\/wp\/v2\/cas_client\/18869","targetHints":{"allow":["GET"]}}],"collection":[{"href":"https:\/\/www.sedi-ati.com\/fr\/wp-json\/wp\/v2\/cas_client"}],"about":[{"href":"https:\/\/www.sedi-ati.com\/fr\/wp-json\/wp\/v2\/types\/cas_client"}],"wp:featuredmedia":[{"embeddable":true,"href":"https:\/\/www.sedi-ati.com\/fr\/wp-json\/wp\/v2\/media\/19979"}],"wp:attachment":[{"href":"https:\/\/www.sedi-ati.com\/fr\/wp-json\/wp\/v2\/media?parent=18869"}],"wp:term":[{"taxonomy":"applications","embeddable":true,"href":"https:\/\/www.sedi-ati.com\/fr\/wp-json\/wp\/v2\/applications?post=18869"},{"taxonomy":"secteurs","embeddable":true,"href":"https:\/\/www.sedi-ati.com\/fr\/wp-json\/wp\/v2\/secteurs?post=18869"}],"curies":[{"name":"wp","href":"https:\/\/api.w.org\/{rel}","templated":true}]}}