{"id":10694,"date":"2023-03-22T16:52:58","date_gmt":"2023-03-22T15:52:58","guid":{"rendered":"https:\/\/www.sedi-ati.com\/?page_id=10694"},"modified":"2025-07-31T17:15:51","modified_gmt":"2025-07-31T15:15:51","slug":"solutions-sur-mesure","status":"publish","type":"page","link":"https:\/\/www.sedi-ati.com\/fr\/solutions-sur-mesure\/","title":{"rendered":"Solutions sur-mesure"},"content":{"rendered":"<section class=\"wpb-content-wrapper\"><p>[vc_row content_placement=\u00a0\u00bbmiddle\u00a0\u00bb el_class=\u00a0\u00bbz-index-1 chevauchement-horizontal-range range-applications\u00a0\u00bb][vc_column width=\u00a0\u00bb3\/5&Prime; css=\u00a0\u00bb.vc_custom_1685373321199{background-color: #4c4d4f !important;}\u00a0\u00bb el_class=\u00a0\u00bbshadow border-radius-hd-bd line-bottom line-blue txt-blanc block-grand-text\u00a0\u00bb][vc_raw_html el_class=\u00a0\u00bbgros-titre\u00a0\u00bb]JTNDcCUzRVNvbHV0aW9ucyUzQ3NwYW4lMjBjbGFzcyUzRCUyMnBvaW50LXJvdWdlJTIyJTNFJTNDJTJGc3BhbiUzRVN1ci1tZXN1cmUlM0MlMkZwJTNF[\/vc_raw_html][vc_column_text el_class=\u00a0\u00bbtitre-baseline\u00a0\u00bb]<\/p>\n<h2>Nous concevons des produits sur cahier des charges<\/h2>\n<p>[\/vc_column_text][vc_column_text]Vous avez besoin d\u2019une solution adapt\u00e9e aux sp\u00e9cificit\u00e9s de votre environnement, mais il n\u2019en existe pas de telle sur \u00e9tag\u00e8re ? SEDI-ATI vous aide \u00e0 surmonter vos difficult\u00e9s et \u00e0 relever vos d\u00e9fis ![\/vc_column_text][vc_btn title=\u00a0\u00bbContactez-nous\u00a0\u00bb style=\u00a0\u00bbcustom\u00a0\u00bb custom_background=\u00a0\u00bb#132f40&Prime; custom_text=\u00a0\u00bb#ffffff\u00a0\u00bb shape=\u00a0\u00bbsquare\u00a0\u00bb link=\u00a0\u00bburl:https%3A%2F%2Fwww.sedi-ati.com%2Fcontact%2F\u00a0\u00bb el_class=\u00a0\u00bbline-bottom line-blue\u00a0\u00bb][\/vc_column][vc_column width=\u00a0\u00bb1\/2&Prime; el_class=\u00a0\u00bbimg-entete\u00a0\u00bb][vc_single_image image=\u00a0\u00bb11533&Prime; img_size=\u00a0\u00bbfull\u00a0\u00bb alignment=\u00a0\u00bbcenter\u00a0\u00bb][\/vc_column][\/vc_row][vc_row disable_element=\u00a0\u00bbyes\u00a0\u00bb][vc_column width=\u00a0\u00bb1\/2&Prime;][vc_column_text el_class=\u00a0\u00bbpetit-titre petit-titre-txt\u00a0\u00bb]<\/p>\n<h3>Sp\u00e9cialiste des environnements extr\u00eames<\/h3>\n<p>[\/vc_column_text][vc_column_text]Depuis 1951, SEDI-ATI by Fiber Optics Group propose des solutions sur-mesure pour des applications en environnements extr\u00eames tels que :<\/p>\n<ul>\n<li>Les hautes-temp\u00e9ratures,<\/li>\n<li>La cryog\u00e9nie,<\/li>\n<li>La pression,<\/li>\n<li>Le vide et l&rsquo;ultravide,<\/li>\n<li>Les rayonnements et radiations,<\/li>\n<li>Les hautes tensions,<\/li>\n<li>Les milieux corrosifs et abrasifs,<\/li>\n<li>Les vibrations et chocs m\u00e9caniques.<\/li>\n<\/ul>\n<p>L&rsquo;expertise de nos Ing\u00e9nieurs Technico-Commerciaux est primordiale pour pouvoir proposer une solution parfaitement adapt\u00e9e \u00e0 votre environnement extr\u00eame, et prenant compte de vos contraintes.<\/p>\n<p>Tout est choisi en fonction de l&rsquo;environnement et de l&rsquo;application : la fibre, le rev\u00eatement, les connecteurs, les mat\u00e9riaux utilis\u00e9s, les techniques de d\u00e9veloppement et\/ou de montage, &#8230;<\/p>\n<p>Pour en savoir plus sur les environnements extr\u00eames que nous adressons et toutes leurs complexit\u00e9s, cliquez ici :[\/vc_column_text][\/vc_column][vc_column width=\u00a0\u00bb1\/2&Prime;][vc_column_text el_class=\u00a0\u00bbpetit-titre petit-titre-txt\u00a0\u00bb]<\/p>\n<h3>Les march\u00e9s adress\u00e9s<\/h3>\n<p>[\/vc_column_text][vc_column_text]Nos solutions fibr\u00e9es sont int\u00e9gr\u00e9es dans plusieurs segments de march\u00e9. On y retrouve :<\/p>\n<ul>\n<li>La d\u00e9fense compos\u00e9e des secteurs arm\u00e9e, marine et a\u00e9ronautique militaire,<\/li>\n<li>L&rsquo;a\u00e9rospatial comprenant l&rsquo;a\u00e9ronautique civil, le spatial et l&rsquo;astronomie,<\/li>\n<li>L&rsquo;industrie, soit la robotique, les lasers de puissance et le contr\u00f4le en ligne,<\/li>\n<li>L&rsquo;\u00e9nergie avec les \u00e9nergies fossiles, vertes, \u00e9lectrique et nucl\u00e9aire,<\/li>\n<li>La datacommunication, orient\u00e9e quantique (communication et m\u00e9trologie quantique),<\/li>\n<li>Le m\u00e9dical regroupant toute l&rsquo;instrumentation pour du diagnostic, de l&rsquo;analyse et de la mesure de dosim\u00e9trie.<\/li>\n<\/ul>\n<p>Les secteurs d&rsquo;activit\u00e9 \u00e9voluent selon le besoin du client.<\/p>\n<p>Pour en savoir plus, vous pouvez consulter nos cas d&rsquo;application, cat\u00e9goris\u00e9s selon le type d&rsquo;application souhait\u00e9, ou bien directement selon le secteur d&rsquo;activit\u00e9.[\/vc_column_text][\/vc_column][\/vc_row][vc_row disable_element=\u00a0\u00bbyes\u00a0\u00bb][vc_column width=\u00a0\u00bb1\/2&Prime;][vc_column_text el_class=\u00a0\u00bbpetit-titre petit-titre-txt\u00a0\u00bb]<\/p>\n<h3>Pourquoi la fibre optique ?<\/h3>\n<p>[\/vc_column_text][vc_column_text]La fibre optique est une technologie de transmission de donn\u00e9es qui repose sur la lumi\u00e8re pour faire circuler l\u2019information. Elle se pr\u00e9sente sous forme d&rsquo;un brin tr\u00e8s fin, compos\u00e9 de silice, et son but est de transporter de la lumi\u00e8re (sous forme de photons) d&rsquo;un point A \u00e0 un point B. Cette lumi\u00e8re encode l&rsquo;information, ce qui permet une communication extr\u00eamement rapide sur de longues distances. Les donn\u00e9es re\u00e7ues sont ensuite \u00e0 interpr\u00e9ter, en fonction de ce qui a \u00e9t\u00e9 mesur\u00e9 et de la nature de l&rsquo;application.<\/p>\n<p>Sa composition :<\/p>\n<ul>\n<li>le coeur (core) : c&rsquo;est la partie centrale de la fibre (en verre ou plastique). La lumi\u00e8re circule via cette partie.<\/li>\n<li>la gaine optique (cladding) : elle entoure le c\u0153ur et poss\u00e8de un indice de r\u00e9fraction diff\u00e9rent pour <strong data-start=\"950\" data-end=\"986\">contenir la lumi\u00e8re dans le c\u0153ur<\/strong> par un ph\u00e9nom\u00e8ne appel\u00e9 <strong data-start=\"1011\" data-end=\"1039\">r\u00e9flexion totale interne<\/strong>.<\/li>\n<li>le rev\u00eatement protecteur\u00a0 : couche plastique qui prot\u00e8ge la fibre des chocs, de l&rsquo;humidit\u00e9 et de la poussi\u00e8re.<\/li>\n<\/ul>\n<p>La fibre optique offre de r\u00e9els avantages compar\u00e9 aux solutions actuelles car :<\/p>\n<ul>\n<li>elle est intrins\u00e8quement insensible aux Interf\u00e9rences Electro-Magn\u00e9tiques (IEM), ce qui permet de l&rsquo;int\u00e9grer dans des endroits soumis \u00e0 des perturbations \u00e9lectro-magn\u00e9tiques ou des zones avec un brouillage radio par exemple.<\/li>\n<li>la transmission de donn\u00e9es est stable et continue pendant toute la dur\u00e9e de l&rsquo;op\u00e9ration.<\/li>\n<li>elle a une grande capacit\u00e9 de transmission de donn\u00e9es, gr\u00e2ce \u00e0 sa large bande passante (vid\u00e9o 4K, tr\u00e8s haut d\u00e9bit).<\/li>\n<\/ul>\n<p>La fibre optique est parfaitement adapt\u00e9e pour une utilisation en environnements extr\u00eames, l\u00e0 o\u00f9 d&rsquo;autres solutions ne sont pas assez r\u00e9sistantes.<\/p>\n<p>Mais, comme \u00e9voqu\u00e9 pr\u00e9c\u00e9demment, la fibre optique est un brin tr\u00e8s fin, compos\u00e9 de silice. Il faut savoir bien la manipuler.[\/vc_column_text][\/vc_column][vc_column width=\u00a0\u00bb1\/2&Prime;][vc_column_text el_class=\u00a0\u00bbpetit-titre petit-titre-txt\u00a0\u00bb]<\/p>\n<h3>Expertise et savoir-faire<\/h3>\n<p>[\/vc_column_text][vc_column_text]Nos solutions fibr\u00e9es sont int\u00e9gr\u00e9es dans plusieurs segments de march\u00e9. On y retrouve :<\/p>\n<ul>\n<li>La d\u00e9fense compos\u00e9e des secteurs arm\u00e9e, marine et a\u00e9ronautique militaire,<\/li>\n<li>L&rsquo;a\u00e9rospatial comprenant l&rsquo;a\u00e9ronautique civil, le spatial et l&rsquo;astronomie,<\/li>\n<li>L&rsquo;industrie, soit la robotique, les lasers de puissance et le contr\u00f4le en ligne,<\/li>\n<li>L&rsquo;\u00e9nergie avec les \u00e9nergies fossiles, vertes, \u00e9lectrique et nucl\u00e9aire,<\/li>\n<li>La datacommunication, orient\u00e9e quantique (communication et m\u00e9trologie quantique),<\/li>\n<li>Le m\u00e9dical regroupant toute l&rsquo;instrumentation pour du diagnostic, de l&rsquo;analyse et de la mesure de dosim\u00e9trie.<\/li>\n<\/ul>\n<p>Les secteurs d&rsquo;activit\u00e9 \u00e9voluent selon le besoin du client.<\/p>\n<p>Pour en savoir plus, vous pouvez consulter nos cas d&rsquo;application, cat\u00e9goris\u00e9s selon le type d&rsquo;application souhait\u00e9, ou bien directement selon le secteur d&rsquo;activit\u00e9.[\/vc_column_text][\/vc_column][\/vc_row][vc_row][vc_column width=\u00a0\u00bb1\/2&Prime;][vc_column_text el_class=\u00a0\u00bbpetit-titre petit-titre-txt\u00a0\u00bb]<\/p>\n<h3>Obtenez des conseils et un soutien continu de la part de notre \u00e9quipe<\/h3>\n<p>[\/vc_column_text][vc_column_text]Notre mission chez SEDI-ATI est de concevoir et de fabriquer des solutions cl\u00e9s en main \u00e0 base de fibres optiques pour vous permettre de transporter des photons dans n\u2019importe quel environnement, quelles que soient vos contraintes !<\/p>\n<p>Le support technique et le p\u00f4le Recherche &amp; D\u00e9veloppement (R&amp;D) sont les deux piliers qui permettent \u00e0 SEDI-ATI de concevoir la solution d\u00e9di\u00e9e \u00e0 votre application en environnement s\u00e9v\u00e8re ou extr\u00eame.<\/p>\n<p>En effet, forte d\u2019un gros bagage technique, l\u2019\u00e9quipe commerciale, compos\u00e9e exclusivement de technico-commerciaux exp\u00e9riment\u00e9s, peut vous orienter dans les choix techniques et technologiques \u00e0 faire lors des premiers \u00e9changes autour de votre projet.<\/p>\n<p>Le Business Line Manager (BLM) arrive en support technique pour \u00e9tablir les plans techniques, les listes de fabrication, les temps de fabrication, les prix de revient, et les d\u00e9lais de livraison \u00e0 r\u00e9ception de commande. De plus, lorsque le projet du client n\u00e9cessite de passer par une \u00e9tude de faisabilit\u00e9, c\u2019est lui qui transmet la demande \u00e0 la R&amp;D.<\/p>\n<p>Le client est tenu inform\u00e9 de l\u2019\u00e9tat de sa demande \u00e0 chaque avanc\u00e9e, de sa r\u00e9ception par le commercial \u00e0 sa livraison, en passant par chaque \u00e9tape du parcours client (intervention du BLM, envoi en production ou demande de faisabilit\u00e9 en R&amp;D puis production et exp\u00e9dition).<\/p>\n<p>Aussi, SEDI-ATI Fibres Optiques propose un accompagnement \u00e0 360\u00b0 avec un service post vente pour vous conseiller ou r\u00e9pondre \u00e0 toutes vos questions (mise en place de l\u2019assemblage, d\u00e9ploiement de la fibre, recommandations, \u2026).[\/vc_column_text][\/vc_column][vc_column width=\u00a0\u00bb1\/2&Prime;][vc_column_text el_class=\u00a0\u00bbpetit-titre petit-titre-txt\u00a0\u00bb]<\/p>\n<p><span style=\"color: white;\">Conseils et accompagnement continu<\/span><\/p>\n<p>[\/vc_column_text][vc_single_image image=\u00a0\u00bb11559&Prime; img_size=\u00a0\u00bbfull\u00a0\u00bb alignment=\u00a0\u00bbcenter\u00a0\u00bb][\/vc_column][\/vc_row][vc_row full_width=\u00a0\u00bbstretch_row\u00a0\u00bb disable_element=\u00a0\u00bbyes\u00a0\u00bb css=\u00a0\u00bb.vc_custom_1727087449325{background-color: #a4a9ad !important;}\u00a0\u00bb][vc_column el_class=\u00a0\u00bbline-bottom line-blue\u00a0\u00bb css=\u00a0\u00bb.vc_custom_1727084987606{background-color: #ffffff !important;}\u00a0\u00bb][vc_btn title=\u00a0\u00bbContactez-nous\u00a0\u00bb style=\u00a0\u00bbcustom\u00a0\u00bb custom_background=\u00a0\u00bb#132f40&Prime; custom_text=\u00a0\u00bb#ffffff\u00a0\u00bb shape=\u00a0\u00bbsquare\u00a0\u00bb align=\u00a0\u00bbcenter\u00a0\u00bb link=\u00a0\u00bburl:https%3A%2F%2Fwww.sedi-ati.com%2Fcontact%2F\u00a0\u00bb el_class=\u00a0\u00bbline-bottom line-blue\u00a0\u00bb][\/vc_column][\/vc_row][vc_row][vc_column width=\u00a0\u00bb1\/2&Prime;][vc_column_text el_class=\u00a0\u00bbpetit-titre petit-titre-txt\u00a0\u00bb]<\/p>\n<h3>Profitez de nos outils de production haute-technologie<\/h3>\n<p>[\/vc_column_text][vc_column_text]L\u2019<a href=\"https:\/\/www.sedi-ati.com\/fr\/nos-moyens-de-production\/\">usine de production<\/a> de SEDI-ATI Fibres Optiques a \u00e9t\u00e9 construite sur mesure pour r\u00e9pondre aux d\u00e9fis les plus complexes et \u00e0 vos applications les plus exigeantes.<\/p>\n<p>Nous avons \u00e9quip\u00e9 l\u2019usine de\u00a0:<\/p>\n<ul>\n<li>Deux salles blanches dont l\u2019une est ISO classe 7,<\/li>\n<li>Deux chambres d\u2019\u00e9vaporation,<\/li>\n<li>Chambres de test\u00a0: herm\u00e9ticit\u00e9 \u00e0 l\u2019h\u00e9lium, essais de pression jusqu\u2019\u00e0 1 000 bars et tests de traction,<\/li>\n<li>Chambres environnementales programmables,<\/li>\n<li>Stations de traitement du verre,<\/li>\n<li>Spectrophotom\u00e8tres et r\u00e9flectom\u00e8tres submillim\u00e9triques,<\/li>\n<li>Lasers accordables, lasers de puissance et lasers de gravure,<\/li>\n<li>Bancs de polissage et de montage,<\/li>\n<li>Perceuses de haute pr\u00e9cision et fraiseuses,<\/li>\n<li>Stations CAO Solidworks.<\/li>\n<\/ul>\n<p>Aussi, nous avons \u00e9tendu nos ateliers de production pour pouvoir augmenter nos capacit\u00e9s de production et r\u00e9pondre \u00e0 la demande grandissante.<\/p>\n<p>Nous pouvons r\u00e9pondre \u00e0 vos contraintes les plus extr\u00eames (pression, vide, variations de temp\u00e9ratures, milieux hostiles, chocs, etc), que ce soit pour de la d\u00e9fense, de l\u2019a\u00e9rospatial, de l\u2019\u00e9nergie, de l\u2019industrie, du m\u00e9dical ou de la datacommunication.[\/vc_column_text][\/vc_column][vc_column width=\u00a0\u00bb1\/2&Prime;][vc_column_text el_class=\u00a0\u00bbpetit-titre petit-titre-txt\u00a0\u00bb]<\/p>\n<h3>Participez \u00e0 la conception de votre solution<\/h3>\n<p>[\/vc_column_text][vc_column_text]Nous proposons des solutions sur mesure adapt\u00e9es \u00e0 vos applications et environnements extr\u00eames. De ce fait, comme nous concevons et fabriquons nos composants optiques presque exclusivement selon les sp\u00e9cifications de nos clients, notre large gamme de produits est finalement le fruit de la r\u00e9flexion men\u00e9e sur l\u2019\u00e9tude de leurs demandes.<\/p>\n<p>Le d\u00e9fi consiste \u00e0 concevoir le composant optique fibr\u00e9 le plus performant, le plus fiable et le plus robuste, pour r\u00e9sister \u00e0 des contraintes physiques et environnementales extr\u00eames.<\/p>\n<p>Vos assemblages sont personnalisables de la fibre optique jusqu\u2019au connecteur de sortie, en passant par le type de gaine et de rev\u00eatement, les connecteurs, ainsi que les mat\u00e9riaux de fabrication utilis\u00e9s. Pour qu\u2019elle s\u2019accorde au mieux \u00e0 votre environnement complexe ou extr\u00eame, chaque composant est s\u00e9lectionn\u00e9 selon l\u2019application finale de l\u2019assemblage pour vous garantir une utilisation optimale et durable et vous assurer les meilleurs r\u00e9sultats possibles.<\/p>\n<p>Aussi, notre participation \u00e0 de nombreux grands projets d\u2019envergure nous permet de d\u00e9velopper, tr\u00e8s vite, de nouvelles briques technologiques pouvant servir votre demande.[\/vc_column_text][\/vc_column][\/vc_row][vc_row][vc_column][vc_column_text el_class=\u00a0\u00bbpetit-titre petit-titre-txt\u00a0\u00bb]<\/p>\n<h3>Innovez avec notre \u00e9quipe R&amp;D<\/h3>\n<p>[\/vc_column_text][vc_column_text]L\u2019\u00e9coute et la compr\u00e9hension des march\u00e9s de nos clients nous permettent de concevoir les produits innovants de demain. L\u2019\u00e9quipe R&amp;D d\u00e9veloppe ainsi chaque ann\u00e9e de nouvelles <a href=\"https:\/\/www.sedi-ati.com\/fr\/nos-moyens-de-production\/\">briques technologiques<\/a> pour anticiper sur les besoins futurs de nos clients.<\/p>\n<p>Le p\u00f4le R&amp;D est tr\u00e8s pr\u00e9sent au sein de SEDI-ATI Fibres Optiques, puisqu\u2019en plus de d\u00e9velopper de nouvelles briques technologiques, il est aussi sollicit\u00e9 sur le design des pi\u00e8ces m\u00e9caniques, la r\u00e9alisation d\u2019\u00e9tudes de faisabilit\u00e9 et de qualifications, etc. Il travaille donc de concert avec le commercial pour pouvoir d\u00e9finir LE produit dont vous avez besoin.<\/p>\n<p>Notre P\u00f4le R&amp;D b\u00e9n\u00e9ficie d&rsquo;une \u00e9quipe d&rsquo;experts multidisciplinaires, ainsi que de moyens d&rsquo;assemblage sophistiqu\u00e9s et de bancs de mesures et d&rsquo;essais.<\/p>\n<p>Cette \u00e9quipe est compos\u00e9e de :<\/p>\n<ul>\n<li>Un directeur\u00a0;<\/li>\n<li>Responsables techniques ;<\/li>\n<li>Responsables d\u2019\u00e9tudes<\/li>\n<li>D&rsquo;ing\u00e9nieurs R&amp;D ;<\/li>\n<li>Et de techniciens R&amp;D.<\/li>\n<\/ul>\n<p>Ces professionnels, hautement qualifi\u00e9s, excellent dans divers domaines techniques tels que le fa\u00e7onnage et l&rsquo;assemblage de composants complexes \u00e0 base de fibres optiques, la conception et la r\u00e9alisation de sous-ensembles r\u00e9sistants \u00e0 des environnements complexes et extr\u00eames, l&rsquo;opto-m\u00e9canique, la micro-m\u00e9canique, la m\u00e9trologie, l&rsquo;instrumentation, l&rsquo;optique non-lin\u00e9aire et les essais de qualification.<\/p>\n<p>Engag\u00e9e dans plusieurs projets simultan\u00e9s, cette \u00e9quipe op\u00e8re en mode projet selon les standards PMP et applique des processus de d\u00e9veloppement de produits conformes \u00e0 l&rsquo;ISO 9001. Elle poss\u00e8de la capacit\u00e9 d&rsquo;accompagner ses clients dans le d\u00e9veloppement de solutions complexes \u00e0 partir du plus faible niveau de maturit\u00e9 technologique TRL0.[\/vc_column_text][\/vc_column][\/vc_row][vc_row full_width=\u00a0\u00bbstretch_row\u00a0\u00bb css=\u00a0\u00bb.vc_custom_1681826081894{background-color: #a4a9ad !important;}\u00a0\u00bb][vc_column][vc_row_inner][vc_column_inner width=\u00a0\u00bb1\/6&Prime;][\/vc_column_inner][vc_column_inner el_class=\u00a0\u00bbshadow border-radius-hd-bd line-bottom line-blue\u00a0\u00bb width=\u00a0\u00bb2\/3&Prime; css=\u00a0\u00bb.vc_custom_1679652604813{background-color: #ffffff !important;}\u00a0\u00bb][vc_column_text el_class=\u00a0\u00bbbaseline\u00a0\u00bb]<\/p>\n<p style=\"text-align: center;\">N\u2019h\u00e9sitez pas \u00e0 vous rapprocher de nous et \u00e0 nous faire part de votre demande sp\u00e9cifique<\/p>\n<p>[\/vc_column_text][vc_btn title=\u00a0\u00bbDemande de devis\u00a0\u00bb style=\u00a0\u00bbcustom\u00a0\u00bb custom_background=\u00a0\u00bb#132f40&Prime; custom_text=\u00a0\u00bb#ffffff\u00a0\u00bb shape=\u00a0\u00bbsquare\u00a0\u00bb align=\u00a0\u00bbcenter\u00a0\u00bb link=\u00a0\u00bburl:%2Ffr%2Fdemande-de-devis%2F\u00a0\u00bb el_class=\u00a0\u00bbline-bottom line-blue\u00a0\u00bb][\/vc_column_inner][vc_column_inner width=\u00a0\u00bb1\/6&Prime;][\/vc_column_inner][\/vc_row_inner][\/vc_column][\/vc_row][vc_row][vc_column][vc_btn title=\u00a0\u00bb^\u00a0\u00bb style=\u00a0\u00bbflat\u00a0\u00bb shape=\u00a0\u00bbsquare\u00a0\u00bb link=\u00a0\u00bburl:%23Wrapper\u00a0\u00bb el_class=\u00a0\u00bbbtn-haut\u00a0\u00bb][\/vc_column][\/vc_row]<\/p>\n<\/section>","protected":false},"excerpt":{"rendered":"<p>[vc_row content_placement=\u00a0\u00bbmiddle\u00a0\u00bb el_class=\u00a0\u00bbz-index-1 chevauchement-horizontal-range range-applications\u00a0\u00bb][vc_column width=\u00a0\u00bb3\/5&Prime; css=\u00a0\u00bb.vc_custom_1685373321199{background-color: #4c4d4f !important;}\u00a0\u00bb el_class=\u00a0\u00bbshadow border-radius-hd-bd line-bottom line-blue txt-blanc block-grand-text\u00a0\u00bb][vc_raw_html el_class=\u00a0\u00bbgros-titre\u00a0\u00bb]JTNDcCUzRVNvbHV0aW9ucyUzQ3NwYW4lMjBjbGFzcyUzRCUyMnBvaW50LXJvdWdlJTIyJTNFJTNDJTJGc3BhbiUzRVN1ci1tZXN1cmUlM0MlMkZwJTNF[\/vc_raw_html][vc_column_text el_class=\u00a0\u00bbtitre-baseline\u00a0\u00bb] Nous concevons des produits sur cahier des charges [\/vc_column_text][vc_column_text]Vous<span class=\"excerpt-hellip\"> [\u2026]<\/span><\/p>\n","protected":false},"author":8,"featured_media":0,"parent":0,"menu_order":0,"comment_status":"closed","ping_status":"closed","template":"","meta":{"_acf_changed":false,"rs_blank_template":"","rs_page_bg_color":"","slide_template_v7":"","footnotes":""},"class_list":["post-10694","page","type-page","status-publish","hentry"],"acf":[],"yoast_head":"<!-- This site is optimized with the Yoast SEO plugin v27.5 - https:\/\/yoast.com\/product\/yoast-seo-wordpress\/ -->\n<title>Solution composant fibre optique sur mesure, conception \u00e9quipement fibr\u00e9 sur cahier des charges<\/title>\n<meta name=\"description\" content=\"SEDI ATI con\u00e7oit et fabrique des composants sur mesure \u00e0 base de fibres optiques. Consultez-nous pour en savoir plus et avancer sur votre projet.\" \/>\n<meta name=\"robots\" content=\"index, follow, max-snippet:-1, max-image-preview:large, max-video-preview:-1\" \/>\n<link rel=\"canonical\" href=\"https:\/\/www.sedi-ati.com\/fr\/solutions-sur-mesure\/\" \/>\n<meta property=\"og:locale\" content=\"fr_FR\" \/>\n<meta property=\"og:type\" content=\"article\" \/>\n<meta property=\"og:title\" content=\"Solution composant fibre optique sur mesure, conception \u00e9quipement fibr\u00e9 sur cahier des charges\" \/>\n<meta property=\"og:description\" content=\"SEDI ATI con\u00e7oit et fabrique des composants sur mesure \u00e0 base de fibres optiques. Consultez-nous pour en savoir plus et avancer sur votre projet.\" \/>\n<meta property=\"og:url\" content=\"https:\/\/www.sedi-ati.com\/fr\/solutions-sur-mesure\/\" \/>\n<meta property=\"og:site_name\" content=\"SEDI-ATI\" \/>\n<meta property=\"article:modified_time\" content=\"2025-07-31T15:15:51+00:00\" \/>\n<meta name=\"twitter:card\" content=\"summary_large_image\" \/>\n<meta name=\"twitter:label1\" content=\"Dur\u00e9e de lecture estim\u00e9e\" \/>\n\t<meta name=\"twitter:data1\" content=\"9 minutes\" \/>\n<script type=\"application\/ld+json\" class=\"yoast-schema-graph\">{\"@context\":\"https:\\\/\\\/schema.org\",\"@graph\":[{\"@type\":\"WebPage\",\"@id\":\"https:\\\/\\\/www.sedi-ati.com\\\/fr\\\/solutions-sur-mesure\\\/\",\"url\":\"https:\\\/\\\/www.sedi-ati.com\\\/fr\\\/solutions-sur-mesure\\\/\",\"name\":\"Solution composant fibre optique sur mesure, conception \u00e9quipement fibr\u00e9 sur cahier des charges\",\"isPartOf\":{\"@id\":\"https:\\\/\\\/www.sedi-ati.com\\\/fr\\\/#website\"},\"datePublished\":\"2023-03-22T15:52:58+00:00\",\"dateModified\":\"2025-07-31T15:15:51+00:00\",\"description\":\"SEDI ATI con\u00e7oit et fabrique des composants sur mesure \u00e0 base de fibres optiques. Consultez-nous pour en savoir plus et avancer sur votre projet.\",\"breadcrumb\":{\"@id\":\"https:\\\/\\\/www.sedi-ati.com\\\/fr\\\/solutions-sur-mesure\\\/#breadcrumb\"},\"inLanguage\":\"fr-FR\",\"potentialAction\":[{\"@type\":\"ReadAction\",\"target\":[\"https:\\\/\\\/www.sedi-ati.com\\\/fr\\\/solutions-sur-mesure\\\/\"]}]},{\"@type\":\"BreadcrumbList\",\"@id\":\"https:\\\/\\\/www.sedi-ati.com\\\/fr\\\/solutions-sur-mesure\\\/#breadcrumb\",\"itemListElement\":[{\"@type\":\"ListItem\",\"position\":1,\"name\":\"Home\",\"item\":\"https:\\\/\\\/www.sedi-ati.com\\\/fr\\\/\"},{\"@type\":\"ListItem\",\"position\":2,\"name\":\"Solutions sur-mesure\"}]},{\"@type\":\"WebSite\",\"@id\":\"https:\\\/\\\/www.sedi-ati.com\\\/fr\\\/#website\",\"url\":\"https:\\\/\\\/www.sedi-ati.com\\\/fr\\\/\",\"name\":\"SEDI-ATI\",\"description\":\"Assemblages de fibres optiques sur mesure, bundles, fentes et pieuvres\",\"publisher\":{\"@id\":\"https:\\\/\\\/www.sedi-ati.com\\\/fr\\\/#organization\"},\"potentialAction\":[{\"@type\":\"SearchAction\",\"target\":{\"@type\":\"EntryPoint\",\"urlTemplate\":\"https:\\\/\\\/www.sedi-ati.com\\\/fr\\\/?s={search_term_string}\"},\"query-input\":{\"@type\":\"PropertyValueSpecification\",\"valueRequired\":true,\"valueName\":\"search_term_string\"}}],\"inLanguage\":\"fr-FR\"},{\"@type\":\"Organization\",\"@id\":\"https:\\\/\\\/www.sedi-ati.com\\\/fr\\\/#organization\",\"name\":\"SEDI-ATI\",\"url\":\"https:\\\/\\\/www.sedi-ati.com\\\/fr\\\/\",\"logo\":{\"@type\":\"ImageObject\",\"inLanguage\":\"fr-FR\",\"@id\":\"https:\\\/\\\/www.sedi-ati.com\\\/fr\\\/#\\\/schema\\\/logo\\\/image\\\/\",\"url\":\"https:\\\/\\\/www.sedi-ati.com\\\/wp-content\\\/uploads\\\/2019\\\/10\\\/Logo_SEDI-ATI_2019_avec-baseline.png\",\"contentUrl\":\"https:\\\/\\\/www.sedi-ati.com\\\/wp-content\\\/uploads\\\/2019\\\/10\\\/Logo_SEDI-ATI_2019_avec-baseline.png\",\"width\":300,\"height\":73,\"caption\":\"SEDI-ATI\"},\"image\":{\"@id\":\"https:\\\/\\\/www.sedi-ati.com\\\/fr\\\/#\\\/schema\\\/logo\\\/image\\\/\"},\"sameAs\":[\"https:\\\/\\\/www.linkedin.com\\\/company\\\/sedi-ati-fibres-optiques\\\/\",\"https:\\\/\\\/www.youtube.com\\\/@sedi-ati-fibres-optiques\"]}]}<\/script>\n<!-- \/ Yoast SEO plugin. -->","yoast_head_json":{"title":"Solution composant fibre optique sur mesure, conception \u00e9quipement fibr\u00e9 sur cahier des charges","description":"SEDI ATI con\u00e7oit et fabrique des composants sur mesure \u00e0 base de fibres optiques. Consultez-nous pour en savoir plus et avancer sur votre projet.","robots":{"index":"index","follow":"follow","max-snippet":"max-snippet:-1","max-image-preview":"max-image-preview:large","max-video-preview":"max-video-preview:-1"},"canonical":"https:\/\/www.sedi-ati.com\/fr\/solutions-sur-mesure\/","og_locale":"fr_FR","og_type":"article","og_title":"Solution composant fibre optique sur mesure, conception \u00e9quipement fibr\u00e9 sur cahier des charges","og_description":"SEDI ATI con\u00e7oit et fabrique des composants sur mesure \u00e0 base de fibres optiques. Consultez-nous pour en savoir plus et avancer sur votre projet.","og_url":"https:\/\/www.sedi-ati.com\/fr\/solutions-sur-mesure\/","og_site_name":"SEDI-ATI","article_modified_time":"2025-07-31T15:15:51+00:00","twitter_card":"summary_large_image","twitter_misc":{"Dur\u00e9e de lecture estim\u00e9e":"9 minutes"},"schema":{"@context":"https:\/\/schema.org","@graph":[{"@type":"WebPage","@id":"https:\/\/www.sedi-ati.com\/fr\/solutions-sur-mesure\/","url":"https:\/\/www.sedi-ati.com\/fr\/solutions-sur-mesure\/","name":"Solution composant fibre optique sur mesure, conception \u00e9quipement fibr\u00e9 sur cahier des charges","isPartOf":{"@id":"https:\/\/www.sedi-ati.com\/fr\/#website"},"datePublished":"2023-03-22T15:52:58+00:00","dateModified":"2025-07-31T15:15:51+00:00","description":"SEDI ATI con\u00e7oit et fabrique des composants sur mesure \u00e0 base de fibres optiques. Consultez-nous pour en savoir plus et avancer sur votre projet.","breadcrumb":{"@id":"https:\/\/www.sedi-ati.com\/fr\/solutions-sur-mesure\/#breadcrumb"},"inLanguage":"fr-FR","potentialAction":[{"@type":"ReadAction","target":["https:\/\/www.sedi-ati.com\/fr\/solutions-sur-mesure\/"]}]},{"@type":"BreadcrumbList","@id":"https:\/\/www.sedi-ati.com\/fr\/solutions-sur-mesure\/#breadcrumb","itemListElement":[{"@type":"ListItem","position":1,"name":"Home","item":"https:\/\/www.sedi-ati.com\/fr\/"},{"@type":"ListItem","position":2,"name":"Solutions sur-mesure"}]},{"@type":"WebSite","@id":"https:\/\/www.sedi-ati.com\/fr\/#website","url":"https:\/\/www.sedi-ati.com\/fr\/","name":"SEDI-ATI","description":"Assemblages de fibres optiques sur mesure, bundles, fentes et pieuvres","publisher":{"@id":"https:\/\/www.sedi-ati.com\/fr\/#organization"},"potentialAction":[{"@type":"SearchAction","target":{"@type":"EntryPoint","urlTemplate":"https:\/\/www.sedi-ati.com\/fr\/?s={search_term_string}"},"query-input":{"@type":"PropertyValueSpecification","valueRequired":true,"valueName":"search_term_string"}}],"inLanguage":"fr-FR"},{"@type":"Organization","@id":"https:\/\/www.sedi-ati.com\/fr\/#organization","name":"SEDI-ATI","url":"https:\/\/www.sedi-ati.com\/fr\/","logo":{"@type":"ImageObject","inLanguage":"fr-FR","@id":"https:\/\/www.sedi-ati.com\/fr\/#\/schema\/logo\/image\/","url":"https:\/\/www.sedi-ati.com\/wp-content\/uploads\/2019\/10\/Logo_SEDI-ATI_2019_avec-baseline.png","contentUrl":"https:\/\/www.sedi-ati.com\/wp-content\/uploads\/2019\/10\/Logo_SEDI-ATI_2019_avec-baseline.png","width":300,"height":73,"caption":"SEDI-ATI"},"image":{"@id":"https:\/\/www.sedi-ati.com\/fr\/#\/schema\/logo\/image\/"},"sameAs":["https:\/\/www.linkedin.com\/company\/sedi-ati-fibres-optiques\/","https:\/\/www.youtube.com\/@sedi-ati-fibres-optiques"]}]}},"_links":{"self":[{"href":"https:\/\/www.sedi-ati.com\/fr\/wp-json\/wp\/v2\/pages\/10694","targetHints":{"allow":["GET"]}}],"collection":[{"href":"https:\/\/www.sedi-ati.com\/fr\/wp-json\/wp\/v2\/pages"}],"about":[{"href":"https:\/\/www.sedi-ati.com\/fr\/wp-json\/wp\/v2\/types\/page"}],"author":[{"embeddable":true,"href":"https:\/\/www.sedi-ati.com\/fr\/wp-json\/wp\/v2\/users\/8"}],"replies":[{"embeddable":true,"href":"https:\/\/www.sedi-ati.com\/fr\/wp-json\/wp\/v2\/comments?post=10694"}],"version-history":[{"count":6,"href":"https:\/\/www.sedi-ati.com\/fr\/wp-json\/wp\/v2\/pages\/10694\/revisions"}],"predecessor-version":[{"id":21081,"href":"https:\/\/www.sedi-ati.com\/fr\/wp-json\/wp\/v2\/pages\/10694\/revisions\/21081"}],"wp:attachment":[{"href":"https:\/\/www.sedi-ati.com\/fr\/wp-json\/wp\/v2\/media?parent=10694"}],"curies":[{"name":"wp","href":"https:\/\/api.w.org\/{rel}","templated":true}]}}