{"id":10965,"date":"2023-05-15T14:12:26","date_gmt":"2023-05-15T12:12:26","guid":{"rendered":"https:\/\/www.sedi-ati.com\/?page_id=10965"},"modified":"2024-10-22T10:53:37","modified_gmt":"2024-10-22T08:53:37","slug":"datacommunication-fibre-optique","status":"publish","type":"page","link":"https:\/\/www.sedi-ati.com\/fr\/datacommunication-fibre-optique\/","title":{"rendered":"Solution \u00e0 base de fibre optique pour le secteur de la datacommunication"},"content":{"rendered":"<section class=\"wpb-content-wrapper\"><p>[vc_row content_placement=\u00a0\u00bbmiddle\u00a0\u00bb el_class=\u00a0\u00bbz-index-1 chevauchement-horizontal-range range-applications\u00a0\u00bb][vc_column width=\u00a0\u00bb3\/5&Prime; css=\u00a0\u00bb.vc_custom_1684157163579{background-color: #ac61c7 !important;}\u00a0\u00bb el_class=\u00a0\u00bbshadow border-radius-hd-bd line-bottom line-blue txt-blanc block-grand-text\u00a0\u00bb][vc_raw_html el_class=\u00a0\u00bbgros-titre flex-column-mobile flex-column-desk\u00a0\u00bb]JTNDcCUzRUFwcGxpY2F0aW9ucyUzQ3NwYW4lMjBjbGFzcyUzRCUyMnBvaW50LXJvdWdlJTIyJTNFJTNDJTJGc3BhbiUzRURhdGEtJTNDJTJGcCUzRSUwQSUzQ3AlM0VDb21tdW5pY2F0aW9uJTNDJTJGcCUzRQ==[\/vc_raw_html][vc_column_text css_animation=\u00a0\u00bbnone\u00a0\u00bb el_class=\u00a0\u00bbtitre-baseline\u00a0\u00bb]<\/p>\n<h2>Utilisation de la fibre optique pour le secteur de la datacommunication<\/h2>\n<p>[\/vc_column_text][vc_column_text]Avec l\u2019av\u00e8nement du quantique, la communication de donn\u00e9es ou datacommunication prend un nouveau tournant. La fibre optique est plus que jamais au c\u0153ur de toutes les attentions que ce soit pour des applications de communication quantique ou de m\u00e9trologie quantique.[\/vc_column_text][vc_btn title=\u00a0\u00bbContactez-nous\u00a0\u00bb style=\u00a0\u00bbcustom\u00a0\u00bb custom_background=\u00a0\u00bb#132f40&Prime; custom_text=\u00a0\u00bb#ffffff\u00a0\u00bb shape=\u00a0\u00bbsquare\u00a0\u00bb link=\u00a0\u00bburl:https%3A%2F%2Fwww.sedi-ati.com%2Ffr%2Fcontact%2F\u00a0\u00bb el_class=\u00a0\u00bbline-bottom line-blue\u00a0\u00bb][\/vc_column][vc_column width=\u00a0\u00bb1\/2&Prime; el_class=\u00a0\u00bbimg-entete\u00a0\u00bb][vc_single_image image=\u00a0\u00bb11187&Prime; img_size=\u00a0\u00bbfull\u00a0\u00bb alignment=\u00a0\u00bbcenter\u00a0\u00bb][\/vc_column][\/vc_row][vc_row full_width=\u00a0\u00bbstretch_row\u00a0\u00bb css_animation=\u00a0\u00bbslideInDown\u00a0\u00bb css=\u00a0\u00bb.vc_custom_1685535966407{background-image: url(https:\/\/www.sedi-ati.com\/wp-content\/uploads\/2023\/04\/Background-encart-6.jpg?id=10798) !important;background-position: center !important;background-repeat: no-repeat !important;background-size: contain !important;}\u00a0\u00bb el_class=\u00a0\u00bboverflow-visible-all encart-encre-secteurs\u00a0\u00bb][vc_column offset=\u00a0\u00bbvc_hidden-xs\u00a0\u00bb][vc_raw_html]JTNDZGl2JTIwY2xhc3MlM0QlMjJjYXJkcy13cmFwcGVyJTIyJTNFJTBBJTIwJTIwJTIwJTIwJTNDZGl2JTIwY2xhc3MlM0QlMjJjYXJkcyUyMGNhcmRzLTItZW5jcmUlMjIlM0UlMEElMjAlMjAlMjAlMjAlMjAlMjAlMjAlMjAlM0NkaXYlMjBjbGFzcyUzRCUyMmxpbmUtYm90dG9tJTIwbGluZS1ibHVlJTIwY2FyZC1kYXRhJTIwY2FyZC1jb21tdSUyMGNhcmQlMjBjYXJkLTElMjIlM0UlMEElMjAlMjAlMjAlMjAlMjAlMjAlMjAlMjAlMjAlMjAlMjAlMjAlM0NkaXYlMjBjbGFzcyUzRCUyMmF2YW50JTIyJTNFJTNDJTJGZGl2JTNFJTBBJTIwJTIwJTIwJTIwJTIwJTIwJTIwJTIwJTIwJTIwJTIwJTIwJTNDZGl2JTIwY2xhc3MlM0QlMjJhcHJlcyUyMiUzRSUzQyUyRmRpdiUzRSUzQ2ElMjBocmVmJTNEJTIyJTIzY29tbXUlMjIlM0VDb21tdW5pY2F0aW9uJTIwcXVhbnRpcXVlJTNDJTJGYSUzRSUwQSUyMCUyMCUyMCUyMCUyMCUyMCUyMCUyMCUzQyUyRmRpdiUzRSUwQSUyMCUyMCUyMCUyMCUyMCUyMCUyMCUyMCUzQ2RpdiUyMGNsYXNzJTNEJTIybGluZS1ib3R0b20lMjBsaW5lLWJsdWUlMjBjYXJkLWRhdGElMjBjYXJkLW1ldHJvJTIwY2FyZCUyMGNhcmQtMiUyMiUzRSUwQSUyMCUyMCUyMCUyMCUyMCUyMCUyMCUyMCUyMCUyMCUyMCUyMCUzQ2RpdiUyMGNsYXNzJTNEJTIyYXZhbnQlMjIlM0UlM0MlMkZkaXYlM0UlMEElMjAlMjAlMjAlMjAlMjAlMjAlMjAlMjAlMjAlMjAlMjAlMjAlM0NkaXYlMjBjbGFzcyUzRCUyMmFwcmVzJTIyJTNFJTNDJTJGZGl2JTNFJTNDYSUyMGhyZWYlM0QlMjIlMjNtZXRybyUyMiUzRU0lQzMlQTl0cm9sb2dpZSUyMHF1YW50aXF1ZSUzQyUyRmElM0UlMEElMjAlMjAlMjAlMjAlMjAlMjAlMjAlMjAlM0MlMkZkaXYlM0UlMEElMjAlMjAlMjAlMjAlM0MlMkZkaXYlM0UlMEElM0MlMkZkaXYlM0U=[\/vc_raw_html][\/vc_column][\/vc_row][vc_row full_width=\u00a0\u00bbstretch_row\u00a0\u00bb css_animation=\u00a0\u00bbnone\u00a0\u00bb css=\u00a0\u00bb.vc_custom_1686034313588{background-position: center !important;background-repeat: no-repeat !important;background-size: contain !important;}\u00a0\u00bb][vc_column offset=\u00a0\u00bbvc_hidden-xs\u00a0\u00bb][\/vc_column][\/vc_row][vc_row full_width=\u00a0\u00bbstretch_row\u00a0\u00bb css=\u00a0\u00bb.vc_custom_1684157277826{background-color: #ac61c7 !important;}\u00a0\u00bb][vc_column][vc_column_text]<a name=\"communication-quantique\"><\/a>[\/vc_column_text][\/vc_column][\/vc_row][vc_row full_width=\u00a0\u00bbstretch_row_content\u00a0\u00bb content_placement=\u00a0\u00bbmiddle\u00a0\u00bb el_class=\u00a0\u00bbz-index-1 chevauchement-horizontal-range range-applications range-applications-cas-client\u00a0\u00bb css=\u00a0\u00bb.vc_custom_1684157287705{background-color: #ac61c7 !important;}\u00a0\u00bb][vc_column width=\u00a0\u00bb1\/2&Prime; css=\u00a0\u00bb.vc_custom_1681302070858{background-color: #ffffff !important;}\u00a0\u00bb el_class=\u00a0\u00bbshadow border-radius-hd-bd line-bottom line-blue\u00a0\u00bb][vc_row_inner el_class=\u00a0\u00bbheight-padding-margin-zero\u00a0\u00bb][vc_column_inner][vc_column_text]<a id=\"commu\" name=\"commu\"><\/a>[\/vc_column_text][\/vc_column_inner][\/vc_row_inner][vc_row_inner][vc_column_inner el_class=\u00a0\u00bbwith-0-1240&Prime; width=\u00a0\u00bb1\/3&Prime;][\/vc_column_inner][vc_column_inner width=\u00a0\u00bb2\/3&Prime;][vc_raw_html el_class=\u00a0\u00bbgros-titre flex-column-mobile\u00a0\u00bb]JTNDcCUzRUNvbW11bmljYXRpb24lM0NzcGFuJTIwY2xhc3MlM0QlMjJwb2ludC1yb3VnZSUyMiUzRSUzQyUyRnNwYW4lM0VRdWFudGlxdWUlM0MlMkZwJTNF[\/vc_raw_html][vc_column_text el_class=\u00a0\u00bbtitre-baseline\u00a0\u00bb]<\/p>\n<h2>Solution de fibre optique pour la communication quantique<\/h2>\n<p>[\/vc_column_text][vc_column_text]La photonique joue un r\u00f4le central dans le d\u00e9veloppement des technologies de l\u2019information quantique. Les <strong class=\"d2b\">syst\u00e8mes de distribution de cl\u00e9s quantiques<\/strong> pour la <strong class=\"d2b\">cryptographie<\/strong> sont d\u00e9j\u00e0 sur le commerce et, gr\u00e2ce \u00e0 leur vitesse et \u00e0 leur robustesse \u00e0 la d\u00e9coh\u00e9rence, les photons sont au c\u0153ur des nombreux avancements vers des r\u00e9seaux s\u00e9curis\u00e9s \u00e0 grande \u00e9chelle, des <strong class=\"d2b\">syst\u00e8mes m\u00e9trologiques<\/strong> et des <strong class=\"d2b\">processeurs quantiques<\/strong>.[\/vc_column_text][vc_btn title=\u00a0\u00bbContactez-nous\u00a0\u00bb style=\u00a0\u00bbcustom\u00a0\u00bb custom_background=\u00a0\u00bb#132f40&Prime; custom_text=\u00a0\u00bb#ffffff\u00a0\u00bb shape=\u00a0\u00bbsquare\u00a0\u00bb link=\u00a0\u00bburl:https%3A%2F%2Fwww.sedi-ati.com%2Fcontact%2F\u00a0\u00bb el_class=\u00a0\u00bbline-bottom line-blue\u00a0\u00bb][\/vc_column_inner][\/vc_row_inner][\/vc_column][vc_column width=\u00a0\u00bb1\/2&Prime;][vc_single_image image=\u00a0\u00bb11180&Prime; img_size=\u00a0\u00bbfull\u00a0\u00bb alignment=\u00a0\u00bbcenter\u00a0\u00bb][\/vc_column][\/vc_row][vc_row full_width=\u00a0\u00bbstretch_row\u00a0\u00bb el_class=\u00a0\u00bbchevauchement-vertical-range petit-chevauchement\u00a0\u00bb][vc_column][vc_text_separator title=\u00a0\u00bbCas client\u00a0\u00bb title_align=\u00a0\u00bbseparator_align_left\u00a0\u00bb color=\u00a0\u00bbcustom\u00a0\u00bb border_width=\u00a0\u00bb2&Prime; el_class=\u00a0\u00bbpetit-titre txt-blanc\u00a0\u00bb accent_color=\u00a0\u00bb#ffffff\u00a0\u00bb][vc_empty_space height=\u00a0\u00bb10px\u00a0\u00bb][vc_basic_grid post_type=\u00a0\u00bbcas_client\u00a0\u00bb max_items=\u00a0\u00bb5&Prime; item=\u00a0\u00bb10738&Prime; initial_loading_animation=\u00a0\u00bbfadeInUp\u00a0\u00bb grid_id=\u00a0\u00bbvc_gid:1729587079328-d6324614-8573-2&Prime; taxonomies=\u00a0\u00bb433858&Prime;][\/vc_column][\/vc_row][vc_row][vc_column][vc_empty_space height=\u00a0\u00bb30px\u00a0\u00bb css=\u00a0\u00bb.vc_custom_1679648631772{background-color: #ffffff !important;}\u00a0\u00bb el_id=\u00a0\u00bbmarine\u00a0\u00bb][\/vc_column][\/vc_row][vc_row full_width=\u00a0\u00bbstretch_row\u00a0\u00bb css=\u00a0\u00bb.vc_custom_1684157318956{background-color: #ba97c6 !important;}\u00a0\u00bb][vc_column][vc_column_text]<a name=\"metrologie-quantique\"><\/a>[\/vc_column_text][\/vc_column][\/vc_row][vc_row full_width=\u00a0\u00bbstretch_row_content\u00a0\u00bb content_placement=\u00a0\u00bbmiddle\u00a0\u00bb el_class=\u00a0\u00bbz-index-1 chevauchement-horizontal-range range-applications range-applications-cas-client\u00a0\u00bb css=\u00a0\u00bb.vc_custom_1684157327894{background-color: #ba97c6 !important;}\u00a0\u00bb][vc_column width=\u00a0\u00bb1\/2&Prime; css=\u00a0\u00bb.vc_custom_1681302148647{background-color: #ffffff !important;}\u00a0\u00bb el_class=\u00a0\u00bbshadow border-radius-hd-bd line-bottom line-blue\u00a0\u00bb][vc_row_inner el_class=\u00a0\u00bbheight-padding-margin-zero\u00a0\u00bb][vc_column_inner][vc_column_text]<a name=\"metro\"><\/a><a name=\"metrologie-quantique\"><\/a>[\/vc_column_text][\/vc_column_inner][\/vc_row_inner][vc_row_inner][vc_column_inner el_class=\u00a0\u00bbwith-0-1240&Prime; width=\u00a0\u00bb1\/3&Prime;][\/vc_column_inner][vc_column_inner width=\u00a0\u00bb2\/3&Prime;][vc_raw_html el_class=\u00a0\u00bbgros-titre\u00a0\u00bb]JTNDcCUzRU0lQzMlQTl0cm9sb2dpZSUzQ3NwYW4lMjBjbGFzcyUzRCUyMnBvaW50LXJvdWdlJTIyJTNFJTNDJTJGc3BhbiUzRVF1YW50aXF1ZSUzQyUyRnAlM0U=[\/vc_raw_html][vc_column_text el_class=\u00a0\u00bbtitre-baseline\u00a0\u00bb]<\/p>\n<h2>Solution de technologie \u00e0 base de fibre optique pour la m\u00e9trologie quantique<\/h2>\n<p>[\/vc_column_text][vc_column_text]La photonique quantique entre aujourd\u2019hui dans un nouveau champ d\u2019application, relatif a\u0300 la me\u0301trologie et aux <strong class=\"d2b\">capteurs quantiques<\/strong>. Elle se met notamment au service de la spectroscopie pour la caract\u00e9risation de mat\u00e9riaux. Des <strong class=\"d2b\">fibres optiques spe\u0301ciales<\/strong> de nouvelle ge\u0301ne\u0301ration permettent de travailler \u00e0 des temp\u00e9ratures cryog\u00e9niques, indispensables pour le bon fonctionnement des sources de photons uniques (\u00e9metteurs quantiques \u00e0 semi-conducteurs).[\/vc_column_text][vc_btn title=\u00a0\u00bbContactez-nous\u00a0\u00bb style=\u00a0\u00bbcustom\u00a0\u00bb custom_background=\u00a0\u00bb#132f40&Prime; custom_text=\u00a0\u00bb#ffffff\u00a0\u00bb shape=\u00a0\u00bbsquare\u00a0\u00bb link=\u00a0\u00bburl:https%3A%2F%2Fwww.sedi-ati.com%2Ffr%2Fcontact%2F\u00a0\u00bb el_class=\u00a0\u00bbline-bottom line-blue\u00a0\u00bb][\/vc_column_inner][\/vc_row_inner][\/vc_column][vc_column width=\u00a0\u00bb1\/2&Prime;][vc_single_image image=\u00a0\u00bb11185&Prime; img_size=\u00a0\u00bbfull\u00a0\u00bb alignment=\u00a0\u00bbcenter\u00a0\u00bb][\/vc_column][\/vc_row][vc_row][vc_column][vc_btn title=\u00a0\u00bb^\u00a0\u00bb style=\u00a0\u00bbflat\u00a0\u00bb shape=\u00a0\u00bbsquare\u00a0\u00bb link=\u00a0\u00bburl:%23Wrapper\u00a0\u00bb el_class=\u00a0\u00bbbtn-haut\u00a0\u00bb][\/vc_column][\/vc_row]<\/p>\n<\/section>","protected":false},"excerpt":{"rendered":"<p>[vc_row content_placement=\u00a0\u00bbmiddle\u00a0\u00bb el_class=\u00a0\u00bbz-index-1 chevauchement-horizontal-range range-applications\u00a0\u00bb][vc_column width=\u00a0\u00bb3\/5&Prime; css=\u00a0\u00bb.vc_custom_1684157163579{background-color: #ac61c7 !important;}\u00a0\u00bb el_class=\u00a0\u00bbshadow border-radius-hd-bd line-bottom line-blue txt-blanc block-grand-text\u00a0\u00bb][vc_raw_html el_class=\u00a0\u00bbgros-titre flex-column-mobile flex-column-desk\u00a0\u00bb]JTNDcCUzRUFwcGxpY2F0aW9ucyUzQ3NwYW4lMjBjbGFzcyUzRCUyMnBvaW50LXJvdWdlJTIyJTNFJTNDJTJGc3BhbiUzRURhdGEtJTNDJTJGcCUzRSUwQSUzQ3AlM0VDb21tdW5pY2F0aW9uJTNDJTJGcCUzRQ==[\/vc_raw_html][vc_column_text css_animation=\u00a0\u00bbnone\u00a0\u00bb el_class=\u00a0\u00bbtitre-baseline\u00a0\u00bb] Utilisation de la fibre optique pour<span class=\"excerpt-hellip\"> [\u2026]<\/span><\/p>\n","protected":false},"author":8,"featured_media":0,"parent":0,"menu_order":0,"comment_status":"closed","ping_status":"closed","template":"","meta":{"_acf_changed":false,"rs_blank_template":"","rs_page_bg_color":"","slide_template_v7":"","footnotes":""},"class_list":["post-10965","page","type-page","status-publish","hentry"],"acf":[],"yoast_head":"<!-- This site is optimized with the Yoast SEO plugin v27.5 - https:\/\/yoast.com\/product\/yoast-seo-wordpress\/ -->\n<title>Fibre optique pour datacommunication, communication quantique, m\u00e9trologie quantique<\/title>\n<meta name=\"description\" content=\"SEDI-ATI propose des solutions sur mesure avec la fibre optique pour la datacommunication, la communication quantique ou la m\u00e9trologie quantique. Contactez-nous pour en savoir plus !\" \/>\n<meta name=\"robots\" content=\"index, follow, max-snippet:-1, max-image-preview:large, max-video-preview:-1\" \/>\n<link rel=\"canonical\" href=\"https:\/\/www.sedi-ati.com\/fr\/datacommunication-fibre-optique\/\" \/>\n<meta property=\"og:locale\" content=\"fr_FR\" \/>\n<meta property=\"og:type\" content=\"article\" \/>\n<meta property=\"og:title\" content=\"Fibre optique pour datacommunication, communication quantique, m\u00e9trologie quantique\" \/>\n<meta property=\"og:description\" content=\"SEDI-ATI propose des solutions sur mesure avec la fibre optique pour la datacommunication, la communication quantique ou la m\u00e9trologie quantique. Contactez-nous pour en savoir plus !\" \/>\n<meta property=\"og:url\" content=\"https:\/\/www.sedi-ati.com\/fr\/datacommunication-fibre-optique\/\" \/>\n<meta property=\"og:site_name\" content=\"SEDI-ATI\" \/>\n<meta property=\"article:modified_time\" content=\"2024-10-22T08:53:37+00:00\" \/>\n<meta name=\"twitter:card\" content=\"summary_large_image\" \/>\n<meta name=\"twitter:label1\" content=\"Dur\u00e9e de lecture estim\u00e9e\" \/>\n\t<meta name=\"twitter:data1\" content=\"3 minutes\" \/>\n<script type=\"application\/ld+json\" class=\"yoast-schema-graph\">{\"@context\":\"https:\\\/\\\/schema.org\",\"@graph\":[{\"@type\":\"WebPage\",\"@id\":\"https:\\\/\\\/www.sedi-ati.com\\\/fr\\\/datacommunication-fibre-optique\\\/\",\"url\":\"https:\\\/\\\/www.sedi-ati.com\\\/fr\\\/datacommunication-fibre-optique\\\/\",\"name\":\"Fibre optique pour datacommunication, communication quantique, m\u00e9trologie quantique\",\"isPartOf\":{\"@id\":\"https:\\\/\\\/www.sedi-ati.com\\\/fr\\\/#website\"},\"datePublished\":\"2023-05-15T12:12:26+00:00\",\"dateModified\":\"2024-10-22T08:53:37+00:00\",\"description\":\"SEDI-ATI propose des solutions sur mesure avec la fibre optique pour la datacommunication, la communication quantique ou la m\u00e9trologie quantique. Contactez-nous pour en savoir plus !\",\"breadcrumb\":{\"@id\":\"https:\\\/\\\/www.sedi-ati.com\\\/fr\\\/datacommunication-fibre-optique\\\/#breadcrumb\"},\"inLanguage\":\"fr-FR\",\"potentialAction\":[{\"@type\":\"ReadAction\",\"target\":[\"https:\\\/\\\/www.sedi-ati.com\\\/fr\\\/datacommunication-fibre-optique\\\/\"]}]},{\"@type\":\"BreadcrumbList\",\"@id\":\"https:\\\/\\\/www.sedi-ati.com\\\/fr\\\/datacommunication-fibre-optique\\\/#breadcrumb\",\"itemListElement\":[{\"@type\":\"ListItem\",\"position\":1,\"name\":\"Home\",\"item\":\"https:\\\/\\\/www.sedi-ati.com\\\/fr\\\/\"},{\"@type\":\"ListItem\",\"position\":2,\"name\":\"Solution \u00e0 base de fibre optique pour le secteur de la datacommunication\"}]},{\"@type\":\"WebSite\",\"@id\":\"https:\\\/\\\/www.sedi-ati.com\\\/fr\\\/#website\",\"url\":\"https:\\\/\\\/www.sedi-ati.com\\\/fr\\\/\",\"name\":\"SEDI-ATI\",\"description\":\"Assemblages de fibres optiques sur mesure, bundles, fentes et pieuvres\",\"publisher\":{\"@id\":\"https:\\\/\\\/www.sedi-ati.com\\\/fr\\\/#organization\"},\"potentialAction\":[{\"@type\":\"SearchAction\",\"target\":{\"@type\":\"EntryPoint\",\"urlTemplate\":\"https:\\\/\\\/www.sedi-ati.com\\\/fr\\\/?s={search_term_string}\"},\"query-input\":{\"@type\":\"PropertyValueSpecification\",\"valueRequired\":true,\"valueName\":\"search_term_string\"}}],\"inLanguage\":\"fr-FR\"},{\"@type\":\"Organization\",\"@id\":\"https:\\\/\\\/www.sedi-ati.com\\\/fr\\\/#organization\",\"name\":\"SEDI-ATI\",\"url\":\"https:\\\/\\\/www.sedi-ati.com\\\/fr\\\/\",\"logo\":{\"@type\":\"ImageObject\",\"inLanguage\":\"fr-FR\",\"@id\":\"https:\\\/\\\/www.sedi-ati.com\\\/fr\\\/#\\\/schema\\\/logo\\\/image\\\/\",\"url\":\"https:\\\/\\\/www.sedi-ati.com\\\/wp-content\\\/uploads\\\/2019\\\/10\\\/Logo_SEDI-ATI_2019_avec-baseline.png\",\"contentUrl\":\"https:\\\/\\\/www.sedi-ati.com\\\/wp-content\\\/uploads\\\/2019\\\/10\\\/Logo_SEDI-ATI_2019_avec-baseline.png\",\"width\":300,\"height\":73,\"caption\":\"SEDI-ATI\"},\"image\":{\"@id\":\"https:\\\/\\\/www.sedi-ati.com\\\/fr\\\/#\\\/schema\\\/logo\\\/image\\\/\"},\"sameAs\":[\"https:\\\/\\\/www.linkedin.com\\\/company\\\/sedi-ati-fibres-optiques\\\/\",\"https:\\\/\\\/www.youtube.com\\\/@sedi-ati-fibres-optiques\"]}]}<\/script>\n<!-- \/ Yoast SEO plugin. -->","yoast_head_json":{"title":"Fibre optique pour datacommunication, communication quantique, m\u00e9trologie quantique","description":"SEDI-ATI propose des solutions sur mesure avec la fibre optique pour la datacommunication, la communication quantique ou la m\u00e9trologie quantique. Contactez-nous pour en savoir plus !","robots":{"index":"index","follow":"follow","max-snippet":"max-snippet:-1","max-image-preview":"max-image-preview:large","max-video-preview":"max-video-preview:-1"},"canonical":"https:\/\/www.sedi-ati.com\/fr\/datacommunication-fibre-optique\/","og_locale":"fr_FR","og_type":"article","og_title":"Fibre optique pour datacommunication, communication quantique, m\u00e9trologie quantique","og_description":"SEDI-ATI propose des solutions sur mesure avec la fibre optique pour la datacommunication, la communication quantique ou la m\u00e9trologie quantique. Contactez-nous pour en savoir plus !","og_url":"https:\/\/www.sedi-ati.com\/fr\/datacommunication-fibre-optique\/","og_site_name":"SEDI-ATI","article_modified_time":"2024-10-22T08:53:37+00:00","twitter_card":"summary_large_image","twitter_misc":{"Dur\u00e9e de lecture estim\u00e9e":"3 minutes"},"schema":{"@context":"https:\/\/schema.org","@graph":[{"@type":"WebPage","@id":"https:\/\/www.sedi-ati.com\/fr\/datacommunication-fibre-optique\/","url":"https:\/\/www.sedi-ati.com\/fr\/datacommunication-fibre-optique\/","name":"Fibre optique pour datacommunication, communication quantique, m\u00e9trologie quantique","isPartOf":{"@id":"https:\/\/www.sedi-ati.com\/fr\/#website"},"datePublished":"2023-05-15T12:12:26+00:00","dateModified":"2024-10-22T08:53:37+00:00","description":"SEDI-ATI propose des solutions sur mesure avec la fibre optique pour la datacommunication, la communication quantique ou la m\u00e9trologie quantique. Contactez-nous pour en savoir plus !","breadcrumb":{"@id":"https:\/\/www.sedi-ati.com\/fr\/datacommunication-fibre-optique\/#breadcrumb"},"inLanguage":"fr-FR","potentialAction":[{"@type":"ReadAction","target":["https:\/\/www.sedi-ati.com\/fr\/datacommunication-fibre-optique\/"]}]},{"@type":"BreadcrumbList","@id":"https:\/\/www.sedi-ati.com\/fr\/datacommunication-fibre-optique\/#breadcrumb","itemListElement":[{"@type":"ListItem","position":1,"name":"Home","item":"https:\/\/www.sedi-ati.com\/fr\/"},{"@type":"ListItem","position":2,"name":"Solution \u00e0 base de fibre optique pour le secteur de la datacommunication"}]},{"@type":"WebSite","@id":"https:\/\/www.sedi-ati.com\/fr\/#website","url":"https:\/\/www.sedi-ati.com\/fr\/","name":"SEDI-ATI","description":"Assemblages de fibres optiques sur mesure, bundles, fentes et pieuvres","publisher":{"@id":"https:\/\/www.sedi-ati.com\/fr\/#organization"},"potentialAction":[{"@type":"SearchAction","target":{"@type":"EntryPoint","urlTemplate":"https:\/\/www.sedi-ati.com\/fr\/?s={search_term_string}"},"query-input":{"@type":"PropertyValueSpecification","valueRequired":true,"valueName":"search_term_string"}}],"inLanguage":"fr-FR"},{"@type":"Organization","@id":"https:\/\/www.sedi-ati.com\/fr\/#organization","name":"SEDI-ATI","url":"https:\/\/www.sedi-ati.com\/fr\/","logo":{"@type":"ImageObject","inLanguage":"fr-FR","@id":"https:\/\/www.sedi-ati.com\/fr\/#\/schema\/logo\/image\/","url":"https:\/\/www.sedi-ati.com\/wp-content\/uploads\/2019\/10\/Logo_SEDI-ATI_2019_avec-baseline.png","contentUrl":"https:\/\/www.sedi-ati.com\/wp-content\/uploads\/2019\/10\/Logo_SEDI-ATI_2019_avec-baseline.png","width":300,"height":73,"caption":"SEDI-ATI"},"image":{"@id":"https:\/\/www.sedi-ati.com\/fr\/#\/schema\/logo\/image\/"},"sameAs":["https:\/\/www.linkedin.com\/company\/sedi-ati-fibres-optiques\/","https:\/\/www.youtube.com\/@sedi-ati-fibres-optiques"]}]}},"_links":{"self":[{"href":"https:\/\/www.sedi-ati.com\/fr\/wp-json\/wp\/v2\/pages\/10965","targetHints":{"allow":["GET"]}}],"collection":[{"href":"https:\/\/www.sedi-ati.com\/fr\/wp-json\/wp\/v2\/pages"}],"about":[{"href":"https:\/\/www.sedi-ati.com\/fr\/wp-json\/wp\/v2\/types\/page"}],"author":[{"embeddable":true,"href":"https:\/\/www.sedi-ati.com\/fr\/wp-json\/wp\/v2\/users\/8"}],"replies":[{"embeddable":true,"href":"https:\/\/www.sedi-ati.com\/fr\/wp-json\/wp\/v2\/comments?post=10965"}],"version-history":[{"count":5,"href":"https:\/\/www.sedi-ati.com\/fr\/wp-json\/wp\/v2\/pages\/10965\/revisions"}],"predecessor-version":[{"id":20210,"href":"https:\/\/www.sedi-ati.com\/fr\/wp-json\/wp\/v2\/pages\/10965\/revisions\/20210"}],"wp:attachment":[{"href":"https:\/\/www.sedi-ati.com\/fr\/wp-json\/wp\/v2\/media?parent=10965"}],"curies":[{"name":"wp","href":"https:\/\/api.w.org\/{rel}","templated":true}]}}