{"id":10982,"date":"2023-05-15T16:42:56","date_gmt":"2023-05-15T14:42:56","guid":{"rendered":"https:\/\/www.sedi-ati.com\/?page_id=10982"},"modified":"2025-09-18T15:57:41","modified_gmt":"2025-09-18T13:57:41","slug":"solution-fibre-optique-secteur-energetique","status":"publish","type":"page","link":"https:\/\/www.sedi-ati.com\/fr\/solution-fibre-optique-secteur-energetique\/","title":{"rendered":"Solution \u00e0 base de fibre optique pour le secteur de l&rsquo;\u00e9nergie"},"content":{"rendered":"<section class=\"wpb-content-wrapper\"><p>[vc_row content_placement=\u00a0\u00bbmiddle\u00a0\u00bb el_class=\u00a0\u00bbz-index-1 chevauchement-horizontal-range range-applications\u00a0\u00bb][vc_column width=\u00a0\u00bb3\/5&Prime; css=\u00a0\u00bb.vc_custom_1685437342074{background-color: #4bad3c !important;}\u00a0\u00bb el_class=\u00a0\u00bbshadow border-radius-hd-bd line-bottom line-blue txt-blanc block-grand-text\u00a0\u00bb][vc_raw_html el_class=\u00a0\u00bbgros-titre flex-column-mobile\u00a0\u00bb]JTNDcCUzRUFwcGxpY2F0aW9ucyUzQ3NwYW4lMjBjbGFzcyUzRCUyMnBvaW50LXJvdWdlJTIyJTNFJTNDJTJGc3BhbiUzRUVuZXJnaWUlM0MlMkZwJTNF[\/vc_raw_html][vc_column_text el_class=\u00a0\u00bbtitre-baseline\u00a0\u00bb]<\/p>\n<h2>Utilisation de la fibre optique pour le secteur de l&rsquo;\u00e9nergie<\/h2>\n<p>[\/vc_column_text][vc_column_text]Les <strong class=\"d2b\">secteurs de l\u2019\u00e9nergie<\/strong> tels que l\u2019<strong class=\"d2b\">\u00e9nergie \u00e9lectrique<\/strong>, les <strong class=\"d2b\">\u00e9oliennes<\/strong>, le <strong class=\"d2b\">nucl\u00e9aire<\/strong>, le <strong class=\"d2b\">p\u00e9trole<\/strong> et le gaz adoptent de plus en plus de <strong>technologies de fibre optique<\/strong>. Les applications regorgent\u00a0<a href=\"https:\/\/www.sedi-ati.com\/fr\/\">d\u2019environnements complexes et hostiles\u00a0<\/a>comme les produits chimiques, les radiations, les temp\u00e9ratures extr\u00eames\u2026 SEDI-ATI fournit des <strong class=\"d2b\">composants sur mesure \u00e0 base de fibres optiques passives<\/strong> robustes et performants, adapt\u00e9s \u00e0 ces applications dangereuses.[\/vc_column_text][vc_btn title=\u00a0\u00bbContactez-nous\u00a0\u00bb style=\u00a0\u00bbcustom\u00a0\u00bb custom_background=\u00a0\u00bb#132f40&Prime; custom_text=\u00a0\u00bb#ffffff\u00a0\u00bb shape=\u00a0\u00bbsquare\u00a0\u00bb link=\u00a0\u00bburl:https%3A%2F%2Fwww.sedi-ati.com%2Ffr%2Fcontact%2F\u00a0\u00bb el_class=\u00a0\u00bbline-bottom line-blue\u00a0\u00bb][\/vc_column][vc_column width=\u00a0\u00bb1\/2&Prime; el_class=\u00a0\u00bbimg-entete\u00a0\u00bb][vc_single_image image=\u00a0\u00bb11151&Prime; img_size=\u00a0\u00bbfull\u00a0\u00bb alignment=\u00a0\u00bbcenter\u00a0\u00bb][\/vc_column][\/vc_row][vc_row full_width=\u00a0\u00bbstretch_row\u00a0\u00bb css_animation=\u00a0\u00bbslideInDown\u00a0\u00bb css=\u00a0\u00bb.vc_custom_1685515817023{background-image: url(https:\/\/www.sedi-ati.com\/wp-content\/uploads\/2023\/04\/Background-encart-6.jpg?id=10798) !important;background-position: center !important;background-repeat: no-repeat !important;background-size: contain !important;}\u00a0\u00bb el_class=\u00a0\u00bboverflow-visible-all encart-encre-secteurs\u00a0\u00bb][vc_column offset=\u00a0\u00bbvc_hidden-xs\u00a0\u00bb][vc_raw_html]JTNDZGl2JTIwY2xhc3MlM0QlMjJjYXJkcy13cmFwcGVyJTIyJTNFJTBBJTIwJTIwJTIwJTIwJTNDZGl2JTIwY2xhc3MlM0QlMjJjYXJkcyUyMGNhcmRzLTQtZW5jcmUlMjIlM0UlMEElMjAlMjAlMjAlMjAlMjAlMjAlMjAlMjAlM0NkaXYlMjBjbGFzcyUzRCUyMmxpbmUtYm90dG9tJTIwbGluZS1ibHVlJTIwY2FyZC1lbmVyZ2llJTIwY2FyZC1lbGVjJTIwY2FyZCUyMGNhcmQtMSUyMiUzRSUwQSUyMCUyMCUyMCUyMCUyMCUyMCUyMCUyMCUyMCUyMCUyMCUyMCUzQ2RpdiUyMGNsYXNzJTNEJTIyYXZhbnQlMjIlM0UlM0MlMkZkaXYlM0UlMEElMjAlMjAlMjAlMjAlMjAlMjAlMjAlMjAlMjAlMjAlMjAlMjAlM0NkaXYlMjBjbGFzcyUzRCUyMmFwcmVzJTIyJTNFJTNDJTJGZGl2JTNFJTNDYSUyMGhyZWYlM0QlMjIlMjNlbGVjJTIyJTNFRGlzdHJpYnV0aW9uJTIwJUMzJUE5bGVjdHJpcXVlJTNDJTJGYSUzRSUwQSUyMCUyMCUyMCUyMCUyMCUyMCUyMCUyMCUzQyUyRmRpdiUzRSUwQSUyMCUyMCUyMCUyMCUyMCUyMCUyMCUyMCUzQ2RpdiUyMGNsYXNzJTNEJTIybGluZS1ib3R0b20lMjBsaW5lLWJsdWUlMjBjYXJkLWVuZXJnaWUlMjBjYXJkLXBldHJvbGUlMjBjYXJkJTIwY2FyZC0yJTIyJTNFJTBBJTIwJTIwJTIwJTIwJTIwJTIwJTIwJTIwJTIwJTIwJTIwJTIwJTNDZGl2JTIwY2xhc3MlM0QlMjJhdmFudCUyMiUzRSUzQyUyRmRpdiUzRSUwQSUyMCUyMCUyMCUyMCUyMCUyMCUyMCUyMCUyMCUyMCUyMCUyMCUzQ2RpdiUyMGNsYXNzJTNEJTIyYXByZXMlMjIlM0UlM0MlMkZkaXYlM0UlM0NhJTIwaHJlZiUzRCUyMiUyM3BldHJvbGUlMjIlM0VQJUMzJUE5dHJvbGUlMjAlMjYlMjBnYXolM0MlMkZhJTNFJTBBJTIwJTIwJTIwJTIwJTIwJTIwJTIwJTIwJTNDJTJGZGl2JTNFJTBBJTIwJTIwJTIwJTIwJTIwJTIwJTIwJTIwJTNDZGl2JTIwY2xhc3MlM0QlMjJsaW5lLWJvdHRvbSUyMGxpbmUtYmx1ZSUyMGNhcmQtZW5lcmdpZSUyMGNhcmQtbnVjbGVhaXJlJTIwY2FyZCUyMGNhcmQtMyUyMiUzRSUwQSUyMCUyMCUyMCUyMCUyMCUyMCUyMCUyMCUyMCUyMCUyMCUyMCUzQ2RpdiUyMGNsYXNzJTNEJTIyYXZhbnQlMjIlM0UlM0MlMkZkaXYlM0UlMEElMjAlMjAlMjAlMjAlMjAlMjAlMjAlMjAlMjAlMjAlMjAlMjAlM0NkaXYlMjBjbGFzcyUzRCUyMmFwcmVzJTIyJTNFJTNDJTJGZGl2JTNFJTNDYSUyMGhyZWYlM0QlMjIlMjNudWNsZWFpcmUlMjIlM0UlQzMlODluZXJnaWUlMjBudWNsJUMzJUE5YWlyZSUzQyUyRmElM0UlMEElMjAlMjAlMjAlMjAlMjAlMjAlMjAlMjAlM0MlMkZkaXYlM0UlMEElMjAlMjAlMjAlMjAlMjAlMjAlMjAlMjAlM0NkaXYlMjBjbGFzcyUzRCUyMmxpbmUtYm90dG9tJTIwbGluZS1ibHVlJTIwY2FyZC1lbmVyZ2llJTIwY2FyZC12ZXJ0ZSUyMGNhcmQlMjBjYXJkLTQlMjIlM0UlMEElMjAlMjAlMjAlMjAlMjAlMjAlMjAlMjAlMjAlMjAlMjAlMjAlM0NkaXYlMjBjbGFzcyUzRCUyMmF2YW50JTIyJTNFJTNDJTJGZGl2JTNFJTBBJTIwJTIwJTIwJTIwJTIwJTIwJTIwJTIwJTIwJTIwJTIwJTIwJTNDZGl2JTIwY2xhc3MlM0QlMjJhcHJlcyUyMiUzRSUzQyUyRmRpdiUzRSUzQ2ElMjBocmVmJTNEJTIyJTIzdmVydGUlMjIlM0UlQzMlODluZXJnaWUlMjB2ZXJ0ZSUzQyUyRmElM0UlMEElMjAlMjAlMjAlMjAlMjAlMjAlMjAlMjAlM0MlMkZkaXYlM0UlMEElMjAlMjAlMjAlMjAlMjAlMjAlMjAlMjAlM0NkaXYlMjBjbGFzcyUzRCUyMmxpbmUtYm90dG9tJTIwbGluZS1ibHVlJTIwY2FyZC1lbmVyZ2llJTIwY2FyZC1waHlzaXF1ZSUyMGNhcmQlMjBjYXJkLTUlMjIlM0UlMEElMjAlMjAlMjAlMjAlMjAlMjAlMjAlMjAlMjAlMjAlMjAlMjAlM0NkaXYlMjBjbGFzcyUzRCUyMmF2YW50JTIyJTNFJTNDJTJGZGl2JTNFJTBBJTIwJTIwJTIwJTIwJTIwJTIwJTIwJTIwJTIwJTIwJTIwJTIwJTNDZGl2JTIwY2xhc3MlM0QlMjJhcHJlcyUyMiUzRSUzQyUyRmRpdiUzRSUzQ2ElMjBocmVmJTNEJTIyJTIzcGh5c2lxdWUtcGFydGljdWxlJTIyJTNFUGh5c2lxdWUlMjBkZXMlMjBwYXJ0aWN1bGVzJTNDJTJGYSUzRSUwQSUyMCUyMCUyMCUyMCUyMCUyMCUyMCUyMCUzQyUyRmRpdiUzRSUwQSUyMCUyMCUyMCUyMCUzQyUyRmRpdiUzRSUwQSUzQyUyRmRpdiUzRSUwQSUzQ2RpdiUyMGNsYXNzJTNEJTIyYXJyb3clMjBhcnJvdy1sZWZ0JTIyJTNFJTNDJTNDJTJGZGl2JTNFJTBBJTNDZGl2JTIwY2xhc3MlM0QlMjJhcnJvdyUyMGFycm93LXJpZ2h0JTIyJTNFJTNFJTNDJTJGZGl2JTNF[\/vc_raw_html][\/vc_column][\/vc_row][vc_row full_width=\u00a0\u00bbstretch_row\u00a0\u00bb css=\u00a0\u00bb.vc_custom_1685437374020{background-color: #5abc42 !important;}\u00a0\u00bb][vc_column][vc_column_text]<a name=\"energie-electrique\"><\/a>[\/vc_column_text][\/vc_column][\/vc_row][vc_row full_width=\u00a0\u00bbstretch_row_content\u00a0\u00bb content_placement=\u00a0\u00bbmiddle\u00a0\u00bb el_class=\u00a0\u00bbz-index-1 chevauchement-horizontal-range range-applications range-applications-cas-client\u00a0\u00bb css=\u00a0\u00bb.vc_custom_1685437384350{background-color: #5abc42 !important;}\u00a0\u00bb][vc_column width=\u00a0\u00bb1\/2&Prime; css=\u00a0\u00bb.vc_custom_1681302070858{background-color: #ffffff !important;}\u00a0\u00bb el_class=\u00a0\u00bbshadow border-radius-hd-bd line-bottom line-blue\u00a0\u00bb][vc_row_inner el_class=\u00a0\u00bbheight-padding-margin-zero\u00a0\u00bb][vc_column_inner][vc_column_text]<a name=\"elec\"><\/a><a name=\"distribution-electrique\"><\/a>[\/vc_column_text][\/vc_column_inner][\/vc_row_inner][vc_row_inner][vc_column_inner el_class=\u00a0\u00bbwith-0-1240&Prime; width=\u00a0\u00bb1\/3&Prime;][\/vc_column_inner][vc_column_inner width=\u00a0\u00bb2\/3&Prime;][vc_raw_html el_class=\u00a0\u00bbgros-titre\u00a0\u00bb]JTNDcCUzRURpc3RyaWJ1dGlvbiUzQ3NwYW4lMjBjbGFzcyUzRCUyMnBvaW50LXJvdWdlJTIyJTNFJTNDJTJGc3BhbiUzRUVsZWN0cmlxdWUlM0MlMkZwJTNF[\/vc_raw_html][vc_column_text el_class=\u00a0\u00bbtitre-baseline\u00a0\u00bb]<\/p>\n<h2>Distribution d\u2019\u00e9nergie \u00e9lectrique<\/h2>\n<p>[\/vc_column_text][vc_column_text]<\/p>\n<div class=\"vc_column_container col-md-6\">\n<div class=\"wpb_wrapper vc_column-inner\">\n<div class=\"wpb_text_column wpb_content_element \">\n<div class=\"wpb_wrapper\">\n<p>Pour assurer l\u2019exploitation s\u00e9curis\u00e9e et efficace des r\u00e9seaux de distribution d\u2019\u00e9lectricit\u00e9, les services publics d\u2019\u00e9lectricit\u00e9 doivent prot\u00e9ger, surveiller et contr\u00f4ler les divers \u00e9l\u00e9ments de leurs sous-stations. Cependant, l\u2019environnement de la sous-station est tr\u00e8s hostile avec des temp\u00e9ratures extr\u00eames, des niveaux \u00e9lev\u00e9s d\u2019interf\u00e9rences \u00e9lectromagn\u00e9tiques, des fluctuations de puissance et m\u00eame des vibrations. Apprenez-en davantage sur le r\u00f4le que SEDI-ATI et ses solutions fibres optiques peuvent jouer gr\u00e2ce \u00e0 des exemples d\u2019applications dans l\u2019industrie de la distribution d\u2019\u00e9nergie \u00e9lectrique.<\/p>\n<\/div>\n<\/div>\n<\/div>\n<\/div>\n<p>[\/vc_column_text][vc_btn title=\u00a0\u00bbContactez-nous\u00a0\u00bb style=\u00a0\u00bbcustom\u00a0\u00bb custom_background=\u00a0\u00bb#132f40&Prime; custom_text=\u00a0\u00bb#ffffff\u00a0\u00bb shape=\u00a0\u00bbsquare\u00a0\u00bb link=\u00a0\u00bburl:https%3A%2F%2Fwww.sedi-ati.com%2Ffr%2Fcontact%2F\u00a0\u00bb el_class=\u00a0\u00bbline-bottom line-blue\u00a0\u00bb][\/vc_column_inner][\/vc_row_inner][\/vc_column][vc_column width=\u00a0\u00bb1\/2&Prime;][vc_single_image image=\u00a0\u00bb11168&Prime; img_size=\u00a0\u00bbfull\u00a0\u00bb alignment=\u00a0\u00bbcenter\u00a0\u00bb][\/vc_column][\/vc_row][vc_row full_width=\u00a0\u00bbstretch_row\u00a0\u00bb el_class=\u00a0\u00bbchevauchement-vertical-range petit-chevauchement\u00a0\u00bb][vc_column][vc_text_separator title=\u00a0\u00bbCas client\u00a0\u00bb title_align=\u00a0\u00bbseparator_align_left\u00a0\u00bb color=\u00a0\u00bbcustom\u00a0\u00bb border_width=\u00a0\u00bb2&Prime; el_class=\u00a0\u00bbpetit-titre txt-blanc\u00a0\u00bb accent_color=\u00a0\u00bb#ffffff\u00a0\u00bb][vc_empty_space height=\u00a0\u00bb10px\u00a0\u00bb][vc_basic_grid post_type=\u00a0\u00bbcas_client\u00a0\u00bb max_items=\u00a0\u00bb5&Prime; item=\u00a0\u00bb10738&Prime; initial_loading_animation=\u00a0\u00bbfadeInUp\u00a0\u00bb grid_id=\u00a0\u00bbvc_gid:1758203526595-bf0f5831-cbb3-7&Prime; taxonomies=\u00a0\u00bb433860&Prime;][\/vc_column][\/vc_row][vc_row][vc_column][vc_empty_space height=\u00a0\u00bb30px\u00a0\u00bb css=\u00a0\u00bb.vc_custom_1679648631772{background-color: #ffffff !important;}\u00a0\u00bb el_id=\u00a0\u00bbmarine\u00a0\u00bb][\/vc_column][\/vc_row][vc_row full_width=\u00a0\u00bbstretch_row\u00a0\u00bb css=\u00a0\u00bb.vc_custom_1685437399110{background-color: #67ce48 !important;}\u00a0\u00bb][vc_column][vc_column_text]<a name=\"energie-fossile\"><\/a>[\/vc_column_text][\/vc_column][\/vc_row][vc_row full_width=\u00a0\u00bbstretch_row_content\u00a0\u00bb content_placement=\u00a0\u00bbmiddle\u00a0\u00bb el_class=\u00a0\u00bbz-index-1 chevauchement-horizontal-range range-applications range-applications-cas-client\u00a0\u00bb css=\u00a0\u00bb.vc_custom_1685437406364{background-color: #67ce48 !important;}\u00a0\u00bb][vc_column width=\u00a0\u00bb1\/2&Prime; css=\u00a0\u00bb.vc_custom_1681302148647{background-color: #ffffff !important;}\u00a0\u00bb el_class=\u00a0\u00bbshadow border-radius-hd-bd line-bottom line-blue\u00a0\u00bb][vc_row_inner el_class=\u00a0\u00bbheight-padding-margin-zero\u00a0\u00bb][vc_column_inner][vc_column_text]<a name=\"petrole\"><\/a><a name=\"energie-petrole-gaz\"><\/a>[\/vc_column_text][\/vc_column_inner][\/vc_row_inner][vc_row_inner][vc_column_inner el_class=\u00a0\u00bbwith-0-1240&Prime; width=\u00a0\u00bb1\/3&Prime;][\/vc_column_inner][vc_column_inner width=\u00a0\u00bb2\/3&Prime;][vc_raw_html el_class=\u00a0\u00bbgros-titre\u00a0\u00bb]JTNDcCUzRVAlQzMlQTl0cm9sZSUzQ3NwYW4lMjBjbGFzcyUzRCUyMnBvaW50LXJvdWdlJTIyJTNFJTNDJTJGc3BhbiUzRUdheiUzQyUyRnAlM0U=[\/vc_raw_html][vc_column_text el_class=\u00a0\u00bbtitre-baseline\u00a0\u00bb]<\/p>\n<div class=\"vc_column_container col-md-12\">\n<div class=\"wpb_wrapper vc_column-inner\">\n<div class=\"wpb_text_column wpb_content_element vc_custom_1671112611904\">\n<div class=\"wpb_wrapper\">\n<h2>P\u00e9trole et Gaz<\/h2>\n<\/div>\n<\/div>\n<\/div>\n<\/div>\n<p>[\/vc_column_text][vc_column_text]Pour fonctionner dans les environnements p\u00e9troliers et gaziers tels que les puits de forage ou les r\u00e9servoirs de gaz, les fibres optiques doivent r\u00e9sister \u00e0 des pressions \u00e9lev\u00e9es, \u00e0 la corrosion et \u00e0 des temp\u00e9ratures \u00e9lev\u00e9es ou basses. Pour r\u00e9pondre \u00e0 ces exigences, SEDI-ATI propose des composants et assemblages sp\u00e9cialis\u00e9s en fibre optique. Pour en savoir plus, lisez nos nouvelles.[\/vc_column_text][vc_btn title=\u00a0\u00bbContactez-nous\u00a0\u00bb style=\u00a0\u00bbcustom\u00a0\u00bb custom_background=\u00a0\u00bb#132f40&Prime; custom_text=\u00a0\u00bb#ffffff\u00a0\u00bb shape=\u00a0\u00bbsquare\u00a0\u00bb link=\u00a0\u00bburl:https%3A%2F%2Fwww.sedi-ati.com%2Ffr%2Fcontact%2F\u00a0\u00bb el_class=\u00a0\u00bbline-bottom line-blue\u00a0\u00bb][\/vc_column_inner][\/vc_row_inner][\/vc_column][vc_column width=\u00a0\u00bb1\/2&Prime;][vc_single_image image=\u00a0\u00bb11166&Prime; img_size=\u00a0\u00bbfull\u00a0\u00bb alignment=\u00a0\u00bbcenter\u00a0\u00bb][\/vc_column][\/vc_row][vc_row full_width=\u00a0\u00bbstretch_row\u00a0\u00bb el_class=\u00a0\u00bbchevauchement-vertical-range petit-chevauchement\u00a0\u00bb][vc_column][vc_text_separator title=\u00a0\u00bbCas client\u00a0\u00bb title_align=\u00a0\u00bbseparator_align_left\u00a0\u00bb color=\u00a0\u00bbcustom\u00a0\u00bb border_width=\u00a0\u00bb2&Prime; el_class=\u00a0\u00bbpetit-titre txt-blanc\u00a0\u00bb accent_color=\u00a0\u00bb#ffffff\u00a0\u00bb][vc_empty_space height=\u00a0\u00bb10px\u00a0\u00bb][vc_basic_grid post_type=\u00a0\u00bbcas_client\u00a0\u00bb max_items=\u00a0\u00bb5&Prime; item=\u00a0\u00bb10738&Prime; initial_loading_animation=\u00a0\u00bbfadeInUp\u00a0\u00bb grid_id=\u00a0\u00bbvc_gid:1758203526597-df884db5-c747-2&Prime; taxonomies=\u00a0\u00bb433862&Prime;][\/vc_column][\/vc_row][vc_row][vc_column][vc_empty_space height=\u00a0\u00bb30px\u00a0\u00bb css=\u00a0\u00bb.vc_custom_1679648631772{background-color: #ffffff !important;}\u00a0\u00bb][\/vc_column][\/vc_row][vc_row full_width=\u00a0\u00bbstretch_row\u00a0\u00bb css=\u00a0\u00bb.vc_custom_1685437423331{background-color: #72db4c !important;}\u00a0\u00bb][vc_column][vc_column_text]<a name=\"energie-nucleaire\"><\/a>[\/vc_column_text][\/vc_column][\/vc_row][vc_row full_width=\u00a0\u00bbstretch_row_content\u00a0\u00bb content_placement=\u00a0\u00bbmiddle\u00a0\u00bb el_class=\u00a0\u00bbz-index-1 chevauchement-horizontal-range range-applications range-applications-cas-client\u00a0\u00bb css=\u00a0\u00bb.vc_custom_1685437434957{background-color: #72db4c !important;}\u00a0\u00bb][vc_column width=\u00a0\u00bb1\/2&Prime; css=\u00a0\u00bb.vc_custom_1681302169007{background-color: #ffffff !important;}\u00a0\u00bb el_class=\u00a0\u00bbshadow border-radius-hd-bd line-bottom line-blue\u00a0\u00bb][vc_row_inner el_class=\u00a0\u00bbheight-padding-margin-zero\u00a0\u00bb][vc_column_inner][vc_column_text]<a name=\"nucleaire\"><\/a><a name=\"energie-nucleaire\"><\/a>[\/vc_column_text][\/vc_column_inner][\/vc_row_inner][vc_row_inner][vc_column_inner el_class=\u00a0\u00bbwith-0-1240&Prime; width=\u00a0\u00bb1\/3&Prime;][\/vc_column_inner][vc_column_inner width=\u00a0\u00bb2\/3&Prime;][vc_raw_html el_class=\u00a0\u00bbgros-titre\u00a0\u00bb]JTNDcCUzRUVuZXJnaWUlM0NzcGFuJTIwY2xhc3MlM0QlMjJwb2ludC1yb3VnZSUyMiUzRSUzQyUyRnNwYW4lM0VOdWNsJUMzJUE5YWlyZSUzQyUyRnAlM0U=[\/vc_raw_html][vc_column_text el_class=\u00a0\u00bbtitre-baseline\u00a0\u00bb]<\/p>\n<h2>Solution \u00e0 base fibre optique pour l&rsquo;\u00e9nergie nucl\u00e9aire<\/h2>\n<p>[\/vc_column_text][vc_column_text]SEDI-ATI Fibres Optiques est \u00e0 l\u2019initiative du\u00a0<a href=\"\/fr\/sedi-ati-est-laureate-du-volet-nucleaire-de-france-relance-avec-le-projet-collaboratif-3f2e\/\">projet collaboratif 3F2E<\/a> (Fili\u00e8re Fran\u00e7aise de Fibre pour Environnement Extr\u00eame) qui a \u00e9t\u00e9 retenu le 19 octobre 2021 pour b\u00e9n\u00e9ficier du plan de relance nucl\u00e9aire de France Relance.<\/p>\n<p>Le projet 3F2E a pour ambition de d\u00e9velopper des rev\u00eatements m\u00e9talliques et\/ou carbone sur <strong class=\"d2b\">fibres optiques sp\u00e9ciales<\/strong>, capables de permettre l\u2019utilisation de <strong class=\"d2b\">capteurs en environnement nucl\u00e9aire extr\u00eame<\/strong>. Ces travaux permettront de mettre en place une fili\u00e8re int\u00e9gr\u00e9e \u00ab\u00a0100% Fabriqu\u00e9 en France\u00a0\u00bb et de garantir la souverainet\u00e9 nationale sur cette technologie strat\u00e9gique.<\/p>\n<p>D\u00e9couvrez les applications exceptionnelles des <strong class=\"d2b\">assemblages de fibres optiques nucl\u00e9aris\u00e9es<\/strong> sur lesquelles SEDI-ATI a d\u00e9j\u00e0 d\u00e9velopp\u00e9 une forte expertise.[\/vc_column_text][vc_btn title=\u00a0\u00bbContactez-nous\u00a0\u00bb style=\u00a0\u00bbcustom\u00a0\u00bb custom_background=\u00a0\u00bb#132f40&Prime; custom_text=\u00a0\u00bb#ffffff\u00a0\u00bb shape=\u00a0\u00bbsquare\u00a0\u00bb link=\u00a0\u00bburl:https%3A%2F%2Fwww.sedi-ati.com%2Ffr%2Fcontact%2F\u00a0\u00bb el_class=\u00a0\u00bbline-bottom line-blue\u00a0\u00bb][\/vc_column_inner][\/vc_row_inner][\/vc_column][vc_column width=\u00a0\u00bb1\/2&Prime;][vc_single_image image=\u00a0\u00bb11153&Prime; img_size=\u00a0\u00bbfull\u00a0\u00bb alignment=\u00a0\u00bbcenter\u00a0\u00bb][\/vc_column][\/vc_row][vc_row full_width=\u00a0\u00bbstretch_row\u00a0\u00bb el_class=\u00a0\u00bbchevauchement-vertical-range petit-chevauchement\u00a0\u00bb][vc_column][vc_text_separator title=\u00a0\u00bbCas client\u00a0\u00bb title_align=\u00a0\u00bbseparator_align_left\u00a0\u00bb color=\u00a0\u00bbcustom\u00a0\u00bb border_width=\u00a0\u00bb2&Prime; el_class=\u00a0\u00bbpetit-titre txt-blanc\u00a0\u00bb accent_color=\u00a0\u00bb#ffffff\u00a0\u00bb][vc_empty_space height=\u00a0\u00bb10px\u00a0\u00bb][vc_basic_grid post_type=\u00a0\u00bbcas_client\u00a0\u00bb max_items=\u00a0\u00bb5&Prime; item=\u00a0\u00bb10738&Prime; initial_loading_animation=\u00a0\u00bbfadeInUp\u00a0\u00bb grid_id=\u00a0\u00bbvc_gid:1758203526598-52a158ef-3b3e-9&Prime; taxonomies=\u00a0\u00bb433863, 434214, 434215&Prime;][\/vc_column][\/vc_row][vc_row][vc_column][vc_empty_space height=\u00a0\u00bb30px\u00a0\u00bb css=\u00a0\u00bb.vc_custom_1679648631772{background-color: #ffffff !important;}\u00a0\u00bb][\/vc_column][\/vc_row][vc_row full_width=\u00a0\u00bbstretch_row\u00a0\u00bb css=\u00a0\u00bb.vc_custom_1726154236395{background-color: #82db62 !important;}\u00a0\u00bb][vc_column][vc_column_text]<a name=\"energie-verte\"><\/a>[\/vc_column_text][\/vc_column][\/vc_row][vc_row full_width=\u00a0\u00bbstretch_row_content\u00a0\u00bb content_placement=\u00a0\u00bbmiddle\u00a0\u00bb el_class=\u00a0\u00bbz-index-1 chevauchement-horizontal-range range-applications range-applications-cas-client\u00a0\u00bb css=\u00a0\u00bb.vc_custom_1726154253451{background-color: #82db62 !important;}\u00a0\u00bb][vc_column width=\u00a0\u00bb1\/2&Prime; css=\u00a0\u00bb.vc_custom_1681302169007{background-color: #ffffff !important;}\u00a0\u00bb el_class=\u00a0\u00bbshadow border-radius-hd-bd line-bottom line-blue\u00a0\u00bb][vc_row_inner el_class=\u00a0\u00bbheight-padding-margin-zero\u00a0\u00bb][vc_column_inner][vc_column_text]<a name=\"verte\"><\/a><a name=\"energie-verte\"><\/a>[\/vc_column_text][\/vc_column_inner][\/vc_row_inner][vc_row_inner][vc_column_inner el_class=\u00a0\u00bbwith-0-1240&Prime; width=\u00a0\u00bb1\/3&Prime;][\/vc_column_inner][vc_column_inner width=\u00a0\u00bb2\/3&Prime;][vc_raw_html el_class=\u00a0\u00bbgros-titre\u00a0\u00bb]JTNDcCUzRUVuZXJnaWUlM0NzcGFuJTIwY2xhc3MlM0QlMjJwb2ludC1yb3VnZSUyMiUzRSUzQyUyRnNwYW4lM0VWZXJ0ZSUzQyUyRnAlM0U=[\/vc_raw_html][vc_column_text el_class=\u00a0\u00bbtitre-baseline\u00a0\u00bb]<\/p>\n<h2>Solution de fibre optique pour l&rsquo;\u00e9nergie verte<\/h2>\n<p>[\/vc_column_text][vc_column_text]En raison de l&rsquo;app\u00e9tence croissante pour les <strong class=\"d2b\">sources d&rsquo;\u00e9nergie alternatives<\/strong>, \u00e9galement connues sous le nom d&rsquo;<strong class=\"d2b\">\u00e9nergies vertes<\/strong>, telles que les \u00e9nergies \u00e9olienne, solaire et hydraulique, il existe un besoin important de <strong class=\"d2b\">solutions bas\u00e9es sur la fibre optique<\/strong> pour <strong class=\"d2b\">surveiller et contr\u00f4ler les \u00e9oliennes et les fermes solaires thermiques<\/strong>, par exemple. Les dispositifs utilis\u00e9s dans ces applications doivent \u00eatre capables de r\u00e9sister \u00e0 des temp\u00e9ratures tr\u00e8s fluctuantes, \u00e0 des niveaux \u00e9lev\u00e9s d&rsquo;interf\u00e9rences \u00e9lectromagn\u00e9tiques, \u00e0 des fluctuations de puissance, \u00e0 de fortes vibrations et m\u00eame \u00e0 une exposition \u00e0 des huiles industrielles. En savoir plus sur la contribution de SEDI-ATI dans ce domaine.[\/vc_column_text][vc_btn title=\u00a0\u00bbContactez-nous\u00a0\u00bb style=\u00a0\u00bbcustom\u00a0\u00bb custom_background=\u00a0\u00bb#132f40&Prime; custom_text=\u00a0\u00bb#ffffff\u00a0\u00bb shape=\u00a0\u00bbsquare\u00a0\u00bb link=\u00a0\u00bburl:https%3A%2F%2Fwww.sedi-ati.com%2Ffr%2Fcontact%2F\u00a0\u00bb el_class=\u00a0\u00bbline-bottom line-blue\u00a0\u00bb][\/vc_column_inner][\/vc_row_inner][\/vc_column][vc_column width=\u00a0\u00bb1\/2&Prime;][vc_single_image image=\u00a0\u00bb11178&Prime; img_size=\u00a0\u00bbfull\u00a0\u00bb alignment=\u00a0\u00bbcenter\u00a0\u00bb][\/vc_column][\/vc_row][vc_row full_width=\u00a0\u00bbstretch_row\u00a0\u00bb el_class=\u00a0\u00bbchevauchement-vertical-range petit-chevauchement\u00a0\u00bb][vc_column][vc_text_separator title=\u00a0\u00bbCas client\u00a0\u00bb title_align=\u00a0\u00bbseparator_align_left\u00a0\u00bb color=\u00a0\u00bbcustom\u00a0\u00bb border_width=\u00a0\u00bb2&Prime; el_class=\u00a0\u00bbpetit-titre txt-blanc\u00a0\u00bb accent_color=\u00a0\u00bb#ffffff\u00a0\u00bb][vc_empty_space height=\u00a0\u00bb10px\u00a0\u00bb][vc_basic_grid post_type=\u00a0\u00bbcas_client\u00a0\u00bb max_items=\u00a0\u00bb5&Prime; item=\u00a0\u00bb10738&Prime; initial_loading_animation=\u00a0\u00bbfadeInUp\u00a0\u00bb grid_id=\u00a0\u00bbvc_gid:1758203526599-8b4f0364-06ac-6&Prime; taxonomies=\u00a0\u00bb433864&Prime;][\/vc_column][\/vc_row][vc_row][vc_column][vc_empty_space height=\u00a0\u00bb30px\u00a0\u00bb css=\u00a0\u00bb.vc_custom_1679648631772{background-color: #ffffff !important;}\u00a0\u00bb][\/vc_column][\/vc_row][vc_row][vc_column][vc_btn title=\u00a0\u00bb^\u00a0\u00bb style=\u00a0\u00bbflat\u00a0\u00bb shape=\u00a0\u00bbsquare\u00a0\u00bb link=\u00a0\u00bburl:%23Wrapper\u00a0\u00bb el_class=\u00a0\u00bbbtn-haut\u00a0\u00bb][\/vc_column][\/vc_row]<\/p>\n<\/section>","protected":false},"excerpt":{"rendered":"<p>[vc_row content_placement=\u00a0\u00bbmiddle\u00a0\u00bb el_class=\u00a0\u00bbz-index-1 chevauchement-horizontal-range range-applications\u00a0\u00bb][vc_column width=\u00a0\u00bb3\/5&Prime; css=\u00a0\u00bb.vc_custom_1685437342074{background-color: #4bad3c !important;}\u00a0\u00bb el_class=\u00a0\u00bbshadow border-radius-hd-bd line-bottom line-blue txt-blanc block-grand-text\u00a0\u00bb][vc_raw_html el_class=\u00a0\u00bbgros-titre flex-column-mobile\u00a0\u00bb]JTNDcCUzRUFwcGxpY2F0aW9ucyUzQ3NwYW4lMjBjbGFzcyUzRCUyMnBvaW50LXJvdWdlJTIyJTNFJTNDJTJGc3BhbiUzRUVuZXJnaWUlM0MlMkZwJTNF[\/vc_raw_html][vc_column_text el_class=\u00a0\u00bbtitre-baseline\u00a0\u00bb] Utilisation de la fibre optique pour le secteur<span class=\"excerpt-hellip\"> [\u2026]<\/span><\/p>\n","protected":false},"author":8,"featured_media":0,"parent":0,"menu_order":0,"comment_status":"closed","ping_status":"closed","template":"","meta":{"_acf_changed":false,"rs_blank_template":"","rs_page_bg_color":"","slide_template_v7":"","footnotes":""},"class_list":["post-10982","page","type-page","status-publish","hentry"],"acf":[],"yoast_head":"<!-- This site is optimized with the Yoast SEO plugin v27.5 - https:\/\/yoast.com\/product\/yoast-seo-wordpress\/ -->\n<title>Solution de fibre optique pour le secteur de l&#039;\u00e9nergie<\/title>\n<meta name=\"description\" content=\"SEDI-ATI con\u00e7oit des solutions \u00e0 base de fibre optique pour le secteur de l&#039;\u00e9nergie. Contactez-nous pour en savoir plus !\" \/>\n<meta name=\"robots\" content=\"index, follow, max-snippet:-1, max-image-preview:large, max-video-preview:-1\" \/>\n<link rel=\"canonical\" href=\"https:\/\/www.sedi-ati.com\/fr\/solution-fibre-optique-secteur-energetique\/\" \/>\n<meta property=\"og:locale\" content=\"fr_FR\" \/>\n<meta property=\"og:type\" content=\"article\" \/>\n<meta property=\"og:title\" content=\"Solution de fibre optique pour le secteur de l&#039;\u00e9nergie\" \/>\n<meta property=\"og:description\" content=\"SEDI-ATI con\u00e7oit des solutions \u00e0 base de fibre optique pour le secteur de l&#039;\u00e9nergie. Contactez-nous pour en savoir plus !\" \/>\n<meta property=\"og:url\" content=\"https:\/\/www.sedi-ati.com\/fr\/solution-fibre-optique-secteur-energetique\/\" \/>\n<meta property=\"og:site_name\" content=\"SEDI-ATI\" \/>\n<meta property=\"article:modified_time\" content=\"2025-09-18T13:57:41+00:00\" \/>\n<meta name=\"twitter:card\" content=\"summary_large_image\" \/>\n<meta name=\"twitter:label1\" content=\"Dur\u00e9e de lecture estim\u00e9e\" \/>\n\t<meta name=\"twitter:data1\" content=\"4 minutes\" \/>\n<script type=\"application\/ld+json\" class=\"yoast-schema-graph\">{\"@context\":\"https:\\\/\\\/schema.org\",\"@graph\":[{\"@type\":\"WebPage\",\"@id\":\"https:\\\/\\\/www.sedi-ati.com\\\/fr\\\/solution-fibre-optique-secteur-energetique\\\/\",\"url\":\"https:\\\/\\\/www.sedi-ati.com\\\/fr\\\/solution-fibre-optique-secteur-energetique\\\/\",\"name\":\"Solution de fibre optique pour le secteur de l'\u00e9nergie\",\"isPartOf\":{\"@id\":\"https:\\\/\\\/www.sedi-ati.com\\\/fr\\\/#website\"},\"datePublished\":\"2023-05-15T14:42:56+00:00\",\"dateModified\":\"2025-09-18T13:57:41+00:00\",\"description\":\"SEDI-ATI con\u00e7oit des solutions \u00e0 base de fibre optique pour le secteur de l'\u00e9nergie. Contactez-nous pour en savoir plus !\",\"breadcrumb\":{\"@id\":\"https:\\\/\\\/www.sedi-ati.com\\\/fr\\\/solution-fibre-optique-secteur-energetique\\\/#breadcrumb\"},\"inLanguage\":\"fr-FR\",\"potentialAction\":[{\"@type\":\"ReadAction\",\"target\":[\"https:\\\/\\\/www.sedi-ati.com\\\/fr\\\/solution-fibre-optique-secteur-energetique\\\/\"]}]},{\"@type\":\"BreadcrumbList\",\"@id\":\"https:\\\/\\\/www.sedi-ati.com\\\/fr\\\/solution-fibre-optique-secteur-energetique\\\/#breadcrumb\",\"itemListElement\":[{\"@type\":\"ListItem\",\"position\":1,\"name\":\"Home\",\"item\":\"https:\\\/\\\/www.sedi-ati.com\\\/fr\\\/\"},{\"@type\":\"ListItem\",\"position\":2,\"name\":\"Application \u00e9nergie\"}]},{\"@type\":\"WebSite\",\"@id\":\"https:\\\/\\\/www.sedi-ati.com\\\/fr\\\/#website\",\"url\":\"https:\\\/\\\/www.sedi-ati.com\\\/fr\\\/\",\"name\":\"SEDI-ATI\",\"description\":\"Assemblages de fibres optiques sur mesure, bundles, fentes et pieuvres\",\"publisher\":{\"@id\":\"https:\\\/\\\/www.sedi-ati.com\\\/fr\\\/#organization\"},\"potentialAction\":[{\"@type\":\"SearchAction\",\"target\":{\"@type\":\"EntryPoint\",\"urlTemplate\":\"https:\\\/\\\/www.sedi-ati.com\\\/fr\\\/?s={search_term_string}\"},\"query-input\":{\"@type\":\"PropertyValueSpecification\",\"valueRequired\":true,\"valueName\":\"search_term_string\"}}],\"inLanguage\":\"fr-FR\"},{\"@type\":\"Organization\",\"@id\":\"https:\\\/\\\/www.sedi-ati.com\\\/fr\\\/#organization\",\"name\":\"SEDI-ATI\",\"url\":\"https:\\\/\\\/www.sedi-ati.com\\\/fr\\\/\",\"logo\":{\"@type\":\"ImageObject\",\"inLanguage\":\"fr-FR\",\"@id\":\"https:\\\/\\\/www.sedi-ati.com\\\/fr\\\/#\\\/schema\\\/logo\\\/image\\\/\",\"url\":\"https:\\\/\\\/www.sedi-ati.com\\\/wp-content\\\/uploads\\\/2019\\\/10\\\/Logo_SEDI-ATI_2019_avec-baseline.png\",\"contentUrl\":\"https:\\\/\\\/www.sedi-ati.com\\\/wp-content\\\/uploads\\\/2019\\\/10\\\/Logo_SEDI-ATI_2019_avec-baseline.png\",\"width\":300,\"height\":73,\"caption\":\"SEDI-ATI\"},\"image\":{\"@id\":\"https:\\\/\\\/www.sedi-ati.com\\\/fr\\\/#\\\/schema\\\/logo\\\/image\\\/\"},\"sameAs\":[\"https:\\\/\\\/www.linkedin.com\\\/company\\\/sedi-ati-fibres-optiques\\\/\",\"https:\\\/\\\/www.youtube.com\\\/@sedi-ati-fibres-optiques\"]}]}<\/script>\n<!-- \/ Yoast SEO plugin. -->","yoast_head_json":{"title":"Solution de fibre optique pour le secteur de l'\u00e9nergie","description":"SEDI-ATI con\u00e7oit des solutions \u00e0 base de fibre optique pour le secteur de l'\u00e9nergie. Contactez-nous pour en savoir plus !","robots":{"index":"index","follow":"follow","max-snippet":"max-snippet:-1","max-image-preview":"max-image-preview:large","max-video-preview":"max-video-preview:-1"},"canonical":"https:\/\/www.sedi-ati.com\/fr\/solution-fibre-optique-secteur-energetique\/","og_locale":"fr_FR","og_type":"article","og_title":"Solution de fibre optique pour le secteur de l'\u00e9nergie","og_description":"SEDI-ATI con\u00e7oit des solutions \u00e0 base de fibre optique pour le secteur de l'\u00e9nergie. Contactez-nous pour en savoir plus !","og_url":"https:\/\/www.sedi-ati.com\/fr\/solution-fibre-optique-secteur-energetique\/","og_site_name":"SEDI-ATI","article_modified_time":"2025-09-18T13:57:41+00:00","twitter_card":"summary_large_image","twitter_misc":{"Dur\u00e9e de lecture estim\u00e9e":"4 minutes"},"schema":{"@context":"https:\/\/schema.org","@graph":[{"@type":"WebPage","@id":"https:\/\/www.sedi-ati.com\/fr\/solution-fibre-optique-secteur-energetique\/","url":"https:\/\/www.sedi-ati.com\/fr\/solution-fibre-optique-secteur-energetique\/","name":"Solution de fibre optique pour le secteur de l'\u00e9nergie","isPartOf":{"@id":"https:\/\/www.sedi-ati.com\/fr\/#website"},"datePublished":"2023-05-15T14:42:56+00:00","dateModified":"2025-09-18T13:57:41+00:00","description":"SEDI-ATI con\u00e7oit des solutions \u00e0 base de fibre optique pour le secteur de l'\u00e9nergie. Contactez-nous pour en savoir plus !","breadcrumb":{"@id":"https:\/\/www.sedi-ati.com\/fr\/solution-fibre-optique-secteur-energetique\/#breadcrumb"},"inLanguage":"fr-FR","potentialAction":[{"@type":"ReadAction","target":["https:\/\/www.sedi-ati.com\/fr\/solution-fibre-optique-secteur-energetique\/"]}]},{"@type":"BreadcrumbList","@id":"https:\/\/www.sedi-ati.com\/fr\/solution-fibre-optique-secteur-energetique\/#breadcrumb","itemListElement":[{"@type":"ListItem","position":1,"name":"Home","item":"https:\/\/www.sedi-ati.com\/fr\/"},{"@type":"ListItem","position":2,"name":"Application \u00e9nergie"}]},{"@type":"WebSite","@id":"https:\/\/www.sedi-ati.com\/fr\/#website","url":"https:\/\/www.sedi-ati.com\/fr\/","name":"SEDI-ATI","description":"Assemblages de fibres optiques sur mesure, bundles, fentes et pieuvres","publisher":{"@id":"https:\/\/www.sedi-ati.com\/fr\/#organization"},"potentialAction":[{"@type":"SearchAction","target":{"@type":"EntryPoint","urlTemplate":"https:\/\/www.sedi-ati.com\/fr\/?s={search_term_string}"},"query-input":{"@type":"PropertyValueSpecification","valueRequired":true,"valueName":"search_term_string"}}],"inLanguage":"fr-FR"},{"@type":"Organization","@id":"https:\/\/www.sedi-ati.com\/fr\/#organization","name":"SEDI-ATI","url":"https:\/\/www.sedi-ati.com\/fr\/","logo":{"@type":"ImageObject","inLanguage":"fr-FR","@id":"https:\/\/www.sedi-ati.com\/fr\/#\/schema\/logo\/image\/","url":"https:\/\/www.sedi-ati.com\/wp-content\/uploads\/2019\/10\/Logo_SEDI-ATI_2019_avec-baseline.png","contentUrl":"https:\/\/www.sedi-ati.com\/wp-content\/uploads\/2019\/10\/Logo_SEDI-ATI_2019_avec-baseline.png","width":300,"height":73,"caption":"SEDI-ATI"},"image":{"@id":"https:\/\/www.sedi-ati.com\/fr\/#\/schema\/logo\/image\/"},"sameAs":["https:\/\/www.linkedin.com\/company\/sedi-ati-fibres-optiques\/","https:\/\/www.youtube.com\/@sedi-ati-fibres-optiques"]}]}},"_links":{"self":[{"href":"https:\/\/www.sedi-ati.com\/fr\/wp-json\/wp\/v2\/pages\/10982","targetHints":{"allow":["GET"]}}],"collection":[{"href":"https:\/\/www.sedi-ati.com\/fr\/wp-json\/wp\/v2\/pages"}],"about":[{"href":"https:\/\/www.sedi-ati.com\/fr\/wp-json\/wp\/v2\/types\/page"}],"author":[{"embeddable":true,"href":"https:\/\/www.sedi-ati.com\/fr\/wp-json\/wp\/v2\/users\/8"}],"replies":[{"embeddable":true,"href":"https:\/\/www.sedi-ati.com\/fr\/wp-json\/wp\/v2\/comments?post=10982"}],"version-history":[{"count":7,"href":"https:\/\/www.sedi-ati.com\/fr\/wp-json\/wp\/v2\/pages\/10982\/revisions"}],"predecessor-version":[{"id":21186,"href":"https:\/\/www.sedi-ati.com\/fr\/wp-json\/wp\/v2\/pages\/10982\/revisions\/21186"}],"wp:attachment":[{"href":"https:\/\/www.sedi-ati.com\/fr\/wp-json\/wp\/v2\/media?parent=10982"}],"curies":[{"name":"wp","href":"https:\/\/api.w.org\/{rel}","templated":true}]}}