{"id":17985,"date":"2024-02-22T17:19:04","date_gmt":"2024-02-22T16:19:04","guid":{"rendered":"https:\/\/www.sedi-ati.com\/?page_id=17985"},"modified":"2024-04-23T20:53:30","modified_gmt":"2024-04-23T18:53:30","slug":"milieux-corrosifs-ou-abrasifs","status":"publish","type":"page","link":"https:\/\/www.sedi-ati.com\/fr\/solution-fibre-optique-environnement-extreme\/milieux-corrosifs-ou-abrasifs\/","title":{"rendered":"Composant \u00e0 base de fibre optique pour milieux corrosifs ou abrasifs"},"content":{"rendered":"<section class=\"wpb-content-wrapper\"><p>[vc_row content_placement=\u00a0\u00bbmiddle\u00a0\u00bb el_class=\u00a0\u00bbz-index-1 chevauchement-horizontal-range range-applications\u00a0\u00bb][vc_column width=\u00a0\u00bb3\/5&Prime; css=\u00a0\u00bb.vc_custom_1705594374026{background-color: #41d3a2 !important;}\u00a0\u00bb el_class=\u00a0\u00bbshadow border-radius-hd-bd line-bottom line-blue txt-blanc block-grand-text\u00a0\u00bb][vc_raw_html el_class=\u00a0\u00bbgros-titre\u00a0\u00bb]JTNDcCUzRU1pbGlldXglMjBjb3Jyb3NpZnMlM0NzcGFuJTIwY2xhc3MlM0QlMjJwb2ludC1yb3VnZSUyMiUzRSUzQyUyRnNwYW4lM0VBYnJhc2lmcyUzQyUyRnAlM0U=[\/vc_raw_html][vc_column_text el_class=\u00a0\u00bbtitre-baseline\u00a0\u00bb]<\/p>\n<h2>Assemblages de fibres optiques r\u00e9sistant aux atmosph\u00e8res hostiles<\/h2>\n<p>[\/vc_column_text][vc_column_text]Son <span class=\"fort\">savoir-faire<\/span> et son <span class=\"fort\">expertise<\/span> permettent \u00e0 SEDI-ATI Fibres Optiques de proposer des solutions \u00e0 base de fibres optiques r\u00e9sistant aux <strong>milieux corrosifs<\/strong> (agressions chimiques) et <b>abrasifs<\/b> (agressions m\u00e9caniques).[\/vc_column_text][vc_btn title=\u00a0\u00bbParlez-nous de votre projet\u00a0\u00bb style=\u00a0\u00bbcustom\u00a0\u00bb custom_background=\u00a0\u00bb#132f40&Prime; custom_text=\u00a0\u00bb#ffffff\u00a0\u00bb shape=\u00a0\u00bbsquare\u00a0\u00bb el_class=\u00a0\u00bbline-bottom line-blue\u00a0\u00bb link=\u00a0\u00bburl:https%3A%2F%2Fwww.sedi-ati.com%2Ffr%2Fdemande-de-devis%2F\u00a0\u00bb][\/vc_column][vc_column width=\u00a0\u00bb1\/2&Prime; el_class=\u00a0\u00bbimg-entete\u00a0\u00bb][vc_single_image image=\u00a0\u00bb19456&Prime; img_size=\u00a0\u00bbfull\u00a0\u00bb alignment=\u00a0\u00bbcenter\u00a0\u00bb][\/vc_column][\/vc_row][vc_row][vc_column width=\u00a0\u00bb1\/2&Prime;][vc_column_text el_class=\u00a0\u00bbpetit-titre petit-titre-txt\u00a0\u00bb]<\/p>\n<h3>R\u00e9sistance aux milieux corrosifs et abrasifs<\/h3>\n<p>[\/vc_column_text][vc_column_text]La <strong class=\"d2b\">fibre optique<\/strong> est sensible aux <span class=\"fort\">agressions physiques<\/span> (abrasion) et <span class=\"fort\">chimiques<\/span> (corrosion).\u00a0Si elle est bien packag\u00e9e, la fibre optique peut \u00eatre install\u00e9e dans un milieu contenant des <strong>acides<\/strong>, des solvants, des <strong>gaz<\/strong>, des hydrocarbures, des produits <strong>p\u00e9tro-chimiques<\/strong>, ou bien encore du sable, de la <span class=\"fort\">boue<\/span>, de la <span class=\"fort\">roche<\/span> ou du <span class=\"fort\">sel<\/span> marin. Elle peut donc \u00eatre utilis\u00e9e sans probl\u00e8me dans des isolateurs \u00e9lectriques contenant du gaz SF6, ou dans des puits de p\u00e9trole, ou encore dans des \u00e9quipements en milieu marin par exemple.[\/vc_column_text][\/vc_column][vc_column width=\u00a0\u00bb1\/2&Prime;][vc_column_text el_class=\u00a0\u00bbpetit-titre petit-titre-txt\u00a0\u00bb]La probl\u00e9matique[\/vc_column_text][vc_column_text]Les <strong class=\"d2b\">produits chimiques corrosifs<\/strong> ou abrasifs peuvent contenir des <span class=\"fort\">substances agressives<\/span> pour la fibre optique et l\u2019assemblage car ces produits peuvent d\u00e9grader les <span class=\"fort\">rev\u00eatements<\/span> (notamment les mat\u00e9riaux polym\u00e8res) et les diff\u00e9rents composants comme les <strong>connecteurs<\/strong>. Cela peut entrainer des d\u00e9faillances de la connexion optique, et donc compromettre \u00e0 la fois l&rsquo;<span class=\"fort\">int\u00e9grit\u00e9 m\u00e9canique<\/span> et les <span class=\"fort\">propri\u00e9t\u00e9s optiques<\/span>, jusqu&rsquo;\u00e0 rendre la solution inutilisable et engendrer des risques pour la s\u00e9curit\u00e9 des personnes et des \u00e9quipements.[\/vc_column_text][\/vc_column][\/vc_row][vc_row full_width=\u00a0\u00bbstretch_row\u00a0\u00bb gap=\u00a0\u00bb20&Prime; content_placement=\u00a0\u00bbmiddle\u00a0\u00bb css=\u00a0\u00bb.vc_custom_1707907300334{background-color: #8cdbc0 !important;}\u00a0\u00bb][vc_column width=\u00a0\u00bb2\/3&Prime;][vc_row_inner][vc_column_inner][vc_raw_html el_class=\u00a0\u00bbpetit-titre\u00a0\u00bb]JTNDcCUzRU5vdHJlJTNDc3BhbiUyMGNsYXNzJTNEJTIycG9pbnQtcm91Z2UlMjBwb2ludC1wZXRpdCUyMiUzRSUzQyUyRnNwYW4lM0VFeHBlcnRpc2UlM0MlMkZwJTNF[\/vc_raw_html][vc_column_text]SEDI-ATI package la <strong class=\"d2b\">fibre optique<\/strong> pour la prot\u00e9ger des <strong class=\"d2b\">environnements corrosifs et abrasifs<\/strong>. Nous portons un soin particulier \u00e0 la s\u00e9lection des <span class=\"fort\">mat\u00e9riaux<\/span> qui composent nos assemblages fibres optiques. Ceux-ci sont s\u00e9lectionn\u00e9s pour leurs <span class=\"fort\">propri\u00e9t\u00e9s m\u00e9caniques<\/span> et <span class=\"fort\">chimiques<\/span>, propres \u00e0 diff\u00e9rents milieux corrosifs et\/ou abrasifs. Par exemple, nous privil\u00e9gions les <span class=\"fort\">rev\u00eatements synth\u00e9tiques<\/span> non m\u00e9talliques pour prot\u00e9ger les fibres optiques contre les agressions chimiques agressives. Et nous mettons en oeuvre des <span class=\"fort\">technologies<\/span> de scellement adapt\u00e9es pour garantir une parfaite \u00e9tanch\u00e9it\u00e9 et herm\u00e9ticit\u00e9 de nos assemblages fibres optiques dans de tels environnements. En effet, la fibre est s\u00e9lectionn\u00e9e parmi notre large gamme de fibres \u00e0 rev\u00eatement <span class=\"fort\">aluminium<\/span>, <span class=\"fort\">cuivre<\/span>, <span class=\"fort\">carbone<\/span>, <span class=\"fort\">acrylate<\/span>, etc. Enfin, les <span class=\"fort\">scellements<\/span> (epoxy, brasure, enverrage\u2026) sont pris en compte pour garantir l&rsquo;\u00e9tanch\u00e9it\u00e9 de la solution.<\/p>\n<p>Toutes nos gammes de <a style=\"color: black;\" href=\"https:\/\/www.sedi-ati.com\/fr\/coupleurs-fibre-optique-multimodes\/\">coupleurs<\/a>, <a style=\"color: black;\" href=\"https:\/\/www.sedi-ati.com\/fr\/traversees-et-passages-etanches-a-fibres-optiques\/\">travers\u00e9es \u00e9tanches<\/a>, <a style=\"color: black;\" href=\"https:\/\/www.sedi-ati.com\/fr\/assemblages-de-fibres-optiques-sur-mesure-bundles-fentes-et-pieuvres\/\">bundles<\/a>, <a style=\"color: black;\" href=\"https:\/\/www.sedi-ati.com\/fr\/cordons-et-cables-fibre-optique-speciaux\/\">cordons et c\u00e2bles sp\u00e9ciaux<\/a>, <a style=\"color: black;\" href=\"https:\/\/www.sedi-ati.com\/fr\/connecteurs-optiques-et-raccords\/\">connecteurs<\/a>, <a style=\"color: black;\" href=\"https:\/\/www.sedi-ati.com\/fr\/multiplexeurs-de-longueurs-dondes-multimodes\/\">multiplexeurs<\/a>, etc, sont personnalisables pour r\u00e9pondre \u00e0 vos contraintes.[\/vc_column_text][\/vc_column_inner][\/vc_row_inner][\/vc_column][vc_column width=\u00a0\u00bb1\/3&Prime;][vc_images_carousel images=\u00a0\u00bb19460,19458&Prime; img_size=\u00a0\u00bbfull\u00a0\u00bb onclick=\u00a0\u00bbcustom_link\u00a0\u00bb custom_links_target=\u00a0\u00bb_blank\u00a0\u00bb speed=\u00a0\u00bb4000&Prime; autoplay=\u00a0\u00bbyes\u00a0\u00bb hide_pagination_control=\u00a0\u00bbyes\u00a0\u00bb wrap=\u00a0\u00bbyes\u00a0\u00bb el_class=\u00a0\u00bbcentrer\u00a0\u00bb custom_links=\u00a0\u00bb#E-8_aHR0cHMlM0ElMkYlMkZ3d3cuc2VkaS1hdGkuY29tJTJGZnIlMkZ0cmF2ZXJzZWVzLWV0LXBhc3NhZ2VzLWV0YW5jaGVzLWEtZmlicmVzLW9wdGlxdWVzJTJGdHJhdmVyc2Vlcy1ldC1wYXNzYWdlcy1ldGFuY2hlcy1maWJyZXMtb3B0aXF1ZXMtZW4tbGlnbmUlMkYlMkNodHRwcyUzQSUyRiUyRnd3dy5zZWRpLWF0aS5jb20lMkZmciUyRmFzc2VtYmxhZ2VzLWRlLWZpYnJlcy1vcHRpcXVlcy1zdXItbWVzdXJlLWJ1bmRsZXMtZmVudGVzLWV0LXBpZXV2cmVzJTJGYnVuZGxlLWZpYnJlcy1vcHRpcXVlcy1zcGVjdHJvc2NvcGllJTJG\u00a0\u00bb][\/vc_column][\/vc_row][vc_row][vc_column][vc_text_separator title=\u00a0\u00bbCas clients li\u00e9s\u00a0\u00bb title_align=\u00a0\u00bbseparator_align_left\u00a0\u00bb color=\u00a0\u00bbcustom\u00a0\u00bb border_width=\u00a0\u00bb2&Prime; accent_color=\u00a0\u00bb#0a0a0a\u00a0\u00bb el_class=\u00a0\u00bbpetit-titre\u00a0\u00bb][vc_empty_space height=\u00a0\u00bb10px\u00a0\u00bb][vc_basic_grid post_type=\u00a0\u00bbcas_client\u00a0\u00bb max_items=\u00a0\u00bb10&Prime; item=\u00a0\u00bb14900&Prime; grid_id=\u00a0\u00bbvc_gid:1713892405375-defa137e-1271-9&Prime; taxonomies=\u00a0\u00bb434105, 434120, 434106&Prime;][\/vc_column][\/vc_row][vc_row full_width=\u00a0\u00bbstretch_row\u00a0\u00bb][vc_column el_class=\u00a0\u00bbblock-cat-prod\u00a0\u00bb][vc_text_separator title=\u00a0\u00bbCat\u00e9gories produits\u00a0\u00bb title_align=\u00a0\u00bbseparator_align_left\u00a0\u00bb color=\u00a0\u00bbcustom\u00a0\u00bb border_width=\u00a0\u00bb2&Prime; accent_color=\u00a0\u00bb#0a0a0a\u00a0\u00bb el_class=\u00a0\u00bbpetit-titre\u00a0\u00bb][vc_empty_space height=\u00a0\u00bb10px\u00a0\u00bb]<div class=\"woocommerce columns-3\">\n<div class=\"products_wrapper mfn-woo-products isotope_wrapper default-woo-loop lm_wrapper\">\n\t<ul class=\"products mfn-product-badges-left\">\n<li class=\"product-category product first\">\n\t<a aria-label=\"Acc\u00e9der \u00e0 la cat\u00e9gorie de produits Coupleurs fibre optique multimodes\" href=\"https:\/\/www.sedi-ati.com\/fr\/coupleurs-fibre-optique-multimodes\/\"><img loading=\"lazy\" decoding=\"async\" src=\"https:\/\/www.sedi-ati.com\/wp-content\/uploads\/2019\/07\/thumbnail-mm-coupler-white-3.jpg\" alt=\"Coupleurs fibre optique multimodes\" width=\"800\" height=\"800\" srcset=\"https:\/\/www.sedi-ati.com\/wp-content\/uploads\/2019\/07\/thumbnail-mm-coupler-white-3.jpg 600w, https:\/\/www.sedi-ati.com\/wp-content\/uploads\/2019\/07\/thumbnail-mm-coupler-white-3-300x300.jpg 300w, https:\/\/www.sedi-ati.com\/wp-content\/uploads\/2019\/07\/thumbnail-mm-coupler-white-3-150x150.jpg 150w, https:\/\/www.sedi-ati.com\/wp-content\/uploads\/2019\/07\/thumbnail-mm-coupler-white-3-400x400.jpg 400w, https:\/\/www.sedi-ati.com\/wp-content\/uploads\/2019\/07\/thumbnail-mm-coupler-white-3-85x85.jpg 85w, https:\/\/www.sedi-ati.com\/wp-content\/uploads\/2019\/07\/thumbnail-mm-coupler-white-3-32x32.jpg 32w\" sizes=\"auto, (max-width:767px) 480px, 600px\" \/>\t\t<h2 class=\"woocommerce-loop-category__title\">\n\t\t\tCoupleurs fibre optique multimodes <mark class=\"count\">(4)<\/mark>\t\t<\/h2>\n\t\t<\/a><\/li>\n<li class=\"product-category product\">\n\t<a aria-label=\"Acc\u00e9der \u00e0 la cat\u00e9gorie de produits Multiplexeurs de longueurs d&#039;ondes multimodes\" href=\"https:\/\/www.sedi-ati.com\/fr\/multiplexeurs-de-longueurs-dondes-multimodes\/\"><img loading=\"lazy\" decoding=\"async\" src=\"https:\/\/www.sedi-ati.com\/wp-content\/uploads\/2019\/07\/thumbnail-wdm-datacom-applications.jpg\" alt=\"Multiplexeurs de longueurs d&#039;ondes multimodes\" width=\"800\" height=\"800\" srcset=\"https:\/\/www.sedi-ati.com\/wp-content\/uploads\/2019\/07\/thumbnail-wdm-datacom-applications.jpg 600w, https:\/\/www.sedi-ati.com\/wp-content\/uploads\/2019\/07\/thumbnail-wdm-datacom-applications-300x300.jpg 300w, https:\/\/www.sedi-ati.com\/wp-content\/uploads\/2019\/07\/thumbnail-wdm-datacom-applications-150x150.jpg 150w, https:\/\/www.sedi-ati.com\/wp-content\/uploads\/2019\/07\/thumbnail-wdm-datacom-applications-400x400.jpg 400w, https:\/\/www.sedi-ati.com\/wp-content\/uploads\/2019\/07\/thumbnail-wdm-datacom-applications-85x85.jpg 85w, https:\/\/www.sedi-ati.com\/wp-content\/uploads\/2019\/07\/thumbnail-wdm-datacom-applications-32x32.jpg 32w\" sizes=\"auto, (max-width:767px) 480px, 600px\" \/>\t\t<h2 class=\"woocommerce-loop-category__title\">\n\t\t\tMultiplexeurs de longueurs d&#039;ondes multimodes <mark class=\"count\">(3)<\/mark>\t\t<\/h2>\n\t\t<\/a><\/li>\n<li class=\"product-category product last\">\n\t<a aria-label=\"Acc\u00e9der \u00e0 la cat\u00e9gorie de produits Travers\u00e9es et passages \u00e9tanches \u00e0 fibres optiques\" href=\"https:\/\/www.sedi-ati.com\/fr\/traversees-et-passages-etanches-a-fibres-optiques\/\"><img loading=\"lazy\" decoding=\"async\" src=\"https:\/\/www.sedi-ati.com\/wp-content\/uploads\/2020\/04\/thumbnail-fiber-optic-hermetic-feedthroughs-overview-3.jpg\" alt=\"Travers\u00e9es et passages \u00e9tanches \u00e0 fibres optiques\" width=\"800\" height=\"800\" srcset=\"https:\/\/www.sedi-ati.com\/wp-content\/uploads\/2020\/04\/thumbnail-fiber-optic-hermetic-feedthroughs-overview-3.jpg 600w, https:\/\/www.sedi-ati.com\/wp-content\/uploads\/2020\/04\/thumbnail-fiber-optic-hermetic-feedthroughs-overview-3-300x300.jpg 300w, https:\/\/www.sedi-ati.com\/wp-content\/uploads\/2020\/04\/thumbnail-fiber-optic-hermetic-feedthroughs-overview-3-150x150.jpg 150w, https:\/\/www.sedi-ati.com\/wp-content\/uploads\/2020\/04\/thumbnail-fiber-optic-hermetic-feedthroughs-overview-3-400x400.jpg 400w, https:\/\/www.sedi-ati.com\/wp-content\/uploads\/2020\/04\/thumbnail-fiber-optic-hermetic-feedthroughs-overview-3-85x85.jpg 85w, https:\/\/www.sedi-ati.com\/wp-content\/uploads\/2020\/04\/thumbnail-fiber-optic-hermetic-feedthroughs-overview-3-32x32.jpg 32w\" sizes=\"auto, (max-width:767px) 480px, 600px\" \/>\t\t<h2 class=\"woocommerce-loop-category__title\">\n\t\t\tTravers\u00e9es et passages \u00e9tanches \u00e0 fibres optiques <mark class=\"count\">(12)<\/mark>\t\t<\/h2>\n\t\t<\/a><\/li>\n<li class=\"product-category product first\">\n\t<a aria-label=\"Acc\u00e9der \u00e0 la cat\u00e9gorie de produits Bundle de fibres optiques, fentes et pieuvres\" href=\"https:\/\/www.sedi-ati.com\/fr\/assemblages-de-fibres-optiques-sur-mesure-bundles-fentes-et-pieuvres\/\"><img loading=\"lazy\" decoding=\"async\" src=\"https:\/\/www.sedi-ati.com\/wp-content\/uploads\/2019\/09\/thumbnail-custom-assemblies-overview-3.jpg\" alt=\"Bundle de fibres optiques, fentes et pieuvres\" width=\"800\" height=\"800\" srcset=\"https:\/\/www.sedi-ati.com\/wp-content\/uploads\/2019\/09\/thumbnail-custom-assemblies-overview-3.jpg 600w, https:\/\/www.sedi-ati.com\/wp-content\/uploads\/2019\/09\/thumbnail-custom-assemblies-overview-3-300x300.jpg 300w, https:\/\/www.sedi-ati.com\/wp-content\/uploads\/2019\/09\/thumbnail-custom-assemblies-overview-3-150x150.jpg 150w, https:\/\/www.sedi-ati.com\/wp-content\/uploads\/2019\/09\/thumbnail-custom-assemblies-overview-3-400x400.jpg 400w, https:\/\/www.sedi-ati.com\/wp-content\/uploads\/2019\/09\/thumbnail-custom-assemblies-overview-3-85x85.jpg 85w, https:\/\/www.sedi-ati.com\/wp-content\/uploads\/2019\/09\/thumbnail-custom-assemblies-overview-3-32x32.jpg 32w\" sizes=\"auto, (max-width:767px) 480px, 600px\" \/>\t\t<h2 class=\"woocommerce-loop-category__title\">\n\t\t\tBundle de fibres optiques, fentes et pieuvres <mark class=\"count\">(6)<\/mark>\t\t<\/h2>\n\t\t<\/a><\/li>\n<li class=\"product-category product\">\n\t<a aria-label=\"Acc\u00e9der \u00e0 la cat\u00e9gorie de produits Cordons et c\u00e2bles fibre optique sp\u00e9ciaux\" href=\"https:\/\/www.sedi-ati.com\/fr\/cordons-et-cables-fibre-optique-speciaux\/\"><img loading=\"lazy\" decoding=\"async\" src=\"https:\/\/www.sedi-ati.com\/wp-content\/uploads\/2019\/07\/thumbnail-special-patchcords-overview-3.jpg\" alt=\"Cordons et c\u00e2bles fibre optique sp\u00e9ciaux\" width=\"800\" height=\"800\" srcset=\"https:\/\/www.sedi-ati.com\/wp-content\/uploads\/2019\/07\/thumbnail-special-patchcords-overview-3.jpg 600w, https:\/\/www.sedi-ati.com\/wp-content\/uploads\/2019\/07\/thumbnail-special-patchcords-overview-3-300x300.jpg 300w, https:\/\/www.sedi-ati.com\/wp-content\/uploads\/2019\/07\/thumbnail-special-patchcords-overview-3-150x150.jpg 150w, https:\/\/www.sedi-ati.com\/wp-content\/uploads\/2019\/07\/thumbnail-special-patchcords-overview-3-400x400.jpg 400w, https:\/\/www.sedi-ati.com\/wp-content\/uploads\/2019\/07\/thumbnail-special-patchcords-overview-3-85x85.jpg 85w, https:\/\/www.sedi-ati.com\/wp-content\/uploads\/2019\/07\/thumbnail-special-patchcords-overview-3-32x32.jpg 32w\" sizes=\"auto, (max-width:767px) 480px, 600px\" \/>\t\t<h2 class=\"woocommerce-loop-category__title\">\n\t\t\tCordons et c\u00e2bles fibre optique sp\u00e9ciaux <mark class=\"count\">(9)<\/mark>\t\t<\/h2>\n\t\t<\/a><\/li>\n<li class=\"product-category product last\">\n\t<a aria-label=\"Acc\u00e9der \u00e0 la cat\u00e9gorie de produits Connecteurs optiques et accessoires\" href=\"https:\/\/www.sedi-ati.com\/fr\/connecteurs-optiques-et-raccords\/\"><img loading=\"lazy\" decoding=\"async\" src=\"https:\/\/www.sedi-ati.com\/wp-content\/uploads\/2021\/09\/thumbnail-adapters-and-connectors-1.jpg\" alt=\"Connecteurs optiques et accessoires\" width=\"800\" height=\"800\" srcset=\"https:\/\/www.sedi-ati.com\/wp-content\/uploads\/2021\/09\/thumbnail-adapters-and-connectors-1.jpg 300w, https:\/\/www.sedi-ati.com\/wp-content\/uploads\/2021\/09\/thumbnail-adapters-and-connectors-1-150x150.jpg 150w, https:\/\/www.sedi-ati.com\/wp-content\/uploads\/2021\/09\/thumbnail-adapters-and-connectors-1-146x146.jpg 146w, https:\/\/www.sedi-ati.com\/wp-content\/uploads\/2021\/09\/thumbnail-adapters-and-connectors-1-50x50.jpg 50w, https:\/\/www.sedi-ati.com\/wp-content\/uploads\/2021\/09\/thumbnail-adapters-and-connectors-1-75x75.jpg 75w, https:\/\/www.sedi-ati.com\/wp-content\/uploads\/2021\/09\/thumbnail-adapters-and-connectors-1-85x85.jpg 85w, https:\/\/www.sedi-ati.com\/wp-content\/uploads\/2021\/09\/thumbnail-adapters-and-connectors-1-80x80.jpg 80w\" sizes=\"auto, (max-width:767px) 300px, 300px\" \/>\t\t<h2 class=\"woocommerce-loop-category__title\">\n\t\t\tConnecteurs optiques et accessoires <mark class=\"count\">(6)<\/mark>\t\t<\/h2>\n\t\t<\/a><\/li>\n\n\t<\/ul>\n<\/div><\/div>[\/vc_column][\/vc_row][vc_row full_width=\u00a0\u00bbstretch_row\u00a0\u00bb css=\u00a0\u00bb.vc_custom_1707907721678{background-color: #dfe2e8 !important;}\u00a0\u00bb][vc_column][vc_row_inner][vc_column_inner width=\u00a0\u00bb1\/6&Prime;][\/vc_column_inner][vc_column_inner el_class=\u00a0\u00bbshadow border-radius-hd-bd line-bottom line-blue\u00a0\u00bb width=\u00a0\u00bb2\/3&Prime; css=\u00a0\u00bb.vc_custom_1707907629710{background-color: #ffffff !important;}\u00a0\u00bb][vc_column_text]<\/p>\n<p style=\"text-align: center;\">N&rsquo;h\u00e9sitez pas \u00e0 nous contacter pour nous faire part de votre demande<\/p>\n<p>[\/vc_column_text][vc_btn title=\u00a0\u00bbContactez-nous\u00a0\u00bb style=\u00a0\u00bbcustom\u00a0\u00bb custom_background=\u00a0\u00bb#132f40&Prime; custom_text=\u00a0\u00bb#ffffff\u00a0\u00bb shape=\u00a0\u00bbsquare\u00a0\u00bb align=\u00a0\u00bbcenter\u00a0\u00bb el_class=\u00a0\u00bbline-bottom line-blue\u00a0\u00bb link=\u00a0\u00bburl:https%3A%2F%2Fwww.sedi-ati.com%2Ffr%2Fcontact%2F\u00a0\u00bb][\/vc_column_inner][vc_column_inner width=\u00a0\u00bb1\/6&Prime;][\/vc_column_inner][\/vc_row_inner][\/vc_column][\/vc_row][vc_row][vc_column][vc_btn title=\u00a0\u00bb^\u00a0\u00bb style=\u00a0\u00bbflat\u00a0\u00bb link=\u00a0\u00bburl:%23Wrapper\u00a0\u00bb el_class=\u00a0\u00bbbtn-haut\u00a0\u00bb][\/vc_column][\/vc_row]<\/p>\n<\/section>","protected":false},"excerpt":{"rendered":"<p>[vc_row content_placement=\u00a0\u00bbmiddle\u00a0\u00bb el_class=\u00a0\u00bbz-index-1 chevauchement-horizontal-range range-applications\u00a0\u00bb][vc_column width=\u00a0\u00bb3\/5&Prime; css=\u00a0\u00bb.vc_custom_1705594374026{background-color: #41d3a2 !important;}\u00a0\u00bb el_class=\u00a0\u00bbshadow border-radius-hd-bd line-bottom line-blue txt-blanc block-grand-text\u00a0\u00bb][vc_raw_html el_class=\u00a0\u00bbgros-titre\u00a0\u00bb]JTNDcCUzRU1pbGlldXglMjBjb3Jyb3NpZnMlM0NzcGFuJTIwY2xhc3MlM0QlMjJwb2ludC1yb3VnZSUyMiUzRSUzQyUyRnNwYW4lM0VBYnJhc2lmcyUzQyUyRnAlM0U=[\/vc_raw_html][vc_column_text el_class=\u00a0\u00bbtitre-baseline\u00a0\u00bb] Assemblages de fibres optiques r\u00e9sistant aux atmosph\u00e8res hostiles [\/vc_column_text][vc_column_text]Son<span class=\"excerpt-hellip\"> [\u2026]<\/span><\/p>\n","protected":false},"author":7,"featured_media":0,"parent":5000,"menu_order":0,"comment_status":"closed","ping_status":"closed","template":"","meta":{"_acf_changed":false,"rs_blank_template":"","rs_page_bg_color":"","slide_template_v7":"","footnotes":""},"class_list":["post-17985","page","type-page","status-publish","hentry"],"acf":[],"yoast_head":"<!-- This site is optimized with the Yoast SEO plugin v27.3 - https:\/\/yoast.com\/product\/yoast-seo-wordpress\/ -->\n<title>Assemblage fibre optique pour milieu corrosif, fabricant composant optique milieu abrasif<\/title>\n<meta name=\"description\" content=\"Expert des environnements complexes et extr\u00eames, SEDI-ATI Fibres Optiques vous propose des assemblages r\u00e9sistants aux atmosph\u00e8res hostiles. Contactez-nous !\" \/>\n<meta name=\"robots\" content=\"index, follow, max-snippet:-1, max-image-preview:large, max-video-preview:-1\" \/>\n<link rel=\"canonical\" href=\"https:\/\/www.sedi-ati.com\/fr\/solution-fibre-optique-environnement-extreme\/milieux-corrosifs-ou-abrasifs\/\" \/>\n<meta property=\"og:locale\" content=\"fr_FR\" \/>\n<meta property=\"og:type\" content=\"article\" \/>\n<meta property=\"og:title\" content=\"Assemblage fibre optique pour milieu corrosif, fabricant composant optique milieu abrasif\" \/>\n<meta property=\"og:description\" content=\"Expert des environnements complexes et extr\u00eames, SEDI-ATI Fibres Optiques vous propose des assemblages r\u00e9sistants aux atmosph\u00e8res hostiles. Contactez-nous !\" \/>\n<meta property=\"og:url\" content=\"https:\/\/www.sedi-ati.com\/fr\/solution-fibre-optique-environnement-extreme\/milieux-corrosifs-ou-abrasifs\/\" \/>\n<meta property=\"og:site_name\" content=\"SEDI-ATI\" \/>\n<meta property=\"article:modified_time\" content=\"2024-04-23T18:53:30+00:00\" \/>\n<meta name=\"twitter:card\" content=\"summary_large_image\" \/>\n<meta name=\"twitter:label1\" content=\"Dur\u00e9e de lecture estim\u00e9e\" \/>\n\t<meta name=\"twitter:data1\" content=\"4 minutes\" \/>\n<script type=\"application\/ld+json\" class=\"yoast-schema-graph\">{\"@context\":\"https:\\\/\\\/schema.org\",\"@graph\":[{\"@type\":\"WebPage\",\"@id\":\"https:\\\/\\\/www.sedi-ati.com\\\/fr\\\/solution-fibre-optique-environnement-extreme\\\/milieux-corrosifs-ou-abrasifs\\\/\",\"url\":\"https:\\\/\\\/www.sedi-ati.com\\\/fr\\\/solution-fibre-optique-environnement-extreme\\\/milieux-corrosifs-ou-abrasifs\\\/\",\"name\":\"Assemblage fibre optique pour milieu corrosif, fabricant composant optique milieu abrasif\",\"isPartOf\":{\"@id\":\"https:\\\/\\\/www.sedi-ati.com\\\/fr\\\/#website\"},\"datePublished\":\"2024-02-22T16:19:04+00:00\",\"dateModified\":\"2024-04-23T18:53:30+00:00\",\"description\":\"Expert des environnements complexes et extr\u00eames, SEDI-ATI Fibres Optiques vous propose des assemblages r\u00e9sistants aux atmosph\u00e8res hostiles. Contactez-nous !\",\"breadcrumb\":{\"@id\":\"https:\\\/\\\/www.sedi-ati.com\\\/fr\\\/solution-fibre-optique-environnement-extreme\\\/milieux-corrosifs-ou-abrasifs\\\/#breadcrumb\"},\"inLanguage\":\"fr-FR\",\"potentialAction\":[{\"@type\":\"ReadAction\",\"target\":[\"https:\\\/\\\/www.sedi-ati.com\\\/fr\\\/solution-fibre-optique-environnement-extreme\\\/milieux-corrosifs-ou-abrasifs\\\/\"]}]},{\"@type\":\"BreadcrumbList\",\"@id\":\"https:\\\/\\\/www.sedi-ati.com\\\/fr\\\/solution-fibre-optique-environnement-extreme\\\/milieux-corrosifs-ou-abrasifs\\\/#breadcrumb\",\"itemListElement\":[{\"@type\":\"ListItem\",\"position\":1,\"name\":\"Home\",\"item\":\"https:\\\/\\\/www.sedi-ati.com\\\/fr\\\/\"},{\"@type\":\"ListItem\",\"position\":2,\"name\":\"Environnements extr\u00eames\",\"item\":\"https:\\\/\\\/www.sedi-ati.com\\\/fr\\\/solution-fibre-optique-environnement-extreme\\\/\"},{\"@type\":\"ListItem\",\"position\":3,\"name\":\"Composant \u00e0 base de fibre optique pour milieux corrosifs ou abrasifs\"}]},{\"@type\":\"WebSite\",\"@id\":\"https:\\\/\\\/www.sedi-ati.com\\\/fr\\\/#website\",\"url\":\"https:\\\/\\\/www.sedi-ati.com\\\/fr\\\/\",\"name\":\"SEDI-ATI\",\"description\":\"Assemblages de fibres optiques sur mesure, bundles, fentes et pieuvres\",\"publisher\":{\"@id\":\"https:\\\/\\\/www.sedi-ati.com\\\/fr\\\/#organization\"},\"potentialAction\":[{\"@type\":\"SearchAction\",\"target\":{\"@type\":\"EntryPoint\",\"urlTemplate\":\"https:\\\/\\\/www.sedi-ati.com\\\/fr\\\/?s={search_term_string}\"},\"query-input\":{\"@type\":\"PropertyValueSpecification\",\"valueRequired\":true,\"valueName\":\"search_term_string\"}}],\"inLanguage\":\"fr-FR\"},{\"@type\":\"Organization\",\"@id\":\"https:\\\/\\\/www.sedi-ati.com\\\/fr\\\/#organization\",\"name\":\"SEDI-ATI\",\"url\":\"https:\\\/\\\/www.sedi-ati.com\\\/fr\\\/\",\"logo\":{\"@type\":\"ImageObject\",\"inLanguage\":\"fr-FR\",\"@id\":\"https:\\\/\\\/www.sedi-ati.com\\\/fr\\\/#\\\/schema\\\/logo\\\/image\\\/\",\"url\":\"https:\\\/\\\/www.sedi-ati.com\\\/wp-content\\\/uploads\\\/2019\\\/10\\\/Logo_SEDI-ATI_2019_avec-baseline.png\",\"contentUrl\":\"https:\\\/\\\/www.sedi-ati.com\\\/wp-content\\\/uploads\\\/2019\\\/10\\\/Logo_SEDI-ATI_2019_avec-baseline.png\",\"width\":300,\"height\":73,\"caption\":\"SEDI-ATI\"},\"image\":{\"@id\":\"https:\\\/\\\/www.sedi-ati.com\\\/fr\\\/#\\\/schema\\\/logo\\\/image\\\/\"},\"sameAs\":[\"https:\\\/\\\/www.linkedin.com\\\/company\\\/sedi-ati-fibres-optiques\\\/\",\"https:\\\/\\\/www.youtube.com\\\/@sedi-ati-fibres-optiques\"]}]}<\/script>\n<!-- \/ Yoast SEO plugin. -->","yoast_head_json":{"title":"Assemblage fibre optique pour milieu corrosif, fabricant composant optique milieu abrasif","description":"Expert des environnements complexes et extr\u00eames, SEDI-ATI Fibres Optiques vous propose des assemblages r\u00e9sistants aux atmosph\u00e8res hostiles. Contactez-nous !","robots":{"index":"index","follow":"follow","max-snippet":"max-snippet:-1","max-image-preview":"max-image-preview:large","max-video-preview":"max-video-preview:-1"},"canonical":"https:\/\/www.sedi-ati.com\/fr\/solution-fibre-optique-environnement-extreme\/milieux-corrosifs-ou-abrasifs\/","og_locale":"fr_FR","og_type":"article","og_title":"Assemblage fibre optique pour milieu corrosif, fabricant composant optique milieu abrasif","og_description":"Expert des environnements complexes et extr\u00eames, SEDI-ATI Fibres Optiques vous propose des assemblages r\u00e9sistants aux atmosph\u00e8res hostiles. Contactez-nous !","og_url":"https:\/\/www.sedi-ati.com\/fr\/solution-fibre-optique-environnement-extreme\/milieux-corrosifs-ou-abrasifs\/","og_site_name":"SEDI-ATI","article_modified_time":"2024-04-23T18:53:30+00:00","twitter_card":"summary_large_image","twitter_misc":{"Dur\u00e9e de lecture estim\u00e9e":"4 minutes"},"schema":{"@context":"https:\/\/schema.org","@graph":[{"@type":"WebPage","@id":"https:\/\/www.sedi-ati.com\/fr\/solution-fibre-optique-environnement-extreme\/milieux-corrosifs-ou-abrasifs\/","url":"https:\/\/www.sedi-ati.com\/fr\/solution-fibre-optique-environnement-extreme\/milieux-corrosifs-ou-abrasifs\/","name":"Assemblage fibre optique pour milieu corrosif, fabricant composant optique milieu abrasif","isPartOf":{"@id":"https:\/\/www.sedi-ati.com\/fr\/#website"},"datePublished":"2024-02-22T16:19:04+00:00","dateModified":"2024-04-23T18:53:30+00:00","description":"Expert des environnements complexes et extr\u00eames, SEDI-ATI Fibres Optiques vous propose des assemblages r\u00e9sistants aux atmosph\u00e8res hostiles. Contactez-nous !","breadcrumb":{"@id":"https:\/\/www.sedi-ati.com\/fr\/solution-fibre-optique-environnement-extreme\/milieux-corrosifs-ou-abrasifs\/#breadcrumb"},"inLanguage":"fr-FR","potentialAction":[{"@type":"ReadAction","target":["https:\/\/www.sedi-ati.com\/fr\/solution-fibre-optique-environnement-extreme\/milieux-corrosifs-ou-abrasifs\/"]}]},{"@type":"BreadcrumbList","@id":"https:\/\/www.sedi-ati.com\/fr\/solution-fibre-optique-environnement-extreme\/milieux-corrosifs-ou-abrasifs\/#breadcrumb","itemListElement":[{"@type":"ListItem","position":1,"name":"Home","item":"https:\/\/www.sedi-ati.com\/fr\/"},{"@type":"ListItem","position":2,"name":"Environnements extr\u00eames","item":"https:\/\/www.sedi-ati.com\/fr\/solution-fibre-optique-environnement-extreme\/"},{"@type":"ListItem","position":3,"name":"Composant \u00e0 base de fibre optique pour milieux corrosifs ou abrasifs"}]},{"@type":"WebSite","@id":"https:\/\/www.sedi-ati.com\/fr\/#website","url":"https:\/\/www.sedi-ati.com\/fr\/","name":"SEDI-ATI","description":"Assemblages de fibres optiques sur mesure, bundles, fentes et pieuvres","publisher":{"@id":"https:\/\/www.sedi-ati.com\/fr\/#organization"},"potentialAction":[{"@type":"SearchAction","target":{"@type":"EntryPoint","urlTemplate":"https:\/\/www.sedi-ati.com\/fr\/?s={search_term_string}"},"query-input":{"@type":"PropertyValueSpecification","valueRequired":true,"valueName":"search_term_string"}}],"inLanguage":"fr-FR"},{"@type":"Organization","@id":"https:\/\/www.sedi-ati.com\/fr\/#organization","name":"SEDI-ATI","url":"https:\/\/www.sedi-ati.com\/fr\/","logo":{"@type":"ImageObject","inLanguage":"fr-FR","@id":"https:\/\/www.sedi-ati.com\/fr\/#\/schema\/logo\/image\/","url":"https:\/\/www.sedi-ati.com\/wp-content\/uploads\/2019\/10\/Logo_SEDI-ATI_2019_avec-baseline.png","contentUrl":"https:\/\/www.sedi-ati.com\/wp-content\/uploads\/2019\/10\/Logo_SEDI-ATI_2019_avec-baseline.png","width":300,"height":73,"caption":"SEDI-ATI"},"image":{"@id":"https:\/\/www.sedi-ati.com\/fr\/#\/schema\/logo\/image\/"},"sameAs":["https:\/\/www.linkedin.com\/company\/sedi-ati-fibres-optiques\/","https:\/\/www.youtube.com\/@sedi-ati-fibres-optiques"]}]}},"_links":{"self":[{"href":"https:\/\/www.sedi-ati.com\/fr\/wp-json\/wp\/v2\/pages\/17985","targetHints":{"allow":["GET"]}}],"collection":[{"href":"https:\/\/www.sedi-ati.com\/fr\/wp-json\/wp\/v2\/pages"}],"about":[{"href":"https:\/\/www.sedi-ati.com\/fr\/wp-json\/wp\/v2\/types\/page"}],"author":[{"embeddable":true,"href":"https:\/\/www.sedi-ati.com\/fr\/wp-json\/wp\/v2\/users\/7"}],"replies":[{"embeddable":true,"href":"https:\/\/www.sedi-ati.com\/fr\/wp-json\/wp\/v2\/comments?post=17985"}],"version-history":[{"count":5,"href":"https:\/\/www.sedi-ati.com\/fr\/wp-json\/wp\/v2\/pages\/17985\/revisions"}],"predecessor-version":[{"id":19462,"href":"https:\/\/www.sedi-ati.com\/fr\/wp-json\/wp\/v2\/pages\/17985\/revisions\/19462"}],"up":[{"embeddable":true,"href":"https:\/\/www.sedi-ati.com\/fr\/wp-json\/wp\/v2\/pages\/5000"}],"wp:attachment":[{"href":"https:\/\/www.sedi-ati.com\/fr\/wp-json\/wp\/v2\/media?parent=17985"}],"curies":[{"name":"wp","href":"https:\/\/api.w.org\/{rel}","templated":true}]}}