{"id":18059,"date":"2024-02-22T17:09:05","date_gmt":"2024-02-22T16:09:05","guid":{"rendered":"https:\/\/www.sedi-ati.com\/?page_id=18059"},"modified":"2024-04-23T21:54:21","modified_gmt":"2024-04-23T19:54:21","slug":"vibrations-et-chocs-mecaniques","status":"publish","type":"page","link":"https:\/\/www.sedi-ati.com\/fr\/solution-fibre-optique-environnement-extreme\/vibrations-et-chocs-mecaniques\/","title":{"rendered":"Assemblage de fibre optique r\u00e9sistant aux vibrations et chocs m\u00e9caniques"},"content":{"rendered":"<section class=\"wpb-content-wrapper\"><p>[vc_row content_placement=\u00a0\u00bbmiddle\u00a0\u00bb el_class=\u00a0\u00bbz-index-1 chevauchement-horizontal-range range-applications\u00a0\u00bb][vc_column width=\u00a0\u00bb3\/5&Prime; el_class=\u00a0\u00bbshadow border-radius-hd-bd line-bottom line-blue txt-blanc block-grand-text\u00a0\u00bb css=\u00a0\u00bb.vc_custom_1706190528787{background-color: #0b8246 !important;}\u00a0\u00bb][vc_raw_html el_class=\u00a0\u00bbgros-titre\u00a0\u00bb]JTNDcCUzRVZpYnJhdGlvbnMlM0NzcGFuJTIwY2xhc3MlM0QlMjJwb2ludC1yb3VnZSUyMiUzRSUzQyUyRnNwYW4lM0VDaG9jcyUyMG0lQzMlQTljYW5pcXVlcyUzQyUyRnAlM0U=[\/vc_raw_html][vc_column_text el_class=\u00a0\u00bbtitre-baseline\u00a0\u00bb]<\/p>\n<h2>Assemblages \u00e0 base de fibres optiques r\u00e9sistant aux vibrations et aux chocs m\u00e9caniques<\/h2>\n<p>[\/vc_column_text][vc_column_text]Gr\u00e2ce \u00e0 son <span class=\"fort\">savoir-faire<\/span> et son <span class=\"fort\">expertise<\/span>, SEDI-ATI Fibres Optiques vous propose des assemblages et <strong class=\"d2b\">solutions \u00e0 base de fibres optiques<\/strong> capables de r\u00e9sister aux <strong>vibrations<\/strong> et aux <strong>chocs m\u00e9caniques intenses<\/strong>.[\/vc_column_text][vc_btn title=\u00a0\u00bbParlez-nous de votre projet\u00a0\u00bb style=\u00a0\u00bbcustom\u00a0\u00bb custom_background=\u00a0\u00bb#132f40&Prime; custom_text=\u00a0\u00bb#ffffff\u00a0\u00bb shape=\u00a0\u00bbsquare\u00a0\u00bb link=\u00a0\u00bburl:https%3A%2F%2Fwww.sedi-ati.com%2Ffr%2Fdemande-de-devis%2F\u00a0\u00bb el_class=\u00a0\u00bbline-bottom line-blue\u00a0\u00bb][\/vc_column][vc_column width=\u00a0\u00bb1\/2&Prime; el_class=\u00a0\u00bbimg-entete\u00a0\u00bb][vc_single_image image=\u00a0\u00bb19391&Prime; img_size=\u00a0\u00bbfull\u00a0\u00bb alignment=\u00a0\u00bbcenter\u00a0\u00bb][\/vc_column][\/vc_row][vc_row][vc_column width=\u00a0\u00bb1\/2&Prime;][vc_column_text el_class=\u00a0\u00bbpetit-titre petit-titre-txt\u00a0\u00bb]<\/p>\n<h3>R\u00e9sistance aux vibrations et chocs extr\u00eames<\/h3>\n<p>[\/vc_column_text][vc_column_text]Dans un <strong class=\"d2b\">assemblage \u00e0 base de fibres optiques<\/strong>, le choix de la <span class=\"fort\">gaine<\/span> de protection m\u00e9canique de la fibre ainsi que des <span class=\"fort\">technologies d&rsquo;ancrage<\/span> sont primordiaux pour s&rsquo;affranchir des vibrations et chocs m\u00e9caniques. Un composant \u00ab\u00a0<span class=\"fort\">durci<\/span>\u00a0\u00bb sera suffisamment robuste pour permettre l&rsquo;installation de la fibre optique dans un environnement soumis \u00e0 des <strong>vibrations constantes<\/strong>. Elle peut donc \u00eatre utilis\u00e9e dans des environnements tels que les chantiers de construction, les usines lourdes, les plateformes offshore ou les v\u00e9hicules en mouvement. On peut aussi la retrouver pour des applications de d\u00e9fense, a\u00e9rospatiales et industrielles.[\/vc_column_text][\/vc_column][vc_column width=\u00a0\u00bb1\/2&Prime;][vc_column_text el_class=\u00a0\u00bbpetit-titre petit-titre-txt\u00a0\u00bb]La probl\u00e9matique[\/vc_column_text][vc_column_text]Les cons\u00e9quences \u00e0 d\u00e9plorer associ\u00e9es \u00e0 des perturbations m\u00e9caniques sur des assemblages de fibres optiques non durcis sont principalement la <span class=\"fort\">casse<\/span> ou l&rsquo;<span class=\"fort\">endommagement<\/span> physique de la solution, une <span class=\"fort\">d\u00e9connection<\/span> des connecteurs, l\u2019alt\u00e9ration de l\u2019alignement, ou encore la <span class=\"fort\">d\u00e9gradation<\/span> de la performance sur le long terme.[\/vc_column_text][\/vc_column][\/vc_row][vc_row full_width=\u00a0\u00bbstretch_row\u00a0\u00bb content_placement=\u00a0\u00bbmiddle\u00a0\u00bb css=\u00a0\u00bb.vc_custom_1707908128904{background-color: #8ece94 !important;}\u00a0\u00bb][vc_column width=\u00a0\u00bb2\/3&Prime;][vc_row_inner][vc_column_inner][vc_raw_html el_class=\u00a0\u00bbpetit-titre\u00a0\u00bb]JTNDcCUzRU5vdHJlJTNDc3BhbiUyMGNsYXNzJTNEJTIycG9pbnQtcm91Z2UlMjBwb2ludC1wZXRpdCUyMiUzRSUzQyUyRnNwYW4lM0VFeHBlcnRpc2UlM0MlMkZwJTNF[\/vc_raw_html][vc_column_text]Notre savoir-faire et notre expertise des environnements extr\u00eames nous permettent \u00e0 ce jour de proposer des assemblages pouvant r\u00e9sister au <span class=\"fort\">stress m\u00e9canique<\/span> comme les chocs et les vibrations, les \u00e9tirages, les courbures et les acc\u00e9l\u00e9rations jusqu\u2019\u00e0 <span class=\"fort\">50 G<\/span> gr\u00e2ce \u00e0 des techniques d&rsquo;assemblage sp\u00e9cifiques. Les mati\u00e8res premi\u00e8res, les <span class=\"fort\">rev\u00eatements<\/span> et les <span class=\"fort\">gaines<\/span>\u00a0sont s\u00e9lectionn\u00e9es pour que le produit soit fonctionnel et viable dans le temps.<\/p>\n<p>Pour vous fournir un produit capable de r\u00e9sister aux vibrations et chocs m\u00e9caniques, la fibre est s\u00e9lectionn\u00e9e parmi une large gamme de fibres \u00e0 rev\u00eatements <span class=\"fort\">aluminium<\/span>, <span class=\"fort\">cuivre<\/span>, <span class=\"fort\">carbone<\/span>, <span class=\"fort\">acrylate<\/span>, etc. Les scellements et les mat\u00e9riaux utilis\u00e9s sont adapt\u00e9s \u00e0 l&rsquo;application finale et \u00e0 l&rsquo;environnement (<strong>epoxy<\/strong>, <strong>brasure<\/strong>, <strong>enverrage<\/strong>&#8230;).\u00a0 En plus de notre gamme d\u00e9di\u00e9e au spatial et \u00e0 l\u2019a\u00e9ronautique qui est d\u2019autant plus qualifi\u00e9e pour les conditions extr\u00eames, la quasi-totalit\u00e9 de nos <a style=\"color: black;\" href=\"https:\/\/www.sedi-ati.com\/fr\/cordons-et-cables-fibre-optique-speciaux\/\">cordons et c\u00e2bles sp\u00e9ciaux<\/a>, <a style=\"color: black;\" href=\"https:\/\/www.sedi-ati.com\/fr\/traversees-et-passages-etanches-a-fibres-optiques\/\">travers\u00e9es \u00e9tanches<\/a>, <a style=\"color: black;\" href=\"https:\/\/www.sedi-ati.com\/fr\/assemblages-de-fibres-optiques-sur-mesure-bundles-fentes-et-pieuvres\/\">bundles<\/a>, <a style=\"color: black;\" href=\"https:\/\/www.sedi-ati.com\/fr\/connecteurs-optiques-et-raccords\/\">connecteurs<\/a>, <a style=\"color: black;\" href=\"https:\/\/www.sedi-ati.com\/fr\/multiplexeurs-de-longueurs-dondes-multimodes\/\">multiplexeurs<\/a>, &#8230;, peuvent \u00eatre adapt\u00e9es \u00e0 votre utilisation.[\/vc_column_text][\/vc_column_inner][\/vc_row_inner][\/vc_column][vc_column width=\u00a0\u00bb1\/3&Prime;][vc_images_carousel images=\u00a0\u00bb19371,19377,19379,19385,19387&Prime; img_size=\u00a0\u00bbfull\u00a0\u00bb onclick=\u00a0\u00bbcustom_link\u00a0\u00bb custom_links_target=\u00a0\u00bb_blank\u00a0\u00bb speed=\u00a0\u00bb4000&Prime; autoplay=\u00a0\u00bbyes\u00a0\u00bb hide_pagination_control=\u00a0\u00bbyes\u00a0\u00bb wrap=\u00a0\u00bbyes\u00a0\u00bb custom_links=\u00a0\u00bb#E-8_aHR0cHMlM0ElMkYlMkZ3d3cuc2VkaS1hdGkuY29tJTJGZnIlMkZjb25uZWN0ZXVycy1vcHRpcXVlcy1ldC1yYWNjb3JkcyUyRmZjeHRyZW1lLWNvbm5lY3RldXItcG91ci1hcHBsaWNhdGlvbnMtZGUtZGVmZW5zZS1ldC1hZXJvc3BhdGlhbGVzJTJGJTJDJTJDaHR0cHMlM0ElMkYlMkZ3d3cuc2VkaS1hdGkuY29tJTJGZnIlMkZjb3Jkb25zLWV0LWNhYmxlcy1maWJyZS1vcHRpcXVlLXNwZWNpYXV4JTJGY2FibGVzLWZpYnJlcy1vcHRpcXVlcy1hdmlvbmlxdWVzJTJGJTJDaHR0cHMlM0ElMkYlMkZ3d3cuc2VkaS1hdGkuY29tJTJGZnIlMkZjb3VwbGV1cnMtZmlicmUtb3B0aXF1ZS1tdWx0aW1vZGVzJTJGJTJDaHR0cHMlM0ElMkYlMkZ3d3cuc2VkaS1hdGkuY29tJTJGZnIlMkZtdWx0aXBsZXhldXJzLWRlLWxvbmd1ZXVycy1kb25kZXMtbXVsdGltb2RlcyUyRg==\u00a0\u00bb el_class=\u00a0\u00bbcentrer\u00a0\u00bb][\/vc_column][\/vc_row][vc_row][vc_column][vc_text_separator title=\u00a0\u00bbCas clients li\u00e9s\u00a0\u00bb title_align=\u00a0\u00bbseparator_align_left\u00a0\u00bb color=\u00a0\u00bbcustom\u00a0\u00bb border_width=\u00a0\u00bb2&Prime; accent_color=\u00a0\u00bb#0a0a0a\u00a0\u00bb el_class=\u00a0\u00bbpetit-titre\u00a0\u00bb][vc_empty_space height=\u00a0\u00bb10px\u00a0\u00bb][vc_basic_grid post_type=\u00a0\u00bbcas_client\u00a0\u00bb max_items=\u00a0\u00bb10&Prime; item=\u00a0\u00bb14900&Prime; grid_id=\u00a0\u00bbvc_gid:1713901919515-eec44417-f2d0-5&Prime; taxonomies=\u00a0\u00bb434097, 434096, 434018, 434124, 434152, 434154, 434021, 434103, 434102&Prime;][\/vc_column][\/vc_row][vc_row full_width=\u00a0\u00bbstretch_row\u00a0\u00bb][vc_column el_class=\u00a0\u00bbblock-cat-prod\u00a0\u00bb][vc_text_separator title=\u00a0\u00bbCat\u00e9gories produits\u00a0\u00bb title_align=\u00a0\u00bbseparator_align_left\u00a0\u00bb color=\u00a0\u00bbcustom\u00a0\u00bb border_width=\u00a0\u00bb2&Prime; accent_color=\u00a0\u00bb#0a0a0a\u00a0\u00bb el_class=\u00a0\u00bbpetit-titre\u00a0\u00bb][vc_empty_space height=\u00a0\u00bb10px\u00a0\u00bb]<div class=\"woocommerce columns-3\">\n<div class=\"products_wrapper mfn-woo-products isotope_wrapper default-woo-loop lm_wrapper\">\n\t<ul class=\"products mfn-product-badges-left\">\n<li class=\"product-category product first\">\n\t<a aria-label=\"Acc\u00e9der \u00e0 la cat\u00e9gorie de produits Coupleurs fibre optique multimodes\" href=\"https:\/\/www.sedi-ati.com\/fr\/coupleurs-fibre-optique-multimodes\/\"><img loading=\"lazy\" decoding=\"async\" src=\"https:\/\/www.sedi-ati.com\/wp-content\/uploads\/2019\/07\/thumbnail-mm-coupler-white-3.jpg\" alt=\"Coupleurs fibre optique multimodes\" width=\"800\" height=\"800\" srcset=\"https:\/\/www.sedi-ati.com\/wp-content\/uploads\/2019\/07\/thumbnail-mm-coupler-white-3.jpg 600w, https:\/\/www.sedi-ati.com\/wp-content\/uploads\/2019\/07\/thumbnail-mm-coupler-white-3-300x300.jpg 300w, https:\/\/www.sedi-ati.com\/wp-content\/uploads\/2019\/07\/thumbnail-mm-coupler-white-3-150x150.jpg 150w, https:\/\/www.sedi-ati.com\/wp-content\/uploads\/2019\/07\/thumbnail-mm-coupler-white-3-400x400.jpg 400w, https:\/\/www.sedi-ati.com\/wp-content\/uploads\/2019\/07\/thumbnail-mm-coupler-white-3-85x85.jpg 85w, https:\/\/www.sedi-ati.com\/wp-content\/uploads\/2019\/07\/thumbnail-mm-coupler-white-3-32x32.jpg 32w\" sizes=\"auto, (max-width:767px) 480px, 600px\" \/>\t\t<h2 class=\"woocommerce-loop-category__title\">\n\t\t\tCoupleurs fibre optique multimodes <mark class=\"count\">(4)<\/mark>\t\t<\/h2>\n\t\t<\/a><\/li>\n<li class=\"product-category product\">\n\t<a aria-label=\"Acc\u00e9der \u00e0 la cat\u00e9gorie de produits Multiplexeurs de longueurs d&#039;ondes multimodes\" href=\"https:\/\/www.sedi-ati.com\/fr\/multiplexeurs-de-longueurs-dondes-multimodes\/\"><img loading=\"lazy\" decoding=\"async\" src=\"https:\/\/www.sedi-ati.com\/wp-content\/uploads\/2019\/07\/thumbnail-wdm-datacom-applications.jpg\" alt=\"Multiplexeurs de longueurs d&#039;ondes multimodes\" width=\"800\" height=\"800\" srcset=\"https:\/\/www.sedi-ati.com\/wp-content\/uploads\/2019\/07\/thumbnail-wdm-datacom-applications.jpg 600w, https:\/\/www.sedi-ati.com\/wp-content\/uploads\/2019\/07\/thumbnail-wdm-datacom-applications-300x300.jpg 300w, https:\/\/www.sedi-ati.com\/wp-content\/uploads\/2019\/07\/thumbnail-wdm-datacom-applications-150x150.jpg 150w, https:\/\/www.sedi-ati.com\/wp-content\/uploads\/2019\/07\/thumbnail-wdm-datacom-applications-400x400.jpg 400w, https:\/\/www.sedi-ati.com\/wp-content\/uploads\/2019\/07\/thumbnail-wdm-datacom-applications-85x85.jpg 85w, https:\/\/www.sedi-ati.com\/wp-content\/uploads\/2019\/07\/thumbnail-wdm-datacom-applications-32x32.jpg 32w\" sizes=\"auto, (max-width:767px) 480px, 600px\" \/>\t\t<h2 class=\"woocommerce-loop-category__title\">\n\t\t\tMultiplexeurs de longueurs d&#039;ondes multimodes <mark class=\"count\">(3)<\/mark>\t\t<\/h2>\n\t\t<\/a><\/li>\n<li class=\"product-category product last\">\n\t<a aria-label=\"Acc\u00e9der \u00e0 la cat\u00e9gorie de produits Travers\u00e9es et passages \u00e9tanches \u00e0 fibres optiques\" href=\"https:\/\/www.sedi-ati.com\/fr\/traversees-et-passages-etanches-a-fibres-optiques\/\"><img loading=\"lazy\" decoding=\"async\" src=\"https:\/\/www.sedi-ati.com\/wp-content\/uploads\/2020\/04\/thumbnail-fiber-optic-hermetic-feedthroughs-overview-3.jpg\" alt=\"Travers\u00e9es et passages \u00e9tanches \u00e0 fibres optiques\" width=\"800\" height=\"800\" srcset=\"https:\/\/www.sedi-ati.com\/wp-content\/uploads\/2020\/04\/thumbnail-fiber-optic-hermetic-feedthroughs-overview-3.jpg 600w, https:\/\/www.sedi-ati.com\/wp-content\/uploads\/2020\/04\/thumbnail-fiber-optic-hermetic-feedthroughs-overview-3-300x300.jpg 300w, https:\/\/www.sedi-ati.com\/wp-content\/uploads\/2020\/04\/thumbnail-fiber-optic-hermetic-feedthroughs-overview-3-150x150.jpg 150w, https:\/\/www.sedi-ati.com\/wp-content\/uploads\/2020\/04\/thumbnail-fiber-optic-hermetic-feedthroughs-overview-3-400x400.jpg 400w, https:\/\/www.sedi-ati.com\/wp-content\/uploads\/2020\/04\/thumbnail-fiber-optic-hermetic-feedthroughs-overview-3-85x85.jpg 85w, https:\/\/www.sedi-ati.com\/wp-content\/uploads\/2020\/04\/thumbnail-fiber-optic-hermetic-feedthroughs-overview-3-32x32.jpg 32w\" sizes=\"auto, (max-width:767px) 480px, 600px\" \/>\t\t<h2 class=\"woocommerce-loop-category__title\">\n\t\t\tTravers\u00e9es et passages \u00e9tanches \u00e0 fibres optiques <mark class=\"count\">(12)<\/mark>\t\t<\/h2>\n\t\t<\/a><\/li>\n<li class=\"product-category product first\">\n\t<a aria-label=\"Acc\u00e9der \u00e0 la cat\u00e9gorie de produits Bundle de fibres optiques, fentes et pieuvres\" href=\"https:\/\/www.sedi-ati.com\/fr\/assemblages-de-fibres-optiques-sur-mesure-bundles-fentes-et-pieuvres\/\"><img loading=\"lazy\" decoding=\"async\" src=\"https:\/\/www.sedi-ati.com\/wp-content\/uploads\/2019\/09\/thumbnail-custom-assemblies-overview-3.jpg\" alt=\"Bundle de fibres optiques, fentes et pieuvres\" width=\"800\" height=\"800\" srcset=\"https:\/\/www.sedi-ati.com\/wp-content\/uploads\/2019\/09\/thumbnail-custom-assemblies-overview-3.jpg 600w, https:\/\/www.sedi-ati.com\/wp-content\/uploads\/2019\/09\/thumbnail-custom-assemblies-overview-3-300x300.jpg 300w, https:\/\/www.sedi-ati.com\/wp-content\/uploads\/2019\/09\/thumbnail-custom-assemblies-overview-3-150x150.jpg 150w, https:\/\/www.sedi-ati.com\/wp-content\/uploads\/2019\/09\/thumbnail-custom-assemblies-overview-3-400x400.jpg 400w, https:\/\/www.sedi-ati.com\/wp-content\/uploads\/2019\/09\/thumbnail-custom-assemblies-overview-3-85x85.jpg 85w, https:\/\/www.sedi-ati.com\/wp-content\/uploads\/2019\/09\/thumbnail-custom-assemblies-overview-3-32x32.jpg 32w\" sizes=\"auto, (max-width:767px) 480px, 600px\" \/>\t\t<h2 class=\"woocommerce-loop-category__title\">\n\t\t\tBundle de fibres optiques, fentes et pieuvres <mark class=\"count\">(6)<\/mark>\t\t<\/h2>\n\t\t<\/a><\/li>\n<li class=\"product-category product\">\n\t<a aria-label=\"Acc\u00e9der \u00e0 la cat\u00e9gorie de produits Bobines fibre optique pour v\u00e9hicules filoguid\u00e9s\" href=\"https:\/\/www.sedi-ati.com\/fr\/bobines-fibre-optique-pour-vehicules-filoguides\/\"><img loading=\"lazy\" decoding=\"async\" src=\"https:\/\/www.sedi-ati.com\/wp-content\/uploads\/2020\/04\/thumbnail-bench-of-spools-for-tethered-vehicles-3-e1730302782426.jpg\" alt=\"Bobines fibre optique pour v\u00e9hicules filoguid\u00e9s\" width=\"800\" height=\"800\" \/>\t\t<h2 class=\"woocommerce-loop-category__title\">\n\t\t\tBobines fibre optique pour v\u00e9hicules filoguid\u00e9s <mark class=\"count\">(5)<\/mark>\t\t<\/h2>\n\t\t<\/a><\/li>\n<li class=\"product-category product last\">\n\t<a aria-label=\"Acc\u00e9der \u00e0 la cat\u00e9gorie de produits Cordons et c\u00e2bles fibre optique sp\u00e9ciaux\" href=\"https:\/\/www.sedi-ati.com\/fr\/cordons-et-cables-fibre-optique-speciaux\/\"><img loading=\"lazy\" decoding=\"async\" src=\"https:\/\/www.sedi-ati.com\/wp-content\/uploads\/2019\/07\/thumbnail-special-patchcords-overview-3.jpg\" alt=\"Cordons et c\u00e2bles fibre optique sp\u00e9ciaux\" width=\"800\" height=\"800\" srcset=\"https:\/\/www.sedi-ati.com\/wp-content\/uploads\/2019\/07\/thumbnail-special-patchcords-overview-3.jpg 600w, https:\/\/www.sedi-ati.com\/wp-content\/uploads\/2019\/07\/thumbnail-special-patchcords-overview-3-300x300.jpg 300w, https:\/\/www.sedi-ati.com\/wp-content\/uploads\/2019\/07\/thumbnail-special-patchcords-overview-3-150x150.jpg 150w, https:\/\/www.sedi-ati.com\/wp-content\/uploads\/2019\/07\/thumbnail-special-patchcords-overview-3-400x400.jpg 400w, https:\/\/www.sedi-ati.com\/wp-content\/uploads\/2019\/07\/thumbnail-special-patchcords-overview-3-85x85.jpg 85w, https:\/\/www.sedi-ati.com\/wp-content\/uploads\/2019\/07\/thumbnail-special-patchcords-overview-3-32x32.jpg 32w\" sizes=\"auto, (max-width:767px) 480px, 600px\" \/>\t\t<h2 class=\"woocommerce-loop-category__title\">\n\t\t\tCordons et c\u00e2bles fibre optique sp\u00e9ciaux <mark class=\"count\">(9)<\/mark>\t\t<\/h2>\n\t\t<\/a><\/li>\n<li class=\"product-category product first\">\n\t<a aria-label=\"Acc\u00e9der \u00e0 la cat\u00e9gorie de produits Connecteurs optiques et accessoires\" href=\"https:\/\/www.sedi-ati.com\/fr\/connecteurs-optiques-et-raccords\/\"><img loading=\"lazy\" decoding=\"async\" src=\"https:\/\/www.sedi-ati.com\/wp-content\/uploads\/2021\/09\/thumbnail-adapters-and-connectors-1.jpg\" alt=\"Connecteurs optiques et accessoires\" width=\"800\" height=\"800\" srcset=\"https:\/\/www.sedi-ati.com\/wp-content\/uploads\/2021\/09\/thumbnail-adapters-and-connectors-1.jpg 300w, https:\/\/www.sedi-ati.com\/wp-content\/uploads\/2021\/09\/thumbnail-adapters-and-connectors-1-150x150.jpg 150w, https:\/\/www.sedi-ati.com\/wp-content\/uploads\/2021\/09\/thumbnail-adapters-and-connectors-1-146x146.jpg 146w, https:\/\/www.sedi-ati.com\/wp-content\/uploads\/2021\/09\/thumbnail-adapters-and-connectors-1-50x50.jpg 50w, https:\/\/www.sedi-ati.com\/wp-content\/uploads\/2021\/09\/thumbnail-adapters-and-connectors-1-75x75.jpg 75w, https:\/\/www.sedi-ati.com\/wp-content\/uploads\/2021\/09\/thumbnail-adapters-and-connectors-1-85x85.jpg 85w, https:\/\/www.sedi-ati.com\/wp-content\/uploads\/2021\/09\/thumbnail-adapters-and-connectors-1-80x80.jpg 80w\" sizes=\"auto, (max-width:767px) 300px, 300px\" \/>\t\t<h2 class=\"woocommerce-loop-category__title\">\n\t\t\tConnecteurs optiques et accessoires <mark class=\"count\">(6)<\/mark>\t\t<\/h2>\n\t\t<\/a><\/li>\n\n\t<\/ul>\n<\/div><\/div>[\/vc_column][\/vc_row][vc_row full_width=\u00a0\u00bbstretch_row\u00a0\u00bb css=\u00a0\u00bb.vc_custom_1707925687154{background-color: #dfe2e8 !important;}\u00a0\u00bb][vc_column][vc_row_inner][vc_column_inner width=\u00a0\u00bb1\/6&Prime;][\/vc_column_inner][vc_column_inner el_class=\u00a0\u00bbshadow border-radius-hd-bd line-bottom line-blue\u00a0\u00bb width=\u00a0\u00bb2\/3&Prime; css=\u00a0\u00bb.vc_custom_1707925703679{background-color: #ffffff !important;}\u00a0\u00bb][vc_column_text]<\/p>\n<p style=\"text-align: center;\">N&rsquo;h\u00e9sitez pas \u00e0 nous contacter pour nous faire de votre demande<\/p>\n<p>[\/vc_column_text][vc_btn title=\u00a0\u00bbNous contacter\u00a0\u00bb style=\u00a0\u00bbcustom\u00a0\u00bb custom_background=\u00a0\u00bb#132f40&Prime; custom_text=\u00a0\u00bb#ffffff\u00a0\u00bb shape=\u00a0\u00bbsquare\u00a0\u00bb align=\u00a0\u00bbcenter\u00a0\u00bb link=\u00a0\u00bburl:https%3A%2F%2Fwww.sedi-ati.com%2Ffr%2Fcontact%2F\u00a0\u00bb el_class=\u00a0\u00bbline-bottom line-blue\u00a0\u00bb][\/vc_column_inner][vc_column_inner width=\u00a0\u00bb1\/6&Prime;][\/vc_column_inner][\/vc_row_inner][\/vc_column][\/vc_row][vc_row][vc_column][vc_btn title=\u00a0\u00bb^\u00a0\u00bb style=\u00a0\u00bbflat\u00a0\u00bb shape=\u00a0\u00bbsquare\u00a0\u00bb link=\u00a0\u00bburl:%23Wrapper\u00a0\u00bb el_class=\u00a0\u00bbbtn-haut\u00a0\u00bb][\/vc_column][\/vc_row]<\/p>\n<\/section>","protected":false},"excerpt":{"rendered":"<p>[vc_row content_placement=\u00a0\u00bbmiddle\u00a0\u00bb el_class=\u00a0\u00bbz-index-1 chevauchement-horizontal-range range-applications\u00a0\u00bb][vc_column width=\u00a0\u00bb3\/5&Prime; el_class=\u00a0\u00bbshadow border-radius-hd-bd line-bottom line-blue txt-blanc block-grand-text\u00a0\u00bb css=\u00a0\u00bb.vc_custom_1706190528787{background-color: #0b8246 !important;}\u00a0\u00bb][vc_raw_html el_class=\u00a0\u00bbgros-titre\u00a0\u00bb]JTNDcCUzRVZpYnJhdGlvbnMlM0NzcGFuJTIwY2xhc3MlM0QlMjJwb2ludC1yb3VnZSUyMiUzRSUzQyUyRnNwYW4lM0VDaG9jcyUyMG0lQzMlQTljYW5pcXVlcyUzQyUyRnAlM0U=[\/vc_raw_html][vc_column_text el_class=\u00a0\u00bbtitre-baseline\u00a0\u00bb] Assemblages \u00e0 base de fibres optiques r\u00e9sistant aux vibrations<span class=\"excerpt-hellip\"> [\u2026]<\/span><\/p>\n","protected":false},"author":7,"featured_media":0,"parent":5000,"menu_order":0,"comment_status":"closed","ping_status":"closed","template":"","meta":{"_acf_changed":false,"rs_blank_template":"","rs_page_bg_color":"","slide_template_v7":"","footnotes":""},"class_list":["post-18059","page","type-page","status-publish","hentry"],"acf":[],"yoast_head":"<!-- This site is optimized with the Yoast SEO plugin v27.5 - https:\/\/yoast.com\/product\/yoast-seo-wordpress\/ -->\n<title>Fabricant composant fibre optique r\u00e9sistant choc m\u00e9canique et vibration<\/title>\n<meta name=\"description\" content=\"SEDI-ATI Fibres Optiques vous propose des assemblages r\u00e9sistants aux conditions extr\u00eames (vibrations, chocs m\u00e9caniques, acc\u00e9l\u00e9rations,...). Contactez-nous !\" \/>\n<meta name=\"robots\" content=\"index, follow, max-snippet:-1, max-image-preview:large, max-video-preview:-1\" \/>\n<link rel=\"canonical\" href=\"https:\/\/www.sedi-ati.com\/fr\/solution-fibre-optique-environnement-extreme\/vibrations-et-chocs-mecaniques\/\" \/>\n<meta property=\"og:locale\" content=\"fr_FR\" \/>\n<meta property=\"og:type\" content=\"article\" \/>\n<meta property=\"og:title\" content=\"Fabricant composant fibre optique r\u00e9sistant choc m\u00e9canique et vibration\" \/>\n<meta property=\"og:description\" content=\"SEDI-ATI Fibres Optiques vous propose des assemblages r\u00e9sistants aux conditions extr\u00eames (vibrations, chocs m\u00e9caniques, acc\u00e9l\u00e9rations,...). Contactez-nous !\" \/>\n<meta property=\"og:url\" content=\"https:\/\/www.sedi-ati.com\/fr\/solution-fibre-optique-environnement-extreme\/vibrations-et-chocs-mecaniques\/\" \/>\n<meta property=\"og:site_name\" content=\"SEDI-ATI\" \/>\n<meta property=\"article:modified_time\" content=\"2024-04-23T19:54:21+00:00\" \/>\n<meta name=\"twitter:card\" content=\"summary_large_image\" \/>\n<meta name=\"twitter:label1\" content=\"Dur\u00e9e de lecture estim\u00e9e\" \/>\n\t<meta name=\"twitter:data1\" content=\"3 minutes\" \/>\n<script type=\"application\/ld+json\" class=\"yoast-schema-graph\">{\"@context\":\"https:\\\/\\\/schema.org\",\"@graph\":[{\"@type\":\"WebPage\",\"@id\":\"https:\\\/\\\/www.sedi-ati.com\\\/fr\\\/solution-fibre-optique-environnement-extreme\\\/vibrations-et-chocs-mecaniques\\\/\",\"url\":\"https:\\\/\\\/www.sedi-ati.com\\\/fr\\\/solution-fibre-optique-environnement-extreme\\\/vibrations-et-chocs-mecaniques\\\/\",\"name\":\"Fabricant composant fibre optique r\u00e9sistant choc m\u00e9canique et vibration\",\"isPartOf\":{\"@id\":\"https:\\\/\\\/www.sedi-ati.com\\\/fr\\\/#website\"},\"datePublished\":\"2024-02-22T16:09:05+00:00\",\"dateModified\":\"2024-04-23T19:54:21+00:00\",\"description\":\"SEDI-ATI Fibres Optiques vous propose des assemblages r\u00e9sistants aux conditions extr\u00eames (vibrations, chocs m\u00e9caniques, acc\u00e9l\u00e9rations,...). Contactez-nous !\",\"breadcrumb\":{\"@id\":\"https:\\\/\\\/www.sedi-ati.com\\\/fr\\\/solution-fibre-optique-environnement-extreme\\\/vibrations-et-chocs-mecaniques\\\/#breadcrumb\"},\"inLanguage\":\"fr-FR\",\"potentialAction\":[{\"@type\":\"ReadAction\",\"target\":[\"https:\\\/\\\/www.sedi-ati.com\\\/fr\\\/solution-fibre-optique-environnement-extreme\\\/vibrations-et-chocs-mecaniques\\\/\"]}]},{\"@type\":\"BreadcrumbList\",\"@id\":\"https:\\\/\\\/www.sedi-ati.com\\\/fr\\\/solution-fibre-optique-environnement-extreme\\\/vibrations-et-chocs-mecaniques\\\/#breadcrumb\",\"itemListElement\":[{\"@type\":\"ListItem\",\"position\":1,\"name\":\"Home\",\"item\":\"https:\\\/\\\/www.sedi-ati.com\\\/fr\\\/\"},{\"@type\":\"ListItem\",\"position\":2,\"name\":\"Environnements extr\u00eames\",\"item\":\"https:\\\/\\\/www.sedi-ati.com\\\/fr\\\/solution-fibre-optique-environnement-extreme\\\/\"},{\"@type\":\"ListItem\",\"position\":3,\"name\":\"Assemblage de fibre optique r\u00e9sistant aux vibrations et chocs m\u00e9caniques\"}]},{\"@type\":\"WebSite\",\"@id\":\"https:\\\/\\\/www.sedi-ati.com\\\/fr\\\/#website\",\"url\":\"https:\\\/\\\/www.sedi-ati.com\\\/fr\\\/\",\"name\":\"SEDI-ATI\",\"description\":\"Assemblages de fibres optiques sur mesure, bundles, fentes et pieuvres\",\"publisher\":{\"@id\":\"https:\\\/\\\/www.sedi-ati.com\\\/fr\\\/#organization\"},\"potentialAction\":[{\"@type\":\"SearchAction\",\"target\":{\"@type\":\"EntryPoint\",\"urlTemplate\":\"https:\\\/\\\/www.sedi-ati.com\\\/fr\\\/?s={search_term_string}\"},\"query-input\":{\"@type\":\"PropertyValueSpecification\",\"valueRequired\":true,\"valueName\":\"search_term_string\"}}],\"inLanguage\":\"fr-FR\"},{\"@type\":\"Organization\",\"@id\":\"https:\\\/\\\/www.sedi-ati.com\\\/fr\\\/#organization\",\"name\":\"SEDI-ATI\",\"url\":\"https:\\\/\\\/www.sedi-ati.com\\\/fr\\\/\",\"logo\":{\"@type\":\"ImageObject\",\"inLanguage\":\"fr-FR\",\"@id\":\"https:\\\/\\\/www.sedi-ati.com\\\/fr\\\/#\\\/schema\\\/logo\\\/image\\\/\",\"url\":\"https:\\\/\\\/www.sedi-ati.com\\\/wp-content\\\/uploads\\\/2019\\\/10\\\/Logo_SEDI-ATI_2019_avec-baseline.png\",\"contentUrl\":\"https:\\\/\\\/www.sedi-ati.com\\\/wp-content\\\/uploads\\\/2019\\\/10\\\/Logo_SEDI-ATI_2019_avec-baseline.png\",\"width\":300,\"height\":73,\"caption\":\"SEDI-ATI\"},\"image\":{\"@id\":\"https:\\\/\\\/www.sedi-ati.com\\\/fr\\\/#\\\/schema\\\/logo\\\/image\\\/\"},\"sameAs\":[\"https:\\\/\\\/www.linkedin.com\\\/company\\\/sedi-ati-fibres-optiques\\\/\",\"https:\\\/\\\/www.youtube.com\\\/@sedi-ati-fibres-optiques\"]}]}<\/script>\n<!-- \/ Yoast SEO plugin. -->","yoast_head_json":{"title":"Fabricant composant fibre optique r\u00e9sistant choc m\u00e9canique et vibration","description":"SEDI-ATI Fibres Optiques vous propose des assemblages r\u00e9sistants aux conditions extr\u00eames (vibrations, chocs m\u00e9caniques, acc\u00e9l\u00e9rations,...). Contactez-nous !","robots":{"index":"index","follow":"follow","max-snippet":"max-snippet:-1","max-image-preview":"max-image-preview:large","max-video-preview":"max-video-preview:-1"},"canonical":"https:\/\/www.sedi-ati.com\/fr\/solution-fibre-optique-environnement-extreme\/vibrations-et-chocs-mecaniques\/","og_locale":"fr_FR","og_type":"article","og_title":"Fabricant composant fibre optique r\u00e9sistant choc m\u00e9canique et vibration","og_description":"SEDI-ATI Fibres Optiques vous propose des assemblages r\u00e9sistants aux conditions extr\u00eames (vibrations, chocs m\u00e9caniques, acc\u00e9l\u00e9rations,...). Contactez-nous !","og_url":"https:\/\/www.sedi-ati.com\/fr\/solution-fibre-optique-environnement-extreme\/vibrations-et-chocs-mecaniques\/","og_site_name":"SEDI-ATI","article_modified_time":"2024-04-23T19:54:21+00:00","twitter_card":"summary_large_image","twitter_misc":{"Dur\u00e9e de lecture estim\u00e9e":"3 minutes"},"schema":{"@context":"https:\/\/schema.org","@graph":[{"@type":"WebPage","@id":"https:\/\/www.sedi-ati.com\/fr\/solution-fibre-optique-environnement-extreme\/vibrations-et-chocs-mecaniques\/","url":"https:\/\/www.sedi-ati.com\/fr\/solution-fibre-optique-environnement-extreme\/vibrations-et-chocs-mecaniques\/","name":"Fabricant composant fibre optique r\u00e9sistant choc m\u00e9canique et vibration","isPartOf":{"@id":"https:\/\/www.sedi-ati.com\/fr\/#website"},"datePublished":"2024-02-22T16:09:05+00:00","dateModified":"2024-04-23T19:54:21+00:00","description":"SEDI-ATI Fibres Optiques vous propose des assemblages r\u00e9sistants aux conditions extr\u00eames (vibrations, chocs m\u00e9caniques, acc\u00e9l\u00e9rations,...). Contactez-nous !","breadcrumb":{"@id":"https:\/\/www.sedi-ati.com\/fr\/solution-fibre-optique-environnement-extreme\/vibrations-et-chocs-mecaniques\/#breadcrumb"},"inLanguage":"fr-FR","potentialAction":[{"@type":"ReadAction","target":["https:\/\/www.sedi-ati.com\/fr\/solution-fibre-optique-environnement-extreme\/vibrations-et-chocs-mecaniques\/"]}]},{"@type":"BreadcrumbList","@id":"https:\/\/www.sedi-ati.com\/fr\/solution-fibre-optique-environnement-extreme\/vibrations-et-chocs-mecaniques\/#breadcrumb","itemListElement":[{"@type":"ListItem","position":1,"name":"Home","item":"https:\/\/www.sedi-ati.com\/fr\/"},{"@type":"ListItem","position":2,"name":"Environnements extr\u00eames","item":"https:\/\/www.sedi-ati.com\/fr\/solution-fibre-optique-environnement-extreme\/"},{"@type":"ListItem","position":3,"name":"Assemblage de fibre optique r\u00e9sistant aux vibrations et chocs m\u00e9caniques"}]},{"@type":"WebSite","@id":"https:\/\/www.sedi-ati.com\/fr\/#website","url":"https:\/\/www.sedi-ati.com\/fr\/","name":"SEDI-ATI","description":"Assemblages de fibres optiques sur mesure, bundles, fentes et pieuvres","publisher":{"@id":"https:\/\/www.sedi-ati.com\/fr\/#organization"},"potentialAction":[{"@type":"SearchAction","target":{"@type":"EntryPoint","urlTemplate":"https:\/\/www.sedi-ati.com\/fr\/?s={search_term_string}"},"query-input":{"@type":"PropertyValueSpecification","valueRequired":true,"valueName":"search_term_string"}}],"inLanguage":"fr-FR"},{"@type":"Organization","@id":"https:\/\/www.sedi-ati.com\/fr\/#organization","name":"SEDI-ATI","url":"https:\/\/www.sedi-ati.com\/fr\/","logo":{"@type":"ImageObject","inLanguage":"fr-FR","@id":"https:\/\/www.sedi-ati.com\/fr\/#\/schema\/logo\/image\/","url":"https:\/\/www.sedi-ati.com\/wp-content\/uploads\/2019\/10\/Logo_SEDI-ATI_2019_avec-baseline.png","contentUrl":"https:\/\/www.sedi-ati.com\/wp-content\/uploads\/2019\/10\/Logo_SEDI-ATI_2019_avec-baseline.png","width":300,"height":73,"caption":"SEDI-ATI"},"image":{"@id":"https:\/\/www.sedi-ati.com\/fr\/#\/schema\/logo\/image\/"},"sameAs":["https:\/\/www.linkedin.com\/company\/sedi-ati-fibres-optiques\/","https:\/\/www.youtube.com\/@sedi-ati-fibres-optiques"]}]}},"_links":{"self":[{"href":"https:\/\/www.sedi-ati.com\/fr\/wp-json\/wp\/v2\/pages\/18059","targetHints":{"allow":["GET"]}}],"collection":[{"href":"https:\/\/www.sedi-ati.com\/fr\/wp-json\/wp\/v2\/pages"}],"about":[{"href":"https:\/\/www.sedi-ati.com\/fr\/wp-json\/wp\/v2\/types\/page"}],"author":[{"embeddable":true,"href":"https:\/\/www.sedi-ati.com\/fr\/wp-json\/wp\/v2\/users\/7"}],"replies":[{"embeddable":true,"href":"https:\/\/www.sedi-ati.com\/fr\/wp-json\/wp\/v2\/comments?post=18059"}],"version-history":[{"count":6,"href":"https:\/\/www.sedi-ati.com\/fr\/wp-json\/wp\/v2\/pages\/18059\/revisions"}],"predecessor-version":[{"id":19478,"href":"https:\/\/www.sedi-ati.com\/fr\/wp-json\/wp\/v2\/pages\/18059\/revisions\/19478"}],"up":[{"embeddable":true,"href":"https:\/\/www.sedi-ati.com\/fr\/wp-json\/wp\/v2\/pages\/5000"}],"wp:attachment":[{"href":"https:\/\/www.sedi-ati.com\/fr\/wp-json\/wp\/v2\/media?parent=18059"}],"curies":[{"name":"wp","href":"https:\/\/api.w.org\/{rel}","templated":true}]}}