{"id":18161,"date":"2024-02-22T17:30:35","date_gmt":"2024-02-22T16:30:35","guid":{"rendered":"https:\/\/www.sedi-ati.com\/?page_id=18161"},"modified":"2024-04-23T20:36:52","modified_gmt":"2024-04-23T18:36:52","slug":"hautes-tensions","status":"publish","type":"page","link":"https:\/\/www.sedi-ati.com\/fr\/solution-fibre-optique-environnement-extreme\/hautes-tensions\/","title":{"rendered":"Assemblage \u00e0 base de fibre optique pour applications hautes tensions"},"content":{"rendered":"<section class=\"wpb-content-wrapper\"><p>[vc_row content_placement=\u00a0\u00bbmiddle\u00a0\u00bb el_class=\u00a0\u00bbz-index-1 chevauchement-horizontal-range range-applications\u00a0\u00bb][vc_column width=\u00a0\u00bb3\/5&Prime; el_class=\u00a0\u00bbshadow border-radius-hd-bd line-bottom line-blue txt-blanc block-grand-text\u00a0\u00bb css=\u00a0\u00bb.vc_custom_1709821494814{background-color: #134bd8 !important;}\u00a0\u00bb][vc_raw_html el_class=\u00a0\u00bbgros-titre\u00a0\u00bb]JTNDcCUzRUhhdXRlcyUzQ3NwYW4lMjBjbGFzcyUzRCUyMnBvaW50LXJvdWdlJTIyJTNFJTNDJTJGc3BhbiUzRVRlbnNpb25zJTNDJTJGcCUzRQ==[\/vc_raw_html][vc_column_text el_class=\u00a0\u00bbtitre-baseline\u00a0\u00bb]<\/p>\n<h2>Nos assemblages \u00e0 base de fibres optiques dans des installations haute tension.<\/h2>\n<p>[\/vc_column_text][vc_column_text]Son <span class=\"fort\">savoir-faire<\/span> et son <span class=\"fort\">expertise<\/span> des environnements complexes et extr\u00eames permettent \u00e0 SEDI-ATI Fibres Optiques de proposer des <strong class=\"d2b\">assemblages \u00e0 base de fibres optiques<\/strong> r\u00e9sistant aux <strong>hautes tensions<\/strong> et <strong>arc-\u00e9lectriques<\/strong>, jusqu&rsquo;\u00e0 <span class=\"fort\">1 kV\/cm<\/span>.[\/vc_column_text][vc_btn title=\u00a0\u00bbParlez-nous de votre projet\u00a0\u00bb style=\u00a0\u00bbcustom\u00a0\u00bb custom_background=\u00a0\u00bb#132f40&Prime; custom_text=\u00a0\u00bb#ffffff\u00a0\u00bb shape=\u00a0\u00bbsquare\u00a0\u00bb link=\u00a0\u00bburl:https%3A%2F%2Fwww.sedi-ati.com%2Ffr%2Fdemande-de-devis%2F\u00a0\u00bb el_class=\u00a0\u00bbline-bottom line-blue\u00a0\u00bb][\/vc_column][vc_column width=\u00a0\u00bb1\/2&Prime;][vc_single_image image=\u00a0\u00bb19448&Prime; img_size=\u00a0\u00bbfull\u00a0\u00bb][\/vc_column][\/vc_row][vc_row][vc_column width=\u00a0\u00bb1\/2&Prime;][vc_column_text el_class=\u00a0\u00bbpetit-titre petit-titre-txt\u00a0\u00bb]<\/p>\n<h3>R\u00e9sistance aux hautes tensions<\/h3>\n<p>[\/vc_column_text][vc_column_text]Bien prot\u00e9g\u00e9e, la <strong class=\"d2b\">fibre optique<\/strong> peut-\u00eatre utilis\u00e9e dans des <strong>installations haute-tension<\/strong> sans crainte d&rsquo;endommagement ou de d\u00e9gradation de ses performances. La fibre peut ainsi intervenir dans des syst\u00e8mes de surveillance des lignes \u00e9lectriques \u00e0 haute-tension, de m\u00eame qu&rsquo;\u00e0 l&rsquo;int\u00e9rieur des isolateurs \u00e9lectriques, ou encore dans des installations pouvant \u00eatre expos\u00e9es \u00e0 la foudre comme des \u00e9oliennes par exemple.[\/vc_column_text][\/vc_column][vc_column width=\u00a0\u00bb1\/2&Prime;][vc_column_text el_class=\u00a0\u00bbpetit-titre petit-titre-txt\u00a0\u00bb]La probl\u00e9matique[\/vc_column_text][vc_column_text]En effet, des tensions \u00e9lev\u00e9es peuvent g\u00e9n\u00e9rer des <span class=\"fort\">d\u00e9charges<\/span> \u00e9lectrostatiques susceptibles d&rsquo;endommager les <span class=\"fort\">composants<\/span> (connecteurs et \u00e9pissures) et de compromettre l&rsquo;<span class=\"fort\">int\u00e9grit\u00e9<\/span> des fibres. Cet environnement peut, par ailleurs, <span class=\"fort\">endommager<\/span> ou <span class=\"fort\">d\u00e9t\u00e9riorer<\/span> les mat\u00e9riaux isolants utilis\u00e9s dans les gaines, voire m\u00eame mettre le <span class=\"fort\">feu<\/span> ou\u00a0cr\u00e9er une <span class=\"fort\">explosion<\/span> \u00e0 cause de la surtension.[\/vc_column_text][\/vc_column][\/vc_row][vc_row full_width=\u00a0\u00bbstretch_row\u00a0\u00bb css=\u00a0\u00bb.vc_custom_1707317351894{background-color: #8aa0f7 !important;}\u00a0\u00bb][vc_column width=\u00a0\u00bb2\/3&Prime;][vc_raw_html el_class=\u00a0\u00bbpetit-titre\u00a0\u00bb]JTNDcCUzRU5vdHJlJTNDc3BhbiUyMGNsYXNzJTNEJTIycG9pbnQtcm91Z2UlMjBwb2ludC1wZXRpdCUyMiUzRSUzQyUyRnNwYW4lM0VFeHBlcnRpc2UlM0MlMkZwJTNF[\/vc_raw_html][vc_column_text]Nos <strong class=\"d2b\">assemblages \u00e0 base de fibres optiques<\/strong> sont sp\u00e9cialement con\u00e7us pour r\u00e9sister aux <strong class=\"d2b\">environnements de haute tension<\/strong> puisqu\u2019ils sont isol\u00e9s gr\u00e2ce \u00e0 des <span class=\"fort\">gaines<\/span> et des <span class=\"fort\">rev\u00eatements<\/span> sp\u00e9cifiques comme le peek par exemple. La fibre est s\u00e9lectionn\u00e9e parmi notre large gamme de fibres \u00e0 rev\u00eatement non-conducteurs \u00e9lectriques tels que l&rsquo;<span class=\"fort\">acrylate<\/span>, le <span class=\"fort\">polyimide<\/span>, le <span class=\"fort\">peek<\/span>&#8230; et les autres composants comme les <span class=\"fort\">connecteurs<\/span> sont adapt\u00e9s \u00e0 l\u2019environnement et sont aussi isol\u00e9s pour \u00e9viter les d\u00e9charges \u00e9lectriques et les arcs garantissant la meilleure transmission de donn\u00e9es possible. . Enfin, les <span class=\"fort\">scellements<\/span> (epoxy, brasure, enverrage\u2026) sont pris en compte pour garantir l&rsquo;int\u00e9grit\u00e9 m\u00e9canique et l&rsquo;\u00e9tanch\u00e9it\u00e9 de l&rsquo;assemblage. Tous les mat\u00e9riaux m\u00e9talliques et \u00e0 reprise d\u2019humidit\u00e9 sont exclus. Les assemblages propos\u00e9s par SEDI-ATI Fibres Optiques sont donc enti\u00e8rement neutres et peuvent supporter un <strong>claquage di\u00e9lectrique<\/strong> allant jusqu\u2019\u00e0 <span class=\"fort\">1 kV\/cm<\/span>.<\/p>\n<p>A savoir, la quasi-totalit\u00e9 de nos gammes (<a style=\"color: black;\" href=\"https:\/\/www.sedi-ati.com\/fr\/traversees-et-passages-etanches-a-fibres-optiques\/\">travers\u00e9es \u00e9tanches<\/a>, <a style=\"color: black;\" href=\"https:\/\/www.sedi-ati.com\/fr\/coupleurs-fibre-optique-multimodes\/\">coupleurs<\/a> et <a style=\"color: black;\" href=\"https:\/\/www.sedi-ati.com\/fr\/multiplexeurs-de-longueurs-dondes-multimodes\/\">multiplexeurs<\/a>, <a style=\"color: black;\" href=\"https:\/\/www.sedi-ati.com\/fr\/assemblages-de-fibres-optiques-sur-mesure-bundles-fentes-et-pieuvres\/\">bundles<\/a>, <a style=\"color: black;\" href=\"https:\/\/www.sedi-ati.com\/fr\/cordons-et-cables-fibre-optique-speciaux\/\">cordons et c\u00e2bles sp\u00e9ciaux<\/a>\u2026) sont adaptables \u00e0 votre cas d\u2019application et personnalisables \u00e0 partir du choix du type de la fibre jusqu\u2019\u00e0 son rev\u00eatement et ses finitions.[\/vc_column_text][\/vc_column][vc_column width=\u00a0\u00bb1\/3&Prime;][vc_images_carousel images=\u00a0\u00bb19452,19450&Prime; img_size=\u00a0\u00bbmedium\u00a0\u00bb onclick=\u00a0\u00bbcustom_link\u00a0\u00bb custom_links_target=\u00a0\u00bb_blank\u00a0\u00bb speed=\u00a0\u00bb4000&Prime; autoplay=\u00a0\u00bbyes\u00a0\u00bb hide_pagination_control=\u00a0\u00bbyes\u00a0\u00bb wrap=\u00a0\u00bbyes\u00a0\u00bb custom_links=\u00a0\u00bb#E-8_aHR0cHMlM0ElMkYlMkZ3d3cuc2VkaS1hdGkuY29tJTJGZnIlMkZ0cmF2ZXJzZWVzLWV0LXBhc3NhZ2VzLWV0YW5jaGVzLWEtZmlicmVzLW9wdGlxdWVzJTJGdHJhdmVyc2Vlcy1ldC1wYXNzYWdlcy1ldGFuY2hlcy1maWJyZXMtb3B0aXF1ZXMtZW4tbGlnbmUlMkYlMkNodHRwcyUzQSUyRiUyRnd3dy5zZWRpLWF0aS5jb20lMkZmciUyRmNvcmRvbnMtZXQtY2FibGVzLWZpYnJlLW9wdGlxdWUtc3BlY2lhdXglMkY=\u00a0\u00bb el_class=\u00a0\u00bbcentrer\u00a0\u00bb][\/vc_column][\/vc_row][vc_row][vc_column][vc_text_separator title=\u00a0\u00bbCas clients li\u00e9s\u00a0\u00bb title_align=\u00a0\u00bbseparator_align_left\u00a0\u00bb color=\u00a0\u00bbcustom\u00a0\u00bb border_width=\u00a0\u00bb2&Prime; accent_color=\u00a0\u00bb#0a0a0a\u00a0\u00bb el_class=\u00a0\u00bbpetit-titre\u00a0\u00bb][vc_empty_space height=\u00a0\u00bb10px\u00a0\u00bb][vc_basic_grid post_type=\u00a0\u00bbcas_client\u00a0\u00bb max_items=\u00a0\u00bb10&Prime; item=\u00a0\u00bb14900&Prime; grid_id=\u00a0\u00bbvc_gid:1713892392452-ec3c0264-2703-7&Prime; taxonomies=\u00a0\u00bb434105, 434140&Prime;][\/vc_column][\/vc_row][vc_row][vc_column el_class=\u00a0\u00bbblock-cat-prod\u00a0\u00bb][vc_text_separator title=\u00a0\u00bbCat\u00e9gories produits\u00a0\u00bb title_align=\u00a0\u00bbseparator_align_left\u00a0\u00bb color=\u00a0\u00bbcustom\u00a0\u00bb border_width=\u00a0\u00bb2&Prime; accent_color=\u00a0\u00bb#0a0a0a\u00a0\u00bb el_class=\u00a0\u00bbpetit-titre\u00a0\u00bb][vc_empty_space height=\u00a0\u00bb10px\u00a0\u00bb]<div class=\"woocommerce columns-3\">\n<div class=\"products_wrapper mfn-woo-products isotope_wrapper default-woo-loop lm_wrapper\">\n\t<ul class=\"products mfn-product-badges-left\">\n<li class=\"product-category product first\">\n\t<a aria-label=\"Acc\u00e9der \u00e0 la cat\u00e9gorie de produits Travers\u00e9es et passages \u00e9tanches \u00e0 fibres optiques\" href=\"https:\/\/www.sedi-ati.com\/fr\/traversees-et-passages-etanches-a-fibres-optiques\/\"><img loading=\"lazy\" decoding=\"async\" src=\"https:\/\/www.sedi-ati.com\/wp-content\/uploads\/2020\/04\/thumbnail-fiber-optic-hermetic-feedthroughs-overview-3.jpg\" alt=\"Travers\u00e9es et passages \u00e9tanches \u00e0 fibres optiques\" width=\"800\" height=\"800\" srcset=\"https:\/\/www.sedi-ati.com\/wp-content\/uploads\/2020\/04\/thumbnail-fiber-optic-hermetic-feedthroughs-overview-3.jpg 600w, https:\/\/www.sedi-ati.com\/wp-content\/uploads\/2020\/04\/thumbnail-fiber-optic-hermetic-feedthroughs-overview-3-300x300.jpg 300w, https:\/\/www.sedi-ati.com\/wp-content\/uploads\/2020\/04\/thumbnail-fiber-optic-hermetic-feedthroughs-overview-3-150x150.jpg 150w, https:\/\/www.sedi-ati.com\/wp-content\/uploads\/2020\/04\/thumbnail-fiber-optic-hermetic-feedthroughs-overview-3-400x400.jpg 400w, https:\/\/www.sedi-ati.com\/wp-content\/uploads\/2020\/04\/thumbnail-fiber-optic-hermetic-feedthroughs-overview-3-85x85.jpg 85w, https:\/\/www.sedi-ati.com\/wp-content\/uploads\/2020\/04\/thumbnail-fiber-optic-hermetic-feedthroughs-overview-3-32x32.jpg 32w\" sizes=\"auto, (max-width:767px) 480px, 600px\" \/>\t\t<h2 class=\"woocommerce-loop-category__title\">\n\t\t\tTravers\u00e9es et passages \u00e9tanches \u00e0 fibres optiques <mark class=\"count\">(12)<\/mark>\t\t<\/h2>\n\t\t<\/a><\/li>\n<li class=\"product-category product\">\n\t<a aria-label=\"Acc\u00e9der \u00e0 la cat\u00e9gorie de produits Cordons et c\u00e2bles fibre optique sp\u00e9ciaux\" href=\"https:\/\/www.sedi-ati.com\/fr\/cordons-et-cables-fibre-optique-speciaux\/\"><img loading=\"lazy\" decoding=\"async\" src=\"https:\/\/www.sedi-ati.com\/wp-content\/uploads\/2019\/07\/thumbnail-special-patchcords-overview-3.jpg\" alt=\"Cordons et c\u00e2bles fibre optique sp\u00e9ciaux\" width=\"800\" height=\"800\" srcset=\"https:\/\/www.sedi-ati.com\/wp-content\/uploads\/2019\/07\/thumbnail-special-patchcords-overview-3.jpg 600w, https:\/\/www.sedi-ati.com\/wp-content\/uploads\/2019\/07\/thumbnail-special-patchcords-overview-3-300x300.jpg 300w, https:\/\/www.sedi-ati.com\/wp-content\/uploads\/2019\/07\/thumbnail-special-patchcords-overview-3-150x150.jpg 150w, https:\/\/www.sedi-ati.com\/wp-content\/uploads\/2019\/07\/thumbnail-special-patchcords-overview-3-400x400.jpg 400w, https:\/\/www.sedi-ati.com\/wp-content\/uploads\/2019\/07\/thumbnail-special-patchcords-overview-3-85x85.jpg 85w, https:\/\/www.sedi-ati.com\/wp-content\/uploads\/2019\/07\/thumbnail-special-patchcords-overview-3-32x32.jpg 32w\" sizes=\"auto, (max-width:767px) 480px, 600px\" \/>\t\t<h2 class=\"woocommerce-loop-category__title\">\n\t\t\tCordons et c\u00e2bles fibre optique sp\u00e9ciaux <mark class=\"count\">(9)<\/mark>\t\t<\/h2>\n\t\t<\/a><\/li>\n\n\t<\/ul>\n<\/div><\/div>[\/vc_column][\/vc_row][vc_row full_width=\u00a0\u00bbstretch_row\u00a0\u00bb css=\u00a0\u00bb.vc_custom_1707321070048{background-color: #dfe2e8 !important;}\u00a0\u00bb][vc_column][vc_row_inner][vc_column_inner width=\u00a0\u00bb1\/6&Prime;][\/vc_column_inner][vc_column_inner el_class=\u00a0\u00bbshadow border-radius-hd-bd line-bottom line-blue\u00a0\u00bb width=\u00a0\u00bb2\/3&Prime; css=\u00a0\u00bb.vc_custom_1707926490597{background-color: #ffffff !important;}\u00a0\u00bb][vc_column_text]<\/p>\n<p style=\"text-align: center;\">N&rsquo;h\u00e9sitez pas \u00e0 nous contacter pour nous faire part de votre demande<\/p>\n<p>[\/vc_column_text][vc_btn title=\u00a0\u00bbContactez-nous\u00a0\u00bb style=\u00a0\u00bbcustom\u00a0\u00bb custom_background=\u00a0\u00bb#132f40&Prime; custom_text=\u00a0\u00bb#ffffff\u00a0\u00bb shape=\u00a0\u00bbsquare\u00a0\u00bb align=\u00a0\u00bbcenter\u00a0\u00bb link=\u00a0\u00bburl:https%3A%2F%2Fwww.sedi-ati.com%2Ffr%2Fcontact%2F\u00a0\u00bb el_class=\u00a0\u00bbline-bottom line-blue\u00a0\u00bb][\/vc_column_inner][vc_column_inner width=\u00a0\u00bb1\/6&Prime;][\/vc_column_inner][\/vc_row_inner][\/vc_column][\/vc_row][vc_row][vc_column][vc_btn title=\u00a0\u00bb^\u00a0\u00bb style=\u00a0\u00bbflat\u00a0\u00bb shape=\u00a0\u00bbsquare\u00a0\u00bb link=\u00a0\u00bburl:%23Wrapper\u00a0\u00bb el_class=\u00a0\u00bbbtn-haut\u00a0\u00bb][\/vc_column][\/vc_row]<\/p>\n<\/section>","protected":false},"excerpt":{"rendered":"<p>[vc_row content_placement=\u00a0\u00bbmiddle\u00a0\u00bb el_class=\u00a0\u00bbz-index-1 chevauchement-horizontal-range range-applications\u00a0\u00bb][vc_column width=\u00a0\u00bb3\/5&Prime; el_class=\u00a0\u00bbshadow border-radius-hd-bd line-bottom line-blue txt-blanc block-grand-text\u00a0\u00bb css=\u00a0\u00bb.vc_custom_1709821494814{background-color: #134bd8 !important;}\u00a0\u00bb][vc_raw_html el_class=\u00a0\u00bbgros-titre\u00a0\u00bb]JTNDcCUzRUhhdXRlcyUzQ3NwYW4lMjBjbGFzcyUzRCUyMnBvaW50LXJvdWdlJTIyJTNFJTNDJTJGc3BhbiUzRVRlbnNpb25zJTNDJTJGcCUzRQ==[\/vc_raw_html][vc_column_text el_class=\u00a0\u00bbtitre-baseline\u00a0\u00bb] Nos assemblages \u00e0 base de fibres optiques dans des<span class=\"excerpt-hellip\"> [\u2026]<\/span><\/p>\n","protected":false},"author":7,"featured_media":0,"parent":5000,"menu_order":0,"comment_status":"closed","ping_status":"closed","template":"","meta":{"_acf_changed":false,"rs_blank_template":"","rs_page_bg_color":"","slide_template_v7":"","footnotes":""},"class_list":["post-18161","page","type-page","status-publish","hentry"],"acf":[],"yoast_head":"<!-- This site is optimized with the Yoast SEO plugin v27.3 - https:\/\/yoast.com\/product\/yoast-seo-wordpress\/ -->\n<title>Composants fibre optique pour environnement haute-tension<\/title>\n<meta name=\"description\" content=\"SEDI-ATI Fibres Optiques vous propose des assemblages \u00e0 base de fibres optiques r\u00e9sistant aux hautes tensions, jusqu&#039;\u00e0 1 kV\/cm. Consultez notre site pour plus d&#039;information.\" \/>\n<meta name=\"robots\" content=\"index, follow, max-snippet:-1, max-image-preview:large, max-video-preview:-1\" \/>\n<link rel=\"canonical\" href=\"https:\/\/www.sedi-ati.com\/fr\/solution-fibre-optique-environnement-extreme\/hautes-tensions\/\" \/>\n<meta property=\"og:locale\" content=\"fr_FR\" \/>\n<meta property=\"og:type\" content=\"article\" \/>\n<meta property=\"og:title\" content=\"Composants fibre optique pour environnement haute-tension\" \/>\n<meta property=\"og:description\" content=\"SEDI-ATI Fibres Optiques vous propose des assemblages \u00e0 base de fibres optiques r\u00e9sistant aux hautes tensions, jusqu&#039;\u00e0 1 kV\/cm. Consultez notre site pour plus d&#039;information.\" \/>\n<meta property=\"og:url\" content=\"https:\/\/www.sedi-ati.com\/fr\/solution-fibre-optique-environnement-extreme\/hautes-tensions\/\" \/>\n<meta property=\"og:site_name\" content=\"SEDI-ATI\" \/>\n<meta property=\"article:modified_time\" content=\"2024-04-23T18:36:52+00:00\" \/>\n<meta name=\"twitter:card\" content=\"summary_large_image\" \/>\n<meta name=\"twitter:label1\" content=\"Dur\u00e9e de lecture estim\u00e9e\" \/>\n\t<meta name=\"twitter:data1\" content=\"3 minutes\" \/>\n<script type=\"application\/ld+json\" class=\"yoast-schema-graph\">{\"@context\":\"https:\\\/\\\/schema.org\",\"@graph\":[{\"@type\":\"WebPage\",\"@id\":\"https:\\\/\\\/www.sedi-ati.com\\\/fr\\\/solution-fibre-optique-environnement-extreme\\\/hautes-tensions\\\/\",\"url\":\"https:\\\/\\\/www.sedi-ati.com\\\/fr\\\/solution-fibre-optique-environnement-extreme\\\/hautes-tensions\\\/\",\"name\":\"Composants fibre optique pour environnement haute-tension\",\"isPartOf\":{\"@id\":\"https:\\\/\\\/www.sedi-ati.com\\\/fr\\\/#website\"},\"datePublished\":\"2024-02-22T16:30:35+00:00\",\"dateModified\":\"2024-04-23T18:36:52+00:00\",\"description\":\"SEDI-ATI Fibres Optiques vous propose des assemblages \u00e0 base de fibres optiques r\u00e9sistant aux hautes tensions, jusqu'\u00e0 1 kV\\\/cm. Consultez notre site pour plus d'information.\",\"breadcrumb\":{\"@id\":\"https:\\\/\\\/www.sedi-ati.com\\\/fr\\\/solution-fibre-optique-environnement-extreme\\\/hautes-tensions\\\/#breadcrumb\"},\"inLanguage\":\"fr-FR\",\"potentialAction\":[{\"@type\":\"ReadAction\",\"target\":[\"https:\\\/\\\/www.sedi-ati.com\\\/fr\\\/solution-fibre-optique-environnement-extreme\\\/hautes-tensions\\\/\"]}]},{\"@type\":\"BreadcrumbList\",\"@id\":\"https:\\\/\\\/www.sedi-ati.com\\\/fr\\\/solution-fibre-optique-environnement-extreme\\\/hautes-tensions\\\/#breadcrumb\",\"itemListElement\":[{\"@type\":\"ListItem\",\"position\":1,\"name\":\"Home\",\"item\":\"https:\\\/\\\/www.sedi-ati.com\\\/fr\\\/\"},{\"@type\":\"ListItem\",\"position\":2,\"name\":\"Environnements extr\u00eames\",\"item\":\"https:\\\/\\\/www.sedi-ati.com\\\/fr\\\/solution-fibre-optique-environnement-extreme\\\/\"},{\"@type\":\"ListItem\",\"position\":3,\"name\":\"Assemblage \u00e0 base de fibre optique pour applications hautes tensions\"}]},{\"@type\":\"WebSite\",\"@id\":\"https:\\\/\\\/www.sedi-ati.com\\\/fr\\\/#website\",\"url\":\"https:\\\/\\\/www.sedi-ati.com\\\/fr\\\/\",\"name\":\"SEDI-ATI\",\"description\":\"Assemblages de fibres optiques sur mesure, bundles, fentes et pieuvres\",\"publisher\":{\"@id\":\"https:\\\/\\\/www.sedi-ati.com\\\/fr\\\/#organization\"},\"potentialAction\":[{\"@type\":\"SearchAction\",\"target\":{\"@type\":\"EntryPoint\",\"urlTemplate\":\"https:\\\/\\\/www.sedi-ati.com\\\/fr\\\/?s={search_term_string}\"},\"query-input\":{\"@type\":\"PropertyValueSpecification\",\"valueRequired\":true,\"valueName\":\"search_term_string\"}}],\"inLanguage\":\"fr-FR\"},{\"@type\":\"Organization\",\"@id\":\"https:\\\/\\\/www.sedi-ati.com\\\/fr\\\/#organization\",\"name\":\"SEDI-ATI\",\"url\":\"https:\\\/\\\/www.sedi-ati.com\\\/fr\\\/\",\"logo\":{\"@type\":\"ImageObject\",\"inLanguage\":\"fr-FR\",\"@id\":\"https:\\\/\\\/www.sedi-ati.com\\\/fr\\\/#\\\/schema\\\/logo\\\/image\\\/\",\"url\":\"https:\\\/\\\/www.sedi-ati.com\\\/wp-content\\\/uploads\\\/2019\\\/10\\\/Logo_SEDI-ATI_2019_avec-baseline.png\",\"contentUrl\":\"https:\\\/\\\/www.sedi-ati.com\\\/wp-content\\\/uploads\\\/2019\\\/10\\\/Logo_SEDI-ATI_2019_avec-baseline.png\",\"width\":300,\"height\":73,\"caption\":\"SEDI-ATI\"},\"image\":{\"@id\":\"https:\\\/\\\/www.sedi-ati.com\\\/fr\\\/#\\\/schema\\\/logo\\\/image\\\/\"},\"sameAs\":[\"https:\\\/\\\/www.linkedin.com\\\/company\\\/sedi-ati-fibres-optiques\\\/\",\"https:\\\/\\\/www.youtube.com\\\/@sedi-ati-fibres-optiques\"]}]}<\/script>\n<!-- \/ Yoast SEO plugin. -->","yoast_head_json":{"title":"Composants fibre optique pour environnement haute-tension","description":"SEDI-ATI Fibres Optiques vous propose des assemblages \u00e0 base de fibres optiques r\u00e9sistant aux hautes tensions, jusqu'\u00e0 1 kV\/cm. Consultez notre site pour plus d'information.","robots":{"index":"index","follow":"follow","max-snippet":"max-snippet:-1","max-image-preview":"max-image-preview:large","max-video-preview":"max-video-preview:-1"},"canonical":"https:\/\/www.sedi-ati.com\/fr\/solution-fibre-optique-environnement-extreme\/hautes-tensions\/","og_locale":"fr_FR","og_type":"article","og_title":"Composants fibre optique pour environnement haute-tension","og_description":"SEDI-ATI Fibres Optiques vous propose des assemblages \u00e0 base de fibres optiques r\u00e9sistant aux hautes tensions, jusqu'\u00e0 1 kV\/cm. Consultez notre site pour plus d'information.","og_url":"https:\/\/www.sedi-ati.com\/fr\/solution-fibre-optique-environnement-extreme\/hautes-tensions\/","og_site_name":"SEDI-ATI","article_modified_time":"2024-04-23T18:36:52+00:00","twitter_card":"summary_large_image","twitter_misc":{"Dur\u00e9e de lecture estim\u00e9e":"3 minutes"},"schema":{"@context":"https:\/\/schema.org","@graph":[{"@type":"WebPage","@id":"https:\/\/www.sedi-ati.com\/fr\/solution-fibre-optique-environnement-extreme\/hautes-tensions\/","url":"https:\/\/www.sedi-ati.com\/fr\/solution-fibre-optique-environnement-extreme\/hautes-tensions\/","name":"Composants fibre optique pour environnement haute-tension","isPartOf":{"@id":"https:\/\/www.sedi-ati.com\/fr\/#website"},"datePublished":"2024-02-22T16:30:35+00:00","dateModified":"2024-04-23T18:36:52+00:00","description":"SEDI-ATI Fibres Optiques vous propose des assemblages \u00e0 base de fibres optiques r\u00e9sistant aux hautes tensions, jusqu'\u00e0 1 kV\/cm. Consultez notre site pour plus d'information.","breadcrumb":{"@id":"https:\/\/www.sedi-ati.com\/fr\/solution-fibre-optique-environnement-extreme\/hautes-tensions\/#breadcrumb"},"inLanguage":"fr-FR","potentialAction":[{"@type":"ReadAction","target":["https:\/\/www.sedi-ati.com\/fr\/solution-fibre-optique-environnement-extreme\/hautes-tensions\/"]}]},{"@type":"BreadcrumbList","@id":"https:\/\/www.sedi-ati.com\/fr\/solution-fibre-optique-environnement-extreme\/hautes-tensions\/#breadcrumb","itemListElement":[{"@type":"ListItem","position":1,"name":"Home","item":"https:\/\/www.sedi-ati.com\/fr\/"},{"@type":"ListItem","position":2,"name":"Environnements extr\u00eames","item":"https:\/\/www.sedi-ati.com\/fr\/solution-fibre-optique-environnement-extreme\/"},{"@type":"ListItem","position":3,"name":"Assemblage \u00e0 base de fibre optique pour applications hautes tensions"}]},{"@type":"WebSite","@id":"https:\/\/www.sedi-ati.com\/fr\/#website","url":"https:\/\/www.sedi-ati.com\/fr\/","name":"SEDI-ATI","description":"Assemblages de fibres optiques sur mesure, bundles, fentes et pieuvres","publisher":{"@id":"https:\/\/www.sedi-ati.com\/fr\/#organization"},"potentialAction":[{"@type":"SearchAction","target":{"@type":"EntryPoint","urlTemplate":"https:\/\/www.sedi-ati.com\/fr\/?s={search_term_string}"},"query-input":{"@type":"PropertyValueSpecification","valueRequired":true,"valueName":"search_term_string"}}],"inLanguage":"fr-FR"},{"@type":"Organization","@id":"https:\/\/www.sedi-ati.com\/fr\/#organization","name":"SEDI-ATI","url":"https:\/\/www.sedi-ati.com\/fr\/","logo":{"@type":"ImageObject","inLanguage":"fr-FR","@id":"https:\/\/www.sedi-ati.com\/fr\/#\/schema\/logo\/image\/","url":"https:\/\/www.sedi-ati.com\/wp-content\/uploads\/2019\/10\/Logo_SEDI-ATI_2019_avec-baseline.png","contentUrl":"https:\/\/www.sedi-ati.com\/wp-content\/uploads\/2019\/10\/Logo_SEDI-ATI_2019_avec-baseline.png","width":300,"height":73,"caption":"SEDI-ATI"},"image":{"@id":"https:\/\/www.sedi-ati.com\/fr\/#\/schema\/logo\/image\/"},"sameAs":["https:\/\/www.linkedin.com\/company\/sedi-ati-fibres-optiques\/","https:\/\/www.youtube.com\/@sedi-ati-fibres-optiques"]}]}},"_links":{"self":[{"href":"https:\/\/www.sedi-ati.com\/fr\/wp-json\/wp\/v2\/pages\/18161","targetHints":{"allow":["GET"]}}],"collection":[{"href":"https:\/\/www.sedi-ati.com\/fr\/wp-json\/wp\/v2\/pages"}],"about":[{"href":"https:\/\/www.sedi-ati.com\/fr\/wp-json\/wp\/v2\/types\/page"}],"author":[{"embeddable":true,"href":"https:\/\/www.sedi-ati.com\/fr\/wp-json\/wp\/v2\/users\/7"}],"replies":[{"embeddable":true,"href":"https:\/\/www.sedi-ati.com\/fr\/wp-json\/wp\/v2\/comments?post=18161"}],"version-history":[{"count":6,"href":"https:\/\/www.sedi-ati.com\/fr\/wp-json\/wp\/v2\/pages\/18161\/revisions"}],"predecessor-version":[{"id":19454,"href":"https:\/\/www.sedi-ati.com\/fr\/wp-json\/wp\/v2\/pages\/18161\/revisions\/19454"}],"up":[{"embeddable":true,"href":"https:\/\/www.sedi-ati.com\/fr\/wp-json\/wp\/v2\/pages\/5000"}],"wp:attachment":[{"href":"https:\/\/www.sedi-ati.com\/fr\/wp-json\/wp\/v2\/media?parent=18161"}],"curies":[{"name":"wp","href":"https:\/\/api.w.org\/{rel}","templated":true}]}}