{"id":18242,"date":"2024-02-22T17:13:31","date_gmt":"2024-02-22T16:13:31","guid":{"rendered":"https:\/\/www.sedi-ati.com\/?page_id=18242"},"modified":"2024-04-23T21:26:14","modified_gmt":"2024-04-23T19:26:14","slug":"temperatures-cryogeniques","status":"publish","type":"page","link":"https:\/\/www.sedi-ati.com\/fr\/solution-fibre-optique-environnement-extreme\/temperatures-cryogeniques\/","title":{"rendered":"Assemblage de fibre optique compatible avec des temp\u00e9ratures cryog\u00e9niques"},"content":{"rendered":"<section class=\"wpb-content-wrapper\"><p>[vc_row content_placement=\u00a0\u00bbmiddle\u00a0\u00bb el_class=\u00a0\u00bbz-index-1 chevauchement-horizontal-range range-applications\u00a0\u00bb][vc_column width=\u00a0\u00bb3\/5&Prime; css=\u00a0\u00bb.vc_custom_1707477065604{background-color: #0ebeea !important;}\u00a0\u00bb el_class=\u00a0\u00bbshadow border-radius-hd-bd line-bottom line-blue txt-blanc block-grand-text\u00a0\u00bb][vc_raw_html el_class=\u00a0\u00bbgros-titre\u00a0\u00bb]JTNDcCUzRUNyeW9nJUMzJUE5bmllJTNDc3BhbiUyMGNsYXNzJTNEJTIycG9pbnQtcm91Z2UlMjIlM0UlM0MlMkZzcGFuJTNFQXNzZW1ibGFnZSUzQyUyRnAlM0U=[\/vc_raw_html][vc_column_text el_class=\u00a0\u00bbtitre-baseline\u00a0\u00bb]<\/p>\n<h2>Assemblages \u00e0 base de fibres optiques r\u00e9sistant au froid extr\u00eame<\/h2>\n<p>[\/vc_column_text][vc_column_text]Les assemblages et <strong class=\"d2b\">solutions \u00e0 base de fibres optiques<\/strong> propos\u00e9es par SEDI-ATI Fibres Optiques sont capables de fonctionner en environnement <strong>cryog\u00e9nique<\/strong> jusqu&rsquo;\u00e0 <span class=\"fort\"> 1,5 K<\/span> gr\u00e2ce \u00e0 un <span class=\"fort\">savoir-faire<\/span> unique et une <span class=\"fort\">expertise<\/span> fine des environnements complexes et extr\u00eames.[\/vc_column_text][vc_btn title=\u00a0\u00bbParlez-nous de votre projet\u00a0\u00bb style=\u00a0\u00bbcustom\u00a0\u00bb custom_background=\u00a0\u00bb#132f40&Prime; custom_text=\u00a0\u00bb#ffffff\u00a0\u00bb shape=\u00a0\u00bbsquare\u00a0\u00bb link=\u00a0\u00bburl:https%3A%2F%2Fwww.sedi-ati.com%2Ffr%2Fdemande-de-devis%2F\u00a0\u00bb el_class=\u00a0\u00bbline-bottom line-blue\u00a0\u00bb][\/vc_column][vc_column width=\u00a0\u00bb1\/2&Prime; el_class=\u00a0\u00bbimg-entete\u00a0\u00bb][vc_single_image image=\u00a0\u00bb18807&Prime; img_size=\u00a0\u00bbfull\u00a0\u00bb alignment=\u00a0\u00bbcenter\u00a0\u00bb][\/vc_column][\/vc_row][vc_row][vc_column width=\u00a0\u00bb1\/2&Prime;][vc_column_text el_class=\u00a0\u00bbpetit-titre petit-titre-txt\u00a0\u00bb]<\/p>\n<h3>R\u00e9sistance aux temp\u00e9ratures cryog\u00e9niques<\/h3>\n<p>[\/vc_column_text][vc_column_text]La r\u00e9sistance de la <strong class=\"d2b\">fibre optique<\/strong> \u00e0 des temp\u00e9ratures <strong>cryog\u00e9niques<\/strong>, g\u00e9n\u00e9ralement inf\u00e9rieures \u00e0 <span class=\"fort\">-150 \u00b0C<\/span>, va d\u00e9pendre notamment des mat\u00e9riaux utilis\u00e9s pour l\u2019assemblage. Bien prot\u00e9g\u00e9e, elle peut \u00eatre utilis\u00e9e pour le quantique, le spatial, ou encore pour de la cryog\u00e9nie industrielle, environnements o\u00f9 les temp\u00e9ratures peuvent atteindre des niveaux extr\u00eames, sans subir de d\u00e9gradation de performance.[\/vc_column_text][\/vc_column][vc_column width=\u00a0\u00bb1\/2&Prime;][vc_column_text el_class=\u00a0\u00bbpetit-titre petit-titre-txt\u00a0\u00bb]La probl\u00e9matique[\/vc_column_text][vc_column_text]\u00c0 des <strong class=\"d2b\">temp\u00e9ratures cryog\u00e9niques<\/strong>, les mat\u00e9riaux deviennent plus <span class=\"fort\">fragiles<\/span> en raison de la <span class=\"fort\">contraction<\/span> thermique. Cela peut fragiliser l\u2019assemblage et la fibre qui seront plus susceptibles de se casser ou de se fissurer, <span class=\"fort\">compromettant<\/span> ainsi la transmission des donn\u00e9es. Les connecteurs, les \u00e9pissures et les joints peuvent aussi \u00eatre <span class=\"fort\">endommag\u00e9s<\/span> (cristallisation, condensation, etc), ce qui peut affecter la <span class=\"fort\">stabilit\u00e9 m\u00e9canique<\/span> et les <span class=\"fort\">propri\u00e9t\u00e9s optiques<\/span> de la solution.[\/vc_column_text][\/vc_column][\/vc_row][vc_row full_width=\u00a0\u00bbstretch_row\u00a0\u00bb content_placement=\u00a0\u00bbmiddle\u00a0\u00bb css=\u00a0\u00bb.vc_custom_1707901091614{background-color: #8de0f4 !important;}\u00a0\u00bb][vc_column width=\u00a0\u00bb2\/3&Prime;][vc_row_inner][vc_column_inner][vc_raw_html el_class=\u00a0\u00bbpetit-titre\u00a0\u00bb]JTNDcCUzRU5vdHJlJTNDc3BhbiUyMGNsYXNzJTNEJTIycG9pbnQtcm91Z2UlMjBwb2ludC1wZXRpdCUyMiUzRSUzQyUyRnNwYW4lM0VFeHBlcnRpc2UlM0MlMkZwJTNF[\/vc_raw_html][vc_column_text]Les assemblages propos\u00e9s par SEDI-ATI Fibres Optiques sont \u00e0 base de <strong class=\"d2b\">fibres optiques<\/strong> et sont capables de r\u00e9sister \u00e0 des <strong class=\"d2b\">temp\u00e9ratures cryog\u00e9niques<\/strong> pouvant aller <span class=\"fort\">jusqu\u2019\u00e0 1,5 K<\/span>. Les mati\u00e8res premi\u00e8res, les techniques d\u2019assemblage et la fibre sont minutieusement choisis selon votre application finale et vos contraintes.<\/p>\n<p>Nous fabriquons nos produits pour <strong class=\"d2b\">environnements cryog\u00e9niques<\/strong> en s\u00e9lectionnant la fibre parmi une large gamme de fibres \u00e0 rev\u00eatements <span class=\"fort\">acrylate<\/span>, <span class=\"fort\">polyimide<\/span>, <span class=\"fort\">aluminium<\/span>, <span class=\"fort\">cuivre<\/span>, etc. Enfin, les <span class=\"fort\">scellements<\/span> sont adapt\u00e9s \u00e0 l\u2019application (<span class=\"fort\">epoxy<\/span>, <span class=\"fort\">brasure<\/span>, <span class=\"fort\">enverrage<\/span>\u2026) afin que la solution soit fonctionnelle et durable malgr\u00e9 son implantation en environnement extr\u00eame.<\/p>\n<p>Un soin particulier est apport\u00e9 \u00e0 l&rsquo;imperm\u00e9abilisation de la structure des gaines de protection de nos fibres, de sorte qu&rsquo;elles n&#8217;emprisonnent pas de liquides qui pourraient cristalliser et geler, ayant des r\u00e9percussions dramatiques sur l&rsquo;int\u00e9grit\u00e9 de l&rsquo;assemblage.<\/p>\n<p>Toutes nos gammes de <a style=\"color: black;\" href=\"https:\/\/www.sedi-ati.com\/fr\/coupleurs-fibre-optique-multimodes\/\">coupleurs<\/a>, <a style=\"color: black;\" href=\"https:\/\/www.sedi-ati.com\/fr\/traversees-et-passages-etanches-a-fibres-optiques\/\">travers\u00e9es \u00e9tanches<\/a>, <a style=\"color: black;\" href=\"https:\/\/www.sedi-ati.com\/fr\/assemblages-de-fibres-optiques-sur-mesure-bundles-fentes-et-pieuvres\/\">bundles<\/a>, <a style=\"color: black;\" href=\"https:\/\/www.sedi-ati.com\/fr\/cordons-et-cables-fibre-optique-speciaux\/\">cordons et c\u00e2bles sp\u00e9ciaux<\/a>, <a style=\"color: black;\" href=\"https:\/\/www.sedi-ati.com\/fr\/connecteurs-optiques-et-raccords\/\">connecteurs<\/a>, <a style=\"color: black;\" href=\"https:\/\/www.sedi-ati.com\/fr\/multiplexeurs-de-longueurs-dondes-multimodes\/\">multiplexeurs<\/a>, etc, sont personnalisables sur-demande.[\/vc_column_text][\/vc_column_inner][\/vc_row_inner][\/vc_column][vc_column width=\u00a0\u00bb1\/3&Prime;][vc_images_carousel images=\u00a0\u00bb19308,19328,19326,19322,19469,19312&Prime; img_size=\u00a0\u00bbfull\u00a0\u00bb onclick=\u00a0\u00bbcustom_link\u00a0\u00bb custom_links_target=\u00a0\u00bb_blank\u00a0\u00bb speed=\u00a0\u00bb4000&Prime; autoplay=\u00a0\u00bbyes\u00a0\u00bb hide_pagination_control=\u00a0\u00bbyes\u00a0\u00bb wrap=\u00a0\u00bbyes\u00a0\u00bb el_class=\u00a0\u00bbcentrer\u00a0\u00bb custom_links=\u00a0\u00bb#E-8_aHR0cHMlM0ElMkYlMkZ3d3cuc2VkaS1hdGkuY29tJTJGZnIlMkZjb3Jkb25zLWV0LWNhYmxlcy1maWJyZS1vcHRpcXVlLXNwZWNpYXV4JTJGY2FibGVzLWZpYnJlcy1vcHRpcXVlcy1wb3VyLWxhLWNyeW9nZW5pZSUyRiUyQ2h0dHBzJTNBJTJGJTJGd3d3LnNlZGktYXRpLmNvbSUyRmZyJTJGY29ubmVjdGV1cnMtb3B0aXF1ZXMtZXQtcmFjY29yZHMlMkZmY3h0cmVtZS1jb25uZWN0ZXVyLXBvdXItYXBwbGljYXRpb25zLWRlLWRlZmVuc2UtZXQtYWVyb3NwYXRpYWxlcyUyRiUyQ2h0dHBzJTNBJTJGJTJGd3d3LnNlZGktYXRpLmNvbSUyRmZyJTJGbXVsdGlwbGV4ZXVycy1kZS1sb25ndWV1cnMtZG9uZGVzLW11bHRpbW9kZXMlMkYlMkNodHRwcyUzQSUyRiUyRnd3dy5zZWRpLWF0aS5jb20lMkZmciUyRmNvdXBsZXVycy1maWJyZS1vcHRpcXVlLW11bHRpbW9kZXMlMkYlMkNodHRwcyUzQSUyRiUyRnd3dy5zZWRpLWF0aS5jb20lMkZmciUyRnRyYXZlcnNlZXMtZXQtcGFzc2FnZXMtZXRhbmNoZXMtYS1maWJyZXMtb3B0aXF1ZXMlMkYlMkNodHRwcyUzQSUyRiUyRnd3dy5zZWRpLWF0aS5jb20lMkZmciUyRnByb2R1Y3QlMkZhc3NlbWJsYWdlcy1kZS1maWJyZXMtb3B0aXF1ZXMtc3VyLW1lc3VyZS1idW5kbGVzLWZlbnRlcy1ldC1waWV1dnJlcyUyRmJ1bmRsZS1maWJyZXMtb3B0aXF1ZXMtc3BlY3Ryb3Njb3BpZSUyRg==\u00a0\u00bb][\/vc_column][\/vc_row][vc_row][vc_column][vc_text_separator title=\u00a0\u00bbCas clients li\u00e9s\u00a0\u00bb title_align=\u00a0\u00bbseparator_align_left\u00a0\u00bb color=\u00a0\u00bbcustom\u00a0\u00bb border_width=\u00a0\u00bb2&Prime; accent_color=\u00a0\u00bb#0a0a0a\u00a0\u00bb el_class=\u00a0\u00bbpetit-titre\u00a0\u00bb][vc_empty_space height=\u00a0\u00bb10px\u00a0\u00bb][vc_basic_grid post_type=\u00a0\u00bbcas_client\u00a0\u00bb max_items=\u00a0\u00bb10&Prime; item=\u00a0\u00bb14900&Prime; grid_id=\u00a0\u00bbvc_gid:1713892438095-ef1160fc-fab2-6&Prime; taxonomies=\u00a0\u00bb434096, 433859, 434111, 434124&Prime;][\/vc_column][\/vc_row][vc_row full_width=\u00a0\u00bbstretch_row\u00a0\u00bb][vc_column el_class=\u00a0\u00bbblock-cat-prod\u00a0\u00bb][vc_text_separator title=\u00a0\u00bbCat\u00e9gories produits\u00a0\u00bb title_align=\u00a0\u00bbseparator_align_left\u00a0\u00bb color=\u00a0\u00bbcustom\u00a0\u00bb border_width=\u00a0\u00bb2&Prime; accent_color=\u00a0\u00bb#0a0a0a\u00a0\u00bb el_class=\u00a0\u00bbpetit-titre\u00a0\u00bb][vc_empty_space height=\u00a0\u00bb10px\u00a0\u00bb]<div class=\"woocommerce columns-3\">\n<div class=\"products_wrapper mfn-woo-products isotope_wrapper default-woo-loop lm_wrapper\">\n\t<ul class=\"products mfn-product-badges-left\">\n<li class=\"product-category product first\">\n\t<a aria-label=\"Acc\u00e9der \u00e0 la cat\u00e9gorie de produits Coupleurs fibre optique multimodes\" href=\"https:\/\/www.sedi-ati.com\/fr\/coupleurs-fibre-optique-multimodes\/\"><img loading=\"lazy\" decoding=\"async\" src=\"https:\/\/www.sedi-ati.com\/wp-content\/uploads\/2019\/07\/thumbnail-mm-coupler-white-3.jpg\" alt=\"Coupleurs fibre optique multimodes\" width=\"800\" height=\"800\" srcset=\"https:\/\/www.sedi-ati.com\/wp-content\/uploads\/2019\/07\/thumbnail-mm-coupler-white-3.jpg 600w, https:\/\/www.sedi-ati.com\/wp-content\/uploads\/2019\/07\/thumbnail-mm-coupler-white-3-300x300.jpg 300w, https:\/\/www.sedi-ati.com\/wp-content\/uploads\/2019\/07\/thumbnail-mm-coupler-white-3-150x150.jpg 150w, https:\/\/www.sedi-ati.com\/wp-content\/uploads\/2019\/07\/thumbnail-mm-coupler-white-3-400x400.jpg 400w, https:\/\/www.sedi-ati.com\/wp-content\/uploads\/2019\/07\/thumbnail-mm-coupler-white-3-85x85.jpg 85w, https:\/\/www.sedi-ati.com\/wp-content\/uploads\/2019\/07\/thumbnail-mm-coupler-white-3-32x32.jpg 32w\" sizes=\"auto, (max-width:767px) 480px, 600px\" \/>\t\t<h2 class=\"woocommerce-loop-category__title\">\n\t\t\tCoupleurs fibre optique multimodes <mark class=\"count\">(4)<\/mark>\t\t<\/h2>\n\t\t<\/a><\/li>\n<li class=\"product-category product\">\n\t<a aria-label=\"Acc\u00e9der \u00e0 la cat\u00e9gorie de produits Multiplexeurs de longueurs d&#039;ondes multimodes\" href=\"https:\/\/www.sedi-ati.com\/fr\/multiplexeurs-de-longueurs-dondes-multimodes\/\"><img loading=\"lazy\" decoding=\"async\" src=\"https:\/\/www.sedi-ati.com\/wp-content\/uploads\/2019\/07\/thumbnail-wdm-datacom-applications.jpg\" alt=\"Multiplexeurs de longueurs d&#039;ondes multimodes\" width=\"800\" height=\"800\" srcset=\"https:\/\/www.sedi-ati.com\/wp-content\/uploads\/2019\/07\/thumbnail-wdm-datacom-applications.jpg 600w, https:\/\/www.sedi-ati.com\/wp-content\/uploads\/2019\/07\/thumbnail-wdm-datacom-applications-300x300.jpg 300w, https:\/\/www.sedi-ati.com\/wp-content\/uploads\/2019\/07\/thumbnail-wdm-datacom-applications-150x150.jpg 150w, https:\/\/www.sedi-ati.com\/wp-content\/uploads\/2019\/07\/thumbnail-wdm-datacom-applications-400x400.jpg 400w, https:\/\/www.sedi-ati.com\/wp-content\/uploads\/2019\/07\/thumbnail-wdm-datacom-applications-85x85.jpg 85w, https:\/\/www.sedi-ati.com\/wp-content\/uploads\/2019\/07\/thumbnail-wdm-datacom-applications-32x32.jpg 32w\" sizes=\"auto, (max-width:767px) 480px, 600px\" \/>\t\t<h2 class=\"woocommerce-loop-category__title\">\n\t\t\tMultiplexeurs de longueurs d&#039;ondes multimodes <mark class=\"count\">(3)<\/mark>\t\t<\/h2>\n\t\t<\/a><\/li>\n<li class=\"product-category product last\">\n\t<a aria-label=\"Acc\u00e9der \u00e0 la cat\u00e9gorie de produits Travers\u00e9es et passages \u00e9tanches \u00e0 fibres optiques\" href=\"https:\/\/www.sedi-ati.com\/fr\/traversees-et-passages-etanches-a-fibres-optiques\/\"><img loading=\"lazy\" decoding=\"async\" src=\"https:\/\/www.sedi-ati.com\/wp-content\/uploads\/2020\/04\/thumbnail-fiber-optic-hermetic-feedthroughs-overview-3.jpg\" alt=\"Travers\u00e9es et passages \u00e9tanches \u00e0 fibres optiques\" width=\"800\" height=\"800\" srcset=\"https:\/\/www.sedi-ati.com\/wp-content\/uploads\/2020\/04\/thumbnail-fiber-optic-hermetic-feedthroughs-overview-3.jpg 600w, https:\/\/www.sedi-ati.com\/wp-content\/uploads\/2020\/04\/thumbnail-fiber-optic-hermetic-feedthroughs-overview-3-300x300.jpg 300w, https:\/\/www.sedi-ati.com\/wp-content\/uploads\/2020\/04\/thumbnail-fiber-optic-hermetic-feedthroughs-overview-3-150x150.jpg 150w, https:\/\/www.sedi-ati.com\/wp-content\/uploads\/2020\/04\/thumbnail-fiber-optic-hermetic-feedthroughs-overview-3-400x400.jpg 400w, https:\/\/www.sedi-ati.com\/wp-content\/uploads\/2020\/04\/thumbnail-fiber-optic-hermetic-feedthroughs-overview-3-85x85.jpg 85w, https:\/\/www.sedi-ati.com\/wp-content\/uploads\/2020\/04\/thumbnail-fiber-optic-hermetic-feedthroughs-overview-3-32x32.jpg 32w\" sizes=\"auto, (max-width:767px) 480px, 600px\" \/>\t\t<h2 class=\"woocommerce-loop-category__title\">\n\t\t\tTravers\u00e9es et passages \u00e9tanches \u00e0 fibres optiques <mark class=\"count\">(12)<\/mark>\t\t<\/h2>\n\t\t<\/a><\/li>\n<li class=\"product-category product first\">\n\t<a aria-label=\"Acc\u00e9der \u00e0 la cat\u00e9gorie de produits Bundle de fibres optiques, fentes et pieuvres\" href=\"https:\/\/www.sedi-ati.com\/fr\/assemblages-de-fibres-optiques-sur-mesure-bundles-fentes-et-pieuvres\/\"><img loading=\"lazy\" decoding=\"async\" src=\"https:\/\/www.sedi-ati.com\/wp-content\/uploads\/2019\/09\/thumbnail-custom-assemblies-overview-3.jpg\" alt=\"Bundle de fibres optiques, fentes et pieuvres\" width=\"800\" height=\"800\" srcset=\"https:\/\/www.sedi-ati.com\/wp-content\/uploads\/2019\/09\/thumbnail-custom-assemblies-overview-3.jpg 600w, https:\/\/www.sedi-ati.com\/wp-content\/uploads\/2019\/09\/thumbnail-custom-assemblies-overview-3-300x300.jpg 300w, https:\/\/www.sedi-ati.com\/wp-content\/uploads\/2019\/09\/thumbnail-custom-assemblies-overview-3-150x150.jpg 150w, https:\/\/www.sedi-ati.com\/wp-content\/uploads\/2019\/09\/thumbnail-custom-assemblies-overview-3-400x400.jpg 400w, https:\/\/www.sedi-ati.com\/wp-content\/uploads\/2019\/09\/thumbnail-custom-assemblies-overview-3-85x85.jpg 85w, https:\/\/www.sedi-ati.com\/wp-content\/uploads\/2019\/09\/thumbnail-custom-assemblies-overview-3-32x32.jpg 32w\" sizes=\"auto, (max-width:767px) 480px, 600px\" \/>\t\t<h2 class=\"woocommerce-loop-category__title\">\n\t\t\tBundle de fibres optiques, fentes et pieuvres <mark class=\"count\">(6)<\/mark>\t\t<\/h2>\n\t\t<\/a><\/li>\n<li class=\"product-category product\">\n\t<a aria-label=\"Acc\u00e9der \u00e0 la cat\u00e9gorie de produits Cordons et c\u00e2bles fibre optique sp\u00e9ciaux\" href=\"https:\/\/www.sedi-ati.com\/fr\/cordons-et-cables-fibre-optique-speciaux\/\"><img loading=\"lazy\" decoding=\"async\" src=\"https:\/\/www.sedi-ati.com\/wp-content\/uploads\/2019\/07\/thumbnail-special-patchcords-overview-3.jpg\" alt=\"Cordons et c\u00e2bles fibre optique sp\u00e9ciaux\" width=\"800\" height=\"800\" srcset=\"https:\/\/www.sedi-ati.com\/wp-content\/uploads\/2019\/07\/thumbnail-special-patchcords-overview-3.jpg 600w, https:\/\/www.sedi-ati.com\/wp-content\/uploads\/2019\/07\/thumbnail-special-patchcords-overview-3-300x300.jpg 300w, https:\/\/www.sedi-ati.com\/wp-content\/uploads\/2019\/07\/thumbnail-special-patchcords-overview-3-150x150.jpg 150w, https:\/\/www.sedi-ati.com\/wp-content\/uploads\/2019\/07\/thumbnail-special-patchcords-overview-3-400x400.jpg 400w, https:\/\/www.sedi-ati.com\/wp-content\/uploads\/2019\/07\/thumbnail-special-patchcords-overview-3-85x85.jpg 85w, https:\/\/www.sedi-ati.com\/wp-content\/uploads\/2019\/07\/thumbnail-special-patchcords-overview-3-32x32.jpg 32w\" sizes=\"auto, (max-width:767px) 480px, 600px\" \/>\t\t<h2 class=\"woocommerce-loop-category__title\">\n\t\t\tCordons et c\u00e2bles fibre optique sp\u00e9ciaux <mark class=\"count\">(9)<\/mark>\t\t<\/h2>\n\t\t<\/a><\/li>\n<li class=\"product-category product last\">\n\t<a aria-label=\"Acc\u00e9der \u00e0 la cat\u00e9gorie de produits Connecteurs optiques et accessoires\" href=\"https:\/\/www.sedi-ati.com\/fr\/connecteurs-optiques-et-raccords\/\"><img loading=\"lazy\" decoding=\"async\" src=\"https:\/\/www.sedi-ati.com\/wp-content\/uploads\/2021\/09\/thumbnail-adapters-and-connectors-1.jpg\" alt=\"Connecteurs optiques et accessoires\" width=\"800\" height=\"800\" srcset=\"https:\/\/www.sedi-ati.com\/wp-content\/uploads\/2021\/09\/thumbnail-adapters-and-connectors-1.jpg 300w, https:\/\/www.sedi-ati.com\/wp-content\/uploads\/2021\/09\/thumbnail-adapters-and-connectors-1-150x150.jpg 150w, https:\/\/www.sedi-ati.com\/wp-content\/uploads\/2021\/09\/thumbnail-adapters-and-connectors-1-146x146.jpg 146w, https:\/\/www.sedi-ati.com\/wp-content\/uploads\/2021\/09\/thumbnail-adapters-and-connectors-1-50x50.jpg 50w, https:\/\/www.sedi-ati.com\/wp-content\/uploads\/2021\/09\/thumbnail-adapters-and-connectors-1-75x75.jpg 75w, https:\/\/www.sedi-ati.com\/wp-content\/uploads\/2021\/09\/thumbnail-adapters-and-connectors-1-85x85.jpg 85w, https:\/\/www.sedi-ati.com\/wp-content\/uploads\/2021\/09\/thumbnail-adapters-and-connectors-1-80x80.jpg 80w\" sizes=\"auto, (max-width:767px) 300px, 300px\" \/>\t\t<h2 class=\"woocommerce-loop-category__title\">\n\t\t\tConnecteurs optiques et accessoires <mark class=\"count\">(6)<\/mark>\t\t<\/h2>\n\t\t<\/a><\/li>\n\n\t<\/ul>\n<\/div><\/div>[\/vc_column][\/vc_row][vc_row full_width=\u00a0\u00bbstretch_row\u00a0\u00bb css=\u00a0\u00bb.vc_custom_1707901371458{background-color: #dfe2e8 !important;}\u00a0\u00bb][vc_column][vc_row_inner][vc_column_inner width=\u00a0\u00bb1\/6&Prime;][\/vc_column_inner][vc_column_inner el_class=\u00a0\u00bbshadow border-radius-hd-bd line-bottom line-blue\u00a0\u00bb width=\u00a0\u00bb2\/3&Prime; css=\u00a0\u00bb.vc_custom_1707901417476{background-color: #ffffff !important;}\u00a0\u00bb][vc_column_text]<\/p>\n<p style=\"text-align: center;\">N&rsquo;h\u00e9sitez pas \u00e0 nous contacter pour nous faire part de votre demande<\/p>\n<p>[\/vc_column_text][vc_btn title=\u00a0\u00bbNous contacter\u00a0\u00bb style=\u00a0\u00bbcustom\u00a0\u00bb custom_background=\u00a0\u00bb#132f40&Prime; custom_text=\u00a0\u00bb#ffffff\u00a0\u00bb shape=\u00a0\u00bbsquare\u00a0\u00bb align=\u00a0\u00bbcenter\u00a0\u00bb link=\u00a0\u00bburl:https%3A%2F%2Fwww.sedi-ati.com%2Ffr%2Fcontact%2F\u00a0\u00bb el_class=\u00a0\u00bbline-bottom line-blue\u00a0\u00bb][\/vc_column_inner][vc_column_inner width=\u00a0\u00bb1\/6&Prime;][\/vc_column_inner][\/vc_row_inner][\/vc_column][\/vc_row][vc_row][vc_column][vc_btn title=\u00a0\u00bb^\u00a0\u00bb style=\u00a0\u00bbflat\u00a0\u00bb link=\u00a0\u00bburl:%23Wrapper\u00a0\u00bb el_class=\u00a0\u00bbbtn-haut\u00a0\u00bb][\/vc_column][\/vc_row]<\/p>\n<\/section>","protected":false},"excerpt":{"rendered":"<p>[vc_row content_placement=\u00a0\u00bbmiddle\u00a0\u00bb el_class=\u00a0\u00bbz-index-1 chevauchement-horizontal-range range-applications\u00a0\u00bb][vc_column width=\u00a0\u00bb3\/5&Prime; css=\u00a0\u00bb.vc_custom_1707477065604{background-color: #0ebeea !important;}\u00a0\u00bb el_class=\u00a0\u00bbshadow border-radius-hd-bd line-bottom line-blue txt-blanc block-grand-text\u00a0\u00bb][vc_raw_html el_class=\u00a0\u00bbgros-titre\u00a0\u00bb]JTNDcCUzRUNyeW9nJUMzJUE5bmllJTNDc3BhbiUyMGNsYXNzJTNEJTIycG9pbnQtcm91Z2UlMjIlM0UlM0MlMkZzcGFuJTNFQXNzZW1ibGFnZSUzQyUyRnAlM0U=[\/vc_raw_html][vc_column_text el_class=\u00a0\u00bbtitre-baseline\u00a0\u00bb] Assemblages \u00e0 base de fibres optiques r\u00e9sistant au froid<span class=\"excerpt-hellip\"> [\u2026]<\/span><\/p>\n","protected":false},"author":7,"featured_media":0,"parent":5000,"menu_order":0,"comment_status":"closed","ping_status":"closed","template":"","meta":{"_acf_changed":false,"rs_blank_template":"","rs_page_bg_color":"","slide_template_v7":"","footnotes":""},"class_list":["post-18242","page","type-page","status-publish","hentry"],"acf":[],"yoast_head":"<!-- This site is optimized with the Yoast SEO plugin v27.5 - https:\/\/yoast.com\/product\/yoast-seo-wordpress\/ -->\n<title>Assemblage fibre optique temp\u00e9rature cryog\u00e9nique, fabricant composant optique cryog\u00e9nie<\/title>\n<meta name=\"description\" content=\"SEDI-ATI Fibres Optiques fabrique des composants pouvant r\u00e9sister \u00e0 la cryog\u00e9nie. Contactez-nous pour toute question.\" \/>\n<meta name=\"robots\" content=\"index, follow, max-snippet:-1, max-image-preview:large, max-video-preview:-1\" \/>\n<link rel=\"canonical\" href=\"https:\/\/www.sedi-ati.com\/fr\/solution-fibre-optique-environnement-extreme\/temperatures-cryogeniques\/\" \/>\n<meta property=\"og:locale\" content=\"fr_FR\" \/>\n<meta property=\"og:type\" content=\"article\" \/>\n<meta property=\"og:title\" content=\"Assemblage fibre optique temp\u00e9rature cryog\u00e9nique, fabricant composant optique cryog\u00e9nie\" \/>\n<meta property=\"og:description\" content=\"SEDI-ATI Fibres Optiques fabrique des composants pouvant r\u00e9sister \u00e0 la cryog\u00e9nie. Contactez-nous pour toute question.\" \/>\n<meta property=\"og:url\" content=\"https:\/\/www.sedi-ati.com\/fr\/solution-fibre-optique-environnement-extreme\/temperatures-cryogeniques\/\" \/>\n<meta property=\"og:site_name\" content=\"SEDI-ATI\" \/>\n<meta property=\"article:modified_time\" content=\"2024-04-23T19:26:14+00:00\" \/>\n<meta name=\"twitter:card\" content=\"summary_large_image\" \/>\n<meta name=\"twitter:label1\" content=\"Dur\u00e9e de lecture estim\u00e9e\" \/>\n\t<meta name=\"twitter:data1\" content=\"4 minutes\" \/>\n<script type=\"application\/ld+json\" class=\"yoast-schema-graph\">{\"@context\":\"https:\\\/\\\/schema.org\",\"@graph\":[{\"@type\":\"WebPage\",\"@id\":\"https:\\\/\\\/www.sedi-ati.com\\\/fr\\\/solution-fibre-optique-environnement-extreme\\\/temperatures-cryogeniques\\\/\",\"url\":\"https:\\\/\\\/www.sedi-ati.com\\\/fr\\\/solution-fibre-optique-environnement-extreme\\\/temperatures-cryogeniques\\\/\",\"name\":\"Assemblage fibre optique temp\u00e9rature cryog\u00e9nique, fabricant composant optique cryog\u00e9nie\",\"isPartOf\":{\"@id\":\"https:\\\/\\\/www.sedi-ati.com\\\/fr\\\/#website\"},\"datePublished\":\"2024-02-22T16:13:31+00:00\",\"dateModified\":\"2024-04-23T19:26:14+00:00\",\"description\":\"SEDI-ATI Fibres Optiques fabrique des composants pouvant r\u00e9sister \u00e0 la cryog\u00e9nie. Contactez-nous pour toute question.\",\"breadcrumb\":{\"@id\":\"https:\\\/\\\/www.sedi-ati.com\\\/fr\\\/solution-fibre-optique-environnement-extreme\\\/temperatures-cryogeniques\\\/#breadcrumb\"},\"inLanguage\":\"fr-FR\",\"potentialAction\":[{\"@type\":\"ReadAction\",\"target\":[\"https:\\\/\\\/www.sedi-ati.com\\\/fr\\\/solution-fibre-optique-environnement-extreme\\\/temperatures-cryogeniques\\\/\"]}]},{\"@type\":\"BreadcrumbList\",\"@id\":\"https:\\\/\\\/www.sedi-ati.com\\\/fr\\\/solution-fibre-optique-environnement-extreme\\\/temperatures-cryogeniques\\\/#breadcrumb\",\"itemListElement\":[{\"@type\":\"ListItem\",\"position\":1,\"name\":\"Home\",\"item\":\"https:\\\/\\\/www.sedi-ati.com\\\/fr\\\/\"},{\"@type\":\"ListItem\",\"position\":2,\"name\":\"Environnements extr\u00eames\",\"item\":\"https:\\\/\\\/www.sedi-ati.com\\\/fr\\\/solution-fibre-optique-environnement-extreme\\\/\"},{\"@type\":\"ListItem\",\"position\":3,\"name\":\"Assemblage de fibre optique compatible avec des temp\u00e9ratures cryog\u00e9niques\"}]},{\"@type\":\"WebSite\",\"@id\":\"https:\\\/\\\/www.sedi-ati.com\\\/fr\\\/#website\",\"url\":\"https:\\\/\\\/www.sedi-ati.com\\\/fr\\\/\",\"name\":\"SEDI-ATI\",\"description\":\"Assemblages de fibres optiques sur mesure, bundles, fentes et pieuvres\",\"publisher\":{\"@id\":\"https:\\\/\\\/www.sedi-ati.com\\\/fr\\\/#organization\"},\"potentialAction\":[{\"@type\":\"SearchAction\",\"target\":{\"@type\":\"EntryPoint\",\"urlTemplate\":\"https:\\\/\\\/www.sedi-ati.com\\\/fr\\\/?s={search_term_string}\"},\"query-input\":{\"@type\":\"PropertyValueSpecification\",\"valueRequired\":true,\"valueName\":\"search_term_string\"}}],\"inLanguage\":\"fr-FR\"},{\"@type\":\"Organization\",\"@id\":\"https:\\\/\\\/www.sedi-ati.com\\\/fr\\\/#organization\",\"name\":\"SEDI-ATI\",\"url\":\"https:\\\/\\\/www.sedi-ati.com\\\/fr\\\/\",\"logo\":{\"@type\":\"ImageObject\",\"inLanguage\":\"fr-FR\",\"@id\":\"https:\\\/\\\/www.sedi-ati.com\\\/fr\\\/#\\\/schema\\\/logo\\\/image\\\/\",\"url\":\"https:\\\/\\\/www.sedi-ati.com\\\/wp-content\\\/uploads\\\/2019\\\/10\\\/Logo_SEDI-ATI_2019_avec-baseline.png\",\"contentUrl\":\"https:\\\/\\\/www.sedi-ati.com\\\/wp-content\\\/uploads\\\/2019\\\/10\\\/Logo_SEDI-ATI_2019_avec-baseline.png\",\"width\":300,\"height\":73,\"caption\":\"SEDI-ATI\"},\"image\":{\"@id\":\"https:\\\/\\\/www.sedi-ati.com\\\/fr\\\/#\\\/schema\\\/logo\\\/image\\\/\"},\"sameAs\":[\"https:\\\/\\\/www.linkedin.com\\\/company\\\/sedi-ati-fibres-optiques\\\/\",\"https:\\\/\\\/www.youtube.com\\\/@sedi-ati-fibres-optiques\"]}]}<\/script>\n<!-- \/ Yoast SEO plugin. -->","yoast_head_json":{"title":"Assemblage fibre optique temp\u00e9rature cryog\u00e9nique, fabricant composant optique cryog\u00e9nie","description":"SEDI-ATI Fibres Optiques fabrique des composants pouvant r\u00e9sister \u00e0 la cryog\u00e9nie. Contactez-nous pour toute question.","robots":{"index":"index","follow":"follow","max-snippet":"max-snippet:-1","max-image-preview":"max-image-preview:large","max-video-preview":"max-video-preview:-1"},"canonical":"https:\/\/www.sedi-ati.com\/fr\/solution-fibre-optique-environnement-extreme\/temperatures-cryogeniques\/","og_locale":"fr_FR","og_type":"article","og_title":"Assemblage fibre optique temp\u00e9rature cryog\u00e9nique, fabricant composant optique cryog\u00e9nie","og_description":"SEDI-ATI Fibres Optiques fabrique des composants pouvant r\u00e9sister \u00e0 la cryog\u00e9nie. Contactez-nous pour toute question.","og_url":"https:\/\/www.sedi-ati.com\/fr\/solution-fibre-optique-environnement-extreme\/temperatures-cryogeniques\/","og_site_name":"SEDI-ATI","article_modified_time":"2024-04-23T19:26:14+00:00","twitter_card":"summary_large_image","twitter_misc":{"Dur\u00e9e de lecture estim\u00e9e":"4 minutes"},"schema":{"@context":"https:\/\/schema.org","@graph":[{"@type":"WebPage","@id":"https:\/\/www.sedi-ati.com\/fr\/solution-fibre-optique-environnement-extreme\/temperatures-cryogeniques\/","url":"https:\/\/www.sedi-ati.com\/fr\/solution-fibre-optique-environnement-extreme\/temperatures-cryogeniques\/","name":"Assemblage fibre optique temp\u00e9rature cryog\u00e9nique, fabricant composant optique cryog\u00e9nie","isPartOf":{"@id":"https:\/\/www.sedi-ati.com\/fr\/#website"},"datePublished":"2024-02-22T16:13:31+00:00","dateModified":"2024-04-23T19:26:14+00:00","description":"SEDI-ATI Fibres Optiques fabrique des composants pouvant r\u00e9sister \u00e0 la cryog\u00e9nie. Contactez-nous pour toute question.","breadcrumb":{"@id":"https:\/\/www.sedi-ati.com\/fr\/solution-fibre-optique-environnement-extreme\/temperatures-cryogeniques\/#breadcrumb"},"inLanguage":"fr-FR","potentialAction":[{"@type":"ReadAction","target":["https:\/\/www.sedi-ati.com\/fr\/solution-fibre-optique-environnement-extreme\/temperatures-cryogeniques\/"]}]},{"@type":"BreadcrumbList","@id":"https:\/\/www.sedi-ati.com\/fr\/solution-fibre-optique-environnement-extreme\/temperatures-cryogeniques\/#breadcrumb","itemListElement":[{"@type":"ListItem","position":1,"name":"Home","item":"https:\/\/www.sedi-ati.com\/fr\/"},{"@type":"ListItem","position":2,"name":"Environnements extr\u00eames","item":"https:\/\/www.sedi-ati.com\/fr\/solution-fibre-optique-environnement-extreme\/"},{"@type":"ListItem","position":3,"name":"Assemblage de fibre optique compatible avec des temp\u00e9ratures cryog\u00e9niques"}]},{"@type":"WebSite","@id":"https:\/\/www.sedi-ati.com\/fr\/#website","url":"https:\/\/www.sedi-ati.com\/fr\/","name":"SEDI-ATI","description":"Assemblages de fibres optiques sur mesure, bundles, fentes et pieuvres","publisher":{"@id":"https:\/\/www.sedi-ati.com\/fr\/#organization"},"potentialAction":[{"@type":"SearchAction","target":{"@type":"EntryPoint","urlTemplate":"https:\/\/www.sedi-ati.com\/fr\/?s={search_term_string}"},"query-input":{"@type":"PropertyValueSpecification","valueRequired":true,"valueName":"search_term_string"}}],"inLanguage":"fr-FR"},{"@type":"Organization","@id":"https:\/\/www.sedi-ati.com\/fr\/#organization","name":"SEDI-ATI","url":"https:\/\/www.sedi-ati.com\/fr\/","logo":{"@type":"ImageObject","inLanguage":"fr-FR","@id":"https:\/\/www.sedi-ati.com\/fr\/#\/schema\/logo\/image\/","url":"https:\/\/www.sedi-ati.com\/wp-content\/uploads\/2019\/10\/Logo_SEDI-ATI_2019_avec-baseline.png","contentUrl":"https:\/\/www.sedi-ati.com\/wp-content\/uploads\/2019\/10\/Logo_SEDI-ATI_2019_avec-baseline.png","width":300,"height":73,"caption":"SEDI-ATI"},"image":{"@id":"https:\/\/www.sedi-ati.com\/fr\/#\/schema\/logo\/image\/"},"sameAs":["https:\/\/www.linkedin.com\/company\/sedi-ati-fibres-optiques\/","https:\/\/www.youtube.com\/@sedi-ati-fibres-optiques"]}]}},"_links":{"self":[{"href":"https:\/\/www.sedi-ati.com\/fr\/wp-json\/wp\/v2\/pages\/18242","targetHints":{"allow":["GET"]}}],"collection":[{"href":"https:\/\/www.sedi-ati.com\/fr\/wp-json\/wp\/v2\/pages"}],"about":[{"href":"https:\/\/www.sedi-ati.com\/fr\/wp-json\/wp\/v2\/types\/page"}],"author":[{"embeddable":true,"href":"https:\/\/www.sedi-ati.com\/fr\/wp-json\/wp\/v2\/users\/7"}],"replies":[{"embeddable":true,"href":"https:\/\/www.sedi-ati.com\/fr\/wp-json\/wp\/v2\/comments?post=18242"}],"version-history":[{"count":6,"href":"https:\/\/www.sedi-ati.com\/fr\/wp-json\/wp\/v2\/pages\/18242\/revisions"}],"predecessor-version":[{"id":19471,"href":"https:\/\/www.sedi-ati.com\/fr\/wp-json\/wp\/v2\/pages\/18242\/revisions\/19471"}],"up":[{"embeddable":true,"href":"https:\/\/www.sedi-ati.com\/fr\/wp-json\/wp\/v2\/pages\/5000"}],"wp:attachment":[{"href":"https:\/\/www.sedi-ati.com\/fr\/wp-json\/wp\/v2\/media?parent=18242"}],"curies":[{"name":"wp","href":"https:\/\/api.w.org\/{rel}","templated":true}]}}