{"id":18351,"date":"2024-02-22T16:58:57","date_gmt":"2024-02-22T15:58:57","guid":{"rendered":"https:\/\/www.sedi-ati.com\/?page_id=18351"},"modified":"2024-07-10T14:36:48","modified_gmt":"2024-07-10T12:36:48","slug":"vide-et-ultra-vide","status":"publish","type":"page","link":"https:\/\/www.sedi-ati.com\/fr\/solution-fibre-optique-environnement-extreme\/vide-et-ultra-vide\/","title":{"rendered":"Composant \u00e0 base de fibre optique pour le vide et ultra-vide"},"content":{"rendered":"<section class=\"wpb-content-wrapper\"><p>[vc_row content_placement=\u00a0\u00bbmiddle\u00a0\u00bb el_class=\u00a0\u00bbz-index-1 chevauchement-horizontal-range range-applications\u00a0\u00bb][vc_column width=\u00a0\u00bb3\/5&Prime; css=\u00a0\u00bb.vc_custom_1708075498742{background-color: #9e4ee0 !important;}\u00a0\u00bb el_class=\u00a0\u00bbshadow border-radius-hd-bd line-bottom line-blue txt-blanc block-grand-text\u00a0\u00bb][vc_raw_html el_class=\u00a0\u00bbgros-titre\u00a0\u00bb]JTNDcCUzRVZpZGUlM0NzcGFuJTIwY2xhc3MlM0QlMjJwb2ludC1yb3VnZSUyMiUzRSUzQyUyRnNwYW4lM0VVbHRyYS12aWRlJTNDJTJGcCUzRQ==[\/vc_raw_html][vc_column_text el_class=\u00a0\u00bbtitre-baseline\u00a0\u00bb]<\/p>\n<h2>Assemblages \u00e0 base de fibres optiques pour le vide et l&rsquo;ultravide<\/h2>\n<p>[\/vc_column_text][vc_column_text]SEDI-ATI Fibres Optiques, forte d&rsquo;un <span class=\"fort\">savoir-faire<\/span> unique et d&rsquo;une <span class=\"fort\">expertise<\/span> fine des environnements complexes et extr\u00eames, vous propose des assemblages \u00e0 base de fibres optiques pour le <span class=\"fort\">vide<\/span> et l&rsquo;<strong>ultravide<\/strong> jusqu&rsquo;\u00e0 <span class=\"fort\">10<sup>-11 <\/sup>mbar<\/span>.[\/vc_column_text][vc_btn title=\u00a0\u00bbParlez-nous de votre projet\u00a0\u00bb style=\u00a0\u00bbcustom\u00a0\u00bb custom_background=\u00a0\u00bb#132f40&Prime; custom_text=\u00a0\u00bb#ffffff\u00a0\u00bb shape=\u00a0\u00bbsquare\u00a0\u00bb link=\u00a0\u00bburl:https%3A%2F%2Fwww.sedi-ati.com%2Ffr%2Fdemande-de-devis%2F\u00a0\u00bb el_class=\u00a0\u00bbline-bottom line-blue\u00a0\u00bb][\/vc_column][vc_column width=\u00a0\u00bb1\/2&Prime; el_class=\u00a0\u00bbimg-entete\u00a0\u00bb][vc_single_image image=\u00a0\u00bb19412&Prime; img_size=\u00a0\u00bbfull\u00a0\u00bb alignment=\u00a0\u00bbcenter\u00a0\u00bb][\/vc_column][\/vc_row][vc_row][vc_column width=\u00a0\u00bb1\/2&Prime;][vc_column_text el_class=\u00a0\u00bbpetit-titre petit-titre-txt\u00a0\u00bb]<\/p>\n<h3>R\u00e9sistance au vide<\/h3>\n<p>[\/vc_column_text][vc_column_text]Nos <strong>assemblages \u00e0 base de fibre optique<\/strong> assurent une \u00e9tanch\u00e9it\u00e9 de l&rsquo;ordre de <span class=\"fort\">10<sup>-11 <\/sup>mbar.l\/s<\/span> en conditions de <span class=\"fort\">vide<\/span> et d&rsquo;<strong>ultravide<\/strong>. Ils peuvent ainsi \u00eatre utilis\u00e9s dans des enceintes o\u00f9 le vide est pouss\u00e9 (cas des cryostats pour le quantique et pour les spectrographes comme <a href=\"https:\/\/www.sedi-ati.com\/fr\/cas_client\/weave-spectrographe-multi-fibres-nouvelle-generation\/\">MOONS<\/a>) ou dans des instruments de mesure dans l&rsquo;espace, sans subir de d\u00e9gradation des performances.[\/vc_column_text][\/vc_column][vc_column width=\u00a0\u00bb1\/2&Prime;][vc_column_text el_class=\u00a0\u00bbpetit-titre petit-titre-txt\u00a0\u00bb]La probl\u00e9matique[\/vc_column_text][vc_column_text]En cas de souci d&rsquo;herm\u00e9ticit\u00e9 de l&rsquo;assemblage, les deux environnements devant \u00eatre s\u00e9par\u00e9s communiqueront. En effet, les particules ou caract\u00e9ristiques de l&rsquo;un vont rentrer en conflit avec le second environnement ce qui impactera la qualit\u00e9 des donn\u00e9es recueillies, mais aussi pourrait mettre en danger les op\u00e9rateurs si des particules radioactives venaient \u00e0 \u00eatre lib\u00e9r\u00e9es (par exemple).<\/p>\n<p>Aussi, il faut prendre en compte qu&rsquo;expos\u00e9s au vide, les mat\u00e9riaux, m\u00eame solides, <span class=\"fort\">d\u00e9gazent<\/span>. Les particules lib\u00e9r\u00e9es se d\u00e9posent sur les surfaces optiques. Cette contamination <span class=\"fort\">r\u00e9duit<\/span> la <span class=\"fort\">transmission optique<\/span> et\u00a0<span class=\"fort\">interf\u00e8re<\/span>\u00a0avec les mesures pr\u00e9cises.[\/vc_column_text][\/vc_column][\/vc_row][vc_row full_width=\u00a0\u00bbstretch_row\u00a0\u00bb content_placement=\u00a0\u00bbmiddle\u00a0\u00bb css=\u00a0\u00bb.vc_custom_1709823721253{background-color: #c29de0 !important;}\u00a0\u00bb][vc_column width=\u00a0\u00bb2\/3&Prime;][vc_row_inner][vc_column_inner][vc_raw_html el_class=\u00a0\u00bbpetit-titre\u00a0\u00bb]JTNDcCUzRU5vdHJlJTNDc3BhbiUyMGNsYXNzJTNEJTIycG9pbnQtcm91Z2UlMjBwb2ludC1wZXRpdCUyMiUzRSUzQyUyRnNwYW4lM0VFeHBlcnRpc2UlM0MlMkZwJTNF[\/vc_raw_html][vc_column_text]SEDI-ATI est capable de vous proposer des solutions pour le <strong>vide<\/strong> et l&rsquo;<strong>ultravide<\/strong> garantissant des taux de fuite jusqu\u2019\u00e0 <span class=\"fort\">10<sup>-11 <\/sup>mbar.l\/s<\/span> gr\u00e2ce \u00e0 son <span class=\"fort\">savoir-faire<\/span> des environnements <span class=\"fort\">complexes<\/span> ou <span class=\"fort\">extr\u00eames<\/span>. Les mat\u00e9riaux sont adapt\u00e9s \u00e0 votre application finale et aux contraintes de l\u2019environnement. De ce fait, la fibre est s\u00e9lectionn\u00e9e parmi une large gamme de fibres \u00e0 rev\u00eatements inorganiques, tr\u00e8s faiblement d\u00e9gazants tels que l&rsquo;<span class=\"fort\">acrylate<\/span>, le <span class=\"fort\">polyimide<\/span>, l&rsquo;<span class=\"fort\">aluminium<\/span>, le <span class=\"fort\">cuivre<\/span>, etc et les <span class=\"fort\">scellements<\/span> sont \u00e9galement adapt\u00e9s \u00e0 l\u2019application (brasure, enverrage\u2026). Afin de vous garantir l&rsquo;<span class=\"fort\">herm\u00e9ticit\u00e9<\/span> de votre assemblage, des tests d\u2019herm\u00e9ticit\u00e9 sont r\u00e9alis\u00e9s en interne dans nos chambres de tests (pouvant descendre jusqu&rsquo;\u00e0 <span class=\"fort\">10<sup>-12 <\/sup>mbar.l\/s<\/span>) et un <span class=\"fort\">rapport de test<\/span> vous sera d\u00e9livr\u00e9.<\/p>\n<p>Toutes nos gammes de <a style=\"color: black;\" href=\"https:\/\/www.sedi-ati.com\/fr\/traversees-et-passages-etanches-a-fibres-optiques\/\">travers\u00e9es \u00e9tanches<\/a>, <a style=\"color: black;\" href=\"https:\/\/www.sedi-ati.com\/fr\/cordons-et-cables-fibre-optique-speciaux\/\">cordons et c\u00e2bles sp\u00e9ciaux<\/a>, <a style=\"color: black;\" href=\"https:\/\/www.sedi-ati.com\/fr\/connecteurs-optiques-et-raccords\/\">connecteurs<\/a>, <a style=\"color: black;\" href=\"https:\/\/www.sedi-ati.com\/fr\/assemblages-de-fibres-optiques-sur-mesure-bundles-fentes-et-pieuvres\/\">bundles<\/a>, etc, sont personnalisables pour r\u00e9sister \u00e0 vos contraintes. Aussi, notre gamme de travers\u00e9es \u00e9tanches permet de r\u00e9pondre \u00e0 ces contraintes de stress m\u00e9canique, tout en garantissant des performances de qualit\u00e9.[\/vc_column_text][\/vc_column_inner][\/vc_row_inner][\/vc_column][vc_column width=\u00a0\u00bb1\/3&Prime;][vc_images_carousel images=\u00a0\u00bb19396,19408,19404,19479&Prime; img_size=\u00a0\u00bbfull\u00a0\u00bb onclick=\u00a0\u00bbcustom_link\u00a0\u00bb custom_links_target=\u00a0\u00bb_blank\u00a0\u00bb speed=\u00a0\u00bb4000&Prime; autoplay=\u00a0\u00bbyes\u00a0\u00bb hide_pagination_control=\u00a0\u00bbyes\u00a0\u00bb wrap=\u00a0\u00bbyes\u00a0\u00bb el_class=\u00a0\u00bbcentrer\u00a0\u00bb custom_links=\u00a0\u00bb#E-8_aHR0cHMlM0ElMkYlMkZ3d3cuc2VkaS1hdGkuY29tJTJGZnIlMkZwcm9kdWN0JTJGY29yZG9ucy1ldC1jYWJsZXMtZmlicmUtb3B0aXF1ZS1zcGVjaWF1eCUyRmNhYmxlcy1maWJyZXMtb3B0aXF1ZXMtcG91ci1sZS12aWRlJTJGJTJDaHR0cHMlM0ElMkYlMkZ3d3cuc2VkaS1hdGkuY29tJTJGZnIlMkZjb25uZWN0ZXVycy1vcHRpcXVlcy1ldC1yYWNjb3JkcyUyRmZjeHRyZW1lLWNvbm5lY3RldXItcG91ci1hcHBsaWNhdGlvbnMtZGUtZGVmZW5zZS1ldC1hZXJvc3BhdGlhbGVzJTJGJTJDaHR0cHMlM0ElMkYlMkZ3d3cuc2VkaS1hdGkuY29tJTJGZnIlMkZ0cmF2ZXJzZWVzLWV0LXBhc3NhZ2VzLWV0YW5jaGVzLWEtZmlicmVzLW9wdGlxdWVzJTJGdHJhdmVyc2Vlcy1ldGFuY2hlcy1maWJyZS1vcHRpcXVlLXN1ci1icmlkZS1jZi1vdS1rZi1wb3VyLWxlLXZpZGUlMkYlMkNodHRwcyUzQSUyRiUyRnd3dy5zZWRpLWF0aS5jb20lMkZmciUyRnRyYXZlcnNlZXMtZXQtcGFzc2FnZXMtZXRhbmNoZXMtYS1maWJyZXMtb3B0aXF1ZXMlMkZ0cmF2ZXJzZWVzLWV0YW5jaGVzLXBvdXItZmlicmVzLW9wdGlxdWVzLXJ1YmFuLXRlcm1pbmVlcy1wYXItZGVzLWNvbm5lY3RldXJzLW10cCUyRg==\u00a0\u00bb][\/vc_column][\/vc_row][vc_row][vc_column][vc_text_separator title=\u00a0\u00bbCas clients li\u00e9s\u00a0\u00bb title_align=\u00a0\u00bbseparator_align_left\u00a0\u00bb color=\u00a0\u00bbcustom\u00a0\u00bb border_width=\u00a0\u00bb2&Prime; accent_color=\u00a0\u00bb#0a0a0a\u00a0\u00bb el_class=\u00a0\u00bbpetit-titre\u00a0\u00bb][vc_empty_space height=\u00a0\u00bb10px\u00a0\u00bb][vc_basic_grid post_type=\u00a0\u00bbcas_client\u00a0\u00bb max_items=\u00a0\u00bb10&Prime; item=\u00a0\u00bb14900&Prime; grid_id=\u00a0\u00bbvc_gid:1720614867693-b9eaaa3b-70c0-9&Prime; taxonomies=\u00a0\u00bb434152, 434111, 434154&Prime;][\/vc_column][\/vc_row][vc_row full_width=\u00a0\u00bbstretch_row\u00a0\u00bb][vc_column el_class=\u00a0\u00bbblock-cat-prod\u00a0\u00bb][vc_text_separator title=\u00a0\u00bbCat\u00e9gories produits\u00a0\u00bb title_align=\u00a0\u00bbseparator_align_left\u00a0\u00bb color=\u00a0\u00bbcustom\u00a0\u00bb border_width=\u00a0\u00bb2&Prime; accent_color=\u00a0\u00bb#0a0a0a\u00a0\u00bb el_class=\u00a0\u00bbpetit-titre\u00a0\u00bb][vc_empty_space height=\u00a0\u00bb10px\u00a0\u00bb]<div class=\"woocommerce columns-3\">\n<div class=\"products_wrapper mfn-woo-products isotope_wrapper default-woo-loop lm_wrapper\">\n\t<ul class=\"products mfn-product-badges-left\">\n<li class=\"product-category product first\">\n\t<a aria-label=\"Acc\u00e9der \u00e0 la cat\u00e9gorie de produits Travers\u00e9es et passages \u00e9tanches \u00e0 fibres optiques\" href=\"https:\/\/www.sedi-ati.com\/fr\/traversees-et-passages-etanches-a-fibres-optiques\/\"><img loading=\"lazy\" decoding=\"async\" src=\"https:\/\/www.sedi-ati.com\/wp-content\/uploads\/2020\/04\/thumbnail-fiber-optic-hermetic-feedthroughs-overview-3.jpg\" alt=\"Travers\u00e9es et passages \u00e9tanches \u00e0 fibres optiques\" width=\"800\" height=\"800\" srcset=\"https:\/\/www.sedi-ati.com\/wp-content\/uploads\/2020\/04\/thumbnail-fiber-optic-hermetic-feedthroughs-overview-3.jpg 600w, https:\/\/www.sedi-ati.com\/wp-content\/uploads\/2020\/04\/thumbnail-fiber-optic-hermetic-feedthroughs-overview-3-300x300.jpg 300w, https:\/\/www.sedi-ati.com\/wp-content\/uploads\/2020\/04\/thumbnail-fiber-optic-hermetic-feedthroughs-overview-3-150x150.jpg 150w, https:\/\/www.sedi-ati.com\/wp-content\/uploads\/2020\/04\/thumbnail-fiber-optic-hermetic-feedthroughs-overview-3-400x400.jpg 400w, https:\/\/www.sedi-ati.com\/wp-content\/uploads\/2020\/04\/thumbnail-fiber-optic-hermetic-feedthroughs-overview-3-85x85.jpg 85w, https:\/\/www.sedi-ati.com\/wp-content\/uploads\/2020\/04\/thumbnail-fiber-optic-hermetic-feedthroughs-overview-3-32x32.jpg 32w\" sizes=\"auto, (max-width:767px) 480px, 600px\" \/>\t\t<h2 class=\"woocommerce-loop-category__title\">\n\t\t\tTravers\u00e9es et passages \u00e9tanches \u00e0 fibres optiques <mark class=\"count\">(12)<\/mark>\t\t<\/h2>\n\t\t<\/a><\/li>\n<li class=\"product-category product\">\n\t<a aria-label=\"Acc\u00e9der \u00e0 la cat\u00e9gorie de produits Cordons et c\u00e2bles fibre optique sp\u00e9ciaux\" href=\"https:\/\/www.sedi-ati.com\/fr\/cordons-et-cables-fibre-optique-speciaux\/\"><img loading=\"lazy\" decoding=\"async\" src=\"https:\/\/www.sedi-ati.com\/wp-content\/uploads\/2019\/07\/thumbnail-special-patchcords-overview-3.jpg\" alt=\"Cordons et c\u00e2bles fibre optique sp\u00e9ciaux\" width=\"800\" height=\"800\" srcset=\"https:\/\/www.sedi-ati.com\/wp-content\/uploads\/2019\/07\/thumbnail-special-patchcords-overview-3.jpg 600w, https:\/\/www.sedi-ati.com\/wp-content\/uploads\/2019\/07\/thumbnail-special-patchcords-overview-3-300x300.jpg 300w, https:\/\/www.sedi-ati.com\/wp-content\/uploads\/2019\/07\/thumbnail-special-patchcords-overview-3-150x150.jpg 150w, https:\/\/www.sedi-ati.com\/wp-content\/uploads\/2019\/07\/thumbnail-special-patchcords-overview-3-400x400.jpg 400w, https:\/\/www.sedi-ati.com\/wp-content\/uploads\/2019\/07\/thumbnail-special-patchcords-overview-3-85x85.jpg 85w, https:\/\/www.sedi-ati.com\/wp-content\/uploads\/2019\/07\/thumbnail-special-patchcords-overview-3-32x32.jpg 32w\" sizes=\"auto, (max-width:767px) 480px, 600px\" \/>\t\t<h2 class=\"woocommerce-loop-category__title\">\n\t\t\tCordons et c\u00e2bles fibre optique sp\u00e9ciaux <mark class=\"count\">(9)<\/mark>\t\t<\/h2>\n\t\t<\/a><\/li>\n<li class=\"product-category product last\">\n\t<a aria-label=\"Acc\u00e9der \u00e0 la cat\u00e9gorie de produits Connecteurs optiques et accessoires\" href=\"https:\/\/www.sedi-ati.com\/fr\/connecteurs-optiques-et-raccords\/\"><img loading=\"lazy\" decoding=\"async\" src=\"https:\/\/www.sedi-ati.com\/wp-content\/uploads\/2021\/09\/thumbnail-adapters-and-connectors-1.jpg\" alt=\"Connecteurs optiques et accessoires\" width=\"800\" height=\"800\" srcset=\"https:\/\/www.sedi-ati.com\/wp-content\/uploads\/2021\/09\/thumbnail-adapters-and-connectors-1.jpg 300w, https:\/\/www.sedi-ati.com\/wp-content\/uploads\/2021\/09\/thumbnail-adapters-and-connectors-1-150x150.jpg 150w, https:\/\/www.sedi-ati.com\/wp-content\/uploads\/2021\/09\/thumbnail-adapters-and-connectors-1-146x146.jpg 146w, https:\/\/www.sedi-ati.com\/wp-content\/uploads\/2021\/09\/thumbnail-adapters-and-connectors-1-50x50.jpg 50w, https:\/\/www.sedi-ati.com\/wp-content\/uploads\/2021\/09\/thumbnail-adapters-and-connectors-1-75x75.jpg 75w, https:\/\/www.sedi-ati.com\/wp-content\/uploads\/2021\/09\/thumbnail-adapters-and-connectors-1-85x85.jpg 85w, https:\/\/www.sedi-ati.com\/wp-content\/uploads\/2021\/09\/thumbnail-adapters-and-connectors-1-80x80.jpg 80w\" sizes=\"auto, (max-width:767px) 300px, 300px\" \/>\t\t<h2 class=\"woocommerce-loop-category__title\">\n\t\t\tConnecteurs optiques et accessoires <mark class=\"count\">(6)<\/mark>\t\t<\/h2>\n\t\t<\/a><\/li>\n\n\t<\/ul>\n<\/div><\/div>[\/vc_column][\/vc_row][vc_row full_width=\u00a0\u00bbstretch_row\u00a0\u00bb css=\u00a0\u00bb.vc_custom_1707901371458{background-color: #dfe2e8 !important;}\u00a0\u00bb][vc_column][vc_row_inner][vc_column_inner width=\u00a0\u00bb1\/6&Prime;][\/vc_column_inner][vc_column_inner el_class=\u00a0\u00bbshadow border-radius-hd-bd line-bottom line-blue\u00a0\u00bb width=\u00a0\u00bb2\/3&Prime; css=\u00a0\u00bb.vc_custom_1707927895533{background-color: #ffffff !important;}\u00a0\u00bb][vc_column_text]<\/p>\n<p style=\"text-align: center;\">N&rsquo;h\u00e9sitez pas \u00e0 nous contacter pour nous faire part de votre demande<\/p>\n<p>[\/vc_column_text][vc_btn title=\u00a0\u00bbNous contacter\u00a0\u00bb style=\u00a0\u00bbcustom\u00a0\u00bb custom_background=\u00a0\u00bb#132f40&Prime; custom_text=\u00a0\u00bb#ffffff\u00a0\u00bb shape=\u00a0\u00bbsquare\u00a0\u00bb align=\u00a0\u00bbcenter\u00a0\u00bb link=\u00a0\u00bburl:https%3A%2F%2Fwww.sedi-ati.com%2Ffr%2Fcontact%2F\u00a0\u00bb el_class=\u00a0\u00bbline-bottom line-blue\u00a0\u00bb][\/vc_column_inner][vc_column_inner width=\u00a0\u00bb1\/6&Prime;][\/vc_column_inner][\/vc_row_inner][\/vc_column][\/vc_row][vc_row][vc_column][vc_btn title=\u00a0\u00bb^\u00a0\u00bb style=\u00a0\u00bbflat\u00a0\u00bb link=\u00a0\u00bburl:%23Wrapper\u00a0\u00bb el_class=\u00a0\u00bbbtn-haut\u00a0\u00bb][\/vc_column][\/vc_row]<\/p>\n<\/section>","protected":false},"excerpt":{"rendered":"<p>[vc_row content_placement=\u00a0\u00bbmiddle\u00a0\u00bb el_class=\u00a0\u00bbz-index-1 chevauchement-horizontal-range range-applications\u00a0\u00bb][vc_column width=\u00a0\u00bb3\/5&Prime; css=\u00a0\u00bb.vc_custom_1708075498742{background-color: #9e4ee0 !important;}\u00a0\u00bb el_class=\u00a0\u00bbshadow border-radius-hd-bd line-bottom line-blue txt-blanc block-grand-text\u00a0\u00bb][vc_raw_html el_class=\u00a0\u00bbgros-titre\u00a0\u00bb]JTNDcCUzRVZpZGUlM0NzcGFuJTIwY2xhc3MlM0QlMjJwb2ludC1yb3VnZSUyMiUzRSUzQyUyRnNwYW4lM0VVbHRyYS12aWRlJTNDJTJGcCUzRQ==[\/vc_raw_html][vc_column_text el_class=\u00a0\u00bbtitre-baseline\u00a0\u00bb] Assemblages \u00e0 base de fibres optiques pour le vide<span class=\"excerpt-hellip\"> [\u2026]<\/span><\/p>\n","protected":false},"author":7,"featured_media":0,"parent":5000,"menu_order":0,"comment_status":"closed","ping_status":"closed","template":"","meta":{"_acf_changed":false,"rs_blank_template":"","rs_page_bg_color":"","slide_template_v7":"","footnotes":""},"class_list":["post-18351","page","type-page","status-publish","hentry"],"acf":[],"yoast_head":"<!-- This site is optimized with the Yoast SEO plugin v27.3 - https:\/\/yoast.com\/product\/yoast-seo-wordpress\/ -->\n<title>Composant fibre optique secteur vide et ultra-vide<\/title>\n<meta name=\"description\" content=\"SEDI-ATI Fibres Optiques, vous propose des assemblages \u00e0 base de fibres optiques capables de r\u00e9sister au vide et \u00e0 l&#039;ultra-vide jusqu&#039;\u00e0 10-11 mbar.l\/s.\" \/>\n<meta name=\"robots\" content=\"index, follow, max-snippet:-1, max-image-preview:large, max-video-preview:-1\" \/>\n<link rel=\"canonical\" href=\"https:\/\/www.sedi-ati.com\/fr\/solution-fibre-optique-environnement-extreme\/vide-et-ultra-vide\/\" \/>\n<meta property=\"og:locale\" content=\"fr_FR\" \/>\n<meta property=\"og:type\" content=\"article\" \/>\n<meta property=\"og:title\" content=\"Composant fibre optique secteur vide et ultra-vide\" \/>\n<meta property=\"og:description\" content=\"SEDI-ATI Fibres Optiques, vous propose des assemblages \u00e0 base de fibres optiques capables de r\u00e9sister au vide et \u00e0 l&#039;ultra-vide jusqu&#039;\u00e0 10-11 mbar.l\/s.\" \/>\n<meta property=\"og:url\" content=\"https:\/\/www.sedi-ati.com\/fr\/solution-fibre-optique-environnement-extreme\/vide-et-ultra-vide\/\" \/>\n<meta property=\"og:site_name\" content=\"SEDI-ATI\" \/>\n<meta property=\"article:modified_time\" content=\"2024-07-10T12:36:48+00:00\" \/>\n<meta name=\"twitter:card\" content=\"summary_large_image\" \/>\n<meta name=\"twitter:label1\" content=\"Dur\u00e9e de lecture estim\u00e9e\" \/>\n\t<meta name=\"twitter:data1\" content=\"3 minutes\" \/>\n<script type=\"application\/ld+json\" class=\"yoast-schema-graph\">{\"@context\":\"https:\\\/\\\/schema.org\",\"@graph\":[{\"@type\":\"WebPage\",\"@id\":\"https:\\\/\\\/www.sedi-ati.com\\\/fr\\\/solution-fibre-optique-environnement-extreme\\\/vide-et-ultra-vide\\\/\",\"url\":\"https:\\\/\\\/www.sedi-ati.com\\\/fr\\\/solution-fibre-optique-environnement-extreme\\\/vide-et-ultra-vide\\\/\",\"name\":\"Composant fibre optique secteur vide et ultra-vide\",\"isPartOf\":{\"@id\":\"https:\\\/\\\/www.sedi-ati.com\\\/fr\\\/#website\"},\"datePublished\":\"2024-02-22T15:58:57+00:00\",\"dateModified\":\"2024-07-10T12:36:48+00:00\",\"description\":\"SEDI-ATI Fibres Optiques, vous propose des assemblages \u00e0 base de fibres optiques capables de r\u00e9sister au vide et \u00e0 l'ultra-vide jusqu'\u00e0 10-11 mbar.l\\\/s.\",\"breadcrumb\":{\"@id\":\"https:\\\/\\\/www.sedi-ati.com\\\/fr\\\/solution-fibre-optique-environnement-extreme\\\/vide-et-ultra-vide\\\/#breadcrumb\"},\"inLanguage\":\"fr-FR\",\"potentialAction\":[{\"@type\":\"ReadAction\",\"target\":[\"https:\\\/\\\/www.sedi-ati.com\\\/fr\\\/solution-fibre-optique-environnement-extreme\\\/vide-et-ultra-vide\\\/\"]}]},{\"@type\":\"BreadcrumbList\",\"@id\":\"https:\\\/\\\/www.sedi-ati.com\\\/fr\\\/solution-fibre-optique-environnement-extreme\\\/vide-et-ultra-vide\\\/#breadcrumb\",\"itemListElement\":[{\"@type\":\"ListItem\",\"position\":1,\"name\":\"Home\",\"item\":\"https:\\\/\\\/www.sedi-ati.com\\\/fr\\\/\"},{\"@type\":\"ListItem\",\"position\":2,\"name\":\"Environnements extr\u00eames\",\"item\":\"https:\\\/\\\/www.sedi-ati.com\\\/fr\\\/solution-fibre-optique-environnement-extreme\\\/\"},{\"@type\":\"ListItem\",\"position\":3,\"name\":\"Composant \u00e0 base de fibre optique pour le vide et ultra-vide\"}]},{\"@type\":\"WebSite\",\"@id\":\"https:\\\/\\\/www.sedi-ati.com\\\/fr\\\/#website\",\"url\":\"https:\\\/\\\/www.sedi-ati.com\\\/fr\\\/\",\"name\":\"SEDI-ATI\",\"description\":\"Assemblages de fibres optiques sur mesure, bundles, fentes et pieuvres\",\"publisher\":{\"@id\":\"https:\\\/\\\/www.sedi-ati.com\\\/fr\\\/#organization\"},\"potentialAction\":[{\"@type\":\"SearchAction\",\"target\":{\"@type\":\"EntryPoint\",\"urlTemplate\":\"https:\\\/\\\/www.sedi-ati.com\\\/fr\\\/?s={search_term_string}\"},\"query-input\":{\"@type\":\"PropertyValueSpecification\",\"valueRequired\":true,\"valueName\":\"search_term_string\"}}],\"inLanguage\":\"fr-FR\"},{\"@type\":\"Organization\",\"@id\":\"https:\\\/\\\/www.sedi-ati.com\\\/fr\\\/#organization\",\"name\":\"SEDI-ATI\",\"url\":\"https:\\\/\\\/www.sedi-ati.com\\\/fr\\\/\",\"logo\":{\"@type\":\"ImageObject\",\"inLanguage\":\"fr-FR\",\"@id\":\"https:\\\/\\\/www.sedi-ati.com\\\/fr\\\/#\\\/schema\\\/logo\\\/image\\\/\",\"url\":\"https:\\\/\\\/www.sedi-ati.com\\\/wp-content\\\/uploads\\\/2019\\\/10\\\/Logo_SEDI-ATI_2019_avec-baseline.png\",\"contentUrl\":\"https:\\\/\\\/www.sedi-ati.com\\\/wp-content\\\/uploads\\\/2019\\\/10\\\/Logo_SEDI-ATI_2019_avec-baseline.png\",\"width\":300,\"height\":73,\"caption\":\"SEDI-ATI\"},\"image\":{\"@id\":\"https:\\\/\\\/www.sedi-ati.com\\\/fr\\\/#\\\/schema\\\/logo\\\/image\\\/\"},\"sameAs\":[\"https:\\\/\\\/www.linkedin.com\\\/company\\\/sedi-ati-fibres-optiques\\\/\",\"https:\\\/\\\/www.youtube.com\\\/@sedi-ati-fibres-optiques\"]}]}<\/script>\n<!-- \/ Yoast SEO plugin. -->","yoast_head_json":{"title":"Composant fibre optique secteur vide et ultra-vide","description":"SEDI-ATI Fibres Optiques, vous propose des assemblages \u00e0 base de fibres optiques capables de r\u00e9sister au vide et \u00e0 l'ultra-vide jusqu'\u00e0 10-11 mbar.l\/s.","robots":{"index":"index","follow":"follow","max-snippet":"max-snippet:-1","max-image-preview":"max-image-preview:large","max-video-preview":"max-video-preview:-1"},"canonical":"https:\/\/www.sedi-ati.com\/fr\/solution-fibre-optique-environnement-extreme\/vide-et-ultra-vide\/","og_locale":"fr_FR","og_type":"article","og_title":"Composant fibre optique secteur vide et ultra-vide","og_description":"SEDI-ATI Fibres Optiques, vous propose des assemblages \u00e0 base de fibres optiques capables de r\u00e9sister au vide et \u00e0 l'ultra-vide jusqu'\u00e0 10-11 mbar.l\/s.","og_url":"https:\/\/www.sedi-ati.com\/fr\/solution-fibre-optique-environnement-extreme\/vide-et-ultra-vide\/","og_site_name":"SEDI-ATI","article_modified_time":"2024-07-10T12:36:48+00:00","twitter_card":"summary_large_image","twitter_misc":{"Dur\u00e9e de lecture estim\u00e9e":"3 minutes"},"schema":{"@context":"https:\/\/schema.org","@graph":[{"@type":"WebPage","@id":"https:\/\/www.sedi-ati.com\/fr\/solution-fibre-optique-environnement-extreme\/vide-et-ultra-vide\/","url":"https:\/\/www.sedi-ati.com\/fr\/solution-fibre-optique-environnement-extreme\/vide-et-ultra-vide\/","name":"Composant fibre optique secteur vide et ultra-vide","isPartOf":{"@id":"https:\/\/www.sedi-ati.com\/fr\/#website"},"datePublished":"2024-02-22T15:58:57+00:00","dateModified":"2024-07-10T12:36:48+00:00","description":"SEDI-ATI Fibres Optiques, vous propose des assemblages \u00e0 base de fibres optiques capables de r\u00e9sister au vide et \u00e0 l'ultra-vide jusqu'\u00e0 10-11 mbar.l\/s.","breadcrumb":{"@id":"https:\/\/www.sedi-ati.com\/fr\/solution-fibre-optique-environnement-extreme\/vide-et-ultra-vide\/#breadcrumb"},"inLanguage":"fr-FR","potentialAction":[{"@type":"ReadAction","target":["https:\/\/www.sedi-ati.com\/fr\/solution-fibre-optique-environnement-extreme\/vide-et-ultra-vide\/"]}]},{"@type":"BreadcrumbList","@id":"https:\/\/www.sedi-ati.com\/fr\/solution-fibre-optique-environnement-extreme\/vide-et-ultra-vide\/#breadcrumb","itemListElement":[{"@type":"ListItem","position":1,"name":"Home","item":"https:\/\/www.sedi-ati.com\/fr\/"},{"@type":"ListItem","position":2,"name":"Environnements extr\u00eames","item":"https:\/\/www.sedi-ati.com\/fr\/solution-fibre-optique-environnement-extreme\/"},{"@type":"ListItem","position":3,"name":"Composant \u00e0 base de fibre optique pour le vide et ultra-vide"}]},{"@type":"WebSite","@id":"https:\/\/www.sedi-ati.com\/fr\/#website","url":"https:\/\/www.sedi-ati.com\/fr\/","name":"SEDI-ATI","description":"Assemblages de fibres optiques sur mesure, bundles, fentes et pieuvres","publisher":{"@id":"https:\/\/www.sedi-ati.com\/fr\/#organization"},"potentialAction":[{"@type":"SearchAction","target":{"@type":"EntryPoint","urlTemplate":"https:\/\/www.sedi-ati.com\/fr\/?s={search_term_string}"},"query-input":{"@type":"PropertyValueSpecification","valueRequired":true,"valueName":"search_term_string"}}],"inLanguage":"fr-FR"},{"@type":"Organization","@id":"https:\/\/www.sedi-ati.com\/fr\/#organization","name":"SEDI-ATI","url":"https:\/\/www.sedi-ati.com\/fr\/","logo":{"@type":"ImageObject","inLanguage":"fr-FR","@id":"https:\/\/www.sedi-ati.com\/fr\/#\/schema\/logo\/image\/","url":"https:\/\/www.sedi-ati.com\/wp-content\/uploads\/2019\/10\/Logo_SEDI-ATI_2019_avec-baseline.png","contentUrl":"https:\/\/www.sedi-ati.com\/wp-content\/uploads\/2019\/10\/Logo_SEDI-ATI_2019_avec-baseline.png","width":300,"height":73,"caption":"SEDI-ATI"},"image":{"@id":"https:\/\/www.sedi-ati.com\/fr\/#\/schema\/logo\/image\/"},"sameAs":["https:\/\/www.linkedin.com\/company\/sedi-ati-fibres-optiques\/","https:\/\/www.youtube.com\/@sedi-ati-fibres-optiques"]}]}},"_links":{"self":[{"href":"https:\/\/www.sedi-ati.com\/fr\/wp-json\/wp\/v2\/pages\/18351","targetHints":{"allow":["GET"]}}],"collection":[{"href":"https:\/\/www.sedi-ati.com\/fr\/wp-json\/wp\/v2\/pages"}],"about":[{"href":"https:\/\/www.sedi-ati.com\/fr\/wp-json\/wp\/v2\/types\/page"}],"author":[{"embeddable":true,"href":"https:\/\/www.sedi-ati.com\/fr\/wp-json\/wp\/v2\/users\/7"}],"replies":[{"embeddable":true,"href":"https:\/\/www.sedi-ati.com\/fr\/wp-json\/wp\/v2\/comments?post=18351"}],"version-history":[{"count":5,"href":"https:\/\/www.sedi-ati.com\/fr\/wp-json\/wp\/v2\/pages\/18351\/revisions"}],"predecessor-version":[{"id":19656,"href":"https:\/\/www.sedi-ati.com\/fr\/wp-json\/wp\/v2\/pages\/18351\/revisions\/19656"}],"up":[{"embeddable":true,"href":"https:\/\/www.sedi-ati.com\/fr\/wp-json\/wp\/v2\/pages\/5000"}],"wp:attachment":[{"href":"https:\/\/www.sedi-ati.com\/fr\/wp-json\/wp\/v2\/media?parent=18351"}],"curies":[{"name":"wp","href":"https:\/\/api.w.org\/{rel}","templated":true}]}}