{"id":19626,"date":"2024-09-12T15:23:10","date_gmt":"2024-09-12T13:23:10","guid":{"rendered":"https:\/\/www.sedi-ati.com\/?page_id=19626"},"modified":"2025-01-07T16:57:23","modified_gmt":"2025-01-07T15:57:23","slug":"solution-fibre-optique-secteur-aerospatial","status":"publish","type":"page","link":"https:\/\/www.sedi-ati.com\/fr\/solution-fibre-optique-secteur-aerospatial\/","title":{"rendered":"Solution \u00e0 base de fibre optique pour l&rsquo;a\u00e9rospatial"},"content":{"rendered":"<section class=\"wpb-content-wrapper\"><p>[vc_row content_placement=\u00a0\u00bbmiddle\u00a0\u00bb el_class=\u00a0\u00bbz-index-1 chevauchement-horizontal-range range-applications\u00a0\u00bb][vc_column width=\u00a0\u00bb3\/5&Prime; css=\u00a0\u00bb.vc_custom_1720432598998{background-color: #008ee0 !important;}\u00a0\u00bb el_class=\u00a0\u00bbshadow border-radius-hd-bd line-bottom line-blue txt-blanc block-grand-text\u00a0\u00bb][vc_raw_html el_class=\u00a0\u00bbgros-titre flex-column-mobile\u00a0\u00bb]JTNDcCUzRUFwcGxpY2F0aW9ucyUzQ3NwYW4lMjBjbGFzcyUzRCUyMnBvaW50LXJvdWdlJTIyJTNFJTNDJTJGc3BhbiUzRUElQzMlQTlyb3NwYXRpYWxlcyUzQyUyRnAlM0U=[\/vc_raw_html][vc_column_text el_class=\u00a0\u00bbtitre-baseline\u00a0\u00bb]<\/p>\n<h2>Utilisation de la fibre optique pour le secteur de l&rsquo;a\u00e9rospatial<\/h2>\n<p>[\/vc_column_text][vc_column_text]L&rsquo;int\u00e9gration de la fibre optique dans ce milieu r\u00e9volutionne les secteurs de l&rsquo;a\u00e9ronautique civile, du spatial et de l&rsquo;astronomie. En effet, la fibre optique offre des communications \u00e0 haut d\u00e9bit, plus rapides et fiables, \u00e0 poids r\u00e9duits, facilitant l&rsquo;intercommunication entre les avions et la Terre, les missions scientifiques et les explorations spatiales. En astronomie, la fibre optique permet des observations plus pr\u00e9cises en transmettant des signaux lumineux des t\u00e9lescopes vers les instruments d&rsquo;analyse avec une distorsion minimale. Cela am\u00e9liore la qualit\u00e9 des donn\u00e9es collect\u00e9es et favorise de nouvelles d\u00e9couvertes sur l&rsquo;univers.[\/vc_column_text][vc_btn title=\u00a0\u00bbContactez-nous\u00a0\u00bb style=\u00a0\u00bbcustom\u00a0\u00bb custom_background=\u00a0\u00bb#132f40&Prime; custom_text=\u00a0\u00bb#ffffff\u00a0\u00bb shape=\u00a0\u00bbsquare\u00a0\u00bb link=\u00a0\u00bburl:https%3A%2F%2Fwww.sedi-ati.com%2Ffr%2Fcontact%2F\u00a0\u00bb el_class=\u00a0\u00bbline-bottom line-blue\u00a0\u00bb][\/vc_column][vc_column width=\u00a0\u00bb1\/2&Prime;][vc_single_image image=\u00a0\u00bb20344&Prime; img_size=\u00a0\u00bbfull\u00a0\u00bb alignment=\u00a0\u00bbcenter\u00a0\u00bb][\/vc_column][\/vc_row][vc_row full_width=\u00a0\u00bbstretch_row\u00a0\u00bb css_animation=\u00a0\u00bbslideInDown\u00a0\u00bb css=\u00a0\u00bb.vc_custom_1688649752067{background-image: url(https:\/\/www.sedi-ati.com\/wp-content\/uploads\/2023\/04\/Background-encart-6.jpg?id=10798) !important;background-position: center !important;background-repeat: no-repeat !important;background-size: contain !important;}\u00a0\u00bb el_class=\u00a0\u00bboverflow-visible-all custom-back-card\u00a0\u00bb][vc_column offset=\u00a0\u00bbvc_hidden-xs\u00a0\u00bb][vc_raw_html]JTNDZGl2JTIwY2xhc3MlM0QlMjJjYXJkcy13cmFwcGVyJTIyJTNFJTBBJTIwJTIwJTIwJTIwJTNDZGl2JTIwY2xhc3MlM0QlMjJjYXJkcyUyMGNhcmRzLTMtZW5jcmUlMjBzZWN0ZXVyLWFlcm9zcGF0aWFsZXMlMjIlM0UlMEElMjAlMjAlMjAlMjAlMjAlMjAlMjAlMjAlM0NkaXYlMjBjbGFzcyUzRCUyMmxpbmUtYm90dG9tJTIwbGluZS1ibHVlJTIwY2FyZC1hZXJvbmF1dGlxdWUlMjBjYXJkJTIwY2FyZC0xJTIyJTNFJTBBJTIwJTIwJTIwJTIwJTIwJTIwJTIwJTIwJTIwJTIwJTIwJTIwJTNDZGl2JTIwY2xhc3MlM0QlMjJhdmFudCUyMiUzRSUzQyUyRmRpdiUzRSUwQSUyMCUyMCUyMCUyMCUyMCUyMCUyMCUyMCUyMCUyMCUyMCUyMCUzQ2RpdiUyMGNsYXNzJTNEJTIyYXByZXMlMjIlM0UlM0MlMkZkaXYlM0UlM0NhJTIwaHJlZiUzRCUyMiUyM3NlY3RldXItYSVDMyVBOXJvY2l2aWwlMjIlM0VBJUMzJUE5cm9uYXV0aXF1ZSUyMGNpdmlsJTNDJTJGYSUzRSUwQSUyMCUyMCUyMCUyMCUyMCUyMCUyMCUyMCUzQyUyRmRpdiUzRSUwQSUyMCUyMCUyMCUyMCUyMCUyMCUyMCUyMCUzQ2RpdiUyMGNsYXNzJTNEJTIybGluZS1ib3R0b20lMjBsaW5lLWJsdWUlMjBjYXJkLXNwYXRpYWwlMjBjYXJkJTIwY2FyZC0yJTIyJTNFJTBBJTIwJTIwJTIwJTIwJTIwJTIwJTIwJTIwJTIwJTIwJTIwJTIwJTNDZGl2JTIwY2xhc3MlM0QlMjJhdmFudCUyMiUzRSUzQyUyRmRpdiUzRSUwQSUyMCUyMCUyMCUyMCUyMCUyMCUyMCUyMCUyMCUyMCUyMCUyMCUzQ2RpdiUyMGNsYXNzJTNEJTIyYXByZXMlMjIlM0UlM0MlMkZkaXYlM0UlM0NhJTIwaHJlZiUzRCUyMiUyM3NlY3RldXItc3BhdGlhbCUyMiUzRVNwYXRpYWwlM0MlMkZhJTNFJTBBJTIwJTIwJTIwJTIwJTIwJTIwJTIwJTIwJTNDJTJGZGl2JTNFJTBBJTIwJTIwJTIwJTIwJTIwJTIwJTIwJTIwJTNDZGl2JTIwY2xhc3MlM0QlMjJsaW5lLWJvdHRvbSUyMGxpbmUtYmx1ZSUyMGNhcmQtYXN0cm9ub21pZSUyMGNhcmQlMjBjYXJkLTMlMjIlM0UlMEElMjAlMjAlMjAlMjAlMjAlMjAlMjAlMjAlMjAlMjAlMjAlMjAlM0NkaXYlMjBjbGFzcyUzRCUyMmF2YW50JTIyJTNFJTNDJTJGZGl2JTNFJTBBJTIwJTIwJTIwJTIwJTIwJTIwJTIwJTIwJTIwJTIwJTIwJTIwJTNDZGl2JTIwY2xhc3MlM0QlMjJhcHJlcyUyMiUzRSUzQyUyRmRpdiUzRSUzQ2ElMjBocmVmJTNEJTIyJTIzc2VjdGV1ci1hc3Ryb25vbWllJTIyJTNFQXN0cm9ub21pZSUzQyUyRmElM0UlMEElMjAlMjAlMjAlMjAlMjAlMjAlMjAlMjAlM0MlMkZkaXYlM0UlMEElMjAlMjAlMjAlMjAlM0MlMkZkaXYlM0UlMEElM0MlMkZkaXYlM0U=[\/vc_raw_html][\/vc_column][\/vc_row][vc_row full_width=\u00a0\u00bbstretch_row\u00a0\u00bb css=\u00a0\u00bb.vc_custom_1720431132384{background-color: #008ee0 !important;}\u00a0\u00bb][vc_column][vc_column_text]<a name=\"secteur-a\u00e9rocivil\"><\/a>[\/vc_column_text][\/vc_column][\/vc_row][vc_row full_width=\u00a0\u00bbstretch_row_content\u00a0\u00bb content_placement=\u00a0\u00bbmiddle\u00a0\u00bb el_class=\u00a0\u00bbz-index-1 chevauchement-horizontal-range range-applications range-applications-cas-client\u00a0\u00bb css=\u00a0\u00bb.vc_custom_1720435448139{background-color: #008ee0 !important;}\u00a0\u00bb][vc_column width=\u00a0\u00bb1\/2&Prime; css=\u00a0\u00bb.vc_custom_1720435566331{background-color: #ffffff !important;}\u00a0\u00bb el_class=\u00a0\u00bbshadow border-radius-hd-bd line-bottom line-blue\u00a0\u00bb][vc_row_inner][vc_column_inner][vc_column_text]<a name=\"a\u00e9rocivil\"><\/a>[\/vc_column_text][\/vc_column_inner][\/vc_row_inner][vc_row_inner][vc_column_inner width=\u00a0\u00bb1\/3&Prime;][\/vc_column_inner][vc_column_inner width=\u00a0\u00bb2\/3&Prime;][vc_raw_html el_class=\u00a0\u00bbgros-titre\u00a0\u00bb]JTNDcCUzRUElQzMlQTlyb25hdXRpcXVlJTNDc3BhbiUyMGNsYXNzJTNEJTIycG9pbnQtcm91Z2UlMjIlM0UlM0MlMkZzcGFuJTNFY2l2aWwlM0MlMkZwJTNF[\/vc_raw_html][vc_column_text el_class=\u00a0\u00bbtitre-baseline\u00a0\u00bb]<\/p>\n<h2>Solution \u00e0 base de fibre optique pour le secteur de l&rsquo;a\u00e9ronautique civil<\/h2>\n<p>[\/vc_column_text][vc_column_text]La fibre optique a ajout\u00e9 une nouvelle dimension aux applications a\u00e9ronautiques. Elle est tr\u00e8s pr\u00e9sente et \u00e0 diff\u00e9rents niveaux, gr\u00e2ce \u00e0 son poids r\u00e9duit, sa bande passante \u00e9lev\u00e9e, ainsi que pour son immunit\u00e9 aux interf\u00e9rences \u00e9lectromagn\u00e9tiques et sa fiabilit\u00e9. D\u00e9couvrez comment SEDI-ATI r\u00e9pond aux exigences strictes de cette industrie.[\/vc_column_text][vc_btn title=\u00a0\u00bbContactez-nous\u00a0\u00bb style=\u00a0\u00bbcustom\u00a0\u00bb custom_background=\u00a0\u00bb#132f40&Prime; custom_text=\u00a0\u00bb#ffffff\u00a0\u00bb shape=\u00a0\u00bbsquare\u00a0\u00bb link=\u00a0\u00bburl:https%3A%2F%2Fwww.sedi-ati.com%2Ffr%2Fcontact%2F\u00a0\u00bb el_class=\u00a0\u00bbline-bottom line-blue\u00a0\u00bb][\/vc_column_inner][\/vc_row_inner][\/vc_column][vc_column width=\u00a0\u00bb1\/2&Prime;][vc_single_image image=\u00a0\u00bb10813&Prime; img_size=\u00a0\u00bbfull\u00a0\u00bb alignment=\u00a0\u00bbcenter\u00a0\u00bb][\/vc_column][\/vc_row][vc_row full_width=\u00a0\u00bbstretch_row\u00a0\u00bb el_class=\u00a0\u00bbchevauchement-vertical-range petit-chevauchement\u00a0\u00bb][vc_column][vc_text_separator title=\u00a0\u00bbCas clients\u00a0\u00bb title_align=\u00a0\u00bbseparator_align_left\u00a0\u00bb color=\u00a0\u00bbwhite\u00a0\u00bb border_width=\u00a0\u00bb2&Prime; el_class=\u00a0\u00bbpetit-titre txt-blanc\u00a0\u00bb][vc_empty_space height=\u00a0\u00bb10px\u00a0\u00bb][vc_basic_grid post_type=\u00a0\u00bbcas_client\u00a0\u00bb max_items=\u00a0\u00bb10&Prime; item=\u00a0\u00bb10738&Prime; initial_loading_animation=\u00a0\u00bbfadeInUp\u00a0\u00bb grid_id=\u00a0\u00bbvc_gid:1736265277913-8dc56a42-9392-0&Prime; taxonomies=\u00a0\u00bb433856&Prime;][\/vc_column][\/vc_row][vc_row][vc_column][vc_empty_space height=\u00a0\u00bb30px\u00a0\u00bb][\/vc_column][\/vc_row][vc_row full_width=\u00a0\u00bbstretch_row\u00a0\u00bb css=\u00a0\u00bb.vc_custom_1720690609224{background-color: #66bced !important;}\u00a0\u00bb][vc_column][vc_column_text]<a name=\"secteur-spatial\"><\/a>[\/vc_column_text][\/vc_column][\/vc_row][vc_row full_width=\u00a0\u00bbstretch_row_content\u00a0\u00bb content_placement=\u00a0\u00bbmiddle\u00a0\u00bb el_class=\u00a0\u00bbz-index-1 chevauchement-horizontal-range range-applications range-applications-cas-client\u00a0\u00bb css=\u00a0\u00bb.vc_custom_1720690618271{background-color: #66bced !important;}\u00a0\u00bb][vc_column width=\u00a0\u00bb1\/2&Prime; el_class=\u00a0\u00bbshadow border-radius-hd-bd line-bottom line-blue\u00a0\u00bb css=\u00a0\u00bb.vc_custom_1720432825340{background-color: #ffffff !important;}\u00a0\u00bb][vc_row_inner][vc_column_inner][vc_column_text]<a name=\"spatial-mili\"><\/a><a name=\"secteur-spatial\"><\/a>[\/vc_column_text][\/vc_column_inner][\/vc_row_inner][vc_row_inner][vc_column_inner width=\u00a0\u00bb1\/3&Prime;][\/vc_column_inner][vc_column_inner width=\u00a0\u00bb2\/3&Prime;][vc_raw_html el_class=\u00a0\u00bbgros-titre flex-column-mobile\u00a0\u00bb]JTNDcCUzRVNlY3RldXIlM0NzcGFuJTIwY2xhc3MlM0QlMjJwb2ludC1yb3VnZSUyMiUzRSUzQyUyRnNwYW4lM0VTcGF0aWFsJTNDJTJGcCUzRQ==[\/vc_raw_html][vc_column_text el_class=\u00a0\u00bbtitre-baseline\u00a0\u00bb]<\/p>\n<h2>Solution \u00e0 base fibre optique pour les applications spatiales<\/h2>\n<p>[\/vc_column_text][vc_column_text]Au cours des derni\u00e8res ann\u00e9es, les\u00a0<strong class=\"d2b\">applications spatiales de la fibre optique<\/strong>\u00a0ont connu une croissance rapide. D\u00e9couvrez comment SEDI-ATI est impliqu\u00e9e dans des applications spatiales \u00e9mergentes telles que les\u00a0<strong class=\"d2b\">horloges atomiques optiques<\/strong>\u00a0et l\u2019<strong class=\"d2b\">opto-pyrotechnie<\/strong>.[\/vc_column_text][vc_btn title=\u00a0\u00bbContactez-nous\u00a0\u00bb style=\u00a0\u00bbcustom\u00a0\u00bb custom_background=\u00a0\u00bb#132f40&Prime; custom_text=\u00a0\u00bb#ffffff\u00a0\u00bb shape=\u00a0\u00bbsquare\u00a0\u00bb link=\u00a0\u00bburl:https%3A%2F%2Fwww.sedi-ati.com%2Ffr%2Fcontact%2F\u00a0\u00bb el_class=\u00a0\u00bbline-bottom line-blue\u00a0\u00bb][\/vc_column_inner][\/vc_row_inner][\/vc_column][vc_column width=\u00a0\u00bb1\/2&Prime;][vc_single_image image=\u00a0\u00bb10816&Prime; img_size=\u00a0\u00bbfull\u00a0\u00bb alignment=\u00a0\u00bbcenter\u00a0\u00bb][\/vc_column][\/vc_row][vc_row full_width=\u00a0\u00bbstretch_row\u00a0\u00bb el_class=\u00a0\u00bbchevauchement-vertical-range petit-chevauchement\u00a0\u00bb][vc_column][vc_text_separator title=\u00a0\u00bbCas clients\u00a0\u00bb title_align=\u00a0\u00bbseparator_align_left\u00a0\u00bb color=\u00a0\u00bbwhite\u00a0\u00bb border_width=\u00a0\u00bb2&Prime; el_class=\u00a0\u00bbpetit-titre txt-blanc\u00a0\u00bb][vc_empty_space height=\u00a0\u00bb10px\u00a0\u00bb][vc_basic_grid post_type=\u00a0\u00bbcas_client\u00a0\u00bb max_items=\u00a0\u00bb5&Prime; item=\u00a0\u00bb10738&Prime; initial_loading_animation=\u00a0\u00bbfadeInUp\u00a0\u00bb grid_id=\u00a0\u00bbvc_gid:1736265277916-afea4c48-cedb-3&Prime; taxonomies=\u00a0\u00bb433857&Prime;][\/vc_column][\/vc_row][vc_row full_width=\u00a0\u00bbstretch_row\u00a0\u00bb css=\u00a0\u00bb.vc_custom_1720690637103{background-color: #95cced !important;}\u00a0\u00bb][vc_column][vc_column_text]<a name=\"secteur-astronomie\"><\/a>[\/vc_column_text][\/vc_column][\/vc_row][vc_row full_width=\u00a0\u00bbstretch_row_content\u00a0\u00bb content_placement=\u00a0\u00bbmiddle\u00a0\u00bb el_class=\u00a0\u00bbz-index-1 chevauchement-horizontal-range range-applications range-applications-cas-client\u00a0\u00bb css=\u00a0\u00bb.vc_custom_1720690589874{background-color: #95cced !important;}\u00a0\u00bb][vc_column width=\u00a0\u00bb1\/2&Prime; el_class=\u00a0\u00bbshadow border-radius-hd-bd line-bottom line-blue\u00a0\u00bb css=\u00a0\u00bb.vc_custom_1720432825340{background-color: #ffffff !important;}\u00a0\u00bb][vc_row_inner][vc_column_inner][vc_column_text]<a name=\"astro\"><\/a>[\/vc_column_text][\/vc_column_inner][\/vc_row_inner][vc_row_inner][vc_column_inner width=\u00a0\u00bb1\/3&Prime;][\/vc_column_inner][vc_column_inner width=\u00a0\u00bb2\/3&Prime;][vc_raw_html el_class=\u00a0\u00bbgros-titre\u00a0\u00bb]JTNDcCUzRVNlY3RldXIlM0NzcGFuJTIwY2xhc3MlM0QlMjJwb2ludC1yb3VnZSUyMiUzRSUzQyUyRnNwYW4lM0VBc3Ryb25vbWllJTNDJTJGcCUzRQ==[\/vc_raw_html][vc_column_text el_class=\u00a0\u00bbtitre-baseline\u00a0\u00bb]<\/p>\n<h2>Solution \u00e0 base fibre optique pour le secteur de l&rsquo;astronomie<\/h2>\n<p>[\/vc_column_text][vc_column_text]Nous sommes en mesure de fournir des assemblages <strong>longs<\/strong> et <strong>complexes<\/strong> \u00e0 base de fibres optiques pour de grands instruments tels que des <strong>t\u00e9lescopes, des spectrographes&#8230;<\/strong><br \/>\nSEDI-ATI Fibres Optiques a \u00e9galement contribu\u00e9 \u00e0 des <strong>projets de recherche majeurs<\/strong> tels que MOONS, WEAVE, GIRAFFE ou MEGARA.[\/vc_column_text][vc_btn title=\u00a0\u00bbContactez-nous\u00a0\u00bb style=\u00a0\u00bbcustom\u00a0\u00bb custom_background=\u00a0\u00bb#132f40&Prime; custom_text=\u00a0\u00bb#ffffff\u00a0\u00bb shape=\u00a0\u00bbsquare\u00a0\u00bb link=\u00a0\u00bburl:https%3A%2F%2Fwww.sedi-ati.com%2Ffr%2Fcontact%2F\u00a0\u00bb el_class=\u00a0\u00bbline-bottom line-blue\u00a0\u00bb][\/vc_column_inner][\/vc_row_inner][\/vc_column][vc_column width=\u00a0\u00bb1\/2&Prime;][vc_single_image image=\u00a0\u00bb11161&Prime; img_size=\u00a0\u00bbfull\u00a0\u00bb alignment=\u00a0\u00bbcenter\u00a0\u00bb][\/vc_column][\/vc_row][vc_row full_width=\u00a0\u00bbstretch_row\u00a0\u00bb el_class=\u00a0\u00bbchevauchement-vertical-range petit-chevauchement\u00a0\u00bb][vc_column][vc_text_separator title=\u00a0\u00bbCas clients\u00a0\u00bb title_align=\u00a0\u00bbseparator_align_left\u00a0\u00bb color=\u00a0\u00bbwhite\u00a0\u00bb border_width=\u00a0\u00bb2&Prime; el_class=\u00a0\u00bbpetit-titre txt-blanc\u00a0\u00bb][vc_empty_space height=\u00a0\u00bb10px\u00a0\u00bb][vc_basic_grid post_type=\u00a0\u00bbcas_client\u00a0\u00bb max_items=\u00a0\u00bb5&Prime; item=\u00a0\u00bb10738&Prime; initial_loading_animation=\u00a0\u00bbfadeInUp\u00a0\u00bb grid_id=\u00a0\u00bbvc_gid:1736265277918-346df5f4-d195-9&Prime; taxonomies=\u00a0\u00bb433871, 434106&Prime;][\/vc_column][\/vc_row][vc_row][vc_column][vc_empty_space height=\u00a0\u00bb30px\u00a0\u00bb][\/vc_column][\/vc_row][vc_row][vc_column][vc_btn title=\u00a0\u00bb^\u00a0\u00bb style=\u00a0\u00bbflat\u00a0\u00bb shape=\u00a0\u00bbsquare\u00a0\u00bb link=\u00a0\u00bburl:%23Wrapper\u00a0\u00bb el_class=\u00a0\u00bbbtn-haut\u00a0\u00bb][\/vc_column][\/vc_row]<\/p>\n<\/section>","protected":false},"excerpt":{"rendered":"<p>[vc_row content_placement=\u00a0\u00bbmiddle\u00a0\u00bb el_class=\u00a0\u00bbz-index-1 chevauchement-horizontal-range range-applications\u00a0\u00bb][vc_column width=\u00a0\u00bb3\/5&Prime; css=\u00a0\u00bb.vc_custom_1720432598998{background-color: #008ee0 !important;}\u00a0\u00bb el_class=\u00a0\u00bbshadow border-radius-hd-bd line-bottom line-blue txt-blanc block-grand-text\u00a0\u00bb][vc_raw_html el_class=\u00a0\u00bbgros-titre flex-column-mobile\u00a0\u00bb]JTNDcCUzRUFwcGxpY2F0aW9ucyUzQ3NwYW4lMjBjbGFzcyUzRCUyMnBvaW50LXJvdWdlJTIyJTNFJTNDJTJGc3BhbiUzRUElQzMlQTlyb3NwYXRpYWxlcyUzQyUyRnAlM0U=[\/vc_raw_html][vc_column_text el_class=\u00a0\u00bbtitre-baseline\u00a0\u00bb] Utilisation de la fibre optique pour le secteur<span class=\"excerpt-hellip\"> [\u2026]<\/span><\/p>\n","protected":false},"author":7,"featured_media":0,"parent":0,"menu_order":0,"comment_status":"closed","ping_status":"closed","template":"","meta":{"_acf_changed":false,"rs_blank_template":"","rs_page_bg_color":"","slide_template_v7":"","footnotes":""},"class_list":["post-19626","page","type-page","status-publish","hentry"],"acf":[],"yoast_head":"<!-- This site is optimized with the Yoast SEO plugin v27.5 - https:\/\/yoast.com\/product\/yoast-seo-wordpress\/ -->\n<title>Solution de fibre optique secteur a\u00e9rospatial, assemblage fibre optique astronomie<\/title>\n<meta name=\"description\" content=\"SEDI-ATI fabrique des fibres optiques pour le secteur a\u00e9rospatial, comprenant l&#039;a\u00e9ronautique civile, le spatial et l&#039;astronomie. Contactez-nous pour plus d&#039;informations !\" \/>\n<meta name=\"robots\" content=\"index, follow, max-snippet:-1, max-image-preview:large, max-video-preview:-1\" \/>\n<link rel=\"canonical\" href=\"https:\/\/www.sedi-ati.com\/fr\/solution-fibre-optique-secteur-aerospatial\/\" \/>\n<meta property=\"og:locale\" content=\"fr_FR\" \/>\n<meta property=\"og:type\" content=\"article\" \/>\n<meta property=\"og:title\" content=\"Solution de fibre optique secteur a\u00e9rospatial, assemblage fibre optique astronomie\" \/>\n<meta property=\"og:description\" content=\"SEDI-ATI fabrique des fibres optiques pour le secteur a\u00e9rospatial, comprenant l&#039;a\u00e9ronautique civile, le spatial et l&#039;astronomie. Contactez-nous pour plus d&#039;informations !\" \/>\n<meta property=\"og:url\" content=\"https:\/\/www.sedi-ati.com\/fr\/solution-fibre-optique-secteur-aerospatial\/\" \/>\n<meta property=\"og:site_name\" content=\"SEDI-ATI\" \/>\n<meta property=\"article:modified_time\" content=\"2025-01-07T15:57:23+00:00\" \/>\n<meta name=\"twitter:card\" content=\"summary_large_image\" \/>\n<meta name=\"twitter:label1\" content=\"Dur\u00e9e de lecture estim\u00e9e\" \/>\n\t<meta name=\"twitter:data1\" content=\"3 minutes\" \/>\n<script type=\"application\/ld+json\" class=\"yoast-schema-graph\">{\"@context\":\"https:\\\/\\\/schema.org\",\"@graph\":[{\"@type\":\"WebPage\",\"@id\":\"https:\\\/\\\/www.sedi-ati.com\\\/fr\\\/solution-fibre-optique-secteur-aerospatial\\\/\",\"url\":\"https:\\\/\\\/www.sedi-ati.com\\\/fr\\\/solution-fibre-optique-secteur-aerospatial\\\/\",\"name\":\"Solution de fibre optique secteur a\u00e9rospatial, assemblage fibre optique astronomie\",\"isPartOf\":{\"@id\":\"https:\\\/\\\/www.sedi-ati.com\\\/fr\\\/#website\"},\"datePublished\":\"2024-09-12T13:23:10+00:00\",\"dateModified\":\"2025-01-07T15:57:23+00:00\",\"description\":\"SEDI-ATI fabrique des fibres optiques pour le secteur a\u00e9rospatial, comprenant l'a\u00e9ronautique civile, le spatial et l'astronomie. Contactez-nous pour plus d'informations !\",\"breadcrumb\":{\"@id\":\"https:\\\/\\\/www.sedi-ati.com\\\/fr\\\/solution-fibre-optique-secteur-aerospatial\\\/#breadcrumb\"},\"inLanguage\":\"fr-FR\",\"potentialAction\":[{\"@type\":\"ReadAction\",\"target\":[\"https:\\\/\\\/www.sedi-ati.com\\\/fr\\\/solution-fibre-optique-secteur-aerospatial\\\/\"]}]},{\"@type\":\"BreadcrumbList\",\"@id\":\"https:\\\/\\\/www.sedi-ati.com\\\/fr\\\/solution-fibre-optique-secteur-aerospatial\\\/#breadcrumb\",\"itemListElement\":[{\"@type\":\"ListItem\",\"position\":1,\"name\":\"Home\",\"item\":\"https:\\\/\\\/www.sedi-ati.com\\\/fr\\\/\"},{\"@type\":\"ListItem\",\"position\":2,\"name\":\"Solution \u00e0 base de fibre optique pour l&rsquo;a\u00e9rospatial\"}]},{\"@type\":\"WebSite\",\"@id\":\"https:\\\/\\\/www.sedi-ati.com\\\/fr\\\/#website\",\"url\":\"https:\\\/\\\/www.sedi-ati.com\\\/fr\\\/\",\"name\":\"SEDI-ATI\",\"description\":\"Assemblages de fibres optiques sur mesure, bundles, fentes et pieuvres\",\"publisher\":{\"@id\":\"https:\\\/\\\/www.sedi-ati.com\\\/fr\\\/#organization\"},\"potentialAction\":[{\"@type\":\"SearchAction\",\"target\":{\"@type\":\"EntryPoint\",\"urlTemplate\":\"https:\\\/\\\/www.sedi-ati.com\\\/fr\\\/?s={search_term_string}\"},\"query-input\":{\"@type\":\"PropertyValueSpecification\",\"valueRequired\":true,\"valueName\":\"search_term_string\"}}],\"inLanguage\":\"fr-FR\"},{\"@type\":\"Organization\",\"@id\":\"https:\\\/\\\/www.sedi-ati.com\\\/fr\\\/#organization\",\"name\":\"SEDI-ATI\",\"url\":\"https:\\\/\\\/www.sedi-ati.com\\\/fr\\\/\",\"logo\":{\"@type\":\"ImageObject\",\"inLanguage\":\"fr-FR\",\"@id\":\"https:\\\/\\\/www.sedi-ati.com\\\/fr\\\/#\\\/schema\\\/logo\\\/image\\\/\",\"url\":\"https:\\\/\\\/www.sedi-ati.com\\\/wp-content\\\/uploads\\\/2019\\\/10\\\/Logo_SEDI-ATI_2019_avec-baseline.png\",\"contentUrl\":\"https:\\\/\\\/www.sedi-ati.com\\\/wp-content\\\/uploads\\\/2019\\\/10\\\/Logo_SEDI-ATI_2019_avec-baseline.png\",\"width\":300,\"height\":73,\"caption\":\"SEDI-ATI\"},\"image\":{\"@id\":\"https:\\\/\\\/www.sedi-ati.com\\\/fr\\\/#\\\/schema\\\/logo\\\/image\\\/\"},\"sameAs\":[\"https:\\\/\\\/www.linkedin.com\\\/company\\\/sedi-ati-fibres-optiques\\\/\",\"https:\\\/\\\/www.youtube.com\\\/@sedi-ati-fibres-optiques\"]}]}<\/script>\n<!-- \/ Yoast SEO plugin. -->","yoast_head_json":{"title":"Solution de fibre optique secteur a\u00e9rospatial, assemblage fibre optique astronomie","description":"SEDI-ATI fabrique des fibres optiques pour le secteur a\u00e9rospatial, comprenant l'a\u00e9ronautique civile, le spatial et l'astronomie. Contactez-nous pour plus d'informations !","robots":{"index":"index","follow":"follow","max-snippet":"max-snippet:-1","max-image-preview":"max-image-preview:large","max-video-preview":"max-video-preview:-1"},"canonical":"https:\/\/www.sedi-ati.com\/fr\/solution-fibre-optique-secteur-aerospatial\/","og_locale":"fr_FR","og_type":"article","og_title":"Solution de fibre optique secteur a\u00e9rospatial, assemblage fibre optique astronomie","og_description":"SEDI-ATI fabrique des fibres optiques pour le secteur a\u00e9rospatial, comprenant l'a\u00e9ronautique civile, le spatial et l'astronomie. Contactez-nous pour plus d'informations !","og_url":"https:\/\/www.sedi-ati.com\/fr\/solution-fibre-optique-secteur-aerospatial\/","og_site_name":"SEDI-ATI","article_modified_time":"2025-01-07T15:57:23+00:00","twitter_card":"summary_large_image","twitter_misc":{"Dur\u00e9e de lecture estim\u00e9e":"3 minutes"},"schema":{"@context":"https:\/\/schema.org","@graph":[{"@type":"WebPage","@id":"https:\/\/www.sedi-ati.com\/fr\/solution-fibre-optique-secteur-aerospatial\/","url":"https:\/\/www.sedi-ati.com\/fr\/solution-fibre-optique-secteur-aerospatial\/","name":"Solution de fibre optique secteur a\u00e9rospatial, assemblage fibre optique astronomie","isPartOf":{"@id":"https:\/\/www.sedi-ati.com\/fr\/#website"},"datePublished":"2024-09-12T13:23:10+00:00","dateModified":"2025-01-07T15:57:23+00:00","description":"SEDI-ATI fabrique des fibres optiques pour le secteur a\u00e9rospatial, comprenant l'a\u00e9ronautique civile, le spatial et l'astronomie. Contactez-nous pour plus d'informations !","breadcrumb":{"@id":"https:\/\/www.sedi-ati.com\/fr\/solution-fibre-optique-secteur-aerospatial\/#breadcrumb"},"inLanguage":"fr-FR","potentialAction":[{"@type":"ReadAction","target":["https:\/\/www.sedi-ati.com\/fr\/solution-fibre-optique-secteur-aerospatial\/"]}]},{"@type":"BreadcrumbList","@id":"https:\/\/www.sedi-ati.com\/fr\/solution-fibre-optique-secteur-aerospatial\/#breadcrumb","itemListElement":[{"@type":"ListItem","position":1,"name":"Home","item":"https:\/\/www.sedi-ati.com\/fr\/"},{"@type":"ListItem","position":2,"name":"Solution \u00e0 base de fibre optique pour l&rsquo;a\u00e9rospatial"}]},{"@type":"WebSite","@id":"https:\/\/www.sedi-ati.com\/fr\/#website","url":"https:\/\/www.sedi-ati.com\/fr\/","name":"SEDI-ATI","description":"Assemblages de fibres optiques sur mesure, bundles, fentes et pieuvres","publisher":{"@id":"https:\/\/www.sedi-ati.com\/fr\/#organization"},"potentialAction":[{"@type":"SearchAction","target":{"@type":"EntryPoint","urlTemplate":"https:\/\/www.sedi-ati.com\/fr\/?s={search_term_string}"},"query-input":{"@type":"PropertyValueSpecification","valueRequired":true,"valueName":"search_term_string"}}],"inLanguage":"fr-FR"},{"@type":"Organization","@id":"https:\/\/www.sedi-ati.com\/fr\/#organization","name":"SEDI-ATI","url":"https:\/\/www.sedi-ati.com\/fr\/","logo":{"@type":"ImageObject","inLanguage":"fr-FR","@id":"https:\/\/www.sedi-ati.com\/fr\/#\/schema\/logo\/image\/","url":"https:\/\/www.sedi-ati.com\/wp-content\/uploads\/2019\/10\/Logo_SEDI-ATI_2019_avec-baseline.png","contentUrl":"https:\/\/www.sedi-ati.com\/wp-content\/uploads\/2019\/10\/Logo_SEDI-ATI_2019_avec-baseline.png","width":300,"height":73,"caption":"SEDI-ATI"},"image":{"@id":"https:\/\/www.sedi-ati.com\/fr\/#\/schema\/logo\/image\/"},"sameAs":["https:\/\/www.linkedin.com\/company\/sedi-ati-fibres-optiques\/","https:\/\/www.youtube.com\/@sedi-ati-fibres-optiques"]}]}},"_links":{"self":[{"href":"https:\/\/www.sedi-ati.com\/fr\/wp-json\/wp\/v2\/pages\/19626","targetHints":{"allow":["GET"]}}],"collection":[{"href":"https:\/\/www.sedi-ati.com\/fr\/wp-json\/wp\/v2\/pages"}],"about":[{"href":"https:\/\/www.sedi-ati.com\/fr\/wp-json\/wp\/v2\/types\/page"}],"author":[{"embeddable":true,"href":"https:\/\/www.sedi-ati.com\/fr\/wp-json\/wp\/v2\/users\/7"}],"replies":[{"embeddable":true,"href":"https:\/\/www.sedi-ati.com\/fr\/wp-json\/wp\/v2\/comments?post=19626"}],"version-history":[{"count":6,"href":"https:\/\/www.sedi-ati.com\/fr\/wp-json\/wp\/v2\/pages\/19626\/revisions"}],"predecessor-version":[{"id":20348,"href":"https:\/\/www.sedi-ati.com\/fr\/wp-json\/wp\/v2\/pages\/19626\/revisions\/20348"}],"wp:attachment":[{"href":"https:\/\/www.sedi-ati.com\/fr\/wp-json\/wp\/v2\/media?parent=19626"}],"curies":[{"name":"wp","href":"https:\/\/api.w.org\/{rel}","templated":true}]}}