{"id":5017,"date":"2019-04-06T18:29:54","date_gmt":"2019-04-06T16:29:54","guid":{"rendered":"https:\/\/www.sedi-ati.com\/?page_id=5017"},"modified":"2026-01-26T11:46:46","modified_gmt":"2026-01-26T10:46:46","slug":"carrieres","status":"publish","type":"page","link":"https:\/\/www.sedi-ati.com\/fr\/carrieres\/","title":{"rendered":"Carri\u00e8res"},"content":{"rendered":"<section class=\"wpb-content-wrapper\"><p>[vc_row content_placement=\u00a0\u00bbmiddle\u00a0\u00bb el_class=\u00a0\u00bbz-index-1 chevauchement-horizontal-range range-applications\u00a0\u00bb][vc_column width=\u00a0\u00bb3\/5&Prime; css=\u00a0\u00bb.vc_custom_1685373321199{background-color: #4c4d4f !important;}\u00a0\u00bb el_class=\u00a0\u00bbshadow border-radius-hd-bd line-bottom line-blue txt-blanc block-grand-text\u00a0\u00bb][vc_raw_html el_class=\u00a0\u00bbgros-titre flex-column-mobile\u00a0\u00bb]JTNDcCUzRVJlY3J1dGVtZW50JTNDc3BhbiUyMGNsYXNzJTNEJTIycG9pbnQtcm91Z2UlMjIlM0UlM0MlMkZzcGFuJTNFU0VESS1BVEklM0MlMkZwJTNF[\/vc_raw_html][vc_column_text el_class=\u00a0\u00bbtitre-baseline txt-blanc\u00a0\u00bb]<\/p>\n<h2>Commencez ou poursuivez votre carri\u00e8re dans la photonique \u00e0 nos c\u00f4t\u00e9s<\/h2>\n<p>[\/vc_column_text][vc_column_text el_class=\u00a0\u00bbtxt-blanc\u00a0\u00bb]Apporter la lumi\u00e8re dans les environnements complexes ou extr\u00eames, voil\u00e0 le challenge relev\u00e9 par l\u2019entreprise SEDI-ATI et ses collaborateurs.[\/vc_column_text][vc_btn title=\u00a0\u00bbContactez-nous\u00a0\u00bb style=\u00a0\u00bbcustom\u00a0\u00bb custom_background=\u00a0\u00bb#132f40&Prime; custom_text=\u00a0\u00bb#ffffff\u00a0\u00bb shape=\u00a0\u00bbsquare\u00a0\u00bb link=\u00a0\u00bburl:https%3A%2F%2Fwww.sedi-ati.com%2Fcontact%2F\u00a0\u00bb el_class=\u00a0\u00bbline-bottom line-blue\u00a0\u00bb][\/vc_column][vc_column width=\u00a0\u00bb1\/2&Prime; el_class=\u00a0\u00bbimg-entete\u00a0\u00bb][vc_single_image image=\u00a0\u00bb11867&Prime; img_size=\u00a0\u00bbfull\u00a0\u00bb alignment=\u00a0\u00bbcenter\u00a0\u00bb][\/vc_column][\/vc_row][vc_row][vc_column width=\u00a0\u00bb1\/2&Prime;][vc_column_text css=\u00a0\u00bb.vc_custom_1769424181133{padding-top: 0px !important;padding-bottom: 30px !important;}\u00a0\u00bb]Depuis plus de 50 ans, SEDI-ATI Fibres Optiques con\u00e7oit, d\u00e9veloppe et fabrique des composants et assemblages \u00e0 base de fibres optiques pour r\u00e9pondre aux nombreux enjeux soci\u00e9taux.<\/p>\n<p>Situ\u00e9e \u00e0 Evry-Courcouronnes dans l\u2019Essonne, SEDI-ATI r\u00e9alise un chiffre d\u2019affaires annuel de 10 M\u20ac avec une \u00e9quipe d\u2019environ 60 personnes.<\/p>\n<p>Que cela soit dans l\u2019espace avec le d\u00e9clenchement par laser des diff\u00e9rents \u00e9tages des nouveaux lanceurs, jusqu\u2019aux satellites, ou dans le nucl\u00e9aire avec l\u2019analyse et le traitement des d\u00e9chets, ou dans l\u2019industrie avec le d\u00e9capage et la soudure par laser, ou encore dans le m\u00e9dical avec le traitement des veines, SEDI-ATI est \u00e0 la pointe de la technologie ![\/vc_column_text][\/vc_column][vc_column width=\u00a0\u00bb1\/2&Prime;][vc_column_text]Toutes ces applications n\u00e9cessitent non seulement de mettre en \u0153uvre de nouvelles technologies innovantes mais aussi d\u2019avoir de la dext\u00e9rit\u00e9 et du savoir-faire pour fabriquer des objets minutieux et complexes. Nous sommes donc \u00e0 l\u2019\u00e9coute des jeunes talents qui souhaiteraient rejoindre nos \u00e9quipes\u00a0: op\u00e9rateurs de production, ing\u00e9nieurs R&amp;D, ing\u00e9nieurs technico-commerciaux\u2026<\/p>\n<p>Alors, si vous r\u00eavez de vivre une aventure lumineuse dans l\u2019infiniment petit pour l\u2019infiniment grand, rejoignez nous !<\/p>\n<p><span data-olk-copy-source=\"MessageBody\">Vous voulez en savoir plus sur la photonique et ses m\u00e9tiers\u00a0? La plateforme \u00ab\u00a0<a href=\"https:\/\/www.orientation-photonique.org\/\">Orientation Photonique<\/a>\u00a0\u00bb vous explique tout\u00a0!<\/span>[\/vc_column_text][vc_raw_html]RW52b3lleiUyMHZvdHJlJTIwY2FuZGlkYXR1cmUlMjBzcG9udGFuJUMzJUE5ZSUyMGV0JTIwdm90cmUlMjBDViUyMCVDMyVBMCUyMCUzQSUyMCUzQ2ElMjBocmVmJTNEJTIybWFpbHRvJTNBam9icyU0MHNlZGktYXRpLmNvbSUyMiUyMG9uY2xpY2slM0QlMjJfcGFxLnB1c2glMjglNUIlMjd0cmFja0xpbmslMjclMkMlMjAlMjdodHRwcyUzQSUyRiUyRnNlZGktYXRpLmQyYmNvbnN1bHRpbmcuZnIlMkZlbnZvaS1lbWFpbCUyNyUyQyUyMCUyN2xpbmslMjclNUQlMjklM0IlMjIlM0Vqb2JzJTQwc2VkaS1hdGkuY29tJTNDJTJGYSUzRQ==[\/vc_raw_html][\/vc_column][\/vc_row][vc_row full_width=\u00a0\u00bbstretch_row\u00a0\u00bb css=\u00a0\u00bb.vc_custom_1681826081894{background-color: #a4a9ad !important;}\u00a0\u00bb][vc_column][vc_column_text el_class=\u00a0\u00bbbaseline petit-titre\u00a0\u00bb]<\/p>\n<p style=\"text-align: center;\">Candidater \u00e0 un poste ouvert<\/p>\n<p>[\/vc_column_text][vc_column_text css=\u00a0\u00bb.vc_custom_1567001377075{padding-bottom: 30px !important;}\u00a0\u00bb]\t<div class=\"awsm-job-wrap\">\n\n\t\t\n\t\t<div class=\"awsm-job-listings awsm-lists\" data-listings=\"10\" data-lang=\"fr\">\n\t\t\t\t\t<div class=\"awsm-jobs-none-container\">\n\t\t\t\t<p>Nous n'avons actuellement aucun poste \u00e0 pourvoir<\/p>\n\t\t\t<\/div>\n\t\t\t<\/div>\n\t<\/div>\n[\/vc_column_text][\/vc_column][\/vc_row][vc_row][vc_column][vc_btn title=\u00a0\u00bb^\u00a0\u00bb style=\u00a0\u00bbflat\u00a0\u00bb shape=\u00a0\u00bbsquare\u00a0\u00bb link=\u00a0\u00bburl:%23Wrapper\u00a0\u00bb el_class=\u00a0\u00bbbtn-haut\u00a0\u00bb][\/vc_column][\/vc_row]<\/p>\n<\/section>","protected":false},"excerpt":{"rendered":"<p>[vc_row content_placement=\u00a0\u00bbmiddle\u00a0\u00bb el_class=\u00a0\u00bbz-index-1 chevauchement-horizontal-range range-applications\u00a0\u00bb][vc_column width=\u00a0\u00bb3\/5&Prime; css=\u00a0\u00bb.vc_custom_1685373321199{background-color: #4c4d4f !important;}\u00a0\u00bb el_class=\u00a0\u00bbshadow border-radius-hd-bd line-bottom line-blue txt-blanc block-grand-text\u00a0\u00bb][vc_raw_html el_class=\u00a0\u00bbgros-titre flex-column-mobile\u00a0\u00bb]JTNDcCUzRVJlY3J1dGVtZW50JTNDc3BhbiUyMGNsYXNzJTNEJTIycG9pbnQtcm91Z2UlMjIlM0UlM0MlMkZzcGFuJTNFU0VESS1BVEklM0MlMkZwJTNF[\/vc_raw_html][vc_column_text el_class=\u00a0\u00bbtitre-baseline txt-blanc\u00a0\u00bb] Commencez ou poursuivez votre carri\u00e8re dans la<span class=\"excerpt-hellip\"> [\u2026]<\/span><\/p>\n","protected":false},"author":1,"featured_media":0,"parent":0,"menu_order":0,"comment_status":"closed","ping_status":"closed","template":"","meta":{"_acf_changed":false,"rs_blank_template":"","rs_page_bg_color":"","slide_template_v7":"","footnotes":""},"class_list":["post-5017","page","type-page","status-publish","hentry"],"acf":[],"yoast_head":"<!-- This site is optimized with the Yoast SEO plugin v27.5 - https:\/\/yoast.com\/product\/yoast-seo-wordpress\/ -->\n<title>D\u00e9couvrez les carri\u00e8res au sein de SEDI-ATI. Rejoignez-nous !<\/title>\n<meta name=\"description\" content=\"SEDI-ATI, expert des assemblages de fibres optiques pour des applications extr\u00eames ou complexes recrute des jeunes talents : commerciaux, ing\u00e9nieurs, op\u00e9rateurs de production ... Rejoignez-nous !\" \/>\n<meta name=\"robots\" content=\"index, follow, max-snippet:-1, max-image-preview:large, max-video-preview:-1\" \/>\n<link rel=\"canonical\" href=\"https:\/\/www.sedi-ati.com\/fr\/carrieres\/\" \/>\n<meta property=\"og:locale\" content=\"fr_FR\" \/>\n<meta property=\"og:type\" content=\"article\" \/>\n<meta property=\"og:title\" content=\"D\u00e9couvrez les carri\u00e8res au sein de SEDI-ATI. Rejoignez-nous !\" \/>\n<meta property=\"og:description\" content=\"SEDI-ATI, expert des assemblages de fibres optiques pour des applications extr\u00eames ou complexes recrute des jeunes talents : commerciaux, ing\u00e9nieurs, op\u00e9rateurs de production ... Rejoignez-nous !\" \/>\n<meta property=\"og:url\" content=\"https:\/\/www.sedi-ati.com\/fr\/carrieres\/\" \/>\n<meta property=\"og:site_name\" content=\"SEDI-ATI\" \/>\n<meta property=\"article:modified_time\" content=\"2026-01-26T10:46:46+00:00\" \/>\n<meta name=\"twitter:card\" content=\"summary_large_image\" \/>\n<meta name=\"twitter:label1\" content=\"Dur\u00e9e de lecture estim\u00e9e\" \/>\n\t<meta name=\"twitter:data1\" content=\"2 minutes\" \/>\n<script type=\"application\/ld+json\" class=\"yoast-schema-graph\">{\"@context\":\"https:\\\/\\\/schema.org\",\"@graph\":[{\"@type\":\"WebPage\",\"@id\":\"https:\\\/\\\/www.sedi-ati.com\\\/fr\\\/carrieres\\\/\",\"url\":\"https:\\\/\\\/www.sedi-ati.com\\\/fr\\\/carrieres\\\/\",\"name\":\"D\u00e9couvrez les carri\u00e8res au sein de SEDI-ATI. Rejoignez-nous !\",\"isPartOf\":{\"@id\":\"https:\\\/\\\/www.sedi-ati.com\\\/fr\\\/#website\"},\"datePublished\":\"2019-04-06T16:29:54+00:00\",\"dateModified\":\"2026-01-26T10:46:46+00:00\",\"description\":\"SEDI-ATI, expert des assemblages de fibres optiques pour des applications extr\u00eames ou complexes recrute des jeunes talents : commerciaux, ing\u00e9nieurs, op\u00e9rateurs de production ... Rejoignez-nous !\",\"breadcrumb\":{\"@id\":\"https:\\\/\\\/www.sedi-ati.com\\\/fr\\\/carrieres\\\/#breadcrumb\"},\"inLanguage\":\"fr-FR\",\"potentialAction\":[{\"@type\":\"ReadAction\",\"target\":[\"https:\\\/\\\/www.sedi-ati.com\\\/fr\\\/carrieres\\\/\"]}]},{\"@type\":\"BreadcrumbList\",\"@id\":\"https:\\\/\\\/www.sedi-ati.com\\\/fr\\\/carrieres\\\/#breadcrumb\",\"itemListElement\":[{\"@type\":\"ListItem\",\"position\":1,\"name\":\"Home\",\"item\":\"https:\\\/\\\/www.sedi-ati.com\\\/fr\\\/\"},{\"@type\":\"ListItem\",\"position\":2,\"name\":\"Carri\u00e8res\"}]},{\"@type\":\"WebSite\",\"@id\":\"https:\\\/\\\/www.sedi-ati.com\\\/fr\\\/#website\",\"url\":\"https:\\\/\\\/www.sedi-ati.com\\\/fr\\\/\",\"name\":\"SEDI-ATI\",\"description\":\"Assemblages de fibres optiques sur mesure, bundles, fentes et pieuvres\",\"publisher\":{\"@id\":\"https:\\\/\\\/www.sedi-ati.com\\\/fr\\\/#organization\"},\"potentialAction\":[{\"@type\":\"SearchAction\",\"target\":{\"@type\":\"EntryPoint\",\"urlTemplate\":\"https:\\\/\\\/www.sedi-ati.com\\\/fr\\\/?s={search_term_string}\"},\"query-input\":{\"@type\":\"PropertyValueSpecification\",\"valueRequired\":true,\"valueName\":\"search_term_string\"}}],\"inLanguage\":\"fr-FR\"},{\"@type\":\"Organization\",\"@id\":\"https:\\\/\\\/www.sedi-ati.com\\\/fr\\\/#organization\",\"name\":\"SEDI-ATI\",\"url\":\"https:\\\/\\\/www.sedi-ati.com\\\/fr\\\/\",\"logo\":{\"@type\":\"ImageObject\",\"inLanguage\":\"fr-FR\",\"@id\":\"https:\\\/\\\/www.sedi-ati.com\\\/fr\\\/#\\\/schema\\\/logo\\\/image\\\/\",\"url\":\"https:\\\/\\\/www.sedi-ati.com\\\/wp-content\\\/uploads\\\/2019\\\/10\\\/Logo_SEDI-ATI_2019_avec-baseline.png\",\"contentUrl\":\"https:\\\/\\\/www.sedi-ati.com\\\/wp-content\\\/uploads\\\/2019\\\/10\\\/Logo_SEDI-ATI_2019_avec-baseline.png\",\"width\":300,\"height\":73,\"caption\":\"SEDI-ATI\"},\"image\":{\"@id\":\"https:\\\/\\\/www.sedi-ati.com\\\/fr\\\/#\\\/schema\\\/logo\\\/image\\\/\"},\"sameAs\":[\"https:\\\/\\\/www.linkedin.com\\\/company\\\/sedi-ati-fibres-optiques\\\/\",\"https:\\\/\\\/www.youtube.com\\\/@sedi-ati-fibres-optiques\"]}]}<\/script>\n<!-- \/ Yoast SEO plugin. -->","yoast_head_json":{"title":"D\u00e9couvrez les carri\u00e8res au sein de SEDI-ATI. Rejoignez-nous !","description":"SEDI-ATI, expert des assemblages de fibres optiques pour des applications extr\u00eames ou complexes recrute des jeunes talents : commerciaux, ing\u00e9nieurs, op\u00e9rateurs de production ... Rejoignez-nous !","robots":{"index":"index","follow":"follow","max-snippet":"max-snippet:-1","max-image-preview":"max-image-preview:large","max-video-preview":"max-video-preview:-1"},"canonical":"https:\/\/www.sedi-ati.com\/fr\/carrieres\/","og_locale":"fr_FR","og_type":"article","og_title":"D\u00e9couvrez les carri\u00e8res au sein de SEDI-ATI. Rejoignez-nous !","og_description":"SEDI-ATI, expert des assemblages de fibres optiques pour des applications extr\u00eames ou complexes recrute des jeunes talents : commerciaux, ing\u00e9nieurs, op\u00e9rateurs de production ... Rejoignez-nous !","og_url":"https:\/\/www.sedi-ati.com\/fr\/carrieres\/","og_site_name":"SEDI-ATI","article_modified_time":"2026-01-26T10:46:46+00:00","twitter_card":"summary_large_image","twitter_misc":{"Dur\u00e9e de lecture estim\u00e9e":"2 minutes"},"schema":{"@context":"https:\/\/schema.org","@graph":[{"@type":"WebPage","@id":"https:\/\/www.sedi-ati.com\/fr\/carrieres\/","url":"https:\/\/www.sedi-ati.com\/fr\/carrieres\/","name":"D\u00e9couvrez les carri\u00e8res au sein de SEDI-ATI. Rejoignez-nous !","isPartOf":{"@id":"https:\/\/www.sedi-ati.com\/fr\/#website"},"datePublished":"2019-04-06T16:29:54+00:00","dateModified":"2026-01-26T10:46:46+00:00","description":"SEDI-ATI, expert des assemblages de fibres optiques pour des applications extr\u00eames ou complexes recrute des jeunes talents : commerciaux, ing\u00e9nieurs, op\u00e9rateurs de production ... Rejoignez-nous !","breadcrumb":{"@id":"https:\/\/www.sedi-ati.com\/fr\/carrieres\/#breadcrumb"},"inLanguage":"fr-FR","potentialAction":[{"@type":"ReadAction","target":["https:\/\/www.sedi-ati.com\/fr\/carrieres\/"]}]},{"@type":"BreadcrumbList","@id":"https:\/\/www.sedi-ati.com\/fr\/carrieres\/#breadcrumb","itemListElement":[{"@type":"ListItem","position":1,"name":"Home","item":"https:\/\/www.sedi-ati.com\/fr\/"},{"@type":"ListItem","position":2,"name":"Carri\u00e8res"}]},{"@type":"WebSite","@id":"https:\/\/www.sedi-ati.com\/fr\/#website","url":"https:\/\/www.sedi-ati.com\/fr\/","name":"SEDI-ATI","description":"Assemblages de fibres optiques sur mesure, bundles, fentes et pieuvres","publisher":{"@id":"https:\/\/www.sedi-ati.com\/fr\/#organization"},"potentialAction":[{"@type":"SearchAction","target":{"@type":"EntryPoint","urlTemplate":"https:\/\/www.sedi-ati.com\/fr\/?s={search_term_string}"},"query-input":{"@type":"PropertyValueSpecification","valueRequired":true,"valueName":"search_term_string"}}],"inLanguage":"fr-FR"},{"@type":"Organization","@id":"https:\/\/www.sedi-ati.com\/fr\/#organization","name":"SEDI-ATI","url":"https:\/\/www.sedi-ati.com\/fr\/","logo":{"@type":"ImageObject","inLanguage":"fr-FR","@id":"https:\/\/www.sedi-ati.com\/fr\/#\/schema\/logo\/image\/","url":"https:\/\/www.sedi-ati.com\/wp-content\/uploads\/2019\/10\/Logo_SEDI-ATI_2019_avec-baseline.png","contentUrl":"https:\/\/www.sedi-ati.com\/wp-content\/uploads\/2019\/10\/Logo_SEDI-ATI_2019_avec-baseline.png","width":300,"height":73,"caption":"SEDI-ATI"},"image":{"@id":"https:\/\/www.sedi-ati.com\/fr\/#\/schema\/logo\/image\/"},"sameAs":["https:\/\/www.linkedin.com\/company\/sedi-ati-fibres-optiques\/","https:\/\/www.youtube.com\/@sedi-ati-fibres-optiques"]}]}},"_links":{"self":[{"href":"https:\/\/www.sedi-ati.com\/fr\/wp-json\/wp\/v2\/pages\/5017","targetHints":{"allow":["GET"]}}],"collection":[{"href":"https:\/\/www.sedi-ati.com\/fr\/wp-json\/wp\/v2\/pages"}],"about":[{"href":"https:\/\/www.sedi-ati.com\/fr\/wp-json\/wp\/v2\/types\/page"}],"author":[{"embeddable":true,"href":"https:\/\/www.sedi-ati.com\/fr\/wp-json\/wp\/v2\/users\/1"}],"replies":[{"embeddable":true,"href":"https:\/\/www.sedi-ati.com\/fr\/wp-json\/wp\/v2\/comments?post=5017"}],"version-history":[{"count":5,"href":"https:\/\/www.sedi-ati.com\/fr\/wp-json\/wp\/v2\/pages\/5017\/revisions"}],"predecessor-version":[{"id":21791,"href":"https:\/\/www.sedi-ati.com\/fr\/wp-json\/wp\/v2\/pages\/5017\/revisions\/21791"}],"wp:attachment":[{"href":"https:\/\/www.sedi-ati.com\/fr\/wp-json\/wp\/v2\/media?parent=5017"}],"curies":[{"name":"wp","href":"https:\/\/api.w.org\/{rel}","templated":true}]}}