{"id":5826,"date":"2019-02-26T13:40:19","date_gmt":"2019-02-26T12:40:19","guid":{"rendered":"https:\/\/www.sedi-ati.com\/?page_id=5826"},"modified":"2022-06-27T15:52:21","modified_gmt":"2022-06-27T13:52:21","slug":"donnees-personnelles","status":"publish","type":"page","link":"https:\/\/www.sedi-ati.com\/fr\/donnees-personnelles\/","title":{"rendered":"Donn\u00e9es personnelles"},"content":{"rendered":"<section class=\"wpb-content-wrapper\"><p>[vc_row wrap_container=\u00a0\u00bbyes\u00a0\u00bb css=\u00a0\u00bb.vc_custom_1645630719211{padding-top: 30px !important;padding-bottom: 30px !important;background-color: #ffffff !important;}\u00a0\u00bb el_class=\u00a0\u00bbrow-align-items-center\u00a0\u00bb][vc_column animation_delay=\u00a0\u00bb\u00a0\u00bb animation_type=\u00a0\u00bbfadeInLeft\u00a0\u00bb][vc_column_text]<em><span style=\"font-size: 14px;\">La pr\u00e9sente d\u00e9claration de confidentialit\u00e9 a \u00e9t\u00e9 mise \u00e0 jour le 23 f\u00e9vrier 2022 et s&rsquo;applique aux citoyens et aux r\u00e9sidents permanents l\u00e9gaux de l&rsquo;Espace \u00e9conomique europ\u00e9en.<\/span><\/em>[\/vc_column_text][vc_column_text css=\u00a0\u00bb.vc_custom_1645636060462{margin-top: 15px !important;margin-bottom: 10px !important;border-bottom-width: 1px !important;padding-bottom: 10px !important;border-bottom-color: #c6c6c6 !important;border-bottom-style: solid !important;}\u00a0\u00bb]<\/p>\n<h2><span style=\"font-size: 22px; font-weight: 300; color: #0077bf;\">1. Introduction<\/span><\/h2>\n<p>[\/vc_column_text][vc_column_text css=\u00a0\u00bb.vc_custom_1656335711087{margin-bottom: 20px !important;}\u00a0\u00bb]<span style=\"font-size: 14px;\">Dans la pr\u00e9sente d\u00e9claration de confidentialit\u00e9, nous expliquons ce que nous faisons des donn\u00e9es que nous obtenons \u00e0 votre sujet via <a href=\"https:\/\/sedi-ati.com\/\">https:\/\/sedi-ati.com<\/a>. Nous vous recommandons de lire attentivement cette d\u00e9claration. Dans notre traitement, nous nous conformons aux exigences de la l\u00e9gislation sur la protection de la vie priv\u00e9e. Cela signifie, entre autres, que :<\/span><\/p>\n<ul>\n<li><span style=\"font-size: 14px;\">Nous indiquons clairement les objectifs pour lesquels nous traitons les donn\u00e9es personnelles. Nous le faisons au moyen de la pr\u00e9sente d\u00e9claration de confidentialit\u00e9 ;<\/span><\/li>\n<li><span style=\"font-size: 14px;\">Nous visons \u00e0 limiter notre collecte de donn\u00e9es personnelles aux seules donn\u00e9es personnelles requises \u00e0 des fins l\u00e9gitimes ;<\/span><\/li>\n<li><span style=\"font-size: 14px;\">Nous demandons d&rsquo;abord votre consentement explicite pour traiter vos donn\u00e9es personnelles dans les cas n\u00e9cessitant votre consentement ;<\/span><\/li>\n<li><span style=\"font-size: 14px;\">Nous prenons des mesures de s\u00e9curit\u00e9 appropri\u00e9es pour prot\u00e9ger vos donn\u00e9es personnelles et nous l&rsquo;exigeons \u00e9galement des parties qui traitent les donn\u00e9es personnelles en notre nom ; nous respectons votre droit d&rsquo;acc\u00e9der \u00e0 vos donn\u00e9es personnelles ou de les faire corriger ou supprimer, \u00e0 votre demande.<\/span><\/li>\n<\/ul>\n<p><span style=\"font-size: 14px;\">Si vous avez des questions ou si vous voulez savoir exactement quelles donn\u00e9es nous conservons \u00e0 votre sujet, veuillez nous contacter.<\/span>[\/vc_column_text][vc_column_text css=\u00a0\u00bb.vc_custom_1656335736893{margin-top: 15px !important;margin-bottom: 10px !important;border-bottom-width: 1px !important;padding-bottom: 10px !important;border-bottom-color: #c6c6c6 !important;border-bottom-style: solid !important;}\u00a0\u00bb]<\/p>\n<h2><span style=\"font-size: 22px; font-weight: 300; color: #0077bf;\">2. Objectif, donn\u00e9es et p\u00e9riode de conservation<\/span><\/h2>\n<p>[\/vc_column_text][vc_column_text css=\u00a0\u00bb.vc_custom_1656335759852{margin-bottom: 20px !important;}\u00a0\u00bb]<span style=\"font-size: 14px;\">Nous pouvons collecter ou recevoir des informations personnelles pour un certain nombre de raisons li\u00e9es \u00e0 nos activit\u00e9s commerciales qui peuvent inclure les suivantes :<\/span>[\/vc_column_text][vc_column_text css=\u00a0\u00bb.vc_custom_1656335777964{margin-top: 25px !important;margin-bottom: 20px !important;}\u00a0\u00bb]<span style=\"font-size: 14px; font-weight: bold;\">2.1 Contact &#8211; Par t\u00e9l\u00e9phone, courrier, courriel et\/ou formulaires web<\/span>[\/vc_column_text][vc_column_text css=\u00a0\u00bb.vc_custom_1656336697967{margin-bottom: 20px !important;}\u00a0\u00bb]<em><span style=\"font-size: 14px;\">\u00c0 cette fin, nous utilisons les donn\u00e9es suivantes :<\/span><\/em><\/p>\n<ul>\n<li><span style=\"font-size: 14px;\">Nom<\/span><\/li>\n<li><span style=\"font-size: 14px;\">Adresse, <\/span><span style=\"font-size: 14px;\">ville et pays<\/span><\/li>\n<li><span style=\"font-size: 14px;\">Adresse \u00e9lectronique<\/span><\/li>\n<li><span style=\"font-size: 14px;\">Num\u00e9ro de t\u00e9l\u00e9phone<\/span><\/li>\n<\/ul>\n<p><em><span style=\"font-size: 14px;\">La base sur laquelle nous pouvons traiter ces donn\u00e9es est la suivante :<\/span><\/em><br \/>\n<a href=\"https:\/\/cookiedatabase.org\/legal-bases\/#agreement\"><span style=\"font-size: 14px;\">Il est n\u00e9cessaire pour l&rsquo;ex\u00e9cution d&rsquo;un contrat ou des proc\u00e9dures pr\u00e9liminaires li\u00e9es \u00e0 un contrat auquel la personne concern\u00e9e est partie prenante.<\/span><\/a><\/p>\n<p><em><span style=\"font-size: 14px;\">P\u00e9riode de conservation :<\/span><\/em><br \/>\n<span style=\"font-size: 14px;\">Nous conservons ces donn\u00e9es jusqu&rsquo;\u00e0 la fin du service.<\/span>[\/vc_column_text][vc_column_text css=\u00a0\u00bb.vc_custom_1656336247247{margin-top: 25px !important;margin-bottom: 20px !important;}\u00a0\u00bb]<span style=\"font-size: 14px; font-weight: bold;\">2.2 Pour soutenir les services ou produits qu&rsquo;un client souhaite acheter ou a achet\u00e9<\/span>[\/vc_column_text][vc_column_text css=\u00a0\u00bb.vc_custom_1656336687656{margin-bottom: 20px !important;}\u00a0\u00bb]<em><span style=\"font-size: 14px;\">\u00c0 cette fin, nous utilisons les donn\u00e9es suivantes :<\/span><\/em><\/p>\n<ul>\n<li><span style=\"font-size: 14px;\">Nom<\/span><\/li>\n<li><span style=\"font-size: 14px;\">Adresse, <\/span><span style=\"font-size: 14px;\">ville et pays<\/span><\/li>\n<li><span style=\"font-size: 14px;\">Adresse \u00e9lectronique<\/span><\/li>\n<li><span style=\"font-size: 14px;\">Num\u00e9ro de t\u00e9l\u00e9phone<\/span><\/li>\n<\/ul>\n<p><em><span style=\"font-size: 14px;\">La base sur laquelle nous pouvons traiter ces donn\u00e9es est la suivante :<\/span><\/em><br \/>\n<a href=\"https:\/\/cookiedatabase.org\/legal-bases\/#agreement\"><span style=\"font-size: 14px;\">Il est n\u00e9cessaire pour l&rsquo;ex\u00e9cution d&rsquo;un contrat ou des proc\u00e9dures pr\u00e9liminaires li\u00e9es \u00e0 un contrat auquel la personne concern\u00e9e est partie prenante.<\/span><\/a><\/p>\n<p><em><span style=\"font-size: 14px;\">P\u00e9riode de conservation :<\/span><\/em><br \/>\n<span style=\"font-size: 14px;\">Nous conservons ces donn\u00e9es jusqu&rsquo;\u00e0 la fin du service.<\/span>[\/vc_column_text][vc_column_text css=\u00a0\u00bb.vc_custom_1645636953882{margin-top: 25px !important;margin-bottom: 20px !important;}\u00a0\u00bb]<\/p>\n<p><span style=\"font-size: 14px; font-weight: bold;\">2.3 Newsletters<\/span><\/p>\n<p>[\/vc_column_text][vc_column_text css=\u00a0\u00bb.vc_custom_1656336674113{margin-bottom: 20px !important;}\u00a0\u00bb]<em><span style=\"font-size: 14px;\">\u00c0 cette fin, nous utilisons les donn\u00e9es suivantes :<\/span><\/em><\/p>\n<ul>\n<li><span style=\"font-size: 14px;\">Nom<\/span><\/li>\n<li><span style=\"font-size: 14px;\">Adresse \u00e9lectronique<\/span><\/li>\n<\/ul>\n<p><em><span style=\"font-size: 14px;\">La base sur laquelle nous pouvons traiter ces donn\u00e9es est la suivante :<\/span><\/em><br \/>\n<a href=\"https:\/\/cookiedatabase.org\/legal-bases\/#consent\"><span style=\"font-size: 14px;\">Sur la fourniture d&rsquo;un consentement.<\/span><\/a><\/p>\n<p><em><span style=\"font-size: 14px;\">P\u00e9riode de conservation :<\/span><\/em><br \/>\n<span style=\"font-size: 14px;\">Nous conservons ces donn\u00e9es jusqu&rsquo;\u00e0 la fin du service.<\/span>[\/vc_column_text][vc_column_text css=\u00a0\u00bb.vc_custom_1656336713255{margin-top: 15px !important;margin-bottom: 10px !important;border-bottom-width: 1px !important;padding-bottom: 10px !important;border-bottom-color: #c6c6c6 !important;border-bottom-style: solid !important;}\u00a0\u00bb]<\/p>\n<h2><span style=\"font-size: 22px; font-weight: 300; color: #0077bf;\">3. Partage avec d&rsquo;autres parties<\/span><\/h2>\n<p>[\/vc_column_text][vc_column_text css=\u00a0\u00bb.vc_custom_1656336801745{margin-bottom: 20px !important;}\u00a0\u00bb]<span style=\"font-size: 14px;\">Nous partageons ou divulguons ces donn\u00e9es uniquement \u00e0 des sous-traitants aux fins suivantes :<\/span><\/p>\n<p><strong><span style=\"font-size: 14px;\">Processeurs<\/span><\/strong><br \/>\n<span style=\"font-size: 14px;\">Nom : Sendinblue<br \/>\n<\/span><span style=\"font-size: 14px;\">Pays : France<br \/>\n<\/span><span style=\"font-size: 14px;\">Objectif : automatisation et livraison d&rsquo;e-mailing<\/span>[\/vc_column_text][vc_column_text css=\u00a0\u00bb.vc_custom_1645637348514{margin-top: 15px !important;margin-bottom: 10px !important;border-bottom-width: 1px !important;padding-bottom: 10px !important;border-bottom-color: #c6c6c6 !important;border-bottom-style: solid !important;}\u00a0\u00bb]<\/p>\n<h2><span style=\"font-size: 22px; font-weight: 300; color: #0077bf;\">4. Cookies<\/span><\/h2>\n<p>[\/vc_column_text][vc_column_text css=\u00a0\u00bb.vc_custom_1656336989147{margin-bottom: 20px !important;}\u00a0\u00bb]<span style=\"font-size: 14px;\">Notre site web utilise des cookies. Pour plus d&rsquo;informations sur les cookies, veuillez-vous r\u00e9f\u00e9rer \u00e0 notre <a href=\"\/fr\/politique-de-cookies\/\">politique en mati\u00e8re de cookies<\/a>.<br \/>\nL&rsquo;inclusion des adresses IP compl\u00e8tes est bloqu\u00e9e par nous.<br \/>\n<\/span><\/p>\n<p>[\/vc_column_text][vc_column_text css=\u00a0\u00bb.vc_custom_1656337005079{margin-top: 15px !important;margin-bottom: 10px !important;border-bottom-width: 1px !important;padding-bottom: 10px !important;border-bottom-color: #c6c6c6 !important;border-bottom-style: solid !important;}\u00a0\u00bb]<\/p>\n<h2><span style=\"font-size: 22px; font-weight: 300; color: #0077bf;\">5. S\u00e9curit\u00e9<\/span><\/h2>\n<p>[\/vc_column_text][vc_column_text css=\u00a0\u00bb.vc_custom_1656337042211{margin-bottom: 20px !important;}\u00a0\u00bb]<span style=\"font-size: 14px;\">Nous nous engageons \u00e0 assurer la s\u00e9curit\u00e9 des donn\u00e9es personnelles. Nous prenons des mesures de s\u00e9curit\u00e9 appropri\u00e9es pour limiter les abus et les acc\u00e8s non autoris\u00e9s aux donn\u00e9es personnelles. Nous veillons ainsi \u00e0 ce que seules les personnes n\u00e9cessaires aient acc\u00e8s \u00e0 vos donn\u00e9es, que l&rsquo;acc\u00e8s aux donn\u00e9es soit prot\u00e9g\u00e9 et que nos mesures de s\u00e9curit\u00e9 soient r\u00e9guli\u00e8rement v\u00e9rifi\u00e9es.<\/span>[\/vc_column_text][vc_column_text css=\u00a0\u00bb.vc_custom_1656337057730{margin-top: 15px !important;margin-bottom: 10px !important;border-bottom-width: 1px !important;padding-bottom: 10px !important;border-bottom-color: #c6c6c6 !important;border-bottom-style: solid !important;}\u00a0\u00bb]<\/p>\n<h2><span style=\"font-size: 22px; font-weight: 300; color: #0077bf;\">6. Sites web de tiers<\/span><\/h2>\n<p>[\/vc_column_text][vc_column_text css=\u00a0\u00bb.vc_custom_1656337124762{margin-bottom: 20px !important;}\u00a0\u00bb]<span style=\"font-size: 14px;\">La pr\u00e9sente d\u00e9claration de confidentialit\u00e9 ne s&rsquo;applique pas aux sites web de tiers connect\u00e9s par des liens sur notre site web. Nous ne pouvons pas garantir que ces tiers traitent vos donn\u00e9es personnelles de mani\u00e8re fiable ou s\u00e9curis\u00e9e. Nous vous recommandons de lire les d\u00e9clarations de confidentialit\u00e9 de ces sites web avant d&rsquo;en faire usage.<\/span>[\/vc_column_text][vc_column_text css=\u00a0\u00bb.vc_custom_1656337145801{margin-top: 15px !important;margin-bottom: 10px !important;border-bottom-width: 1px !important;padding-bottom: 10px !important;border-bottom-color: #c6c6c6 !important;border-bottom-style: solid !important;}\u00a0\u00bb]<\/p>\n<h2><span style=\"font-size: 22px; font-weight: 300; color: #0077bf;\">7. Modifications de la pr\u00e9sente d\u00e9claration de confidentialit\u00e9<\/span><\/h2>\n<p>[\/vc_column_text][vc_column_text css=\u00a0\u00bb.vc_custom_1656337170697{margin-bottom: 20px !important;}\u00a0\u00bb]<span style=\"font-size: 14px;\">Nous nous r\u00e9servons le droit d&rsquo;apporter des modifications \u00e0 la pr\u00e9sente d\u00e9claration de confidentialit\u00e9. Nous vous recommandons de consulter r\u00e9guli\u00e8rement cette d\u00e9claration de confidentialit\u00e9 afin de prendre connaissance des modifications \u00e9ventuelles. En outre, nous vous informerons activement dans la mesure du possible.<\/span>[\/vc_column_text][vc_column_text css=\u00a0\u00bb.vc_custom_1656337186802{margin-top: 15px !important;margin-bottom: 10px !important;border-bottom-width: 1px !important;padding-bottom: 10px !important;border-bottom-color: #c6c6c6 !important;border-bottom-style: solid !important;}\u00a0\u00bb]<\/p>\n<h2><span style=\"font-size: 22px; font-weight: 300; color: #0077bf;\">8. Acc\u00e8s et modification de vos donn\u00e9es<\/span><\/h2>\n<p>[\/vc_column_text][vc_column_text css=\u00a0\u00bb.vc_custom_1656337382405{margin-bottom: 20px !important;}\u00a0\u00bb]<span style=\"font-size: 14px;\">Si vous avez des questions ou si vous voulez savoir quelles sont les donn\u00e9es personnelles dont nous disposons \u00e0 votre sujet, veuillez nous contacter. Vous pouvez nous contacter en utilisant les informations ci-dessous. Vous avez les droits suivants :<\/span><\/p>\n<p><span style=\"font-size: 14px;\">Vous avez le droit de savoir pourquoi vos donn\u00e9es personnelles sont n\u00e9cessaires, ce qu&rsquo;il en adviendra et combien de temps elles seront conserv\u00e9es.<\/span><\/p>\n<ul>\n<li><span style=\"font-size: 14px;\">Droit d&rsquo;acc\u00e8s : Vous avez le droit d&rsquo;acc\u00e9der \u00e0 vos donn\u00e9es personnelles qui sont connues de nous.<\/span><\/li>\n<li><span style=\"font-size: 14px;\">Droit de rectification : vous avez le droit de compl\u00e9ter, corriger, faire supprimer ou bloquer vos donn\u00e9es personnelles quand vous le souhaitez.<\/span><\/li>\n<li><span style=\"font-size: 14px;\">Si vous nous donnez votre accord pour traiter vos donn\u00e9es, vous avez le droit de r\u00e9voquer cet accord et de faire supprimer vos donn\u00e9es personnelles.<\/span><\/li>\n<li><span style=\"font-size: 14px;\">Droit de transf\u00e9rer vos donn\u00e9es : vous avez le droit de demander au responsable du traitement toutes vos donn\u00e9es personnelles et de les transf\u00e9rer dans leur int\u00e9gralit\u00e9 \u00e0 un autre responsable du traitement.<\/span><\/li>\n<li><span style=\"font-size: 14px;\">Droit d&rsquo;opposition : vous pouvez vous opposer au traitement de vos donn\u00e9es. Nous nous y conformons, sauf s&rsquo;il existe des motifs justifi\u00e9s pour le traitement.<\/span><\/li>\n<\/ul>\n<p><span style=\"font-size: 14px;\">Veillez \u00e0 toujours indiquer clairement qui vous \u00eates, afin que nous puissions \u00eatre certains de ne pas modifier ou supprimer les donn\u00e9es de quelqu&rsquo;un d&rsquo;autre.<\/span>[\/vc_column_text][vc_column_text css=\u00a0\u00bb.vc_custom_1656337425476{margin-top: 15px !important;margin-bottom: 10px !important;border-bottom-width: 1px !important;padding-bottom: 10px !important;border-bottom-color: #c6c6c6 !important;border-bottom-style: solid !important;}\u00a0\u00bb]<\/p>\n<h2><span style=\"font-size: 22px; font-weight: 300; color: #0077bf;\">9. D\u00e9p\u00f4t d&rsquo;une plainte<\/span><\/h2>\n<p>[\/vc_column_text][vc_column_text css=\u00a0\u00bb.vc_custom_1656337875716{margin-bottom: 20px !important;}\u00a0\u00bb]<span style=\"font-size: 14px;\">Si vous n&rsquo;\u00eates pas satisfait de la mani\u00e8re dont nous traitons vos donn\u00e9es personnelles, vous avez le droit de d\u00e9poser une plainte aupr\u00e8s de l&rsquo;autorit\u00e9 charg\u00e9e de la protection des donn\u00e9es.<\/span>[\/vc_column_text][vc_column_text css=\u00a0\u00bb.vc_custom_1656337897131{margin-top: 15px !important;margin-bottom: 10px !important;border-bottom-width: 1px !important;padding-bottom: 10px !important;border-bottom-color: #c6c6c6 !important;border-bottom-style: solid !important;}\u00a0\u00bb]<\/p>\n<h2><span style=\"font-size: 22px; font-weight: 300; color: #0077bf;\">10. Coordonn\u00e9es de contact<\/span><\/h2>\n<p>[\/vc_column_text][vc_column_text css=\u00a0\u00bb.vc_custom_1656337938222{margin-bottom: 20px !important;}\u00a0\u00bb]<span style=\"font-size: 14px;\">SEDI-ATI Fibres Optiques<br \/>\n8 rue Jean Mermoz<br \/>\n91080 Evry-Courcouronnes<br \/>\nFrance<br \/>\nSite internet : <a href=\"https:\/\/sedi-ati.com\">https:\/\/sedi-ati.com<\/a><br \/>\nemail : <a href=\"mailto:privacy@sedi-ati.com\">privacy@sedi-ati.com<\/a><br \/>\nNum\u00e9ro de t\u00e9l\u00e9phone : <a href=\"tel:+33169366432\">+33 1 69 36 64 32<\/a><br \/>\n<\/span>[\/vc_column_text][\/vc_column][\/vc_row]<\/p>\n<\/section>","protected":false},"excerpt":{"rendered":"<p>[vc_row wrap_container=\u00a0\u00bbyes\u00a0\u00bb css=\u00a0\u00bb.vc_custom_1645630719211{padding-top: 30px !important;padding-bottom: 30px !important;background-color: #ffffff !important;}\u00a0\u00bb el_class=\u00a0\u00bbrow-align-items-center\u00a0\u00bb][vc_column animation_delay=\u00a0\u00bb\u00a0\u00bb animation_type=\u00a0\u00bbfadeInLeft\u00a0\u00bb][vc_column_text]La pr\u00e9sente d\u00e9claration de confidentialit\u00e9 a \u00e9t\u00e9 mise \u00e0 jour le 23 f\u00e9vrier 2022 et<span class=\"excerpt-hellip\"> [\u2026]<\/span><\/p>\n","protected":false},"author":2,"featured_media":0,"parent":0,"menu_order":0,"comment_status":"closed","ping_status":"open","template":"","meta":{"_acf_changed":false,"rs_blank_template":"","rs_page_bg_color":"#ffffff","slide_template_v7":"","footnotes":""},"class_list":["post-5826","page","type-page","status-publish","hentry"],"acf":[],"yoast_head":"<!-- This site is optimized with the Yoast SEO plugin v27.3 - https:\/\/yoast.com\/product\/yoast-seo-wordpress\/ -->\n<title>Donn\u00e9es personnelles - SEDI-ATI<\/title>\n<meta name=\"robots\" content=\"noindex, nofollow\" \/>\n<meta property=\"og:locale\" content=\"fr_FR\" \/>\n<meta property=\"og:type\" content=\"article\" \/>\n<meta property=\"og:title\" content=\"Donn\u00e9es personnelles - SEDI-ATI\" \/>\n<meta property=\"og:description\" content=\"[vc_row wrap_container=\u00a0\u00bbyes\u00a0\u00bb css=\u00a0\u00bb.vc_custom_1645630719211{padding-top: 30px !important;padding-bottom: 30px !important;background-color: #ffffff !important;}\u00a0\u00bb el_class=\u00a0\u00bbrow-align-items-center\u00a0\u00bb][vc_column animation_delay=\u00a0\u00bb\u00a0\u00bb animation_type=\u00a0\u00bbfadeInLeft\u00a0\u00bb][vc_column_text]La pr\u00e9sente d\u00e9claration de confidentialit\u00e9 a \u00e9t\u00e9 mise \u00e0 jour le 23 f\u00e9vrier 2022 et [\u2026]\" \/>\n<meta property=\"og:url\" content=\"https:\/\/www.sedi-ati.com\/fr\/donnees-personnelles\/\" \/>\n<meta property=\"og:site_name\" content=\"SEDI-ATI\" \/>\n<meta property=\"article:modified_time\" content=\"2022-06-27T13:52:21+00:00\" \/>\n<meta name=\"twitter:card\" content=\"summary_large_image\" \/>\n<meta name=\"twitter:label1\" content=\"Dur\u00e9e de lecture estim\u00e9e\" \/>\n\t<meta name=\"twitter:data1\" content=\"6 minutes\" \/>\n<script type=\"application\/ld+json\" class=\"yoast-schema-graph\">{\"@context\":\"https:\\\/\\\/schema.org\",\"@graph\":[{\"@type\":\"WebPage\",\"@id\":\"https:\\\/\\\/www.sedi-ati.com\\\/fr\\\/donnees-personnelles\\\/\",\"url\":\"https:\\\/\\\/www.sedi-ati.com\\\/fr\\\/donnees-personnelles\\\/\",\"name\":\"Donn\u00e9es personnelles - SEDI-ATI\",\"isPartOf\":{\"@id\":\"https:\\\/\\\/www.sedi-ati.com\\\/fr\\\/#website\"},\"datePublished\":\"2019-02-26T12:40:19+00:00\",\"dateModified\":\"2022-06-27T13:52:21+00:00\",\"breadcrumb\":{\"@id\":\"https:\\\/\\\/www.sedi-ati.com\\\/fr\\\/donnees-personnelles\\\/#breadcrumb\"},\"inLanguage\":\"fr-FR\",\"potentialAction\":[{\"@type\":\"ReadAction\",\"target\":[\"https:\\\/\\\/www.sedi-ati.com\\\/fr\\\/donnees-personnelles\\\/\"]}]},{\"@type\":\"BreadcrumbList\",\"@id\":\"https:\\\/\\\/www.sedi-ati.com\\\/fr\\\/donnees-personnelles\\\/#breadcrumb\",\"itemListElement\":[{\"@type\":\"ListItem\",\"position\":1,\"name\":\"Home\",\"item\":\"https:\\\/\\\/www.sedi-ati.com\\\/fr\\\/\"},{\"@type\":\"ListItem\",\"position\":2,\"name\":\"Donn\u00e9es personnelles\"}]},{\"@type\":\"WebSite\",\"@id\":\"https:\\\/\\\/www.sedi-ati.com\\\/fr\\\/#website\",\"url\":\"https:\\\/\\\/www.sedi-ati.com\\\/fr\\\/\",\"name\":\"SEDI-ATI\",\"description\":\"Assemblages de fibres optiques sur mesure, bundles, fentes et pieuvres\",\"publisher\":{\"@id\":\"https:\\\/\\\/www.sedi-ati.com\\\/fr\\\/#organization\"},\"potentialAction\":[{\"@type\":\"SearchAction\",\"target\":{\"@type\":\"EntryPoint\",\"urlTemplate\":\"https:\\\/\\\/www.sedi-ati.com\\\/fr\\\/?s={search_term_string}\"},\"query-input\":{\"@type\":\"PropertyValueSpecification\",\"valueRequired\":true,\"valueName\":\"search_term_string\"}}],\"inLanguage\":\"fr-FR\"},{\"@type\":\"Organization\",\"@id\":\"https:\\\/\\\/www.sedi-ati.com\\\/fr\\\/#organization\",\"name\":\"SEDI-ATI\",\"url\":\"https:\\\/\\\/www.sedi-ati.com\\\/fr\\\/\",\"logo\":{\"@type\":\"ImageObject\",\"inLanguage\":\"fr-FR\",\"@id\":\"https:\\\/\\\/www.sedi-ati.com\\\/fr\\\/#\\\/schema\\\/logo\\\/image\\\/\",\"url\":\"https:\\\/\\\/www.sedi-ati.com\\\/wp-content\\\/uploads\\\/2019\\\/10\\\/Logo_SEDI-ATI_2019_avec-baseline.png\",\"contentUrl\":\"https:\\\/\\\/www.sedi-ati.com\\\/wp-content\\\/uploads\\\/2019\\\/10\\\/Logo_SEDI-ATI_2019_avec-baseline.png\",\"width\":300,\"height\":73,\"caption\":\"SEDI-ATI\"},\"image\":{\"@id\":\"https:\\\/\\\/www.sedi-ati.com\\\/fr\\\/#\\\/schema\\\/logo\\\/image\\\/\"},\"sameAs\":[\"https:\\\/\\\/www.linkedin.com\\\/company\\\/sedi-ati-fibres-optiques\\\/\",\"https:\\\/\\\/www.youtube.com\\\/@sedi-ati-fibres-optiques\"]}]}<\/script>\n<!-- \/ Yoast SEO plugin. -->","yoast_head_json":{"title":"Donn\u00e9es personnelles - SEDI-ATI","robots":{"index":"noindex","follow":"nofollow"},"og_locale":"fr_FR","og_type":"article","og_title":"Donn\u00e9es personnelles - SEDI-ATI","og_description":"[vc_row wrap_container=\u00a0\u00bbyes\u00a0\u00bb css=\u00a0\u00bb.vc_custom_1645630719211{padding-top: 30px !important;padding-bottom: 30px !important;background-color: #ffffff !important;}\u00a0\u00bb el_class=\u00a0\u00bbrow-align-items-center\u00a0\u00bb][vc_column animation_delay=\u00a0\u00bb\u00a0\u00bb animation_type=\u00a0\u00bbfadeInLeft\u00a0\u00bb][vc_column_text]La pr\u00e9sente d\u00e9claration de confidentialit\u00e9 a \u00e9t\u00e9 mise \u00e0 jour le 23 f\u00e9vrier 2022 et [\u2026]","og_url":"https:\/\/www.sedi-ati.com\/fr\/donnees-personnelles\/","og_site_name":"SEDI-ATI","article_modified_time":"2022-06-27T13:52:21+00:00","twitter_card":"summary_large_image","twitter_misc":{"Dur\u00e9e de lecture estim\u00e9e":"6 minutes"},"schema":{"@context":"https:\/\/schema.org","@graph":[{"@type":"WebPage","@id":"https:\/\/www.sedi-ati.com\/fr\/donnees-personnelles\/","url":"https:\/\/www.sedi-ati.com\/fr\/donnees-personnelles\/","name":"Donn\u00e9es personnelles - SEDI-ATI","isPartOf":{"@id":"https:\/\/www.sedi-ati.com\/fr\/#website"},"datePublished":"2019-02-26T12:40:19+00:00","dateModified":"2022-06-27T13:52:21+00:00","breadcrumb":{"@id":"https:\/\/www.sedi-ati.com\/fr\/donnees-personnelles\/#breadcrumb"},"inLanguage":"fr-FR","potentialAction":[{"@type":"ReadAction","target":["https:\/\/www.sedi-ati.com\/fr\/donnees-personnelles\/"]}]},{"@type":"BreadcrumbList","@id":"https:\/\/www.sedi-ati.com\/fr\/donnees-personnelles\/#breadcrumb","itemListElement":[{"@type":"ListItem","position":1,"name":"Home","item":"https:\/\/www.sedi-ati.com\/fr\/"},{"@type":"ListItem","position":2,"name":"Donn\u00e9es personnelles"}]},{"@type":"WebSite","@id":"https:\/\/www.sedi-ati.com\/fr\/#website","url":"https:\/\/www.sedi-ati.com\/fr\/","name":"SEDI-ATI","description":"Assemblages de fibres optiques sur mesure, bundles, fentes et pieuvres","publisher":{"@id":"https:\/\/www.sedi-ati.com\/fr\/#organization"},"potentialAction":[{"@type":"SearchAction","target":{"@type":"EntryPoint","urlTemplate":"https:\/\/www.sedi-ati.com\/fr\/?s={search_term_string}"},"query-input":{"@type":"PropertyValueSpecification","valueRequired":true,"valueName":"search_term_string"}}],"inLanguage":"fr-FR"},{"@type":"Organization","@id":"https:\/\/www.sedi-ati.com\/fr\/#organization","name":"SEDI-ATI","url":"https:\/\/www.sedi-ati.com\/fr\/","logo":{"@type":"ImageObject","inLanguage":"fr-FR","@id":"https:\/\/www.sedi-ati.com\/fr\/#\/schema\/logo\/image\/","url":"https:\/\/www.sedi-ati.com\/wp-content\/uploads\/2019\/10\/Logo_SEDI-ATI_2019_avec-baseline.png","contentUrl":"https:\/\/www.sedi-ati.com\/wp-content\/uploads\/2019\/10\/Logo_SEDI-ATI_2019_avec-baseline.png","width":300,"height":73,"caption":"SEDI-ATI"},"image":{"@id":"https:\/\/www.sedi-ati.com\/fr\/#\/schema\/logo\/image\/"},"sameAs":["https:\/\/www.linkedin.com\/company\/sedi-ati-fibres-optiques\/","https:\/\/www.youtube.com\/@sedi-ati-fibres-optiques"]}]}},"_links":{"self":[{"href":"https:\/\/www.sedi-ati.com\/fr\/wp-json\/wp\/v2\/pages\/5826","targetHints":{"allow":["GET"]}}],"collection":[{"href":"https:\/\/www.sedi-ati.com\/fr\/wp-json\/wp\/v2\/pages"}],"about":[{"href":"https:\/\/www.sedi-ati.com\/fr\/wp-json\/wp\/v2\/types\/page"}],"author":[{"embeddable":true,"href":"https:\/\/www.sedi-ati.com\/fr\/wp-json\/wp\/v2\/users\/2"}],"replies":[{"embeddable":true,"href":"https:\/\/www.sedi-ati.com\/fr\/wp-json\/wp\/v2\/comments?post=5826"}],"version-history":[{"count":0,"href":"https:\/\/www.sedi-ati.com\/fr\/wp-json\/wp\/v2\/pages\/5826\/revisions"}],"wp:attachment":[{"href":"https:\/\/www.sedi-ati.com\/fr\/wp-json\/wp\/v2\/media?parent=5826"}],"curies":[{"name":"wp","href":"https:\/\/api.w.org\/{rel}","templated":true}]}}