{"id":10859,"date":"2024-06-20T14:46:58","date_gmt":"2024-06-20T12:46:58","guid":{"rendered":"https:\/\/www.sedi-ati.com\/?post_type=product&#038;p=10859"},"modified":"2026-03-05T17:40:15","modified_gmt":"2026-03-05T16:40:15","slug":"bobine-de-fibre-optique-deployable-pour-applications-aeriennes","status":"publish","type":"product","link":"https:\/\/www.sedi-ati.com\/fr\/bobines-fibre-optique-pour-vehicules-filoguides\/bobine-de-fibre-optique-deployable-pour-applications-aeriennes\/","title":{"rendered":"Bobine de fibre optique d\u00e9ployable pour applications a\u00e9riennes [UAV]"},"content":{"rendered":"<section class=\"wpb-content-wrapper\"><p>[vc_row content_placement=\u00a0\u00bbmiddle\u00a0\u00bb el_class=\u00a0\u00bbz-index-1 chevauchement-horizontal-range range-applications\u00a0\u00bb][vc_column width=\u00a0\u00bb3\/5&Prime; el_class=\u00a0\u00bbshadow border-radius-hd-bd line-bottom line-blue block-grand-text\u00a0\u00bb css=\u00a0\u00bb.vc_custom_1693298574952{background-color: #dfe2e8 !important;}\u00a0\u00bb][vc_raw_html el_class=\u00a0\u00bbgros-titre flex-column-mobile\u00a0\u00bb]JTNDcCUzRUJvYmluZXMlM0NzcGFuJTIwY2xhc3MlM0QlMjJwb2ludC1yb3VnZSUyMiUzRSUzQyUyRnNwYW4lM0VGaWJyZSUyMG9wdGlxdWUlM0MlMkZwJTNF[\/vc_raw_html][vc_column_text el_class=\u00a0\u00bbtitre-baseline\u00a0\u00bb]<\/p>\n<h2>Bobine de fibre d\u00e9ployable pour applications a\u00e9riennes<\/h2>\n<p>[\/vc_column_text][vc_column_text]Maintenez la communication avec votre drone a\u00e9rien dans des environnements \u00e0 fortes interf\u00e9rences \u00e9lectromagn\u00e9tiques ou dans des zones blind\u00e9es, gr\u00e2ce \u00e0 une liaison fibre optique.[\/vc_column_text][vc_btn title=\u00a0\u00bbDemandez un devis\u00a0\u00bb style=\u00a0\u00bbcustom\u00a0\u00bb custom_background=\u00a0\u00bb#132f40&Prime; custom_text=\u00a0\u00bb#ffffff\u00a0\u00bb shape=\u00a0\u00bbsquare\u00a0\u00bb link=\u00a0\u00bburl:https%3A%2F%2Fwww.sedi-ati.com%2Ffr%2Fdemande-de-devis%2F|\u00a0\u00bb el_class=\u00a0\u00bbline-bottom line-blue\u00a0\u00bb][\/vc_column][vc_column width=\u00a0\u00bb1\/2&Prime;][vc_single_image image=\u00a0\u00bb19967&Prime; img_size=\u00a0\u00bbfull\u00a0\u00bb alignment=\u00a0\u00bbcenter\u00a0\u00bb][\/vc_column][\/vc_row][vc_row full_width=\u00a0\u00bbstretch_row_content\u00a0\u00bb el_class=\u00a0\u00bbfull-with-4000&Prime; css=\u00a0\u00bb.vc_custom_1718895578617{background-color: #dfe2e8 !important;}\u00a0\u00bb][vc_column width=\u00a0\u00bb1\/2&Prime;][vc_row_inner][vc_column_inner width=\u00a0\u00bb1\/3&Prime;][\/vc_column_inner][vc_column_inner width=\u00a0\u00bb2\/3&Prime;][vc_raw_html el_class=\u00a0\u00bbpetit-titre\u00a0\u00bb]JTNDcCUzRUNhcmFjdCVDMyVBOXJpc3RpcXVlcyUzQ3NwYW4lMjBjbGFzcyUzRCUyMnBvaW50LXJvdWdlJTIwcG9pbnQtcGV0aXQlMjIlM0UlM0MlMkZzcGFuJTNFUHJpbmNpcGFsZXMlM0MlMkZwJTNF[\/vc_raw_html][vc_column_text css=\u00a0\u00bb.vc_custom_1770815064767{margin-top: 5px !important;border-top-width: 5px !important;padding-top: 5px !important;}\u00a0\u00bb]<\/p>\n<ul>\n<li>Liaison bidirectionnelle sol\/air<\/li>\n<li>Longueurs de 1 km, 2 km, 5 km, 10 km, 20 km, 30 km et 50 km<\/li>\n<li>Compact et l\u00e9ger<\/li>\n<li>Large bande passante permettant les transmissions vid\u00e9o et de contr\u00f4le<\/li>\n<li>Mont\u00e9e directement sur le v\u00e9hicule<\/li>\n<li>D\u00e9ploiement rapide et s\u00e9curis\u00e9<\/li>\n<li>Immunit\u00e9 aux IEM et au brouillage<\/li>\n<li>Fibre SM 1310-1550 nm<\/li>\n<li>Connecteur ST<\/li>\n<li>Configurations personnalis\u00e9es.<\/li>\n<\/ul>\n<p>[\/vc_column_text][\/vc_column_inner][\/vc_row_inner][\/vc_column][vc_column width=\u00a0\u00bb1\/2&Prime;][vc_row_inner][vc_column_inner width=\u00a0\u00bb1\/6&Prime;][\/vc_column_inner][vc_column_inner el_class=\u00a0\u00bbshadow border-radius-hd-bd line-bottom line-blue\u00a0\u00bb width=\u00a0\u00bb2\/3&Prime; css=\u00a0\u00bb.vc_custom_1693301982139{background-color: #ffffff !important;}\u00a0\u00bb offset=\u00a0\u00bbvc_col-xs-9&Prime;][vc_column_text el_class=\u00a0\u00bbbaseline\u00a0\u00bb]<\/p>\n<p style=\"text-align: center;\">Cliquez pour t\u00e9l\u00e9charger la brochure en PDF<\/p>\n<p>[\/vc_column_text][vc_btn title=\u00a0\u00bbBrochure\u00a0\u00bb style=\u00a0\u00bbcustom\u00a0\u00bb custom_background=\u00a0\u00bb#132f40&Prime; custom_text=\u00a0\u00bb#ffffff\u00a0\u00bb shape=\u00a0\u00bbsquare\u00a0\u00bb align=\u00a0\u00bbcenter\u00a0\u00bb i_icon_fontawesome=\u00a0\u00bbfas fa-cloud-download-alt\u00a0\u00bb add_icon=\u00a0\u00bbtrue\u00a0\u00bb link=\u00a0\u00bburl:https%3A%2F%2Fwww.sedi-ati.com%2Ffr%2Ftelechargement-brochure%2F%3Ffor_c%3D10859|\u00a0\u00bb el_class=\u00a0\u00bbline-bottom line-blue\u00a0\u00bb][\/vc_column_inner][vc_column_inner width=\u00a0\u00bb1\/6&Prime;][\/vc_column_inner][\/vc_row_inner][\/vc_column][\/vc_row][vc_row][vc_column width=\u00a0\u00bb1\/2&Prime;][vc_column_text el_class=\u00a0\u00bbpetit-titre petit-titre-txt petit-titre-txt-p\u00a0\u00bb]<\/p>\n<h3>La bobine se d\u00e9roule sans tension \u00e0 mesure que le drone vole<\/h3>\n<p>[\/vc_column_text][vc_column_text]Le concept innovant de notre bobine de fibre optique \u00e0 usage unique pour les v\u00e9hicules a\u00e9riens sans pilote (UAV) est qu&rsquo;elle est directement mont\u00e9e sur le drone a\u00e9roport\u00e9.<\/p>\n<p>En effet, le c\u00f4t\u00e9 d\u00e9ployable de la bobine est connect\u00e9 par un connecteur ST \u00e0 la station de contr\u00f4le tandis que la fibre stationnaire est connect\u00e9e \u00e0 l&rsquo;UAV.<\/p>\n<p>Ainsi la fibre ne subit aucune contrainte puisqu&rsquo;elle se d\u00e9ploie sans risque d&rsquo;enchev\u00eatrement pendant que le drone vole. Voler au-dessus des arbres, de l&rsquo;eau, en cercle, en marche arri\u00e8re, ou m\u00eame autour d&rsquo;un poteau n&rsquo;est pas un probl\u00e8me. La fibre optique n&rsquo;est jamais une laisse pour le drone.[\/vc_column_text][vc_column_text el_class=\u00a0\u00bbpetit-titre petit-titre-txt petit-titre-txt-p\u00a0\u00bb]<\/p>\n<h3>Rapidit\u00e9 de d\u00e9ploiement sur de longues distances<\/h3>\n<p>[\/vc_column_text][vc_column_text]De plus, la fibre optique est enroul\u00e9e avec une grande pr\u00e9cision, ce qui permet un d\u00e9ploiement \u00e0 grande vitesse sur de longues distances, jusqu&rsquo;\u00e0 50 km ![\/vc_column_text][vc_column_text el_class=\u00a0\u00bbpetit-titre petit-titre-txt petit-titre-txt-p\u00a0\u00bb]<\/p>\n<h3>Une solution tr\u00e8s compacte et l\u00e9g\u00e8re<\/h3>\n<p>[\/vc_column_text][vc_column_text]Notre solution est tr\u00e8s compacte et l\u00e9g\u00e8re. Nous proposons trois conditionnements diff\u00e9rents en fonction de la capacit\u00e9 de bobinage requise. Par exemple, notre plus petit emballage peut contenir jusqu&rsquo;\u00e0 1 000 m de fibre dans un bo\u00eetier de 64 mm de long par 85 mm de diam\u00e8tre et ne p\u00e8se que 235 g.[\/vc_column_text][vc_column_text el_class=\u00a0\u00bbpetit-titre petit-titre-txt petit-titre-txt-p\u00a0\u00bb]<\/p>\n<h3>Un syst\u00e8me \u00e0 usage unique<\/h3>\n<p>[\/vc_column_text][vc_column_text]Le RBOB-UAV est un syst\u00e8me \u00e0 usage unique, ce qui signifie qu&rsquo;il n&rsquo;est pas possible de r\u00e9utiliser la fibre d\u00e9ploy\u00e9e. Cependant, la fibre peut \u00eatre facilement reconnect\u00e9e sur le terrain \u00e0 l&rsquo;aide d&rsquo;un simple kit de connectorisation.[\/vc_column_text][\/vc_column][vc_column width=\u00a0\u00bb1\/2&Prime;][vc_column_text el_class=\u00a0\u00bbpetit-titre petit-titre-txt petit-titre-txt-p\u00a0\u00bb]<\/p>\n<h3>Divers cas d&rsquo;usage<\/h3>\n<p>[\/vc_column_text][vc_column_text]Cette technologie permet la transmission en temps r\u00e9el d&rsquo;\u00e9normes flux de donn\u00e9es provenant de cam\u00e9ras et capteurs haute r\u00e9solution embarqu\u00e9s. La fibre optique garantit ainsi une image claire et de haute d\u00e9finition pendant toute la dur\u00e9e du vol.<\/p>\n<p>En outre, la fibre optique permet de guider les drones sans utiliser d&rsquo;ondes radio. Ceci est particuli\u00e8rement utile dans les environnements pr\u00e9sentant des niveaux \u00e9lev\u00e9s d&rsquo;interf\u00e9rences \u00e9lectromagn\u00e9tiques, car les fibres optiques sont <strong>insensibles aux IEM<\/strong>. Elle assure donc que le drone est <strong>prot\u00e9g\u00e9 contre le brouillage des radiofr\u00e9quences<\/strong>. Enfin, elle est tout \u00e0 fait adapt\u00e9e au pilotage d&rsquo;un drone dans une <strong>zone blind\u00e9e<\/strong>.<\/p>\n<p>Par cons\u00e9quent, les utilisations possibles vont de la diffusion 4K aux explorations en int\u00e9rieur avec des enceintes blind\u00e9es, des murs en b\u00e9ton, etc. Ce concept a donc le potentiel pour de nombreuses applications civiles telles que l&rsquo;inspection des canalisations, l&rsquo;inspection des r\u00e9seaux d&rsquo;\u00e9gouts et eaux us\u00e9es ou encore l&rsquo;inspection de mines et tunnels.[\/vc_column_text][vc_column_text el_class=\u00a0\u00bbpetit-titre petit-titre-txt petit-titre-txt-p\u00a0\u00bb]<\/p>\n<h3>Brevets<\/h3>\n<p>[\/vc_column_text][vc_column_text]France : brevet n\u00b0 FR 3131816 B1<br \/>\nNum\u00e9ro de publication internationale : WO 2023\/135062 A1[\/vc_column_text][\/vc_column][\/vc_row][vc_row][vc_column][vc_empty_space][\/vc_column][\/vc_row][vc_row][vc_column][vc_video link=\u00a0\u00bbhttps:\/\/www.youtube.com\/watch?v=p5fdG8m4PbE\u00a0\u00bb el_width=\u00a0\u00bb70&Prime; align=\u00a0\u00bbcenter\u00a0\u00bb][\/vc_column][\/vc_row][vc_row][vc_column][vc_empty_space][\/vc_column][\/vc_row][vc_row full_width=\u00a0\u00bbstretch_row\u00a0\u00bb css=\u00a0\u00bb.vc_custom_1718895428209{background-color: #dfe2e8 !important;}\u00a0\u00bb][vc_column][vc_row_inner][vc_column_inner width=\u00a0\u00bb1\/6&Prime;][\/vc_column_inner][vc_column_inner el_class=\u00a0\u00bbshadow border-radius-hd-bd line-bottom line-blue\u00a0\u00bb width=\u00a0\u00bb2\/3&Prime; css=\u00a0\u00bb.vc_custom_1724853930719{background-color: #ffffff !important;}\u00a0\u00bb][vc_column_text]<\/p>\n<p style=\"text-align: center;\">N&rsquo;h\u00e9sitez pas \u00e0 vous rapprocher de nous et \u00e0 nous faire part de votre demande sp\u00e9cifique<\/p>\n<p>[\/vc_column_text][vc_btn title=\u00a0\u00bbDemandez un devis\u00a0\u00bb style=\u00a0\u00bbcustom\u00a0\u00bb custom_background=\u00a0\u00bb#132f40&Prime; custom_text=\u00a0\u00bb#ffffff\u00a0\u00bb shape=\u00a0\u00bbsquare\u00a0\u00bb align=\u00a0\u00bbcenter\u00a0\u00bb link=\u00a0\u00bburl:https%3A%2F%2Fwww.sedi-ati.com%2Ffr%2Fdemande-de-devis%2F\u00a0\u00bb el_class=\u00a0\u00bbline-bottom line-blue\u00a0\u00bb][\/vc_column_inner][vc_column_inner width=\u00a0\u00bb1\/6&Prime;][\/vc_column_inner][\/vc_row_inner][\/vc_column][\/vc_row][vc_row full_width=\u00a0\u00bbstretch_row\u00a0\u00bb disable_element=\u00a0\u00bbyes\u00a0\u00bb el_class=\u00a0\u00bbchevauchement-vertical-range petit-chevauchement\u00a0\u00bb][vc_column][vc_text_separator title=\u00a0\u00bbCase studies\u00a0\u00bb title_align=\u00a0\u00bbseparator_align_left\u00a0\u00bb color=\u00a0\u00bbcustom\u00a0\u00bb border_width=\u00a0\u00bb2&Prime; accent_color=\u00a0\u00bb#0a0a0a\u00a0\u00bb el_class=\u00a0\u00bbpetit-titre\u00a0\u00bb][vc_empty_space height=\u00a0\u00bb10px\u00a0\u00bb][vc_basic_grid post_type=\u00a0\u00bbcas_client\u00a0\u00bb max_items=\u00a0\u00bb5&Prime; item=\u00a0\u00bb14900&Prime; grid_id=\u00a0\u00bbvc_gid:1770815093540-b99bac8e-8619-5&Prime;][\/vc_column][\/vc_row][vc_row][vc_column][vc_btn title=\u00a0\u00bb^\u00a0\u00bb style=\u00a0\u00bbflat\u00a0\u00bb shape=\u00a0\u00bbsquare\u00a0\u00bb link=\u00a0\u00bburl:%23Wrapper|\u00a0\u00bb el_class=\u00a0\u00bbbtn-haut\u00a0\u00bb][\/vc_column][\/vc_row]<\/p>\n<\/section>","protected":false},"excerpt":{"rendered":"<p>Le concept innovant de notre bobine de fibre optique \u00e0 usage unique pour drones a\u00e9riens r\u00e9side dans le fait qu\u2019elle est directement mont\u00e9e sous le drone.<\/p>\n","protected":false},"featured_media":19963,"template":"","meta":{"_acf_changed":false,"rs_blank_template":"","rs_page_bg_color":"","slide_template_v7":""},"product_brand":[],"product_cat":[432296],"product_tag":[434219],"class_list":{"0":"post-10859","1":"product","2":"type-product","3":"status-publish","4":"has-post-thumbnail","6":"product_cat-bobines-fibre-optique-pour-vehicules-filoguides","7":"product_tag-bobines-deployables","9":"first","10":"instock","11":"shipping-taxable","12":"product-type-simple"},"acf":[],"yoast_head":"<!-- This site is optimized with the Yoast SEO plugin v27.5 - https:\/\/yoast.com\/product\/yoast-seo-wordpress\/ -->\n<title>Bobine de fibre optique d\u00e9ployable pour applications a\u00e9riennes<\/title>\n<meta name=\"description\" content=\"SEDI-ATI Fibres Optiques propose des bobines jetables pour v\u00e9hicules a\u00e9riens. Diff\u00e9rentes longueurs sont disponibles et peuvent \u00eatre personnalisables sur demande.\" \/>\n<meta name=\"robots\" content=\"noindex, follow\" \/>\n<meta property=\"og:locale\" content=\"fr_FR\" \/>\n<meta property=\"og:type\" content=\"article\" \/>\n<meta property=\"og:title\" content=\"Bobine de fibre optique d\u00e9ployable pour applications a\u00e9riennes\" \/>\n<meta property=\"og:description\" content=\"SEDI-ATI Fibres Optiques propose des bobines jetables pour v\u00e9hicules a\u00e9riens. Diff\u00e9rentes longueurs sont disponibles et peuvent \u00eatre personnalisables sur demande.\" \/>\n<meta property=\"og:url\" content=\"https:\/\/www.sedi-ati.com\/fr\/bobines-fibre-optique-pour-vehicules-filoguides\/bobine-de-fibre-optique-deployable-pour-applications-aeriennes\/\" \/>\n<meta property=\"og:site_name\" content=\"SEDI-ATI\" \/>\n<meta property=\"article:modified_time\" content=\"2026-03-05T16:40:15+00:00\" \/>\n<meta property=\"og:image\" content=\"https:\/\/www.sedi-ati.com\/wp-content\/uploads\/2024\/06\/Thumb-spool-UAV-1.jpg\" \/>\n\t<meta property=\"og:image:width\" content=\"400\" \/>\n\t<meta property=\"og:image:height\" content=\"400\" \/>\n\t<meta property=\"og:image:type\" content=\"image\/jpeg\" \/>\n<meta name=\"twitter:card\" content=\"summary_large_image\" \/>\n<meta name=\"twitter:label1\" content=\"Dur\u00e9e de lecture estim\u00e9e\" \/>\n\t<meta name=\"twitter:data1\" content=\"4 minutes\" \/>\n<script type=\"application\/ld+json\" class=\"yoast-schema-graph\">{\"@context\":\"https:\\\/\\\/schema.org\",\"@graph\":[{\"@type\":\"WebPage\",\"@id\":\"https:\\\/\\\/www.sedi-ati.com\\\/fr\\\/bobines-fibre-optique-pour-vehicules-filoguides\\\/bobine-de-fibre-optique-deployable-pour-applications-aeriennes\\\/\",\"url\":\"https:\\\/\\\/www.sedi-ati.com\\\/fr\\\/bobines-fibre-optique-pour-vehicules-filoguides\\\/bobine-de-fibre-optique-deployable-pour-applications-aeriennes\\\/\",\"name\":\"Bobine de fibre optique d\u00e9ployable pour applications a\u00e9riennes\",\"isPartOf\":{\"@id\":\"https:\\\/\\\/www.sedi-ati.com\\\/fr\\\/#website\"},\"primaryImageOfPage\":{\"@id\":\"https:\\\/\\\/www.sedi-ati.com\\\/fr\\\/bobines-fibre-optique-pour-vehicules-filoguides\\\/bobine-de-fibre-optique-deployable-pour-applications-aeriennes\\\/#primaryimage\"},\"image\":{\"@id\":\"https:\\\/\\\/www.sedi-ati.com\\\/fr\\\/bobines-fibre-optique-pour-vehicules-filoguides\\\/bobine-de-fibre-optique-deployable-pour-applications-aeriennes\\\/#primaryimage\"},\"thumbnailUrl\":\"https:\\\/\\\/www.sedi-ati.com\\\/wp-content\\\/uploads\\\/2024\\\/06\\\/Thumb-spool-UAV-1.jpg\",\"datePublished\":\"2024-06-20T12:46:58+00:00\",\"dateModified\":\"2026-03-05T16:40:15+00:00\",\"description\":\"SEDI-ATI Fibres Optiques propose des bobines jetables pour v\u00e9hicules a\u00e9riens. Diff\u00e9rentes longueurs sont disponibles et peuvent \u00eatre personnalisables sur demande.\",\"breadcrumb\":{\"@id\":\"https:\\\/\\\/www.sedi-ati.com\\\/fr\\\/bobines-fibre-optique-pour-vehicules-filoguides\\\/bobine-de-fibre-optique-deployable-pour-applications-aeriennes\\\/#breadcrumb\"},\"inLanguage\":\"fr-FR\",\"potentialAction\":[{\"@type\":\"ReadAction\",\"target\":[\"https:\\\/\\\/www.sedi-ati.com\\\/fr\\\/bobines-fibre-optique-pour-vehicules-filoguides\\\/bobine-de-fibre-optique-deployable-pour-applications-aeriennes\\\/\"]}]},{\"@type\":\"ImageObject\",\"inLanguage\":\"fr-FR\",\"@id\":\"https:\\\/\\\/www.sedi-ati.com\\\/fr\\\/bobines-fibre-optique-pour-vehicules-filoguides\\\/bobine-de-fibre-optique-deployable-pour-applications-aeriennes\\\/#primaryimage\",\"url\":\"https:\\\/\\\/www.sedi-ati.com\\\/wp-content\\\/uploads\\\/2024\\\/06\\\/Thumb-spool-UAV-1.jpg\",\"contentUrl\":\"https:\\\/\\\/www.sedi-ati.com\\\/wp-content\\\/uploads\\\/2024\\\/06\\\/Thumb-spool-UAV-1.jpg\",\"width\":400,\"height\":400,\"caption\":\"Bobine a\u00e9rienne\"},{\"@type\":\"BreadcrumbList\",\"@id\":\"https:\\\/\\\/www.sedi-ati.com\\\/fr\\\/bobines-fibre-optique-pour-vehicules-filoguides\\\/bobine-de-fibre-optique-deployable-pour-applications-aeriennes\\\/#breadcrumb\",\"itemListElement\":[{\"@type\":\"ListItem\",\"position\":1,\"name\":\"Home\",\"item\":\"https:\\\/\\\/www.sedi-ati.com\\\/fr\\\/\"},{\"@type\":\"ListItem\",\"position\":2,\"name\":\"Produits\",\"item\":\"https:\\\/\\\/www.sedi-ati.com\\\/fr\\\/shop\\\/\"},{\"@type\":\"ListItem\",\"position\":3,\"name\":\"Bobines fibre optique pour v\u00e9hicules filoguid\u00e9s\",\"item\":\"https:\\\/\\\/www.sedi-ati.com\\\/fr\\\/bobines-fibre-optique-pour-vehicules-filoguides\\\/\"},{\"@type\":\"ListItem\",\"position\":4,\"name\":\"Applications a\u00e9riennes\"}]},{\"@type\":\"WebSite\",\"@id\":\"https:\\\/\\\/www.sedi-ati.com\\\/fr\\\/#website\",\"url\":\"https:\\\/\\\/www.sedi-ati.com\\\/fr\\\/\",\"name\":\"SEDI-ATI\",\"description\":\"Assemblages de fibres optiques sur mesure, bundles, fentes et pieuvres\",\"publisher\":{\"@id\":\"https:\\\/\\\/www.sedi-ati.com\\\/fr\\\/#organization\"},\"potentialAction\":[{\"@type\":\"SearchAction\",\"target\":{\"@type\":\"EntryPoint\",\"urlTemplate\":\"https:\\\/\\\/www.sedi-ati.com\\\/fr\\\/?s={search_term_string}\"},\"query-input\":{\"@type\":\"PropertyValueSpecification\",\"valueRequired\":true,\"valueName\":\"search_term_string\"}}],\"inLanguage\":\"fr-FR\"},{\"@type\":\"Organization\",\"@id\":\"https:\\\/\\\/www.sedi-ati.com\\\/fr\\\/#organization\",\"name\":\"SEDI-ATI\",\"url\":\"https:\\\/\\\/www.sedi-ati.com\\\/fr\\\/\",\"logo\":{\"@type\":\"ImageObject\",\"inLanguage\":\"fr-FR\",\"@id\":\"https:\\\/\\\/www.sedi-ati.com\\\/fr\\\/#\\\/schema\\\/logo\\\/image\\\/\",\"url\":\"https:\\\/\\\/www.sedi-ati.com\\\/wp-content\\\/uploads\\\/2019\\\/10\\\/Logo_SEDI-ATI_2019_avec-baseline.png\",\"contentUrl\":\"https:\\\/\\\/www.sedi-ati.com\\\/wp-content\\\/uploads\\\/2019\\\/10\\\/Logo_SEDI-ATI_2019_avec-baseline.png\",\"width\":300,\"height\":73,\"caption\":\"SEDI-ATI\"},\"image\":{\"@id\":\"https:\\\/\\\/www.sedi-ati.com\\\/fr\\\/#\\\/schema\\\/logo\\\/image\\\/\"},\"sameAs\":[\"https:\\\/\\\/www.linkedin.com\\\/company\\\/sedi-ati-fibres-optiques\\\/\",\"https:\\\/\\\/www.youtube.com\\\/@sedi-ati-fibres-optiques\"]}]}<\/script>\n<!-- \/ Yoast SEO plugin. -->","yoast_head_json":{"title":"Bobine de fibre optique d\u00e9ployable pour applications a\u00e9riennes","description":"SEDI-ATI Fibres Optiques propose des bobines jetables pour v\u00e9hicules a\u00e9riens. Diff\u00e9rentes longueurs sont disponibles et peuvent \u00eatre personnalisables sur demande.","robots":{"index":"noindex","follow":"follow"},"og_locale":"fr_FR","og_type":"article","og_title":"Bobine de fibre optique d\u00e9ployable pour applications a\u00e9riennes","og_description":"SEDI-ATI Fibres Optiques propose des bobines jetables pour v\u00e9hicules a\u00e9riens. Diff\u00e9rentes longueurs sont disponibles et peuvent \u00eatre personnalisables sur demande.","og_url":"https:\/\/www.sedi-ati.com\/fr\/bobines-fibre-optique-pour-vehicules-filoguides\/bobine-de-fibre-optique-deployable-pour-applications-aeriennes\/","og_site_name":"SEDI-ATI","article_modified_time":"2026-03-05T16:40:15+00:00","og_image":[{"width":400,"height":400,"url":"https:\/\/www.sedi-ati.com\/wp-content\/uploads\/2024\/06\/Thumb-spool-UAV-1.jpg","type":"image\/jpeg"}],"twitter_card":"summary_large_image","twitter_misc":{"Dur\u00e9e de lecture estim\u00e9e":"4 minutes"},"schema":{"@context":"https:\/\/schema.org","@graph":[{"@type":"WebPage","@id":"https:\/\/www.sedi-ati.com\/fr\/bobines-fibre-optique-pour-vehicules-filoguides\/bobine-de-fibre-optique-deployable-pour-applications-aeriennes\/","url":"https:\/\/www.sedi-ati.com\/fr\/bobines-fibre-optique-pour-vehicules-filoguides\/bobine-de-fibre-optique-deployable-pour-applications-aeriennes\/","name":"Bobine de fibre optique d\u00e9ployable pour applications a\u00e9riennes","isPartOf":{"@id":"https:\/\/www.sedi-ati.com\/fr\/#website"},"primaryImageOfPage":{"@id":"https:\/\/www.sedi-ati.com\/fr\/bobines-fibre-optique-pour-vehicules-filoguides\/bobine-de-fibre-optique-deployable-pour-applications-aeriennes\/#primaryimage"},"image":{"@id":"https:\/\/www.sedi-ati.com\/fr\/bobines-fibre-optique-pour-vehicules-filoguides\/bobine-de-fibre-optique-deployable-pour-applications-aeriennes\/#primaryimage"},"thumbnailUrl":"https:\/\/www.sedi-ati.com\/wp-content\/uploads\/2024\/06\/Thumb-spool-UAV-1.jpg","datePublished":"2024-06-20T12:46:58+00:00","dateModified":"2026-03-05T16:40:15+00:00","description":"SEDI-ATI Fibres Optiques propose des bobines jetables pour v\u00e9hicules a\u00e9riens. Diff\u00e9rentes longueurs sont disponibles et peuvent \u00eatre personnalisables sur demande.","breadcrumb":{"@id":"https:\/\/www.sedi-ati.com\/fr\/bobines-fibre-optique-pour-vehicules-filoguides\/bobine-de-fibre-optique-deployable-pour-applications-aeriennes\/#breadcrumb"},"inLanguage":"fr-FR","potentialAction":[{"@type":"ReadAction","target":["https:\/\/www.sedi-ati.com\/fr\/bobines-fibre-optique-pour-vehicules-filoguides\/bobine-de-fibre-optique-deployable-pour-applications-aeriennes\/"]}]},{"@type":"ImageObject","inLanguage":"fr-FR","@id":"https:\/\/www.sedi-ati.com\/fr\/bobines-fibre-optique-pour-vehicules-filoguides\/bobine-de-fibre-optique-deployable-pour-applications-aeriennes\/#primaryimage","url":"https:\/\/www.sedi-ati.com\/wp-content\/uploads\/2024\/06\/Thumb-spool-UAV-1.jpg","contentUrl":"https:\/\/www.sedi-ati.com\/wp-content\/uploads\/2024\/06\/Thumb-spool-UAV-1.jpg","width":400,"height":400,"caption":"Bobine a\u00e9rienne"},{"@type":"BreadcrumbList","@id":"https:\/\/www.sedi-ati.com\/fr\/bobines-fibre-optique-pour-vehicules-filoguides\/bobine-de-fibre-optique-deployable-pour-applications-aeriennes\/#breadcrumb","itemListElement":[{"@type":"ListItem","position":1,"name":"Home","item":"https:\/\/www.sedi-ati.com\/fr\/"},{"@type":"ListItem","position":2,"name":"Produits","item":"https:\/\/www.sedi-ati.com\/fr\/shop\/"},{"@type":"ListItem","position":3,"name":"Bobines fibre optique pour v\u00e9hicules filoguid\u00e9s","item":"https:\/\/www.sedi-ati.com\/fr\/bobines-fibre-optique-pour-vehicules-filoguides\/"},{"@type":"ListItem","position":4,"name":"Applications a\u00e9riennes"}]},{"@type":"WebSite","@id":"https:\/\/www.sedi-ati.com\/fr\/#website","url":"https:\/\/www.sedi-ati.com\/fr\/","name":"SEDI-ATI","description":"Assemblages de fibres optiques sur mesure, bundles, fentes et pieuvres","publisher":{"@id":"https:\/\/www.sedi-ati.com\/fr\/#organization"},"potentialAction":[{"@type":"SearchAction","target":{"@type":"EntryPoint","urlTemplate":"https:\/\/www.sedi-ati.com\/fr\/?s={search_term_string}"},"query-input":{"@type":"PropertyValueSpecification","valueRequired":true,"valueName":"search_term_string"}}],"inLanguage":"fr-FR"},{"@type":"Organization","@id":"https:\/\/www.sedi-ati.com\/fr\/#organization","name":"SEDI-ATI","url":"https:\/\/www.sedi-ati.com\/fr\/","logo":{"@type":"ImageObject","inLanguage":"fr-FR","@id":"https:\/\/www.sedi-ati.com\/fr\/#\/schema\/logo\/image\/","url":"https:\/\/www.sedi-ati.com\/wp-content\/uploads\/2019\/10\/Logo_SEDI-ATI_2019_avec-baseline.png","contentUrl":"https:\/\/www.sedi-ati.com\/wp-content\/uploads\/2019\/10\/Logo_SEDI-ATI_2019_avec-baseline.png","width":300,"height":73,"caption":"SEDI-ATI"},"image":{"@id":"https:\/\/www.sedi-ati.com\/fr\/#\/schema\/logo\/image\/"},"sameAs":["https:\/\/www.linkedin.com\/company\/sedi-ati-fibres-optiques\/","https:\/\/www.youtube.com\/@sedi-ati-fibres-optiques"]}]}},"_links":{"self":[{"href":"https:\/\/www.sedi-ati.com\/fr\/wp-json\/wp\/v2\/product\/10859","targetHints":{"allow":["GET"]}}],"collection":[{"href":"https:\/\/www.sedi-ati.com\/fr\/wp-json\/wp\/v2\/product"}],"about":[{"href":"https:\/\/www.sedi-ati.com\/fr\/wp-json\/wp\/v2\/types\/product"}],"wp:featuredmedia":[{"embeddable":true,"href":"https:\/\/www.sedi-ati.com\/fr\/wp-json\/wp\/v2\/media\/19963"}],"wp:attachment":[{"href":"https:\/\/www.sedi-ati.com\/fr\/wp-json\/wp\/v2\/media?parent=10859"}],"wp:term":[{"taxonomy":"product_brand","embeddable":true,"href":"https:\/\/www.sedi-ati.com\/fr\/wp-json\/wp\/v2\/product_brand?post=10859"},{"taxonomy":"product_cat","embeddable":true,"href":"https:\/\/www.sedi-ati.com\/fr\/wp-json\/wp\/v2\/product_cat?post=10859"},{"taxonomy":"product_tag","embeddable":true,"href":"https:\/\/www.sedi-ati.com\/fr\/wp-json\/wp\/v2\/product_tag?post=10859"}],"curies":[{"name":"wp","href":"https:\/\/api.w.org\/{rel}","templated":true}]}}