{"id":11337,"date":"2023-05-31T15:32:07","date_gmt":"2023-05-31T13:32:07","guid":{"rendered":"https:\/\/www.sedi-ati.com\/?post_type=product&#038;p=11337"},"modified":"2025-11-21T12:31:35","modified_gmt":"2025-11-21T11:31:35","slug":"cables-fibres-optiques-pour-la-cryogenie","status":"publish","type":"product","link":"https:\/\/www.sedi-ati.com\/fr\/cordons-et-cables-fibre-optique-speciaux\/cables-fibres-optiques-pour-la-cryogenie\/","title":{"rendered":"Cordons fibres optiques pour la cryog\u00e9nie"},"content":{"rendered":"<section class=\"wpb-content-wrapper\"><p>[vc_row content_placement=\u00a0\u00bbmiddle\u00a0\u00bb el_class=\u00a0\u00bbz-index-1 chevauchement-horizontal-range range-applications\u00a0\u00bb][vc_column width=\u00a0\u00bb3\/5&Prime; css=\u00a0\u00bb.vc_custom_1685526785543{background-color: #dfe2e8 !important;}\u00a0\u00bb el_class=\u00a0\u00bbshadow border-radius-hd-bd line-bottom line-blue\u00a0\u00bb][vc_raw_html el_class=\u00a0\u00bbgros-titre flex-column-mobile\u00a0\u00bb]JTNDcCUzRUMlQzMlQTJibGUlM0NzcGFuJTIwY2xhc3MlM0QlMjJwb2ludC1yb3VnZSUyMiUzRSUzQyUyRnNwYW4lM0VGaWJyZXMlMjBvcHRpcXVlcyUzQyUyRnAlM0U=[\/vc_raw_html][vc_column_text el_class=\u00a0\u00bbtitre-baseline\u00a0\u00bb]<\/p>\n<h2>Conception c\u00e2bles fibres optiques pour la cryog\u00e9nie<\/h2>\n<p>[\/vc_column_text][vc_column_text]Vous \u00eates \u00e0 la recherche d\u2019une <strong class=\"d2b\">liaison fibre optique<\/strong> fonctionnant \u00e0 des <strong class=\"d2b\">temp\u00e9ratures extr\u00eamement basses<\/strong> ? SEDI-ATI peut fournir des <strong class=\"d2b\">cordons fibre optique sp\u00e9cifiques pour la cryog\u00e9nie<\/strong>.[\/vc_column_text][vc_btn title=\u00a0\u00bbDemandez un devis\u00a0\u00bb style=\u00a0\u00bbcustom\u00a0\u00bb custom_background=\u00a0\u00bb#132f40&Prime; custom_text=\u00a0\u00bb#ffffff\u00a0\u00bb shape=\u00a0\u00bbsquare\u00a0\u00bb link=\u00a0\u00bburl:%2Ffr%2Fdemande-de-devis%2F\u00a0\u00bb el_class=\u00a0\u00bbline-bottom line-blue\u00a0\u00bb][\/vc_column][vc_column width=\u00a0\u00bb1\/2&Prime; el_class=\u00a0\u00bbimg-entete\u00a0\u00bb][vc_single_image image=\u00a0\u00bb11343&Prime; img_size=\u00a0\u00bbfull\u00a0\u00bb alignment=\u00a0\u00bbcenter\u00a0\u00bb][\/vc_column][\/vc_row][vc_row full_width=\u00a0\u00bbstretch_row_content\u00a0\u00bb css=\u00a0\u00bb.vc_custom_1683119658248{background-color: #dfe2e8 !important;}\u00a0\u00bb el_class=\u00a0\u00bbfull-with-4000&Prime;][vc_column width=\u00a0\u00bb1\/2&Prime;][vc_row_inner][vc_column_inner el_class=\u00a0\u00bbwith-0-1240&Prime; width=\u00a0\u00bb1\/3&Prime;][\/vc_column_inner][vc_column_inner width=\u00a0\u00bb2\/3&Prime;][vc_raw_html el_class=\u00a0\u00bbpetit-titre\u00a0\u00bb]JTNDcCUzRUNhcmFjdCVDMyVBOXJpc3RpcXVlcyUzQ3NwYW4lMjBjbGFzcyUzRCUyMnBvaW50LXJvdWdlJTIwcG9pbnQtcGV0aXQlMjIlM0UlM0MlMkZzcGFuJTNFUHJpbmNpcGFsZXMlM0MlMkZwJTNF[\/vc_raw_html][vc_column_text]<\/p>\n<ul>\n<li>Compatibilit\u00e9 avec les cryostats : jusqu&rsquo;\u00e0 1,5 K (-271,6 \u00b0C),<\/li>\n<li>Type de fibre : monomode, multimode ou maintient de polarisation,<\/li>\n<li>Structure : fibre unique ou faisceau,<\/li>\n<li>F\u00e9rule c\u00e9ramique ou acier inoxydable,<\/li>\n<li>Connecteurs : FC\/APC, FC\/PC ou SMA.<\/li>\n<\/ul>\n<p>[\/vc_column_text][\/vc_column_inner][\/vc_row_inner][\/vc_column][vc_column width=\u00a0\u00bb1\/2&Prime;][vc_row_inner][vc_column_inner width=\u00a0\u00bb1\/6&Prime;][\/vc_column_inner][vc_column_inner el_class=\u00a0\u00bbshadow border-radius-hd-bd line-bottom line-blue\u00a0\u00bb width=\u00a0\u00bb2\/3&Prime; css=\u00a0\u00bb.vc_custom_1686132464232{background-color: #ffffff !important;}\u00a0\u00bb offset=\u00a0\u00bbvc_col-xs-9&Prime;][vc_column_text el_class=\u00a0\u00bbbaseline\u00a0\u00bb]<\/p>\n<p style=\"text-align: center;\">Cliquez pour t\u00e9l\u00e9charger la brochure en PDF<\/p>\n<p>[\/vc_column_text][vc_btn title=\u00a0\u00bbBrochure\u00a0\u00bb style=\u00a0\u00bbcustom\u00a0\u00bb custom_background=\u00a0\u00bb#132f40&Prime; custom_text=\u00a0\u00bb#ffffff\u00a0\u00bb shape=\u00a0\u00bbsquare\u00a0\u00bb align=\u00a0\u00bbcenter\u00a0\u00bb i_icon_fontawesome=\u00a0\u00bbfas fa-cloud-download-alt\u00a0\u00bb add_icon=\u00a0\u00bbtrue\u00a0\u00bb link=\u00a0\u00bburl:%2Ftelechargement-brochure%2F%3Ffor_c%3D11337&Prime; el_class=\u00a0\u00bbline-bottom line-blue\u00a0\u00bb][\/vc_column_inner][vc_column_inner width=\u00a0\u00bb1\/6&Prime;][\/vc_column_inner][\/vc_row_inner][\/vc_column][\/vc_row][vc_row][vc_column width=\u00a0\u00bb1\/2&Prime;][vc_column_text]SEDI-ATI propose des cordons cryog\u00e9niques herm\u00e9tiques \u00e0 base de fibres optiques monomodes* et multimodes allant jusqu&rsquo;\u00e0 10<sup>-9<\/sup> mbar, fonctionnant dans des environnements cryog\u00e9niques et pouvant descendre jusqu&rsquo;\u00e0 quelques Kelvin (jusqu&rsquo;\u00e0 1.5 K).<\/p>\n<p>L&rsquo;assemblage est r\u00e9alis\u00e9 selon un proc\u00e9d\u00e9 compatible avec la cryog\u00e9nie. Les mat\u00e9riaux utilis\u00e9s pour fabriquer ces cordons sont tous \u00e0 faible d\u00e9gagement gazeux et r\u00e9sistants au froid :<\/p>\n<ul>\n<li>Rev\u00eatements en polyimide ou en acrylate,<\/li>\n<li>Gaines en PEEK ou en acier inoxydable ou en polym\u00e8re sp\u00e9cifique (diam\u00e8tre ext\u00e9rieur pouvant \u00eatre aussi petit que 1 mm),<\/li>\n<li>Connecteurs en acier inoxydable : ST ou FC pour le vide ou MTP.<\/li>\n<\/ul>\n<p>[\/vc_column_text][\/vc_column][vc_column width=\u00a0\u00bb1\/2&Prime;][vc_column_text]Ces cordons cryog\u00e9niques \u00e0 base de fibre optique peuvent \u00eatre coupl\u00e9s avec des raccords ST, FC ou SMA en acier inoxydable.<\/p>\n<p>SEDI-ATI propose aussi une s\u00e9lection de <a href=\"https:\/\/www.sedi-ati.com\/fr\/traversees-et-passages-etanches-a-fibres-optiques\/\">travers\u00e9es \u00e9tanches<\/a> en ligne ou raccordables compatibles avec le vide et l&rsquo;ultravide.<\/p>\n<p>Nous avons aussi une gamme de travers\u00e9es compatibles avec les applications en environnement cryog\u00e9nique, notamment pour le quantique : la <a href=\"https:\/\/www.sedi-ati.com\/fr\/traversees-et-passages-etanches-a-fibres-optiques\/traversees-etanches-fibres-optiques-m8v-pour-le-vide\/\">KTRAV-M8V<\/a>, la <a href=\"https:\/\/www.sedi-ati.com\/fr\/traversees-et-passages-etanches-a-fibres-optiques\/traversees-etanches-fibres-optiques-m12v-pour-le-vide-et-la-cryogenie\/\">KTRAV-M12V<\/a>, ainsi que la <a href=\"https:\/\/www.sedi-ati.com\/fr\/traversees-et-passages-etanches-a-fibres-optiques\/traversees-etanches-fibres-optiques-a-souder-mtp-mpo\/\">KTRAV-MTP<\/a> sur f\u00fbt.<\/p>\n<p>* Les fibres \u00e0 maintien de polarisation sont disponibles sur demande. Veuillez noter que les fibres PM standard sont disponibles avec un rev\u00eatement en acrylate et r\u00e9pondent donc \u00e0 des sp\u00e9cifications moins strictes : niveau de vide jusqu&rsquo;\u00e0 10<sup>-6<\/sup> mbar. N&rsquo;h\u00e9sitez pas \u00e0 nous consulter.[\/vc_column_text][\/vc_column][\/vc_row][vc_row][vc_column][vc_empty_space][\/vc_column][\/vc_row][vc_row full_width=\u00a0\u00bbstretch_row\u00a0\u00bb css=\u00a0\u00bb.vc_custom_1685526799785{background-color: #dfe2e8 !important;}\u00a0\u00bb][vc_column][vc_row_inner][vc_column_inner width=\u00a0\u00bb1\/6&Prime;][\/vc_column_inner][vc_column_inner el_class=\u00a0\u00bbshadow border-radius-hd-bd line-bottom line-blue\u00a0\u00bb width=\u00a0\u00bb2\/3&Prime; css=\u00a0\u00bb.vc_custom_1679652604813{background-color: #ffffff !important;}\u00a0\u00bb][vc_column_text el_class=\u00a0\u00bbbaseline\u00a0\u00bb]<\/p>\n<p style=\"text-align: center;\">N\u2019h\u00e9sitez pas \u00e0 vous rapprocher de nous et \u00e0 nous faire part de votre demande sp\u00e9cifique<\/p>\n<p>[\/vc_column_text][vc_btn title=\u00a0\u00bbDemande de devis\u00a0\u00bb style=\u00a0\u00bbcustom\u00a0\u00bb custom_background=\u00a0\u00bb#132f40&Prime; custom_text=\u00a0\u00bb#ffffff\u00a0\u00bb shape=\u00a0\u00bbsquare\u00a0\u00bb align=\u00a0\u00bbcenter\u00a0\u00bb link=\u00a0\u00bburl:%2Ffr%2Fdemande-de-devis%2F\u00a0\u00bb el_class=\u00a0\u00bbline-bottom line-blue\u00a0\u00bb][\/vc_column_inner][vc_column_inner width=\u00a0\u00bb1\/6&Prime;][\/vc_column_inner][\/vc_row_inner][\/vc_column][\/vc_row][vc_row full_width=\u00a0\u00bbstretch_row\u00a0\u00bb disable_element=\u00a0\u00bbyes\u00a0\u00bb el_class=\u00a0\u00bbchevauchement-vertical-range petit-chevauchement\u00a0\u00bb][vc_column][vc_text_separator title=\u00a0\u00bbCas clients\u00a0\u00bb title_align=\u00a0\u00bbseparator_align_left\u00a0\u00bb color=\u00a0\u00bbcustom\u00a0\u00bb border_width=\u00a0\u00bb2&Prime; el_class=\u00a0\u00bbpetit-titre\u00a0\u00bb accent_color=\u00a0\u00bb#000000&Prime;][vc_column_text el_class=\u00a0\u00bbpetit-titre\u00a0\u00bb]C\u00e2bles de fibres optiques[\/vc_column_text][vc_empty_space height=\u00a0\u00bb10px\u00a0\u00bb][vc_basic_grid post_type=\u00a0\u00bbcas_client\u00a0\u00bb max_items=\u00a0\u00bb5&Prime; item=\u00a0\u00bb10738&Prime; grid_id=\u00a0\u00bbvc_gid:1763724550927-f5e88905-f97d-2&Prime; taxonomies=\u00a0\u00bb433856, 433857&Prime;][\/vc_column][\/vc_row][vc_row][vc_column][vc_btn title=\u00a0\u00bb^\u00a0\u00bb style=\u00a0\u00bbflat\u00a0\u00bb shape=\u00a0\u00bbsquare\u00a0\u00bb link=\u00a0\u00bburl:%23Wrapper\u00a0\u00bb el_class=\u00a0\u00bbbtn-haut\u00a0\u00bb][\/vc_column][\/vc_row]<\/p>\n<\/section>","protected":false},"excerpt":{"rendered":"<p>Vous \u00eates \u00e0 la recherche d\u2019une liaison fibre optique fonctionnant \u00e0 des temp\u00e9ratures extr\u00eamement basses ? SEDI-ATI peut fournir des cordons fibre optique sp\u00e9cifiques pour la cryog\u00e9nie.<\/p>\n","protected":false},"featured_media":11342,"template":"","meta":{"_acf_changed":false,"rs_blank_template":"","rs_page_bg_color":"","slide_template_v7":""},"product_brand":[],"product_cat":[432298],"product_tag":[434224,434222,434221],"class_list":{"0":"post-11337","1":"product","2":"type-product","3":"status-publish","4":"has-post-thumbnail","6":"product_cat-cordons-et-cables-fibre-optique-speciaux","7":"product_tag-cordons-et-cables","8":"product_tag-cryogenie","9":"product_tag-vide-ultra-vide","11":"first","12":"instock","13":"shipping-taxable","14":"product-type-simple"},"acf":[],"yoast_head":"<!-- This site is optimized with the Yoast SEO plugin v27.3 - https:\/\/yoast.com\/product\/yoast-seo-wordpress\/ -->\n<title>C\u00e2ble fibre optique pour la cryog\u00e9nie, temp\u00e9rature extr\u00eamement basse<\/title>\n<meta name=\"description\" content=\"SEDI-ATI fabrique des c\u00e2bles de fibres optiques adapt\u00e9 aux environnements extr\u00eames avec des temp\u00e9ratures extr\u00eamement basses. Pour tout projet, contactez-nous !\" \/>\n<meta name=\"robots\" content=\"index, follow, max-snippet:-1, max-image-preview:large, max-video-preview:-1\" \/>\n<link rel=\"canonical\" href=\"https:\/\/www.sedi-ati.com\/fr\/cordons-et-cables-fibre-optique-speciaux\/cables-fibres-optiques-pour-la-cryogenie\/\" \/>\n<meta property=\"og:locale\" content=\"fr_FR\" \/>\n<meta property=\"og:type\" content=\"article\" \/>\n<meta property=\"og:title\" content=\"C\u00e2ble fibre optique pour la cryog\u00e9nie, temp\u00e9rature extr\u00eamement basse\" \/>\n<meta property=\"og:description\" content=\"SEDI-ATI fabrique des c\u00e2bles de fibres optiques adapt\u00e9 aux environnements extr\u00eames avec des temp\u00e9ratures extr\u00eamement basses. Pour tout projet, contactez-nous !\" \/>\n<meta property=\"og:url\" content=\"https:\/\/www.sedi-ati.com\/fr\/cordons-et-cables-fibre-optique-speciaux\/cables-fibres-optiques-pour-la-cryogenie\/\" \/>\n<meta property=\"og:site_name\" content=\"SEDI-ATI\" \/>\n<meta property=\"article:modified_time\" content=\"2025-11-21T11:31:35+00:00\" \/>\n<meta property=\"og:image\" content=\"https:\/\/www.sedi-ati.com\/wp-content\/uploads\/2023\/05\/cable-fibre-optique-cryogenie.jpg\" \/>\n\t<meta property=\"og:image:width\" content=\"400\" \/>\n\t<meta property=\"og:image:height\" content=\"400\" \/>\n\t<meta property=\"og:image:type\" content=\"image\/jpeg\" \/>\n<meta name=\"twitter:card\" content=\"summary_large_image\" \/>\n<meta name=\"twitter:label1\" content=\"Dur\u00e9e de lecture estim\u00e9e\" \/>\n\t<meta name=\"twitter:data1\" content=\"3 minutes\" \/>\n<script type=\"application\/ld+json\" class=\"yoast-schema-graph\">{\"@context\":\"https:\\\/\\\/schema.org\",\"@graph\":[{\"@type\":\"WebPage\",\"@id\":\"https:\\\/\\\/www.sedi-ati.com\\\/fr\\\/cordons-et-cables-fibre-optique-speciaux\\\/cables-fibres-optiques-pour-la-cryogenie\\\/\",\"url\":\"https:\\\/\\\/www.sedi-ati.com\\\/fr\\\/cordons-et-cables-fibre-optique-speciaux\\\/cables-fibres-optiques-pour-la-cryogenie\\\/\",\"name\":\"C\u00e2ble fibre optique pour la cryog\u00e9nie, temp\u00e9rature extr\u00eamement basse\",\"isPartOf\":{\"@id\":\"https:\\\/\\\/www.sedi-ati.com\\\/fr\\\/#website\"},\"primaryImageOfPage\":{\"@id\":\"https:\\\/\\\/www.sedi-ati.com\\\/fr\\\/cordons-et-cables-fibre-optique-speciaux\\\/cables-fibres-optiques-pour-la-cryogenie\\\/#primaryimage\"},\"image\":{\"@id\":\"https:\\\/\\\/www.sedi-ati.com\\\/fr\\\/cordons-et-cables-fibre-optique-speciaux\\\/cables-fibres-optiques-pour-la-cryogenie\\\/#primaryimage\"},\"thumbnailUrl\":\"https:\\\/\\\/www.sedi-ati.com\\\/wp-content\\\/uploads\\\/2023\\\/05\\\/cable-fibre-optique-cryogenie.jpg\",\"datePublished\":\"2023-05-31T13:32:07+00:00\",\"dateModified\":\"2025-11-21T11:31:35+00:00\",\"description\":\"SEDI-ATI fabrique des c\u00e2bles de fibres optiques adapt\u00e9 aux environnements extr\u00eames avec des temp\u00e9ratures extr\u00eamement basses. Pour tout projet, contactez-nous !\",\"breadcrumb\":{\"@id\":\"https:\\\/\\\/www.sedi-ati.com\\\/fr\\\/cordons-et-cables-fibre-optique-speciaux\\\/cables-fibres-optiques-pour-la-cryogenie\\\/#breadcrumb\"},\"inLanguage\":\"fr-FR\",\"potentialAction\":[{\"@type\":\"ReadAction\",\"target\":[\"https:\\\/\\\/www.sedi-ati.com\\\/fr\\\/cordons-et-cables-fibre-optique-speciaux\\\/cables-fibres-optiques-pour-la-cryogenie\\\/\"]}]},{\"@type\":\"ImageObject\",\"inLanguage\":\"fr-FR\",\"@id\":\"https:\\\/\\\/www.sedi-ati.com\\\/fr\\\/cordons-et-cables-fibre-optique-speciaux\\\/cables-fibres-optiques-pour-la-cryogenie\\\/#primaryimage\",\"url\":\"https:\\\/\\\/www.sedi-ati.com\\\/wp-content\\\/uploads\\\/2023\\\/05\\\/cable-fibre-optique-cryogenie.jpg\",\"contentUrl\":\"https:\\\/\\\/www.sedi-ati.com\\\/wp-content\\\/uploads\\\/2023\\\/05\\\/cable-fibre-optique-cryogenie.jpg\",\"width\":400,\"height\":400,\"caption\":\"c\u00e2ble fibre optique cryog\u00e9nie\"},{\"@type\":\"BreadcrumbList\",\"@id\":\"https:\\\/\\\/www.sedi-ati.com\\\/fr\\\/cordons-et-cables-fibre-optique-speciaux\\\/cables-fibres-optiques-pour-la-cryogenie\\\/#breadcrumb\",\"itemListElement\":[{\"@type\":\"ListItem\",\"position\":1,\"name\":\"Home\",\"item\":\"https:\\\/\\\/www.sedi-ati.com\\\/fr\\\/\"},{\"@type\":\"ListItem\",\"position\":2,\"name\":\"Produits\",\"item\":\"https:\\\/\\\/www.sedi-ati.com\\\/fr\\\/shop\\\/\"},{\"@type\":\"ListItem\",\"position\":3,\"name\":\"Cordons et c\u00e2bles fibre optique sp\u00e9ciaux\",\"item\":\"https:\\\/\\\/www.sedi-ati.com\\\/fr\\\/cordons-et-cables-fibre-optique-speciaux\\\/\"},{\"@type\":\"ListItem\",\"position\":4,\"name\":\"Cordons fibres optiques pour la cryog\u00e9nie\"}]},{\"@type\":\"WebSite\",\"@id\":\"https:\\\/\\\/www.sedi-ati.com\\\/fr\\\/#website\",\"url\":\"https:\\\/\\\/www.sedi-ati.com\\\/fr\\\/\",\"name\":\"SEDI-ATI\",\"description\":\"Assemblages de fibres optiques sur mesure, bundles, fentes et pieuvres\",\"publisher\":{\"@id\":\"https:\\\/\\\/www.sedi-ati.com\\\/fr\\\/#organization\"},\"potentialAction\":[{\"@type\":\"SearchAction\",\"target\":{\"@type\":\"EntryPoint\",\"urlTemplate\":\"https:\\\/\\\/www.sedi-ati.com\\\/fr\\\/?s={search_term_string}\"},\"query-input\":{\"@type\":\"PropertyValueSpecification\",\"valueRequired\":true,\"valueName\":\"search_term_string\"}}],\"inLanguage\":\"fr-FR\"},{\"@type\":\"Organization\",\"@id\":\"https:\\\/\\\/www.sedi-ati.com\\\/fr\\\/#organization\",\"name\":\"SEDI-ATI\",\"url\":\"https:\\\/\\\/www.sedi-ati.com\\\/fr\\\/\",\"logo\":{\"@type\":\"ImageObject\",\"inLanguage\":\"fr-FR\",\"@id\":\"https:\\\/\\\/www.sedi-ati.com\\\/fr\\\/#\\\/schema\\\/logo\\\/image\\\/\",\"url\":\"https:\\\/\\\/www.sedi-ati.com\\\/wp-content\\\/uploads\\\/2019\\\/10\\\/Logo_SEDI-ATI_2019_avec-baseline.png\",\"contentUrl\":\"https:\\\/\\\/www.sedi-ati.com\\\/wp-content\\\/uploads\\\/2019\\\/10\\\/Logo_SEDI-ATI_2019_avec-baseline.png\",\"width\":300,\"height\":73,\"caption\":\"SEDI-ATI\"},\"image\":{\"@id\":\"https:\\\/\\\/www.sedi-ati.com\\\/fr\\\/#\\\/schema\\\/logo\\\/image\\\/\"},\"sameAs\":[\"https:\\\/\\\/www.linkedin.com\\\/company\\\/sedi-ati-fibres-optiques\\\/\",\"https:\\\/\\\/www.youtube.com\\\/@sedi-ati-fibres-optiques\"]}]}<\/script>\n<!-- \/ Yoast SEO plugin. -->","yoast_head_json":{"title":"C\u00e2ble fibre optique pour la cryog\u00e9nie, temp\u00e9rature extr\u00eamement basse","description":"SEDI-ATI fabrique des c\u00e2bles de fibres optiques adapt\u00e9 aux environnements extr\u00eames avec des temp\u00e9ratures extr\u00eamement basses. Pour tout projet, contactez-nous !","robots":{"index":"index","follow":"follow","max-snippet":"max-snippet:-1","max-image-preview":"max-image-preview:large","max-video-preview":"max-video-preview:-1"},"canonical":"https:\/\/www.sedi-ati.com\/fr\/cordons-et-cables-fibre-optique-speciaux\/cables-fibres-optiques-pour-la-cryogenie\/","og_locale":"fr_FR","og_type":"article","og_title":"C\u00e2ble fibre optique pour la cryog\u00e9nie, temp\u00e9rature extr\u00eamement basse","og_description":"SEDI-ATI fabrique des c\u00e2bles de fibres optiques adapt\u00e9 aux environnements extr\u00eames avec des temp\u00e9ratures extr\u00eamement basses. Pour tout projet, contactez-nous !","og_url":"https:\/\/www.sedi-ati.com\/fr\/cordons-et-cables-fibre-optique-speciaux\/cables-fibres-optiques-pour-la-cryogenie\/","og_site_name":"SEDI-ATI","article_modified_time":"2025-11-21T11:31:35+00:00","og_image":[{"width":400,"height":400,"url":"https:\/\/www.sedi-ati.com\/wp-content\/uploads\/2023\/05\/cable-fibre-optique-cryogenie.jpg","type":"image\/jpeg"}],"twitter_card":"summary_large_image","twitter_misc":{"Dur\u00e9e de lecture estim\u00e9e":"3 minutes"},"schema":{"@context":"https:\/\/schema.org","@graph":[{"@type":"WebPage","@id":"https:\/\/www.sedi-ati.com\/fr\/cordons-et-cables-fibre-optique-speciaux\/cables-fibres-optiques-pour-la-cryogenie\/","url":"https:\/\/www.sedi-ati.com\/fr\/cordons-et-cables-fibre-optique-speciaux\/cables-fibres-optiques-pour-la-cryogenie\/","name":"C\u00e2ble fibre optique pour la cryog\u00e9nie, temp\u00e9rature extr\u00eamement basse","isPartOf":{"@id":"https:\/\/www.sedi-ati.com\/fr\/#website"},"primaryImageOfPage":{"@id":"https:\/\/www.sedi-ati.com\/fr\/cordons-et-cables-fibre-optique-speciaux\/cables-fibres-optiques-pour-la-cryogenie\/#primaryimage"},"image":{"@id":"https:\/\/www.sedi-ati.com\/fr\/cordons-et-cables-fibre-optique-speciaux\/cables-fibres-optiques-pour-la-cryogenie\/#primaryimage"},"thumbnailUrl":"https:\/\/www.sedi-ati.com\/wp-content\/uploads\/2023\/05\/cable-fibre-optique-cryogenie.jpg","datePublished":"2023-05-31T13:32:07+00:00","dateModified":"2025-11-21T11:31:35+00:00","description":"SEDI-ATI fabrique des c\u00e2bles de fibres optiques adapt\u00e9 aux environnements extr\u00eames avec des temp\u00e9ratures extr\u00eamement basses. Pour tout projet, contactez-nous !","breadcrumb":{"@id":"https:\/\/www.sedi-ati.com\/fr\/cordons-et-cables-fibre-optique-speciaux\/cables-fibres-optiques-pour-la-cryogenie\/#breadcrumb"},"inLanguage":"fr-FR","potentialAction":[{"@type":"ReadAction","target":["https:\/\/www.sedi-ati.com\/fr\/cordons-et-cables-fibre-optique-speciaux\/cables-fibres-optiques-pour-la-cryogenie\/"]}]},{"@type":"ImageObject","inLanguage":"fr-FR","@id":"https:\/\/www.sedi-ati.com\/fr\/cordons-et-cables-fibre-optique-speciaux\/cables-fibres-optiques-pour-la-cryogenie\/#primaryimage","url":"https:\/\/www.sedi-ati.com\/wp-content\/uploads\/2023\/05\/cable-fibre-optique-cryogenie.jpg","contentUrl":"https:\/\/www.sedi-ati.com\/wp-content\/uploads\/2023\/05\/cable-fibre-optique-cryogenie.jpg","width":400,"height":400,"caption":"c\u00e2ble fibre optique cryog\u00e9nie"},{"@type":"BreadcrumbList","@id":"https:\/\/www.sedi-ati.com\/fr\/cordons-et-cables-fibre-optique-speciaux\/cables-fibres-optiques-pour-la-cryogenie\/#breadcrumb","itemListElement":[{"@type":"ListItem","position":1,"name":"Home","item":"https:\/\/www.sedi-ati.com\/fr\/"},{"@type":"ListItem","position":2,"name":"Produits","item":"https:\/\/www.sedi-ati.com\/fr\/shop\/"},{"@type":"ListItem","position":3,"name":"Cordons et c\u00e2bles fibre optique sp\u00e9ciaux","item":"https:\/\/www.sedi-ati.com\/fr\/cordons-et-cables-fibre-optique-speciaux\/"},{"@type":"ListItem","position":4,"name":"Cordons fibres optiques pour la cryog\u00e9nie"}]},{"@type":"WebSite","@id":"https:\/\/www.sedi-ati.com\/fr\/#website","url":"https:\/\/www.sedi-ati.com\/fr\/","name":"SEDI-ATI","description":"Assemblages de fibres optiques sur mesure, bundles, fentes et pieuvres","publisher":{"@id":"https:\/\/www.sedi-ati.com\/fr\/#organization"},"potentialAction":[{"@type":"SearchAction","target":{"@type":"EntryPoint","urlTemplate":"https:\/\/www.sedi-ati.com\/fr\/?s={search_term_string}"},"query-input":{"@type":"PropertyValueSpecification","valueRequired":true,"valueName":"search_term_string"}}],"inLanguage":"fr-FR"},{"@type":"Organization","@id":"https:\/\/www.sedi-ati.com\/fr\/#organization","name":"SEDI-ATI","url":"https:\/\/www.sedi-ati.com\/fr\/","logo":{"@type":"ImageObject","inLanguage":"fr-FR","@id":"https:\/\/www.sedi-ati.com\/fr\/#\/schema\/logo\/image\/","url":"https:\/\/www.sedi-ati.com\/wp-content\/uploads\/2019\/10\/Logo_SEDI-ATI_2019_avec-baseline.png","contentUrl":"https:\/\/www.sedi-ati.com\/wp-content\/uploads\/2019\/10\/Logo_SEDI-ATI_2019_avec-baseline.png","width":300,"height":73,"caption":"SEDI-ATI"},"image":{"@id":"https:\/\/www.sedi-ati.com\/fr\/#\/schema\/logo\/image\/"},"sameAs":["https:\/\/www.linkedin.com\/company\/sedi-ati-fibres-optiques\/","https:\/\/www.youtube.com\/@sedi-ati-fibres-optiques"]}]}},"_links":{"self":[{"href":"https:\/\/www.sedi-ati.com\/fr\/wp-json\/wp\/v2\/product\/11337","targetHints":{"allow":["GET"]}}],"collection":[{"href":"https:\/\/www.sedi-ati.com\/fr\/wp-json\/wp\/v2\/product"}],"about":[{"href":"https:\/\/www.sedi-ati.com\/fr\/wp-json\/wp\/v2\/types\/product"}],"wp:featuredmedia":[{"embeddable":true,"href":"https:\/\/www.sedi-ati.com\/fr\/wp-json\/wp\/v2\/media\/11342"}],"wp:attachment":[{"href":"https:\/\/www.sedi-ati.com\/fr\/wp-json\/wp\/v2\/media?parent=11337"}],"wp:term":[{"taxonomy":"product_brand","embeddable":true,"href":"https:\/\/www.sedi-ati.com\/fr\/wp-json\/wp\/v2\/product_brand?post=11337"},{"taxonomy":"product_cat","embeddable":true,"href":"https:\/\/www.sedi-ati.com\/fr\/wp-json\/wp\/v2\/product_cat?post=11337"},{"taxonomy":"product_tag","embeddable":true,"href":"https:\/\/www.sedi-ati.com\/fr\/wp-json\/wp\/v2\/product_tag?post=11337"}],"curies":[{"name":"wp","href":"https:\/\/api.w.org\/{rel}","templated":true}]}}