{"id":11364,"date":"2023-05-31T17:25:09","date_gmt":"2023-05-31T15:25:09","guid":{"rendered":"https:\/\/www.sedi-ati.com\/?post_type=product&#038;p=11364"},"modified":"2025-09-25T16:27:35","modified_gmt":"2025-09-25T14:27:35","slug":"k-power-adaptateur-sma-sma-pour-transfert-de-puissance","status":"publish","type":"product","link":"https:\/\/www.sedi-ati.com\/fr\/connecteurs-optiques-et-raccords\/k-power-adaptateur-sma-sma-pour-transfert-de-puissance\/","title":{"rendered":"K-Power adaptateur SMA-SMA pour transfert de puissance"},"content":{"rendered":"<section class=\"wpb-content-wrapper\"><p>[vc_row content_placement=\u00a0\u00bbmiddle\u00a0\u00bb el_class=\u00a0\u00bbz-index-1 chevauchement-horizontal-range range-applications\u00a0\u00bb][vc_column width=\u00a0\u00bb3\/5&Prime; css=\u00a0\u00bb.vc_custom_1685526785543{background-color: #dfe2e8 !important;}\u00a0\u00bb el_class=\u00a0\u00bbshadow border-radius-hd-bd line-bottom line-blue\u00a0\u00bb][vc_raw_html el_class=\u00a0\u00bbgros-titre flex-column-mobile flex-column-desk\u00a0\u00bb]JTNDcCUzRUFkYXB0YXRldXJzJTNDc3BhbiUyMGNsYXNzJTNEJTIycG9pbnQtcm91Z2UlMjIlM0UlM0MlMkZzcGFuJTNFVHJhbnNmZXJ0JTNDJTJGcCUzRSUyMCUwQSUwQQ==[\/vc_raw_html][vc_column_text el_class=\u00a0\u00bbtitre-baseline\u00a0\u00bb]<\/p>\n<h2>R\u00e9alisation d&rsquo;adaptateur SMA-SMA pour le transfert de puissance<\/h2>\n<p>[\/vc_column_text][vc_column_text]K-Power, l\u2019adaptateur SMA-SMA pour transfert de puissance, vise \u00e0 connecter deux c\u00e2bles fibre optique connectoris\u00e9s SMA-905.[\/vc_column_text][vc_btn title=\u00a0\u00bbDemandez un devis\u00a0\u00bb style=\u00a0\u00bbcustom\u00a0\u00bb custom_background=\u00a0\u00bb#132f40&Prime; custom_text=\u00a0\u00bb#ffffff\u00a0\u00bb shape=\u00a0\u00bbsquare\u00a0\u00bb link=\u00a0\u00bburl:%2Ffr%2Fdemande-de-devis%2F\u00a0\u00bb el_class=\u00a0\u00bbline-bottom line-blue\u00a0\u00bb][\/vc_column][vc_column width=\u00a0\u00bb1\/2&Prime; el_class=\u00a0\u00bbimg-entete\u00a0\u00bb][vc_single_image image=\u00a0\u00bb11367&Prime; img_size=\u00a0\u00bbfull\u00a0\u00bb alignment=\u00a0\u00bbcenter\u00a0\u00bb][\/vc_column][\/vc_row][vc_row full_width=\u00a0\u00bbstretch_row_content\u00a0\u00bb css=\u00a0\u00bb.vc_custom_1683119658248{background-color: #dfe2e8 !important;}\u00a0\u00bb el_class=\u00a0\u00bbfull-with-4000&Prime;][vc_column width=\u00a0\u00bb1\/2&Prime;][vc_row_inner][vc_column_inner el_class=\u00a0\u00bbwith-0-1240&Prime; width=\u00a0\u00bb1\/3&Prime;][\/vc_column_inner][vc_column_inner width=\u00a0\u00bb2\/3&Prime;][vc_raw_html el_class=\u00a0\u00bbpetit-titre\u00a0\u00bb]JTNDcCUzRUNhcmFjdCVDMyVBOXJpc3RpcXVlcyUzQ3NwYW4lMjBjbGFzcyUzRCUyMnBvaW50LXJvdWdlJTIwcG9pbnQtcGV0aXQlMjIlM0UlM0MlMkZzcGFuJTNFUHJpbmNpcGFsZXMlM0MlMkZwJTNF[\/vc_raw_html][vc_column_text]<\/p>\n<ul>\n<li>Adaptateur SMA-905<\/li>\n<li>Conceptions robustes en acier inoxydable<\/li>\n<li>3 gammes de longueurs d\u2019ondes : UV ou VIS ou IR<\/li>\n<li>3 bo\u00eetiers diff\u00e9rents : simple ou avec une bride ou avec un joint herm\u00e9tique pour assurer une\u00a0herm\u00e9ticit\u00e9 de 10<sup>-2<\/sup>\u00a0mbar.l\/s<\/li>\n<\/ul>\n<p>[\/vc_column_text][\/vc_column_inner][\/vc_row_inner][\/vc_column][vc_column width=\u00a0\u00bb1\/2&Prime;][vc_row_inner][vc_column_inner width=\u00a0\u00bb1\/6&Prime;][\/vc_column_inner][vc_column_inner el_class=\u00a0\u00bbshadow border-radius-hd-bd line-bottom line-blue\u00a0\u00bb width=\u00a0\u00bb2\/3&Prime; css=\u00a0\u00bb.vc_custom_1686131763548{background-color: #ffffff !important;}\u00a0\u00bb offset=\u00a0\u00bbvc_col-xs-9&Prime;][vc_column_text el_class=\u00a0\u00bbbaseline\u00a0\u00bb]<\/p>\n<p style=\"text-align: center;\">Cliquez pour t\u00e9l\u00e9charger la brochure en PDF<\/p>\n<p>[\/vc_column_text][vc_btn title=\u00a0\u00bbBrochure\u00a0\u00bb style=\u00a0\u00bbcustom\u00a0\u00bb custom_background=\u00a0\u00bb#132f40&Prime; custom_text=\u00a0\u00bb#ffffff\u00a0\u00bb shape=\u00a0\u00bbsquare\u00a0\u00bb align=\u00a0\u00bbcenter\u00a0\u00bb i_icon_fontawesome=\u00a0\u00bbfas fa-cloud-download-alt\u00a0\u00bb add_icon=\u00a0\u00bbtrue\u00a0\u00bb link=\u00a0\u00bburl:%2Ftelechargement-brochure%2F%3Ffor_c%3D11364&Prime; el_class=\u00a0\u00bbline-bottom line-blue\u00a0\u00bb][\/vc_column_inner][vc_column_inner width=\u00a0\u00bb1\/6&Prime;][\/vc_column_inner][\/vc_row_inner][\/vc_column][\/vc_row][vc_row][vc_column width=\u00a0\u00bb1\/2&Prime;][vc_column_text]Le K-Power est con\u00e7u comme un <strong>adaptateur SMA vers SMA<\/strong> dot\u00e9 d\u2019un espacement d\u2019air. Il est donc id\u00e9al pour connecter un <strong>cordon haute puissance<\/strong> (provenant d\u2019une source laser par exemple) \u00e0 un pigtail ou \u00e0 un autre cordon de puissance. En effet, outre les connecteurs SMA-905 standards, cet adaptateur est directement compatible avec les connecteurs SMA-905 de puissance dot\u00e9s d\u2019une extr\u00e9mit\u00e9 de fibre standard ou en free-standing.<\/p>\n<p>Lorsque deux <strong class=\"d2b\">fibres optiques<\/strong> identiques sont connect\u00e9es au <strong class=\"d2b\">K-Power<\/strong>, le diam\u00e8tre du faisceau laser ainsi que l\u2019ouverture num\u00e9rique sont conserv\u00e9s. De plus, il permet d\u2019aligner correctement les c\u0153urs des deux fibres optiques.[\/vc_column_text][\/vc_column][vc_column width=\u00a0\u00bb1\/2&Prime;][vc_column_text]Le <strong>K-Power, adaptateur SMA-SMA pour transfert de puissance<\/strong>, est disponible pour 3 gammes de longueurs d\u2019ondes diff\u00e9rentes entre 350 nm et 1700 nm.<\/p>\n<p>Afin de pouvoir r\u00e9pondre \u00e0 une vari\u00e9t\u00e9 d\u2019<a href=\"\/solution-fibre-optique-secteur-industrie\/\">applications industrielles<\/a>\u00a0et <a href=\"\/solution-fibre-optique-secteur-medical\/\">m\u00e9dicales<\/a>, nous avons con\u00e7u 3 bo\u00eetiers robustes diff\u00e9rents. A ce jour, nous proposons une unit\u00e9 autonome, une autre version avec une bride, et la derni\u00e8re version avec un joint herm\u00e9tique qui assure une herm\u00e9ticit\u00e9 de 10<sup>-2<\/sup>\u00a0mbar.l\/s.<\/p>\n<p>N\u2019h\u00e9sitez pas \u00e0 nous contacter pour discuter de vos besoins sp\u00e9cifiques.[\/vc_column_text][\/vc_column][\/vc_row][vc_row][vc_column][vc_empty_space][\/vc_column][\/vc_row][vc_row full_width=\u00a0\u00bbstretch_row\u00a0\u00bb css=\u00a0\u00bb.vc_custom_1685526799785{background-color: #dfe2e8 !important;}\u00a0\u00bb][vc_column][vc_row_inner][vc_column_inner width=\u00a0\u00bb1\/6&Prime;][\/vc_column_inner][vc_column_inner el_class=\u00a0\u00bbshadow border-radius-hd-bd line-bottom line-blue\u00a0\u00bb width=\u00a0\u00bb2\/3&Prime; css=\u00a0\u00bb.vc_custom_1679652604813{background-color: #ffffff !important;}\u00a0\u00bb][vc_column_text el_class=\u00a0\u00bbbaseline\u00a0\u00bb]<\/p>\n<p style=\"text-align: center;\">N\u2019h\u00e9sitez pas \u00e0 vous rapprocher de nous et \u00e0 nous faire part de votre demande sp\u00e9cifique<\/p>\n<p>[\/vc_column_text][vc_btn title=\u00a0\u00bbDemande de devis\u00a0\u00bb style=\u00a0\u00bbcustom\u00a0\u00bb custom_background=\u00a0\u00bb#132f40&Prime; custom_text=\u00a0\u00bb#ffffff\u00a0\u00bb shape=\u00a0\u00bbsquare\u00a0\u00bb align=\u00a0\u00bbcenter\u00a0\u00bb link=\u00a0\u00bburl:%2Ffr%2Fdemande-de-devis%2F\u00a0\u00bb el_class=\u00a0\u00bbline-bottom line-blue\u00a0\u00bb][\/vc_column_inner][vc_column_inner width=\u00a0\u00bb1\/6&Prime;][\/vc_column_inner][\/vc_row_inner][\/vc_column][\/vc_row][vc_row full_width=\u00a0\u00bbstretch_row\u00a0\u00bb disable_element=\u00a0\u00bbyes\u00a0\u00bb el_class=\u00a0\u00bbchevauchement-vertical-range petit-chevauchement\u00a0\u00bb][vc_column][vc_text_separator title=\u00a0\u00bbCas clients\u00a0\u00bb title_align=\u00a0\u00bbseparator_align_left\u00a0\u00bb color=\u00a0\u00bbcustom\u00a0\u00bb border_width=\u00a0\u00bb2&Prime; el_class=\u00a0\u00bbpetit-titre\u00a0\u00bb accent_color=\u00a0\u00bb#000000&Prime;][vc_column_text el_class=\u00a0\u00bbpetit-titre\u00a0\u00bb]Adaptateur[\/vc_column_text][vc_empty_space height=\u00a0\u00bb10px\u00a0\u00bb][vc_basic_grid post_type=\u00a0\u00bbcas_client\u00a0\u00bb max_items=\u00a0\u00bb5&Prime; item=\u00a0\u00bb10738&Prime; grid_id=\u00a0\u00bbvc_gid:1692782887320-609d934b-1b7f-0&Prime; taxonomies=\u00a0\u00bb433869, 433866&Prime;][\/vc_column][\/vc_row][vc_row][vc_column][vc_btn title=\u00a0\u00bb^\u00a0\u00bb style=\u00a0\u00bbflat\u00a0\u00bb shape=\u00a0\u00bbsquare\u00a0\u00bb link=\u00a0\u00bburl:%23Wrapper\u00a0\u00bb el_class=\u00a0\u00bbbtn-haut\u00a0\u00bb][\/vc_column][\/vc_row]<\/p>\n<\/section>","protected":false},"excerpt":{"rendered":"<p>K-Power, l\u2019adaptateur SMA-SMA pour transfert de puissance, vise \u00e0 connecter deux c\u00e2bles fibre optique connectoris\u00e9s SMA-905.<\/p>\n","protected":false},"featured_media":11366,"template":"","meta":{"_acf_changed":false,"rs_blank_template":"","rs_page_bg_color":"","slide_template_v7":""},"product_brand":[],"product_cat":[432417],"product_tag":[434226,434221],"class_list":{"0":"post-11364","1":"product","2":"type-product","3":"status-publish","4":"has-post-thumbnail","6":"product_cat-connecteurs-optiques-et-raccords","7":"product_tag-connecteurs-optiques","8":"product_tag-vide-ultra-vide","10":"first","11":"instock","12":"shipping-taxable","13":"product-type-simple"},"acf":[],"yoast_head":"<!-- This site is optimized with the Yoast SEO plugin v27.5 - https:\/\/yoast.com\/product\/yoast-seo-wordpress\/ -->\n<title>Adaptateur pour transfert de puissance, fibre optique<\/title>\n<meta name=\"description\" content=\"SEDI-ATI fabrique des adaptateurs de fibre optique pour le transfert de puissance destin\u00e9es \u00e0 diff\u00e9rents secteurs. Contactez-nous !\" \/>\n<meta name=\"robots\" content=\"index, follow, max-snippet:-1, max-image-preview:large, max-video-preview:-1\" \/>\n<link rel=\"canonical\" href=\"https:\/\/www.sedi-ati.com\/fr\/connecteurs-optiques-et-raccords\/k-power-adaptateur-sma-sma-pour-transfert-de-puissance\/\" \/>\n<meta property=\"og:locale\" content=\"fr_FR\" \/>\n<meta property=\"og:type\" content=\"article\" \/>\n<meta property=\"og:title\" content=\"Adaptateur pour transfert de puissance, fibre optique\" \/>\n<meta property=\"og:description\" content=\"SEDI-ATI fabrique des adaptateurs de fibre optique pour le transfert de puissance destin\u00e9es \u00e0 diff\u00e9rents secteurs. Contactez-nous !\" \/>\n<meta property=\"og:url\" content=\"https:\/\/www.sedi-ati.com\/fr\/connecteurs-optiques-et-raccords\/k-power-adaptateur-sma-sma-pour-transfert-de-puissance\/\" \/>\n<meta property=\"og:site_name\" content=\"SEDI-ATI\" \/>\n<meta property=\"article:modified_time\" content=\"2025-09-25T14:27:35+00:00\" \/>\n<meta property=\"og:image\" content=\"https:\/\/www.sedi-ati.com\/wp-content\/uploads\/2023\/05\/adaptateur-fibre-optique.jpg\" \/>\n\t<meta property=\"og:image:width\" content=\"400\" \/>\n\t<meta property=\"og:image:height\" content=\"400\" \/>\n\t<meta property=\"og:image:type\" content=\"image\/jpeg\" \/>\n<meta name=\"twitter:card\" content=\"summary_large_image\" \/>\n<meta name=\"twitter:label1\" content=\"Dur\u00e9e de lecture estim\u00e9e\" \/>\n\t<meta name=\"twitter:data1\" content=\"3 minutes\" \/>\n<script type=\"application\/ld+json\" class=\"yoast-schema-graph\">{\"@context\":\"https:\\\/\\\/schema.org\",\"@graph\":[{\"@type\":\"WebPage\",\"@id\":\"https:\\\/\\\/www.sedi-ati.com\\\/fr\\\/connecteurs-optiques-et-raccords\\\/k-power-adaptateur-sma-sma-pour-transfert-de-puissance\\\/\",\"url\":\"https:\\\/\\\/www.sedi-ati.com\\\/fr\\\/connecteurs-optiques-et-raccords\\\/k-power-adaptateur-sma-sma-pour-transfert-de-puissance\\\/\",\"name\":\"Adaptateur pour transfert de puissance, fibre optique\",\"isPartOf\":{\"@id\":\"https:\\\/\\\/www.sedi-ati.com\\\/fr\\\/#website\"},\"primaryImageOfPage\":{\"@id\":\"https:\\\/\\\/www.sedi-ati.com\\\/fr\\\/connecteurs-optiques-et-raccords\\\/k-power-adaptateur-sma-sma-pour-transfert-de-puissance\\\/#primaryimage\"},\"image\":{\"@id\":\"https:\\\/\\\/www.sedi-ati.com\\\/fr\\\/connecteurs-optiques-et-raccords\\\/k-power-adaptateur-sma-sma-pour-transfert-de-puissance\\\/#primaryimage\"},\"thumbnailUrl\":\"https:\\\/\\\/www.sedi-ati.com\\\/wp-content\\\/uploads\\\/2023\\\/05\\\/adaptateur-fibre-optique.jpg\",\"datePublished\":\"2023-05-31T15:25:09+00:00\",\"dateModified\":\"2025-09-25T14:27:35+00:00\",\"description\":\"SEDI-ATI fabrique des adaptateurs de fibre optique pour le transfert de puissance destin\u00e9es \u00e0 diff\u00e9rents secteurs. Contactez-nous !\",\"breadcrumb\":{\"@id\":\"https:\\\/\\\/www.sedi-ati.com\\\/fr\\\/connecteurs-optiques-et-raccords\\\/k-power-adaptateur-sma-sma-pour-transfert-de-puissance\\\/#breadcrumb\"},\"inLanguage\":\"fr-FR\",\"potentialAction\":[{\"@type\":\"ReadAction\",\"target\":[\"https:\\\/\\\/www.sedi-ati.com\\\/fr\\\/connecteurs-optiques-et-raccords\\\/k-power-adaptateur-sma-sma-pour-transfert-de-puissance\\\/\"]}]},{\"@type\":\"ImageObject\",\"inLanguage\":\"fr-FR\",\"@id\":\"https:\\\/\\\/www.sedi-ati.com\\\/fr\\\/connecteurs-optiques-et-raccords\\\/k-power-adaptateur-sma-sma-pour-transfert-de-puissance\\\/#primaryimage\",\"url\":\"https:\\\/\\\/www.sedi-ati.com\\\/wp-content\\\/uploads\\\/2023\\\/05\\\/adaptateur-fibre-optique.jpg\",\"contentUrl\":\"https:\\\/\\\/www.sedi-ati.com\\\/wp-content\\\/uploads\\\/2023\\\/05\\\/adaptateur-fibre-optique.jpg\",\"width\":400,\"height\":400,\"caption\":\"Adaptateur fibre optique\"},{\"@type\":\"BreadcrumbList\",\"@id\":\"https:\\\/\\\/www.sedi-ati.com\\\/fr\\\/connecteurs-optiques-et-raccords\\\/k-power-adaptateur-sma-sma-pour-transfert-de-puissance\\\/#breadcrumb\",\"itemListElement\":[{\"@type\":\"ListItem\",\"position\":1,\"name\":\"Home\",\"item\":\"https:\\\/\\\/www.sedi-ati.com\\\/fr\\\/\"},{\"@type\":\"ListItem\",\"position\":2,\"name\":\"Produits\",\"item\":\"https:\\\/\\\/www.sedi-ati.com\\\/fr\\\/shop\\\/\"},{\"@type\":\"ListItem\",\"position\":3,\"name\":\"Connecteurs optiques et accessoires\",\"item\":\"https:\\\/\\\/www.sedi-ati.com\\\/fr\\\/connecteurs-optiques-et-raccords\\\/\"},{\"@type\":\"ListItem\",\"position\":4,\"name\":\"K-Power adaptateur SMA-SMA\"}]},{\"@type\":\"WebSite\",\"@id\":\"https:\\\/\\\/www.sedi-ati.com\\\/fr\\\/#website\",\"url\":\"https:\\\/\\\/www.sedi-ati.com\\\/fr\\\/\",\"name\":\"SEDI-ATI\",\"description\":\"Assemblages de fibres optiques sur mesure, bundles, fentes et pieuvres\",\"publisher\":{\"@id\":\"https:\\\/\\\/www.sedi-ati.com\\\/fr\\\/#organization\"},\"potentialAction\":[{\"@type\":\"SearchAction\",\"target\":{\"@type\":\"EntryPoint\",\"urlTemplate\":\"https:\\\/\\\/www.sedi-ati.com\\\/fr\\\/?s={search_term_string}\"},\"query-input\":{\"@type\":\"PropertyValueSpecification\",\"valueRequired\":true,\"valueName\":\"search_term_string\"}}],\"inLanguage\":\"fr-FR\"},{\"@type\":\"Organization\",\"@id\":\"https:\\\/\\\/www.sedi-ati.com\\\/fr\\\/#organization\",\"name\":\"SEDI-ATI\",\"url\":\"https:\\\/\\\/www.sedi-ati.com\\\/fr\\\/\",\"logo\":{\"@type\":\"ImageObject\",\"inLanguage\":\"fr-FR\",\"@id\":\"https:\\\/\\\/www.sedi-ati.com\\\/fr\\\/#\\\/schema\\\/logo\\\/image\\\/\",\"url\":\"https:\\\/\\\/www.sedi-ati.com\\\/wp-content\\\/uploads\\\/2019\\\/10\\\/Logo_SEDI-ATI_2019_avec-baseline.png\",\"contentUrl\":\"https:\\\/\\\/www.sedi-ati.com\\\/wp-content\\\/uploads\\\/2019\\\/10\\\/Logo_SEDI-ATI_2019_avec-baseline.png\",\"width\":300,\"height\":73,\"caption\":\"SEDI-ATI\"},\"image\":{\"@id\":\"https:\\\/\\\/www.sedi-ati.com\\\/fr\\\/#\\\/schema\\\/logo\\\/image\\\/\"},\"sameAs\":[\"https:\\\/\\\/www.linkedin.com\\\/company\\\/sedi-ati-fibres-optiques\\\/\",\"https:\\\/\\\/www.youtube.com\\\/@sedi-ati-fibres-optiques\"]}]}<\/script>\n<!-- \/ Yoast SEO plugin. -->","yoast_head_json":{"title":"Adaptateur pour transfert de puissance, fibre optique","description":"SEDI-ATI fabrique des adaptateurs de fibre optique pour le transfert de puissance destin\u00e9es \u00e0 diff\u00e9rents secteurs. Contactez-nous !","robots":{"index":"index","follow":"follow","max-snippet":"max-snippet:-1","max-image-preview":"max-image-preview:large","max-video-preview":"max-video-preview:-1"},"canonical":"https:\/\/www.sedi-ati.com\/fr\/connecteurs-optiques-et-raccords\/k-power-adaptateur-sma-sma-pour-transfert-de-puissance\/","og_locale":"fr_FR","og_type":"article","og_title":"Adaptateur pour transfert de puissance, fibre optique","og_description":"SEDI-ATI fabrique des adaptateurs de fibre optique pour le transfert de puissance destin\u00e9es \u00e0 diff\u00e9rents secteurs. Contactez-nous !","og_url":"https:\/\/www.sedi-ati.com\/fr\/connecteurs-optiques-et-raccords\/k-power-adaptateur-sma-sma-pour-transfert-de-puissance\/","og_site_name":"SEDI-ATI","article_modified_time":"2025-09-25T14:27:35+00:00","og_image":[{"width":400,"height":400,"url":"https:\/\/www.sedi-ati.com\/wp-content\/uploads\/2023\/05\/adaptateur-fibre-optique.jpg","type":"image\/jpeg"}],"twitter_card":"summary_large_image","twitter_misc":{"Dur\u00e9e de lecture estim\u00e9e":"3 minutes"},"schema":{"@context":"https:\/\/schema.org","@graph":[{"@type":"WebPage","@id":"https:\/\/www.sedi-ati.com\/fr\/connecteurs-optiques-et-raccords\/k-power-adaptateur-sma-sma-pour-transfert-de-puissance\/","url":"https:\/\/www.sedi-ati.com\/fr\/connecteurs-optiques-et-raccords\/k-power-adaptateur-sma-sma-pour-transfert-de-puissance\/","name":"Adaptateur pour transfert de puissance, fibre optique","isPartOf":{"@id":"https:\/\/www.sedi-ati.com\/fr\/#website"},"primaryImageOfPage":{"@id":"https:\/\/www.sedi-ati.com\/fr\/connecteurs-optiques-et-raccords\/k-power-adaptateur-sma-sma-pour-transfert-de-puissance\/#primaryimage"},"image":{"@id":"https:\/\/www.sedi-ati.com\/fr\/connecteurs-optiques-et-raccords\/k-power-adaptateur-sma-sma-pour-transfert-de-puissance\/#primaryimage"},"thumbnailUrl":"https:\/\/www.sedi-ati.com\/wp-content\/uploads\/2023\/05\/adaptateur-fibre-optique.jpg","datePublished":"2023-05-31T15:25:09+00:00","dateModified":"2025-09-25T14:27:35+00:00","description":"SEDI-ATI fabrique des adaptateurs de fibre optique pour le transfert de puissance destin\u00e9es \u00e0 diff\u00e9rents secteurs. Contactez-nous !","breadcrumb":{"@id":"https:\/\/www.sedi-ati.com\/fr\/connecteurs-optiques-et-raccords\/k-power-adaptateur-sma-sma-pour-transfert-de-puissance\/#breadcrumb"},"inLanguage":"fr-FR","potentialAction":[{"@type":"ReadAction","target":["https:\/\/www.sedi-ati.com\/fr\/connecteurs-optiques-et-raccords\/k-power-adaptateur-sma-sma-pour-transfert-de-puissance\/"]}]},{"@type":"ImageObject","inLanguage":"fr-FR","@id":"https:\/\/www.sedi-ati.com\/fr\/connecteurs-optiques-et-raccords\/k-power-adaptateur-sma-sma-pour-transfert-de-puissance\/#primaryimage","url":"https:\/\/www.sedi-ati.com\/wp-content\/uploads\/2023\/05\/adaptateur-fibre-optique.jpg","contentUrl":"https:\/\/www.sedi-ati.com\/wp-content\/uploads\/2023\/05\/adaptateur-fibre-optique.jpg","width":400,"height":400,"caption":"Adaptateur fibre optique"},{"@type":"BreadcrumbList","@id":"https:\/\/www.sedi-ati.com\/fr\/connecteurs-optiques-et-raccords\/k-power-adaptateur-sma-sma-pour-transfert-de-puissance\/#breadcrumb","itemListElement":[{"@type":"ListItem","position":1,"name":"Home","item":"https:\/\/www.sedi-ati.com\/fr\/"},{"@type":"ListItem","position":2,"name":"Produits","item":"https:\/\/www.sedi-ati.com\/fr\/shop\/"},{"@type":"ListItem","position":3,"name":"Connecteurs optiques et accessoires","item":"https:\/\/www.sedi-ati.com\/fr\/connecteurs-optiques-et-raccords\/"},{"@type":"ListItem","position":4,"name":"K-Power adaptateur SMA-SMA"}]},{"@type":"WebSite","@id":"https:\/\/www.sedi-ati.com\/fr\/#website","url":"https:\/\/www.sedi-ati.com\/fr\/","name":"SEDI-ATI","description":"Assemblages de fibres optiques sur mesure, bundles, fentes et pieuvres","publisher":{"@id":"https:\/\/www.sedi-ati.com\/fr\/#organization"},"potentialAction":[{"@type":"SearchAction","target":{"@type":"EntryPoint","urlTemplate":"https:\/\/www.sedi-ati.com\/fr\/?s={search_term_string}"},"query-input":{"@type":"PropertyValueSpecification","valueRequired":true,"valueName":"search_term_string"}}],"inLanguage":"fr-FR"},{"@type":"Organization","@id":"https:\/\/www.sedi-ati.com\/fr\/#organization","name":"SEDI-ATI","url":"https:\/\/www.sedi-ati.com\/fr\/","logo":{"@type":"ImageObject","inLanguage":"fr-FR","@id":"https:\/\/www.sedi-ati.com\/fr\/#\/schema\/logo\/image\/","url":"https:\/\/www.sedi-ati.com\/wp-content\/uploads\/2019\/10\/Logo_SEDI-ATI_2019_avec-baseline.png","contentUrl":"https:\/\/www.sedi-ati.com\/wp-content\/uploads\/2019\/10\/Logo_SEDI-ATI_2019_avec-baseline.png","width":300,"height":73,"caption":"SEDI-ATI"},"image":{"@id":"https:\/\/www.sedi-ati.com\/fr\/#\/schema\/logo\/image\/"},"sameAs":["https:\/\/www.linkedin.com\/company\/sedi-ati-fibres-optiques\/","https:\/\/www.youtube.com\/@sedi-ati-fibres-optiques"]}]}},"_links":{"self":[{"href":"https:\/\/www.sedi-ati.com\/fr\/wp-json\/wp\/v2\/product\/11364","targetHints":{"allow":["GET"]}}],"collection":[{"href":"https:\/\/www.sedi-ati.com\/fr\/wp-json\/wp\/v2\/product"}],"about":[{"href":"https:\/\/www.sedi-ati.com\/fr\/wp-json\/wp\/v2\/types\/product"}],"wp:featuredmedia":[{"embeddable":true,"href":"https:\/\/www.sedi-ati.com\/fr\/wp-json\/wp\/v2\/media\/11366"}],"wp:attachment":[{"href":"https:\/\/www.sedi-ati.com\/fr\/wp-json\/wp\/v2\/media?parent=11364"}],"wp:term":[{"taxonomy":"product_brand","embeddable":true,"href":"https:\/\/www.sedi-ati.com\/fr\/wp-json\/wp\/v2\/product_brand?post=11364"},{"taxonomy":"product_cat","embeddable":true,"href":"https:\/\/www.sedi-ati.com\/fr\/wp-json\/wp\/v2\/product_cat?post=11364"},{"taxonomy":"product_tag","embeddable":true,"href":"https:\/\/www.sedi-ati.com\/fr\/wp-json\/wp\/v2\/product_tag?post=11364"}],"curies":[{"name":"wp","href":"https:\/\/api.w.org\/{rel}","templated":true}]}}