{"id":11504,"date":"2023-06-01T18:21:55","date_gmt":"2023-06-01T16:21:55","guid":{"rendered":"https:\/\/www.sedi-ati.com\/?post_type=product&#038;p=11504"},"modified":"2025-09-25T16:14:41","modified_gmt":"2025-09-25T14:14:41","slug":"traversees-etanches-fibres-optiques-reconfigurables-vide-pression-600-bars","status":"publish","type":"product","link":"https:\/\/www.sedi-ati.com\/fr\/traversees-et-passages-etanches-a-fibres-optiques\/traversees-etanches-fibres-optiques-reconfigurables-vide-pression-600-bars\/","title":{"rendered":"Travers\u00e9es \u00e9tanches fibres optiques reconfigurables M10 pour le vide et la pression jusqu&rsquo;\u00e0 600 bars"},"content":{"rendered":"<section class=\"wpb-content-wrapper\"><p>[vc_row content_placement=\u00a0\u00bbmiddle\u00a0\u00bb el_class=\u00a0\u00bbz-index-1 chevauchement-horizontal-range range-applications\u00a0\u00bb][vc_column width=\u00a0\u00bb3\/5&Prime; css=\u00a0\u00bb.vc_custom_1685526785543{background-color: #dfe2e8 !important;}\u00a0\u00bb el_class=\u00a0\u00bbshadow border-radius-hd-bd line-bottom line-blue\u00a0\u00bb][vc_raw_html el_class=\u00a0\u00bbgros-titre flex-column-mobile\u00a0\u00bb]JTNDcCUzRVRyYXZlcnMlQzMlQTllcyUzQ3NwYW4lMjBjbGFzcyUzRCUyMnBvaW50LXJvdWdlJTIyJTNFJTNDJTJGc3BhbiUzRSVDMyU4OXRhbmNoZXMlM0MlMkZwJTNF[\/vc_raw_html][vc_column_text el_class=\u00a0\u00bbtitre-baseline\u00a0\u00bb]<\/p>\n<h2>Conception de travers\u00e9es \u00e9tanches fibres optiques<\/h2>\n<p>[\/vc_column_text][vc_column_text]Les <strong>travers\u00e9es \u00e9tanches \u00e0 fibres optiques\u00a0reconfigurables 600 bars<\/strong> KTRAV-M10 sont adapt\u00e9es aux <strong>applications pour le vide et la pression jusqu\u2019\u00e0 600 bars<\/strong>. Elles assurent un haut niveau d\u2019herm\u00e9ticit\u00e9 sup\u00e9rieur \u00e0 10<sup>-10<\/sup> mbar.l\/s.[\/vc_column_text][vc_btn title=\u00a0\u00bbDemandez un devis\u00a0\u00bb style=\u00a0\u00bbcustom\u00a0\u00bb custom_background=\u00a0\u00bb#132f40&Prime; custom_text=\u00a0\u00bb#ffffff\u00a0\u00bb shape=\u00a0\u00bbsquare\u00a0\u00bb link=\u00a0\u00bburl:%2Ffr%2Fdemande-de-devis%2F\u00a0\u00bb el_class=\u00a0\u00bbline-bottom line-blue\u00a0\u00bb][\/vc_column][vc_column width=\u00a0\u00bb1\/2&Prime; el_class=\u00a0\u00bbimg-entete\u00a0\u00bb][vc_single_image image=\u00a0\u00bb11507&Prime; img_size=\u00a0\u00bbfull\u00a0\u00bb alignment=\u00a0\u00bbcenter\u00a0\u00bb][\/vc_column][\/vc_row][vc_row full_width=\u00a0\u00bbstretch_row_content\u00a0\u00bb css=\u00a0\u00bb.vc_custom_1683119658248{background-color: #dfe2e8 !important;}\u00a0\u00bb el_class=\u00a0\u00bbfull-with-4000&Prime;][vc_column width=\u00a0\u00bb1\/2&Prime;][vc_row_inner][vc_column_inner el_class=\u00a0\u00bbwith-0-1240&Prime; width=\u00a0\u00bb1\/3&Prime;][\/vc_column_inner][vc_column_inner width=\u00a0\u00bb2\/3&Prime;][vc_raw_html el_class=\u00a0\u00bbpetit-titre\u00a0\u00bb]JTNDcCUzRUNhcmFjdCVDMyVBOXJpc3RpcXVlcyUzQ3NwYW4lMjBjbGFzcyUzRCUyMnBvaW50LXJvdWdlJTIwcG9pbnQtcGV0aXQlMjIlM0UlM0MlMkZzcGFuJTNFUHJpbmNpcGFsZXMlM0MlMkZwJTNF[\/vc_raw_html][vc_column_text]<\/p>\n<ul>\n<li>Applications allant du vide \u00e0 600 bars de pression,<\/li>\n<li>Herm\u00e9ticit\u00e9 10<sup>-10<\/sup> mbar.l\/s,<\/li>\n<li>Large gamme de longueurs d\u2019ondes,<\/li>\n<li>Monovoie,<\/li>\n<li>Fibres SM ou MM,<\/li>\n<li>Interface FC\/PC, SMA ou ST<\/li>\n<li>Reconfigurable.<\/li>\n<\/ul>\n<p>[\/vc_column_text][\/vc_column_inner][\/vc_row_inner][\/vc_column][vc_column width=\u00a0\u00bb1\/2&Prime;][vc_row_inner][vc_column_inner width=\u00a0\u00bb1\/6&Prime;][\/vc_column_inner][vc_column_inner el_class=\u00a0\u00bbshadow border-radius-hd-bd line-bottom line-blue\u00a0\u00bb width=\u00a0\u00bb2\/3&Prime; css=\u00a0\u00bb.vc_custom_1686129633222{background-color: #ffffff !important;}\u00a0\u00bb offset=\u00a0\u00bbvc_col-xs-9&Prime;][vc_column_text el_class=\u00a0\u00bbbaseline\u00a0\u00bb]<\/p>\n<p style=\"text-align: center;\">Cliquez pour t\u00e9l\u00e9charger la brochure en PDF<\/p>\n<p>[\/vc_column_text][vc_btn title=\u00a0\u00bbBrochure\u00a0\u00bb style=\u00a0\u00bbcustom\u00a0\u00bb custom_background=\u00a0\u00bb#132f40&Prime; custom_text=\u00a0\u00bb#ffffff\u00a0\u00bb shape=\u00a0\u00bbsquare\u00a0\u00bb align=\u00a0\u00bbcenter\u00a0\u00bb i_icon_fontawesome=\u00a0\u00bbfas fa-cloud-download-alt\u00a0\u00bb add_icon=\u00a0\u00bbtrue\u00a0\u00bb link=\u00a0\u00bburl:%2Ftelechargement-brochure%2F%3Ffor_c%3D11504&Prime; el_class=\u00a0\u00bbline-bottom line-blue\u00a0\u00bb][\/vc_column_inner][vc_column_inner width=\u00a0\u00bb1\/6&Prime;][\/vc_column_inner][\/vc_row_inner][\/vc_column][\/vc_row][vc_row][vc_column width=\u00a0\u00bb1\/2&Prime;][vc_column_text]La travers\u00e9e \u00e9tanche \u00e0 fibres optiques KTRAV-M10 est une travers\u00e9e \u00e9tanche monocanal qui poss\u00e8de une interface d&rsquo;adaptateur viss\u00e9e \u00e0 un canal dans un <strong>filetage<\/strong> <strong>M10<\/strong>.<\/p>\n<p>Elle convient pour des applications en ultravide ou sous haute-pression, jusqu&rsquo;\u00e0 <strong>600 bars<\/strong>. Elle garantie un niveau d&rsquo;herm\u00e9ticit\u00e9 sup\u00e9rieur \u00e0 10<sup>-10<\/sup> mbar.l\/s.<\/p>\n<p>La travers\u00e9e \u00e9tanche fibres optiques M10 peut \u00eatre r\u00e9alis\u00e9e avec des fibres :<\/p>\n<ul>\n<li>Monomodes,<\/li>\n<li>Multimodes \u00e0 gradient d\u2019indice,<\/li>\n<li>Multimodes \u00e0 saut d\u2019indice.<\/li>\n<\/ul>\n<p>[\/vc_column_text][\/vc_column][vc_column width=\u00a0\u00bb1\/2&Prime;][vc_column_text]Pour les <strong class=\"d2b\">fibres optiques<\/strong> avec un diam\u00e8tre de cladding de 125 \u00b5m maximum, les travers\u00e9es \u00e9tanches sont termin\u00e9es par des connecteurs <strong>FC\/PC<\/strong> ou <strong>ST\/PC<\/strong>.<\/p>\n<p>Pour tout autre type de fibre allant jusqu\u2019\u00e0 des diam\u00e8tres de c\u0153ur de 1000 \u00b5m, elles sont livr\u00e9es avec des connecteurs <strong>SMA<\/strong>.<\/p>\n<p>Le KTRAV-M10 est une solution adapt\u00e9e \u00e0 une \u00e9paisseur de panneau de 5 \u00e0 20,5 mm avec un diam\u00e8tre de trou de 10,2 mm.<\/p>\n<p>N\u2019h\u00e9sitez pas \u00e0 nous contacter pour discuter de vos besoins particuliers.[\/vc_column_text][\/vc_column][\/vc_row][vc_row][vc_column][vc_empty_space][\/vc_column][\/vc_row][vc_row full_width=\u00a0\u00bbstretch_row\u00a0\u00bb css=\u00a0\u00bb.vc_custom_1685526799785{background-color: #dfe2e8 !important;}\u00a0\u00bb][vc_column][vc_row_inner][vc_column_inner width=\u00a0\u00bb1\/6&Prime;][\/vc_column_inner][vc_column_inner el_class=\u00a0\u00bbshadow border-radius-hd-bd line-bottom line-blue\u00a0\u00bb width=\u00a0\u00bb2\/3&Prime; css=\u00a0\u00bb.vc_custom_1679652604813{background-color: #ffffff !important;}\u00a0\u00bb][vc_column_text el_class=\u00a0\u00bbbaseline\u00a0\u00bb]<\/p>\n<p style=\"text-align: center;\">N\u2019h\u00e9sitez pas \u00e0 vous rapprocher de nous et \u00e0 nous faire part de votre demande sp\u00e9cifique<\/p>\n<p>[\/vc_column_text][vc_btn title=\u00a0\u00bbDemande de devis\u00a0\u00bb style=\u00a0\u00bbcustom\u00a0\u00bb custom_background=\u00a0\u00bb#132f40&Prime; custom_text=\u00a0\u00bb#ffffff\u00a0\u00bb shape=\u00a0\u00bbsquare\u00a0\u00bb align=\u00a0\u00bbcenter\u00a0\u00bb link=\u00a0\u00bburl:%2Ffr%2Fdemande-de-devis%2F\u00a0\u00bb el_class=\u00a0\u00bbline-bottom line-blue\u00a0\u00bb][\/vc_column_inner][vc_column_inner width=\u00a0\u00bb1\/6&Prime;][\/vc_column_inner][\/vc_row_inner][\/vc_column][\/vc_row][vc_row full_width=\u00a0\u00bbstretch_row\u00a0\u00bb][vc_column][vc_text_separator title=\u00a0\u00bbCas clients\u00a0\u00bb title_align=\u00a0\u00bbseparator_align_left\u00a0\u00bb color=\u00a0\u00bbcustom\u00a0\u00bb border_width=\u00a0\u00bb2&Prime; el_class=\u00a0\u00bbpetit-titre\u00a0\u00bb accent_color=\u00a0\u00bb#000000&Prime;][vc_empty_space height=\u00a0\u00bb10px\u00a0\u00bb][vc_basic_grid post_type=\u00a0\u00bbcas_client\u00a0\u00bb max_items=\u00a0\u00bb10&Prime; item=\u00a0\u00bb10738&Prime; grid_id=\u00a0\u00bbvc_gid:1726742180036-ac03e28c-71fb-3&Prime; taxonomies=\u00a0\u00bb434021, 434096, 434105, 434143, 434121, 434145&Prime;][\/vc_column][\/vc_row][vc_row][vc_column][vc_btn title=\u00a0\u00bb^\u00a0\u00bb style=\u00a0\u00bbflat\u00a0\u00bb shape=\u00a0\u00bbsquare\u00a0\u00bb link=\u00a0\u00bburl:%23Wrapper\u00a0\u00bb el_class=\u00a0\u00bbbtn-haut\u00a0\u00bb][\/vc_column][\/vc_row]<\/p>\n<\/section>","protected":false},"excerpt":{"rendered":"<p>SEDI-ATI propose une large gamme de travers\u00e9es et de passages \u00e9tanches \u00e0 fibre optique pour une vari\u00e9t\u00e9 d\u2019applications : vide, pression, temp\u00e9rature, cryog\u00e9nie, environnement radiatif\u2026<\/p>\n","protected":false},"featured_media":11505,"template":"","meta":{"_acf_changed":false,"rs_blank_template":"","rs_page_bg_color":"","slide_template_v7":""},"product_brand":[],"product_cat":[432292],"product_tag":[434222,434223,434200,434220,434221],"class_list":{"0":"post-11504","1":"product","2":"type-product","3":"status-publish","4":"has-post-thumbnail","6":"product_cat-traversees-et-passages-etanches-a-fibres-optiques","7":"product_tag-cryogenie","8":"product_tag-pression","9":"product_tag-spatial","10":"product_tag-traversees-etanches","11":"product_tag-vide-ultra-vide","13":"first","14":"instock","15":"shipping-taxable","16":"product-type-simple"},"acf":[],"yoast_head":"<!-- This site is optimized with the Yoast SEO plugin v27.5 - https:\/\/yoast.com\/product\/yoast-seo-wordpress\/ -->\n<title>Travers\u00e9es \u00e9tanches fibres optiques reconfigurables<\/title>\n<meta name=\"description\" content=\"SEDI-ATI con\u00e7oit des travers\u00e9es \u00e9tanches de fibres optiques reconfigurables pour assurer un haut niveau d&#039;herm\u00e9ticit\u00e9. Contactez-nous pour en savoir plus !\" \/>\n<meta name=\"robots\" content=\"index, follow, max-snippet:-1, max-image-preview:large, max-video-preview:-1\" \/>\n<link rel=\"canonical\" href=\"https:\/\/www.sedi-ati.com\/fr\/traversees-et-passages-etanches-a-fibres-optiques\/traversees-etanches-fibres-optiques-reconfigurables-vide-pression-600-bars\/\" \/>\n<meta property=\"og:locale\" content=\"fr_FR\" \/>\n<meta property=\"og:type\" content=\"article\" \/>\n<meta property=\"og:title\" content=\"Travers\u00e9es \u00e9tanches fibres optiques reconfigurables\" \/>\n<meta property=\"og:description\" content=\"SEDI-ATI con\u00e7oit des travers\u00e9es \u00e9tanches de fibres optiques reconfigurables pour assurer un haut niveau d&#039;herm\u00e9ticit\u00e9. Contactez-nous pour en savoir plus !\" \/>\n<meta property=\"og:url\" content=\"https:\/\/www.sedi-ati.com\/fr\/traversees-et-passages-etanches-a-fibres-optiques\/traversees-etanches-fibres-optiques-reconfigurables-vide-pression-600-bars\/\" \/>\n<meta property=\"og:site_name\" content=\"SEDI-ATI\" \/>\n<meta property=\"article:modified_time\" content=\"2025-09-25T14:14:41+00:00\" \/>\n<meta property=\"og:image\" content=\"https:\/\/www.sedi-ati.com\/wp-content\/uploads\/2023\/06\/traversee-etanche-fibre-optique-reconfigurable.jpg\" \/>\n\t<meta property=\"og:image:width\" content=\"400\" \/>\n\t<meta property=\"og:image:height\" content=\"400\" \/>\n\t<meta property=\"og:image:type\" content=\"image\/jpeg\" \/>\n<meta name=\"twitter:card\" content=\"summary_large_image\" \/>\n<meta name=\"twitter:label1\" content=\"Dur\u00e9e de lecture estim\u00e9e\" \/>\n\t<meta name=\"twitter:data1\" content=\"3 minutes\" \/>\n<script type=\"application\/ld+json\" class=\"yoast-schema-graph\">{\"@context\":\"https:\\\/\\\/schema.org\",\"@graph\":[{\"@type\":\"WebPage\",\"@id\":\"https:\\\/\\\/www.sedi-ati.com\\\/fr\\\/traversees-et-passages-etanches-a-fibres-optiques\\\/traversees-etanches-fibres-optiques-reconfigurables-vide-pression-600-bars\\\/\",\"url\":\"https:\\\/\\\/www.sedi-ati.com\\\/fr\\\/traversees-et-passages-etanches-a-fibres-optiques\\\/traversees-etanches-fibres-optiques-reconfigurables-vide-pression-600-bars\\\/\",\"name\":\"Travers\u00e9es \u00e9tanches fibres optiques reconfigurables\",\"isPartOf\":{\"@id\":\"https:\\\/\\\/www.sedi-ati.com\\\/fr\\\/#website\"},\"primaryImageOfPage\":{\"@id\":\"https:\\\/\\\/www.sedi-ati.com\\\/fr\\\/traversees-et-passages-etanches-a-fibres-optiques\\\/traversees-etanches-fibres-optiques-reconfigurables-vide-pression-600-bars\\\/#primaryimage\"},\"image\":{\"@id\":\"https:\\\/\\\/www.sedi-ati.com\\\/fr\\\/traversees-et-passages-etanches-a-fibres-optiques\\\/traversees-etanches-fibres-optiques-reconfigurables-vide-pression-600-bars\\\/#primaryimage\"},\"thumbnailUrl\":\"https:\\\/\\\/www.sedi-ati.com\\\/wp-content\\\/uploads\\\/2023\\\/06\\\/traversee-etanche-fibre-optique-reconfigurable.jpg\",\"datePublished\":\"2023-06-01T16:21:55+00:00\",\"dateModified\":\"2025-09-25T14:14:41+00:00\",\"description\":\"SEDI-ATI con\u00e7oit des travers\u00e9es \u00e9tanches de fibres optiques reconfigurables pour assurer un haut niveau d'herm\u00e9ticit\u00e9. Contactez-nous pour en savoir plus !\",\"breadcrumb\":{\"@id\":\"https:\\\/\\\/www.sedi-ati.com\\\/fr\\\/traversees-et-passages-etanches-a-fibres-optiques\\\/traversees-etanches-fibres-optiques-reconfigurables-vide-pression-600-bars\\\/#breadcrumb\"},\"inLanguage\":\"fr-FR\",\"potentialAction\":[{\"@type\":\"ReadAction\",\"target\":[\"https:\\\/\\\/www.sedi-ati.com\\\/fr\\\/traversees-et-passages-etanches-a-fibres-optiques\\\/traversees-etanches-fibres-optiques-reconfigurables-vide-pression-600-bars\\\/\"]}]},{\"@type\":\"ImageObject\",\"inLanguage\":\"fr-FR\",\"@id\":\"https:\\\/\\\/www.sedi-ati.com\\\/fr\\\/traversees-et-passages-etanches-a-fibres-optiques\\\/traversees-etanches-fibres-optiques-reconfigurables-vide-pression-600-bars\\\/#primaryimage\",\"url\":\"https:\\\/\\\/www.sedi-ati.com\\\/wp-content\\\/uploads\\\/2023\\\/06\\\/traversee-etanche-fibre-optique-reconfigurable.jpg\",\"contentUrl\":\"https:\\\/\\\/www.sedi-ati.com\\\/wp-content\\\/uploads\\\/2023\\\/06\\\/traversee-etanche-fibre-optique-reconfigurable.jpg\",\"width\":400,\"height\":400,\"caption\":\"Travers\u00e9e \u00e9tanche fibre optique reconfigurable\"},{\"@type\":\"BreadcrumbList\",\"@id\":\"https:\\\/\\\/www.sedi-ati.com\\\/fr\\\/traversees-et-passages-etanches-a-fibres-optiques\\\/traversees-etanches-fibres-optiques-reconfigurables-vide-pression-600-bars\\\/#breadcrumb\",\"itemListElement\":[{\"@type\":\"ListItem\",\"position\":1,\"name\":\"Home\",\"item\":\"https:\\\/\\\/www.sedi-ati.com\\\/fr\\\/\"},{\"@type\":\"ListItem\",\"position\":2,\"name\":\"Produits\",\"item\":\"https:\\\/\\\/www.sedi-ati.com\\\/fr\\\/shop\\\/\"},{\"@type\":\"ListItem\",\"position\":3,\"name\":\"Travers\u00e9es et passages \u00e9tanches \u00e0 fibres optiques\",\"item\":\"https:\\\/\\\/www.sedi-ati.com\\\/fr\\\/traversees-et-passages-etanches-a-fibres-optiques\\\/\"},{\"@type\":\"ListItem\",\"position\":4,\"name\":\"Travers\u00e9es \u00e9tanches fibres optiques reconfigurables\"}]},{\"@type\":\"WebSite\",\"@id\":\"https:\\\/\\\/www.sedi-ati.com\\\/fr\\\/#website\",\"url\":\"https:\\\/\\\/www.sedi-ati.com\\\/fr\\\/\",\"name\":\"SEDI-ATI\",\"description\":\"Assemblages de fibres optiques sur mesure, bundles, fentes et pieuvres\",\"publisher\":{\"@id\":\"https:\\\/\\\/www.sedi-ati.com\\\/fr\\\/#organization\"},\"potentialAction\":[{\"@type\":\"SearchAction\",\"target\":{\"@type\":\"EntryPoint\",\"urlTemplate\":\"https:\\\/\\\/www.sedi-ati.com\\\/fr\\\/?s={search_term_string}\"},\"query-input\":{\"@type\":\"PropertyValueSpecification\",\"valueRequired\":true,\"valueName\":\"search_term_string\"}}],\"inLanguage\":\"fr-FR\"},{\"@type\":\"Organization\",\"@id\":\"https:\\\/\\\/www.sedi-ati.com\\\/fr\\\/#organization\",\"name\":\"SEDI-ATI\",\"url\":\"https:\\\/\\\/www.sedi-ati.com\\\/fr\\\/\",\"logo\":{\"@type\":\"ImageObject\",\"inLanguage\":\"fr-FR\",\"@id\":\"https:\\\/\\\/www.sedi-ati.com\\\/fr\\\/#\\\/schema\\\/logo\\\/image\\\/\",\"url\":\"https:\\\/\\\/www.sedi-ati.com\\\/wp-content\\\/uploads\\\/2019\\\/10\\\/Logo_SEDI-ATI_2019_avec-baseline.png\",\"contentUrl\":\"https:\\\/\\\/www.sedi-ati.com\\\/wp-content\\\/uploads\\\/2019\\\/10\\\/Logo_SEDI-ATI_2019_avec-baseline.png\",\"width\":300,\"height\":73,\"caption\":\"SEDI-ATI\"},\"image\":{\"@id\":\"https:\\\/\\\/www.sedi-ati.com\\\/fr\\\/#\\\/schema\\\/logo\\\/image\\\/\"},\"sameAs\":[\"https:\\\/\\\/www.linkedin.com\\\/company\\\/sedi-ati-fibres-optiques\\\/\",\"https:\\\/\\\/www.youtube.com\\\/@sedi-ati-fibres-optiques\"]}]}<\/script>\n<!-- \/ Yoast SEO plugin. -->","yoast_head_json":{"title":"Travers\u00e9es \u00e9tanches fibres optiques reconfigurables","description":"SEDI-ATI con\u00e7oit des travers\u00e9es \u00e9tanches de fibres optiques reconfigurables pour assurer un haut niveau d'herm\u00e9ticit\u00e9. Contactez-nous pour en savoir plus !","robots":{"index":"index","follow":"follow","max-snippet":"max-snippet:-1","max-image-preview":"max-image-preview:large","max-video-preview":"max-video-preview:-1"},"canonical":"https:\/\/www.sedi-ati.com\/fr\/traversees-et-passages-etanches-a-fibres-optiques\/traversees-etanches-fibres-optiques-reconfigurables-vide-pression-600-bars\/","og_locale":"fr_FR","og_type":"article","og_title":"Travers\u00e9es \u00e9tanches fibres optiques reconfigurables","og_description":"SEDI-ATI con\u00e7oit des travers\u00e9es \u00e9tanches de fibres optiques reconfigurables pour assurer un haut niveau d'herm\u00e9ticit\u00e9. Contactez-nous pour en savoir plus !","og_url":"https:\/\/www.sedi-ati.com\/fr\/traversees-et-passages-etanches-a-fibres-optiques\/traversees-etanches-fibres-optiques-reconfigurables-vide-pression-600-bars\/","og_site_name":"SEDI-ATI","article_modified_time":"2025-09-25T14:14:41+00:00","og_image":[{"width":400,"height":400,"url":"https:\/\/www.sedi-ati.com\/wp-content\/uploads\/2023\/06\/traversee-etanche-fibre-optique-reconfigurable.jpg","type":"image\/jpeg"}],"twitter_card":"summary_large_image","twitter_misc":{"Dur\u00e9e de lecture estim\u00e9e":"3 minutes"},"schema":{"@context":"https:\/\/schema.org","@graph":[{"@type":"WebPage","@id":"https:\/\/www.sedi-ati.com\/fr\/traversees-et-passages-etanches-a-fibres-optiques\/traversees-etanches-fibres-optiques-reconfigurables-vide-pression-600-bars\/","url":"https:\/\/www.sedi-ati.com\/fr\/traversees-et-passages-etanches-a-fibres-optiques\/traversees-etanches-fibres-optiques-reconfigurables-vide-pression-600-bars\/","name":"Travers\u00e9es \u00e9tanches fibres optiques reconfigurables","isPartOf":{"@id":"https:\/\/www.sedi-ati.com\/fr\/#website"},"primaryImageOfPage":{"@id":"https:\/\/www.sedi-ati.com\/fr\/traversees-et-passages-etanches-a-fibres-optiques\/traversees-etanches-fibres-optiques-reconfigurables-vide-pression-600-bars\/#primaryimage"},"image":{"@id":"https:\/\/www.sedi-ati.com\/fr\/traversees-et-passages-etanches-a-fibres-optiques\/traversees-etanches-fibres-optiques-reconfigurables-vide-pression-600-bars\/#primaryimage"},"thumbnailUrl":"https:\/\/www.sedi-ati.com\/wp-content\/uploads\/2023\/06\/traversee-etanche-fibre-optique-reconfigurable.jpg","datePublished":"2023-06-01T16:21:55+00:00","dateModified":"2025-09-25T14:14:41+00:00","description":"SEDI-ATI con\u00e7oit des travers\u00e9es \u00e9tanches de fibres optiques reconfigurables pour assurer un haut niveau d'herm\u00e9ticit\u00e9. Contactez-nous pour en savoir plus !","breadcrumb":{"@id":"https:\/\/www.sedi-ati.com\/fr\/traversees-et-passages-etanches-a-fibres-optiques\/traversees-etanches-fibres-optiques-reconfigurables-vide-pression-600-bars\/#breadcrumb"},"inLanguage":"fr-FR","potentialAction":[{"@type":"ReadAction","target":["https:\/\/www.sedi-ati.com\/fr\/traversees-et-passages-etanches-a-fibres-optiques\/traversees-etanches-fibres-optiques-reconfigurables-vide-pression-600-bars\/"]}]},{"@type":"ImageObject","inLanguage":"fr-FR","@id":"https:\/\/www.sedi-ati.com\/fr\/traversees-et-passages-etanches-a-fibres-optiques\/traversees-etanches-fibres-optiques-reconfigurables-vide-pression-600-bars\/#primaryimage","url":"https:\/\/www.sedi-ati.com\/wp-content\/uploads\/2023\/06\/traversee-etanche-fibre-optique-reconfigurable.jpg","contentUrl":"https:\/\/www.sedi-ati.com\/wp-content\/uploads\/2023\/06\/traversee-etanche-fibre-optique-reconfigurable.jpg","width":400,"height":400,"caption":"Travers\u00e9e \u00e9tanche fibre optique reconfigurable"},{"@type":"BreadcrumbList","@id":"https:\/\/www.sedi-ati.com\/fr\/traversees-et-passages-etanches-a-fibres-optiques\/traversees-etanches-fibres-optiques-reconfigurables-vide-pression-600-bars\/#breadcrumb","itemListElement":[{"@type":"ListItem","position":1,"name":"Home","item":"https:\/\/www.sedi-ati.com\/fr\/"},{"@type":"ListItem","position":2,"name":"Produits","item":"https:\/\/www.sedi-ati.com\/fr\/shop\/"},{"@type":"ListItem","position":3,"name":"Travers\u00e9es et passages \u00e9tanches \u00e0 fibres optiques","item":"https:\/\/www.sedi-ati.com\/fr\/traversees-et-passages-etanches-a-fibres-optiques\/"},{"@type":"ListItem","position":4,"name":"Travers\u00e9es \u00e9tanches fibres optiques reconfigurables"}]},{"@type":"WebSite","@id":"https:\/\/www.sedi-ati.com\/fr\/#website","url":"https:\/\/www.sedi-ati.com\/fr\/","name":"SEDI-ATI","description":"Assemblages de fibres optiques sur mesure, bundles, fentes et pieuvres","publisher":{"@id":"https:\/\/www.sedi-ati.com\/fr\/#organization"},"potentialAction":[{"@type":"SearchAction","target":{"@type":"EntryPoint","urlTemplate":"https:\/\/www.sedi-ati.com\/fr\/?s={search_term_string}"},"query-input":{"@type":"PropertyValueSpecification","valueRequired":true,"valueName":"search_term_string"}}],"inLanguage":"fr-FR"},{"@type":"Organization","@id":"https:\/\/www.sedi-ati.com\/fr\/#organization","name":"SEDI-ATI","url":"https:\/\/www.sedi-ati.com\/fr\/","logo":{"@type":"ImageObject","inLanguage":"fr-FR","@id":"https:\/\/www.sedi-ati.com\/fr\/#\/schema\/logo\/image\/","url":"https:\/\/www.sedi-ati.com\/wp-content\/uploads\/2019\/10\/Logo_SEDI-ATI_2019_avec-baseline.png","contentUrl":"https:\/\/www.sedi-ati.com\/wp-content\/uploads\/2019\/10\/Logo_SEDI-ATI_2019_avec-baseline.png","width":300,"height":73,"caption":"SEDI-ATI"},"image":{"@id":"https:\/\/www.sedi-ati.com\/fr\/#\/schema\/logo\/image\/"},"sameAs":["https:\/\/www.linkedin.com\/company\/sedi-ati-fibres-optiques\/","https:\/\/www.youtube.com\/@sedi-ati-fibres-optiques"]}]}},"_links":{"self":[{"href":"https:\/\/www.sedi-ati.com\/fr\/wp-json\/wp\/v2\/product\/11504","targetHints":{"allow":["GET"]}}],"collection":[{"href":"https:\/\/www.sedi-ati.com\/fr\/wp-json\/wp\/v2\/product"}],"about":[{"href":"https:\/\/www.sedi-ati.com\/fr\/wp-json\/wp\/v2\/types\/product"}],"wp:featuredmedia":[{"embeddable":true,"href":"https:\/\/www.sedi-ati.com\/fr\/wp-json\/wp\/v2\/media\/11505"}],"wp:attachment":[{"href":"https:\/\/www.sedi-ati.com\/fr\/wp-json\/wp\/v2\/media?parent=11504"}],"wp:term":[{"taxonomy":"product_brand","embeddable":true,"href":"https:\/\/www.sedi-ati.com\/fr\/wp-json\/wp\/v2\/product_brand?post=11504"},{"taxonomy":"product_cat","embeddable":true,"href":"https:\/\/www.sedi-ati.com\/fr\/wp-json\/wp\/v2\/product_cat?post=11504"},{"taxonomy":"product_tag","embeddable":true,"href":"https:\/\/www.sedi-ati.com\/fr\/wp-json\/wp\/v2\/product_tag?post=11504"}],"curies":[{"name":"wp","href":"https:\/\/api.w.org\/{rel}","templated":true}]}}