{"id":15406,"date":"2023-07-03T12:07:53","date_gmt":"2023-07-03T10:07:53","guid":{"rendered":"https:\/\/www.sedi-ati.com\/?post_type=product&#038;p=15406"},"modified":"2025-09-25T17:15:29","modified_gmt":"2025-09-25T15:15:29","slug":"bundles-de-fibre-optique-pour-sonde-de-reflexion","status":"publish","type":"product","link":"https:\/\/www.sedi-ati.com\/fr\/assemblages-de-fibres-optiques-sur-mesure-bundles-fentes-et-pieuvres\/bundles-de-fibre-optique-pour-sonde-de-reflexion\/","title":{"rendered":"Bundles de fibre optique pour sonde de r\u00e9flexion haute temp\u00e9rature avec embout tubulaire"},"content":{"rendered":"<section class=\"wpb-content-wrapper\"><p>[vc_row content_placement=\u00a0\u00bbmiddle\u00a0\u00bb el_class=\u00a0\u00bbz-index-1 chevauchement-horizontal-range range-applications\u00a0\u00bb][vc_column width=\u00a0\u00bb3\/5&Prime; css=\u00a0\u00bb.vc_custom_1686063701096{background-color: #dfe2e8 !important;}\u00a0\u00bb el_class=\u00a0\u00bbshadow border-radius-hd-bd line-bottom line-blue block-grand-text\u00a0\u00bb][vc_raw_html el_class=\u00a0\u00bbgros-titre flex-column-mobile\u00a0\u00bb]JTNDcCUzRUJ1bmRsZXMlM0NzcGFuJTIwY2xhc3MlM0QlMjJwb2ludC1yb3VnZSUyMiUzRSUzQyUyRnNwYW4lM0VGaWJyZXMlMjBvcHRpcXVlcyUzQyUyRnAlM0U=[\/vc_raw_html][vc_column_text el_class=\u00a0\u00bbtitre-baseline\u00a0\u00bb]<\/p>\n<h2>Conception de bundle de fibres pour sonde de r\u00e9flexion haute temp\u00e9rature avec embout tubulaire<\/h2>\n<p>[\/vc_column_text][vc_column_text]Nous proposons des <strong class=\"d2b\">bundles de fibre optique bifurqu\u00e9s<\/strong> pour sondes de r\u00e9flexion jusqu&rsquo;\u00e0 +400 \u00b0C, avec embout tubulaire.[\/vc_column_text][vc_btn title=\u00a0\u00bbDemandez un devis\u00a0\u00bb style=\u00a0\u00bbcustom\u00a0\u00bb custom_background=\u00a0\u00bb#132f40&Prime; custom_text=\u00a0\u00bb#ffffff\u00a0\u00bb shape=\u00a0\u00bbsquare\u00a0\u00bb link=\u00a0\u00bburl:%2Ffr%2Fdemande-de-devis%2F\u00a0\u00bb el_class=\u00a0\u00bbline-bottom line-blue\u00a0\u00bb][\/vc_column][vc_column width=\u00a0\u00bb1\/2&Prime; el_class=\u00a0\u00bbimg-entete\u00a0\u00bb][vc_single_image image=\u00a0\u00bb15409&Prime; img_size=\u00a0\u00bbfull\u00a0\u00bb alignment=\u00a0\u00bbcenter\u00a0\u00bb][\/vc_column][\/vc_row][vc_row full_width=\u00a0\u00bbstretch_row_content\u00a0\u00bb css=\u00a0\u00bb.vc_custom_1688379155973{background-color: #dfe2e8 !important;}\u00a0\u00bb el_class=\u00a0\u00bbfull-with-4000&Prime;][vc_column width=\u00a0\u00bb1\/2&Prime;][vc_row_inner][vc_column_inner el_class=\u00a0\u00bbwith-0-1240&Prime; width=\u00a0\u00bb1\/3&Prime;][\/vc_column_inner][vc_column_inner width=\u00a0\u00bb2\/3&Prime;][vc_raw_html el_class=\u00a0\u00bbpetit-titre\u00a0\u00bb]JTNDcCUzRUNhcmFjdCVDMyVBOXJpc3RpcXVlcyUzQ3NwYW4lMjBjbGFzcyUzRCUyMnBvaW50LXJvdWdlJTIwcG9pbnQtcGV0aXQlMjIlM0UlM0MlMkZzcGFuJTNFUHJpbmNpcGFsZXMlM0MlMkZwJTNF[\/vc_raw_html][vc_column_text css=\u00a0\u00bb.vc_custom_1688379183183{margin-top: 5px !important;border-top-width: 5px !important;padding-top: 5px !important;}\u00a0\u00bb]<\/p>\n<ul>\n<li>Sonde \u00d81\/16\u201d,<\/li>\n<li>Tenue jusqu\u2019\u00e0 +400 \u00b0C,<\/li>\n<li>Bundle en Y,<\/li>\n<li>(1+6) fibres silice 200 \u03bcm,<\/li>\n<li>VIS-NIR,<\/li>\n<li>Connecteurs ST ou SMA,<\/li>\n<li>Mat\u00e9riaux 100% inorganiques,<\/li>\n<li>Robuste,<\/li>\n<\/ul>\n<p>[\/vc_column_text][\/vc_column_inner][\/vc_row_inner][\/vc_column][vc_column width=\u00a0\u00bb1\/2&Prime; css=\u00a0\u00bb.vc_custom_1686035600704{margin-top: 0px !important;margin-bottom: 0px !important;padding-top: 0px !important;padding-bottom: 0px !important;}\u00a0\u00bb][vc_row_inner css=\u00a0\u00bb.vc_custom_1686035608506{margin-top: 0px !important;margin-bottom: 0px !important;padding-top: 0px !important;padding-bottom: 0px !important;}\u00a0\u00bb][vc_column_inner width=\u00a0\u00bb1\/6&Prime;][\/vc_column_inner][vc_column_inner el_class=\u00a0\u00bbshadow border-radius-hd-bd line-bottom line-blue\u00a0\u00bb width=\u00a0\u00bb2\/3&Prime; css=\u00a0\u00bb.vc_custom_1686035612459{background-color: #ffffff !important;}\u00a0\u00bb offset=\u00a0\u00bbvc_col-xs-9&Prime;][vc_column_text el_class=\u00a0\u00bbbaseline\u00a0\u00bb]<\/p>\n<p style=\"text-align: center;\">Cliquez pour t\u00e9l\u00e9charger la brochure en PDF<\/p>\n<p>[\/vc_column_text][vc_btn title=\u00a0\u00bbBrochure\u00a0\u00bb style=\u00a0\u00bbcustom\u00a0\u00bb custom_background=\u00a0\u00bb#132f40&Prime; custom_text=\u00a0\u00bb#ffffff\u00a0\u00bb shape=\u00a0\u00bbsquare\u00a0\u00bb align=\u00a0\u00bbcenter\u00a0\u00bb i_icon_fontawesome=\u00a0\u00bbfas fa-cloud-download-alt\u00a0\u00bb add_icon=\u00a0\u00bbtrue\u00a0\u00bb link=\u00a0\u00bburl:%2Ftelechargement-brochure%2F%3Ffor_c%3D15406&Prime; el_class=\u00a0\u00bbline-bottom line-blue\u00a0\u00bb][\/vc_column_inner][vc_column_inner width=\u00a0\u00bb1\/6&Prime;][\/vc_column_inner][\/vc_row_inner][\/vc_column][\/vc_row][vc_row][vc_column width=\u00a0\u00bb1\/2&Prime;][vc_column_text]Nous proposons des <strong>bundles bifurqu\u00e9s pour sondes de r\u00e9flexion<\/strong> de type capteurs tout ou rien, avec des mat\u00e9riaux 100 % inorganiques. Ils sont optimis\u00e9s pour fonctionner \u00e0 des temp\u00e9ratures \u00e9lev\u00e9es allant jusqu&rsquo;\u00e0 +400 \u00b0C.<\/p>\n<p>Nos bundles en Y se caract\u00e9risent par :<\/p>\n<ul>\n<li>Une voie source avec 1 fibre d&rsquo;illumination pour transporter la lumi\u00e8re de la source \u00e0 l&rsquo;\u00e9chantillon,<\/li>\n<li>Une voie de d\u00e9tection avec 6 fibres collectrices pour transporter la lumi\u00e8re r\u00e9fl\u00e9chie par l&rsquo;\u00e9chantillon vers le d\u00e9tecteur (photodiode, spectrom\u00e8tre ou monochromateur). Les 6 fibres peuvent \u00eatre dispos\u00e9es de mani\u00e8re circulaire ou lin\u00e9aire,<\/li>\n<li>Une voie \u00e9chantillon avec les 6 fibres collectrices autour de la fibre d&rsquo;illumination. Les 7 fibres sont scell\u00e9es dans la sonde tubulaire de \u00d81\/16&Prime; par 100 mm de long,<\/li>\n<\/ul>\n<p>[\/vc_column_text][\/vc_column][vc_column width=\u00a0\u00bb1\/2&Prime;][vc_column_text]Chaque voie utilise des <strong>fibres multimodes silice<\/strong>\/silice de 200 \u03bcm de diam\u00e8tre de c\u0153ur. Les fibres sont s\u00e9lectionn\u00e9es en fonction de la gamme de longueurs d&rsquo;onde souhait\u00e9e : VIS-NIR en standard, ou UV-VIS sur demande.<\/p>\n<p>La voie source et la voie de d\u00e9tection sont termin\u00e9es par un connecteur ST ou SMA pour une compatibilit\u00e9 avec la plupart des spectrom\u00e8tres et des sources lumineuses.<\/p>\n<p>Ces <strong>bundles pour sondes de r\u00e9flexion<\/strong> sont enti\u00e8rement fabriqu\u00e9s en acier inoxydable. Les cordons de raccordement sont dot\u00e9s gaines m\u00e9tal renforc\u00e9es en acier inoxydable pour une meilleure durabilit\u00e9, et les connecteurs sont dot\u00e9s d&rsquo;une f\u00e9rule m\u00e9tallique.[\/vc_column_text][\/vc_column][\/vc_row][vc_row][vc_column][vc_empty_space][vc_video link=\u00a0\u00bbhttps:\/\/www.youtube.com\/watch?v=PbGI-DPt__k&amp;t=17s&amp;pp=ygUHc2VkaWF0aQ%3D%3D\u00a0\u00bb el_width=\u00a0\u00bb70&Prime; align=\u00a0\u00bbcenter\u00a0\u00bb][\/vc_column][\/vc_row][vc_row full_width=\u00a0\u00bbstretch_row\u00a0\u00bb css=\u00a0\u00bb.vc_custom_1685526799785{background-color: #dfe2e8 !important;}\u00a0\u00bb][vc_column][vc_row_inner][vc_column_inner width=\u00a0\u00bb1\/6&Prime;][\/vc_column_inner][vc_column_inner el_class=\u00a0\u00bbshadow border-radius-hd-bd line-bottom line-blue\u00a0\u00bb width=\u00a0\u00bb2\/3&Prime; css=\u00a0\u00bb.vc_custom_1679652604813{background-color: #ffffff !important;}\u00a0\u00bb][vc_column_text el_class=\u00a0\u00bbbaseline\u00a0\u00bb]<\/p>\n<p style=\"text-align: center;\">N\u2019h\u00e9sitez pas \u00e0 vous rapprocher de nous et \u00e0 nous faire part de votre demande sp\u00e9cifique<\/p>\n<p>[\/vc_column_text][vc_btn title=\u00a0\u00bbDemande de devis\u00a0\u00bb style=\u00a0\u00bbcustom\u00a0\u00bb custom_background=\u00a0\u00bb#132f40&Prime; custom_text=\u00a0\u00bb#ffffff\u00a0\u00bb shape=\u00a0\u00bbsquare\u00a0\u00bb align=\u00a0\u00bbcenter\u00a0\u00bb link=\u00a0\u00bburl:%2Ffr%2Fdemande-de-devis%2F\u00a0\u00bb el_class=\u00a0\u00bbline-bottom line-blue\u00a0\u00bb][\/vc_column_inner][vc_column_inner width=\u00a0\u00bb1\/6&Prime;][\/vc_column_inner][\/vc_row_inner][\/vc_column][\/vc_row][vc_row full_width=\u00a0\u00bbstretch_row\u00a0\u00bb][vc_column][vc_text_separator title=\u00a0\u00bbCas clients\u00a0\u00bb title_align=\u00a0\u00bbseparator_align_left\u00a0\u00bb color=\u00a0\u00bbcustom\u00a0\u00bb border_width=\u00a0\u00bb2&Prime; el_class=\u00a0\u00bbpetit-titre\u00a0\u00bb accent_color=\u00a0\u00bb#0a0a0a\u00a0\u00bb][vc_empty_space height=\u00a0\u00bb10px\u00a0\u00bb][vc_basic_grid post_type=\u00a0\u00bbcas_client\u00a0\u00bb max_items=\u00a0\u00bb5&Prime; item=\u00a0\u00bb10738&Prime; grid_id=\u00a0\u00bbvc_gid:1711548083190-4b16155c-0fa4-6&Prime; taxonomies=\u00a0\u00bb434120, 434121, 434105, 434018&Prime;][\/vc_column][\/vc_row][vc_row][vc_column][vc_btn title=\u00a0\u00bb^\u00a0\u00bb style=\u00a0\u00bbflat\u00a0\u00bb shape=\u00a0\u00bbsquare\u00a0\u00bb link=\u00a0\u00bburl:%23Wrapper\u00a0\u00bb el_class=\u00a0\u00bbbtn-haut\u00a0\u00bb][\/vc_column][\/vc_row]<\/p>\n<\/section>","protected":false},"excerpt":{"rendered":"<p>Nous proposons des bundles de fibre optique bifurqu\u00e9s pour sondes de r\u00e9flexion jusqu&rsquo;\u00e0 +400 \u00b0C, avec embout tubulaire.<\/p>\n","protected":false},"featured_media":15407,"template":"","meta":{"_acf_changed":false,"rs_blank_template":"","rs_page_bg_color":"","slide_template_v7":""},"product_brand":[],"product_cat":[432294,433854],"product_tag":[434228,434225],"class_list":{"0":"post-15406","1":"product","2":"type-product","3":"status-publish","4":"has-post-thumbnail","6":"product_cat-assemblages-de-fibres-optiques-sur-mesure-bundles-fentes-et-pieuvres","7":"product_cat-produit","8":"product_tag-faisceaux-de-fibres","9":"product_tag-hautes-temperatures","11":"first","12":"instock","13":"shipping-taxable","14":"product-type-simple"},"acf":[],"yoast_head":"<!-- This site is optimized with the Yoast SEO plugin v27.3 - https:\/\/yoast.com\/product\/yoast-seo-wordpress\/ -->\n<title>Bundle fibre optique pour sonde de r\u00e9flexion<\/title>\n<meta name=\"description\" content=\"SEDI-ATI con\u00e7oit des bundles de fibre optique pour les sondes de r\u00e9flexion \u00e0 haute temp\u00e9rature. Contactez-nous !\" \/>\n<meta name=\"robots\" content=\"index, follow, max-snippet:-1, max-image-preview:large, max-video-preview:-1\" \/>\n<link rel=\"canonical\" href=\"https:\/\/www.sedi-ati.com\/fr\/assemblages-de-fibres-optiques-sur-mesure-bundles-fentes-et-pieuvres\/bundles-de-fibre-optique-pour-sonde-de-reflexion\/\" \/>\n<meta property=\"og:locale\" content=\"fr_FR\" \/>\n<meta property=\"og:type\" content=\"article\" \/>\n<meta property=\"og:title\" content=\"Bundle fibre optique pour sonde de r\u00e9flexion\" \/>\n<meta property=\"og:description\" content=\"SEDI-ATI con\u00e7oit des bundles de fibre optique pour les sondes de r\u00e9flexion \u00e0 haute temp\u00e9rature. Contactez-nous !\" \/>\n<meta property=\"og:url\" content=\"https:\/\/www.sedi-ati.com\/fr\/assemblages-de-fibres-optiques-sur-mesure-bundles-fentes-et-pieuvres\/bundles-de-fibre-optique-pour-sonde-de-reflexion\/\" \/>\n<meta property=\"og:site_name\" content=\"SEDI-ATI\" \/>\n<meta property=\"article:modified_time\" content=\"2025-09-25T15:15:29+00:00\" \/>\n<meta property=\"og:image\" content=\"https:\/\/www.sedi-ati.com\/wp-content\/uploads\/2023\/07\/bundle-fibre-optique-sonde-reflexion.jpg\" \/>\n\t<meta property=\"og:image:width\" content=\"400\" \/>\n\t<meta property=\"og:image:height\" content=\"400\" \/>\n\t<meta property=\"og:image:type\" content=\"image\/jpeg\" \/>\n<meta name=\"twitter:card\" content=\"summary_large_image\" \/>\n<meta name=\"twitter:label1\" content=\"Dur\u00e9e de lecture estim\u00e9e\" \/>\n\t<meta name=\"twitter:data1\" content=\"3 minutes\" \/>\n<script type=\"application\/ld+json\" class=\"yoast-schema-graph\">{\"@context\":\"https:\\\/\\\/schema.org\",\"@graph\":[{\"@type\":\"WebPage\",\"@id\":\"https:\\\/\\\/www.sedi-ati.com\\\/fr\\\/assemblages-de-fibres-optiques-sur-mesure-bundles-fentes-et-pieuvres\\\/bundles-de-fibre-optique-pour-sonde-de-reflexion\\\/\",\"url\":\"https:\\\/\\\/www.sedi-ati.com\\\/fr\\\/assemblages-de-fibres-optiques-sur-mesure-bundles-fentes-et-pieuvres\\\/bundles-de-fibre-optique-pour-sonde-de-reflexion\\\/\",\"name\":\"Bundle fibre optique pour sonde de r\u00e9flexion\",\"isPartOf\":{\"@id\":\"https:\\\/\\\/www.sedi-ati.com\\\/fr\\\/#website\"},\"primaryImageOfPage\":{\"@id\":\"https:\\\/\\\/www.sedi-ati.com\\\/fr\\\/assemblages-de-fibres-optiques-sur-mesure-bundles-fentes-et-pieuvres\\\/bundles-de-fibre-optique-pour-sonde-de-reflexion\\\/#primaryimage\"},\"image\":{\"@id\":\"https:\\\/\\\/www.sedi-ati.com\\\/fr\\\/assemblages-de-fibres-optiques-sur-mesure-bundles-fentes-et-pieuvres\\\/bundles-de-fibre-optique-pour-sonde-de-reflexion\\\/#primaryimage\"},\"thumbnailUrl\":\"https:\\\/\\\/www.sedi-ati.com\\\/wp-content\\\/uploads\\\/2023\\\/07\\\/bundle-fibre-optique-sonde-reflexion.jpg\",\"datePublished\":\"2023-07-03T10:07:53+00:00\",\"dateModified\":\"2025-09-25T15:15:29+00:00\",\"description\":\"SEDI-ATI con\u00e7oit des bundles de fibre optique pour les sondes de r\u00e9flexion \u00e0 haute temp\u00e9rature. Contactez-nous !\",\"breadcrumb\":{\"@id\":\"https:\\\/\\\/www.sedi-ati.com\\\/fr\\\/assemblages-de-fibres-optiques-sur-mesure-bundles-fentes-et-pieuvres\\\/bundles-de-fibre-optique-pour-sonde-de-reflexion\\\/#breadcrumb\"},\"inLanguage\":\"fr-FR\",\"potentialAction\":[{\"@type\":\"ReadAction\",\"target\":[\"https:\\\/\\\/www.sedi-ati.com\\\/fr\\\/assemblages-de-fibres-optiques-sur-mesure-bundles-fentes-et-pieuvres\\\/bundles-de-fibre-optique-pour-sonde-de-reflexion\\\/\"]}]},{\"@type\":\"ImageObject\",\"inLanguage\":\"fr-FR\",\"@id\":\"https:\\\/\\\/www.sedi-ati.com\\\/fr\\\/assemblages-de-fibres-optiques-sur-mesure-bundles-fentes-et-pieuvres\\\/bundles-de-fibre-optique-pour-sonde-de-reflexion\\\/#primaryimage\",\"url\":\"https:\\\/\\\/www.sedi-ati.com\\\/wp-content\\\/uploads\\\/2023\\\/07\\\/bundle-fibre-optique-sonde-reflexion.jpg\",\"contentUrl\":\"https:\\\/\\\/www.sedi-ati.com\\\/wp-content\\\/uploads\\\/2023\\\/07\\\/bundle-fibre-optique-sonde-reflexion.jpg\",\"width\":400,\"height\":400,\"caption\":\"Bundle fibre optique sonde de r\u00e9flexion\"},{\"@type\":\"BreadcrumbList\",\"@id\":\"https:\\\/\\\/www.sedi-ati.com\\\/fr\\\/assemblages-de-fibres-optiques-sur-mesure-bundles-fentes-et-pieuvres\\\/bundles-de-fibre-optique-pour-sonde-de-reflexion\\\/#breadcrumb\",\"itemListElement\":[{\"@type\":\"ListItem\",\"position\":1,\"name\":\"Home\",\"item\":\"https:\\\/\\\/www.sedi-ati.com\\\/fr\\\/\"},{\"@type\":\"ListItem\",\"position\":2,\"name\":\"Produits\",\"item\":\"https:\\\/\\\/www.sedi-ati.com\\\/fr\\\/shop\\\/\"},{\"@type\":\"ListItem\",\"position\":3,\"name\":\"Bundle de fibres optiques, fentes et pieuvres\",\"item\":\"https:\\\/\\\/www.sedi-ati.com\\\/fr\\\/assemblages-de-fibres-optiques-sur-mesure-bundles-fentes-et-pieuvres\\\/\"},{\"@type\":\"ListItem\",\"position\":4,\"name\":\"Bundles de fibre optique pour sonde de r\u00e9flexion haute temp\u00e9rature avec embout tubulaire\"}]},{\"@type\":\"WebSite\",\"@id\":\"https:\\\/\\\/www.sedi-ati.com\\\/fr\\\/#website\",\"url\":\"https:\\\/\\\/www.sedi-ati.com\\\/fr\\\/\",\"name\":\"SEDI-ATI\",\"description\":\"Assemblages de fibres optiques sur mesure, bundles, fentes et pieuvres\",\"publisher\":{\"@id\":\"https:\\\/\\\/www.sedi-ati.com\\\/fr\\\/#organization\"},\"potentialAction\":[{\"@type\":\"SearchAction\",\"target\":{\"@type\":\"EntryPoint\",\"urlTemplate\":\"https:\\\/\\\/www.sedi-ati.com\\\/fr\\\/?s={search_term_string}\"},\"query-input\":{\"@type\":\"PropertyValueSpecification\",\"valueRequired\":true,\"valueName\":\"search_term_string\"}}],\"inLanguage\":\"fr-FR\"},{\"@type\":\"Organization\",\"@id\":\"https:\\\/\\\/www.sedi-ati.com\\\/fr\\\/#organization\",\"name\":\"SEDI-ATI\",\"url\":\"https:\\\/\\\/www.sedi-ati.com\\\/fr\\\/\",\"logo\":{\"@type\":\"ImageObject\",\"inLanguage\":\"fr-FR\",\"@id\":\"https:\\\/\\\/www.sedi-ati.com\\\/fr\\\/#\\\/schema\\\/logo\\\/image\\\/\",\"url\":\"https:\\\/\\\/www.sedi-ati.com\\\/wp-content\\\/uploads\\\/2019\\\/10\\\/Logo_SEDI-ATI_2019_avec-baseline.png\",\"contentUrl\":\"https:\\\/\\\/www.sedi-ati.com\\\/wp-content\\\/uploads\\\/2019\\\/10\\\/Logo_SEDI-ATI_2019_avec-baseline.png\",\"width\":300,\"height\":73,\"caption\":\"SEDI-ATI\"},\"image\":{\"@id\":\"https:\\\/\\\/www.sedi-ati.com\\\/fr\\\/#\\\/schema\\\/logo\\\/image\\\/\"},\"sameAs\":[\"https:\\\/\\\/www.linkedin.com\\\/company\\\/sedi-ati-fibres-optiques\\\/\",\"https:\\\/\\\/www.youtube.com\\\/@sedi-ati-fibres-optiques\"]}]}<\/script>\n<!-- \/ Yoast SEO plugin. -->","yoast_head_json":{"title":"Bundle fibre optique pour sonde de r\u00e9flexion","description":"SEDI-ATI con\u00e7oit des bundles de fibre optique pour les sondes de r\u00e9flexion \u00e0 haute temp\u00e9rature. Contactez-nous !","robots":{"index":"index","follow":"follow","max-snippet":"max-snippet:-1","max-image-preview":"max-image-preview:large","max-video-preview":"max-video-preview:-1"},"canonical":"https:\/\/www.sedi-ati.com\/fr\/assemblages-de-fibres-optiques-sur-mesure-bundles-fentes-et-pieuvres\/bundles-de-fibre-optique-pour-sonde-de-reflexion\/","og_locale":"fr_FR","og_type":"article","og_title":"Bundle fibre optique pour sonde de r\u00e9flexion","og_description":"SEDI-ATI con\u00e7oit des bundles de fibre optique pour les sondes de r\u00e9flexion \u00e0 haute temp\u00e9rature. Contactez-nous !","og_url":"https:\/\/www.sedi-ati.com\/fr\/assemblages-de-fibres-optiques-sur-mesure-bundles-fentes-et-pieuvres\/bundles-de-fibre-optique-pour-sonde-de-reflexion\/","og_site_name":"SEDI-ATI","article_modified_time":"2025-09-25T15:15:29+00:00","og_image":[{"width":400,"height":400,"url":"https:\/\/www.sedi-ati.com\/wp-content\/uploads\/2023\/07\/bundle-fibre-optique-sonde-reflexion.jpg","type":"image\/jpeg"}],"twitter_card":"summary_large_image","twitter_misc":{"Dur\u00e9e de lecture estim\u00e9e":"3 minutes"},"schema":{"@context":"https:\/\/schema.org","@graph":[{"@type":"WebPage","@id":"https:\/\/www.sedi-ati.com\/fr\/assemblages-de-fibres-optiques-sur-mesure-bundles-fentes-et-pieuvres\/bundles-de-fibre-optique-pour-sonde-de-reflexion\/","url":"https:\/\/www.sedi-ati.com\/fr\/assemblages-de-fibres-optiques-sur-mesure-bundles-fentes-et-pieuvres\/bundles-de-fibre-optique-pour-sonde-de-reflexion\/","name":"Bundle fibre optique pour sonde de r\u00e9flexion","isPartOf":{"@id":"https:\/\/www.sedi-ati.com\/fr\/#website"},"primaryImageOfPage":{"@id":"https:\/\/www.sedi-ati.com\/fr\/assemblages-de-fibres-optiques-sur-mesure-bundles-fentes-et-pieuvres\/bundles-de-fibre-optique-pour-sonde-de-reflexion\/#primaryimage"},"image":{"@id":"https:\/\/www.sedi-ati.com\/fr\/assemblages-de-fibres-optiques-sur-mesure-bundles-fentes-et-pieuvres\/bundles-de-fibre-optique-pour-sonde-de-reflexion\/#primaryimage"},"thumbnailUrl":"https:\/\/www.sedi-ati.com\/wp-content\/uploads\/2023\/07\/bundle-fibre-optique-sonde-reflexion.jpg","datePublished":"2023-07-03T10:07:53+00:00","dateModified":"2025-09-25T15:15:29+00:00","description":"SEDI-ATI con\u00e7oit des bundles de fibre optique pour les sondes de r\u00e9flexion \u00e0 haute temp\u00e9rature. Contactez-nous !","breadcrumb":{"@id":"https:\/\/www.sedi-ati.com\/fr\/assemblages-de-fibres-optiques-sur-mesure-bundles-fentes-et-pieuvres\/bundles-de-fibre-optique-pour-sonde-de-reflexion\/#breadcrumb"},"inLanguage":"fr-FR","potentialAction":[{"@type":"ReadAction","target":["https:\/\/www.sedi-ati.com\/fr\/assemblages-de-fibres-optiques-sur-mesure-bundles-fentes-et-pieuvres\/bundles-de-fibre-optique-pour-sonde-de-reflexion\/"]}]},{"@type":"ImageObject","inLanguage":"fr-FR","@id":"https:\/\/www.sedi-ati.com\/fr\/assemblages-de-fibres-optiques-sur-mesure-bundles-fentes-et-pieuvres\/bundles-de-fibre-optique-pour-sonde-de-reflexion\/#primaryimage","url":"https:\/\/www.sedi-ati.com\/wp-content\/uploads\/2023\/07\/bundle-fibre-optique-sonde-reflexion.jpg","contentUrl":"https:\/\/www.sedi-ati.com\/wp-content\/uploads\/2023\/07\/bundle-fibre-optique-sonde-reflexion.jpg","width":400,"height":400,"caption":"Bundle fibre optique sonde de r\u00e9flexion"},{"@type":"BreadcrumbList","@id":"https:\/\/www.sedi-ati.com\/fr\/assemblages-de-fibres-optiques-sur-mesure-bundles-fentes-et-pieuvres\/bundles-de-fibre-optique-pour-sonde-de-reflexion\/#breadcrumb","itemListElement":[{"@type":"ListItem","position":1,"name":"Home","item":"https:\/\/www.sedi-ati.com\/fr\/"},{"@type":"ListItem","position":2,"name":"Produits","item":"https:\/\/www.sedi-ati.com\/fr\/shop\/"},{"@type":"ListItem","position":3,"name":"Bundle de fibres optiques, fentes et pieuvres","item":"https:\/\/www.sedi-ati.com\/fr\/assemblages-de-fibres-optiques-sur-mesure-bundles-fentes-et-pieuvres\/"},{"@type":"ListItem","position":4,"name":"Bundles de fibre optique pour sonde de r\u00e9flexion haute temp\u00e9rature avec embout tubulaire"}]},{"@type":"WebSite","@id":"https:\/\/www.sedi-ati.com\/fr\/#website","url":"https:\/\/www.sedi-ati.com\/fr\/","name":"SEDI-ATI","description":"Assemblages de fibres optiques sur mesure, bundles, fentes et pieuvres","publisher":{"@id":"https:\/\/www.sedi-ati.com\/fr\/#organization"},"potentialAction":[{"@type":"SearchAction","target":{"@type":"EntryPoint","urlTemplate":"https:\/\/www.sedi-ati.com\/fr\/?s={search_term_string}"},"query-input":{"@type":"PropertyValueSpecification","valueRequired":true,"valueName":"search_term_string"}}],"inLanguage":"fr-FR"},{"@type":"Organization","@id":"https:\/\/www.sedi-ati.com\/fr\/#organization","name":"SEDI-ATI","url":"https:\/\/www.sedi-ati.com\/fr\/","logo":{"@type":"ImageObject","inLanguage":"fr-FR","@id":"https:\/\/www.sedi-ati.com\/fr\/#\/schema\/logo\/image\/","url":"https:\/\/www.sedi-ati.com\/wp-content\/uploads\/2019\/10\/Logo_SEDI-ATI_2019_avec-baseline.png","contentUrl":"https:\/\/www.sedi-ati.com\/wp-content\/uploads\/2019\/10\/Logo_SEDI-ATI_2019_avec-baseline.png","width":300,"height":73,"caption":"SEDI-ATI"},"image":{"@id":"https:\/\/www.sedi-ati.com\/fr\/#\/schema\/logo\/image\/"},"sameAs":["https:\/\/www.linkedin.com\/company\/sedi-ati-fibres-optiques\/","https:\/\/www.youtube.com\/@sedi-ati-fibres-optiques"]}]}},"_links":{"self":[{"href":"https:\/\/www.sedi-ati.com\/fr\/wp-json\/wp\/v2\/product\/15406","targetHints":{"allow":["GET"]}}],"collection":[{"href":"https:\/\/www.sedi-ati.com\/fr\/wp-json\/wp\/v2\/product"}],"about":[{"href":"https:\/\/www.sedi-ati.com\/fr\/wp-json\/wp\/v2\/types\/product"}],"wp:featuredmedia":[{"embeddable":true,"href":"https:\/\/www.sedi-ati.com\/fr\/wp-json\/wp\/v2\/media\/15407"}],"wp:attachment":[{"href":"https:\/\/www.sedi-ati.com\/fr\/wp-json\/wp\/v2\/media?parent=15406"}],"wp:term":[{"taxonomy":"product_brand","embeddable":true,"href":"https:\/\/www.sedi-ati.com\/fr\/wp-json\/wp\/v2\/product_brand?post=15406"},{"taxonomy":"product_cat","embeddable":true,"href":"https:\/\/www.sedi-ati.com\/fr\/wp-json\/wp\/v2\/product_cat?post=15406"},{"taxonomy":"product_tag","embeddable":true,"href":"https:\/\/www.sedi-ati.com\/fr\/wp-json\/wp\/v2\/product_tag?post=15406"}],"curies":[{"name":"wp","href":"https:\/\/api.w.org\/{rel}","templated":true}]}}