{"id":20272,"date":"2024-11-28T10:49:07","date_gmt":"2024-11-28T09:49:07","guid":{"rendered":"https:\/\/www.sedi-ati.com\/?post_type=product&#038;p=20272"},"modified":"2025-09-25T15:48:43","modified_gmt":"2025-09-25T13:48:43","slug":"aiguille-fibree-pour-application-industrielle","status":"publish","type":"product","link":"https:\/\/www.sedi-ati.com\/fr\/aiguilles-fibrees\/aiguille-fibree-pour-application-industrielle\/","title":{"rendered":"Aiguille fibr\u00e9e pour application industrielle"},"content":{"rendered":"<section class=\"wpb-content-wrapper\"><p>[vc_row content_placement=\u00a0\u00bbmiddle\u00a0\u00bb el_class=\u00a0\u00bbz-index-1 chevauchement-horizontal-range range-applications\u00a0\u00bb][vc_column width=\u00a0\u00bb3\/5&Prime; el_class=\u00a0\u00bbshadow border-radius-hd-bd line-bottom line-blue\u00a0\u00bb css=\u00a0\u00bb.vc_custom_1693216696578{background-color: #dfe2e8 !important;}\u00a0\u00bb][vc_raw_html el_class=\u00a0\u00bbgros-titre flex-column-mobile\u00a0\u00bb]JTNDcCUzRUFpZ3VpbGxlcyUzQ3NwYW4lMjBjbGFzcyUzRCUyMnBvaW50LXJvdWdlJTIyJTNFJTNDJTJGc3BhbiUzRUZpYnJlcyUyMG9wdGlxdWVzJTNDJTJGcCUzRQ==[\/vc_raw_html][vc_column_text el_class=\u00a0\u00bbtitre-baseline\u00a0\u00bb]<\/p>\n<h2>Sonde aiguille \u00e0 base de fibre optique<\/h2>\n<p>[\/vc_column_text][vc_column_text]SEDI-ATI a acquis un savoir-faire tr\u00e8s sp\u00e9cifique dans l&rsquo;int\u00e9gration d&rsquo;une fibre optique dans une aiguille m\u00e9tallique. Les aiguilles \u00e0 fibre optique sont ici adapt\u00e9es aux applications industrielles, comme l&rsquo;imagerie de fluorescence non destructive et en temps r\u00e9el, ainsi que des mesures Raman.[\/vc_column_text][vc_btn title=\u00a0\u00bbDemandez un devis\u00a0\u00bb style=\u00a0\u00bbcustom\u00a0\u00bb custom_background=\u00a0\u00bb#132f40&Prime; custom_text=\u00a0\u00bb#ffffff\u00a0\u00bb shape=\u00a0\u00bbsquare\u00a0\u00bb el_class=\u00a0\u00bbline-bottom line-blue\u00a0\u00bb link=\u00a0\u00bburl:https%3A%2F%2Fwww.sedi-ati.com%2Ffr%2Fdemande-de-devis%2F\u00a0\u00bb][\/vc_column][vc_column width=\u00a0\u00bb1\/2&Prime;][vc_single_image image=\u00a0\u00bb21243&Prime; img_size=\u00a0\u00bbfull\u00a0\u00bb alignment=\u00a0\u00bbcenter\u00a0\u00bb][\/vc_column][\/vc_row][vc_row full_width=\u00a0\u00bbstretch_row_content\u00a0\u00bb el_class=\u00a0\u00bbfull-with-4000&Prime; css=\u00a0\u00bb.vc_custom_1693217174835{background-color: #dfe2e8 !important;}\u00a0\u00bb][vc_column width=\u00a0\u00bb1\/2&Prime;][vc_row_inner][vc_column_inner width=\u00a0\u00bb1\/3&Prime;][\/vc_column_inner][vc_column_inner width=\u00a0\u00bb2\/3&Prime;][vc_raw_html el_class=\u00a0\u00bbpetit-titre\u00a0\u00bb]JTNDcCUzRUNhcmFjdCVDMyVBOXJpc3RpcXVlcyUzQ3NwYW4lMjBjbGFzcyUzRCUyMnBvaW50LXJvdWdlJTIwcG9pbnQtcGV0aXQlMjIlM0UlM0MlMkZzcGFuJTNFUHJpbmNpcGFsZXMlM0MlMkZwJTNF[\/vc_raw_html][vc_column_text]<\/p>\n<ul>\n<li>Fibres monomode et multimode jusqu&rsquo;\u00e0 1 000 \u00b5m de diam\u00e8tre de c\u0153ur,<\/li>\n<li>Connecteurs FC\/PC, FC\/APC, SMA, autonome ou autres,<\/li>\n<li>Jauges de 17 \u00e0 25,<\/li>\n<li>Angle de polissage du biseau de l&rsquo;aiguille sur mesure de 10\u00b0 \u00e0 90\u00b0,<\/li>\n<li>Longueur customisable,<\/li>\n<li>P\u00e9n\u00e9tration excellente du mat\u00e9riau.<\/li>\n<\/ul>\n<p>[\/vc_column_text][\/vc_column_inner][\/vc_row_inner][\/vc_column][vc_column width=\u00a0\u00bb1\/2&Prime;][vc_row_inner][vc_column_inner width=\u00a0\u00bb1\/6&Prime;][\/vc_column_inner][vc_column_inner el_class=\u00a0\u00bbshadow border-radius-hd-bd line-bottom line-blue\u00a0\u00bb width=\u00a0\u00bb2\/3&Prime; css=\u00a0\u00bb.vc_custom_1693225743704{background-color: #ffffff !important;}\u00a0\u00bb offset=\u00a0\u00bbvc_col-xs-9&Prime;][vc_column_text]<\/p>\n<p style=\"text-align: center;\">Cliquez pour t\u00e9l\u00e9charger la brochure en PDF<\/p>\n<p>[\/vc_column_text][vc_btn title=\u00a0\u00bbBrochure\u00a0\u00bb style=\u00a0\u00bbcustom\u00a0\u00bb custom_background=\u00a0\u00bb#132f40&Prime; custom_text=\u00a0\u00bb#ffffff\u00a0\u00bb shape=\u00a0\u00bbsquare\u00a0\u00bb align=\u00a0\u00bbcenter\u00a0\u00bb i_icon_fontawesome=\u00a0\u00bbfas fa-cloud-download-alt\u00a0\u00bb add_icon=\u00a0\u00bbtrue\u00a0\u00bb link=\u00a0\u00bburl:%2Fdownload-brochure%2F%3Ffor_c%3D20272&Prime; el_class=\u00a0\u00bbline-bottom line-blue\u00a0\u00bb][\/vc_column_inner][vc_column_inner width=\u00a0\u00bb1\/6&Prime;][\/vc_column_inner][\/vc_row_inner][\/vc_column][\/vc_row][vc_row][vc_column width=\u00a0\u00bb1\/2&Prime;][vc_column_text]SEDI-ATI a d\u00e9velopp\u00e9 un savoir-faire tr\u00e8s sp\u00e9cifique dans l&rsquo;int\u00e9gration de fibres optiques dans des aiguilles m\u00e9talliques pour des applications industrielles.<br \/>\nUne vari\u00e9t\u00e9 de fibres optiques allant des fibres monomodes aux fibres multimodes \u00e0 gros c\u0153ur jusqu&rsquo;\u00e0 1000 \u03bcm peut \u00eatre enferm\u00e9e dans une aiguille sur mesure.<\/p>\n<p>Toutes nos fibres sont certifi\u00e9es USP classe VI, non toxiques et biocompatibles.<\/p>\n<p>Le biseau de l&rsquo;aiguille peut \u00eatre plat ou inclin\u00e9 selon vos sp\u00e9cifications. Une extr\u00e9mit\u00e9 pyramidale comme pour une aiguille d&rsquo;injection standard peut \u00e9galement \u00eatre propos\u00e9e. Toutes les variations des angles du biseau principal et des biseaux lat\u00e9raux sont possibles.<\/p>\n<p>Notre technique d&rsquo;assemblage permet d&rsquo;\u00e9viter toute contrainte sur la fibre lors du polissage de la pointe du biseau.<\/p>\n<p>La sonde \u00e0 aiguille peut \u00eatre \u00e9quip\u00e9e de diff\u00e9rents types de connecteurs, dont FC\/PC, FC\/APC, SMA, des connecteurs autonomes, ou d&rsquo;autres sur demande.[\/vc_column_text][\/vc_column][vc_column width=\u00a0\u00bb1\/2&Prime;][vc_column_text]Un traitement sp\u00e9cial de l&rsquo;aiguille permet une excellente p\u00e9n\u00e9tration des mat\u00e9riaux (bois, fruits&#8230;), \u00e0 l&rsquo;instar d&rsquo;une aiguille de seringue.<\/p>\n<p>Cette sonde \u00e0 aiguille en fibre optique est id\u00e9ale pour r\u00e9aliser une imagerie de fluorescence non destructive et en temps r\u00e9el, ainsi que des mesures Raman.<\/p>\n<p>Les applications \u00e9mergentes de ce nouvel outil d&rsquo;imagerie fascinant incluent l&rsquo;agroalimentaire et l&rsquo;agriculture.<\/p>\n<p>Veuillez nous contacter pour discuter de vos besoins sp\u00e9cifiques.[\/vc_column_text][\/vc_column][\/vc_row][vc_row][vc_column][vc_empty_space][\/vc_column][\/vc_row][vc_row full_width=\u00a0\u00bbstretch_row\u00a0\u00bb css=\u00a0\u00bb.vc_custom_1693224788482{background-color: #dfe2e8 !important;}\u00a0\u00bb][vc_column][vc_row_inner][vc_column_inner width=\u00a0\u00bb1\/6&Prime;][\/vc_column_inner][vc_column_inner el_class=\u00a0\u00bbshadow border-radius-hd-bd line-bottom line-blue\u00a0\u00bb width=\u00a0\u00bb2\/3&Prime; css=\u00a0\u00bb.vc_custom_1693225801841{background-color: #ffffff !important;}\u00a0\u00bb][vc_column_text]<\/p>\n<p style=\"text-align: center;\">N&rsquo;h\u00e9sitez pas \u00e0 vous rapprocher de nous et nous faire part de votre demande sp\u00e9cifique<\/p>\n<p>[\/vc_column_text][vc_btn title=\u00a0\u00bbDemande de devis\u00a0\u00bb style=\u00a0\u00bbcustom\u00a0\u00bb custom_background=\u00a0\u00bb#132f40&Prime; custom_text=\u00a0\u00bb#ffffff\u00a0\u00bb shape=\u00a0\u00bbsquare\u00a0\u00bb align=\u00a0\u00bbcenter\u00a0\u00bb el_class=\u00a0\u00bbline-bottom line-blue\u00a0\u00bb][\/vc_column_inner][vc_column_inner width=\u00a0\u00bb1\/6&Prime;][\/vc_column_inner][\/vc_row_inner][\/vc_column][\/vc_row][vc_row full_width=\u00a0\u00bbstretch_row\u00a0\u00bb disable_element=\u00a0\u00bbyes\u00a0\u00bb][vc_column][vc_text_separator title=\u00a0\u00bbCas clients\u00a0\u00bb title_align=\u00a0\u00bbseparator_align_left\u00a0\u00bb color=\u00a0\u00bbcustom\u00a0\u00bb border_width=\u00a0\u00bb2&Prime; accent_color=\u00a0\u00bb#000000&Prime; el_class=\u00a0\u00bbpetit-titre\u00a0\u00bb][vc_empty_space height=\u00a0\u00bb10px\u00a0\u00bb][vc_basic_grid post_type=\u00a0\u00bbcas_client\u00a0\u00bb max_items=\u00a0\u00bb5&Prime; item=\u00a0\u00bb14900&Prime; grid_id=\u00a0\u00bbvc_gid:1758705251449-ab4dea1c-1eff-8&Prime; taxonomies=\u00a0\u00bb434098&Prime;][\/vc_column][\/vc_row][vc_row][vc_column][vc_btn title=\u00a0\u00bb^\u00a0\u00bb style=\u00a0\u00bbflat\u00a0\u00bb shape=\u00a0\u00bbsquare\u00a0\u00bb link=\u00a0\u00bburl:%23Wrapper\u00a0\u00bb el_class=\u00a0\u00bbbtn-haut\u00a0\u00bb][\/vc_column][\/vc_row]<\/p>\n<\/section>","protected":false},"excerpt":{"rendered":"<p>SEDI-ATI a acquis un savoir-faire tr\u00e8s sp\u00e9cifique dans l&rsquo;int\u00e9gration d&rsquo;une fibre optique dans une aiguille m\u00e9tallique. Les aiguilles \u00e0 fibre optique sont adapt\u00e9es pour de l&rsquo;imagerie de fluorescence non destructive et en temps r\u00e9el, ainsi que des mesures Raman.<\/p>\n","protected":false},"featured_media":21251,"template":"","meta":{"_acf_changed":false,"rs_blank_template":"","rs_page_bg_color":"","slide_template_v7":""},"product_brand":[],"product_cat":[434172],"product_tag":[434218],"class_list":{"0":"post-20272","1":"product","2":"type-product","3":"status-publish","4":"has-post-thumbnail","6":"product_cat-aiguilles-fibrees","7":"product_tag-aiguilles-fibrees","9":"first","10":"instock","11":"shipping-taxable","12":"product-type-simple"},"acf":[],"yoast_head":"<!-- This site is optimized with the Yoast SEO plugin v27.3 - https:\/\/yoast.com\/product\/yoast-seo-wordpress\/ -->\n<title>Aiguille fibr\u00e9e pour application industrielle - SEDI-ATI<\/title>\n<meta name=\"description\" content=\"SEDI-ATI a acquis un savoir-faire tr\u00e8s sp\u00e9cifique dans l&#039;int\u00e9gration d&#039;une fibre optique dans une aiguille m\u00e9tallique. Les aiguilles \u00e0 fibre optique sont adapt\u00e9es pour de l&#039;imagerie de fluorescence non destructive et en temps r\u00e9el, ainsi que des mesures Raman.\" \/>\n<meta name=\"robots\" content=\"index, follow, max-snippet:-1, max-image-preview:large, max-video-preview:-1\" \/>\n<link rel=\"canonical\" href=\"https:\/\/www.sedi-ati.com\/fr\/aiguilles-fibrees\/aiguille-fibree-pour-application-industrielle\/\" \/>\n<meta property=\"og:locale\" content=\"fr_FR\" \/>\n<meta property=\"og:type\" content=\"article\" \/>\n<meta property=\"og:title\" content=\"Aiguille fibr\u00e9e pour application industrielle - SEDI-ATI\" \/>\n<meta property=\"og:description\" content=\"SEDI-ATI a acquis un savoir-faire tr\u00e8s sp\u00e9cifique dans l&#039;int\u00e9gration d&#039;une fibre optique dans une aiguille m\u00e9tallique. Les aiguilles \u00e0 fibre optique sont adapt\u00e9es pour de l&#039;imagerie de fluorescence non destructive et en temps r\u00e9el, ainsi que des mesures Raman.\" \/>\n<meta property=\"og:url\" content=\"https:\/\/www.sedi-ati.com\/fr\/aiguilles-fibrees\/aiguille-fibree-pour-application-industrielle\/\" \/>\n<meta property=\"og:site_name\" content=\"SEDI-ATI\" \/>\n<meta property=\"article:modified_time\" content=\"2025-09-25T13:48:43+00:00\" \/>\n<meta property=\"og:image\" content=\"https:\/\/www.sedi-ati.com\/wp-content\/uploads\/2024\/11\/Aiguille-fibree-3.jpg\" \/>\n\t<meta property=\"og:image:width\" content=\"400\" \/>\n\t<meta property=\"og:image:height\" content=\"400\" \/>\n\t<meta property=\"og:image:type\" content=\"image\/jpeg\" \/>\n<meta name=\"twitter:card\" content=\"summary_large_image\" \/>\n<meta name=\"twitter:label1\" content=\"Dur\u00e9e de lecture estim\u00e9e\" \/>\n\t<meta name=\"twitter:data1\" content=\"3 minutes\" \/>\n<script type=\"application\/ld+json\" class=\"yoast-schema-graph\">{\"@context\":\"https:\\\/\\\/schema.org\",\"@graph\":[{\"@type\":\"WebPage\",\"@id\":\"https:\\\/\\\/www.sedi-ati.com\\\/fr\\\/aiguilles-fibrees\\\/aiguille-fibree-pour-application-industrielle\\\/\",\"url\":\"https:\\\/\\\/www.sedi-ati.com\\\/fr\\\/aiguilles-fibrees\\\/aiguille-fibree-pour-application-industrielle\\\/\",\"name\":\"Aiguille fibr\u00e9e pour application industrielle - SEDI-ATI\",\"isPartOf\":{\"@id\":\"https:\\\/\\\/www.sedi-ati.com\\\/fr\\\/#website\"},\"primaryImageOfPage\":{\"@id\":\"https:\\\/\\\/www.sedi-ati.com\\\/fr\\\/aiguilles-fibrees\\\/aiguille-fibree-pour-application-industrielle\\\/#primaryimage\"},\"image\":{\"@id\":\"https:\\\/\\\/www.sedi-ati.com\\\/fr\\\/aiguilles-fibrees\\\/aiguille-fibree-pour-application-industrielle\\\/#primaryimage\"},\"thumbnailUrl\":\"https:\\\/\\\/www.sedi-ati.com\\\/wp-content\\\/uploads\\\/2024\\\/11\\\/Aiguille-fibree-3.jpg\",\"datePublished\":\"2024-11-28T09:49:07+00:00\",\"dateModified\":\"2025-09-25T13:48:43+00:00\",\"description\":\"SEDI-ATI a acquis un savoir-faire tr\u00e8s sp\u00e9cifique dans l'int\u00e9gration d'une fibre optique dans une aiguille m\u00e9tallique. Les aiguilles \u00e0 fibre optique sont adapt\u00e9es pour de l'imagerie de fluorescence non destructive et en temps r\u00e9el, ainsi que des mesures Raman.\",\"breadcrumb\":{\"@id\":\"https:\\\/\\\/www.sedi-ati.com\\\/fr\\\/aiguilles-fibrees\\\/aiguille-fibree-pour-application-industrielle\\\/#breadcrumb\"},\"inLanguage\":\"fr-FR\",\"potentialAction\":[{\"@type\":\"ReadAction\",\"target\":[\"https:\\\/\\\/www.sedi-ati.com\\\/fr\\\/aiguilles-fibrees\\\/aiguille-fibree-pour-application-industrielle\\\/\"]}]},{\"@type\":\"ImageObject\",\"inLanguage\":\"fr-FR\",\"@id\":\"https:\\\/\\\/www.sedi-ati.com\\\/fr\\\/aiguilles-fibrees\\\/aiguille-fibree-pour-application-industrielle\\\/#primaryimage\",\"url\":\"https:\\\/\\\/www.sedi-ati.com\\\/wp-content\\\/uploads\\\/2024\\\/11\\\/Aiguille-fibree-3.jpg\",\"contentUrl\":\"https:\\\/\\\/www.sedi-ati.com\\\/wp-content\\\/uploads\\\/2024\\\/11\\\/Aiguille-fibree-3.jpg\",\"width\":400,\"height\":400},{\"@type\":\"BreadcrumbList\",\"@id\":\"https:\\\/\\\/www.sedi-ati.com\\\/fr\\\/aiguilles-fibrees\\\/aiguille-fibree-pour-application-industrielle\\\/#breadcrumb\",\"itemListElement\":[{\"@type\":\"ListItem\",\"position\":1,\"name\":\"Home\",\"item\":\"https:\\\/\\\/www.sedi-ati.com\\\/fr\\\/\"},{\"@type\":\"ListItem\",\"position\":2,\"name\":\"Produits\",\"item\":\"https:\\\/\\\/www.sedi-ati.com\\\/fr\\\/shop\\\/\"},{\"@type\":\"ListItem\",\"position\":3,\"name\":\"Aiguilles fibr\u00e9es\",\"item\":\"https:\\\/\\\/www.sedi-ati.com\\\/fr\\\/aiguilles-fibrees\\\/\"},{\"@type\":\"ListItem\",\"position\":4,\"name\":\"Aiguille fibr\u00e9e pour application industrielle\"}]},{\"@type\":\"WebSite\",\"@id\":\"https:\\\/\\\/www.sedi-ati.com\\\/fr\\\/#website\",\"url\":\"https:\\\/\\\/www.sedi-ati.com\\\/fr\\\/\",\"name\":\"SEDI-ATI\",\"description\":\"Assemblages de fibres optiques sur mesure, bundles, fentes et pieuvres\",\"publisher\":{\"@id\":\"https:\\\/\\\/www.sedi-ati.com\\\/fr\\\/#organization\"},\"potentialAction\":[{\"@type\":\"SearchAction\",\"target\":{\"@type\":\"EntryPoint\",\"urlTemplate\":\"https:\\\/\\\/www.sedi-ati.com\\\/fr\\\/?s={search_term_string}\"},\"query-input\":{\"@type\":\"PropertyValueSpecification\",\"valueRequired\":true,\"valueName\":\"search_term_string\"}}],\"inLanguage\":\"fr-FR\"},{\"@type\":\"Organization\",\"@id\":\"https:\\\/\\\/www.sedi-ati.com\\\/fr\\\/#organization\",\"name\":\"SEDI-ATI\",\"url\":\"https:\\\/\\\/www.sedi-ati.com\\\/fr\\\/\",\"logo\":{\"@type\":\"ImageObject\",\"inLanguage\":\"fr-FR\",\"@id\":\"https:\\\/\\\/www.sedi-ati.com\\\/fr\\\/#\\\/schema\\\/logo\\\/image\\\/\",\"url\":\"https:\\\/\\\/www.sedi-ati.com\\\/wp-content\\\/uploads\\\/2019\\\/10\\\/Logo_SEDI-ATI_2019_avec-baseline.png\",\"contentUrl\":\"https:\\\/\\\/www.sedi-ati.com\\\/wp-content\\\/uploads\\\/2019\\\/10\\\/Logo_SEDI-ATI_2019_avec-baseline.png\",\"width\":300,\"height\":73,\"caption\":\"SEDI-ATI\"},\"image\":{\"@id\":\"https:\\\/\\\/www.sedi-ati.com\\\/fr\\\/#\\\/schema\\\/logo\\\/image\\\/\"},\"sameAs\":[\"https:\\\/\\\/www.linkedin.com\\\/company\\\/sedi-ati-fibres-optiques\\\/\",\"https:\\\/\\\/www.youtube.com\\\/@sedi-ati-fibres-optiques\"]}]}<\/script>\n<!-- \/ Yoast SEO plugin. -->","yoast_head_json":{"title":"Aiguille fibr\u00e9e pour application industrielle - SEDI-ATI","description":"SEDI-ATI a acquis un savoir-faire tr\u00e8s sp\u00e9cifique dans l'int\u00e9gration d'une fibre optique dans une aiguille m\u00e9tallique. Les aiguilles \u00e0 fibre optique sont adapt\u00e9es pour de l'imagerie de fluorescence non destructive et en temps r\u00e9el, ainsi que des mesures Raman.","robots":{"index":"index","follow":"follow","max-snippet":"max-snippet:-1","max-image-preview":"max-image-preview:large","max-video-preview":"max-video-preview:-1"},"canonical":"https:\/\/www.sedi-ati.com\/fr\/aiguilles-fibrees\/aiguille-fibree-pour-application-industrielle\/","og_locale":"fr_FR","og_type":"article","og_title":"Aiguille fibr\u00e9e pour application industrielle - SEDI-ATI","og_description":"SEDI-ATI a acquis un savoir-faire tr\u00e8s sp\u00e9cifique dans l'int\u00e9gration d'une fibre optique dans une aiguille m\u00e9tallique. Les aiguilles \u00e0 fibre optique sont adapt\u00e9es pour de l'imagerie de fluorescence non destructive et en temps r\u00e9el, ainsi que des mesures Raman.","og_url":"https:\/\/www.sedi-ati.com\/fr\/aiguilles-fibrees\/aiguille-fibree-pour-application-industrielle\/","og_site_name":"SEDI-ATI","article_modified_time":"2025-09-25T13:48:43+00:00","og_image":[{"width":400,"height":400,"url":"https:\/\/www.sedi-ati.com\/wp-content\/uploads\/2024\/11\/Aiguille-fibree-3.jpg","type":"image\/jpeg"}],"twitter_card":"summary_large_image","twitter_misc":{"Dur\u00e9e de lecture estim\u00e9e":"3 minutes"},"schema":{"@context":"https:\/\/schema.org","@graph":[{"@type":"WebPage","@id":"https:\/\/www.sedi-ati.com\/fr\/aiguilles-fibrees\/aiguille-fibree-pour-application-industrielle\/","url":"https:\/\/www.sedi-ati.com\/fr\/aiguilles-fibrees\/aiguille-fibree-pour-application-industrielle\/","name":"Aiguille fibr\u00e9e pour application industrielle - SEDI-ATI","isPartOf":{"@id":"https:\/\/www.sedi-ati.com\/fr\/#website"},"primaryImageOfPage":{"@id":"https:\/\/www.sedi-ati.com\/fr\/aiguilles-fibrees\/aiguille-fibree-pour-application-industrielle\/#primaryimage"},"image":{"@id":"https:\/\/www.sedi-ati.com\/fr\/aiguilles-fibrees\/aiguille-fibree-pour-application-industrielle\/#primaryimage"},"thumbnailUrl":"https:\/\/www.sedi-ati.com\/wp-content\/uploads\/2024\/11\/Aiguille-fibree-3.jpg","datePublished":"2024-11-28T09:49:07+00:00","dateModified":"2025-09-25T13:48:43+00:00","description":"SEDI-ATI a acquis un savoir-faire tr\u00e8s sp\u00e9cifique dans l'int\u00e9gration d'une fibre optique dans une aiguille m\u00e9tallique. Les aiguilles \u00e0 fibre optique sont adapt\u00e9es pour de l'imagerie de fluorescence non destructive et en temps r\u00e9el, ainsi que des mesures Raman.","breadcrumb":{"@id":"https:\/\/www.sedi-ati.com\/fr\/aiguilles-fibrees\/aiguille-fibree-pour-application-industrielle\/#breadcrumb"},"inLanguage":"fr-FR","potentialAction":[{"@type":"ReadAction","target":["https:\/\/www.sedi-ati.com\/fr\/aiguilles-fibrees\/aiguille-fibree-pour-application-industrielle\/"]}]},{"@type":"ImageObject","inLanguage":"fr-FR","@id":"https:\/\/www.sedi-ati.com\/fr\/aiguilles-fibrees\/aiguille-fibree-pour-application-industrielle\/#primaryimage","url":"https:\/\/www.sedi-ati.com\/wp-content\/uploads\/2024\/11\/Aiguille-fibree-3.jpg","contentUrl":"https:\/\/www.sedi-ati.com\/wp-content\/uploads\/2024\/11\/Aiguille-fibree-3.jpg","width":400,"height":400},{"@type":"BreadcrumbList","@id":"https:\/\/www.sedi-ati.com\/fr\/aiguilles-fibrees\/aiguille-fibree-pour-application-industrielle\/#breadcrumb","itemListElement":[{"@type":"ListItem","position":1,"name":"Home","item":"https:\/\/www.sedi-ati.com\/fr\/"},{"@type":"ListItem","position":2,"name":"Produits","item":"https:\/\/www.sedi-ati.com\/fr\/shop\/"},{"@type":"ListItem","position":3,"name":"Aiguilles fibr\u00e9es","item":"https:\/\/www.sedi-ati.com\/fr\/aiguilles-fibrees\/"},{"@type":"ListItem","position":4,"name":"Aiguille fibr\u00e9e pour application industrielle"}]},{"@type":"WebSite","@id":"https:\/\/www.sedi-ati.com\/fr\/#website","url":"https:\/\/www.sedi-ati.com\/fr\/","name":"SEDI-ATI","description":"Assemblages de fibres optiques sur mesure, bundles, fentes et pieuvres","publisher":{"@id":"https:\/\/www.sedi-ati.com\/fr\/#organization"},"potentialAction":[{"@type":"SearchAction","target":{"@type":"EntryPoint","urlTemplate":"https:\/\/www.sedi-ati.com\/fr\/?s={search_term_string}"},"query-input":{"@type":"PropertyValueSpecification","valueRequired":true,"valueName":"search_term_string"}}],"inLanguage":"fr-FR"},{"@type":"Organization","@id":"https:\/\/www.sedi-ati.com\/fr\/#organization","name":"SEDI-ATI","url":"https:\/\/www.sedi-ati.com\/fr\/","logo":{"@type":"ImageObject","inLanguage":"fr-FR","@id":"https:\/\/www.sedi-ati.com\/fr\/#\/schema\/logo\/image\/","url":"https:\/\/www.sedi-ati.com\/wp-content\/uploads\/2019\/10\/Logo_SEDI-ATI_2019_avec-baseline.png","contentUrl":"https:\/\/www.sedi-ati.com\/wp-content\/uploads\/2019\/10\/Logo_SEDI-ATI_2019_avec-baseline.png","width":300,"height":73,"caption":"SEDI-ATI"},"image":{"@id":"https:\/\/www.sedi-ati.com\/fr\/#\/schema\/logo\/image\/"},"sameAs":["https:\/\/www.linkedin.com\/company\/sedi-ati-fibres-optiques\/","https:\/\/www.youtube.com\/@sedi-ati-fibres-optiques"]}]}},"_links":{"self":[{"href":"https:\/\/www.sedi-ati.com\/fr\/wp-json\/wp\/v2\/product\/20272","targetHints":{"allow":["GET"]}}],"collection":[{"href":"https:\/\/www.sedi-ati.com\/fr\/wp-json\/wp\/v2\/product"}],"about":[{"href":"https:\/\/www.sedi-ati.com\/fr\/wp-json\/wp\/v2\/types\/product"}],"wp:featuredmedia":[{"embeddable":true,"href":"https:\/\/www.sedi-ati.com\/fr\/wp-json\/wp\/v2\/media\/21251"}],"wp:attachment":[{"href":"https:\/\/www.sedi-ati.com\/fr\/wp-json\/wp\/v2\/media?parent=20272"}],"wp:term":[{"taxonomy":"product_brand","embeddable":true,"href":"https:\/\/www.sedi-ati.com\/fr\/wp-json\/wp\/v2\/product_brand?post=20272"},{"taxonomy":"product_cat","embeddable":true,"href":"https:\/\/www.sedi-ati.com\/fr\/wp-json\/wp\/v2\/product_cat?post=20272"},{"taxonomy":"product_tag","embeddable":true,"href":"https:\/\/www.sedi-ati.com\/fr\/wp-json\/wp\/v2\/product_tag?post=20272"}],"curies":[{"name":"wp","href":"https:\/\/api.w.org\/{rel}","templated":true}]}}