{"id":21290,"date":"2025-10-03T11:51:09","date_gmt":"2025-10-03T09:51:09","guid":{"rendered":"https:\/\/www.sedi-ati.com\/?post_type=product&#038;p=21290"},"modified":"2025-10-10T10:21:13","modified_gmt":"2025-10-10T08:21:13","slug":"cable-fibres-optiques-pour-applications-aerospatiales","status":"publish","type":"product","link":"https:\/\/www.sedi-ati.com\/fr\/cordons-et-cables-fibre-optique-speciaux\/cable-fibres-optiques-pour-applications-aerospatiales\/","title":{"rendered":"C\u00e2ble fibres optiques pour applications a\u00e9rospatiales"},"content":{"rendered":"<section class=\"wpb-content-wrapper\"><p>[vc_row content_placement=\u00a0\u00bbmiddle\u00a0\u00bb el_class=\u00a0\u00bbz-index-1 chevauchement-horizontal-range range-applications\u00a0\u00bb][vc_column width=\u00a0\u00bb3\/5&Prime; el_class=\u00a0\u00bbshadow border-radius-hd-bd line-bottom line-blue block-grand-text\u00a0\u00bb css=\u00a0\u00bb.vc_custom_1697122932878{background-color: #dfe2e8 !important;}\u00a0\u00bb][vc_raw_html el_class=\u00a0\u00bbgros-titre flex-column-mobile\u00a0\u00bb]JTNDcCUzRUMlQzMlQTJibGVzJTNDc3BhbiUyMGNsYXNzJTNEJTIycG9pbnQtcm91Z2UlMjIlM0UlM0MlMkZzcGFuJTNFRmlicmVzJTIwb3B0aXF1ZXMlM0MlMkZwJTNF[\/vc_raw_html][vc_column_text el_class=\u00a0\u00bbtitre-baseline\u00a0\u00bb]<\/p>\n<h2>C\u00e2ble fibres optiques pour applications a\u00e9rospatiales<\/h2>\n<p>[\/vc_column_text][vc_column_text]SEDI-ATI by Fiber Optics Group propose le c\u00e2ble de fibres optiques LTCX-1.8 mm cr\u00e9\u00e9 pour les applications a\u00e9rospatiales, r\u00e9sistant aux constraintes extr\u00eames : traction, tension, chocs et vibrations, radiations \u2026[\/vc_column_text][vc_btn title=\u00a0\u00bbDemandez un devis\u00a0\u00bb style=\u00a0\u00bbcustom\u00a0\u00bb custom_background=\u00a0\u00bb#132f40&Prime; custom_text=\u00a0\u00bb#ffffff\u00a0\u00bb shape=\u00a0\u00bbsquare\u00a0\u00bb link=\u00a0\u00bburl:https%3A%2F%2Fwww.sedi-ati.com%2Ffr%2Fdemande-de-devis%2F\u00a0\u00bb el_class=\u00a0\u00bbline-bottom line-blue\u00a0\u00bb][\/vc_column][vc_column width=\u00a0\u00bb1\/2&Prime; el_class=\u00a0\u00bbimg-entete\u00a0\u00bb][vc_single_image image=\u00a0\u00bb21294&Prime; img_size=\u00a0\u00bbfull\u00a0\u00bb][\/vc_column][\/vc_row][vc_row full_width=\u00a0\u00bbstretch_row_content\u00a0\u00bb el_class=\u00a0\u00bbfull-with-4000&Prime; css=\u00a0\u00bb.vc_custom_1697123857798{background-color: #dfe2e8 !important;}\u00a0\u00bb][vc_column width=\u00a0\u00bb1\/2&Prime;][vc_row_inner][vc_column_inner width=\u00a0\u00bb1\/3&Prime;][\/vc_column_inner][vc_column_inner width=\u00a0\u00bb2\/3&Prime;][vc_raw_html el_class=\u00a0\u00bbpetit-titre\u00a0\u00bb]JTNDcCUzRUNhcmFjdCVDMyVBOXJpc3RpcXVlcyUzQ3NwYW4lMjBjbGFzcyUzRCUyMnBvaW50LXJvdWdlJTIwcG9pbnQtcGV0aXQlMjIlM0UlM0MlMkZzcGFuJTNFUHJpbmNpcGFsZXMlM0MlMkZwJTNF[\/vc_raw_html][vc_column_text]<\/p>\n<ul>\n<li>Large plage de temp\u00e9ratures,<\/li>\n<li>Tr\u00e8s faible d\u00e9gazage,<\/li>\n<li>R\u00e9sistant \u00e0 la traction, \u00e0 la tension et \u00e0 la flexion,<\/li>\n<li>R\u00e9sistant aux chocs et aux vibrations,<\/li>\n<li>R\u00e9sistant aux rayonnements.<\/li>\n<\/ul>\n<p>[\/vc_column_text][\/vc_column_inner][\/vc_row_inner][\/vc_column][vc_column width=\u00a0\u00bb1\/2&Prime;][vc_row_inner][vc_column_inner width=\u00a0\u00bb1\/6&Prime;][\/vc_column_inner][vc_column_inner el_class=\u00a0\u00bbshadow border-radius-hd-bd line-bottom line-blue\u00a0\u00bb width=\u00a0\u00bb2\/3&Prime; css=\u00a0\u00bb.vc_custom_1697123826377{background-color: #ffffff !important;}\u00a0\u00bb][vc_column_text el_class=\u00a0\u00bbbaseline\u00a0\u00bb]<\/p>\n<p style=\"text-align: center;\">Cliquez pour t\u00e9l\u00e9charger la brochure en PDF<\/p>\n<p>[\/vc_column_text][vc_btn title=\u00a0\u00bbBrochure\u00a0\u00bb style=\u00a0\u00bbcustom\u00a0\u00bb custom_background=\u00a0\u00bb#132f40&Prime; custom_text=\u00a0\u00bb#ffffff\u00a0\u00bb shape=\u00a0\u00bbsquare\u00a0\u00bb align=\u00a0\u00bbcenter\u00a0\u00bb i_icon_fontawesome=\u00a0\u00bbfas fa-cloud-download-alt\u00a0\u00bb add_icon=\u00a0\u00bbtrue\u00a0\u00bb link=\u00a0\u00bburl:%2Ftelechargement-brochure%2F%3Ffor_c%3D21290&Prime; el_class=\u00a0\u00bbline-bottom line-blue\u00a0\u00bb][\/vc_column_inner][vc_column_inner width=\u00a0\u00bb1\/6&Prime;][\/vc_column_inner][\/vc_row_inner][\/vc_column][\/vc_row][vc_row][vc_column width=\u00a0\u00bb1\/2&Prime;][vc_column_text]Il est essentiel de choisir la protection ad\u00e9quate pour maximiser les avantages et les propri\u00e9t\u00e9s d&rsquo;une fibre optique, tout en la prot\u00e9geant des menaces li\u00e9es \u00e0 l&rsquo;environnement d&rsquo;application.<\/p>\n<p>Dans un environnement a\u00e9rospatial, le c\u00e2ble \u00e0 fibre optique peut \u00eatre expos\u00e9 \u00e0 des conditions tr\u00e8s extr\u00eames par rapport \u00e0 une utilisation terrestre : grandes variations de temp\u00e9rature, diff\u00e9rences de pression, gel, rayonnement cosmique, vide spatial, vibrations et chocs&#8230;<\/p>\n<p>SEDI-ATI a donc con\u00e7u le c\u00e2ble simplex LTCX-1,8 mm pour r\u00e9pondre aux exigences \u00e9lev\u00e9es de l&rsquo;industrie a\u00e9rospatiale.<\/p>\n<p>Ce c\u00e2ble loose tube se compose d&rsquo;une couche ext\u00e9rieure en ETFE et d&rsquo;un tube en polym\u00e8re. Il est soumis \u00e0 des cycles thermiques afin de le stabiliser sur les plages de temp\u00e9rature pertinentes pour l&rsquo;application du client (par exemple, -50 \u00b0C\/+125 \u00b0C ou -10 \u00b0C\/+165 \u00b0C).[\/vc_column_text][\/vc_column][vc_column width=\u00a0\u00bb1\/2&Prime;][vc_column_text]Le LTCX-1,8 mm peut alors absorber les diff\u00e9rences d&rsquo;expansion caus\u00e9es par les variations de temp\u00e9rature.<\/p>\n<p>Cela prot\u00e8ge contre la rupture et l&rsquo;att\u00e9nuation dans les fibres optiques. De plus, il r\u00e9siste aux vibrations et aux chocs. Enfin, ses mat\u00e9riaux polym\u00e8res ont \u00e9t\u00e9 s\u00e9lectionn\u00e9s pour le rendre r\u00e9sistant aux rayonnements et r\u00e9duire consid\u00e9rablement le risque de d\u00e9gazage.<\/p>\n<p>Ce c\u00e2ble a \u00e9t\u00e9 test\u00e9 avec succ\u00e8s pour sa r\u00e9sistance \u00e0 la traction, \u00e0 la torsion et \u00e0 la flexion.<\/p>\n<p>Le c\u00e2ble LTCX-1,8 mm a un diam\u00e8tre int\u00e9rieur de 0,6 mm. Il est donc compatible avec diff\u00e9rents types de fibres avec un rev\u00eatement de 250 \u03bcm (SM, GI50, GI125, Launch 105, fibres r\u00e9sistantes aux radiations et\/ou \u00e0 la temp\u00e9rature).<\/p>\n<p><strong>Remarque importante : les tubes de protection font partie int\u00e9grante de nos produits et ne peuvent \u00eatre vendus s\u00e9par\u00e9ment.<\/strong>[\/vc_column_text][\/vc_column][\/vc_row][vc_row][vc_column][vc_empty_space][\/vc_column][\/vc_row][vc_row full_width=\u00a0\u00bbstretch_row\u00a0\u00bb css=\u00a0\u00bb.vc_custom_1697124849661{background-color: #dfe2e8 !important;}\u00a0\u00bb][vc_column][vc_row_inner][vc_column_inner width=\u00a0\u00bb1\/6&Prime;][\/vc_column_inner][vc_column_inner el_class=\u00a0\u00bbshadow border-radius-hd-bd line-bottom line-blue\u00a0\u00bb width=\u00a0\u00bb2\/3&Prime; css=\u00a0\u00bb.vc_custom_1697124911605{background-color: #ffffff !important;}\u00a0\u00bb][vc_column_text el_class=\u00a0\u00bbbaseline\u00a0\u00bb]<\/p>\n<p style=\"text-align: center;\">N&rsquo;h\u00e9sitez pas \u00e0 vous rapprocher de nous et \u00e0 nous faire part de votre demande sp\u00e9cifique<\/p>\n<p>[\/vc_column_text][vc_btn title=\u00a0\u00bbDemande de devis\u00a0\u00bb style=\u00a0\u00bbcustom\u00a0\u00bb custom_background=\u00a0\u00bb#132f40&Prime; custom_text=\u00a0\u00bb#ffffff\u00a0\u00bb shape=\u00a0\u00bbsquare\u00a0\u00bb align=\u00a0\u00bbcenter\u00a0\u00bb link=\u00a0\u00bburl:https%3A%2F%2Fwww.sedi-ati.com%2Ffr%2Fdemande-de-devis%2F\u00a0\u00bb el_class=\u00a0\u00bbline-bottom line-blue\u00a0\u00bb][\/vc_column_inner][vc_column_inner width=\u00a0\u00bb1\/6&Prime;][\/vc_column_inner][\/vc_row_inner][\/vc_column][\/vc_row][vc_row full_width=\u00a0\u00bbstretch_row\u00a0\u00bb content_placement=\u00a0\u00bbmiddle\u00a0\u00bb disable_element=\u00a0\u00bbyes\u00a0\u00bb][vc_column][vc_text_separator title=\u00a0\u00bbCas clients\u00a0\u00bb title_align=\u00a0\u00bbseparator_align_left\u00a0\u00bb color=\u00a0\u00bbcustom\u00a0\u00bb border_width=\u00a0\u00bb2&Prime; accent_color=\u00a0\u00bb#0f0f0f\u00a0\u00bb el_class=\u00a0\u00bbpetit-titre\u00a0\u00bb][vc_empty_space height=\u00a0\u00bb10px\u00a0\u00bb][vc_basic_grid post_type=\u00a0\u00bbcas_client\u00a0\u00bb max_items=\u00a0\u00bb10&Prime; item=\u00a0\u00bb14900&Prime; grid_id=\u00a0\u00bbvc_gid:1759486749313-7b9550f5-b214-9&Prime; taxonomies=\u00a0\u00bb434018, 434120&Prime;][\/vc_column][\/vc_row][vc_row][vc_column][vc_btn title=\u00a0\u00bb^\u00a0\u00bb style=\u00a0\u00bbflat\u00a0\u00bb shape=\u00a0\u00bbsquare\u00a0\u00bb link=\u00a0\u00bburl:%23Wrapper\u00a0\u00bb el_class=\u00a0\u00bbbtn-haut\u00a0\u00bb][\/vc_column][\/vc_row]<\/p>\n<\/section>","protected":false},"excerpt":{"rendered":"<p>Le c\u00e2ble fibres optiques LTCX-1.8 mm a \u00e9t\u00e9 cr\u00e9\u00e9 pour les applications a\u00e9rospatiales et r\u00e9siste aux contraintes extr\u00eames : chocs et vibrations, traction, tension, et radiations.<\/p>\n","protected":false},"featured_media":21295,"template":"","meta":{"_acf_changed":false,"rs_blank_template":"","rs_page_bg_color":"","slide_template_v7":""},"product_brand":[],"product_cat":[432298],"product_tag":[434224,434221],"class_list":{"0":"post-21290","1":"product","2":"type-product","3":"status-publish","4":"has-post-thumbnail","6":"product_cat-cordons-et-cables-fibre-optique-speciaux","7":"product_tag-cordons-et-cables","8":"product_tag-vide-ultra-vide","10":"first","11":"instock","12":"shipping-taxable","13":"product-type-simple"},"acf":[],"yoast_head":"<!-- This site is optimized with the Yoast SEO plugin v27.5 - https:\/\/yoast.com\/product\/yoast-seo-wordpress\/ -->\n<title>C\u00e2ble fibres optiques pour applications a\u00e9rospatiales - SEDI-ATI<\/title>\n<meta name=\"description\" content=\"Le c\u00e2ble fibres optiques LTCX-1.8 mm a \u00e9t\u00e9 cr\u00e9\u00e9 pour les applications a\u00e9rospatiales et r\u00e9siste aux contraintes extr\u00eames : chocs et vibrations, traction, tension, et radiations.\" \/>\n<meta name=\"robots\" content=\"index, follow, max-snippet:-1, max-image-preview:large, max-video-preview:-1\" \/>\n<link rel=\"canonical\" href=\"https:\/\/www.sedi-ati.com\/fr\/cordons-et-cables-fibre-optique-speciaux\/cable-fibres-optiques-pour-applications-aerospatiales\/\" \/>\n<meta property=\"og:locale\" content=\"fr_FR\" \/>\n<meta property=\"og:type\" content=\"article\" \/>\n<meta property=\"og:title\" content=\"C\u00e2ble fibres optiques pour applications a\u00e9rospatiales - SEDI-ATI\" \/>\n<meta property=\"og:description\" content=\"Le c\u00e2ble fibres optiques LTCX-1.8 mm a \u00e9t\u00e9 cr\u00e9\u00e9 pour les applications a\u00e9rospatiales et r\u00e9siste aux contraintes extr\u00eames : chocs et vibrations, traction, tension, et radiations.\" \/>\n<meta property=\"og:url\" content=\"https:\/\/www.sedi-ati.com\/fr\/cordons-et-cables-fibre-optique-speciaux\/cable-fibres-optiques-pour-applications-aerospatiales\/\" \/>\n<meta property=\"og:site_name\" content=\"SEDI-ATI\" \/>\n<meta property=\"article:modified_time\" content=\"2025-10-10T08:21:13+00:00\" \/>\n<meta property=\"og:image\" content=\"https:\/\/www.sedi-ati.com\/wp-content\/uploads\/2025\/10\/Thumb-LTCX.jpg\" \/>\n\t<meta property=\"og:image:width\" content=\"400\" \/>\n\t<meta property=\"og:image:height\" content=\"400\" \/>\n\t<meta property=\"og:image:type\" content=\"image\/jpeg\" \/>\n<meta name=\"twitter:card\" content=\"summary_large_image\" \/>\n<meta name=\"twitter:label1\" content=\"Dur\u00e9e de lecture estim\u00e9e\" \/>\n\t<meta name=\"twitter:data1\" content=\"3 minutes\" \/>\n<script type=\"application\/ld+json\" class=\"yoast-schema-graph\">{\"@context\":\"https:\\\/\\\/schema.org\",\"@graph\":[{\"@type\":\"WebPage\",\"@id\":\"https:\\\/\\\/www.sedi-ati.com\\\/fr\\\/cordons-et-cables-fibre-optique-speciaux\\\/cable-fibres-optiques-pour-applications-aerospatiales\\\/\",\"url\":\"https:\\\/\\\/www.sedi-ati.com\\\/fr\\\/cordons-et-cables-fibre-optique-speciaux\\\/cable-fibres-optiques-pour-applications-aerospatiales\\\/\",\"name\":\"C\u00e2ble fibres optiques pour applications a\u00e9rospatiales - SEDI-ATI\",\"isPartOf\":{\"@id\":\"https:\\\/\\\/www.sedi-ati.com\\\/fr\\\/#website\"},\"primaryImageOfPage\":{\"@id\":\"https:\\\/\\\/www.sedi-ati.com\\\/fr\\\/cordons-et-cables-fibre-optique-speciaux\\\/cable-fibres-optiques-pour-applications-aerospatiales\\\/#primaryimage\"},\"image\":{\"@id\":\"https:\\\/\\\/www.sedi-ati.com\\\/fr\\\/cordons-et-cables-fibre-optique-speciaux\\\/cable-fibres-optiques-pour-applications-aerospatiales\\\/#primaryimage\"},\"thumbnailUrl\":\"https:\\\/\\\/www.sedi-ati.com\\\/wp-content\\\/uploads\\\/2025\\\/10\\\/Thumb-LTCX.jpg\",\"datePublished\":\"2025-10-03T09:51:09+00:00\",\"dateModified\":\"2025-10-10T08:21:13+00:00\",\"description\":\"Le c\u00e2ble fibres optiques LTCX-1.8 mm a \u00e9t\u00e9 cr\u00e9\u00e9 pour les applications a\u00e9rospatiales et r\u00e9siste aux contraintes extr\u00eames : chocs et vibrations, traction, tension, et radiations.\",\"breadcrumb\":{\"@id\":\"https:\\\/\\\/www.sedi-ati.com\\\/fr\\\/cordons-et-cables-fibre-optique-speciaux\\\/cable-fibres-optiques-pour-applications-aerospatiales\\\/#breadcrumb\"},\"inLanguage\":\"fr-FR\",\"potentialAction\":[{\"@type\":\"ReadAction\",\"target\":[\"https:\\\/\\\/www.sedi-ati.com\\\/fr\\\/cordons-et-cables-fibre-optique-speciaux\\\/cable-fibres-optiques-pour-applications-aerospatiales\\\/\"]}]},{\"@type\":\"ImageObject\",\"inLanguage\":\"fr-FR\",\"@id\":\"https:\\\/\\\/www.sedi-ati.com\\\/fr\\\/cordons-et-cables-fibre-optique-speciaux\\\/cable-fibres-optiques-pour-applications-aerospatiales\\\/#primaryimage\",\"url\":\"https:\\\/\\\/www.sedi-ati.com\\\/wp-content\\\/uploads\\\/2025\\\/10\\\/Thumb-LTCX.jpg\",\"contentUrl\":\"https:\\\/\\\/www.sedi-ati.com\\\/wp-content\\\/uploads\\\/2025\\\/10\\\/Thumb-LTCX.jpg\",\"width\":400,\"height\":400},{\"@type\":\"BreadcrumbList\",\"@id\":\"https:\\\/\\\/www.sedi-ati.com\\\/fr\\\/cordons-et-cables-fibre-optique-speciaux\\\/cable-fibres-optiques-pour-applications-aerospatiales\\\/#breadcrumb\",\"itemListElement\":[{\"@type\":\"ListItem\",\"position\":1,\"name\":\"Home\",\"item\":\"https:\\\/\\\/www.sedi-ati.com\\\/fr\\\/\"},{\"@type\":\"ListItem\",\"position\":2,\"name\":\"Produits\",\"item\":\"https:\\\/\\\/www.sedi-ati.com\\\/fr\\\/shop\\\/\"},{\"@type\":\"ListItem\",\"position\":3,\"name\":\"Cordons et c\u00e2bles fibre optique sp\u00e9ciaux\",\"item\":\"https:\\\/\\\/www.sedi-ati.com\\\/fr\\\/cordons-et-cables-fibre-optique-speciaux\\\/\"},{\"@type\":\"ListItem\",\"position\":4,\"name\":\"C\u00e2ble fibres optiques pour applications a\u00e9rospatiales\"}]},{\"@type\":\"WebSite\",\"@id\":\"https:\\\/\\\/www.sedi-ati.com\\\/fr\\\/#website\",\"url\":\"https:\\\/\\\/www.sedi-ati.com\\\/fr\\\/\",\"name\":\"SEDI-ATI\",\"description\":\"Assemblages de fibres optiques sur mesure, bundles, fentes et pieuvres\",\"publisher\":{\"@id\":\"https:\\\/\\\/www.sedi-ati.com\\\/fr\\\/#organization\"},\"potentialAction\":[{\"@type\":\"SearchAction\",\"target\":{\"@type\":\"EntryPoint\",\"urlTemplate\":\"https:\\\/\\\/www.sedi-ati.com\\\/fr\\\/?s={search_term_string}\"},\"query-input\":{\"@type\":\"PropertyValueSpecification\",\"valueRequired\":true,\"valueName\":\"search_term_string\"}}],\"inLanguage\":\"fr-FR\"},{\"@type\":\"Organization\",\"@id\":\"https:\\\/\\\/www.sedi-ati.com\\\/fr\\\/#organization\",\"name\":\"SEDI-ATI\",\"url\":\"https:\\\/\\\/www.sedi-ati.com\\\/fr\\\/\",\"logo\":{\"@type\":\"ImageObject\",\"inLanguage\":\"fr-FR\",\"@id\":\"https:\\\/\\\/www.sedi-ati.com\\\/fr\\\/#\\\/schema\\\/logo\\\/image\\\/\",\"url\":\"https:\\\/\\\/www.sedi-ati.com\\\/wp-content\\\/uploads\\\/2019\\\/10\\\/Logo_SEDI-ATI_2019_avec-baseline.png\",\"contentUrl\":\"https:\\\/\\\/www.sedi-ati.com\\\/wp-content\\\/uploads\\\/2019\\\/10\\\/Logo_SEDI-ATI_2019_avec-baseline.png\",\"width\":300,\"height\":73,\"caption\":\"SEDI-ATI\"},\"image\":{\"@id\":\"https:\\\/\\\/www.sedi-ati.com\\\/fr\\\/#\\\/schema\\\/logo\\\/image\\\/\"},\"sameAs\":[\"https:\\\/\\\/www.linkedin.com\\\/company\\\/sedi-ati-fibres-optiques\\\/\",\"https:\\\/\\\/www.youtube.com\\\/@sedi-ati-fibres-optiques\"]}]}<\/script>\n<!-- \/ Yoast SEO plugin. -->","yoast_head_json":{"title":"C\u00e2ble fibres optiques pour applications a\u00e9rospatiales - SEDI-ATI","description":"Le c\u00e2ble fibres optiques LTCX-1.8 mm a \u00e9t\u00e9 cr\u00e9\u00e9 pour les applications a\u00e9rospatiales et r\u00e9siste aux contraintes extr\u00eames : chocs et vibrations, traction, tension, et radiations.","robots":{"index":"index","follow":"follow","max-snippet":"max-snippet:-1","max-image-preview":"max-image-preview:large","max-video-preview":"max-video-preview:-1"},"canonical":"https:\/\/www.sedi-ati.com\/fr\/cordons-et-cables-fibre-optique-speciaux\/cable-fibres-optiques-pour-applications-aerospatiales\/","og_locale":"fr_FR","og_type":"article","og_title":"C\u00e2ble fibres optiques pour applications a\u00e9rospatiales - SEDI-ATI","og_description":"Le c\u00e2ble fibres optiques LTCX-1.8 mm a \u00e9t\u00e9 cr\u00e9\u00e9 pour les applications a\u00e9rospatiales et r\u00e9siste aux contraintes extr\u00eames : chocs et vibrations, traction, tension, et radiations.","og_url":"https:\/\/www.sedi-ati.com\/fr\/cordons-et-cables-fibre-optique-speciaux\/cable-fibres-optiques-pour-applications-aerospatiales\/","og_site_name":"SEDI-ATI","article_modified_time":"2025-10-10T08:21:13+00:00","og_image":[{"width":400,"height":400,"url":"https:\/\/www.sedi-ati.com\/wp-content\/uploads\/2025\/10\/Thumb-LTCX.jpg","type":"image\/jpeg"}],"twitter_card":"summary_large_image","twitter_misc":{"Dur\u00e9e de lecture estim\u00e9e":"3 minutes"},"schema":{"@context":"https:\/\/schema.org","@graph":[{"@type":"WebPage","@id":"https:\/\/www.sedi-ati.com\/fr\/cordons-et-cables-fibre-optique-speciaux\/cable-fibres-optiques-pour-applications-aerospatiales\/","url":"https:\/\/www.sedi-ati.com\/fr\/cordons-et-cables-fibre-optique-speciaux\/cable-fibres-optiques-pour-applications-aerospatiales\/","name":"C\u00e2ble fibres optiques pour applications a\u00e9rospatiales - SEDI-ATI","isPartOf":{"@id":"https:\/\/www.sedi-ati.com\/fr\/#website"},"primaryImageOfPage":{"@id":"https:\/\/www.sedi-ati.com\/fr\/cordons-et-cables-fibre-optique-speciaux\/cable-fibres-optiques-pour-applications-aerospatiales\/#primaryimage"},"image":{"@id":"https:\/\/www.sedi-ati.com\/fr\/cordons-et-cables-fibre-optique-speciaux\/cable-fibres-optiques-pour-applications-aerospatiales\/#primaryimage"},"thumbnailUrl":"https:\/\/www.sedi-ati.com\/wp-content\/uploads\/2025\/10\/Thumb-LTCX.jpg","datePublished":"2025-10-03T09:51:09+00:00","dateModified":"2025-10-10T08:21:13+00:00","description":"Le c\u00e2ble fibres optiques LTCX-1.8 mm a \u00e9t\u00e9 cr\u00e9\u00e9 pour les applications a\u00e9rospatiales et r\u00e9siste aux contraintes extr\u00eames : chocs et vibrations, traction, tension, et radiations.","breadcrumb":{"@id":"https:\/\/www.sedi-ati.com\/fr\/cordons-et-cables-fibre-optique-speciaux\/cable-fibres-optiques-pour-applications-aerospatiales\/#breadcrumb"},"inLanguage":"fr-FR","potentialAction":[{"@type":"ReadAction","target":["https:\/\/www.sedi-ati.com\/fr\/cordons-et-cables-fibre-optique-speciaux\/cable-fibres-optiques-pour-applications-aerospatiales\/"]}]},{"@type":"ImageObject","inLanguage":"fr-FR","@id":"https:\/\/www.sedi-ati.com\/fr\/cordons-et-cables-fibre-optique-speciaux\/cable-fibres-optiques-pour-applications-aerospatiales\/#primaryimage","url":"https:\/\/www.sedi-ati.com\/wp-content\/uploads\/2025\/10\/Thumb-LTCX.jpg","contentUrl":"https:\/\/www.sedi-ati.com\/wp-content\/uploads\/2025\/10\/Thumb-LTCX.jpg","width":400,"height":400},{"@type":"BreadcrumbList","@id":"https:\/\/www.sedi-ati.com\/fr\/cordons-et-cables-fibre-optique-speciaux\/cable-fibres-optiques-pour-applications-aerospatiales\/#breadcrumb","itemListElement":[{"@type":"ListItem","position":1,"name":"Home","item":"https:\/\/www.sedi-ati.com\/fr\/"},{"@type":"ListItem","position":2,"name":"Produits","item":"https:\/\/www.sedi-ati.com\/fr\/shop\/"},{"@type":"ListItem","position":3,"name":"Cordons et c\u00e2bles fibre optique sp\u00e9ciaux","item":"https:\/\/www.sedi-ati.com\/fr\/cordons-et-cables-fibre-optique-speciaux\/"},{"@type":"ListItem","position":4,"name":"C\u00e2ble fibres optiques pour applications a\u00e9rospatiales"}]},{"@type":"WebSite","@id":"https:\/\/www.sedi-ati.com\/fr\/#website","url":"https:\/\/www.sedi-ati.com\/fr\/","name":"SEDI-ATI","description":"Assemblages de fibres optiques sur mesure, bundles, fentes et pieuvres","publisher":{"@id":"https:\/\/www.sedi-ati.com\/fr\/#organization"},"potentialAction":[{"@type":"SearchAction","target":{"@type":"EntryPoint","urlTemplate":"https:\/\/www.sedi-ati.com\/fr\/?s={search_term_string}"},"query-input":{"@type":"PropertyValueSpecification","valueRequired":true,"valueName":"search_term_string"}}],"inLanguage":"fr-FR"},{"@type":"Organization","@id":"https:\/\/www.sedi-ati.com\/fr\/#organization","name":"SEDI-ATI","url":"https:\/\/www.sedi-ati.com\/fr\/","logo":{"@type":"ImageObject","inLanguage":"fr-FR","@id":"https:\/\/www.sedi-ati.com\/fr\/#\/schema\/logo\/image\/","url":"https:\/\/www.sedi-ati.com\/wp-content\/uploads\/2019\/10\/Logo_SEDI-ATI_2019_avec-baseline.png","contentUrl":"https:\/\/www.sedi-ati.com\/wp-content\/uploads\/2019\/10\/Logo_SEDI-ATI_2019_avec-baseline.png","width":300,"height":73,"caption":"SEDI-ATI"},"image":{"@id":"https:\/\/www.sedi-ati.com\/fr\/#\/schema\/logo\/image\/"},"sameAs":["https:\/\/www.linkedin.com\/company\/sedi-ati-fibres-optiques\/","https:\/\/www.youtube.com\/@sedi-ati-fibres-optiques"]}]}},"_links":{"self":[{"href":"https:\/\/www.sedi-ati.com\/fr\/wp-json\/wp\/v2\/product\/21290","targetHints":{"allow":["GET"]}}],"collection":[{"href":"https:\/\/www.sedi-ati.com\/fr\/wp-json\/wp\/v2\/product"}],"about":[{"href":"https:\/\/www.sedi-ati.com\/fr\/wp-json\/wp\/v2\/types\/product"}],"wp:featuredmedia":[{"embeddable":true,"href":"https:\/\/www.sedi-ati.com\/fr\/wp-json\/wp\/v2\/media\/21295"}],"wp:attachment":[{"href":"https:\/\/www.sedi-ati.com\/fr\/wp-json\/wp\/v2\/media?parent=21290"}],"wp:term":[{"taxonomy":"product_brand","embeddable":true,"href":"https:\/\/www.sedi-ati.com\/fr\/wp-json\/wp\/v2\/product_brand?post=21290"},{"taxonomy":"product_cat","embeddable":true,"href":"https:\/\/www.sedi-ati.com\/fr\/wp-json\/wp\/v2\/product_cat?post=21290"},{"taxonomy":"product_tag","embeddable":true,"href":"https:\/\/www.sedi-ati.com\/fr\/wp-json\/wp\/v2\/product_tag?post=21290"}],"curies":[{"name":"wp","href":"https:\/\/api.w.org\/{rel}","templated":true}]}}